{"id":8480,"date":"2021-09-12T16:09:38","date_gmt":"2021-09-12T16:09:38","guid":{"rendered":"http:\/\/milanosiamonoi.com\/?page_id=8480"},"modified":"2021-11-05T07:59:57","modified_gmt":"2021-11-05T07:59:57","slug":"1952-1953-amatori-mi-e-bocconi","status":"publish","type":"page","link":"https:\/\/www.milanosiamonoi.com\/index.php\/campionati\/dal-1950-al-1959-anni-doro\/1952-1953-amatori-mi-e-bocconi\/","title":{"rendered":"1952\/1953 Amatori Mi e Bocconi"},"content":{"rendered":"\n<div class=\"wp-block-image\"><figure class=\"aligncenter size-large\"><img loading=\"lazy\" decoding=\"async\" width=\"300\" height=\"300\" src=\"https:\/\/www.milanosiamonoi.com\/wp-content\/uploads\/2021\/04\/logo-amatoriok-300x300-1.jpg\" alt=\"\" class=\"wp-image-6245\" srcset=\"https:\/\/www.milanosiamonoi.com\/wp-content\/uploads\/2021\/04\/logo-amatoriok-300x300-1.jpg 300w, https:\/\/www.milanosiamonoi.com\/wp-content\/uploads\/2021\/04\/logo-amatoriok-300x300-1-150x150.jpg 150w, https:\/\/www.milanosiamonoi.com\/wp-content\/uploads\/2021\/04\/logo-amatoriok-300x300-1-100x100.jpg 100w, https:\/\/www.milanosiamonoi.com\/wp-content\/uploads\/2021\/04\/logo-amatoriok-300x300-1-50x50.jpg 50w, https:\/\/www.milanosiamonoi.com\/wp-content\/uploads\/2021\/04\/logo-amatoriok-300x300-1-25x25.jpg 25w, https:\/\/www.milanosiamonoi.com\/wp-content\/uploads\/2021\/04\/logo-amatoriok-300x300-1-90x90.jpg 90w\" sizes=\"(max-width: 300px) 100vw, 300px\" \/><\/figure><\/div>\n\n\n\n<figure class=\"wp-block-table\"><table><tbody><tr><td class=\"has-text-align-center\" data-align=\"center\">Ruolo<\/td><td><strong>Giocatori con almeno una presenza in prima squadra.<\/strong><\/td><\/tr><tr><td class=\"has-text-align-center\" data-align=\"center\">P<\/td><td>Bissanti, Luciano Vicentini.<\/td><\/tr><tr><td class=\"has-text-align-center\" data-align=\"center\">D<\/td><td>Michele Ferrante, Gilberto Nardi, Dieter Prange, Tranquillo Rossi (C), Pier Paolo Sommariva.<\/td><\/tr><tr><td class=\"has-text-align-center\" data-align=\"center\">A<\/td><td>Giorgio Brambilla, Giovanni Ceserani, Adriano Cremonesi, Giacomo Levi, Tino Crotti, Salvatore Guccione, Rosario &#8220;Sarino&#8221; Oriana, Carlo Signorini, Mario Tirelli, Ottavio Wild.<\/td><\/tr><tr><td class=\"has-text-align-center\" data-align=\"center\">Rinforzi<\/td><td>Valerio Rigoni e Pais (Asiago).<\/td><\/tr><\/tbody><\/table><\/figure>\n\n\n\n<p class=\"has-text-align-center\">Amatori sempre dediti alla crescita dei giovani e impegnati nel campionato di serie B. Di fatto i gialloblu sono la seconda squadra del Milano Inter, ma senza la passione degli inesauribili Giacomo Levi, Floriano Mainoldi, Carlo Signorini e Pier Paolo Sommariva proseguire l&#8217;attivit\u00e0 sarebbe impossibile. <\/p>\n\n\n\n<figure class=\"wp-block-table aligncenter\"><table><tbody><tr><td><strong>Campionato di serie B 1952\/53<\/strong><\/td><\/tr><tr><td>Girone A: Amatori Milano, Bocconi, Torino e Torre Pellice.<\/td><\/tr><tr><td>Girone B: Bolzano B, SC Merano, Renon, Sasslong e Vipiteno.<\/td><\/tr><\/tbody><\/table><\/figure>\n\n\n\n<div class=\"wp-block-image\"><figure class=\"aligncenter size-large is-resized\"><img loading=\"lazy\" decoding=\"async\" src=\"https:\/\/www.milanosiamonoi.com\/wp-content\/uploads\/2021\/07\/52.12.13-Am-Boc-4-1-amich..jpg\" alt=\"\" class=\"wp-image-8487\" width=\"323\" height=\"371\" srcset=\"https:\/\/www.milanosiamonoi.com\/wp-content\/uploads\/2021\/07\/52.12.13-Am-Boc-4-1-amich..jpg 413w, https:\/\/www.milanosiamonoi.com\/wp-content\/uploads\/2021\/07\/52.12.13-Am-Boc-4-1-amich.-260x300.jpg 260w, https:\/\/www.milanosiamonoi.com\/wp-content\/uploads\/2021\/07\/52.12.13-Am-Boc-4-1-amich.-87x100.jpg 87w, https:\/\/www.milanosiamonoi.com\/wp-content\/uploads\/2021\/07\/52.12.13-Am-Boc-4-1-amich.-43x50.jpg 43w, https:\/\/www.milanosiamonoi.com\/wp-content\/uploads\/2021\/07\/52.12.13-Am-Boc-4-1-amich.-22x25.jpg 22w\" sizes=\"(max-width: 323px) 100vw, 323px\" \/><figcaption><em>Amichevole pre-campionato. (La Gazzetta dello Sport)<\/em><\/figcaption><\/figure><\/div>\n\n\n\n<p class=\"has-text-align-center\">Nel girone A della serie cadetta favorita la squadra di Torre Pellice rinforzata da Willy Colombo, Igino Larese Fece e da alcuni giocatori torinesi che hanno scelto di giocare con i valligiani. A rimetterci soprattutto il Torino, nonostante la tanto attesa pista artificiale, nel capoluogo piemontese l&#8217;hockey non decolla.<\/p>\n\n\n\n<div class=\"wp-block-image\"><figure class=\"aligncenter size-large is-resized\"><img loading=\"lazy\" decoding=\"async\" src=\"https:\/\/www.milanosiamonoi.com\/wp-content\/uploads\/2021\/07\/52.12.17-Gir.-A-Am-To-1-1-serie-B.jpg\" alt=\"\" class=\"wp-image-8488\" width=\"330\" height=\"425\" srcset=\"https:\/\/www.milanosiamonoi.com\/wp-content\/uploads\/2021\/07\/52.12.17-Gir.-A-Am-To-1-1-serie-B.jpg 370w, https:\/\/www.milanosiamonoi.com\/wp-content\/uploads\/2021\/07\/52.12.17-Gir.-A-Am-To-1-1-serie-B-233x300.jpg 233w, https:\/\/www.milanosiamonoi.com\/wp-content\/uploads\/2021\/07\/52.12.17-Gir.-A-Am-To-1-1-serie-B-78x100.jpg 78w, https:\/\/www.milanosiamonoi.com\/wp-content\/uploads\/2021\/07\/52.12.17-Gir.-A-Am-To-1-1-serie-B-39x50.jpg 39w, https:\/\/www.milanosiamonoi.com\/wp-content\/uploads\/2021\/07\/52.12.17-Gir.-A-Am-To-1-1-serie-B-19x25.jpg 19w\" sizes=\"(max-width: 330px) 100vw, 330px\" \/><figcaption><em>Articolo da &#8220;La Gazzetta dello Sport&#8221;.<\/em><\/figcaption><\/figure><\/div>\n\n\n\n<figure class=\"wp-block-table aligncenter\"><table><tbody><tr><td><strong>Blancio, 28 dicembre 1952 <\/strong>&#8211; <strong>Campionato serie B &#8211; girone A<\/strong><\/td><\/tr><tr><td>Torre Pellice-Amatori Milano 6-6 (0-3; 2-1; 4-2)<\/td><\/tr><\/tbody><\/table><\/figure>\n\n\n\n<div class=\"wp-block-image\"><figure class=\"aligncenter size-large is-resized\"><img loading=\"lazy\" decoding=\"async\" src=\"https:\/\/www.milanosiamonoi.com\/wp-content\/uploads\/2021\/07\/52.12.28-Torre-AmM-6-6-sist..jpg\" alt=\"\" class=\"wp-image-8489\" width=\"553\" height=\"377\" srcset=\"https:\/\/www.milanosiamonoi.com\/wp-content\/uploads\/2021\/07\/52.12.28-Torre-AmM-6-6-sist..jpg 752w, https:\/\/www.milanosiamonoi.com\/wp-content\/uploads\/2021\/07\/52.12.28-Torre-AmM-6-6-sist.-300x205.jpg 300w, https:\/\/www.milanosiamonoi.com\/wp-content\/uploads\/2021\/07\/52.12.28-Torre-AmM-6-6-sist.-100x68.jpg 100w, https:\/\/www.milanosiamonoi.com\/wp-content\/uploads\/2021\/07\/52.12.28-Torre-AmM-6-6-sist.-50x34.jpg 50w, https:\/\/www.milanosiamonoi.com\/wp-content\/uploads\/2021\/07\/52.12.28-Torre-AmM-6-6-sist.-25x17.jpg 25w, https:\/\/www.milanosiamonoi.com\/wp-content\/uploads\/2021\/07\/52.12.28-Torre-AmM-6-6-sist.-740x505.jpg 740w\" sizes=\"(max-width: 553px) 100vw, 553px\" \/><figcaption><em>Articolo da &#8220;La Gazzetta dello Sport&#8221;.<\/em><\/figcaption><\/figure><\/div>\n\n\n\n<figure class=\"wp-block-table\"><table><tbody><tr><td><strong>Milano, 22 gennaio 1953 &#8211; Campionato serie B &#8211; girone A<\/strong><\/td><\/tr><tr><td>Amatori Milano-Bocconi 7-0 (1-0; 2-0; 4-0)<\/td><\/tr><tr><td>Amatori Milano: Bissanti; Nardi, T. Rossi; Signorini, Ferrante; Tirelli, Wild, Guccione; Levi, Crotti, Cremonesi; Brambilla.<\/td><\/tr><tr><td>Bocconi: Chierici; Tuzzi, Seveso; Coppini, E. Castiglioni; Minoia, G. Castiglioni, Steffenini; M. Paracchini, Carpentiero, Paradiso.<\/td><\/tr><tr><td>Reri: 1\u00b0t. 13&#8242; Crotti. 2\u00b0t. 5&#8242; Cremonesi, 12&#8242; Nardi. 3\u00b0t. 7&#8242; Guccione, 9&#8242; Crotti, 12&#8242; Signorini, 14&#8242; Crotti. <\/td><\/tr><\/tbody><\/table><\/figure>\n\n\n\n<figure class=\"wp-block-table\"><table><tbody><tr><td><strong>Torino, 26 gennaio 1953 &#8211; Campionato serie B &#8211; girone A<\/strong><\/td><\/tr><tr><td>Torino-Amatori Milano 1-13 (0-2; 0-4; 1-7)<\/td><\/tr><tr><td>Torino: De Marchi; Talamona, Cicogna; Joannes, Vasario; Marsaglia, Marini, Mazza; Doglio, Sieber, Chiomo; Barbero.<\/td><\/tr><tr><td>Amatori Milano: Bissanti; Nardi, T. Rossi; Signorini, Crotti; Levi, Guccione, Tirelli; Wild, Ferrante, Oriana; Prange, Cremonesi.<\/td><\/tr><tr><td>1\u00b0t. 14&#8242; Nardi, 18&#8242; Crotti. 2\u00b0t. 6&#8242; Crotti, 9&#8242; Levi, 10&#8242; Cremonesi, 16&#8242; T. Rossi. 3\u00b0t. <em>4&#8242; Sieber,<\/em> 7&#8242; Guccione, 11&#8242; Tirelli, 12&#8242; e 13&#8242; Crotti, 14&#8242; aut. Cicogna, 17&#8242; Oriana, 19&#8242; Tirelli.<\/td><\/tr><tr><td>Arbitro: Augusto Gerosa.<\/td><\/tr><\/tbody><\/table><\/figure>\n\n\n\n<p class=\"has-text-align-center\">Il torneo di serie B non va male, il mezzo passo falso con il Torino potrebbe pesare moltissimo sulla classifica finale, per sistemare le cose c&#8217;\u00e8 sempre il retour match con il Torre Pellice. Vivo il desiderio di confrontarsi con formazioni della serie superiore, niente di meglio che andare ad Asiago per una partita con la squadra pi\u00f9 abbordabile della massima serie. Per la trasferta sull&#8217;altopiano la rosa \u00e8 molto corta e non \u00e8 disponibile nemmeno un portiere. Dalla squadra ragazzi viene prelevato Giovanni Ceserani e l&#8217;Asiago presta Valerio Rigoni e Pais.<\/p>\n\n\n\n<figure class=\"wp-block-table\"><table><tbody><tr><td><strong>Asiago, 1 febbraio 1953 &#8211; Partita amichevole.<\/strong><\/td><\/tr><tr><td>Asiago-Amatori Milano 5-5 (1-3; 2-2; 2-0)<\/td><\/tr><tr><td>Asiago: Cor\u00e0; Scaggiari, Seidler; Gios, Carlo Bonomo; Rigoni, Pierantonio Bonomo, Sartori; Didier Bonomo, Rodeghiero.<\/td><\/tr><tr><td>Amatori Milano: Valerio Rigoni; Nardi, Signorini; Levi, Crotti, Ceserani; Wild, Tirelli, Cremonesi; Pais.<\/td><\/tr><tr><td>1\u00b0t. 2&#8242; e 6&#8242; Crotti, <em>12&#8242; D. Bonomo, <\/em>17&#8242; Signorini. 2\u00b0t. <em>7&#8242; Seidler<\/em>, 8&#8242; Crotti, <em>10&#8242; Gios, <\/em>13&#8242; Crotti. 3\u00b0t. <em>6&#8242; C. Bonomo, 14&#8242; D. Bonomo.<\/em><\/td><\/tr><tr><td>Arbitro: Floriano Mainoldi.<\/td><\/tr><\/tbody><\/table><\/figure>\n\n\n\n<p class=\"has-text-align-center\">La settimana successiva big match del girone al Piranesi. Della gara con il Torre Pellice nessun articolo, solo il risultato favorevole alla squadra ospite.<\/p>\n\n\n\n<figure class=\"wp-block-table aligncenter\"><table><tbody><tr><td><strong>Milano, 7 febbraio 1953 &#8211; Campionato serie B &#8211; girone A<\/strong><\/td><\/tr><tr><td>Amatori Milano-Torre Pellice 3-4<\/td><\/tr><\/tbody><\/table><\/figure>\n\n\n\n<p class=\"has-text-align-center\">Negativo anche il derby di ritorno con i cugini della Bocconi, ma tra i pali un portiere d&#8217;occasione e soprattutto era assente Tino Crotti.<\/p>\n\n\n\n<figure class=\"wp-block-table\"><table><tbody><tr><td><strong>Milano, 12 febbraio 1953 &#8211; Campionato serie B &#8211; girone A<\/strong><\/td><\/tr><tr><td>Bocconi-Amatori Milano 4-2 (1-1; 3-0; 0-1)<\/td><\/tr><tr><td>Bocconi: Chierici; Tuzzi, E. Castiglioni; Menichetti; Minoia, Carpentiero, G. Castiglioni; Steffenini, Rovera, Mario Paracchini.<\/td><\/tr><tr><td>Amatori Mi: Ceserani; Nardi, T. Rossi; Ferrante, Prange; Wild, Levi, Guccione; Oriana, Signorini, Cremonesi.<\/td><\/tr><tr><td>Reti Bocconi: Carpentiero (2), Mario Paracchini, Steffenini.<\/td><\/tr><tr><td>Reti Amatori Milano: Nardi e Levi.<\/td><\/tr><\/tbody><\/table><\/figure>\n\n\n\n<figure class=\"wp-block-table aligncenter\"><table><tbody><tr><td><strong>Campionato serie B &#8211; Classifica finale del girone A.<\/strong><\/td><\/tr><tr><td>Torre Pellice punti 11, Amatori Milano e Bocconi 6, Torino 1.<\/td><\/tr><\/tbody><\/table><\/figure>\n\n\n\n<figure class=\"wp-block-table aligncenter\"><table><tbody><tr><td><strong>Classifica marcatori stagionali Amatori Milano.<\/strong><\/td><td class=\"has-text-align-center\" data-align=\"center\">Reti<\/td><\/tr><tr><td>Tino Crotti<\/td><td class=\"has-text-align-center\" data-align=\"center\">16<\/td><\/tr><tr><td>Adriano Cremonesi e Mario Tirelli<\/td><td class=\"has-text-align-center\" data-align=\"center\">4<\/td><\/tr><tr><td>Salvatore Guccione, Giacomo Levi e Gilberto Nardi<\/td><td class=\"has-text-align-center\" data-align=\"center\">3<\/td><\/tr><tr><td>Carlo Signorini<\/td><td class=\"has-text-align-center\" data-align=\"center\">2<\/td><\/tr><tr><td>Sarino Oriana, Tranquillo Rossi e autogol<\/td><td class=\"has-text-align-center\" data-align=\"center\">1<\/td><\/tr><tr><td>Mancano i marcatori di 3 reti al Torre Pellice.<\/td><td class=\"has-text-align-center\" data-align=\"center\"><\/td><\/tr><\/tbody><\/table><\/figure>\n\n\n\n<p class=\"has-text-align-center\">Tino Crotti indiscusso primattore, per lui anche 14 presenze e 3 reti con la maglia del Milano Inter. Nella sua ancor breve carriera ha gi\u00e0 collezionato 21 presenze in Nazionale con 5 reti all&#8217;attivo.<\/p>\n\n\n\n<div class=\"wp-block-image\"><figure class=\"aligncenter size-large\"><img loading=\"lazy\" decoding=\"async\" width=\"693\" height=\"223\" src=\"https:\/\/www.milanosiamonoi.com\/wp-content\/uploads\/2021\/07\/53.01.04-foto-F-Ita-3-7-Chamonix.jpg\" alt=\"\" class=\"wp-image-8559\" srcset=\"https:\/\/www.milanosiamonoi.com\/wp-content\/uploads\/2021\/07\/53.01.04-foto-F-Ita-3-7-Chamonix.jpg 693w, https:\/\/www.milanosiamonoi.com\/wp-content\/uploads\/2021\/07\/53.01.04-foto-F-Ita-3-7-Chamonix-300x97.jpg 300w, https:\/\/www.milanosiamonoi.com\/wp-content\/uploads\/2021\/07\/53.01.04-foto-F-Ita-3-7-Chamonix-100x32.jpg 100w, https:\/\/www.milanosiamonoi.com\/wp-content\/uploads\/2021\/07\/53.01.04-foto-F-Ita-3-7-Chamonix-50x16.jpg 50w, https:\/\/www.milanosiamonoi.com\/wp-content\/uploads\/2021\/07\/53.01.04-foto-F-Ita-3-7-Chamonix-25x8.jpg 25w\" sizes=\"(max-width: 693px) 100vw, 693px\" \/><figcaption><em>4 gennaio 1953, Francia-Italia 3-7: Crotti \u00e8 il terzo da sinistra. <\/em><\/figcaption><\/figure><\/div>\n\n\n\n<div class=\"wp-block-image\"><figure class=\"aligncenter size-large\"><img loading=\"lazy\" decoding=\"async\" width=\"300\" height=\"300\" src=\"https:\/\/www.milanosiamonoi.com\/wp-content\/uploads\/2021\/04\/logo-bocconi-300x300-1.jpg\" alt=\"\" class=\"wp-image-6329\" srcset=\"https:\/\/www.milanosiamonoi.com\/wp-content\/uploads\/2021\/04\/logo-bocconi-300x300-1.jpg 300w, https:\/\/www.milanosiamonoi.com\/wp-content\/uploads\/2021\/04\/logo-bocconi-300x300-1-150x150.jpg 150w, https:\/\/www.milanosiamonoi.com\/wp-content\/uploads\/2021\/04\/logo-bocconi-300x300-1-100x100.jpg 100w, https:\/\/www.milanosiamonoi.com\/wp-content\/uploads\/2021\/04\/logo-bocconi-300x300-1-50x50.jpg 50w, https:\/\/www.milanosiamonoi.com\/wp-content\/uploads\/2021\/04\/logo-bocconi-300x300-1-25x25.jpg 25w, https:\/\/www.milanosiamonoi.com\/wp-content\/uploads\/2021\/04\/logo-bocconi-300x300-1-90x90.jpg 90w\" sizes=\"(max-width: 300px) 100vw, 300px\" \/><\/figure><\/div>\n\n\n\n<figure class=\"wp-block-table aligncenter\"><table><tbody><tr><td>Presidente<\/td><td>Guido Coppini<\/td><\/tr><\/tbody><\/table><\/figure>\n\n\n\n<figure class=\"wp-block-table\"><table><tbody><tr><td class=\"has-text-align-center\" data-align=\"center\">Ruolo<\/td><td><strong>Giocatori con almeno una presenza in prima squadra<\/strong>.<\/td><\/tr><tr><td class=\"has-text-align-center\" data-align=\"center\">P<\/td><td>Chierici, Diem, Tosi.<\/td><\/tr><tr><td class=\"has-text-align-center\" data-align=\"center\">D<\/td><td>Ezio Castiglioni, Menichetti, Giorgio Serafini (C), Enzo Seveso, Alfio Tuzzi.<\/td><\/tr><tr><td class=\"has-text-align-center\" data-align=\"center\">A<\/td><td>Brocchieri, Carpentiero, Giorgio Castiglioni, Minoia, Ernesto Paracchini, Mario Paracchini, Paradiso, Rovera, Paolo Steffenini.<\/td><\/tr><tr><td class=\"has-text-align-center\" data-align=\"center\">Rinforzo<\/td><td>Grecchi (allievi Diavoli Rossoneri)<\/td><\/tr><\/tbody><\/table><\/figure>\n\n\n\n<p class=\"has-text-align-center\">I &#8220;bocconiani&#8221; procedono sulla stessa strada dell&#8217;Amatori. qui il factotum \u00e8 Guido Coppini. Grazie al settore giovanile la rosa si \u00e8 ulteriormente allargata e viene completata con l&#8217;inclusione di tre ragazzi provenienti dalle giovanili dei Diavoli Rossoneri: il difensore Menichetti e gli attaccanti Carpentiero e Minoia. Nel campionato cadetto si compete nel girone A con Amatori Milano, Torino e Torre Pellice. Sulle maglie color bord\u00f2 compare un pinguino.<\/p>\n\n\n\n<div class=\"wp-block-image\"><figure class=\"aligncenter size-large is-resized\"><img loading=\"lazy\" decoding=\"async\" src=\"https:\/\/www.milanosiamonoi.com\/wp-content\/uploads\/2021\/07\/52.12.13-Am-Boc-4-1-amich..jpg\" alt=\"\" class=\"wp-image-8487\" width=\"373\" height=\"430\" srcset=\"https:\/\/www.milanosiamonoi.com\/wp-content\/uploads\/2021\/07\/52.12.13-Am-Boc-4-1-amich..jpg 413w, https:\/\/www.milanosiamonoi.com\/wp-content\/uploads\/2021\/07\/52.12.13-Am-Boc-4-1-amich.-260x300.jpg 260w, https:\/\/www.milanosiamonoi.com\/wp-content\/uploads\/2021\/07\/52.12.13-Am-Boc-4-1-amich.-87x100.jpg 87w, https:\/\/www.milanosiamonoi.com\/wp-content\/uploads\/2021\/07\/52.12.13-Am-Boc-4-1-amich.-43x50.jpg 43w, https:\/\/www.milanosiamonoi.com\/wp-content\/uploads\/2021\/07\/52.12.13-Am-Boc-4-1-amich.-22x25.jpg 22w\" sizes=\"(max-width: 373px) 100vw, 373px\" \/><figcaption><em>Partita amichevole. (La Gazzetta dello Sport)<\/em><\/figcaption><\/figure><\/div>\n\n\n\n<p class=\"has-text-align-center\">Primo incontro di campionato al Piranesi, avversari gli hockeisti di Torre Pellice. &#8220;La Gazzetta dello Sport&#8221; scrive spesso Valpellice, ma la squadra risulta iscritta con il nome della localit\u00e0 piemontese. Partita dominata dagli ospiti che si impongono per 10-4. La Bocconi inoltra reclamo per la presunta posizione irregolare di tre giocatori che sarebbero di propriet\u00e0 dell&#8217;Auronzo: Colombo, Larese Fece e Da Corte. In un primo tempo la commissione giudicante accoglie la richiesta dei milanesi e decreta il 5-0 a tavolino. In seguito al controricorso torrese viene stabilito di rigiocare la partita e considerare il match gi\u00e0 disputato una semplice amichevole. Esordio in campionato rimandato di una settimana.<\/p>\n\n\n\n<div class=\"wp-block-image\"><figure class=\"aligncenter size-large\"><img loading=\"lazy\" decoding=\"async\" width=\"301\" height=\"429\" src=\"https:\/\/www.milanosiamonoi.com\/wp-content\/uploads\/2021\/07\/52.12.29-Gir.-A-To-Bocc-0-4-serie-B-e1625491132253.jpg\" alt=\"\" class=\"wp-image-8532\" srcset=\"https:\/\/www.milanosiamonoi.com\/wp-content\/uploads\/2021\/07\/52.12.29-Gir.-A-To-Bocc-0-4-serie-B-e1625491132253.jpg 301w, https:\/\/www.milanosiamonoi.com\/wp-content\/uploads\/2021\/07\/52.12.29-Gir.-A-To-Bocc-0-4-serie-B-e1625491132253-210x300.jpg 210w, https:\/\/www.milanosiamonoi.com\/wp-content\/uploads\/2021\/07\/52.12.29-Gir.-A-To-Bocc-0-4-serie-B-e1625491132253-70x100.jpg 70w, https:\/\/www.milanosiamonoi.com\/wp-content\/uploads\/2021\/07\/52.12.29-Gir.-A-To-Bocc-0-4-serie-B-e1625491132253-35x50.jpg 35w, https:\/\/www.milanosiamonoi.com\/wp-content\/uploads\/2021\/07\/52.12.29-Gir.-A-To-Bocc-0-4-serie-B-e1625491132253-18x25.jpg 18w\" sizes=\"(max-width: 301px) 100vw, 301px\" \/><figcaption>Da <em>&#8220;La Gazzetta dello Sport&#8221;<\/em><\/figcaption><\/figure><\/div>\n\n\n\n<figure class=\"wp-block-table aligncenter\"><table><tbody><tr><td><strong>1953<\/strong><\/td><td><strong>Campionato serie B &#8211; girone A<\/strong><\/td><td>Risultato<\/td><\/tr><tr><td>22 gennaio<\/td><td>Amatori Milano-Bocconi <\/td><td>7-0 (1-0; 2-0; 4-0)<\/td><\/tr><tr><td>25 gennaio<\/td><td>Torre Pellice-Bocconi<\/td><td>9-3<\/td><\/tr><\/tbody><\/table><\/figure>\n\n\n\n<p class=\"has-text-align-center\">In campionato due punti in tre partite, a seguire amichevole con la seconda squadra dei Diavoli Rossoneri.<\/p>\n\n\n\n<div class=\"wp-block-image\"><figure class=\"aligncenter size-large is-resized\"><img loading=\"lazy\" decoding=\"async\" src=\"https:\/\/www.milanosiamonoi.com\/wp-content\/uploads\/2021\/07\/53.01.27-Bocconi-Drn-B-7-3.jpg\" alt=\"\" class=\"wp-image-8533\" width=\"366\" height=\"509\" srcset=\"https:\/\/www.milanosiamonoi.com\/wp-content\/uploads\/2021\/07\/53.01.27-Bocconi-Drn-B-7-3.jpg 366w, https:\/\/www.milanosiamonoi.com\/wp-content\/uploads\/2021\/07\/53.01.27-Bocconi-Drn-B-7-3-216x300.jpg 216w, https:\/\/www.milanosiamonoi.com\/wp-content\/uploads\/2021\/07\/53.01.27-Bocconi-Drn-B-7-3-72x100.jpg 72w, https:\/\/www.milanosiamonoi.com\/wp-content\/uploads\/2021\/07\/53.01.27-Bocconi-Drn-B-7-3-36x50.jpg 36w, https:\/\/www.milanosiamonoi.com\/wp-content\/uploads\/2021\/07\/53.01.27-Bocconi-Drn-B-7-3-18x25.jpg 18w\" sizes=\"(max-width: 366px) 100vw, 366px\" \/><figcaption><em>Articolo da &#8220;La Gazzetta dello Sport&#8221;<\/em><\/figcaption><\/figure><\/div>\n\n\n\n<figure class=\"wp-block-table aligncenter\"><table><tbody><tr><td><strong>1953<\/strong><\/td><td><strong>Campionato serie B &#8211; girone A<\/strong><\/td><td>Risultato<\/td><\/tr><tr><td>3 febbraio<\/td><td>Bocconi-Torre Pellice<\/td><td>3-8 (2-4; 0-2; 1-2)<\/td><\/tr><\/tbody><\/table><\/figure>\n\n\n\n<p class=\"has-text-align-center\">L&#8217;imperativo e giocare, giocare, giocare&#8230; altra amichevole con i cadetti rossoneri.<\/p>\n\n\n\n<div class=\"wp-block-image\"><figure class=\"aligncenter size-large\"><img loading=\"lazy\" decoding=\"async\" width=\"289\" height=\"505\" src=\"https:\/\/www.milanosiamonoi.com\/wp-content\/uploads\/2021\/07\/53.02.04-Bocconi-Drn-B-7-6-amich-GdS-Copia.jpg\" alt=\"\" class=\"wp-image-8534\" srcset=\"https:\/\/www.milanosiamonoi.com\/wp-content\/uploads\/2021\/07\/53.02.04-Bocconi-Drn-B-7-6-amich-GdS-Copia.jpg 289w, https:\/\/www.milanosiamonoi.com\/wp-content\/uploads\/2021\/07\/53.02.04-Bocconi-Drn-B-7-6-amich-GdS-Copia-172x300.jpg 172w, https:\/\/www.milanosiamonoi.com\/wp-content\/uploads\/2021\/07\/53.02.04-Bocconi-Drn-B-7-6-amich-GdS-Copia-57x100.jpg 57w, https:\/\/www.milanosiamonoi.com\/wp-content\/uploads\/2021\/07\/53.02.04-Bocconi-Drn-B-7-6-amich-GdS-Copia-29x50.jpg 29w, https:\/\/www.milanosiamonoi.com\/wp-content\/uploads\/2021\/07\/53.02.04-Bocconi-Drn-B-7-6-amich-GdS-Copia-14x25.jpg 14w\" sizes=\"(max-width: 289px) 100vw, 289px\" \/><figcaption>Articolo da &#8220;La Gazzetta dello Sport&#8221;.<\/figcaption><\/figure><\/div>\n\n\n\n<figure class=\"wp-block-table aligncenter\"><table><tbody><tr><td><strong>1953<\/strong><\/td><td><strong>Campionato serie B &#8211; girone A<\/strong><\/td><td>Risultato<\/td><\/tr><tr><td>5 febbraio<\/td><td>Bocconi-Torino<\/td><td>2-1<\/td><\/tr><tr><td>12 febbraio <\/td><td>Bocconi-Amatori Milano<\/td><td>4-2 (1-1; 3-0; 0-1<\/td><\/tr><\/tbody><\/table><\/figure>\n\n\n\n<p class=\"has-text-align-center\">Bottino pieno nelle ultime due partite di campionato. Torinesi al Piranesi con la rosa falcidiata dall&#8217;influenza. Per la prima volta i &#8220;bocconiani&#8221; sconfiggono l&#8217;Amatori, i gialloblu si giustificano lamentando l&#8217;assenza di Crotti e giocato con il terzo portiere.<\/p>\n\n\n\n<div class=\"wp-block-image\"><figure class=\"aligncenter size-large\"><img loading=\"lazy\" decoding=\"async\" width=\"800\" height=\"484\" src=\"https:\/\/www.milanosiamonoi.com\/wp-content\/uploads\/2021\/10\/53.11.-foto-HC-Bocconi.jpg\" alt=\"\" class=\"wp-image-11036\" srcset=\"https:\/\/www.milanosiamonoi.com\/wp-content\/uploads\/2021\/10\/53.11.-foto-HC-Bocconi.jpg 800w, https:\/\/www.milanosiamonoi.com\/wp-content\/uploads\/2021\/10\/53.11.-foto-HC-Bocconi-300x182.jpg 300w, https:\/\/www.milanosiamonoi.com\/wp-content\/uploads\/2021\/10\/53.11.-foto-HC-Bocconi-768x465.jpg 768w, https:\/\/www.milanosiamonoi.com\/wp-content\/uploads\/2021\/10\/53.11.-foto-HC-Bocconi-100x61.jpg 100w, https:\/\/www.milanosiamonoi.com\/wp-content\/uploads\/2021\/10\/53.11.-foto-HC-Bocconi-50x30.jpg 50w, https:\/\/www.milanosiamonoi.com\/wp-content\/uploads\/2021\/10\/53.11.-foto-HC-Bocconi-25x15.jpg 25w, https:\/\/www.milanosiamonoi.com\/wp-content\/uploads\/2021\/10\/53.11.-foto-HC-Bocconi-740x448.jpg 740w\" sizes=\"(max-width: 800px) 100vw, 800px\" \/><figcaption><em>Da sinistra in piedi: Tuzzi, Mario Paracchini, ? , Ezio Castiglioni, Sironi,  ? , ? , Seveso. In prima fila: non identificati i primi tre, Chierici, Tosi e Serafini. Tra i non identificati presenti Carpentiero, Giorgio Castiglioni,<\/em> <em>Minoia, Paradiso e Rovere.<\/em><\/figcaption><\/figure><\/div>\n\n\n\n<figure class=\"wp-block-table aligncenter\"><table><tbody><tr><td><strong>Campionato serie B &#8211; Classifica finale del girone A.<\/strong><\/td><\/tr><tr><td>Torre Pellice punti 11, Amatori Milano e Bocconi 6, Torino 1.<\/td><\/tr><\/tbody><\/table><\/figure>\n\n\n\n<figure class=\"wp-block-table aligncenter\"><table><tbody><tr><td><strong>Classifica marcatori stagionali HC Bocconi.<\/strong><\/td><td class=\"has-text-align-center\" data-align=\"center\">Reti<\/td><\/tr><tr><td>Carpentiero e Minoia<\/td><td class=\"has-text-align-center\" data-align=\"center\">9<\/td><\/tr><tr><td>Ezio Castiglioni, Giorgio Castiglioni e Paradiso<\/td><td class=\"has-text-align-center\" data-align=\"center\">3<\/td><\/tr><tr><td>Mario Paracchini<\/td><td class=\"has-text-align-center\" data-align=\"center\">2<\/td><\/tr><tr><td>Paolo Steffenini<\/td><td class=\"has-text-align-center\" data-align=\"center\">1<\/td><\/tr><tr><td>Mancano i marcatori di cinque gol: Torre Pellice (3) e Torino (2)<\/td><td class=\"has-text-align-center\" data-align=\"center\"><\/td><\/tr><\/tbody><\/table><\/figure>\n\n\n\n<figure class=\"wp-block-table\"><table><tbody><tr><td><strong>Campionato serie B &#8211; Classifica finale del girone B.<\/strong><\/td><\/tr><tr><td>Sasslong punti 14, Vipiteno 10, Renon 8, SC Merano 6, Bolzano B 2.<\/td><\/tr><\/tbody><\/table><\/figure>\n\n\n\n<div class=\"wp-block-image\"><figure class=\"aligncenter size-large is-resized\"><img loading=\"lazy\" decoding=\"async\" src=\"https:\/\/www.milanosiamonoi.com\/wp-content\/uploads\/2021\/07\/53.03.08-B-finale-Valpe-Sas-5-3.jpg\" alt=\"\" class=\"wp-image-8553\" width=\"284\" height=\"666\" srcset=\"https:\/\/www.milanosiamonoi.com\/wp-content\/uploads\/2021\/07\/53.03.08-B-finale-Valpe-Sas-5-3.jpg 295w, https:\/\/www.milanosiamonoi.com\/wp-content\/uploads\/2021\/07\/53.03.08-B-finale-Valpe-Sas-5-3-128x300.jpg 128w, https:\/\/www.milanosiamonoi.com\/wp-content\/uploads\/2021\/07\/53.03.08-B-finale-Valpe-Sas-5-3-43x100.jpg 43w, https:\/\/www.milanosiamonoi.com\/wp-content\/uploads\/2021\/07\/53.03.08-B-finale-Valpe-Sas-5-3-21x50.jpg 21w, https:\/\/www.milanosiamonoi.com\/wp-content\/uploads\/2021\/07\/53.03.08-B-finale-Valpe-Sas-5-3-11x25.jpg 11w\" sizes=\"(max-width: 284px) 100vw, 284px\" \/><\/figure><\/div>\n\n\n\n<p> <\/p>\n\n\n\n<figure class=\"wp-block-table\"><table><tbody><tr><td><strong><a href=\"https:\/\/www.milanosiamonoi.com\/index.php\/campionati\/dal-1950-al-1959-anni-doro\/1951-1952-amatori-mi-e-bocconi\/\">stagione precedente<\/a><\/strong><\/td><td class=\"has-text-align-right\" data-align=\"right\"><strong><a href=\"https:\/\/www.milanosiamonoi.com\/index.php\/campionati\/dal-1950-al-1959-anni-doro\/1953-1954-amatori-mi-e-bocconi\/\">stagione successiva<\/a><\/strong><\/td><\/tr><\/tbody><\/table><\/figure>\n\n\n\n<figure class=\"wp-block-table\"><table><tbody><tr><td class=\"has-text-align-center\" data-align=\"center\"><strong><a href=\"https:\/\/www.milanosiamonoi.com\/index.php\/campionati\/dal-1950-al-1959-anni-doro\/1952-1953\/\">Hockey Club Milano<\/a><\/strong><\/td><\/tr><\/tbody><\/table><\/figure>\n\n\n\n<figure class=\"wp-block-table\"><table><tbody><tr><td class=\"has-text-align-center\" data-align=\"center\"><strong><a href=\"https:\/\/www.milanosiamonoi.com\/index.php\/campionati\/dal-1950-al-1959-anni-doro\/1952-1953-drn\/\">Diavoli Rossoneri<\/a><\/strong><\/td><\/tr><\/tbody><\/table><\/figure>\n","protected":false},"excerpt":{"rendered":"<p>Ruolo Giocatori con almeno una presenza in prima squadra. P Bissanti, Luciano Vicentini. D Michele Ferrante, Gilberto Nardi, Dieter Prange, Tranquillo Rossi (C), Pier Paolo&#8230;<\/p>\n","protected":false},"author":2,"featured_media":0,"parent":1469,"menu_order":11,"comment_status":"closed","ping_status":"closed","template":"","meta":{"spay_email":"","footnotes":""},"_links":{"self":[{"href":"https:\/\/www.milanosiamonoi.com\/index.php\/wp-json\/wp\/v2\/pages\/8480"}],"collection":[{"href":"https:\/\/www.milanosiamonoi.com\/index.php\/wp-json\/wp\/v2\/pages"}],"about":[{"href":"https:\/\/www.milanosiamonoi.com\/index.php\/wp-json\/wp\/v2\/types\/page"}],"author":[{"embeddable":true,"href":"https:\/\/www.milanosiamonoi.com\/index.php\/wp-json\/wp\/v2\/users\/2"}],"replies":[{"embeddable":true,"href":"https:\/\/www.milanosiamonoi.com\/index.php\/wp-json\/wp\/v2\/comments?post=8480"}],"version-history":[{"count":88,"href":"https:\/\/www.milanosiamonoi.com\/index.php\/wp-json\/wp\/v2\/pages\/8480\/revisions"}],"predecessor-version":[{"id":11146,"href":"https:\/\/www.milanosiamonoi.com\/index.php\/wp-json\/wp\/v2\/pages\/8480\/revisions\/11146"}],"up":[{"embeddable":true,"href":"https:\/\/www.milanosiamonoi.com\/index.php\/wp-json\/wp\/v2\/pages\/1469"}],"wp:attachment":[{"href":"https:\/\/www.milanosiamonoi.com\/index.php\/wp-json\/wp\/v2\/media?parent=8480"}],"curies":[{"name":"wp","href":"https:\/\/api.w.org\/{rel}","templated":true}]}}