{"id":8248,"date":"2021-09-12T16:08:37","date_gmt":"2021-09-12T16:08:37","guid":{"rendered":"http:\/\/milanosiamonoi.com\/?page_id=8248"},"modified":"2025-09-07T07:39:53","modified_gmt":"2025-09-07T07:39:53","slug":"1952-1953-drn","status":"publish","type":"page","link":"https:\/\/www.milanosiamonoi.com\/index.php\/campionati\/dal-1950-al-1959-anni-doro\/1952-1953-drn\/","title":{"rendered":"1952\/1953 DRN"},"content":{"rendered":"<div class=\"wp-block-image\">\n<figure class=\"aligncenter size-large\"><img loading=\"lazy\" decoding=\"async\" width=\"300\" height=\"300\" src=\"https:\/\/www.milanosiamonoi.com\/wp-content\/uploads\/2021\/03\/logo-drn-48b.jpg\" alt=\"\" class=\"wp-image-5567\" srcset=\"https:\/\/www.milanosiamonoi.com\/wp-content\/uploads\/2021\/03\/logo-drn-48b.jpg 300w, https:\/\/www.milanosiamonoi.com\/wp-content\/uploads\/2021\/03\/logo-drn-48b-150x150.jpg 150w, https:\/\/www.milanosiamonoi.com\/wp-content\/uploads\/2021\/03\/logo-drn-48b-100x100.jpg 100w, https:\/\/www.milanosiamonoi.com\/wp-content\/uploads\/2021\/03\/logo-drn-48b-50x50.jpg 50w, https:\/\/www.milanosiamonoi.com\/wp-content\/uploads\/2021\/03\/logo-drn-48b-25x25.jpg 25w, https:\/\/www.milanosiamonoi.com\/wp-content\/uploads\/2021\/03\/logo-drn-48b-90x90.jpg 90w\" sizes=\"(max-width: 300px) 100vw, 300px\" \/><\/figure><\/div>\n\n\n<figure class=\"wp-block-table aligncenter\"><table><tbody><tr><td>Presidente<\/td><td>De Dionigi<\/td><\/tr><tr><td>Allenatore<\/td><td>Gino Bestagini<\/td><\/tr><\/tbody><\/table><\/figure>\n\n\n\n<figure class=\"wp-block-table\"><table><tbody><tr><td class=\"has-text-align-center\" data-align=\"center\">Ruolo<\/td><td><strong>Giocatori con almeno una presenza in prima squadra.<\/strong><\/td><\/tr><tr><td class=\"has-text-align-center\" data-align=\"center\">P<\/td><td>Antonio Fresia, Roberto Gandini, Gino Loffredo.<\/td><\/tr><tr><td class=\"has-text-align-center\" data-align=\"center\">D<\/td><td>Ambrogio Abbasci\u00e0, Giancarlo Bucchetti, Joe De Felice, Emilio Delfino, Sandor Ott.<\/td><\/tr><tr><td class=\"has-text-align-center\" data-align=\"center\">A<\/td><td>Mario Bedogni, Stan &#8220;Spike&#8221; Bremner, Aldo Federici, Ronald Mc Eachern, Ernie Pete Roy, Ronald Sartor.<\/td><\/tr><tr><td class=\"has-text-align-center\" data-align=\"center\">Rinforzi<\/td><td>Carmine Tucci (Bolzano), Duss e Morel.<\/td><\/tr><\/tbody><\/table><\/figure>\n\n\n\n<p class=\"has-text-align-center\">Il Milan AC rinnova il suo appoggio, confermata la presidenza del comm. De Dionigi. Gli stranieri della scorsa stagione non sono stati confermati, fa eccezione Sandor Ott. L&#8217;ungherese vive da anni in Italia, in qualunque altro paese europeo verrebbe considerato un assimilato e giocherebbe in campionato, ma in Italia la Federazione tergiversa.  La neonata FISG,  contribuendo in parte al loro ingaggio, arruola un buon numero di stranieri azzurrabili da assegnare ai club che ne faranno richiesta. I Diavoli scelgono gli italo-canadesi Joe De Felice e Ronald Sartor. Entro la fine del mese di novembre ne verranno tesserati altri. La stagione inizia a Basilea, nell&#8217;ambito di questo torneo vengono provati Duss e Morel, mentre in difesa gioca in qualit\u00e0 di rinforzo un altro giocatore appena giunto dal Canada: Carmine Tucci del Bolzano.<\/p>\n\n\n<div class=\"wp-block-image\">\n<figure class=\"aligncenter size-large is-resized\"><img loading=\"lazy\" decoding=\"async\" width=\"640\" height=\"382\" src=\"https:\/\/www.milanosiamonoi.com\/wp-content\/uploads\/2021\/06\/52.12.19-foto-corinfo-e1625044222344.png\" alt=\"\" class=\"wp-image-8319\" style=\"width:572px;height:341px\" srcset=\"https:\/\/www.milanosiamonoi.com\/wp-content\/uploads\/2021\/06\/52.12.19-foto-corinfo-e1625044222344.png 640w, https:\/\/www.milanosiamonoi.com\/wp-content\/uploads\/2021\/06\/52.12.19-foto-corinfo-e1625044222344-300x179.png 300w, https:\/\/www.milanosiamonoi.com\/wp-content\/uploads\/2021\/06\/52.12.19-foto-corinfo-e1625044222344-100x60.png 100w, https:\/\/www.milanosiamonoi.com\/wp-content\/uploads\/2021\/06\/52.12.19-foto-corinfo-e1625044222344-50x30.png 50w, https:\/\/www.milanosiamonoi.com\/wp-content\/uploads\/2021\/06\/52.12.19-foto-corinfo-e1625044222344-25x15.png 25w\" sizes=\"(max-width: 640px) 100vw, 640px\" \/><figcaption class=\"wp-element-caption\"><em>Ronald Sartor al Piranesi. (foto Corriere d&#8217;Informazione).<\/em><\/figcaption><\/figure><\/div>\n\n\n<figure class=\"wp-block-table aligncenter\"><table><tbody><tr><td class=\"has-text-align-center\" data-align=\"center\"><strong>1952<\/strong><\/td><td class=\"has-text-align-center\" data-align=\"center\"><strong>Coppa citt\u00e0 di Basilea<\/strong> &#8211; <strong>Semifinali.<\/strong><\/td><td class=\"has-text-align-center\" data-align=\"center\">Risultato<\/td><\/tr><tr><td class=\"has-text-align-center\" data-align=\"center\">14 novembre<\/td><td class=\"has-text-align-center\" data-align=\"center\">Losanna-Diavoli Rossoneri<\/td><td class=\"has-text-align-center\" data-align=\"center\">9-4 (2-0; 3-2; 4-2)<\/td><\/tr><tr><td class=\"has-text-align-center\" data-align=\"center\"><\/td><td class=\"has-text-align-center\" data-align=\"center\">Basilea-SC Riessersee<\/td><td class=\"has-text-align-center\" data-align=\"center\">7-0 (2-0; 2-0; 3-0)<\/td><\/tr><tr><td class=\"has-text-align-center\" data-align=\"center\"><\/td><td class=\"has-text-align-center\" data-align=\"center\"><strong>Finale 3\u00b0 posto<\/strong><\/td><td class=\"has-text-align-center\" data-align=\"center\"><\/td><\/tr><tr><td class=\"has-text-align-center\" data-align=\"center\">15 novembre<\/td><td class=\"has-text-align-center\" data-align=\"center\">SC Riessersee-Diavoli Rossoneri<\/td><td class=\"has-text-align-center\" data-align=\"center\">8-4 (2-1; 4-0; 2-3)<\/td><\/tr><tr><td class=\"has-text-align-center\" data-align=\"center\"><\/td><td class=\"has-text-align-center\" data-align=\"center\"><strong>Finale 1\u00b0 posto<\/strong><\/td><td class=\"has-text-align-center\" data-align=\"center\"><\/td><\/tr><tr><td class=\"has-text-align-center\" data-align=\"center\"><\/td><td class=\"has-text-align-center\" data-align=\"center\">Basilea-Losanna<\/td><td class=\"has-text-align-center\" data-align=\"center\">3-0 (1-0; 2-0; 0-0)<\/td><\/tr><\/tbody><\/table><\/figure>\n\n\n\n<p class=\"has-text-align-center\">Avvio negativo. Nella prima partita i rossoneri hanno tentato di limitare i danni con un gioco piuttosto duro che gli arbitri hanno punito ripetutamente. Vane le proteste dei milanesi. Tucci in panca puniti dieci minuti e in altre occasioni diverse inferiorit\u00e0 numeriche, anche doppie. Joe De Felice ha reagito da boxeur a un body-check di Hans Cattini. Con il Riessersee male Fresia e Ott infortunato (distorsione alla caviglia sinistra). Duss e Morel non pervenuti, nemmeno presi in considerazioni per un eventuale ingaggio.  La dirigenza rossonera ha deciso di tesserare il canadese Ronald Mc Eachern e lo scozzese Stan &#8220;Spike&#8221; Bremner (Paisley Pirates) immediatamente sul ghiaccio nel successivo match a Zurigo.<\/p>\n\n\n\n<figure class=\"wp-block-table\"><table><tbody><tr><td><strong>Zurigo Hallenstadion, 16 novembre 1953 &#8211; Partita amichevole.<\/strong><\/td><\/tr><tr><td>Zurigo SC-Diavoli Rossoneri 3-4 (1-2; 1-1; 1-1)<\/td><\/tr><tr><td>Reti: 1\u00b0t. <em>1&#8242; Schutz,<\/em> 9&#8242; e 10&#8242; Federici. 2\u00b0t. <em>L. Johansson, <\/em>Federici. 3\u00b0t. 9&#8242; Delfino, <em>19&#8242; Guggenbuehl.<\/em><\/td><\/tr><\/tbody><\/table><\/figure>\n\n\n\n<p class=\"has-text-align-center\">Tutta un&#8217;altra cosa rispetto a Basilea. Bremner e Mc Eachern buonissimi giocatori che si sono sacrificati per contrastare l&#8217;asso svedese dello Zurigo Lulle Johansson. Ottima prova di Bedogni schierato spesso in qualit\u00e0 di difensore in aiuto al duo Bucchetti-Tucci. Federici implacabile sotto porta.<\/p>\n\n\n<div class=\"wp-block-image\">\n<figure class=\"aligncenter size-large is-resized\"><img loading=\"lazy\" decoding=\"async\" width=\"598\" height=\"440\" src=\"https:\/\/www.milanosiamonoi.com\/wp-content\/uploads\/2021\/06\/52.11.16-foto-Zsc-Drn-3-4-AB.jpg\" alt=\"\" class=\"wp-image-8269\" style=\"width:563px;height:413px\" srcset=\"https:\/\/www.milanosiamonoi.com\/wp-content\/uploads\/2021\/06\/52.11.16-foto-Zsc-Drn-3-4-AB.jpg 598w, https:\/\/www.milanosiamonoi.com\/wp-content\/uploads\/2021\/06\/52.11.16-foto-Zsc-Drn-3-4-AB-300x221.jpg 300w, https:\/\/www.milanosiamonoi.com\/wp-content\/uploads\/2021\/06\/52.11.16-foto-Zsc-Drn-3-4-AB-100x74.jpg 100w, https:\/\/www.milanosiamonoi.com\/wp-content\/uploads\/2021\/06\/52.11.16-foto-Zsc-Drn-3-4-AB-50x37.jpg 50w, https:\/\/www.milanosiamonoi.com\/wp-content\/uploads\/2021\/06\/52.11.16-foto-Zsc-Drn-3-4-AB-25x18.jpg 25w\" sizes=\"(max-width: 598px) 100vw, 598px\" \/><figcaption class=\"wp-element-caption\"><em>Zurigo SC-DRN 3-4: Banninger respinge un attacco di Bremner, tra i due il difensore Hauser e sulla sinistra Lill Lulle Johansson.<\/em><\/figcaption><\/figure><\/div>\n\n\n<p class=\"has-text-align-center\">Spazio agli allenamenti della Nazionale che gioca due partite con gli stranieri del campionato svizzero. Nelle file della squadra denominata Swiss Canadians tre ex rossoneri: Orville Martini (Neuchatel Young Sprinters), Harold Moreland (SC Berna) e Vlastimil Suchoparek (Davos). Il 4 dicembre al ristorante &#8220;L&#8217;assassino&#8221; ricevimento\/conferenza stampa sotto l&#8217;egida del presidente De Dionigi e del dirigente Parisio per illustrare il programma stagionale il cui perno \u00e8 la Coppa Spengler. Prima dell&#8217;importante appuntamento sfida al Davos al Palazzo, due match in Svizzera e il primo round della IV Coppa citt\u00e0 di Milano con i tradizionali rivali nerazzurri.<\/p>\n\n\n<div class=\"wp-block-image\">\n<figure class=\"aligncenter size-large is-resized\"><img loading=\"lazy\" decoding=\"async\" width=\"414\" height=\"563\" src=\"https:\/\/www.milanosiamonoi.com\/wp-content\/uploads\/2021\/06\/52.12.07-Drn-Davos-4-3.jpg\" alt=\"\" class=\"wp-image-8278\" style=\"width:410px;height:558px\" srcset=\"https:\/\/www.milanosiamonoi.com\/wp-content\/uploads\/2021\/06\/52.12.07-Drn-Davos-4-3.jpg 414w, https:\/\/www.milanosiamonoi.com\/wp-content\/uploads\/2021\/06\/52.12.07-Drn-Davos-4-3-221x300.jpg 221w, https:\/\/www.milanosiamonoi.com\/wp-content\/uploads\/2021\/06\/52.12.07-Drn-Davos-4-3-74x100.jpg 74w, https:\/\/www.milanosiamonoi.com\/wp-content\/uploads\/2021\/06\/52.12.07-Drn-Davos-4-3-37x50.jpg 37w, https:\/\/www.milanosiamonoi.com\/wp-content\/uploads\/2021\/06\/52.12.07-Drn-Davos-4-3-18x25.jpg 18w\" sizes=\"(max-width: 414px) 100vw, 414px\" \/><figcaption class=\"wp-element-caption\"><em>Articolo da &#8220;La Gazzetta dello Sport&#8221;.<\/em><\/figcaption><\/figure><\/div>\n\n\n<figure class=\"wp-block-table aligncenter\"><table><tbody><tr><td class=\"has-text-align-center\" data-align=\"center\"><strong>1952<\/strong><\/td><td class=\"has-text-align-center\" data-align=\"center\"><strong>Partite amichevoli.<\/strong><\/td><td class=\"has-text-align-center\" data-align=\"center\">Risultato<\/td><\/tr><tr><td class=\"has-text-align-center\" data-align=\"center\">Neuchatel, 16 dicembre<\/td><td class=\"has-text-align-center\" data-align=\"center\">NE Young Sprinters-Diavoli Rossoneri<\/td><td class=\"has-text-align-center\" data-align=\"center\">10-4 (2-1; 5-1; 3-2)<\/td><\/tr><tr><td class=\"has-text-align-center\" data-align=\"center\">La Chaux de Fonds, 17 dicembre<\/td><td class=\"has-text-align-center\" data-align=\"center\">La Chaux de Fonds-Diavoli Rossoneri<\/td><td class=\"has-text-align-center\" data-align=\"center\">n.d. <\/td><\/tr><\/tbody><\/table><\/figure>\n\n\n\n<p class=\"has-text-align-center\">Young Sprinters nettamente superiori. Orville Martini in breve tempo ha preparato un&#8217;ottima squadra, l&#8217;unica che tenter\u00e0 di ostacolare il lanciatissimo Arosa in LNA. In difesa non c&#8217;\u00e8 pi\u00f9 Tucci e si \u00e8 visto, ma era stato assegnato al Bolzano e nei Diavoli giocava come rinforzo. La dirigenza corre ai ripari e ingaggia il canadese Pete Roy. A La Chaux de Fonds la neve impedisce lo svolgimento della partita. <\/p>\n\n\n<div class=\"wp-block-image\">\n<figure class=\"aligncenter size-large\"><img loading=\"lazy\" decoding=\"async\" width=\"393\" height=\"570\" src=\"https:\/\/www.milanosiamonoi.com\/wp-content\/uploads\/2021\/06\/52.12.20-MI-Drn-5-0-tav-IV-CcdM-GdS-modif.-Brai.jpg\" alt=\"\" class=\"wp-image-8108\" srcset=\"https:\/\/www.milanosiamonoi.com\/wp-content\/uploads\/2021\/06\/52.12.20-MI-Drn-5-0-tav-IV-CcdM-GdS-modif.-Brai.jpg 393w, https:\/\/www.milanosiamonoi.com\/wp-content\/uploads\/2021\/06\/52.12.20-MI-Drn-5-0-tav-IV-CcdM-GdS-modif.-Brai-207x300.jpg 207w, https:\/\/www.milanosiamonoi.com\/wp-content\/uploads\/2021\/06\/52.12.20-MI-Drn-5-0-tav-IV-CcdM-GdS-modif.-Brai-69x100.jpg 69w, https:\/\/www.milanosiamonoi.com\/wp-content\/uploads\/2021\/06\/52.12.20-MI-Drn-5-0-tav-IV-CcdM-GdS-modif.-Brai-34x50.jpg 34w, https:\/\/www.milanosiamonoi.com\/wp-content\/uploads\/2021\/06\/52.12.20-MI-Drn-5-0-tav-IV-CcdM-GdS-modif.-Brai-17x25.jpg 17w\" sizes=\"(max-width: 393px) 100vw, 393px\" \/><figcaption class=\"wp-element-caption\"><em>Articolo da &#8220;La Gazzetta dello Sport&#8221;.<\/em><\/figcaption><\/figure><\/div>\n\n<div class=\"wp-block-image\">\n<figure class=\"aligncenter size-large is-resized\"><img loading=\"lazy\" decoding=\"async\" width=\"752\" height=\"431\" src=\"https:\/\/www.milanosiamonoi.com\/wp-content\/uploads\/2021\/07\/53.-DRN-Sartor.jpg\" alt=\"\" class=\"wp-image-8412\" style=\"width:572px;height:327px\" srcset=\"https:\/\/www.milanosiamonoi.com\/wp-content\/uploads\/2021\/07\/53.-DRN-Sartor.jpg 752w, https:\/\/www.milanosiamonoi.com\/wp-content\/uploads\/2021\/07\/53.-DRN-Sartor-300x172.jpg 300w, https:\/\/www.milanosiamonoi.com\/wp-content\/uploads\/2021\/07\/53.-DRN-Sartor-100x57.jpg 100w, https:\/\/www.milanosiamonoi.com\/wp-content\/uploads\/2021\/07\/53.-DRN-Sartor-50x29.jpg 50w, https:\/\/www.milanosiamonoi.com\/wp-content\/uploads\/2021\/07\/53.-DRN-Sartor-25x14.jpg 25w, https:\/\/www.milanosiamonoi.com\/wp-content\/uploads\/2021\/07\/53.-DRN-Sartor-740x424.jpg 740w\" sizes=\"(max-width: 752px) 100vw, 752px\" \/><figcaption class=\"wp-element-caption\"><em>Da sinistra: Besostri, Delfino, Bedogni, De Felice, Federici, Bremner, Roy. In prima fila: Sartor, Fresia, Mc Eachern e Bucchetti.<\/em><\/figcaption><\/figure><\/div>\n\n\n<p class=\"has-text-align-center\">Diavoli al torneo di Davos in un momento poco felice e con soli dieci giocatori da mandare sul ghiaccio. In difesa Bestagini schiera Bucchetti e De Felice, per i cambi Bedogni che nel ruolo \u00e8 agli inizi. Delfino-Federici-Sartor e Mc Eachern-Bremner-Roy le due linee offensive. Nel gruppo 1 gli avversari Zurigo SC e Preussen Krefeld hanno a referto tredici\/quattordici uomini.<\/p>\n\n\n\n<figure class=\"wp-block-table aligncenter\"><table><tbody><tr><td class=\"has-text-align-center\" data-align=\"center\"><strong>1952<\/strong><\/td><td class=\"has-text-align-center\" data-align=\"center\"><strong>Davos &#8211; Coppa Spengler &#8211; Gruppo 1<\/strong><\/td><td class=\"has-text-align-center\" data-align=\"center\">Risultato<\/td><\/tr><tr><td class=\"has-text-align-center\" data-align=\"center\">27 dicembre<\/td><td class=\"has-text-align-center\" data-align=\"center\">Zurigo SC-Preussen Krefeld<\/td><td class=\"has-text-align-center\" data-align=\"center\">11-2 (5-0; 2-0; 4-2)<\/td><\/tr><tr><td class=\"has-text-align-center\" data-align=\"center\">28 dicembre<\/td><td class=\"has-text-align-center\" data-align=\"center\">Zurigo SC-Diavoli Rossoneri<\/td><td class=\"has-text-align-center\" data-align=\"center\">12-2 (5-1; 2-0; 5-1)<\/td><\/tr><\/tbody><\/table><\/figure>\n\n\n<div class=\"wp-block-image\">\n<figure class=\"aligncenter size-large\"><img loading=\"lazy\" decoding=\"async\" width=\"553\" height=\"373\" src=\"https:\/\/www.milanosiamonoi.com\/wp-content\/uploads\/2021\/06\/52.12.28-Zsc-Drn-12-2-sist..jpg\" alt=\"\" class=\"wp-image-8294\" srcset=\"https:\/\/www.milanosiamonoi.com\/wp-content\/uploads\/2021\/06\/52.12.28-Zsc-Drn-12-2-sist..jpg 553w, https:\/\/www.milanosiamonoi.com\/wp-content\/uploads\/2021\/06\/52.12.28-Zsc-Drn-12-2-sist.-300x202.jpg 300w, https:\/\/www.milanosiamonoi.com\/wp-content\/uploads\/2021\/06\/52.12.28-Zsc-Drn-12-2-sist.-100x67.jpg 100w, https:\/\/www.milanosiamonoi.com\/wp-content\/uploads\/2021\/06\/52.12.28-Zsc-Drn-12-2-sist.-50x34.jpg 50w, https:\/\/www.milanosiamonoi.com\/wp-content\/uploads\/2021\/06\/52.12.28-Zsc-Drn-12-2-sist.-25x17.jpg 25w\" sizes=\"(max-width: 553px) 100vw, 553px\" \/><figcaption class=\"wp-element-caption\"><em>Artocolo da &#8220;La Gazzetta dello Sport&#8221;.<\/em><\/figcaption><\/figure><\/div>\n\n\n<figure class=\"wp-block-table aligncenter\"><table><tbody><tr><td class=\"has-text-align-center\" data-align=\"center\"><strong>1952<\/strong><\/td><td><strong>Davos &#8211; Coppa Spengler &#8211; Gruppo 1<\/strong><\/td><td class=\"has-text-align-center\" data-align=\"center\">Risultato<\/td><\/tr><tr><td class=\"has-text-align-center\" data-align=\"center\">29 dicembre<\/td><td>Preussen Krefeld-Diavoli Rossoneri<\/td><td class=\"has-text-align-center\" data-align=\"center\">9-8 (2-1; 5-3; 2-4)<\/td><\/tr><\/tbody><\/table><\/figure>\n\n\n\n<p class=\"has-text-align-center\">Nella gara con i tedeschi Bedogni si ferisce a un piede e il numero scende a nove: in un torneo del genere competere \u00e8 impossibile. Ciononostante nel confronto con i pi\u00f9 abbordabili Preussen sconfitta di misura: Partitissima di Roy che realizza cinque reti: applausi a scena aperta nel terzo periodo. Il devastante Zurigo del gruppo 1 perder\u00e0 la finale con il Fussen EV al supplementare (5-4). I Diavoli chiudono il 1952 sempre in Svizzera con i campioni rossocrociati dell&#8217;Arosa e aprono il nuovo anno in quel di Cortina: la serie di sconfitte continua.<\/p>\n\n\n\n<figure class=\"wp-block-table aligncenter\"><table><tbody><tr><td>Arosa, 30 dicembre 1952<\/td><td>Arosa-Diavoli Rossoneri<\/td><td>8-4 (1-1; 3-2; 4-1)<\/td><\/tr><tr><td>Cortina, 1 gennaio 1953<\/td><td>Cortina-Diavoli Rossoneri<\/td><td>4-3 (1-1; 2-2; 1-0)<\/td><\/tr><\/tbody><\/table><\/figure>\n\n\n<div class=\"wp-block-image\">\n<figure class=\"aligncenter size-large is-resized\"><img loading=\"lazy\" decoding=\"async\" width=\"551\" height=\"473\" src=\"https:\/\/www.milanosiamonoi.com\/wp-content\/uploads\/2021\/06\/53.01.01-Cort-Drn-4-3.jpg\" alt=\"\" class=\"wp-image-8303\" style=\"width:538px;height:463px\" srcset=\"https:\/\/www.milanosiamonoi.com\/wp-content\/uploads\/2021\/06\/53.01.01-Cort-Drn-4-3.jpg 551w, https:\/\/www.milanosiamonoi.com\/wp-content\/uploads\/2021\/06\/53.01.01-Cort-Drn-4-3-300x258.jpg 300w, https:\/\/www.milanosiamonoi.com\/wp-content\/uploads\/2021\/06\/53.01.01-Cort-Drn-4-3-100x86.jpg 100w, https:\/\/www.milanosiamonoi.com\/wp-content\/uploads\/2021\/06\/53.01.01-Cort-Drn-4-3-50x43.jpg 50w, https:\/\/www.milanosiamonoi.com\/wp-content\/uploads\/2021\/06\/53.01.01-Cort-Drn-4-3-25x21.jpg 25w\" sizes=\"(max-width: 551px) 100vw, 551px\" \/><figcaption class=\"wp-element-caption\"><em>Articolo da &#8220;La Gazzetta dello Sport&#8221;.<\/em><\/figcaption><\/figure><\/div>\n\n<div class=\"wp-block-image\">\n<figure class=\"aligncenter size-large is-resized\"><img loading=\"lazy\" decoding=\"async\" width=\"740\" height=\"441\" src=\"https:\/\/www.milanosiamonoi.com\/wp-content\/uploads\/2021\/06\/53.01.01-foto-Cortina-DRN-4-3-Ober.jpg\" alt=\"\" class=\"wp-image-8304\" style=\"width:562px;height:334px\" srcset=\"https:\/\/www.milanosiamonoi.com\/wp-content\/uploads\/2021\/06\/53.01.01-foto-Cortina-DRN-4-3-Ober.jpg 740w, https:\/\/www.milanosiamonoi.com\/wp-content\/uploads\/2021\/06\/53.01.01-foto-Cortina-DRN-4-3-Ober-300x179.jpg 300w, https:\/\/www.milanosiamonoi.com\/wp-content\/uploads\/2021\/06\/53.01.01-foto-Cortina-DRN-4-3-Ober-100x60.jpg 100w, https:\/\/www.milanosiamonoi.com\/wp-content\/uploads\/2021\/06\/53.01.01-foto-Cortina-DRN-4-3-Ober-50x30.jpg 50w, https:\/\/www.milanosiamonoi.com\/wp-content\/uploads\/2021\/06\/53.01.01-foto-Cortina-DRN-4-3-Ober-25x15.jpg 25w\" sizes=\"(max-width: 740px) 100vw, 740px\" \/><figcaption class=\"wp-element-caption\"><em>Cortina, 1 gennaio 1953: Angelo Bernardi e i difensori cortinesi respingono un attacco di De Felice e Bremner.<\/em><\/figcaption><\/figure><\/div>\n\n\n<p class=\"has-text-align-center\">Prima parte del mese di gennaio dedicata alla Nazionale che a Martigny indossa le vesti della rappresentativa milanese.<\/p>\n\n\n\n<figure class=\"wp-block-table\"><table><tbody><tr><td class=\"has-text-align-center\" data-align=\"center\"><strong>1953<\/strong><\/td><td class=\"has-text-align-center\" data-align=\"center\"><strong>Partite amichevoli.<\/strong><\/td><td class=\"has-text-align-center\" data-align=\"center\">Risultato<\/td><\/tr><tr><td class=\"has-text-align-center\" data-align=\"center\">Chamonix, 4 gennaio<\/td><td class=\"has-text-align-center\" data-align=\"center\">Francia-Italia<\/td><td class=\"has-text-align-center\" data-align=\"center\">3-7 (1-0; 2-2; 0-5)<\/td><\/tr><tr><td class=\"has-text-align-center\" data-align=\"center\">Martigny, 5 gennaio<\/td><td class=\"has-text-align-center\" data-align=\"center\">Martigny rinf.-Rappr. Milanese<\/td><td class=\"has-text-align-center\" data-align=\"center\">3-3 (1-0; 2-2; 0-1)<\/td><\/tr><tr><td class=\"has-text-align-center\" data-align=\"center\">Milano, 8 gennaio<\/td><td class=\"has-text-align-center\" data-align=\"center\">Italia-Svizzera B<\/td><td class=\"has-text-align-center\" data-align=\"center\">1-0 (1-0; 0-0; 0-0)<\/td><\/tr><tr><td class=\"has-text-align-center\" data-align=\"center\">St. Moritz, 11 gennaio<\/td><td class=\"has-text-align-center\" data-align=\"center\">Svizzera B-Italia<\/td><td class=\"has-text-align-center\" data-align=\"center\">7-12 (2-2; 2-5; 3-5)<\/td><\/tr><tr><td class=\"has-text-align-center\" data-align=\"center\">Milano, 16 gennaio<\/td><td class=\"has-text-align-center\" data-align=\"center\">Italia-Wembley Lions<\/td><td class=\"has-text-align-center\" data-align=\"center\">1-6 (1-1; 0-2; 0-3)<\/td><\/tr><tr><td class=\"has-text-align-center\" data-align=\"center\">Torino, 17 gennaio<\/td><td class=\"has-text-align-center\" data-align=\"center\">Italia-Wembley Lions<\/td><td class=\"has-text-align-center\" data-align=\"center\">1-11 (0-1; 1-6; 0-4)<\/td><\/tr><tr><td class=\"has-text-align-center\" data-align=\"center\">Milano, 18 gennaio<\/td><td class=\"has-text-align-center\" data-align=\"center\">Rappr. Milanese-Wembley Lions<\/td><td class=\"has-text-align-center\" data-align=\"center\">2-9 (0-4; 1-2; 1-3)<\/td><\/tr><\/tbody><\/table><\/figure>\n\n\n\n<p class=\"has-text-align-center\">I Diavoli Rossoneri tornano in pista a Visp contro la formazione locale tra le favorite della LNB. Nel Vallese interrompono la striscia negativa di sei sconfitte consecutive. Le prime squadre della LNB valgono le ultime due\/tre della LNA; allenamento impegnativo che precede il secondo derby del citt\u00e0 di Milano.<\/p>\n\n\n\n<figure class=\"wp-block-table\"><table><tbody><tr><td>Visp, 21 gennaio 1953<\/td><td>Visp-Diavoli Rossoneri<\/td><td>3-5 (0-4; 3-1; 0-0)<\/td><\/tr><\/tbody><\/table><\/figure>\n\n\n<div class=\"wp-block-image\">\n<figure class=\"aligncenter size-large is-resized\"><img loading=\"lazy\" decoding=\"async\" width=\"694\" height=\"633\" src=\"https:\/\/www.milanosiamonoi.com\/wp-content\/uploads\/2020\/08\/53.01.23-MI-Drn-5-3-IV-CcdM-GdS-modif.-Brai-Copia.jpg\" alt=\"\" class=\"wp-image-1324\" style=\"width:548px;height:500px\" srcset=\"https:\/\/www.milanosiamonoi.com\/wp-content\/uploads\/2020\/08\/53.01.23-MI-Drn-5-3-IV-CcdM-GdS-modif.-Brai-Copia.jpg 694w, https:\/\/www.milanosiamonoi.com\/wp-content\/uploads\/2020\/08\/53.01.23-MI-Drn-5-3-IV-CcdM-GdS-modif.-Brai-Copia-300x274.jpg 300w, https:\/\/www.milanosiamonoi.com\/wp-content\/uploads\/2020\/08\/53.01.23-MI-Drn-5-3-IV-CcdM-GdS-modif.-Brai-Copia-100x91.jpg 100w, https:\/\/www.milanosiamonoi.com\/wp-content\/uploads\/2020\/08\/53.01.23-MI-Drn-5-3-IV-CcdM-GdS-modif.-Brai-Copia-50x46.jpg 50w, https:\/\/www.milanosiamonoi.com\/wp-content\/uploads\/2020\/08\/53.01.23-MI-Drn-5-3-IV-CcdM-GdS-modif.-Brai-Copia-25x23.jpg 25w\" sizes=\"(max-width: 694px) 100vw, 694px\" \/><figcaption class=\"wp-element-caption\"><em>IV Coppa citt\u00e0 di Milano: articolo da &#8220;La Gazzetta dello Sport&#8221;<\/em><\/figcaption><\/figure><\/div>\n\n\n<p class=\"has-text-align-center\">Si avvicina la fase finale del campionato italiano, rossoneri in provincia di Bolzano; una partita nel capoluogo e due a Ortisei.<\/p>\n\n\n<div class=\"wp-block-image\">\n<figure class=\"aligncenter size-large is-resized\"><img loading=\"lazy\" decoding=\"async\" width=\"595\" height=\"402\" src=\"https:\/\/www.milanosiamonoi.com\/wp-content\/uploads\/2021\/06\/53.01.25-Bz-Drn-3-5.jpg\" alt=\"\" class=\"wp-image-8326\" style=\"width:576px;height:388px\" srcset=\"https:\/\/www.milanosiamonoi.com\/wp-content\/uploads\/2021\/06\/53.01.25-Bz-Drn-3-5.jpg 595w, https:\/\/www.milanosiamonoi.com\/wp-content\/uploads\/2021\/06\/53.01.25-Bz-Drn-3-5-300x203.jpg 300w, https:\/\/www.milanosiamonoi.com\/wp-content\/uploads\/2021\/06\/53.01.25-Bz-Drn-3-5-100x68.jpg 100w, https:\/\/www.milanosiamonoi.com\/wp-content\/uploads\/2021\/06\/53.01.25-Bz-Drn-3-5-50x34.jpg 50w, https:\/\/www.milanosiamonoi.com\/wp-content\/uploads\/2021\/06\/53.01.25-Bz-Drn-3-5-25x17.jpg 25w\" sizes=\"(max-width: 595px) 100vw, 595px\" \/><figcaption class=\"wp-element-caption\"><em>Articolo da &#8220;La Gazzetta dello Sport&#8221;.<\/em><\/figcaption><\/figure><\/div>\n\n<div class=\"wp-block-image\">\n<figure class=\"aligncenter size-large is-resized\"><img loading=\"lazy\" decoding=\"async\" width=\"800\" height=\"455\" src=\"https:\/\/www.milanosiamonoi.com\/wp-content\/uploads\/2021\/07\/53.drn_.bolzano.jpg\" alt=\"\" class=\"wp-image-8390\" style=\"width:575px;height:326px\" srcset=\"https:\/\/www.milanosiamonoi.com\/wp-content\/uploads\/2021\/07\/53.drn_.bolzano.jpg 800w, https:\/\/www.milanosiamonoi.com\/wp-content\/uploads\/2021\/07\/53.drn_.bolzano-300x171.jpg 300w, https:\/\/www.milanosiamonoi.com\/wp-content\/uploads\/2021\/07\/53.drn_.bolzano-768x437.jpg 768w, https:\/\/www.milanosiamonoi.com\/wp-content\/uploads\/2021\/07\/53.drn_.bolzano-100x57.jpg 100w, https:\/\/www.milanosiamonoi.com\/wp-content\/uploads\/2021\/07\/53.drn_.bolzano-50x28.jpg 50w, https:\/\/www.milanosiamonoi.com\/wp-content\/uploads\/2021\/07\/53.drn_.bolzano-25x14.jpg 25w, https:\/\/www.milanosiamonoi.com\/wp-content\/uploads\/2021\/07\/53.drn_.bolzano-740x421.jpg 740w\" sizes=\"(max-width: 800px) 100vw, 800px\" \/><figcaption class=\"wp-element-caption\"><em>Bolzano, 25 gennaio 1953:<\/em> <em>DRN a Bolzano.<\/em><\/figcaption><\/figure><\/div>\n\n<div class=\"wp-block-image\">\n<figure class=\"aligncenter size-large is-resized\"><img loading=\"lazy\" decoding=\"async\" width=\"773\" height=\"349\" src=\"https:\/\/www.milanosiamonoi.com\/wp-content\/uploads\/2021\/07\/53.01.25-Bz-Drn-3-5-Sartor-Copia.jpg\" alt=\"\" class=\"wp-image-8409\" style=\"width:572px;height:257px\" srcset=\"https:\/\/www.milanosiamonoi.com\/wp-content\/uploads\/2021\/07\/53.01.25-Bz-Drn-3-5-Sartor-Copia.jpg 773w, https:\/\/www.milanosiamonoi.com\/wp-content\/uploads\/2021\/07\/53.01.25-Bz-Drn-3-5-Sartor-Copia-300x135.jpg 300w, https:\/\/www.milanosiamonoi.com\/wp-content\/uploads\/2021\/07\/53.01.25-Bz-Drn-3-5-Sartor-Copia-768x347.jpg 768w, https:\/\/www.milanosiamonoi.com\/wp-content\/uploads\/2021\/07\/53.01.25-Bz-Drn-3-5-Sartor-Copia-100x45.jpg 100w, https:\/\/www.milanosiamonoi.com\/wp-content\/uploads\/2021\/07\/53.01.25-Bz-Drn-3-5-Sartor-Copia-50x23.jpg 50w, https:\/\/www.milanosiamonoi.com\/wp-content\/uploads\/2021\/07\/53.01.25-Bz-Drn-3-5-Sartor-Copia-25x11.jpg 25w, https:\/\/www.milanosiamonoi.com\/wp-content\/uploads\/2021\/07\/53.01.25-Bz-Drn-3-5-Sartor-Copia-740x334.jpg 740w\" sizes=\"(max-width: 773px) 100vw, 773px\" \/><figcaption class=\"wp-element-caption\"><em>Bolzano, 25 gennaio 1953: Bolzano e DRN<\/em>. <em>Il bambino \u00e8 Renzo Stenico.<\/em><\/figcaption><\/figure><\/div>\n\n\n<figure class=\"wp-block-image size-large\"><img loading=\"lazy\" decoding=\"async\" width=\"756\" height=\"417\" src=\"https:\/\/www.milanosiamonoi.com\/wp-content\/uploads\/2021\/06\/lavagna-bianca-Copia.jpg\" alt=\"\" class=\"wp-image-8327\" srcset=\"https:\/\/www.milanosiamonoi.com\/wp-content\/uploads\/2021\/06\/lavagna-bianca-Copia.jpg 756w, https:\/\/www.milanosiamonoi.com\/wp-content\/uploads\/2021\/06\/lavagna-bianca-Copia-300x165.jpg 300w, https:\/\/www.milanosiamonoi.com\/wp-content\/uploads\/2021\/06\/lavagna-bianca-Copia-100x55.jpg 100w, https:\/\/www.milanosiamonoi.com\/wp-content\/uploads\/2021\/06\/lavagna-bianca-Copia-50x28.jpg 50w, https:\/\/www.milanosiamonoi.com\/wp-content\/uploads\/2021\/06\/lavagna-bianca-Copia-25x14.jpg 25w, https:\/\/www.milanosiamonoi.com\/wp-content\/uploads\/2021\/06\/lavagna-bianca-Copia-740x408.jpg 740w\" sizes=\"(max-width: 756px) 100vw, 756px\" \/><figcaption class=\"wp-element-caption\"><em>Articoli da &#8220;La Gazzetta dello Sport&#8221;.<\/em><\/figcaption><\/figure>\n\n\n\n<p class=\"has-text-align-center\">Visto che sono in &#8220;zona&#8221; i Diavoli raccolgono l&#8217;invito dell&#8217;Innsbruck EV e si recano oltreconfine per un&#8217;amichevole che si trasforma in un&#8217;avventura colma di guai e traversie, questo il ricordo di Ronald Sartor: &#8211;<em>Pubblico minaccioso. Un tifoso urta De Felice che reagisce colpendo con la stecca le persone vicine alla balaustra. Alla ripresa del gioco ci tirano bottiglie addosso. Nell&#8217;ultimo intervallo Bestagini ci dice di perdere, unico modo per uscirne vivi. Al termine, sulla strada degli spogliatoi, continuarono a colpirci con calci e pugni. Ci barricammo negli spogliatoi e dovette intervenire il console italiano che minacci\u00f2 di sollevare un caso internazionale. Saliti sul treno per tornare in Italia i poliziotti prelevarono De Felice che lasci\u00f2 l&#8217;Austria il giorno dopo-.<\/em><\/p>\n\n\n\n<figure class=\"wp-block-table aligncenter\"><table><tbody><tr><td class=\"has-text-align-center\" data-align=\"center\">Innsbruck, 28 gennaio 1953<\/td><\/tr><tr><td class=\"has-text-align-center\" data-align=\"center\">Innsbruck EV-Diavoli Rossoneri 5-4 (2-2; 1-1; 2-1)<\/td><\/tr><\/tbody><\/table><\/figure>\n\n\n\n<p class=\"has-text-align-center\">Il girone finale di campionato si gioca a Bolzano, senza la squadra di casa che ha perso tutto le partite a tavolino per avere schierato un numero di stranieri oltre al consentito. Diavoli Rossoneri e Milano Inter, qualificate d&#8217;ufficio come lo scorso anno, se la vedono con Auronzo e Cortina. Nerazzurri gran favoriti, i rossoneri a questo punto della stagione hanno un record negativo di 6 vittorie e 10 sconfitte.<\/p>\n\n\n<div class=\"wp-block-image\">\n<figure class=\"aligncenter size-large\"><img loading=\"lazy\" decoding=\"async\" width=\"449\" height=\"569\" src=\"https:\/\/www.milanosiamonoi.com\/wp-content\/uploads\/2021\/07\/53.01.30-Gir.-Finale-Drn-Auro-4-2-CorrSport.jpg\" alt=\"\" class=\"wp-image-8345\" srcset=\"https:\/\/www.milanosiamonoi.com\/wp-content\/uploads\/2021\/07\/53.01.30-Gir.-Finale-Drn-Auro-4-2-CorrSport.jpg 449w, https:\/\/www.milanosiamonoi.com\/wp-content\/uploads\/2021\/07\/53.01.30-Gir.-Finale-Drn-Auro-4-2-CorrSport-237x300.jpg 237w, https:\/\/www.milanosiamonoi.com\/wp-content\/uploads\/2021\/07\/53.01.30-Gir.-Finale-Drn-Auro-4-2-CorrSport-79x100.jpg 79w, https:\/\/www.milanosiamonoi.com\/wp-content\/uploads\/2021\/07\/53.01.30-Gir.-Finale-Drn-Auro-4-2-CorrSport-39x50.jpg 39w, https:\/\/www.milanosiamonoi.com\/wp-content\/uploads\/2021\/07\/53.01.30-Gir.-Finale-Drn-Auro-4-2-CorrSport-20x25.jpg 20w\" sizes=\"(max-width: 449px) 100vw, 449px\" \/><figcaption class=\"wp-element-caption\"><em>Articolo da &#8220;Il Corriere dello Sport&#8221;.<\/em><\/figcaption><\/figure><\/div>\n\n\n<figure class=\"wp-block-table aligncenter\"><table><tbody><tr><td>Bolzano, 31 gennaio 1953<\/td><td>Milano Inter-Auronzo 7-2 (1-1; 3-0; 3-1)<\/td><\/tr><\/tbody><\/table><\/figure>\n\n\n<div class=\"wp-block-image\">\n<figure class=\"aligncenter size-large\"><img loading=\"lazy\" decoding=\"async\" width=\"253\" height=\"566\" src=\"https:\/\/www.milanosiamonoi.com\/wp-content\/uploads\/2021\/07\/53.01.31-gir.-finale-Drn-Cortina-3-2-poi-5-0-tav.-Serie-A-sist..jpg\" alt=\"\" class=\"wp-image-8346\" srcset=\"https:\/\/www.milanosiamonoi.com\/wp-content\/uploads\/2021\/07\/53.01.31-gir.-finale-Drn-Cortina-3-2-poi-5-0-tav.-Serie-A-sist..jpg 253w, https:\/\/www.milanosiamonoi.com\/wp-content\/uploads\/2021\/07\/53.01.31-gir.-finale-Drn-Cortina-3-2-poi-5-0-tav.-Serie-A-sist.-134x300.jpg 134w, https:\/\/www.milanosiamonoi.com\/wp-content\/uploads\/2021\/07\/53.01.31-gir.-finale-Drn-Cortina-3-2-poi-5-0-tav.-Serie-A-sist.-45x100.jpg 45w, https:\/\/www.milanosiamonoi.com\/wp-content\/uploads\/2021\/07\/53.01.31-gir.-finale-Drn-Cortina-3-2-poi-5-0-tav.-Serie-A-sist.-22x50.jpg 22w, https:\/\/www.milanosiamonoi.com\/wp-content\/uploads\/2021\/07\/53.01.31-gir.-finale-Drn-Cortina-3-2-poi-5-0-tav.-Serie-A-sist.-11x25.jpg 11w\" sizes=\"(max-width: 253px) 100vw, 253px\" \/><figcaption class=\"wp-element-caption\"><em>Articolo da &#8220;La Gazzetta dello Sport&#8221;.<\/em><\/figcaption><\/figure><\/div>\n\n<div class=\"wp-block-image\">\n<figure class=\"aligncenter size-large is-resized\"><img loading=\"lazy\" decoding=\"async\" width=\"594\" height=\"400\" src=\"https:\/\/www.milanosiamonoi.com\/wp-content\/uploads\/2021\/07\/53.01.31-foto-DRN-Cortina-RobOberh-Copia.jpg\" alt=\"\" class=\"wp-image-8347\" style=\"width:553px;height:372px\" srcset=\"https:\/\/www.milanosiamonoi.com\/wp-content\/uploads\/2021\/07\/53.01.31-foto-DRN-Cortina-RobOberh-Copia.jpg 594w, https:\/\/www.milanosiamonoi.com\/wp-content\/uploads\/2021\/07\/53.01.31-foto-DRN-Cortina-RobOberh-Copia-300x202.jpg 300w, https:\/\/www.milanosiamonoi.com\/wp-content\/uploads\/2021\/07\/53.01.31-foto-DRN-Cortina-RobOberh-Copia-100x67.jpg 100w, https:\/\/www.milanosiamonoi.com\/wp-content\/uploads\/2021\/07\/53.01.31-foto-DRN-Cortina-RobOberh-Copia-50x34.jpg 50w, https:\/\/www.milanosiamonoi.com\/wp-content\/uploads\/2021\/07\/53.01.31-foto-DRN-Cortina-RobOberh-Copia-25x17.jpg 25w\" sizes=\"(max-width: 594px) 100vw, 594px\" \/><figcaption class=\"wp-element-caption\"><em>Bolzano, 31 gennaio 1953: Diavoli Rossoneri-Cortina (5-0 tav.)<\/em><\/figcaption><\/figure><\/div>\n\n\n<figure class=\"wp-block-table aligncenter\"><table><tbody><tr><td>Bolzano, 1 febbraio 1953<\/td><td>Cortina-Auronzo 3-1 (0-0; 2-0; 1-1)<\/td><\/tr><\/tbody><\/table><\/figure>\n\n\n\n<figure class=\"wp-block-table\"><table><tbody><tr><td><strong>Bolzano, 1 febbraio 1953 &#8211; Partita decisiva del campionato italiano.<\/strong><\/td><\/tr><tr><td>Diavoli Rossoneri-Milano Inter 4-3 (0-0; 2-3; 2-0)<\/td><\/tr><tr><td>DRN: Fresia; Bucchetti, Roy; Abbasci\u00e0; Delfino, Federici, Bremner; De Felice, Sartor, Bedogni.<\/td><\/tr><tr><td>Milano Inter: Bolla; Fregonese, Bulgheroni; Innocenti, Tucci; Agazzi, Grazia, Fardella; Gerli, De Meis, Branduardi; Mc George.<\/td><\/tr><tr><td>Reti: 2\u00b0t.\u00a01\u2032 Bremner<em>,<\/em>\u00a0<em>6\u2032 Agazzi sup. num. , 9\u2032 Grazia, 10\u2032 Tucci<\/em>,\u00a017\u2032 Federici. 3\u00b0t.\u00a07\u2032 Federici, 7\u201930\u201d Bremner.<\/td><\/tr><\/tbody><\/table><\/figure>\n\n\n<div class=\"wp-block-image\">\n<figure class=\"aligncenter size-large is-resized\"><img loading=\"lazy\" decoding=\"async\" width=\"386\" height=\"429\" src=\"https:\/\/www.milanosiamonoi.com\/wp-content\/uploads\/2021\/07\/53.01.12-Fresia-Sport-Ill..jpg\" alt=\"\" class=\"wp-image-8556\" style=\"width:378px;height:420px\" srcset=\"https:\/\/www.milanosiamonoi.com\/wp-content\/uploads\/2021\/07\/53.01.12-Fresia-Sport-Ill..jpg 386w, https:\/\/www.milanosiamonoi.com\/wp-content\/uploads\/2021\/07\/53.01.12-Fresia-Sport-Ill.-270x300.jpg 270w, https:\/\/www.milanosiamonoi.com\/wp-content\/uploads\/2021\/07\/53.01.12-Fresia-Sport-Ill.-90x100.jpg 90w, https:\/\/www.milanosiamonoi.com\/wp-content\/uploads\/2021\/07\/53.01.12-Fresia-Sport-Ill.-45x50.jpg 45w, https:\/\/www.milanosiamonoi.com\/wp-content\/uploads\/2021\/07\/53.01.12-Fresia-Sport-Ill.-22x25.jpg 22w\" sizes=\"(max-width: 386px) 100vw, 386px\" \/><figcaption class=\"wp-element-caption\"><em>Antonio Fresia (Lo Sport Illustrato).<\/em><\/figcaption><\/figure><\/div>\n\n\n<p class=\"has-text-align-center\">Per aggiudicarsi lo scudetto al favorito Milano Inter sarebbe bastato il pareggio, i Diavoli negli ultimi venti minuti hanno ribaltato risultato e pronostico. I nerazzurri hanno schierato Carmine Tucci, fino a qualche giorno prima tesserato per il Bolzano e da met\u00e0 partita anche il neo-acquisto Jim Mc George. I rossoneri protestavano, ma il presidente FISG Remo Vigorelli confermava che il regolamento dava ragione al Milano. Per farsi perdonare i nerazzurri prestavano Ambrogio Abbasci\u00e0 ai rossoneri. Il Milano Inter con cinque uomini di scuola nordamericana andava incontro a una clamorosa sconfitta. A riguardo di questo match, Ronald Sartor raccont\u00f2 un curioso particolare: &#8211;<em>Nel corso dell&#8217;ultima pausa, con il Milano in vantaggio di una rete, un giocatore nerazzurro apr\u00ec la porta del nostro spogliatoio dicendomi che voleva parlarmi. Mi disse che il loro allenatore aveva promesso 10.000 lire a ogni giocatore che avesse segnato un gol nel corso del terzo periodo. Quindi, mi chiese di farlo segnare! Mi arrabbiai e raccontai tutto ai miei compagni di squadra. Ritornammo sul ghiaccio e giocammo con una grinta e un furore mai visti. Volevamo e dovevamo vincere, cos\u00ec fini 4-3 per noi-. <\/em>Negli anni Novanta, Giancarlo Agazzi intervistato da Massimo Veronese (Il Giornale) ricorder\u00e0:<em> -Eravamo superiori ai Diavoli Rossoneri, ma quella sera ognuno di noi cercava il preziosismo personale scordandosi il gioco di squadra e tutto and\u00f2 male-. <\/em>Le parole di Agazzi portano acqua alla fonte che indica Franco Rossi con la sua promessa di un premio in danaro a chi avesse segnato un gol,&nbsp;quale principale responsabile della sconfitta nerazzurra. Altra storia che probabilmente non si chiarir\u00e0 mai \u00e8 quella del numero di stranieri schierati dai Diavoli Rossoneri in campionato. Da regolamento dovevano essere due, ma nelle tre partite di Bolzano con la maglia dei Diavoli Rossoneri hanno giocato in tre: Pete Roy, Spike Bremner e Ron Mc Eachern. Quest&#8217;ultimo figura in pista nella partita con l&#8217;Auronzo ed esce di scena per infortunio, come scrive Luigi Grassi (La Gazzetta dello Sport) in un articolo sulla meritata vittoria rossonera. Da non escludere una modifica relativa agli stranieri e oriundi da impiegare in campionato e ricordando quanto accaduto al Bolzano, probabilmente non semplice da interpretare.<\/p>\n\n\n\n<figure class=\"wp-block-table aligncenter\"><table><tbody><tr><td class=\"has-text-align-center\" data-align=\"center\"><strong>Giocatori schierati in campionato dai Diavoli Rossoneri.<\/strong><\/td><\/tr><tr><td class=\"has-text-align-center\" data-align=\"center\">Antonio Fresia; Giancarlo Bucchetti, Pete Roy; Ambrogio Abbasci\u00e0; Emilio Delfino, Federici, Stan &#8220;Spike&#8221; Bremner; Joe De Felice, Ronald Sartor, Mario Bedogni, Ron Mc Eachern.<\/td><\/tr><\/tbody><\/table><\/figure>\n\n\n<div class=\"wp-block-image\">\n<figure class=\"aligncenter size-large\"><img loading=\"lazy\" decoding=\"async\" width=\"620\" height=\"562\" src=\"https:\/\/www.milanosiamonoi.com\/wp-content\/uploads\/2021\/07\/53.02.02-Drn-campioni-Italia-con-merito-a-sist..jpg\" alt=\"\" class=\"wp-image-8348\" srcset=\"https:\/\/www.milanosiamonoi.com\/wp-content\/uploads\/2021\/07\/53.02.02-Drn-campioni-Italia-con-merito-a-sist..jpg 620w, https:\/\/www.milanosiamonoi.com\/wp-content\/uploads\/2021\/07\/53.02.02-Drn-campioni-Italia-con-merito-a-sist.-300x272.jpg 300w, https:\/\/www.milanosiamonoi.com\/wp-content\/uploads\/2021\/07\/53.02.02-Drn-campioni-Italia-con-merito-a-sist.-100x91.jpg 100w, https:\/\/www.milanosiamonoi.com\/wp-content\/uploads\/2021\/07\/53.02.02-Drn-campioni-Italia-con-merito-a-sist.-50x45.jpg 50w, https:\/\/www.milanosiamonoi.com\/wp-content\/uploads\/2021\/07\/53.02.02-Drn-campioni-Italia-con-merito-a-sist.-25x23.jpg 25w\" sizes=\"(max-width: 620px) 100vw, 620px\" \/><\/figure><\/div>\n\n<div class=\"wp-block-image\">\n<figure class=\"aligncenter size-large\"><img loading=\"lazy\" decoding=\"async\" width=\"604\" height=\"324\" src=\"https:\/\/www.milanosiamonoi.com\/wp-content\/uploads\/2021\/07\/53.02.02-Drn-campioni-Italia-con-merito-b.jpg\" alt=\"\" class=\"wp-image-8349\" srcset=\"https:\/\/www.milanosiamonoi.com\/wp-content\/uploads\/2021\/07\/53.02.02-Drn-campioni-Italia-con-merito-b.jpg 604w, https:\/\/www.milanosiamonoi.com\/wp-content\/uploads\/2021\/07\/53.02.02-Drn-campioni-Italia-con-merito-b-300x161.jpg 300w, https:\/\/www.milanosiamonoi.com\/wp-content\/uploads\/2021\/07\/53.02.02-Drn-campioni-Italia-con-merito-b-100x54.jpg 100w, https:\/\/www.milanosiamonoi.com\/wp-content\/uploads\/2021\/07\/53.02.02-Drn-campioni-Italia-con-merito-b-50x27.jpg 50w, https:\/\/www.milanosiamonoi.com\/wp-content\/uploads\/2021\/07\/53.02.02-Drn-campioni-Italia-con-merito-b-25x13.jpg 25w\" sizes=\"(max-width: 604px) 100vw, 604px\" \/><figcaption class=\"wp-element-caption\"><em>Parte articolo di Luigi Grassi (La Gazzetta dello Sport).<\/em><\/figcaption><\/figure><\/div>\n\n\n<figure class=\"wp-block-table\"><table><tbody><tr><td><strong>1953<\/strong><\/td><td><strong>Partita amichevole.<\/strong><\/td><td>Risultato<\/td><\/tr><tr><td>Auronzo, 8 febbraio<\/td><td>Auronzo-Diavoli Rossoneri<\/td><td>5-8<\/td><\/tr><\/tbody><\/table><\/figure>\n\n\n\n<p class=\"has-text-align-center\">Ronald Sartor: &#8211;<em>Ad Auronzo faceva un gran freddo e si faceva fatica a respirare. Malgrado fosse pi\u00f9 &#8220;corta&#8221;, la nostra squadra era pi\u00f9 forte. Per combattere il freddo durante gli intervalli avevamo un bicchiere di vino caldo con le mele. Al termine dell&#8217;incontro eravamo tutti mezzi ubriachi e felici. Non si pu\u00f2 dire sia stata una partita seria, ma alla fine eravamo tutti amici, andammo al bar per bere qualche drink cantando qualche canzone italiana: una trasferta bellissima-.<\/em><\/p>\n\n\n<div class=\"wp-block-image\">\n<figure class=\"aligncenter size-large is-resized\"><img loading=\"lazy\" decoding=\"async\" width=\"643\" height=\"447\" src=\"https:\/\/www.milanosiamonoi.com\/wp-content\/uploads\/2021\/07\/53.02.08-festa-Drn.jpg\" alt=\"\" class=\"wp-image-8404\" style=\"width:570px;height:396px\" srcset=\"https:\/\/www.milanosiamonoi.com\/wp-content\/uploads\/2021\/07\/53.02.08-festa-Drn.jpg 643w, https:\/\/www.milanosiamonoi.com\/wp-content\/uploads\/2021\/07\/53.02.08-festa-Drn-300x209.jpg 300w, https:\/\/www.milanosiamonoi.com\/wp-content\/uploads\/2021\/07\/53.02.08-festa-Drn-100x70.jpg 100w, https:\/\/www.milanosiamonoi.com\/wp-content\/uploads\/2021\/07\/53.02.08-festa-Drn-50x35.jpg 50w, https:\/\/www.milanosiamonoi.com\/wp-content\/uploads\/2021\/07\/53.02.08-festa-Drn-25x17.jpg 25w\" sizes=\"(max-width: 643px) 100vw, 643px\" \/><figcaption class=\"wp-element-caption\"><em>Cena per festeggiare la vittoria in campionato; da sinistra: in fondo Roy e De Felice. Bremner che posa il braccio su una persona non identificata, Bestagini, Mc Eachern, Clerici e Sartor. In primo piano: Bedogni e Ott, dietro a loro due un&#8217;altra persona non identificata.<\/em><\/figcaption><\/figure><\/div>\n\n<div class=\"wp-block-image\">\n<figure class=\"aligncenter size-large is-resized\"><img loading=\"lazy\" decoding=\"async\" width=\"760\" height=\"433\" src=\"https:\/\/www.milanosiamonoi.com\/wp-content\/uploads\/2021\/07\/53.sartor.premio-1.jpg\" alt=\"\" class=\"wp-image-8411\" style=\"width:566px;height:321px\" srcset=\"https:\/\/www.milanosiamonoi.com\/wp-content\/uploads\/2021\/07\/53.sartor.premio-1.jpg 760w, https:\/\/www.milanosiamonoi.com\/wp-content\/uploads\/2021\/07\/53.sartor.premio-1-300x171.jpg 300w, https:\/\/www.milanosiamonoi.com\/wp-content\/uploads\/2021\/07\/53.sartor.premio-1-100x57.jpg 100w, https:\/\/www.milanosiamonoi.com\/wp-content\/uploads\/2021\/07\/53.sartor.premio-1-50x28.jpg 50w, https:\/\/www.milanosiamonoi.com\/wp-content\/uploads\/2021\/07\/53.sartor.premio-1-25x14.jpg 25w, https:\/\/www.milanosiamonoi.com\/wp-content\/uploads\/2021\/07\/53.sartor.premio-1-740x422.jpg 740w\" sizes=\"(max-width: 760px) 100vw, 760px\" \/><figcaption class=\"wp-element-caption\"><em>Ronald Sartor con la Coppa dei campioni d&#8217;Italia.<\/em><\/figcaption><\/figure><\/div>\n\n<div class=\"wp-block-image\">\n<figure class=\"aligncenter size-large is-resized\"><img loading=\"lazy\" decoding=\"async\" width=\"800\" height=\"455\" src=\"https:\/\/www.milanosiamonoi.com\/wp-content\/uploads\/2021\/07\/53.02.08-festa-scudetto-DRN.jpg\" alt=\"\" class=\"wp-image-8408\" style=\"width:566px;height:321px\" srcset=\"https:\/\/www.milanosiamonoi.com\/wp-content\/uploads\/2021\/07\/53.02.08-festa-scudetto-DRN.jpg 800w, https:\/\/www.milanosiamonoi.com\/wp-content\/uploads\/2021\/07\/53.02.08-festa-scudetto-DRN-300x171.jpg 300w, https:\/\/www.milanosiamonoi.com\/wp-content\/uploads\/2021\/07\/53.02.08-festa-scudetto-DRN-768x437.jpg 768w, https:\/\/www.milanosiamonoi.com\/wp-content\/uploads\/2021\/07\/53.02.08-festa-scudetto-DRN-100x57.jpg 100w, https:\/\/www.milanosiamonoi.com\/wp-content\/uploads\/2021\/07\/53.02.08-festa-scudetto-DRN-50x28.jpg 50w, https:\/\/www.milanosiamonoi.com\/wp-content\/uploads\/2021\/07\/53.02.08-festa-scudetto-DRN-25x14.jpg 25w, https:\/\/www.milanosiamonoi.com\/wp-content\/uploads\/2021\/07\/53.02.08-festa-scudetto-DRN-740x421.jpg 740w\" sizes=\"(max-width: 800px) 100vw, 800px\" \/><figcaption class=\"wp-element-caption\"><em>Da sin.: Bremner, De Felice, Fresia, Roy, il massaggiatore Clerici e Sartor.<\/em><\/figcaption><\/figure><\/div>\n\n<div class=\"wp-block-image\">\n<figure class=\"aligncenter size-large\"><img loading=\"lazy\" decoding=\"async\" width=\"438\" height=\"586\" src=\"https:\/\/www.milanosiamonoi.com\/wp-content\/uploads\/2021\/07\/53.defelice.sartor-2.jpg\" alt=\"\" class=\"wp-image-8425\" srcset=\"https:\/\/www.milanosiamonoi.com\/wp-content\/uploads\/2021\/07\/53.defelice.sartor-2.jpg 438w, https:\/\/www.milanosiamonoi.com\/wp-content\/uploads\/2021\/07\/53.defelice.sartor-2-224x300.jpg 224w, https:\/\/www.milanosiamonoi.com\/wp-content\/uploads\/2021\/07\/53.defelice.sartor-2-75x100.jpg 75w, https:\/\/www.milanosiamonoi.com\/wp-content\/uploads\/2021\/07\/53.defelice.sartor-2-37x50.jpg 37w, https:\/\/www.milanosiamonoi.com\/wp-content\/uploads\/2021\/07\/53.defelice.sartor-2-19x25.jpg 19w\" sizes=\"(max-width: 438px) 100vw, 438px\" \/><figcaption class=\"wp-element-caption\"><em>Joe De Felice e Ronald Sartor.<\/em><\/figcaption><\/figure><\/div>\n\n\n<p class=\"has-text-align-center\">Proseguire la stagione non \u00e8 una cosa semplice. Impossibile trovare ingaggi all&#8217;estero, in Svizzera e Germania sono in pieno svolgimento i campionati nazionali, questi paesi hanno un buon numero di impianti artificiali e possono permetterselo. I rossoneri si dedicano a una tourn\u00e9e che li vedr\u00e0 impegnati con squadre minori elvetiche e in seguito a Chamonix.<\/p>\n\n\n<div class=\"wp-block-image\">\n<figure class=\"aligncenter size-large is-resized\"><img loading=\"lazy\" decoding=\"async\" width=\"620\" height=\"420\" src=\"https:\/\/www.milanosiamonoi.com\/wp-content\/uploads\/2021\/06\/52.-foto-DRN-Loffredo-in-porta-forse-Ortisei.jpg\" alt=\"\" class=\"wp-image-8329\" style=\"width:562px;height:380px\" srcset=\"https:\/\/www.milanosiamonoi.com\/wp-content\/uploads\/2021\/06\/52.-foto-DRN-Loffredo-in-porta-forse-Ortisei.jpg 620w, https:\/\/www.milanosiamonoi.com\/wp-content\/uploads\/2021\/06\/52.-foto-DRN-Loffredo-in-porta-forse-Ortisei-300x203.jpg 300w, https:\/\/www.milanosiamonoi.com\/wp-content\/uploads\/2021\/06\/52.-foto-DRN-Loffredo-in-porta-forse-Ortisei-100x68.jpg 100w, https:\/\/www.milanosiamonoi.com\/wp-content\/uploads\/2021\/06\/52.-foto-DRN-Loffredo-in-porta-forse-Ortisei-50x34.jpg 50w, https:\/\/www.milanosiamonoi.com\/wp-content\/uploads\/2021\/06\/52.-foto-DRN-Loffredo-in-porta-forse-Ortisei-25x17.jpg 25w\" sizes=\"(max-width: 620px) 100vw, 620px\" \/><figcaption class=\"wp-element-caption\"><em>Da sinistra in piedi: Bedogni, Mc Eachern, De Felice, Sartor. In prima fila: Roy, Loffredo, Bremner, Federici.<\/em><\/figcaption><\/figure><\/div>\n\n\n<figure class=\"wp-block-table aligncenter\"><table><tbody><tr><td class=\"has-text-align-center\" data-align=\"center\"><strong>1953<\/strong><\/td><td class=\"has-text-align-center\" data-align=\"center\"><strong>Partite amichevoli.<\/strong><\/td><td class=\"has-text-align-center\" data-align=\"center\">Risultato<\/td><\/tr><tr><td class=\"has-text-align-center\" data-align=\"center\">Zermatt, 11 febbraio<\/td><td class=\"has-text-align-center\" data-align=\"center\">Zermatt-Diavoli Rossoneri<\/td><td class=\"has-text-align-center\" data-align=\"center\">4-6<\/td><\/tr><tr><td class=\"has-text-align-center\" data-align=\"center\">Montana, 12 febbraio<\/td><td class=\"has-text-align-center\" data-align=\"center\">Montana-Diavoli Rossoneri<\/td><td class=\"has-text-align-center\" data-align=\"center\">2-9<\/td><\/tr><tr><td class=\"has-text-align-center\" data-align=\"center\">Sierre, 13 febbraio<\/td><td class=\"has-text-align-center\" data-align=\"center\">Sierre-Diavoli Rossoneri<\/td><td class=\"has-text-align-center\" data-align=\"center\">2-9<\/td><\/tr><tr><td class=\"has-text-align-center\" data-align=\"center\">Montana, 15 febbraio<\/td><td class=\"has-text-align-center\" data-align=\"center\">Montana-Diavoli Rossoneri<\/td><td class=\"has-text-align-center\" data-align=\"center\">5-5<\/td><\/tr><\/tbody><\/table><\/figure>\n\n\n<div class=\"wp-block-image\">\n<figure class=\"aligncenter size-large\"><img loading=\"lazy\" decoding=\"async\" width=\"679\" height=\"408\" src=\"https:\/\/www.milanosiamonoi.com\/wp-content\/uploads\/2021\/07\/53.02.15-Montana-Drn-Sartor.jpg\" alt=\"\" class=\"wp-image-8405\" srcset=\"https:\/\/www.milanosiamonoi.com\/wp-content\/uploads\/2021\/07\/53.02.15-Montana-Drn-Sartor.jpg 679w, https:\/\/www.milanosiamonoi.com\/wp-content\/uploads\/2021\/07\/53.02.15-Montana-Drn-Sartor-300x180.jpg 300w, https:\/\/www.milanosiamonoi.com\/wp-content\/uploads\/2021\/07\/53.02.15-Montana-Drn-Sartor-100x60.jpg 100w, https:\/\/www.milanosiamonoi.com\/wp-content\/uploads\/2021\/07\/53.02.15-Montana-Drn-Sartor-50x30.jpg 50w, https:\/\/www.milanosiamonoi.com\/wp-content\/uploads\/2021\/07\/53.02.15-Montana-Drn-Sartor-25x15.jpg 25w\" sizes=\"(max-width: 679px) 100vw, 679px\" \/><figcaption class=\"wp-element-caption\"><em>Montana, 15 febbraio 1953<\/em>; <em>da sinistra: Mc Eachern, Roy, l&#8217;ex DRN Logan, Bremner e Sartor.<\/em><\/figcaption><\/figure><\/div>\n\n\n<p class=\"has-text-align-center\">Prima del fine settimana in Savoia, una pausa per gli allenamenti della Nazionale. I Diavoli per le due ultime gare devono rinunciare a Bremner e Mc Eachern partiti per la Scozia. A corto di uomini Bestagini chiede al Milano Inter, stagione conclusa, il prestito di qualche giocatore, ma i nerazzurri rispondono picche!<\/p>\n\n\n\n<figure class=\"wp-block-table aligncenter\"><table><tbody><tr><td class=\"has-text-align-center\" data-align=\"center\"><strong>1953<\/strong><\/td><td class=\"has-text-align-center\" data-align=\"center\"><strong>Coppa Dauphin\u00e9 Liber\u00e9<\/strong><\/td><td class=\"has-text-align-center\" data-align=\"center\">Risultato<\/td><\/tr><tr><td class=\"has-text-align-center\" data-align=\"center\">Chamonix, 28 febbraio<\/td><td class=\"has-text-align-center\" data-align=\"center\">Chamonix-Diavoli Rossoneri<\/td><td class=\"has-text-align-center\" data-align=\"center\">3-6 (1-1; 2-1; 0-4)<\/td><\/tr><tr><td class=\"has-text-align-center\" data-align=\"center\">Chamonix, 1 marzo<\/td><td class=\"has-text-align-center\" data-align=\"center\">Chamonix-Diavoli Rossoneri<\/td><td class=\"has-text-align-center\" data-align=\"center\">7-2 (1-1; 4-0; 2-1)<\/td><\/tr><\/tbody><\/table><\/figure>\n\n\n<div class=\"wp-block-image\">\n<figure class=\"aligncenter size-large\"><img loading=\"lazy\" decoding=\"async\" width=\"700\" height=\"530\" src=\"https:\/\/www.milanosiamonoi.com\/wp-content\/uploads\/2021\/07\/53.03.02-Chamo-Drn-3-6-e-7-2-HH.jpg\" alt=\"\" class=\"wp-image-8384\" srcset=\"https:\/\/www.milanosiamonoi.com\/wp-content\/uploads\/2021\/07\/53.03.02-Chamo-Drn-3-6-e-7-2-HH.jpg 700w, https:\/\/www.milanosiamonoi.com\/wp-content\/uploads\/2021\/07\/53.03.02-Chamo-Drn-3-6-e-7-2-HH-300x227.jpg 300w, https:\/\/www.milanosiamonoi.com\/wp-content\/uploads\/2021\/07\/53.03.02-Chamo-Drn-3-6-e-7-2-HH-100x76.jpg 100w, https:\/\/www.milanosiamonoi.com\/wp-content\/uploads\/2021\/07\/53.03.02-Chamo-Drn-3-6-e-7-2-HH-50x38.jpg 50w, https:\/\/www.milanosiamonoi.com\/wp-content\/uploads\/2021\/07\/53.03.02-Chamo-Drn-3-6-e-7-2-HH-25x19.jpg 25w\" sizes=\"(max-width: 700px) 100vw, 700px\" \/><\/figure><\/div>\n\n\n<figure class=\"wp-block-table aligncenter\"><table><tbody><tr><td class=\"has-text-align-center\" data-align=\"center\">DRN: Loffredo; Bucchetti, De Felice; Delfino, Roy, Sartor; Bedogni, Federici, Abbasci\u00e0.<\/td><\/tr><\/tbody><\/table><\/figure>\n\n\n\n<p class=\"has-text-align-center\">Ronald Sartor ricorda che la prima partita fu giocata in una serata freddissima. I francesi di Chamonix si comportarono in modo eccezionale, negli intervalli portavano biscotti e t\u00e8 caldo. Dopo la gara offrirono la cena, poi andammo a ballare e infine al Casino! &#8220;La Gazzetta dello Sport&#8221; della seconda partita, giocata in mattinata, riferisce che i rossoneri parevano cotti e imputa la scialba prestazione al caldo sole d&#8217;alta quota&#8230;<\/p>\n\n\n<div class=\"wp-block-image\">\n<figure class=\"aligncenter size-large\"><img loading=\"lazy\" decoding=\"async\" width=\"344\" height=\"492\" src=\"https:\/\/www.milanosiamonoi.com\/wp-content\/uploads\/2021\/09\/senza-anno-DRN-Calcaterra.jpg\" alt=\"\" class=\"wp-image-10303\" srcset=\"https:\/\/www.milanosiamonoi.com\/wp-content\/uploads\/2021\/09\/senza-anno-DRN-Calcaterra.jpg 344w, https:\/\/www.milanosiamonoi.com\/wp-content\/uploads\/2021\/09\/senza-anno-DRN-Calcaterra-210x300.jpg 210w, https:\/\/www.milanosiamonoi.com\/wp-content\/uploads\/2021\/09\/senza-anno-DRN-Calcaterra-70x100.jpg 70w, https:\/\/www.milanosiamonoi.com\/wp-content\/uploads\/2021\/09\/senza-anno-DRN-Calcaterra-35x50.jpg 35w, https:\/\/www.milanosiamonoi.com\/wp-content\/uploads\/2021\/09\/senza-anno-DRN-Calcaterra-17x25.jpg 17w\" sizes=\"(max-width: 344px) 100vw, 344px\" \/><\/figure><\/div>\n\n\n<figure class=\"wp-block-table aligncenter\"><table><tbody><tr><td><strong>Classifica marcatori stagionali dei Diavoli Rossoneri.<\/strong><\/td><td class=\"has-text-align-center\" data-align=\"center\"><strong>Reti<\/strong><\/td><\/tr><tr><td>Ronald Sartor (21 presenze)<\/td><td class=\"has-text-align-center\" data-align=\"center\">27<\/td><\/tr><tr><td>Aldo Federici (21)<\/td><td class=\"has-text-align-center\" data-align=\"center\">25<\/td><\/tr><tr><td>Pete Roy (16)<\/td><td class=\"has-text-align-center\" data-align=\"center\">19<\/td><\/tr><tr><td>Stan &#8220;Spike&#8221; Bremner (17)<\/td><td class=\"has-text-align-center\" data-align=\"center\">17<\/td><\/tr><tr><td>Ronald Mc Eachern (16)<\/td><td class=\"has-text-align-center\" data-align=\"center\">13<\/td><\/tr><tr><td>Joe De Felice (21) e assegnate a tavolino.<\/td><td class=\"has-text-align-center\" data-align=\"center\">5<\/td><\/tr><tr><td>Emilio Delfino (21)<\/td><td class=\"has-text-align-center\" data-align=\"center\">3<\/td><\/tr><tr><td>Mario Bedogni (16) e autogol.<\/td><td class=\"has-text-align-center\" data-align=\"center\">1<\/td><\/tr><tr><td>Mancano i marcatori di 23 gol: Riessersee (1), Arosa (4), Visp (5), Ortisei (1), Innsbruck (4) e Auronzo (8).<\/td><td class=\"has-text-align-center\" data-align=\"center\"><\/td><\/tr><\/tbody><\/table><\/figure>\n\n\n<div class=\"wp-block-image\">\n<figure class=\"aligncenter size-large\"><img loading=\"lazy\" decoding=\"async\" width=\"422\" height=\"564\" src=\"https:\/\/www.milanosiamonoi.com\/wp-content\/uploads\/2021\/07\/53.-Sartor.jpg\" alt=\"\" class=\"wp-image-8406\" srcset=\"https:\/\/www.milanosiamonoi.com\/wp-content\/uploads\/2021\/07\/53.-Sartor.jpg 422w, https:\/\/www.milanosiamonoi.com\/wp-content\/uploads\/2021\/07\/53.-Sartor-224x300.jpg 224w, https:\/\/www.milanosiamonoi.com\/wp-content\/uploads\/2021\/07\/53.-Sartor-75x100.jpg 75w, https:\/\/www.milanosiamonoi.com\/wp-content\/uploads\/2021\/07\/53.-Sartor-37x50.jpg 37w, https:\/\/www.milanosiamonoi.com\/wp-content\/uploads\/2021\/07\/53.-Sartor-19x25.jpg 19w\" sizes=\"(max-width: 422px) 100vw, 422px\" \/><figcaption class=\"wp-element-caption\"><em>Ronald Sartor.<\/em><\/figcaption><\/figure><\/div>\n\n\n<p class=\"has-text-align-center\">Nazionale alla terza edizione del Criterium d&#8217;Europa. Antonio Fresia, Aldo Federici, Joe De Felice e Ronald Sartor i convocati rossoneri. Del gruppo avrebbe dovuto fare parte anche Giancarlo Bucchetti che per\u00f2 si \u00e8 infortunato nel corso dell&#8217;ultimo allenamento.<\/p>\n\n\n<div class=\"wp-block-image\">\n<figure class=\"aligncenter size-large\"><img loading=\"lazy\" decoding=\"async\" width=\"468\" height=\"392\" src=\"https:\/\/www.milanosiamonoi.com\/wp-content\/uploads\/2021\/07\/53.11.02-foto-Fresia-Bolla-SportIllu_.jpg\" alt=\"\" class=\"wp-image-8816\" srcset=\"https:\/\/www.milanosiamonoi.com\/wp-content\/uploads\/2021\/07\/53.11.02-foto-Fresia-Bolla-SportIllu_.jpg 468w, https:\/\/www.milanosiamonoi.com\/wp-content\/uploads\/2021\/07\/53.11.02-foto-Fresia-Bolla-SportIllu_-300x251.jpg 300w, https:\/\/www.milanosiamonoi.com\/wp-content\/uploads\/2021\/07\/53.11.02-foto-Fresia-Bolla-SportIllu_-100x84.jpg 100w, https:\/\/www.milanosiamonoi.com\/wp-content\/uploads\/2021\/07\/53.11.02-foto-Fresia-Bolla-SportIllu_-50x42.jpg 50w, https:\/\/www.milanosiamonoi.com\/wp-content\/uploads\/2021\/07\/53.11.02-foto-Fresia-Bolla-SportIllu_-25x21.jpg 25w\" sizes=\"(max-width: 468px) 100vw, 468px\" \/><figcaption class=\"wp-element-caption\"><em>Antonio Fresia e Vittorio Bolla. (Lo Sport Illustrato)<\/em><\/figcaption><\/figure><\/div>\n\n\n<figure class=\"wp-block-table aligncenter\"><table><tbody><tr><td>Zurigo, 7 marzo 1953<\/td><td>Italia-Austria<\/td><td>9-5 (3-1; 4-3; 2-1)<\/td><\/tr><tr><td>Zurigo, 11 marzo 1953<\/td><td>Svizzera B-Italia<\/td><td>1-2 (1-0; 0-0; 0-2)<\/td><\/tr><\/tbody><\/table><\/figure>\n\n\n<div class=\"wp-block-image\">\n<figure class=\"aligncenter size-large is-resized\"><img loading=\"lazy\" decoding=\"async\" width=\"707\" height=\"410\" src=\"https:\/\/www.milanosiamonoi.com\/wp-content\/uploads\/2021\/07\/53.0311-SviB-Ita-1-2-Sartor.jpg\" alt=\"\" class=\"wp-image-8402\" style=\"width:569px;height:330px\" srcset=\"https:\/\/www.milanosiamonoi.com\/wp-content\/uploads\/2021\/07\/53.0311-SviB-Ita-1-2-Sartor.jpg 707w, https:\/\/www.milanosiamonoi.com\/wp-content\/uploads\/2021\/07\/53.0311-SviB-Ita-1-2-Sartor-300x174.jpg 300w, https:\/\/www.milanosiamonoi.com\/wp-content\/uploads\/2021\/07\/53.0311-SviB-Ita-1-2-Sartor-100x58.jpg 100w, https:\/\/www.milanosiamonoi.com\/wp-content\/uploads\/2021\/07\/53.0311-SviB-Ita-1-2-Sartor-50x29.jpg 50w, https:\/\/www.milanosiamonoi.com\/wp-content\/uploads\/2021\/07\/53.0311-SviB-Ita-1-2-Sartor-25x14.jpg 25w\" sizes=\"(max-width: 707px) 100vw, 707px\" \/><figcaption class=\"wp-element-caption\"><em>Zurigo,<\/em> <em>11 marzo 1953: Sartor e il portiere elvetico Kaeser.<\/em><\/figcaption><\/figure><\/div>\n\n\n<figure class=\"wp-block-table aligncenter\"><table><tbody><tr><td>Zurigo, 12 marzo 1953<\/td><td>Italia-Olanda<\/td><td>7-0 (4-0; 1-0; 2-0)<\/td><\/tr><tr><td>Basilea, 14 marzo 1953<\/td><td>Italia-Francia<\/td><td>5-2 (2-1; 1-0; 2-1)<\/td><\/tr><tr><td>Zurigo, 15 marzo 1953<\/td><td>Italia-Gran Bretagna<\/td><td>3-2 (3-0; 0-0; 0-2)<\/td><\/tr><\/tbody><\/table><\/figure>\n\n\n\n<figure class=\"wp-block-table aligncenter\"><table><tbody><tr><td><strong>CLASSIFICA FINALE <\/strong><\/td><td class=\"has-text-align-center\" data-align=\"center\"><strong>Punti<\/strong><\/td><\/tr><tr><td>1 ITALIA<\/td><td class=\"has-text-align-center\" data-align=\"center\">8<\/td><\/tr><tr><td>2 Gran Bretagna<\/td><td class=\"has-text-align-center\" data-align=\"center\">6<\/td><\/tr><tr><td>3 Austria<\/td><td class=\"has-text-align-center\" data-align=\"center\">4<\/td><\/tr><tr><td>4 Olanda<\/td><td class=\"has-text-align-center\" data-align=\"center\">2<\/td><\/tr><tr><td>5 Francia<\/td><td class=\"has-text-align-center\" data-align=\"center\">0<\/td><\/tr><tr><td>Svizzera B fuori classifica<\/td><td class=\"has-text-align-center\" data-align=\"center\"><\/td><\/tr><\/tbody><\/table><\/figure>\n\n\n<div class=\"wp-block-image\">\n<figure class=\"aligncenter size-large is-resized\"><img loading=\"lazy\" decoding=\"async\" width=\"404\" height=\"553\" src=\"https:\/\/www.milanosiamonoi.com\/wp-content\/uploads\/2021\/03\/53.criterium.europa-1.jpg\" alt=\"\" class=\"wp-image-5431\" style=\"width:386px;height:528px\" srcset=\"https:\/\/www.milanosiamonoi.com\/wp-content\/uploads\/2021\/03\/53.criterium.europa-1.jpg 404w, https:\/\/www.milanosiamonoi.com\/wp-content\/uploads\/2021\/03\/53.criterium.europa-1-219x300.jpg 219w, https:\/\/www.milanosiamonoi.com\/wp-content\/uploads\/2021\/03\/53.criterium.europa-1-73x100.jpg 73w, https:\/\/www.milanosiamonoi.com\/wp-content\/uploads\/2021\/03\/53.criterium.europa-1-37x50.jpg 37w, https:\/\/www.milanosiamonoi.com\/wp-content\/uploads\/2021\/03\/53.criterium.europa-1-18x25.jpg 18w\" sizes=\"(max-width: 404px) 100vw, 404px\" \/><figcaption class=\"wp-element-caption\"><em>Sartor e Agazzi con il trofeo del Criterium d&#8217;Europa.<\/em><\/figcaption><\/figure><\/div>\n\n\n<figure class=\"wp-block-table\"><table><tbody><tr><td><strong>Classifica marcatori III Criterium d\u2019Europa.<\/strong><\/td><td class=\"has-text-align-center\" data-align=\"center\"><strong>Reti<\/strong><\/td><\/tr><tr><td>Ronald Sartor (Italia)<\/td><td class=\"has-text-align-center\" data-align=\"center\">8<\/td><\/tr><tr><td>Crawford e Mc Crae (GB), Schmid (Austria)<\/td><td class=\"has-text-align-center\" data-align=\"center\">6<\/td><\/tr><tr><td>Jimmy De Meis (Italia), Staudinger (Austria), Dolf Overakker (Olanda)<\/td><td class=\"has-text-align-center\" data-align=\"center\">4<\/td><\/tr><\/tbody><\/table><\/figure>\n\n\n<div class=\"wp-block-image\">\n<figure class=\"aligncenter size-large is-resized\"><img loading=\"lazy\" decoding=\"async\" width=\"720\" height=\"410\" src=\"https:\/\/www.milanosiamonoi.com\/wp-content\/uploads\/2021\/06\/53.03.festa_.sartor.rossi_.-1-1.jpg\" alt=\"\" class=\"wp-image-8073\" style=\"width:561px;height:319px\" srcset=\"https:\/\/www.milanosiamonoi.com\/wp-content\/uploads\/2021\/06\/53.03.festa_.sartor.rossi_.-1-1.jpg 720w, https:\/\/www.milanosiamonoi.com\/wp-content\/uploads\/2021\/06\/53.03.festa_.sartor.rossi_.-1-1-300x171.jpg 300w, https:\/\/www.milanosiamonoi.com\/wp-content\/uploads\/2021\/06\/53.03.festa_.sartor.rossi_.-1-1-100x57.jpg 100w, https:\/\/www.milanosiamonoi.com\/wp-content\/uploads\/2021\/06\/53.03.festa_.sartor.rossi_.-1-1-50x28.jpg 50w, https:\/\/www.milanosiamonoi.com\/wp-content\/uploads\/2021\/06\/53.03.festa_.sartor.rossi_.-1-1-25x14.jpg 25w\" sizes=\"(max-width: 720px) 100vw, 720px\" \/><figcaption class=\"wp-element-caption\"><em>Il presidente FISG Remo Vigorelli premia Sartor. A sinistra un divertito Ignazio Dionisi e al centro un alquanto &#8220;assente&#8221; Franco Rossi.<\/em><\/figcaption><\/figure><\/div>\n\n\n<figure class=\"wp-block-table\"><table><tbody><tr><td><strong><a href=\"https:\/\/www.milanosiamonoi.com\/index.php\/campionati\/dal-1950-al-1959-anni-doro\/1951-1952-drn\/\">stagione precedente<\/a><\/strong><\/td><td class=\"has-text-align-right\" data-align=\"right\"><strong><a href=\"https:\/\/www.milanosiamonoi.com\/index.php\/campionati\/dal-1950-al-1959-anni-doro\/1953-1954-drn\/\">stagione successiva<\/a><\/strong><\/td><\/tr><\/tbody><\/table><\/figure>\n\n\n\n<figure class=\"wp-block-table\"><table><tbody><tr><td class=\"has-text-align-center\" data-align=\"center\"><strong><a href=\"https:\/\/www.milanosiamonoi.com\/index.php\/campionati\/dal-1950-al-1959-anni-doro\/1952-1953\/\">Hockey Club Milano<\/a><\/strong><\/td><\/tr><\/tbody><\/table><\/figure>\n\n\n\n<figure class=\"wp-block-table\"><table><tbody><tr><td class=\"has-text-align-center\" data-align=\"center\"><strong><a href=\"https:\/\/www.milanosiamonoi.com\/index.php\/campionati\/dal-1950-al-1959-anni-doro\/1952-1953-amatori-mi-e-bocconi\/\">Amatori Milano e Bocconi Milano<\/a><\/strong><\/td><\/tr><\/tbody><\/table><\/figure>\n","protected":false},"excerpt":{"rendered":"<p>Presidente De Dionigi Allenatore Gino Bestagini Ruolo Giocatori con almeno una presenza in prima squadra. P Antonio Fresia, Roberto Gandini, Gino Loffredo. D Ambrogio Abbasci\u00e0,&#8230;<\/p>\n","protected":false},"author":2,"featured_media":0,"parent":1469,"menu_order":10,"comment_status":"closed","ping_status":"closed","template":"","meta":{"spay_email":"","footnotes":""},"_links":{"self":[{"href":"https:\/\/www.milanosiamonoi.com\/index.php\/wp-json\/wp\/v2\/pages\/8248"}],"collection":[{"href":"https:\/\/www.milanosiamonoi.com\/index.php\/wp-json\/wp\/v2\/pages"}],"about":[{"href":"https:\/\/www.milanosiamonoi.com\/index.php\/wp-json\/wp\/v2\/types\/page"}],"author":[{"embeddable":true,"href":"https:\/\/www.milanosiamonoi.com\/index.php\/wp-json\/wp\/v2\/users\/2"}],"replies":[{"embeddable":true,"href":"https:\/\/www.milanosiamonoi.com\/index.php\/wp-json\/wp\/v2\/comments?post=8248"}],"version-history":[{"count":218,"href":"https:\/\/www.milanosiamonoi.com\/index.php\/wp-json\/wp\/v2\/pages\/8248\/revisions"}],"predecessor-version":[{"id":20649,"href":"https:\/\/www.milanosiamonoi.com\/index.php\/wp-json\/wp\/v2\/pages\/8248\/revisions\/20649"}],"up":[{"embeddable":true,"href":"https:\/\/www.milanosiamonoi.com\/index.php\/wp-json\/wp\/v2\/pages\/1469"}],"wp:attachment":[{"href":"https:\/\/www.milanosiamonoi.com\/index.php\/wp-json\/wp\/v2\/media?parent=8248"}],"curies":[{"name":"wp","href":"https:\/\/api.w.org\/{rel}","templated":true}]}}