{"id":7554,"date":"2021-08-14T09:19:54","date_gmt":"2021-08-14T09:19:54","guid":{"rendered":"http:\/\/milanosiamonoi.com\/?page_id=7554"},"modified":"2025-03-19T23:39:15","modified_gmt":"2025-03-19T23:39:15","slug":"1951-1952","status":"publish","type":"page","link":"https:\/\/www.milanosiamonoi.com\/index.php\/campionati\/dal-1950-al-1959-anni-doro\/1951-1952\/","title":{"rendered":"1951\/1952 HC Milano"},"content":{"rendered":"\n<div class=\"wp-block-image\"><figure class=\"aligncenter size-large\"><img loading=\"lazy\" decoding=\"async\" width=\"300\" height=\"300\" src=\"https:\/\/www.milanosiamonoi.com\/wp-content\/uploads\/2021\/04\/logo-milano50-300x300-1.jpg\" alt=\"\" class=\"wp-image-6557\" srcset=\"https:\/\/www.milanosiamonoi.com\/wp-content\/uploads\/2021\/04\/logo-milano50-300x300-1.jpg 300w, https:\/\/www.milanosiamonoi.com\/wp-content\/uploads\/2021\/04\/logo-milano50-300x300-1-150x150.jpg 150w, https:\/\/www.milanosiamonoi.com\/wp-content\/uploads\/2021\/04\/logo-milano50-300x300-1-100x100.jpg 100w, https:\/\/www.milanosiamonoi.com\/wp-content\/uploads\/2021\/04\/logo-milano50-300x300-1-50x50.jpg 50w, https:\/\/www.milanosiamonoi.com\/wp-content\/uploads\/2021\/04\/logo-milano50-300x300-1-25x25.jpg 25w, https:\/\/www.milanosiamonoi.com\/wp-content\/uploads\/2021\/04\/logo-milano50-300x300-1-90x90.jpg 90w\" sizes=\"(max-width: 300px) 100vw, 300px\" \/><\/figure><\/div>\n\n\n\n<figure class=\"wp-block-table aligncenter\"><table><tbody><tr><td>Presidente onorario<\/td><td>Alberto Bonacossa<\/td><\/tr><tr><td>Presidente<\/td><td>Mario Masseroni<\/td><\/tr><tr><td>Allenatore<\/td><td>Milan Matous<\/td><\/tr><\/tbody><\/table><\/figure>\n\n\n\n<figure class=\"wp-block-table\"><table><tbody><tr><td class=\"has-text-align-center\" data-align=\"center\">Ruolo<\/td><td><strong>Giocatori con almeno una presenza in prima squadra<\/strong>.<\/td><\/tr><tr><td class=\"has-text-align-center\" data-align=\"center\">P<\/td><td>Vittorio Bolla<\/td><\/tr><tr><td class=\"has-text-align-center\" data-align=\"center\">D<\/td><td>Ambrogio Abbasci\u00e0, Enrico Galli, Dino Innocenti (C).<\/td><\/tr><tr><td class=\"has-text-align-center\" data-align=\"center\">A<\/td><td>Giancarlo Agazzi, Decio Bartoli, Giancarlo Bulgheroni, Enrico Canapini, Ignazio Dionisi, Vincenzo Fardella, Umberto Gerli, Milan Matous, Luigi Mattavelli.<\/td><\/tr><tr><td class=\"has-text-align-center\" data-align=\"center\">Rinforzi<\/td><td>Tino Crotti (Amatori Milano), Guerrino Beltrami e Miroslav Slama (Losanna), Pete Bessone (NE Young Sprinters).<\/td><\/tr><\/tbody><\/table><\/figure>\n\n\n\n<p class=\"has-text-align-center\">Per la FIHG stagione da grandi aspettative. Nel mese di novembre verr\u00e0 inaugurato il Palazzo del ghiaccio di Torino-Esposizioni e nel 1952 inizieranno i lavori per la costruzione dello stadio Olimpico a Cortina. Il presidente Enrico Calcaterra precisa che per i Giochi di Oslo una decisione definitiva si avr\u00e0 a fine dicembre quando si sapr\u00e0 su quali giocatori contare e si conoscer\u00e0 il valore della squadra. Il girone unico del torneo comprende grossi calibri e il rischio di fare la fine del vaso di coccio in mezzo a quelli di ferro \u00e8 alto. Proseguono i contatti con l&#8217;ex nerazzurro Mario Passerini per portare in Italia buoni elementi dal Nordamerica. Anche il Milano, sempre sotto l&#8217;alta protezione dell&#8217;Inter e di Mario Masseroni, si \u00e8 affidato a Passerini. Per ora si sa che Eno Campanini ha deciso di restare in America e Pete Bessone ha firmato per gli Young Sprinters di Neuchatel. Giancarlo Bucchetti ha scelto i Diavoli Rossoneri, mentre ai rivali sono stati strappati Abbasci\u00e0 e Mattavelli. Inizialmente a dirigere i primi allenamenti sono Franco Rossi e Ignazio Dionisi, ma a fine novembre, con un&#8217;offerta dell&#8217;ultimo minuto, viene ingaggiato Milan Matous che si era gi\u00e0 accordato con i Diavoli Rossoneri: tra i due club \u00e8 sempre una lotta senza esclusione di colpi.<\/p>\n\n\n\n<div class=\"wp-block-image\"><figure class=\"aligncenter size-large is-resized\"><img loading=\"lazy\" decoding=\"async\" src=\"https:\/\/www.milanosiamonoi.com\/wp-content\/uploads\/2021\/06\/51.11.30-DRN-NEYS-8-3.jpg\" alt=\"\" class=\"wp-image-7567\" width=\"399\" height=\"445\" srcset=\"https:\/\/www.milanosiamonoi.com\/wp-content\/uploads\/2021\/06\/51.11.30-DRN-NEYS-8-3.jpg 423w, https:\/\/www.milanosiamonoi.com\/wp-content\/uploads\/2021\/06\/51.11.30-DRN-NEYS-8-3-269x300.jpg 269w, https:\/\/www.milanosiamonoi.com\/wp-content\/uploads\/2021\/06\/51.11.30-DRN-NEYS-8-3-90x100.jpg 90w, https:\/\/www.milanosiamonoi.com\/wp-content\/uploads\/2021\/06\/51.11.30-DRN-NEYS-8-3-45x50.jpg 45w, https:\/\/www.milanosiamonoi.com\/wp-content\/uploads\/2021\/06\/51.11.30-DRN-NEYS-8-3-22x25.jpg 22w\" sizes=\"(max-width: 399px) 100vw, 399px\" \/><figcaption><em>Articolo da &#8220;La Gazzetta dello Sport&#8221;.<\/em><\/figcaption><\/figure><\/div>\n\n\n\n<p class=\"has-text-align-center\">Dei giocatori promessi da Passerini nessuna notizia, la stagione si apre a fine dicembre con un&#8217;amichevole a Visp, a seguire il torneo di St. Moritz e quello di Villars sur Ollon. Per rimediare alla carenza di giocatori torna in pista Ignazio Dionisi e dall&#8217;Amatori Milano si aggrega la giovane promessa Tino Crotti che bagna l&#8217;esordio in nerazzurro segnando la prima rete al Visp.<\/p>\n\n\n\n<div class=\"wp-block-image\"><figure class=\"aligncenter size-large\"><img loading=\"lazy\" decoding=\"async\" width=\"499\" height=\"500\" src=\"https:\/\/www.milanosiamonoi.com\/wp-content\/uploads\/2021\/06\/51.12.23-Visp-M-2-5.jpg\" alt=\"\" class=\"wp-image-7558\" srcset=\"https:\/\/www.milanosiamonoi.com\/wp-content\/uploads\/2021\/06\/51.12.23-Visp-M-2-5.jpg 499w, https:\/\/www.milanosiamonoi.com\/wp-content\/uploads\/2021\/06\/51.12.23-Visp-M-2-5-300x300.jpg 300w, https:\/\/www.milanosiamonoi.com\/wp-content\/uploads\/2021\/06\/51.12.23-Visp-M-2-5-150x150.jpg 150w, https:\/\/www.milanosiamonoi.com\/wp-content\/uploads\/2021\/06\/51.12.23-Visp-M-2-5-100x100.jpg 100w, https:\/\/www.milanosiamonoi.com\/wp-content\/uploads\/2021\/06\/51.12.23-Visp-M-2-5-50x50.jpg 50w, https:\/\/www.milanosiamonoi.com\/wp-content\/uploads\/2021\/06\/51.12.23-Visp-M-2-5-25x25.jpg 25w, https:\/\/www.milanosiamonoi.com\/wp-content\/uploads\/2021\/06\/51.12.23-Visp-M-2-5-90x90.jpg 90w\" sizes=\"(max-width: 499px) 100vw, 499px\" \/><figcaption><em>Articolo da &#8220;La Gazzetta dello Sport&#8221;.<\/em><\/figcaption><\/figure><\/div>\n\n\n\n<figure class=\"wp-block-table aligncenter\"><table><tbody><tr><td><strong>27 dicembre 1951<\/strong> &#8211; <strong>Torneo di St. Moritz<\/strong><\/td><td>Risultato<\/td><\/tr><tr><td>Bad Toelz-Milano Inter<\/td><td>9-8 (1-2; 5-4; 3-2)<\/td><\/tr><\/tbody><\/table><\/figure>\n\n\n\n<div class=\"wp-block-image\"><figure class=\"aligncenter size-large is-resized\"><img loading=\"lazy\" decoding=\"async\" src=\"https:\/\/www.milanosiamonoi.com\/wp-content\/uploads\/2021\/06\/51.12.27-BadT-M-9-8.jpg\" alt=\"\" class=\"wp-image-7559\" width=\"559\" height=\"287\" srcset=\"https:\/\/www.milanosiamonoi.com\/wp-content\/uploads\/2021\/06\/51.12.27-BadT-M-9-8.jpg 691w, https:\/\/www.milanosiamonoi.com\/wp-content\/uploads\/2021\/06\/51.12.27-BadT-M-9-8-300x155.jpg 300w, https:\/\/www.milanosiamonoi.com\/wp-content\/uploads\/2021\/06\/51.12.27-BadT-M-9-8-100x52.jpg 100w, https:\/\/www.milanosiamonoi.com\/wp-content\/uploads\/2021\/06\/51.12.27-BadT-M-9-8-50x26.jpg 50w, https:\/\/www.milanosiamonoi.com\/wp-content\/uploads\/2021\/06\/51.12.27-BadT-M-9-8-25x13.jpg 25w\" sizes=\"(max-width: 559px) 100vw, 559px\" \/><figcaption><em>Articolo da &#8220;La Gazzetta dello Sport&#8221;.<\/em><\/figcaption><\/figure><\/div>\n\n\n\n<figure class=\"wp-block-table aligncenter\"><table><tbody><tr><td><strong>28 dicembre 1951<\/strong> &#8211; <strong>Torneo di St. Moritz<\/strong><\/td><td>Risultato<\/td><\/tr><tr><td>Ambr\u00ec Piotta-Milano Inter<\/td><td>3-3 (1-1; 2-0; 0-2)<\/td><\/tr><\/tbody><\/table><\/figure>\n\n\n\n<div class=\"wp-block-image\"><figure class=\"aligncenter size-large is-resized\"><img loading=\"lazy\" decoding=\"async\" src=\"https:\/\/www.milanosiamonoi.com\/wp-content\/uploads\/2021\/06\/51.12.28-M-AP-3-3-St-Mor-Tro.jpg\" alt=\"\" class=\"wp-image-7560\" width=\"554\" height=\"437\" srcset=\"https:\/\/www.milanosiamonoi.com\/wp-content\/uploads\/2021\/06\/51.12.28-M-AP-3-3-St-Mor-Tro.jpg 574w, https:\/\/www.milanosiamonoi.com\/wp-content\/uploads\/2021\/06\/51.12.28-M-AP-3-3-St-Mor-Tro-300x237.jpg 300w, https:\/\/www.milanosiamonoi.com\/wp-content\/uploads\/2021\/06\/51.12.28-M-AP-3-3-St-Mor-Tro-100x79.jpg 100w, https:\/\/www.milanosiamonoi.com\/wp-content\/uploads\/2021\/06\/51.12.28-M-AP-3-3-St-Mor-Tro-50x39.jpg 50w, https:\/\/www.milanosiamonoi.com\/wp-content\/uploads\/2021\/06\/51.12.28-M-AP-3-3-St-Mor-Tro-25x20.jpg 25w\" sizes=\"(max-width: 554px) 100vw, 554px\" \/><figcaption><em>Articolo da &#8220;La Gazzetta dello Sport&#8221;.<\/em><\/figcaption><\/figure><\/div>\n\n\n\n<figure class=\"wp-block-table aligncenter\"><table><tbody><tr><td><strong>29 dicembre 1951<\/strong> &#8211; <strong>Torneo di St. Moritz<\/strong><\/td><td>Risultato<\/td><\/tr><tr><td>St. Moritz-Milano Inter<\/td><td>7-4 (3-2; 2-1, 2-1)<\/td><\/tr><\/tbody><\/table><\/figure>\n\n\n\n<div class=\"wp-block-image\"><figure class=\"aligncenter size-large is-resized\"><img loading=\"lazy\" decoding=\"async\" src=\"https:\/\/www.milanosiamonoi.com\/wp-content\/uploads\/2021\/06\/51.12.29-StM-M-7-4-sist..jpg\" alt=\"\" class=\"wp-image-7561\" width=\"520\" height=\"370\" srcset=\"https:\/\/www.milanosiamonoi.com\/wp-content\/uploads\/2021\/06\/51.12.29-StM-M-7-4-sist..jpg 523w, https:\/\/www.milanosiamonoi.com\/wp-content\/uploads\/2021\/06\/51.12.29-StM-M-7-4-sist.-300x213.jpg 300w, https:\/\/www.milanosiamonoi.com\/wp-content\/uploads\/2021\/06\/51.12.29-StM-M-7-4-sist.-100x71.jpg 100w, https:\/\/www.milanosiamonoi.com\/wp-content\/uploads\/2021\/06\/51.12.29-StM-M-7-4-sist.-50x36.jpg 50w, https:\/\/www.milanosiamonoi.com\/wp-content\/uploads\/2021\/06\/51.12.29-StM-M-7-4-sist.-25x18.jpg 25w\" sizes=\"(max-width: 520px) 100vw, 520px\" \/><figcaption><em>Articolo da &#8220;La Gazzetta dello Sport&#8221;.<\/em><\/figcaption><\/figure><\/div>\n\n\n\n<figure class=\"wp-block-table aligncenter\"><table><tbody><tr><td><strong>1951<\/strong><\/td><td><strong>Torneo di Villars<\/strong><\/td><td>Risultato<\/td><\/tr><tr><td>31 dicembre<\/td><td>Villars-Cambridge Un.<\/td><td>3-5 (0-3; 3-1; 0-1)<\/td><\/tr><tr><td>1 gennaio<\/td><td>Cambridge Un.-Milano Inter<\/td><td>5-3 (3-0; 1-1; 1-2)<\/td><\/tr><tr><td>2 gennaio<\/td><td>Villars-Milano Inter<\/td><td>2-5 (0-0; 0-2; 2-3)<\/td><\/tr><\/tbody><\/table><\/figure>\n\n\n\n<p class=\"has-text-align-center\">Il torneo lo vincono gli universitari di Cambridge, nell&#8217;ultima partita il Milano batte la squadra di casa in versione rinforzata. I nazionali nerazzurri si spostano a Montana per il match con la Svizzera B. La Nazionale ha nel blocco del Milano il maggiore fornitore di giocatori. Lo scarso numero di gare disputate e i magri risultati ottenuti con formazioni elvetiche di LNB favoriscono la decisione di non partecipare ai Giochi di Oslo, ci si accontenter\u00e0 della II edizione del Criterium d&#8217;Europa.<\/p>\n\n\n\n<div class=\"wp-block-image\"><figure class=\"aligncenter size-large is-resized\"><img loading=\"lazy\" decoding=\"async\" src=\"https:\/\/www.milanosiamonoi.com\/wp-content\/uploads\/2021\/06\/52.01.03-SviB-Ita-4-1-GdeLs-1.png\" alt=\"\" class=\"wp-image-7589\" width=\"570\" height=\"429\" srcset=\"https:\/\/www.milanosiamonoi.com\/wp-content\/uploads\/2021\/06\/52.01.03-SviB-Ita-4-1-GdeLs-1.png 614w, https:\/\/www.milanosiamonoi.com\/wp-content\/uploads\/2021\/06\/52.01.03-SviB-Ita-4-1-GdeLs-1-300x226.png 300w, https:\/\/www.milanosiamonoi.com\/wp-content\/uploads\/2021\/06\/52.01.03-SviB-Ita-4-1-GdeLs-1-100x75.png 100w, https:\/\/www.milanosiamonoi.com\/wp-content\/uploads\/2021\/06\/52.01.03-SviB-Ita-4-1-GdeLs-1-50x38.png 50w, https:\/\/www.milanosiamonoi.com\/wp-content\/uploads\/2021\/06\/52.01.03-SviB-Ita-4-1-GdeLs-1-25x19.png 25w, https:\/\/www.milanosiamonoi.com\/wp-content\/uploads\/2021\/06\/52.01.03-SviB-Ita-4-1-GdeLs-1-480x360.png 480w\" sizes=\"(max-width: 570px) 100vw, 570px\" \/><figcaption><em>Articolo da &#8220;La Gazette de Lausanne&#8221;.<\/em><\/figcaption><\/figure><\/div>\n\n\n\n<div class=\"wp-block-image\"><figure class=\"aligncenter size-large\"><img loading=\"lazy\" decoding=\"async\" width=\"436\" height=\"309\" src=\"https:\/\/www.milanosiamonoi.com\/wp-content\/uploads\/2021\/06\/52.01.03-SviB-Ita-4-1.jpg\" alt=\"\" class=\"wp-image-7588\" srcset=\"https:\/\/www.milanosiamonoi.com\/wp-content\/uploads\/2021\/06\/52.01.03-SviB-Ita-4-1.jpg 436w, https:\/\/www.milanosiamonoi.com\/wp-content\/uploads\/2021\/06\/52.01.03-SviB-Ita-4-1-300x213.jpg 300w, https:\/\/www.milanosiamonoi.com\/wp-content\/uploads\/2021\/06\/52.01.03-SviB-Ita-4-1-100x71.jpg 100w, https:\/\/www.milanosiamonoi.com\/wp-content\/uploads\/2021\/06\/52.01.03-SviB-Ita-4-1-50x35.jpg 50w, https:\/\/www.milanosiamonoi.com\/wp-content\/uploads\/2021\/06\/52.01.03-SviB-Ita-4-1-25x18.jpg 25w\" sizes=\"(max-width: 436px) 100vw, 436px\" \/><figcaption><em>Svizzera all&#8217;attacco, da sinistra: Schindler (8), Bolla, Federici, Beltrami, Blank e Bongard.<\/em><\/figcaption><\/figure><\/div>\n\n\n\n<p class=\"has-text-align-center\">Archiviato l&#8217;impegno della Nazionale, al Piranesi va in scena il primo derby della III edizione della Coppa citt\u00e0 di Milano. Si era pensato di coinvolgere Torino e Cortina opportunamente rinforzate, ma nel Palazzo del capoluogo piemontese a hockey ancora non si gioca in quanto mancano le infrastrutture che consentano lo svolgimento delle partite! I nerazzurri, prima gara della stagione a Milano, usufruiscono dei rinforzi Beltrami e Slama (Losanna HC) e confermano il giovane Crotti. I rossoneri sono al completo. Dimenticato Passerini, entrambe le squadre, attendono l&#8217;arrivo di tre italo-canadesi questa volta raccomandati da Leo Gasparini, ex AMDG e stimato allenatore nelle leghe minori nordamericane.<\/p>\n\n\n\n<div class=\"wp-block-image\"><figure class=\"aligncenter size-large is-resized\"><img loading=\"lazy\" decoding=\"async\" src=\"https:\/\/www.milanosiamonoi.com\/wp-content\/uploads\/2020\/07\/52.-01.09-Drn-M-3-2-rit.-III-CcdM.jpg\" alt=\"\" class=\"wp-image-721\" width=\"554\" height=\"531\" srcset=\"https:\/\/www.milanosiamonoi.com\/wp-content\/uploads\/2020\/07\/52.-01.09-Drn-M-3-2-rit.-III-CcdM.jpg 896w, https:\/\/www.milanosiamonoi.com\/wp-content\/uploads\/2020\/07\/52.-01.09-Drn-M-3-2-rit.-III-CcdM-300x287.jpg 300w, https:\/\/www.milanosiamonoi.com\/wp-content\/uploads\/2020\/07\/52.-01.09-Drn-M-3-2-rit.-III-CcdM-768x735.jpg 768w, https:\/\/www.milanosiamonoi.com\/wp-content\/uploads\/2020\/07\/52.-01.09-Drn-M-3-2-rit.-III-CcdM-100x96.jpg 100w, https:\/\/www.milanosiamonoi.com\/wp-content\/uploads\/2020\/07\/52.-01.09-Drn-M-3-2-rit.-III-CcdM-50x48.jpg 50w, https:\/\/www.milanosiamonoi.com\/wp-content\/uploads\/2020\/07\/52.-01.09-Drn-M-3-2-rit.-III-CcdM-25x25.jpg 25w, https:\/\/www.milanosiamonoi.com\/wp-content\/uploads\/2020\/07\/52.-01.09-Drn-M-3-2-rit.-III-CcdM-740x709.jpg 740w\" sizes=\"(max-width: 554px) 100vw, 554px\" \/><figcaption><em>Articolo da &#8220;La Gazzetta dello Sport&#8221;.<\/em><\/figcaption><\/figure><\/div>\n\n\n\n<p class=\"has-text-align-center\">Leo Gasparini ha mantenuto la promessa, il 12 gennaio atterrano con un volo da Montreal tre italo-canadesi: Decio Bartoli, Enrico Canapini ed Eddie Santi. I primi due vestiranno la maglia del Milano, Santi quella dei Diavoli. Subito sul ghiaccio del Piranesi con gli altri azzurri ed esordio immediato il 15 gennaio contro la Francia.<\/p>\n\n\n\n<div class=\"wp-block-image\"><figure class=\"aligncenter size-large is-resized\"><img loading=\"lazy\" decoding=\"async\" src=\"https:\/\/www.milanosiamonoi.com\/wp-content\/uploads\/2021\/06\/52.01.16.italia.jpg\" alt=\"\" class=\"wp-image-7658\" width=\"569\" height=\"274\" srcset=\"https:\/\/www.milanosiamonoi.com\/wp-content\/uploads\/2021\/06\/52.01.16.italia.jpg 800w, https:\/\/www.milanosiamonoi.com\/wp-content\/uploads\/2021\/06\/52.01.16.italia-300x144.jpg 300w, https:\/\/www.milanosiamonoi.com\/wp-content\/uploads\/2021\/06\/52.01.16.italia-768x370.jpg 768w, https:\/\/www.milanosiamonoi.com\/wp-content\/uploads\/2021\/06\/52.01.16.italia-100x48.jpg 100w, https:\/\/www.milanosiamonoi.com\/wp-content\/uploads\/2021\/06\/52.01.16.italia-50x24.jpg 50w, https:\/\/www.milanosiamonoi.com\/wp-content\/uploads\/2021\/06\/52.01.16.italia-25x12.jpg 25w, https:\/\/www.milanosiamonoi.com\/wp-content\/uploads\/2021\/06\/52.01.16.italia-740x356.jpg 740w\" sizes=\"(max-width: 569px) 100vw, 569px\" \/><figcaption><em>Da sinistra in piedi: Bartoli, Beltrami, Bulgheroni, Fardella<\/em>, <em>Bedogni<\/em>, <em>Bolla<\/em>,<em> Gerli, Santi. In prima fila: Federici, Canapini, Bucchetti, Innocenti, Crotti e Agazzi. Indossando i francesi la maglia blu, i nostri rientrano negli spogliatoi e tornano sul ghiaccio con la divisa dei Diavoli Rossoneri. <\/em><\/figcaption><\/figure><\/div>\n\n\n\n<div class=\"wp-block-image\"><figure class=\"aligncenter size-large\"><img loading=\"lazy\" decoding=\"async\" width=\"615\" height=\"619\" src=\"https:\/\/www.milanosiamonoi.com\/wp-content\/uploads\/2021\/06\/52.01.16-Ita-F-5-1-Corsera-senza-foto.jpg\" alt=\"\" class=\"wp-image-7615\" srcset=\"https:\/\/www.milanosiamonoi.com\/wp-content\/uploads\/2021\/06\/52.01.16-Ita-F-5-1-Corsera-senza-foto.jpg 615w, https:\/\/www.milanosiamonoi.com\/wp-content\/uploads\/2021\/06\/52.01.16-Ita-F-5-1-Corsera-senza-foto-298x300.jpg 298w, https:\/\/www.milanosiamonoi.com\/wp-content\/uploads\/2021\/06\/52.01.16-Ita-F-5-1-Corsera-senza-foto-150x150.jpg 150w, https:\/\/www.milanosiamonoi.com\/wp-content\/uploads\/2021\/06\/52.01.16-Ita-F-5-1-Corsera-senza-foto-100x100.jpg 100w, https:\/\/www.milanosiamonoi.com\/wp-content\/uploads\/2021\/06\/52.01.16-Ita-F-5-1-Corsera-senza-foto-50x50.jpg 50w, https:\/\/www.milanosiamonoi.com\/wp-content\/uploads\/2021\/06\/52.01.16-Ita-F-5-1-Corsera-senza-foto-25x25.jpg 25w, https:\/\/www.milanosiamonoi.com\/wp-content\/uploads\/2021\/06\/52.01.16-Ita-F-5-1-Corsera-senza-foto-90x90.jpg 90w\" sizes=\"(max-width: 615px) 100vw, 615px\" \/><figcaption><em>Articolo da &#8220;Il Corriere della Sera&#8221;.<\/em><\/figcaption><\/figure><\/div>\n\n\n\n<div class=\"wp-block-image\"><figure class=\"aligncenter size-large is-resized\"><img loading=\"lazy\" decoding=\"async\" src=\"https:\/\/www.milanosiamonoi.com\/wp-content\/uploads\/2021\/06\/52.01.16.ita_.fra_-1.jpg\" alt=\"\" class=\"wp-image-7659\" width=\"567\" height=\"322\" srcset=\"https:\/\/www.milanosiamonoi.com\/wp-content\/uploads\/2021\/06\/52.01.16.ita_.fra_-1.jpg 800w, https:\/\/www.milanosiamonoi.com\/wp-content\/uploads\/2021\/06\/52.01.16.ita_.fra_-1-300x171.jpg 300w, https:\/\/www.milanosiamonoi.com\/wp-content\/uploads\/2021\/06\/52.01.16.ita_.fra_-1-768x437.jpg 768w, https:\/\/www.milanosiamonoi.com\/wp-content\/uploads\/2021\/06\/52.01.16.ita_.fra_-1-100x57.jpg 100w, https:\/\/www.milanosiamonoi.com\/wp-content\/uploads\/2021\/06\/52.01.16.ita_.fra_-1-50x28.jpg 50w, https:\/\/www.milanosiamonoi.com\/wp-content\/uploads\/2021\/06\/52.01.16.ita_.fra_-1-25x14.jpg 25w, https:\/\/www.milanosiamonoi.com\/wp-content\/uploads\/2021\/06\/52.01.16.ita_.fra_-1-740x421.jpg 740w\" sizes=\"(max-width: 567px) 100vw, 567px\" \/><figcaption><em>Italia-Francia 5-1: Crotti e Bedogni<\/em> <em>impegnano Ranzoni (1).<\/em><\/figcaption><\/figure><\/div>\n\n\n\n<p class=\"has-text-align-center\">Milano Inter a Briga per preparare il retour match di Coppa citt\u00e0 di Milano; assenti Innocenti, Bulgheroni e Fardella. Vittima di una distorsione a un ginocchio con i vallesani si conclude la stagione di Ambrogio Abbasci\u00e0.<\/p>\n\n\n\n<figure class=\"wp-block-table aligncenter\"><table><tbody><tr><td><strong>Briga, 28 gennaio 1952 &#8211; Partita amichevole.<\/strong><\/td><\/tr><tr><td>Briga-Milano Inter 5-12 <\/td><\/tr><tr><td>Reti Milano Inter: Canapini (3), Gerli (3), Agazzi (2), Crotti (2), Bartoli e Matous.<\/td><\/tr><\/tbody><\/table><\/figure>\n\n\n\n<div class=\"wp-block-image\"><figure class=\"aligncenter size-large is-resized\"><img loading=\"lazy\" decoding=\"async\" src=\"https:\/\/www.milanosiamonoi.com\/wp-content\/uploads\/2020\/07\/52.01.30-Drn-M-7-2-III-CcdM-brai-modificato.jpg\" alt=\"\" class=\"wp-image-720\" width=\"534\" height=\"612\" srcset=\"https:\/\/www.milanosiamonoi.com\/wp-content\/uploads\/2020\/07\/52.01.30-Drn-M-7-2-III-CcdM-brai-modificato.jpg 740w, https:\/\/www.milanosiamonoi.com\/wp-content\/uploads\/2020\/07\/52.01.30-Drn-M-7-2-III-CcdM-brai-modificato-262x300.jpg 262w, https:\/\/www.milanosiamonoi.com\/wp-content\/uploads\/2020\/07\/52.01.30-Drn-M-7-2-III-CcdM-brai-modificato-87x100.jpg 87w, https:\/\/www.milanosiamonoi.com\/wp-content\/uploads\/2020\/07\/52.01.30-Drn-M-7-2-III-CcdM-brai-modificato-44x50.jpg 44w, https:\/\/www.milanosiamonoi.com\/wp-content\/uploads\/2020\/07\/52.01.30-Drn-M-7-2-III-CcdM-brai-modificato-22x25.jpg 22w\" sizes=\"(max-width: 534px) 100vw, 534px\" \/><figcaption><em>Articolo da &#8220;La Gazzetta dello Sport&#8221;.<\/em><\/figcaption><\/figure><\/div>\n\n\n\n<p class=\"has-text-align-center\">Nuova formula per il campionato. Le milanesi giocheranno solo il girone finale, le altre squadre vengono divise in due gironi da tre. Nella fase finale la prima in classifica di ogni gruppo andr\u00e0 ad aggiungersi a Milano Inter e Diavoli Rossoneri.  <\/p>\n\n\n\n<figure class=\"wp-block-table aligncenter\"><table><tbody><tr><td>Gruppo A: Auronzo 6 punti, Cortina 4, Ortisei 2.<\/td><\/tr><tr><td>Gruppo B: Asiago punti 8, Alleghe 4, Bolzano 0.<\/td><\/tr><tr><td><strong>Auronzo e Asiago alla fase finale.<\/strong><\/td><\/tr><\/tbody><\/table><\/figure>\n\n\n\n<p class=\"has-text-align-center\">Nel Gruppo B decisiva la sentenza della FIHG di annullare le gare del Bolzano per avere schierato l&#8217;austriaco Gustav Specht che aveva gi\u00e0 stipulato un regolare contratto con l&#8217;Alleghe. Il derby milanese si svolge a Milano, Asiago-Auronzo ad Asiago e le altre partite vengono disputate ad Auronzo. <\/p>\n\n\n\n<figure class=\"wp-block-table\"><table><tbody><tr><td>Milano, 5 febbraio 1952<\/td><td>Milano Inter-Diavoli Rossoneri<\/td><td>2-0 (1-0; 0-0; 1-0)<\/td><\/tr><tr><td>Asiago, 5 febbraio 1952<\/td><td>Asiago-Auronzo<\/td><td>2-6 (0-2; 1-2; 1-2)<\/td><\/tr><tr><td>Auronzo, 9 febbraio<\/td><td>Milano Inter-Asiago<\/td><td>13-1 <\/td><\/tr><tr><td><\/td><td>Auronzo-Diavoli Rossoneri<\/td><td>2-7 (0-1; 1-4; 1-2)<\/td><\/tr><tr><td>Auronzo, 10 febbraio<\/td><td>Auronzo-Milano Inter<\/td><td>1-4 (0-1; 0-2; 1-1)<\/td><\/tr><tr><td><\/td><td>Diavoli Rossoneri-Asiago<\/td><td>14-1 (5-1; 6-0; 3-0)<\/td><\/tr><\/tbody><\/table><\/figure>\n\n\n\n<p class=\"has-text-align-center\">Anteprima del derby di campionato caratterizzato dalla \u201cquestione\u201d Sandor Ott; l\u2019ungherese gioca stabilmente da cinque anni in Italia, per il regolamento internazionale deve essere considerato assimilato italiano e potrebbe giocare in campionato. La Federazione non d\u00e0 parere favorevole, confermando che in campionato gli stranieri ammessi sono due e i rossoneri hanno indicato Rowse e Brooks. I Diavoli accusano il presidente Enrico Calcaterra di parteggiare per il Milano, sua squadra d\u2019appartenenza ai tempi in cui giocava e chiedono un\u2019assemblea straordinaria. Calcaterra si dimette e il campionato non si ferma. Il 5 febbraio i Diavoli presentano Ott a referto, ma l\u2019ungherese resta in panchina per tutta la gara: tutti si aspettavano un suo ingresso in pista nel finale, quando i rossoneri devono tentare il tutto per tutto per rimontare la rete di Agazzi, ma la cosa non avviene. La partita \u00e8 stata molto equilibrata, la differenza l&#8217;hanno fatta i due uomini in pi\u00f9 che il Milano ha potuto mandare sul ghiaccio e quattro\/cinque parate di Bolla su tiri di Rowse e Brooks che restando quasi sempre in pista hanno finito con il logorarsi e perdere lucidit\u00e0. Ottima prova di Milan Matous in difesa, anche il ceco \u00e8 rimasto quasi sempre sul ghiaccio. Come secondo &#8220;straniero&#8221; i nerazzurri hanno preferito Canapini a Bartoli: la scelta si \u00e8 rivelata azzeccata.<\/p>\n\n\n\n<div class=\"wp-block-image\"><figure class=\"aligncenter size-large\"><img loading=\"lazy\" decoding=\"async\" width=\"330\" height=\"365\" src=\"https:\/\/www.milanosiamonoi.com\/wp-content\/uploads\/2021\/06\/52.02.05-A-M-Drn-2-0-corsera.png\" alt=\"\" class=\"wp-image-7625\" srcset=\"https:\/\/www.milanosiamonoi.com\/wp-content\/uploads\/2021\/06\/52.02.05-A-M-Drn-2-0-corsera.png 330w, https:\/\/www.milanosiamonoi.com\/wp-content\/uploads\/2021\/06\/52.02.05-A-M-Drn-2-0-corsera-271x300.png 271w, https:\/\/www.milanosiamonoi.com\/wp-content\/uploads\/2021\/06\/52.02.05-A-M-Drn-2-0-corsera-90x100.png 90w, https:\/\/www.milanosiamonoi.com\/wp-content\/uploads\/2021\/06\/52.02.05-A-M-Drn-2-0-corsera-45x50.png 45w, https:\/\/www.milanosiamonoi.com\/wp-content\/uploads\/2021\/06\/52.02.05-A-M-Drn-2-0-corsera-23x25.png 23w\" sizes=\"(max-width: 330px) 100vw, 330px\" \/><figcaption><em>Articolo da &#8220;Il Corriere della Sera&#8221;.<\/em><\/figcaption><\/figure><\/div>\n\n\n\n<p class=\"has-text-align-center\">Il torneo prosegue quattro giorni dopo ad Auronzo. I nerazzurri salgono in Cadore con la rosa ridotta all&#8217;osso, al lungodegente Abbasci\u00e0 si sono aggiunti Innocenti (sinovite) e Gerli (militare). Ai sette titolari rimasti si aggiunge Ignazio Dionisi che, oltre a partecipare a diversi allenamenti, aveva gi\u00e0 giocato a St. Moritz e Villars.<\/p>\n\n\n\n<figure class=\"wp-block-table\"><table><tbody><tr><td>Auronzo, 9 febbraio 1952 &#8211; Milano Inter-Asiago 13-1<\/td><\/tr><tr><td>Milano Inter: Bolla; Matous, Bulgheroni; Canapini, Mattavelli, Dionisi; Fardella, Agazzi.<\/td><\/tr><tr><td>Asiago: Cor\u00e0; A. Benetti, L. Bonetti; Gios; Scaggiari, Rigoni, Bonetti, S. Rigoni, Ambrosini.<\/td><\/tr><tr><td>Reti: non trovato nulla.<\/td><\/tr><\/tbody><\/table><\/figure>\n\n\n\n<p class=\"has-text-align-center\">Ultimo match con i padroni di casa, al Milano basta un punto, in caso di sconfitta a decidere sar\u00e0 il quoziente reti. L&#8217;Auronzo gioca con grande impegno e tiene testa ai favoriti rivali, ne scaturisce la partita pi\u00f9 interessante ed equilibrata del fine settimana. Ignazio Dionisi conquista ad Auronzo il decimo scudetto della sua lunga carriera (7 con il Milano, 2 con i Diavoli Rossoneri e 1 con l&#8217;AMDG).<\/p>\n\n\n\n<div class=\"wp-block-image\"><figure class=\"aligncenter size-large is-resized\"><img loading=\"lazy\" decoding=\"async\" src=\"https:\/\/www.milanosiamonoi.com\/wp-content\/uploads\/2021\/06\/52.02.10-A-M-Auro-4-1-e-fine-camp.-e1623166507191.jpg\" alt=\"\" class=\"wp-image-7626\" width=\"309\" height=\"558\"\/><figcaption><em>Articolo da &#8220;La Gazzetta dello Sport&#8221;. Notare un Milan-Inter che nascer\u00e0 solo tra qualche anno e il secondo parziale dei Diavoli che non \u00e8 6-3, ma in verit\u00e0 \u00e8 un 6-0.<\/em><\/figcaption><\/figure><\/div>\n\n\n\n<figure class=\"wp-block-video aligncenter\"><video controls src=\"https:\/\/www.milanosiamonoi.com\/wp-content\/uploads\/2021\/06\/Hockey-su-ghiaccio-ad-Auronzo.-Archivio-storico-Istituto-L.mp4\"><\/video><\/figure>\n\n\n\n<figure class=\"wp-block-table\"><table><tbody><tr><td class=\"has-text-align-center\" data-align=\"center\">Ruolo<\/td><td><strong>Giocatori schierati in campionato dal Milano Inter.<\/strong><\/td><\/tr><tr><td class=\"has-text-align-center\" data-align=\"center\">P<\/td><td>Vittorio Bolla.<\/td><\/tr><tr><td class=\"has-text-align-center\" data-align=\"center\">D<\/td><td>Giancarlo Bulgheroni, Enrico Galli, Milan Matous.<\/td><\/tr><tr><td class=\"has-text-align-center\" data-align=\"center\">A<\/td><td>Giancarlo Agazzi, Enrico Canapini, Ignazio Dionisi, Vincenzo Fardella, Umberto Gerli, Dino Innocenti, Luigi Mattavelli, <\/td><\/tr><\/tbody><\/table><\/figure>\n\n\n\n<p class=\"has-text-align-center\">In attesa dell&#8217;assemblea straordinaria della FIHG la Nazionale riprende il percorso che porter\u00e0 a Liegi. Con le vesti della rappresentativa milanese due partite a Losanna e Neuchatel. Non essendo disponibili Innocenti e Gerli gioca Matous. Pareggio a Losanna (7-7) e sconfitta a Neuchatel (2-6). L&#8217;unione rossonerazzurra si scinde subito per consentire l&#8217;allestimento di un nuovo derby e soprattutto procurare un nuovo ricco incasso. Con la pesante sconfitta nell&#8217;ultima derby il Milano Inter chiude la stagione.<\/p>\n\n\n\n<div class=\"wp-block-image\"><figure class=\"aligncenter size-large\"><img loading=\"lazy\" decoding=\"async\" width=\"471\" height=\"590\" src=\"https:\/\/www.milanosiamonoi.com\/wp-content\/uploads\/2021\/06\/52.02.26-Drn-M-13-3-brai-modificato.jpg\" alt=\"\" class=\"wp-image-7668\" srcset=\"https:\/\/www.milanosiamonoi.com\/wp-content\/uploads\/2021\/06\/52.02.26-Drn-M-13-3-brai-modificato.jpg 471w, https:\/\/www.milanosiamonoi.com\/wp-content\/uploads\/2021\/06\/52.02.26-Drn-M-13-3-brai-modificato-239x300.jpg 239w, https:\/\/www.milanosiamonoi.com\/wp-content\/uploads\/2021\/06\/52.02.26-Drn-M-13-3-brai-modificato-80x100.jpg 80w, https:\/\/www.milanosiamonoi.com\/wp-content\/uploads\/2021\/06\/52.02.26-Drn-M-13-3-brai-modificato-40x50.jpg 40w, https:\/\/www.milanosiamonoi.com\/wp-content\/uploads\/2021\/06\/52.02.26-Drn-M-13-3-brai-modificato-20x25.jpg 20w\" sizes=\"(max-width: 471px) 100vw, 471px\" \/><figcaption>Articolo da &#8220;La Gazzetta dello Sport&#8221;<\/figcaption><\/figure><\/div>\n\n\n\n<figure class=\"wp-block-table aligncenter\"><table><tbody><tr><td><strong>Classifica marcatori stagionali del Milano Inter.<\/strong><\/td><td class=\"has-text-align-center\" data-align=\"center\">Reti<\/td><\/tr><tr><td>Giancarlo Agazzi (11 presenze)<\/td><td class=\"has-text-align-center\" data-align=\"center\">11<\/td><\/tr><tr><td>Umberto Gerli (9)<\/td><td class=\"has-text-align-center\" data-align=\"center\">10<\/td><\/tr><tr><td>Enrico Canapini (6) e Giancarlo Bulgheroni (10)<\/td><td class=\"has-text-align-center\" data-align=\"center\">5<\/td><\/tr><tr><td>Milan Matous (11)<\/td><td class=\"has-text-align-center\" data-align=\"center\">4<\/td><\/tr><tr><td>Tino Crotti (4) e Vincenzo Fardella (9)<\/td><td class=\"has-text-align-center\" data-align=\"center\">3<\/td><\/tr><tr><td>Dino Innocenti (7), Ambrogio Abbasci\u00e0 (2), Decio Bartoli (3) e Guerrino Beltrani (1)<\/td><td class=\"has-text-align-center\" data-align=\"center\">1<\/td><\/tr><tr><td>Mancano i marcatori delle partite con Asiago e Torneo di Villars.<\/td><td class=\"has-text-align-center\" data-align=\"center\">21<\/td><\/tr><\/tbody><\/table><\/figure>\n\n\n\n<div class=\"wp-block-image\"><figure class=\"aligncenter size-large\"><img loading=\"lazy\" decoding=\"async\" width=\"510\" height=\"510\" src=\"https:\/\/www.milanosiamonoi.com\/wp-content\/uploads\/2021\/06\/52.02.28-rielez.-Calcaterra-rad.jpg\" alt=\"\" class=\"wp-image-7673\" srcset=\"https:\/\/www.milanosiamonoi.com\/wp-content\/uploads\/2021\/06\/52.02.28-rielez.-Calcaterra-rad.jpg 510w, https:\/\/www.milanosiamonoi.com\/wp-content\/uploads\/2021\/06\/52.02.28-rielez.-Calcaterra-rad-300x300.jpg 300w, https:\/\/www.milanosiamonoi.com\/wp-content\/uploads\/2021\/06\/52.02.28-rielez.-Calcaterra-rad-150x150.jpg 150w, https:\/\/www.milanosiamonoi.com\/wp-content\/uploads\/2021\/06\/52.02.28-rielez.-Calcaterra-rad-100x100.jpg 100w, https:\/\/www.milanosiamonoi.com\/wp-content\/uploads\/2021\/06\/52.02.28-rielez.-Calcaterra-rad-50x50.jpg 50w, https:\/\/www.milanosiamonoi.com\/wp-content\/uploads\/2021\/06\/52.02.28-rielez.-Calcaterra-rad-25x25.jpg 25w, https:\/\/www.milanosiamonoi.com\/wp-content\/uploads\/2021\/06\/52.02.28-rielez.-Calcaterra-rad-90x90.jpg 90w\" sizes=\"(max-width: 510px) 100vw, 510px\" \/><figcaption><em>Articolo da &#8220;La Gazzetta dello Sport&#8221;.<\/em><\/figcaption><\/figure><\/div>\n\n\n\n<div class=\"wp-block-image\"><figure class=\"aligncenter size-large\"><img loading=\"lazy\" decoding=\"async\" width=\"452\" height=\"496\" src=\"https:\/\/www.milanosiamonoi.com\/wp-content\/uploads\/2021\/06\/52.03.02-Ita-SviB-3-1.jpg\" alt=\"\" class=\"wp-image-7676\" srcset=\"https:\/\/www.milanosiamonoi.com\/wp-content\/uploads\/2021\/06\/52.03.02-Ita-SviB-3-1.jpg 452w, https:\/\/www.milanosiamonoi.com\/wp-content\/uploads\/2021\/06\/52.03.02-Ita-SviB-3-1-273x300.jpg 273w, https:\/\/www.milanosiamonoi.com\/wp-content\/uploads\/2021\/06\/52.03.02-Ita-SviB-3-1-91x100.jpg 91w, https:\/\/www.milanosiamonoi.com\/wp-content\/uploads\/2021\/06\/52.03.02-Ita-SviB-3-1-46x50.jpg 46w, https:\/\/www.milanosiamonoi.com\/wp-content\/uploads\/2021\/06\/52.03.02-Ita-SviB-3-1-23x25.jpg 23w\" sizes=\"(max-width: 452px) 100vw, 452px\" \/><figcaption><em>Articolo da &#8220;La Gazzetta dello Sport&#8221;.<\/em><\/figcaption><\/figure><\/div>\n\n\n\n<div class=\"wp-block-image\"><figure class=\"aligncenter size-large is-resized\"><img loading=\"lazy\" decoding=\"async\" src=\"https:\/\/www.milanosiamonoi.com\/wp-content\/uploads\/2021\/06\/52.03.02-foto-Ita-SviB-3-1.jpg\" alt=\"\" class=\"wp-image-7677\" width=\"568\" height=\"322\" srcset=\"https:\/\/www.milanosiamonoi.com\/wp-content\/uploads\/2021\/06\/52.03.02-foto-Ita-SviB-3-1.jpg 800w, https:\/\/www.milanosiamonoi.com\/wp-content\/uploads\/2021\/06\/52.03.02-foto-Ita-SviB-3-1-300x171.jpg 300w, https:\/\/www.milanosiamonoi.com\/wp-content\/uploads\/2021\/06\/52.03.02-foto-Ita-SviB-3-1-768x437.jpg 768w, https:\/\/www.milanosiamonoi.com\/wp-content\/uploads\/2021\/06\/52.03.02-foto-Ita-SviB-3-1-100x57.jpg 100w, https:\/\/www.milanosiamonoi.com\/wp-content\/uploads\/2021\/06\/52.03.02-foto-Ita-SviB-3-1-50x28.jpg 50w, https:\/\/www.milanosiamonoi.com\/wp-content\/uploads\/2021\/06\/52.03.02-foto-Ita-SviB-3-1-25x14.jpg 25w, https:\/\/www.milanosiamonoi.com\/wp-content\/uploads\/2021\/06\/52.03.02-foto-Ita-SviB-3-1-740x421.jpg 740w\" sizes=\"(max-width: 568px) 100vw, 568px\" \/><figcaption><em>Italia-Svizzera B 3-1; da sinistra Wenger, Canapini e il portiere elvetico Petrocchi.<\/em><\/figcaption><\/figure><\/div>\n\n\n\n<p class=\"has-text-align-center\">Edmonton Mercurys a Milano per tre impegni. La prima \u00e8 un Italia-Canada ufficiale, la seconda con i Diavoli Rossoneri e la terza con gli stranieri delle milanesi. I canadesi hanno appena vinto l&#8217;ennesimo titolo olimpico e  stravincono tutte le partite.<\/p>\n\n\n\n<figure class=\"wp-block-table\"><table><tbody><tr><td><strong>Milano, 11 marzi 1952 &#8211; Partita amichevole.<\/strong><\/td><\/tr><tr><td>Italia-Canada 0-8 (0-4; 0-2; 0-2)<\/td><\/tr><tr><td>Italia: Bolla; Innocenti, Bulgheroni; Bucchetti, Santi; Crotti, Canapini, Fardella; Agazzi, Federici, Bedogni; Gerli, Bartoli.<\/td><\/tr><tr><td>Canada: Hansch; Purvis, Meyers; Davies, Gauf; Abel, Watt, Dawe; Robertson, Gibson, Dickson; Holmes.<\/td><\/tr><tr><td>Reti: 1\u00b0t. <em>0&#8217;45&#8221; Abel, 7&#8242; Robertson, 13&#8242; Abel, 15&#8242; Gibson.<\/em> 2\u00b0t. <em>2&#8242; Abel, 16&#8242; Gibson.<\/em> 3\u00b0t. <em>10&#8242; Watt, 16&#8242; Dickson.<\/em><\/td><\/tr><tr><td>Arbitri: Galetti (Italia) e Paterson (Canada).<\/td><\/tr><\/tbody><\/table><\/figure>\n\n\n\n<div class=\"wp-block-image\"><figure class=\"aligncenter size-large is-resized\"><img loading=\"lazy\" decoding=\"async\" src=\"https:\/\/www.milanosiamonoi.com\/wp-content\/uploads\/2021\/06\/52.03.20.ita_.can_.jpg\" alt=\"\" class=\"wp-image-7656\" width=\"561\" height=\"318\" srcset=\"https:\/\/www.milanosiamonoi.com\/wp-content\/uploads\/2021\/06\/52.03.20.ita_.can_.jpg 800w, https:\/\/www.milanosiamonoi.com\/wp-content\/uploads\/2021\/06\/52.03.20.ita_.can_-300x171.jpg 300w, https:\/\/www.milanosiamonoi.com\/wp-content\/uploads\/2021\/06\/52.03.20.ita_.can_-768x437.jpg 768w, https:\/\/www.milanosiamonoi.com\/wp-content\/uploads\/2021\/06\/52.03.20.ita_.can_-100x57.jpg 100w, https:\/\/www.milanosiamonoi.com\/wp-content\/uploads\/2021\/06\/52.03.20.ita_.can_-50x28.jpg 50w, https:\/\/www.milanosiamonoi.com\/wp-content\/uploads\/2021\/06\/52.03.20.ita_.can_-25x14.jpg 25w, https:\/\/www.milanosiamonoi.com\/wp-content\/uploads\/2021\/06\/52.03.20.ita_.can_-740x421.jpg 740w\" sizes=\"(max-width: 561px) 100vw, 561px\" \/><figcaption><em>Da sinistra: Bucchetti, Fardella, Bolla (0) e Santi guardano con sgomento il disco che finisce in rete.<\/em> <em>Sulla destra i canadesi Watt e Abel.<\/em><\/figcaption><\/figure><\/div>\n\n\n\n<p class=\"has-text-align-center\">Nella partita con gli azzurri, spettatori inferiori alle attese. I Mercurys, oltre al consueto repertorio di bravura, hanno impressionato per la stazza fisica. Il migliore dei nostri \u00e8 stato Agazzi, anche perch\u00e9 era il solo in possesso di un fisico pari a quello degli avversari. Pubblico molto pi\u00f9 numeroso nelle altre due serate, quando i canadesi hanno fatto di meglio superando i Diavoli Rossoneri per 11-1 e gli stranieri per 10-0. Il Milano aveva rinunciato alla sfida per preservare il blocco dei nazionali in partenza per Liegi. Problemi per Santi contuso a una caviglia e per Fardella; per impegni di lavoro raggiunger\u00e0 il Belgio solo per le ultime due partite. La rosa include il sempre pi\u00f9 promettente Tino Crotti ancora in forza all&#8217;Amatori, ma gi\u00e0 prenotato dal Milano Inter del futuro. <\/p>\n\n\n\n<figure class=\"wp-block-table aligncenter\"><table><tbody><tr><td><strong>Liegi<\/strong><\/td><td><strong>Criterium d&#8217;Europa del 1952.<\/strong><\/td><td>Risultato<\/td><\/tr><tr><td>16 marzo<\/td><td>Belgio-Italia<\/td><td>1-3 (0-0; 0-2; 1-1)<\/td><\/tr><tr><td>17 marzo<\/td><td>Austria-Italia<\/td><td>5-1 (1-1; 0-0; 4-0)<\/td><\/tr><tr><td>19 marzo<\/td><td>Italia-Olanda<\/td><td>5-3 (1-2; 1-0; 3-1)<\/td><\/tr><tr><td>21 marzo<\/td><td>Italia-Francia<\/td><td>14-5 (4-1; 5-1; 5-3)<\/td><\/tr><tr><td>22 marzo<\/td><td>Gran Bretagna-Italia<\/td><td>7-3 (2-1; 2-1; 3-1)<\/td><\/tr><\/tbody><\/table><\/figure>\n\n\n\n<figure class=\"wp-block-table\"><table><tbody><tr><td class=\"has-text-align-center\" data-align=\"center\">Ruolo<\/td><td><strong>Gli azzurri al Criterium d&#8217;Europa di Liegi.<\/strong><\/td><\/tr><tr><td class=\"has-text-align-center\" data-align=\"center\">P<\/td><td>Vittorio Bolla (Milano Inter), Franco Bollani (DRN).<\/td><\/tr><tr><td class=\"has-text-align-center\" data-align=\"center\">D<\/td><td>Dino Innocenti (C) e Giancarlo Bulgheroni (Milano Inter). Eddie Santi e Giancarlo Bucchetti (DRN).<\/td><\/tr><tr><td class=\"has-text-align-center\" data-align=\"center\">A<\/td><td>Giancarlo Agazzi, Decio Bartoli, Enrico Canapini, Vincenzo Fardella e Umberto Gerli (Milano Inter), Aldo Federici e Mario Bedogni (DRN), Tino Crotti (Amatori Milano).<\/td><\/tr><tr><td class=\"has-text-align-center\" data-align=\"center\">CT<\/td><td>Gino Bestagini e Franco Rossi.<\/td><\/tr><\/tbody><\/table><\/figure>\n\n\n\n<div class=\"wp-block-image\"><figure class=\"aligncenter size-large is-resized\"><img loading=\"lazy\" decoding=\"async\" src=\"https:\/\/www.milanosiamonoi.com\/wp-content\/uploads\/2021\/06\/52.03.22-Italia-in-Belgio.jpg\" alt=\"\" class=\"wp-image-7703\" width=\"574\" height=\"402\" srcset=\"https:\/\/www.milanosiamonoi.com\/wp-content\/uploads\/2021\/06\/52.03.22-Italia-in-Belgio.jpg 660w, https:\/\/www.milanosiamonoi.com\/wp-content\/uploads\/2021\/06\/52.03.22-Italia-in-Belgio-300x210.jpg 300w, https:\/\/www.milanosiamonoi.com\/wp-content\/uploads\/2021\/06\/52.03.22-Italia-in-Belgio-100x70.jpg 100w, https:\/\/www.milanosiamonoi.com\/wp-content\/uploads\/2021\/06\/52.03.22-Italia-in-Belgio-50x35.jpg 50w, https:\/\/www.milanosiamonoi.com\/wp-content\/uploads\/2021\/06\/52.03.22-Italia-in-Belgio-25x18.jpg 25w\" sizes=\"(max-width: 574px) 100vw, 574px\" \/><figcaption><em>Da sinistra in piedi: Innocenti, Santi, Bartoli, Bulgheroni, Bedogni, Gerli, Fardella. In prima fila: Federici, Canapini, Crotti, Bollani, Bolla, Agazzi e Bucchetti.<\/em><\/figcaption><\/figure><\/div>\n\n\n\n<figure class=\"wp-block-table aligncenter\"><table><tbody><tr><td><strong>Classifica marcatori azzurri al II Criterium d&#8217;Europa.<\/strong><\/td><td class=\"has-text-align-center\" data-align=\"center\">Reti<\/td><\/tr><tr><td>Aldo Federici<\/td><td class=\"has-text-align-center\" data-align=\"center\">8<\/td><\/tr><tr><td>Dino Innocenti<\/td><td class=\"has-text-align-center\" data-align=\"center\">7<\/td><\/tr><tr><td>Enrico Canapini<\/td><td class=\"has-text-align-center\" data-align=\"center\">4<\/td><\/tr><tr><td>Umberto Gerli<\/td><td class=\"has-text-align-center\" data-align=\"center\">3<\/td><\/tr><tr><td>Giancarlo Bucchetti, Decio Bartoli, Tino Crotti ed Eddie Santi<\/td><td class=\"has-text-align-center\" data-align=\"center\">1<\/td><\/tr><\/tbody><\/table><\/figure>\n\n\n\n<figure class=\"wp-block-table aligncenter\"><table><tbody><tr><td><strong>Classifica finale del II Criterium d&#8217;Europa.<\/strong><\/td><\/tr><tr><td>Gran Bretagna punti 8, Austria 7, Italia 6, Olanda, Belgio e Francia 3.<\/td><\/tr><\/tbody><\/table><\/figure>\n\n\n\n<p class=\"has-text-align-center\">Con il Criterium cala il sipario hockeistico nazionale. Italia in lotta per la vittoria fino all&#8217;ultima partita, la sconfitta nell&#8217;ultima gara significa terzo posto, ma per via del quoziente reti per sopravanzare britannici e austriaci non sarebbe bastato nemmeno il pareggio. Nel corso della stagione il Milano ha disputato solo tredici incontri e gli italo-canadesi non si possono ingaggiare per cos\u00ec poche partite. La negativa esperienza di affidarsi a un soggetto non del mestiere servir\u00e0 anche alla FIHG per modificare strategia nelle stagioni a venire. Nel panorama hockeistico italiano splende il talento del giovanissimo Tino Crotti, le sue sorprendenti prestazioni con il Milano Inter e con la Nazionale destano meraviglia: tutti convinti di avere a che fare con un campione di cui si parler\u00e0 a lungo.<\/p>\n\n\n\n<figure class=\"wp-block-table\"><table><tbody><tr><td><strong><a href=\"https:\/\/www.milanosiamonoi.com\/index.php\/campionati\/dal-1950-al-1959-anni-doro\/1950-1951\/\">stagione precedente<\/a><\/strong><\/td><td class=\"has-text-align-right\" data-align=\"right\"><strong><a href=\"https:\/\/www.milanosiamonoi.com\/index.php\/campionati\/dal-1950-al-1959-anni-doro\/1952-1953\/\">stagione successiva<\/a><\/strong><\/td><\/tr><\/tbody><\/table><\/figure>\n\n\n\n<figure class=\"wp-block-table\"><table><tbody><tr><td class=\"has-text-align-center\" data-align=\"center\"><strong><a href=\"https:\/\/www.milanosiamonoi.com\/index.php\/campionati\/dal-1950-al-1959-anni-doro\/1951-1952-drn\/\">Diavoli Rossoneri<\/a><\/strong><\/td><\/tr><\/tbody><\/table><\/figure>\n\n\n\n<figure class=\"wp-block-table\"><table><tbody><tr><td class=\"has-text-align-center\" data-align=\"center\"><strong><a href=\"https:\/\/www.milanosiamonoi.com\/index.php\/campionati\/dal-1950-al-1959-anni-doro\/1951-1952-amatori-mi-e-bocconi\/\">Amatori Milano e Bocconi Milano<\/a><\/strong><\/td><\/tr><\/tbody><\/table><\/figure>\n\n\n\n<p><\/p>\n","protected":false},"excerpt":{"rendered":"<p>Presidente onorario Alberto Bonacossa Presidente Mario Masseroni Allenatore Milan Matous Ruolo Giocatori con almeno una presenza in prima squadra. P Vittorio Bolla D Ambrogio Abbasci\u00e0,&#8230;<\/p>\n","protected":false},"author":2,"featured_media":0,"parent":1469,"menu_order":6,"comment_status":"closed","ping_status":"closed","template":"","meta":{"spay_email":"","footnotes":""},"_links":{"self":[{"href":"https:\/\/www.milanosiamonoi.com\/index.php\/wp-json\/wp\/v2\/pages\/7554"}],"collection":[{"href":"https:\/\/www.milanosiamonoi.com\/index.php\/wp-json\/wp\/v2\/pages"}],"about":[{"href":"https:\/\/www.milanosiamonoi.com\/index.php\/wp-json\/wp\/v2\/types\/page"}],"author":[{"embeddable":true,"href":"https:\/\/www.milanosiamonoi.com\/index.php\/wp-json\/wp\/v2\/users\/2"}],"replies":[{"embeddable":true,"href":"https:\/\/www.milanosiamonoi.com\/index.php\/wp-json\/wp\/v2\/comments?post=7554"}],"version-history":[{"count":154,"href":"https:\/\/www.milanosiamonoi.com\/index.php\/wp-json\/wp\/v2\/pages\/7554\/revisions"}],"predecessor-version":[{"id":20218,"href":"https:\/\/www.milanosiamonoi.com\/index.php\/wp-json\/wp\/v2\/pages\/7554\/revisions\/20218"}],"up":[{"embeddable":true,"href":"https:\/\/www.milanosiamonoi.com\/index.php\/wp-json\/wp\/v2\/pages\/1469"}],"wp:attachment":[{"href":"https:\/\/www.milanosiamonoi.com\/index.php\/wp-json\/wp\/v2\/media?parent=7554"}],"curies":[{"name":"wp","href":"https:\/\/api.w.org\/{rel}","templated":true}]}}