{"id":7329,"date":"2021-06-01T16:53:48","date_gmt":"2021-06-01T16:53:48","guid":{"rendered":"http:\/\/milanosiamonoi.com\/?page_id=7329"},"modified":"2022-09-03T19:10:02","modified_gmt":"2022-09-03T19:10:02","slug":"1950-1951-drn","status":"publish","type":"page","link":"https:\/\/www.milanosiamonoi.com\/index.php\/campionati\/dal-1950-al-1959-anni-doro\/1950-1951-drn\/","title":{"rendered":"1950\/1951 DRN"},"content":{"rendered":"\n<div class=\"wp-block-image\"><figure class=\"aligncenter size-large\"><img loading=\"lazy\" decoding=\"async\" width=\"300\" height=\"300\" src=\"https:\/\/www.milanosiamonoi.com\/wp-content\/uploads\/2021\/03\/logo-drn-48b.jpg\" alt=\"\" class=\"wp-image-5567\" srcset=\"https:\/\/www.milanosiamonoi.com\/wp-content\/uploads\/2021\/03\/logo-drn-48b.jpg 300w, https:\/\/www.milanosiamonoi.com\/wp-content\/uploads\/2021\/03\/logo-drn-48b-150x150.jpg 150w, https:\/\/www.milanosiamonoi.com\/wp-content\/uploads\/2021\/03\/logo-drn-48b-100x100.jpg 100w, https:\/\/www.milanosiamonoi.com\/wp-content\/uploads\/2021\/03\/logo-drn-48b-50x50.jpg 50w, https:\/\/www.milanosiamonoi.com\/wp-content\/uploads\/2021\/03\/logo-drn-48b-25x25.jpg 25w, https:\/\/www.milanosiamonoi.com\/wp-content\/uploads\/2021\/03\/logo-drn-48b-90x90.jpg 90w\" sizes=\"(max-width: 300px) 100vw, 300px\" \/><\/figure><\/div>\n\n\n\n<figure class=\"wp-block-table aligncenter\"><table><tbody><tr><td>Presidente<\/td><td>Edoardo Moos<\/td><\/tr><tr><td>Allenatore<\/td><td>Luigi Bestagini<\/td><\/tr><\/tbody><\/table><\/figure>\n\n\n\n<figure class=\"wp-block-table\"><table><tbody><tr><td class=\"has-text-align-center\" data-align=\"center\">Ruolo<\/td><td>Giocatori con almeno una presenza in prima squadra.<\/td><\/tr><tr><td class=\"has-text-align-center\" data-align=\"center\">P<\/td><td>Giuseppe Brenna, Antonio Fresia (C).<\/td><\/tr><tr><td class=\"has-text-align-center\" data-align=\"center\">D<\/td><td>Stuart Beaulne, Gino Bestagini, Mario Maiocchi, Sandor Ott, Franz Potucek, Carlo Rizzi.<\/td><\/tr><tr><td class=\"has-text-align-center\" data-align=\"center\">A<\/td><td>Ambrogio Abbasci\u00e0, Mario Bedogni, Ernie Domenico, Aldo Federici, Andr\u00e9 Girard, Orville Martini, Luigi Mattavelli, Jerry Rowse.<\/td><\/tr><tr><td class=\"has-text-align-center\" data-align=\"center\">Rinforzo<\/td><td>Alfred Huber (Wiener EV).<\/td><\/tr><\/tbody><\/table><\/figure>\n\n\n\n<div class=\"wp-block-image\"><figure class=\"aligncenter size-large is-resized\"><img loading=\"lazy\" decoding=\"async\" src=\"https:\/\/www.milanosiamonoi.com\/wp-content\/uploads\/2021\/05\/50.moss_.perez_.fresia.jpg\" alt=\"\" class=\"wp-image-7325\" width=\"490\" height=\"327\" srcset=\"https:\/\/www.milanosiamonoi.com\/wp-content\/uploads\/2021\/05\/50.moss_.perez_.fresia.jpg 800w, https:\/\/www.milanosiamonoi.com\/wp-content\/uploads\/2021\/05\/50.moss_.perez_.fresia-300x200.jpg 300w, https:\/\/www.milanosiamonoi.com\/wp-content\/uploads\/2021\/05\/50.moss_.perez_.fresia-768x512.jpg 768w, https:\/\/www.milanosiamonoi.com\/wp-content\/uploads\/2021\/05\/50.moss_.perez_.fresia-100x67.jpg 100w, https:\/\/www.milanosiamonoi.com\/wp-content\/uploads\/2021\/05\/50.moss_.perez_.fresia-50x33.jpg 50w, https:\/\/www.milanosiamonoi.com\/wp-content\/uploads\/2021\/05\/50.moss_.perez_.fresia-25x17.jpg 25w, https:\/\/www.milanosiamonoi.com\/wp-content\/uploads\/2021\/05\/50.moss_.perez_.fresia-740x493.jpg 740w\" sizes=\"(max-width: 490px) 100vw, 490px\" \/><figcaption><em>Vertici DRN; da sinistra: Moos, Perez, Vittorio Fresia e Flores.<\/em> (Epoca)<\/figcaption><\/figure><\/div>\n\n\n\n<p class=\"has-text-align-center\">Il 6 novembre presentazione della squadra: banchetto sociale alla presenza di giornalisti e dirigenti del Milan AC. Lo svizzero Edoardo Moos, da quarant&#8217;anni in Italia e proprietario di un albergo in citt\u00e0 \u00e8 il nuovo presidente del club. Lo staff dirigenziale \u00e8 composto da Perez e Corradi. Completamente abbandonata l&#8217;idea di rinforzare la squadra con giocatori mitteleuropei, sono stati ingaggiati cinque canadesi: Stuart Beaulne, Ernie Domenico, Orville Martini, Andr\u00e9 Girard e Jerry Rowse. Gli ultimi due avevano impressionato gli addetti ai lavori indossando la maglia dall&#8217;Amatori in un paio di match sul finire della scorsa stagione. Tornano in rossonero Aldo Federici e Mario Maiocchi, mentre \u00e8 stato solo sfiorato il ritorno di Bucchetti. Il forte difensore aveva firmato sia per il Milano che per i Diavoli, la Federazione convalider\u00e0 il cartellino del Milano. Bolla e Zerbi hanno invece preferito lasciare la squadra in cui erano cresciuti e si sono accasati al Milano da poco entrato nell&#8217;orbita del FC  Internazionale. Conduzione tecnica affidata in toto a Gino Bestagini, supportato come sempre da Augusto Gerosa. Gli uffici della sede del club si trovano nell&#8217;albergo di propriet\u00e0 del presidente Moos che nel corso della serata ha dichiarato l&#8217;intento, sulla scia di quelli in costruzione a Torino e Cortina, di lavorare per dare a Milano un nuovo Palazzo del ghiaccio. <\/p>\n\n\n\n<div class=\"wp-block-image\"><figure class=\"aligncenter size-large\"><img loading=\"lazy\" decoding=\"async\" width=\"572\" height=\"352\" src=\"https:\/\/www.milanosiamonoi.com\/wp-content\/uploads\/2021\/05\/50.12-foto-DRN-tagliata-BB.jpg\" alt=\"\" class=\"wp-image-7342\" srcset=\"https:\/\/www.milanosiamonoi.com\/wp-content\/uploads\/2021\/05\/50.12-foto-DRN-tagliata-BB.jpg 572w, https:\/\/www.milanosiamonoi.com\/wp-content\/uploads\/2021\/05\/50.12-foto-DRN-tagliata-BB-300x185.jpg 300w, https:\/\/www.milanosiamonoi.com\/wp-content\/uploads\/2021\/05\/50.12-foto-DRN-tagliata-BB-100x62.jpg 100w, https:\/\/www.milanosiamonoi.com\/wp-content\/uploads\/2021\/05\/50.12-foto-DRN-tagliata-BB-50x31.jpg 50w, https:\/\/www.milanosiamonoi.com\/wp-content\/uploads\/2021\/05\/50.12-foto-DRN-tagliata-BB-25x15.jpg 25w\" sizes=\"(max-width: 572px) 100vw, 572px\" \/><figcaption><em>Da sinistra in piedi: Martini, Bedogni, Maiocchi, Mattavelli, Rowse, Beaulne. Accosciati: Ott, Girard, Fresia, Domenico, Federici.<\/em><\/figcaption><\/figure><\/div>\n\n\n\n<div class=\"wp-block-image\"><figure class=\"aligncenter size-large\"><img loading=\"lazy\" decoding=\"async\" width=\"380\" height=\"535\" src=\"https:\/\/www.milanosiamonoi.com\/wp-content\/uploads\/2021\/05\/50.11.11-Drn-Ne-YS-11-5.jpg\" alt=\"\" class=\"wp-image-7343\" srcset=\"https:\/\/www.milanosiamonoi.com\/wp-content\/uploads\/2021\/05\/50.11.11-Drn-Ne-YS-11-5.jpg 380w, https:\/\/www.milanosiamonoi.com\/wp-content\/uploads\/2021\/05\/50.11.11-Drn-Ne-YS-11-5-213x300.jpg 213w, https:\/\/www.milanosiamonoi.com\/wp-content\/uploads\/2021\/05\/50.11.11-Drn-Ne-YS-11-5-71x100.jpg 71w, https:\/\/www.milanosiamonoi.com\/wp-content\/uploads\/2021\/05\/50.11.11-Drn-Ne-YS-11-5-36x50.jpg 36w, https:\/\/www.milanosiamonoi.com\/wp-content\/uploads\/2021\/05\/50.11.11-Drn-Ne-YS-11-5-18x25.jpg 18w\" sizes=\"(max-width: 380px) 100vw, 380px\" \/><figcaption><em>Articolo da &#8220;La Gazzetta dello Sport&#8221;.<\/em><\/figcaption><\/figure><\/div>\n\n\n\n<figure class=\"wp-block-table aligncenter\"><table><tbody><tr><td class=\"has-text-align-center\" data-align=\"center\"><strong>1950<\/strong><\/td><td class=\"has-text-align-center\" data-align=\"center\"><strong>Coppa citt\u00e0 di Basilea<\/strong> &#8211; <strong>Semifinali<\/strong><\/td><td class=\"has-text-align-center\" data-align=\"center\">Risultato<\/td><\/tr><tr><td class=\"has-text-align-center\" data-align=\"center\">18 novembre<\/td><td class=\"has-text-align-center\" data-align=\"center\">Basilea-Diavoli Rossoneri<\/td><td class=\"has-text-align-center\" data-align=\"center\">3-11 (1-2; 1-6; 1-3)<\/td><\/tr><tr><td class=\"has-text-align-center\" data-align=\"center\"><\/td><td class=\"has-text-align-center\" data-align=\"center\">Losanna-SC Berna<\/td><td class=\"has-text-align-center\" data-align=\"center\">8-4 (3-0; 3-1; 2-3)<\/td><\/tr><tr><td class=\"has-text-align-center\" data-align=\"center\"><\/td><td class=\"has-text-align-center\" data-align=\"center\"><strong>Finale 3\u00b0 posto<\/strong><\/td><td class=\"has-text-align-center\" data-align=\"center\"><\/td><\/tr><tr><td class=\"has-text-align-center\" data-align=\"center\">19 nocembre<\/td><td class=\"has-text-align-center\" data-align=\"center\">Basilea-SC Berna<\/td><td class=\"has-text-align-center\" data-align=\"center\">6-4 (1-1: 2-0; 3-3)<\/td><\/tr><tr><td class=\"has-text-align-center\" data-align=\"center\"><\/td><td class=\"has-text-align-center\" data-align=\"center\"><strong>Finale 1\u00b0 posto<\/strong><\/td><td class=\"has-text-align-center\" data-align=\"center\"><\/td><\/tr><tr><td class=\"has-text-align-center\" data-align=\"center\"><\/td><td class=\"has-text-align-center\" data-align=\"center\">Diavoli Rossoneri-Losanna<\/td><td class=\"has-text-align-center\" data-align=\"center\">4-2 (2-1; 1-1; 1-0)<\/td><\/tr><\/tbody><\/table><\/figure>\n\n\n\n<p class=\"has-text-align-center\">Splendida vittoria nel torneo di Basilea. Domenico. Girard e Martini incontenibili, per il &#8220;Basler Nachrichten&#8221;, escludendo le squadre britannche,   la linea offensiva pi\u00f9 forte d&#8217;Europa. Nella finale da entrambe le parti non sono mancati i colpi bassi, a farne le spese Girard ferito al sopracciglio e colpito a un ginocchio, se ne occuper\u00e0 il dottor Veneroni medico del Milan.<\/p>\n\n\n\n<div class=\"wp-block-image\"><figure class=\"aligncenter size-large is-resized\"><img loading=\"lazy\" decoding=\"async\" src=\"https:\/\/www.milanosiamonoi.com\/wp-content\/uploads\/2021\/05\/50.girard.martini.domenico.epoca_.jpg\" alt=\"\" class=\"wp-image-7324\" width=\"541\" height=\"307\" srcset=\"https:\/\/www.milanosiamonoi.com\/wp-content\/uploads\/2021\/05\/50.girard.martini.domenico.epoca_.jpg 800w, https:\/\/www.milanosiamonoi.com\/wp-content\/uploads\/2021\/05\/50.girard.martini.domenico.epoca_-300x171.jpg 300w, https:\/\/www.milanosiamonoi.com\/wp-content\/uploads\/2021\/05\/50.girard.martini.domenico.epoca_-768x437.jpg 768w, https:\/\/www.milanosiamonoi.com\/wp-content\/uploads\/2021\/05\/50.girard.martini.domenico.epoca_-100x57.jpg 100w, https:\/\/www.milanosiamonoi.com\/wp-content\/uploads\/2021\/05\/50.girard.martini.domenico.epoca_-50x28.jpg 50w, https:\/\/www.milanosiamonoi.com\/wp-content\/uploads\/2021\/05\/50.girard.martini.domenico.epoca_-25x14.jpg 25w, https:\/\/www.milanosiamonoi.com\/wp-content\/uploads\/2021\/05\/50.girard.martini.domenico.epoca_-740x421.jpg 740w\" sizes=\"(max-width: 541px) 100vw, 541px\" \/><figcaption><em>Martini, Girard e Domenico a pranzo nelle pensione milanese dove alloggiano.<\/em><\/figcaption><\/figure><\/div>\n\n\n\n<p class=\"has-text-align-center\">Saltata la partita con gli svedesi del Mora IK per forfait di quest&#8217;ultimi, c&#8217;\u00e8 il tempo per riprendersi e preparare un tris di incontri con formazioni elvetiche di LNA: le emergenti Arosa e Losanna e il solido SC Berna. Girard in pista a mezzo servizio, con l&#8217;Arosa gioca da difensore.<\/p>\n\n\n\n<figure class=\"wp-block-table aligncenter\"><table><tbody><tr><td class=\"has-text-align-center\" data-align=\"center\"><strong>1950<\/strong><\/td><td class=\"has-text-align-center\" data-align=\"center\"><strong>Partite amichevoli.<\/strong><\/td><td class=\"has-text-align-center\" data-align=\"center\">Risultato<\/td><\/tr><tr><td class=\"has-text-align-center\" data-align=\"center\">Milano, 2 dicembre<\/td><td class=\"has-text-align-center\" data-align=\"center\">Diavoli Rossoneri-Arosa<\/td><td class=\"has-text-align-center\" data-align=\"center\">8-5 (1-1; 6-1; 1-3)<\/td><\/tr><tr><td class=\"has-text-align-center\" data-align=\"center\">Losanna, 5 dicembre<\/td><td class=\"has-text-align-center\" data-align=\"center\">Losanna-Diavoli Rossoneri<\/td><td class=\"has-text-align-center\" data-align=\"center\">2-2 (1-2; 0-0; 1-0)<\/td><\/tr><tr><td class=\"has-text-align-center\" data-align=\"center\">Berna, 9 dicembre<\/td><td class=\"has-text-align-center\" data-align=\"center\">SC Berna-Diavoli Rossoneri<\/td><td class=\"has-text-align-center\" data-align=\"center\">5-5 (1-1; 1-2; 3-2)<\/td><\/tr><\/tbody><\/table><\/figure>\n\n\n\n<div class=\"wp-block-image\"><figure class=\"aligncenter size-large is-resized\"><img loading=\"lazy\" decoding=\"async\" src=\"https:\/\/www.milanosiamonoi.com\/wp-content\/uploads\/2021\/06\/50.12.02-Drm-Aros-8-5.jpg\" alt=\"\" class=\"wp-image-7452\" width=\"455\" height=\"517\" srcset=\"https:\/\/www.milanosiamonoi.com\/wp-content\/uploads\/2021\/06\/50.12.02-Drm-Aros-8-5.jpg 466w, https:\/\/www.milanosiamonoi.com\/wp-content\/uploads\/2021\/06\/50.12.02-Drm-Aros-8-5-264x300.jpg 264w, https:\/\/www.milanosiamonoi.com\/wp-content\/uploads\/2021\/06\/50.12.02-Drm-Aros-8-5-88x100.jpg 88w, https:\/\/www.milanosiamonoi.com\/wp-content\/uploads\/2021\/06\/50.12.02-Drm-Aros-8-5-44x50.jpg 44w, https:\/\/www.milanosiamonoi.com\/wp-content\/uploads\/2021\/06\/50.12.02-Drm-Aros-8-5-22x25.jpg 22w\" sizes=\"(max-width: 455px) 100vw, 455px\" \/><figcaption><em>Articolo da &#8220;La Gazzetta dello Sport&#8221;.<\/em><\/figcaption><\/figure><\/div>\n\n\n\n<div class=\"wp-block-image\"><figure class=\"aligncenter size-large is-resized\"><img loading=\"lazy\" decoding=\"async\" src=\"https:\/\/www.milanosiamonoi.com\/wp-content\/uploads\/2021\/05\/50.12.05-Ls-Drn-2-2-Trib-Ls.jpg\" alt=\"\" class=\"wp-image-7360\" width=\"566\" height=\"482\" srcset=\"https:\/\/www.milanosiamonoi.com\/wp-content\/uploads\/2021\/05\/50.12.05-Ls-Drn-2-2-Trib-Ls.jpg 589w, https:\/\/www.milanosiamonoi.com\/wp-content\/uploads\/2021\/05\/50.12.05-Ls-Drn-2-2-Trib-Ls-300x256.jpg 300w, https:\/\/www.milanosiamonoi.com\/wp-content\/uploads\/2021\/05\/50.12.05-Ls-Drn-2-2-Trib-Ls-100x85.jpg 100w, https:\/\/www.milanosiamonoi.com\/wp-content\/uploads\/2021\/05\/50.12.05-Ls-Drn-2-2-Trib-Ls-50x43.jpg 50w, https:\/\/www.milanosiamonoi.com\/wp-content\/uploads\/2021\/05\/50.12.05-Ls-Drn-2-2-Trib-Ls-25x21.jpg 25w\" sizes=\"(max-width: 566px) 100vw, 566px\" \/><figcaption><em>Articolo da &#8220;La Tribune de Lausanne&#8221;.<\/em><\/figcaption><\/figure><\/div>\n\n\n\n<div class=\"wp-block-image\"><figure class=\"aligncenter size-large is-resized\"><img loading=\"lazy\" decoding=\"async\" src=\"https:\/\/www.milanosiamonoi.com\/wp-content\/uploads\/2021\/05\/50.12.05-foto-Ls-Drn-2-2-Pourtous-1.jpg\" alt=\"\" class=\"wp-image-7355\" width=\"495\" height=\"430\" srcset=\"https:\/\/www.milanosiamonoi.com\/wp-content\/uploads\/2021\/05\/50.12.05-foto-Ls-Drn-2-2-Pourtous-1.jpg 573w, https:\/\/www.milanosiamonoi.com\/wp-content\/uploads\/2021\/05\/50.12.05-foto-Ls-Drn-2-2-Pourtous-1-300x260.jpg 300w, https:\/\/www.milanosiamonoi.com\/wp-content\/uploads\/2021\/05\/50.12.05-foto-Ls-Drn-2-2-Pourtous-1-100x87.jpg 100w, https:\/\/www.milanosiamonoi.com\/wp-content\/uploads\/2021\/05\/50.12.05-foto-Ls-Drn-2-2-Pourtous-1-50x43.jpg 50w, https:\/\/www.milanosiamonoi.com\/wp-content\/uploads\/2021\/05\/50.12.05-foto-Ls-Drn-2-2-Pourtous-1-25x22.jpg 25w\" sizes=\"(max-width: 495px) 100vw, 495px\" \/><figcaption><em>Fresia a guardia della porta rossonera a Losanna. (foto da Pour Tous)<\/em><\/figcaption><\/figure><\/div>\n\n\n\n<p class=\"has-text-align-center\">Il 14 dicembre via al campionato, la novit\u00e0 pi\u00f9 importante riguarda la possibilit\u00e0 di schierare due giocatori di scuola straniera da indicare alla Federazione prima dell\u2019inizio della competizione, i due prescelti non potranno essere sostituti da altri stranieri\/oriundi, nemmeno in caso d\u2019infortunio e Bestagini opta per Ernie Domenico e Orville Martini. L&#8217;infortunio al ginocchio di Girard non consente al centro di giocare al cento per cento, in pratica la scelta \u00e8 obbligata. Nuovo anche il formato, nove squadre divise in tre gironi che si affronteranno in partite di andata e ritorno. Le prime di ogni girone alla fase finale. Ne esce un raggruppamento totalmente milanese: Milano, Diavoli Rossoneri e Amatori Milano. Per i rossoneri si presenta il ricorrente problema di pochi italiani a disposizione, con Federici si era preso anche Bucchetti, ma il difensore aveva gi\u00e0 firmato per il Milano e proprio prima dell&#8217;inizio del campionato la Federazione ha stabilito che Bucchetti deve giocare con i nerazzurri. Ne consegue che Bestagini deve totalmente inventarsi il settore arretrato e per schierare due linee decide di tornare clamorosamente sul ghiaccio! Risultato disastroso e schiacciante vittoria della squadra capitanata da Dino Innocenti.<\/p>\n\n\n\n<figure class=\"wp-block-table\"><table><tbody><tr><td><strong>Milano, 14 dicembre 1950 &#8211; Campionato italiano &#8211; Girone A<\/strong><\/td><\/tr><tr><td>Milano Inter-Diavoli Rossoneri 7-0 (2-0; 4-0; 1-0)<\/td><\/tr><tr><td>Milano Inter: Bolla; Bessone, Bucchetti; Zerbi; Agazzi, Passerini; Fardella; Gerli, Innocenti, Bulgheroni.<\/td><\/tr><tr><td>DRN: Fresia; Maiocchi, Mattavelli; Bestagini, Rizzi; Martini, Domenico, Federici; Bedogni, Abbasci\u00e0.<\/td><\/tr><tr><td>Reti: 1\u00b0t. <em>10&#8242; Gerli, 13&#8242; Agazzi<\/em>. 2\u00b0t. <em>4&#8242; Innocenti, 6&#8242; Bulgheroni, 12&#8242; Bessone, 15&#8242; Gerli.<\/em> 3\u00b0t. <em>4&#8242; Innocenti.<\/em><\/td><\/tr><\/tbody><\/table><\/figure>\n\n\n\n<p class=\"has-text-align-center\">A dodici anni di distanza dalla prima edizione viene rimessa in palio la Coppa citt\u00e0 di Milano, questa volta a patrocinare l\u2019evento \u00e8 il comune di Milano, con il sindaco Antonio Greppi in prima fila. Se la contenderanno le due maggiori squadre cittadine, il trofeo verr\u00e0 assegnato a chi per prima, tra Milano e Diavoli Rossoneri, vincer\u00e0 due partite anche non consecutive (inizialmente si era parlato di tre). Sei giorni dopo la batosta subita in campionato, ai rossoneri si presenta subito la possibilit\u00e0 di prendersi una rivincita. Per l&#8217;occasione rientra nei ranghi l&#8217;austriaco Franz Potucek, sostituisce Mario Maiocchi, costretto da impegni di lavoro a chiudere la stagione.<\/p>\n\n\n\n<div class=\"wp-block-image\"><figure class=\"aligncenter size-large is-resized\"><img loading=\"lazy\" decoding=\"async\" src=\"https:\/\/www.milanosiamonoi.com\/wp-content\/uploads\/2021\/05\/50.12.20-M-Drn-0-0-Brai-1.jpg\" alt=\"\" class=\"wp-image-7223\" width=\"554\" height=\"556\" srcset=\"https:\/\/www.milanosiamonoi.com\/wp-content\/uploads\/2021\/05\/50.12.20-M-Drn-0-0-Brai-1.jpg 593w, https:\/\/www.milanosiamonoi.com\/wp-content\/uploads\/2021\/05\/50.12.20-M-Drn-0-0-Brai-1-298x300.jpg 298w, https:\/\/www.milanosiamonoi.com\/wp-content\/uploads\/2021\/05\/50.12.20-M-Drn-0-0-Brai-1-150x150.jpg 150w, https:\/\/www.milanosiamonoi.com\/wp-content\/uploads\/2021\/05\/50.12.20-M-Drn-0-0-Brai-1-100x100.jpg 100w, https:\/\/www.milanosiamonoi.com\/wp-content\/uploads\/2021\/05\/50.12.20-M-Drn-0-0-Brai-1-50x50.jpg 50w, https:\/\/www.milanosiamonoi.com\/wp-content\/uploads\/2021\/05\/50.12.20-M-Drn-0-0-Brai-1-25x25.jpg 25w, https:\/\/www.milanosiamonoi.com\/wp-content\/uploads\/2021\/05\/50.12.20-M-Drn-0-0-Brai-1-90x90.jpg 90w, https:\/\/www.milanosiamonoi.com\/wp-content\/uploads\/2021\/05\/50.12.20-M-Drn-0-0-Brai-1-300x300.jpg 300w\" sizes=\"(max-width: 554px) 100vw, 554px\" \/><figcaption><em>Articolo da &#8220;La Gazzetta dello Sport&#8221;.<\/em><\/figcaption><\/figure><\/div>\n\n\n\n<p class=\"has-text-align-center\">Le ottime partite giocate in Svizzera e la fama ottenuta dai tre canadesi della prima linea d&#8217;attacco assicurano ai Diavoli Rossoneri l&#8217;invito per partecipare alla Coppa Spengler. Fussen EV, AIK Solna, Losanna e Davos gli avversari, da incontrare nell&#8217;ordine, la squadra che totalizza pi\u00f9 punti vince il torneo. <\/p>\n\n\n\n<div class=\"wp-block-image\"><figure class=\"aligncenter size-large\"><img loading=\"lazy\" decoding=\"async\" width=\"319\" height=\"373\" src=\"https:\/\/www.milanosiamonoi.com\/wp-content\/uploads\/2021\/05\/50.12.28-Drn-Fus-9-1-corsera-sist..jpg\" alt=\"\" class=\"wp-image-7383\" srcset=\"https:\/\/www.milanosiamonoi.com\/wp-content\/uploads\/2021\/05\/50.12.28-Drn-Fus-9-1-corsera-sist..jpg 319w, https:\/\/www.milanosiamonoi.com\/wp-content\/uploads\/2021\/05\/50.12.28-Drn-Fus-9-1-corsera-sist.-257x300.jpg 257w, https:\/\/www.milanosiamonoi.com\/wp-content\/uploads\/2021\/05\/50.12.28-Drn-Fus-9-1-corsera-sist.-86x100.jpg 86w, https:\/\/www.milanosiamonoi.com\/wp-content\/uploads\/2021\/05\/50.12.28-Drn-Fus-9-1-corsera-sist.-43x50.jpg 43w, https:\/\/www.milanosiamonoi.com\/wp-content\/uploads\/2021\/05\/50.12.28-Drn-Fus-9-1-corsera-sist.-21x25.jpg 21w\" sizes=\"(max-width: 319px) 100vw, 319px\" \/><figcaption><em>Articolo da &#8220;Il Corriere della Sera&#8221;.<\/em><\/figcaption><\/figure><\/div>\n\n\n\n<figure class=\"wp-block-table\"><table><tbody><tr><td><strong>Davos, 29 dicembre 1950 &#8211; Seconda partita della Coppa Spengler.<\/strong><\/td><\/tr><tr><td>Diavoli Rossoneri- AIK Solna 6-3 (3-3; 2-0; 1-0)<\/td><\/tr><tr><td>1\u00b0t. <em>7&#8242; Jonsson (Nurmela), <\/em>7&#8217;30&#8221; Federici, 8&#8242; Martini (Girard), <em>Petterson (Jonsson),<\/em> 15&#8242; Martini (Domenico), <em>15&#8217;20&#8221; Nurmela (Jonsson)<\/em>. 2\u00b0t 9&#8242; Martini (Girard), 14&#8242; Martini. 3\u00b0t. 1&#8217;30&#8221; Martini.<\/td><\/tr><tr><td>Arbitri: Lutta e Hauser.<\/td><\/tr><\/tbody><\/table><\/figure>\n\n\n\n<div class=\"wp-block-image\"><figure class=\"aligncenter size-large\"><img loading=\"lazy\" decoding=\"async\" width=\"670\" height=\"381\" src=\"https:\/\/www.milanosiamonoi.com\/wp-content\/uploads\/2021\/05\/50.12.30-Drn-Ls-4-1-Trib-Ls.jpg\" alt=\"\" class=\"wp-image-7386\" srcset=\"https:\/\/www.milanosiamonoi.com\/wp-content\/uploads\/2021\/05\/50.12.30-Drn-Ls-4-1-Trib-Ls.jpg 670w, https:\/\/www.milanosiamonoi.com\/wp-content\/uploads\/2021\/05\/50.12.30-Drn-Ls-4-1-Trib-Ls-300x171.jpg 300w, https:\/\/www.milanosiamonoi.com\/wp-content\/uploads\/2021\/05\/50.12.30-Drn-Ls-4-1-Trib-Ls-100x57.jpg 100w, https:\/\/www.milanosiamonoi.com\/wp-content\/uploads\/2021\/05\/50.12.30-Drn-Ls-4-1-Trib-Ls-50x28.jpg 50w, https:\/\/www.milanosiamonoi.com\/wp-content\/uploads\/2021\/05\/50.12.30-Drn-Ls-4-1-Trib-Ls-25x14.jpg 25w\" sizes=\"(max-width: 670px) 100vw, 670px\" \/><figcaption><em>Articolo da &#8220;La Tribune de Lausanne&#8221;.<\/em><\/figcaption><\/figure><\/div>\n\n\n\n<div class=\"wp-block-image\"><figure class=\"aligncenter size-large\"><img loading=\"lazy\" decoding=\"async\" width=\"548\" height=\"656\" src=\"https:\/\/www.milanosiamonoi.com\/wp-content\/uploads\/2021\/05\/50.12.31-Drn-Spengler.jpg\" alt=\"\" class=\"wp-image-7387\" srcset=\"https:\/\/www.milanosiamonoi.com\/wp-content\/uploads\/2021\/05\/50.12.31-Drn-Spengler.jpg 548w, https:\/\/www.milanosiamonoi.com\/wp-content\/uploads\/2021\/05\/50.12.31-Drn-Spengler-251x300.jpg 251w, https:\/\/www.milanosiamonoi.com\/wp-content\/uploads\/2021\/05\/50.12.31-Drn-Spengler-84x100.jpg 84w, https:\/\/www.milanosiamonoi.com\/wp-content\/uploads\/2021\/05\/50.12.31-Drn-Spengler-42x50.jpg 42w, https:\/\/www.milanosiamonoi.com\/wp-content\/uploads\/2021\/05\/50.12.31-Drn-Spengler-21x25.jpg 21w\" sizes=\"(max-width: 548px) 100vw, 548px\" \/><figcaption><em>Articolo da &#8220;La Gazzetta dello Sport&#8221;.<\/em><\/figcaption><\/figure><\/div>\n\n\n\n<div class=\"wp-block-image\"><figure class=\"aligncenter size-large is-resized\"><img loading=\"lazy\" decoding=\"async\" src=\"https:\/\/www.milanosiamonoi.com\/wp-content\/uploads\/2021\/05\/50.12.31.drn_.spengler.jpg\" alt=\"\" class=\"wp-image-7328\" width=\"568\" height=\"322\" srcset=\"https:\/\/www.milanosiamonoi.com\/wp-content\/uploads\/2021\/05\/50.12.31.drn_.spengler.jpg 800w, https:\/\/www.milanosiamonoi.com\/wp-content\/uploads\/2021\/05\/50.12.31.drn_.spengler-300x171.jpg 300w, https:\/\/www.milanosiamonoi.com\/wp-content\/uploads\/2021\/05\/50.12.31.drn_.spengler-768x437.jpg 768w, https:\/\/www.milanosiamonoi.com\/wp-content\/uploads\/2021\/05\/50.12.31.drn_.spengler-100x57.jpg 100w, https:\/\/www.milanosiamonoi.com\/wp-content\/uploads\/2021\/05\/50.12.31.drn_.spengler-50x28.jpg 50w, https:\/\/www.milanosiamonoi.com\/wp-content\/uploads\/2021\/05\/50.12.31.drn_.spengler-25x14.jpg 25w, https:\/\/www.milanosiamonoi.com\/wp-content\/uploads\/2021\/05\/50.12.31.drn_.spengler-740x421.jpg 740w\" sizes=\"(max-width: 568px) 100vw, 568px\" \/><figcaption><em>Da sinistra in piedi: Beaulne, Bedogni, Bestagini, Martini, Federici, Domenico, Potucek, Rowse. In basso: Flores, Girard, Fresia, Mattavelli, Ott, Moos, Clerici, Gerosa.<\/em><\/figcaption><\/figure><\/div>\n\n\n\n<p class=\"has-text-align-center\">Terza Spengler, terza vittoria. Elogi a denti stretti dalla rivista &#8220;Sport&#8221; di Zurigo. <em>Rossoneri grande squadra, ma non imbattibili. Cinque canadesi, un ungherese, un austriaco, solo tre italiani. Girard, Martini e Domenico reggono tutto il peso della squadra. Il fulcro \u00e8 Girard, brilla in avanti e coordina il gioco difensivo. Martini cannoniere del torneo con dieci reti<\/em>. <em>AIK formazione pi\u00f9 omogenea e sfortunata: due infortunati nella prima partita (8-5 al Davos). <\/em>Nell&#8217;articolo dura critica a squadre svizzere e tedesche che non giocano in profondit\u00e0 e persistono con passaggi in linea rallentando notevolmente il ritmo. Troppi fuorigioco e carenza di body-check: si deve modernizzare il gioco. Considerazioni di Gino Bestagini: -Costruito una linea fantastica. Girard la mente, Domenico super dinamico, ma la sorpresa \u00e8 Martini cannoniere-.<\/p>\n\n\n\n<p class=\"has-text-align-center\">Dopo la Spengler piovono richieste di partite da ogni dove, le prime settimane di gennaio sono un piccolo giro della Svizzera, la sfida clou \u00e8 quella con l&#8217;Arosa stella emergente della LNA. Capatina anche a La Chaux de Fonds, match con i locali destinati a vincere il torneo di LNB e perdere lo spareggio promozione\/retrocessione con gli Young Sprinters di Neuchatel  per un gol di scarto.<\/p>\n\n\n\n<figure class=\"wp-block-table aligncenter\"><table><tbody><tr><td class=\"has-text-align-center\" data-align=\"center\"><strong>1951<\/strong><\/td><td class=\"has-text-align-center\" data-align=\"center\"><strong>Partite amichevoli.<\/strong><\/td><td class=\"has-text-align-center\" data-align=\"center\">Risultato<\/td><\/tr><tr><td class=\"has-text-align-center\" data-align=\"center\">Zurigo, 1 gennaio<\/td><td class=\"has-text-align-center\" data-align=\"center\">Grasshopper-Diavoli Rossoneri<\/td><td class=\"has-text-align-center\" data-align=\"center\">2-3 (0-1; 0-1; 2-1)<\/td><\/tr><tr><td class=\"has-text-align-center\" data-align=\"center\">Arosa, 3 gennaio<\/td><td class=\"has-text-align-center\" data-align=\"center\">Arosa-Diavoli Rossoneri<\/td><td class=\"has-text-align-center\" data-align=\"center\">5-6 (3-3; 1-3; 1-0)<\/td><\/tr><tr><td class=\"has-text-align-center\" data-align=\"center\">La Chaux de F., 10 gennaio<\/td><td class=\"has-text-align-center\" data-align=\"center\">La Chaux de Fonds-Diavoli Rossoneri<\/td><td class=\"has-text-align-center\" data-align=\"center\">4-13 (0-4; 2-4; 2-5)<\/td><\/tr><tr><td class=\"has-text-align-center\" data-align=\"center\">Neuchatel, 11 gennaio<\/td><td class=\"has-text-align-center\" data-align=\"center\">NE Young Sprinters-Diavoli Rossoneri<\/td><td class=\"has-text-align-center\" data-align=\"center\">2-7 (0-2; 1-3; 1-2)<\/td><\/tr><\/tbody><\/table><\/figure>\n\n\n\n<p class=\"has-text-align-center\">Diavoli al Dolder di Zurigo solo poco prima dell&#8217;inizio. Ad Arosa giocata in mattinata, arbitri permissivi e partita maschia. Martini segna due reti, ma subisce un colpo a una gamba e chiude dolorante. Da esibizione i due confronti in Romandia, al termine della gara di Neuchatel i presenti tributano ai rossoneri un prolungato applauso per l&#8217;eccellente spettacolo offerto. A Zurigo, Arosa e La Chaux de Fonds in porta a giocato Brenna. Dopo otto match in Svizzera torna il campionato per il primo confronto con l&#8217;Amatori Milano, a seguire derby con il Milano Inter per la Coppa citt\u00e0 di Milano.<\/p>\n\n\n\n<figure class=\"wp-block-table\"><table><tbody><tr><td><strong>Milano, 18 gennaio 1951 <\/strong>&#8211; <strong>Campionato italiano &#8211; Girone A<\/strong><\/td><\/tr><tr><td>Diavoli Rossoneri-Amatori Milano 16-1 (5-0; 3-0; 8-1)<\/td><\/tr><tr><td>DRN: Fresia; Abbasci\u00e0, Rizzi; Mattavelli; Bedogni, Federici, Martini, Domenico. <\/td><\/tr><tr><td>Amatori MI: Duvoisin; Carlassare, T. Rossi; Crotti, Levi, Segurini; Delfino, Paradiso, Taroni; Signorini.<\/td><\/tr><tr><td>Reti DRN: Federici (5), Bedogni, Mattavelli (4), Domenico (3), Martini (3).<\/td><\/tr><tr><td>Rete Amatori Milano: Segurini. Arbitri: Galetti e Gerosa.<\/td><\/tr><\/tbody><\/table><\/figure>\n\n\n\n<div class=\"wp-block-image\"><figure class=\"aligncenter size-large is-resized\"><img loading=\"lazy\" decoding=\"async\" src=\"https:\/\/www.milanosiamonoi.com\/wp-content\/uploads\/2020\/07\/51.01.24-Drn-M-3-2-Brai-1024x1004.jpg\" alt=\"\" class=\"wp-image-588\" width=\"561\" height=\"549\" srcset=\"https:\/\/www.milanosiamonoi.com\/wp-content\/uploads\/2020\/07\/51.01.24-Drn-M-3-2-Brai-1024x1004.jpg 1024w, https:\/\/www.milanosiamonoi.com\/wp-content\/uploads\/2020\/07\/51.01.24-Drn-M-3-2-Brai-300x294.jpg 300w, https:\/\/www.milanosiamonoi.com\/wp-content\/uploads\/2020\/07\/51.01.24-Drn-M-3-2-Brai-768x753.jpg 768w, https:\/\/www.milanosiamonoi.com\/wp-content\/uploads\/2020\/07\/51.01.24-Drn-M-3-2-Brai-100x98.jpg 100w, https:\/\/www.milanosiamonoi.com\/wp-content\/uploads\/2020\/07\/51.01.24-Drn-M-3-2-Brai-50x50.jpg 50w, https:\/\/www.milanosiamonoi.com\/wp-content\/uploads\/2020\/07\/51.01.24-Drn-M-3-2-Brai-25x25.jpg 25w, https:\/\/www.milanosiamonoi.com\/wp-content\/uploads\/2020\/07\/51.01.24-Drn-M-3-2-Brai-740x726.jpg 740w, https:\/\/www.milanosiamonoi.com\/wp-content\/uploads\/2020\/07\/51.01.24-Drn-M-3-2-Brai.jpg 1085w\" sizes=\"(max-width: 561px) 100vw, 561px\" \/><figcaption><em>Articolo da &#8220;La Gazzetta dello Sport&#8221;.<\/em><\/figcaption><\/figure><\/div>\n\n\n\n<p class=\"has-text-align-center\">Intenso il programma di fine mese. Il 27 al Palazzo c&#8217;\u00e8 l&#8217;Ambri Piotta che ha da poco fallito la qualificazione alla finale di LNB; nel gruppo est l&#8217;ha spuntata il St. Moritz battendo i leventinesi per 3-1 nell&#8217;ultima partita del girone. Quindi gli impegni di campionato (Amatori e Milano Inter) e l&#8217;annuale sfida per eccellenza con la Nazionale canadese (Lethbridge Maple Leafs). affrontata anche dagli stranieri delle due milanesi.<\/p>\n\n\n\n<figure class=\"wp-block-table aligncenter\"><table><tbody><tr><td class=\"has-text-align-center\" data-align=\"center\"><strong>1951<\/strong><\/td><td class=\"has-text-align-center\" data-align=\"center\"><strong>Milano<\/strong> &#8211; <strong>Partita amichevole<\/strong><\/td><td class=\"has-text-align-center\" data-align=\"center\">Risultato<\/td><\/tr><tr><td class=\"has-text-align-center\" data-align=\"center\">27 gennaio<\/td><td class=\"has-text-align-center\" data-align=\"center\">Diavoli Rossoneri-Ambr\u00ec Piotta<\/td><td class=\"has-text-align-center\" data-align=\"center\">10-2 (6-0; 3-1; 1-1)<\/td><\/tr><tr><td class=\"has-text-align-center\" data-align=\"center\"><\/td><td class=\"has-text-align-center\" data-align=\"center\"><strong>Milano <\/strong>&#8211; <strong>Camp. italiano &#8211; Girone A<\/strong><\/td><td class=\"has-text-align-center\" data-align=\"center\"><\/td><\/tr><tr><td class=\"has-text-align-center\" data-align=\"center\">28 gennaio<\/td><td class=\"has-text-align-center\" data-align=\"center\">Amatori Milano-Diavoli Rossoneri<\/td><td class=\"has-text-align-center\" data-align=\"center\">3-13 <\/td><\/tr><\/tbody><\/table><\/figure>\n\n\n\n<div class=\"wp-block-image\"><figure class=\"aligncenter size-large is-resized\"><img loading=\"lazy\" decoding=\"async\" src=\"https:\/\/www.milanosiamonoi.com\/wp-content\/uploads\/2021\/05\/51.01.29-Drn-con-Nordhal-giorn.-svedese-Copia-big.jpg\" alt=\"\" class=\"wp-image-7424\" width=\"567\" height=\"379\" srcset=\"https:\/\/www.milanosiamonoi.com\/wp-content\/uploads\/2021\/05\/51.01.29-Drn-con-Nordhal-giorn.-svedese-Copia-big.jpg 710w, https:\/\/www.milanosiamonoi.com\/wp-content\/uploads\/2021\/05\/51.01.29-Drn-con-Nordhal-giorn.-svedese-Copia-big-300x201.jpg 300w, https:\/\/www.milanosiamonoi.com\/wp-content\/uploads\/2021\/05\/51.01.29-Drn-con-Nordhal-giorn.-svedese-Copia-big-100x67.jpg 100w, https:\/\/www.milanosiamonoi.com\/wp-content\/uploads\/2021\/05\/51.01.29-Drn-con-Nordhal-giorn.-svedese-Copia-big-50x33.jpg 50w, https:\/\/www.milanosiamonoi.com\/wp-content\/uploads\/2021\/05\/51.01.29-Drn-con-Nordhal-giorn.-svedese-Copia-big-25x17.jpg 25w\" sizes=\"(max-width: 567px) 100vw, 567px\" \/><figcaption><em>Foto ricordo con il centravanti del Milan Gunnar Nordhal<\/em>; <em>da sinistra in piedi: Ott, Rowse, Potucek, Beaulne, Mattavelli, Fresia. Accosciati: Martini, Girard, Nordhal, Federici, Bedogni, Domenico. (Giornale svedese)<\/em><\/figcaption><\/figure><\/div>\n\n\n\n<div class=\"wp-block-image\"><figure class=\"aligncenter size-large\"><img loading=\"lazy\" decoding=\"async\" width=\"569\" height=\"557\" src=\"https:\/\/www.milanosiamonoi.com\/wp-content\/uploads\/2021\/05\/51.01.29-Drn-Edm-1-2-piccolo-ricostruito.jpg\" alt=\"\" class=\"wp-image-7422\" srcset=\"https:\/\/www.milanosiamonoi.com\/wp-content\/uploads\/2021\/05\/51.01.29-Drn-Edm-1-2-piccolo-ricostruito.jpg 569w, https:\/\/www.milanosiamonoi.com\/wp-content\/uploads\/2021\/05\/51.01.29-Drn-Edm-1-2-piccolo-ricostruito-300x294.jpg 300w, https:\/\/www.milanosiamonoi.com\/wp-content\/uploads\/2021\/05\/51.01.29-Drn-Edm-1-2-piccolo-ricostruito-100x98.jpg 100w, https:\/\/www.milanosiamonoi.com\/wp-content\/uploads\/2021\/05\/51.01.29-Drn-Edm-1-2-piccolo-ricostruito-50x50.jpg 50w, https:\/\/www.milanosiamonoi.com\/wp-content\/uploads\/2021\/05\/51.01.29-Drn-Edm-1-2-piccolo-ricostruito-25x25.jpg 25w\" sizes=\"(max-width: 569px) 100vw, 569px\" \/><figcaption><em>Articolo da &#8220;La Gazzetta dello Sport&#8221;.<\/em><\/figcaption><\/figure><\/div>\n\n\n\n<div class=\"wp-block-image\"><figure class=\"aligncenter size-large\"><img loading=\"lazy\" decoding=\"async\" width=\"421\" height=\"504\" src=\"https:\/\/www.milanosiamonoi.com\/wp-content\/uploads\/2021\/06\/50.-Ernie-Domenico.jpg\" alt=\"\" class=\"wp-image-7488\" srcset=\"https:\/\/www.milanosiamonoi.com\/wp-content\/uploads\/2021\/06\/50.-Ernie-Domenico.jpg 421w, https:\/\/www.milanosiamonoi.com\/wp-content\/uploads\/2021\/06\/50.-Ernie-Domenico-251x300.jpg 251w, https:\/\/www.milanosiamonoi.com\/wp-content\/uploads\/2021\/06\/50.-Ernie-Domenico-84x100.jpg 84w, https:\/\/www.milanosiamonoi.com\/wp-content\/uploads\/2021\/06\/50.-Ernie-Domenico-42x50.jpg 42w, https:\/\/www.milanosiamonoi.com\/wp-content\/uploads\/2021\/06\/50.-Ernie-Domenico-21x25.jpg 21w\" sizes=\"(max-width: 421px) 100vw, 421px\" \/><figcaption><em>Ernie Domenico<\/em>.<\/figcaption><\/figure><\/div>\n\n\n\n<div class=\"wp-block-image\"><figure class=\"aligncenter size-large is-resized\"><img loading=\"lazy\" decoding=\"async\" src=\"https:\/\/www.milanosiamonoi.com\/wp-content\/uploads\/2021\/05\/51.02.01-SM-LML-3-4-Corsear.jpg\" alt=\"\" class=\"wp-image-7215\" width=\"506\" height=\"573\" srcset=\"https:\/\/www.milanosiamonoi.com\/wp-content\/uploads\/2021\/05\/51.02.01-SM-LML-3-4-Corsear.jpg 511w, https:\/\/www.milanosiamonoi.com\/wp-content\/uploads\/2021\/05\/51.02.01-SM-LML-3-4-Corsear-265x300.jpg 265w, https:\/\/www.milanosiamonoi.com\/wp-content\/uploads\/2021\/05\/51.02.01-SM-LML-3-4-Corsear-88x100.jpg 88w, https:\/\/www.milanosiamonoi.com\/wp-content\/uploads\/2021\/05\/51.02.01-SM-LML-3-4-Corsear-44x50.jpg 44w, https:\/\/www.milanosiamonoi.com\/wp-content\/uploads\/2021\/05\/51.02.01-SM-LML-3-4-Corsear-22x25.jpg 22w\" sizes=\"(max-width: 506px) 100vw, 506px\" \/><figcaption><em>Articolo da &#8220;Il Corriere della Sera&#8221;.<\/em><\/figcaption><\/figure><\/div>\n\n\n\n<p class=\"has-text-align-center\">Ai Diavoli Rossoneri resterebbe da giocare il secondo derby di campionato con il Milano Inter, ma non essendoci speranze di qualificazione per la fase finale si sceglie di dare forfait e dare la precedenza a una remunerativa tourn\u00e9e in Svezia e Germania. Il 4 febbraio la comunicazione FIHG del 5-0 a tavolino per i nerazzurri. Antonio Fresia ha una mano in disordine, aveva gi\u00e0 saltato altre partite, per ricoprire il ruolo di estremo difensore torna in rossonero in prestito dal Wiener EV Alfred Huber, subito schierato nella selezione internazionale piegata a fatica dal Canada al Piranesi.<\/p>\n\n\n\n<figure class=\"wp-block-table aligncenter\"><table><tbody><tr><td class=\"has-text-align-center\" data-align=\"center\"><strong>1951<\/strong><\/td><td class=\"has-text-align-center\" data-align=\"center\"><strong>Partite amichevoli<\/strong><\/td><td class=\"has-text-align-center\" data-align=\"center\">Risultato<\/td><\/tr><tr><td class=\"has-text-align-center\" data-align=\"center\">Stensholms, 9 febbraio<\/td><td class=\"has-text-align-center\" data-align=\"center\">Smaland-Diavoli Rossoneri<\/td><td class=\"has-text-align-center\" data-align=\"center\">0-6 (0-3; 0-3; 0-0)<\/td><\/tr><tr><td class=\"has-text-align-center\" data-align=\"center\">Gavle, 11 febbraio<\/td><td class=\"has-text-align-center\" data-align=\"center\">Gavle GIK-Diavoli Rossoneri<\/td><td class=\"has-text-align-center\" data-align=\"center\">0-4 (0-0; 0-3; 0-1)<\/td><\/tr><tr><td class=\"has-text-align-center\" data-align=\"center\">Sodertalje, 13 febbraio<\/td><td class=\"has-text-align-center\" data-align=\"center\">Sodertalje SK-Diavoli Rossoneri<\/td><td class=\"has-text-align-center\" data-align=\"center\">3-3 (2-1; 1-1; 0-1)<\/td><\/tr><tr><td class=\"has-text-align-center\" data-align=\"center\">Stoccolma, 15 febbraio<\/td><td class=\"has-text-align-center\" data-align=\"center\">AIK Solna-Diavoli Rossoneri<\/td><td class=\"has-text-align-center\" data-align=\"center\">2-3 (1-0; 1-1; 0-2)<\/td><\/tr><\/tbody><\/table><\/figure>\n\n\n\n<p class=\"has-text-align-center\">Il primo match si doveva giocare a Jonkoping, per ghiaccio impraticabile si decide di deviare su Husqvarna, ma il problema rimane. Salva tutto il paesino di Stensholms (800 abitanti) dove vengono montati degli spalti provvisori: per la partita con la selezione dello Smaland accorrono tremila  persone! Splendida vittoria contro il Gavle GIK, nel finale DRN per molti minuti in inferiorit\u00e0 numerica, anche doppia, ma Fredi Huber mantiene la rete inviolata. Sofferto pareggio a Sodertalje, squadra dei quartieri alti del campionato. I Diavoli rimontano due reti di svantaggio grazie a una doppietta di Martini. Allo stadio Ostermalms IP quello che dovrebbe essere l&#8217;ultimo impegno scandinavo. Avversario l&#8217;AIK (con il Djurgardens IF la migliore squadra svedese) che cerca la rivincita della Coppa Spengler e che festeggia il 60\u00b0 anniversario della fondazione (hockey 30\u00b0). Svedesi a razzo per quaranta minuti, i rossoneri arginano le folate offensive dei padroni di casa e determinatissimi con le reti di Martini, Rowse e Girard ribaltano il risultato. Infinite lodi a Girard per il gran gol della vittoria.<\/p>\n\n\n\n<div class=\"wp-block-image\"><figure class=\"aligncenter size-large is-resized\"><img loading=\"lazy\" decoding=\"async\" src=\"https:\/\/www.milanosiamonoi.com\/wp-content\/uploads\/2021\/05\/50.martini.girard.domenico.jpg\" alt=\"\" class=\"wp-image-7327\" width=\"546\" height=\"523\" srcset=\"https:\/\/www.milanosiamonoi.com\/wp-content\/uploads\/2021\/05\/50.martini.girard.domenico.jpg 800w, https:\/\/www.milanosiamonoi.com\/wp-content\/uploads\/2021\/05\/50.martini.girard.domenico-300x288.jpg 300w, https:\/\/www.milanosiamonoi.com\/wp-content\/uploads\/2021\/05\/50.martini.girard.domenico-768x736.jpg 768w, https:\/\/www.milanosiamonoi.com\/wp-content\/uploads\/2021\/05\/50.martini.girard.domenico-100x96.jpg 100w, https:\/\/www.milanosiamonoi.com\/wp-content\/uploads\/2021\/05\/50.martini.girard.domenico-50x48.jpg 50w, https:\/\/www.milanosiamonoi.com\/wp-content\/uploads\/2021\/05\/50.martini.girard.domenico-25x25.jpg 25w, https:\/\/www.milanosiamonoi.com\/wp-content\/uploads\/2021\/05\/50.martini.girard.domenico-740x709.jpg 740w\" sizes=\"(max-width: 546px) 100vw, 546px\" \/><figcaption><em>Da sinistra: Orville Martini, Andr\u00e9 Girard ed Ernie Domenico.<\/em><\/figcaption><\/figure><\/div>\n\n\n\n<p class=\"has-text-align-center\">La tourn\u00e9e svedese prevedeva quattro incontri, ma la Federazione delle Tre Corone dopo il flop di incassi inerente le partite che club e Nazionale avevano giocato con gli USA, chiede e ottiene dai Diavoli un match da disputare sempre a Stoccolma contro giocatori del listone da cui verranno scelti gli uomini per il mondiale di Parigi. In pratica i Lejonen (Leoni) sono la Svezia che gioca con questa denominazione in confronti non ufficiali. A qualche minuto dal termine Jerry Rowse prende un brutto colpo al volto e inizia una colluttazione con chi lo ha colpito. Interviene un arbitro e Rowse lo affronta brandendo il bastone che poi spezza violentemente sulla balaustra: 2&#8217;+10&#8242; e polizia che scende in campo a sedare gli animi. Nazionale svedese superiore, ma i rossoneri sono stati indispettiti dall&#8217;arbitraggio e dai sedici minuti di penalit\u00e0 sanzionati contro i sei inflitti ai Leoni che non hanno usato mezze misure. In precedenza anche Huber era stato colpito al viso e aveva fatto ricorso alle cure del medico con il gioco sospeso per cinque minuti. Federazione svedese sfortunata, presenti 3.200 spettatori a causa di una fitta nevicata che oltre a non favorire l&#8217;afflusso allo stadio Ostermalms IP ha fatto temere il rinvio.<\/p>\n\n\n\n<figure class=\"wp-block-table\"><table><tbody><tr><td><strong>Stoccolma, 16 febbraio 1951 &#8211; Partita amichevole.<\/strong><\/td><\/tr><tr><td>Alliansen Lejonen-Diavoli Rossoneri 4-0 (2-0; 1-0; 1-0)<\/td><\/tr><tr><td>Lejonen: Y. Johansson; A. Lassas, L. Bjoern; S. Thunman, B. Loefgren; S. e H. Andersson, Y. Karlsson; B. Larsson, S. Carlsson, S. Johansson; G. Soederstroem, B. Zetterberg.<\/td><\/tr><tr><td>DRN: Huber; Ott, Beaulne; Mattavelli, Potucek; Martini, Girard, Domenico; Rowse, Federici, Bedogni.<\/td><\/tr><tr><td>Reti: 1\u00b0t. <em>Larsson, Zetterberg.<\/em> 2\u00b0t. <em>Carlsson<\/em>. 3\u00b0t. <em>Sven &#8220;Tumba&#8221; Johansson<\/em>.<\/td><\/tr><tr><td>Arbitri: J. Creed e T. Demnert.<\/td><\/tr><\/tbody><\/table><\/figure>\n\n\n\n<p class=\"has-text-align-center\">La comitiva si sposta in Germania priva di Stuart Beaulne, il difensore ha smarrito il passaporto ed \u00e8 rimasto bloccato al molo di Malmoe. Problemi in difesa in quanto Mattavelli non \u00e8 al meglio. Cinque partite con squadre tutte qualificate al girone finale del massimo campionato tedesco: il titolo andr\u00e0 ai Preussen Krefeld davanti al Fussen EV. La partita di Colonia giocata dopo lungo trasferimento in treno. <\/p>\n\n\n\n<figure class=\"wp-block-table aligncenter\"><table><tbody><tr><td><strong>1951<\/strong><\/td><td><strong>Partite amichevoli.<\/strong><\/td><td>Risultato<\/td><\/tr><tr><td>Colonia, 19 febbraio<\/td><td>Preussen Krefeld-Diavoli Rossoneri<\/td><td>6-4 (2-2; 2-1; 2-1)<\/td><\/tr><tr><td>Krefeld, 20 febbraio<\/td><td>Preussen Krefeld-Diavoli Rossoneri<\/td><td>2-4 (1-1; 0-2; 1-1)<\/td><\/tr><tr><td>Bad Nauheim, 22 febbraio<\/td><td>Bad Nauheim-Diavoli Rossoneri<\/td><td>2-8 (2-2; 0-2; 0-4)<\/td><\/tr><tr><td>Fussen, 24 febbraio<\/td><td>Fussen EV-Diavoli Rossoneri<\/td><td>4-6 (2-1: 1-2; 1-3)<\/td><\/tr><tr><td>GA-PA, 25 febbraio<\/td><td>Preussen Krefeld-Diavoli Rossoneri<\/td><td>3-7 (2-2; 1-2; 0-3)<\/td><\/tr><\/tbody><\/table><\/figure>\n\n\n\n<p class=\"has-text-align-center\">Ultimo impegno stagionale con il Milano Inter per l&#8217;assegnazione della II Coppa citt\u00e0 di Milano. Al termine di un incredibile testa a testa il trofeo finisce nella bacheca rossonera.<\/p>\n\n\n\n<figure class=\"wp-block-table aligncenter\"><table><tbody><tr><td><strong>Milano, 6 marzo 1951 &#8211; II Coppa citt\u00e0 di Milano.<\/strong><\/td><\/tr><tr><td>Diavoli Rossoneri-Milano Inter 6-5 (2-3; 4-2; 0-0)<\/td><\/tr><\/tbody><\/table><\/figure>\n\n\n\n<div class=\"wp-block-image\"><figure class=\"aligncenter size-large is-resized\"><img loading=\"lazy\" decoding=\"async\" src=\"https:\/\/www.milanosiamonoi.com\/wp-content\/uploads\/2020\/07\/51.03.06-Drn-M-6-5-0-0-Brai-1024x653.jpg\" alt=\"\" class=\"wp-image-589\" width=\"578\" height=\"368\" srcset=\"https:\/\/www.milanosiamonoi.com\/wp-content\/uploads\/2020\/07\/51.03.06-Drn-M-6-5-0-0-Brai-1024x653.jpg 1024w, https:\/\/www.milanosiamonoi.com\/wp-content\/uploads\/2020\/07\/51.03.06-Drn-M-6-5-0-0-Brai-300x191.jpg 300w, https:\/\/www.milanosiamonoi.com\/wp-content\/uploads\/2020\/07\/51.03.06-Drn-M-6-5-0-0-Brai-768x490.jpg 768w, https:\/\/www.milanosiamonoi.com\/wp-content\/uploads\/2020\/07\/51.03.06-Drn-M-6-5-0-0-Brai-100x64.jpg 100w, https:\/\/www.milanosiamonoi.com\/wp-content\/uploads\/2020\/07\/51.03.06-Drn-M-6-5-0-0-Brai-50x32.jpg 50w, https:\/\/www.milanosiamonoi.com\/wp-content\/uploads\/2020\/07\/51.03.06-Drn-M-6-5-0-0-Brai-25x16.jpg 25w, https:\/\/www.milanosiamonoi.com\/wp-content\/uploads\/2020\/07\/51.03.06-Drn-M-6-5-0-0-Brai-740x472.jpg 740w, https:\/\/www.milanosiamonoi.com\/wp-content\/uploads\/2020\/07\/51.03.06-Drn-M-6-5-0-0-Brai.jpg 1028w\" sizes=\"(max-width: 578px) 100vw, 578px\" \/><figcaption><em>Articolo da &#8220;La Gazzetta dello Sport&#8221;.<\/em><\/figcaption><\/figure><\/div>\n\n\n\n<p class=\"has-text-align-center\">Conclusa una stagione arricchita dalla vittoria nella Coppa Spengler e da lusinghieri risultati ottenuti negli impegni europei. Resta il rammarico di non avere in organico giocatori italiani che permettano di primeggiare in campionato, ma per fare questo la via da seguire \u00e8 un&#8217;altra. Antonio Fresia, Aldo Federici, Mario Bedogni e Luigi Mattavelli collocheranno la ciliegina sulla torta vestendo la maglia azzurra nel trionfale Criterium d&#8217;Europa di Parigi.<\/p>\n\n\n\n<figure class=\"wp-block-table aligncenter\"><table><tbody><tr><td class=\"has-text-align-center\" data-align=\"center\">Partite giocate<\/td><td class=\"has-text-align-center\" data-align=\"center\">Vinte<\/td><td class=\"has-text-align-center\" data-align=\"center\">Nulle <\/td><td class=\"has-text-align-center\" data-align=\"center\">Perse<\/td><\/tr><tr><td class=\"has-text-align-center\" data-align=\"center\">33<\/td><td class=\"has-text-align-center\" data-align=\"center\">24<\/td><td class=\"has-text-align-center\" data-align=\"center\">4<\/td><td class=\"has-text-align-center\" data-align=\"center\">5<\/td><\/tr><\/tbody><\/table><\/figure>\n\n\n\n<figure class=\"wp-block-table aligncenter\"><table><tbody><tr><td><strong>Classifica marcatori stagionali dei Diavoli Rossoneri<\/strong><\/td><td class=\"has-text-align-center\" data-align=\"center\">Reti<\/td><\/tr><tr><td>Orville Martini (29 presenze)<\/td><td class=\"has-text-align-center\" data-align=\"center\">45<\/td><\/tr><tr><td>Ernie Domenico (29)<\/td><td class=\"has-text-align-center\" data-align=\"center\">42<\/td><\/tr><tr><td>Andr\u00e9 Girard (27)<\/td><td class=\"has-text-align-center\" data-align=\"center\">23<\/td><\/tr><tr><td>Aldo Federici (29)<\/td><td class=\"has-text-align-center\" data-align=\"center\">19<\/td><\/tr><tr><td>Jerry Rowse (26)<\/td><td class=\"has-text-align-center\" data-align=\"center\">15<\/td><\/tr><tr><td>Luigi Mattavelli (19) e Sandor Ott (27)<\/td><td class=\"has-text-align-center\" data-align=\"center\">5<\/td><\/tr><tr><td>Mario Bedogni (29)<\/td><td class=\"has-text-align-center\" data-align=\"center\">4<\/td><\/tr><tr><td>Franz Potucek (22)<\/td><td class=\"has-text-align-center\" data-align=\"center\">3<\/td><\/tr><tr><td>Stuart Beaulne (22) e Ambrogio Abbasci\u00e0 (5)<\/td><td class=\"has-text-align-center\" data-align=\"center\">1<\/td><\/tr><tr><td>Mancano 23 reti: Amatori MI (13), Preussen K. (4), Fussen (6).<\/td><td class=\"has-text-align-center\" data-align=\"center\"><\/td><\/tr><\/tbody><\/table><\/figure>\n\n\n\n<p> <\/p>\n\n\n\n<figure class=\"wp-block-table\"><table><tbody><tr><td><strong><a href=\"https:\/\/www.milanosiamonoi.com\/index.php\/campionati\/dal-1950-al-1959-anni-doro\/1949-1950-drn\/\">stagione precedente<\/a><\/strong><\/td><td class=\"has-text-align-right\" data-align=\"right\"><strong><a href=\"https:\/\/www.milanosiamonoi.com\/index.php\/campionati\/dal-1950-al-1959-anni-doro\/1951-1952-drn\/\" data-type=\"page\" data-id=\"7737\">stagione successiva<\/a><\/strong><\/td><\/tr><\/tbody><\/table><\/figure>\n\n\n\n<figure class=\"wp-block-table\"><table><tbody><tr><td class=\"has-text-align-center\" data-align=\"center\"><strong><a href=\"https:\/\/www.milanosiamonoi.com\/index.php\/campionati\/dal-1950-al-1959-anni-doro\/1950-1951\/\">Hockey Club Milano<\/a><\/strong><\/td><\/tr><\/tbody><\/table><\/figure>\n\n\n\n<figure class=\"wp-block-table\"><table><tbody><tr><td class=\"has-text-align-center\" data-align=\"center\"><strong><a href=\"https:\/\/www.milanosiamonoi.com\/index.php\/campionati\/dal-1950-al-1959-anni-doro\/1950-1951-amatori-mi-e-bocconi\/\">Amatori Milano e Bocconi Milano<\/a><\/strong><\/td><\/tr><\/tbody><\/table><\/figure>\n","protected":false},"excerpt":{"rendered":"<p>Presidente Edoardo Moos Allenatore Luigi Bestagini Ruolo Giocatori con almeno una presenza in prima squadra. P Giuseppe Brenna, Antonio Fresia (C). D Stuart Beaulne, Gino&#8230;<\/p>\n","protected":false},"author":2,"featured_media":0,"parent":1469,"menu_order":4,"comment_status":"closed","ping_status":"closed","template":"","meta":{"spay_email":"","footnotes":""},"_links":{"self":[{"href":"https:\/\/www.milanosiamonoi.com\/index.php\/wp-json\/wp\/v2\/pages\/7329"}],"collection":[{"href":"https:\/\/www.milanosiamonoi.com\/index.php\/wp-json\/wp\/v2\/pages"}],"about":[{"href":"https:\/\/www.milanosiamonoi.com\/index.php\/wp-json\/wp\/v2\/types\/page"}],"author":[{"embeddable":true,"href":"https:\/\/www.milanosiamonoi.com\/index.php\/wp-json\/wp\/v2\/users\/2"}],"replies":[{"embeddable":true,"href":"https:\/\/www.milanosiamonoi.com\/index.php\/wp-json\/wp\/v2\/comments?post=7329"}],"version-history":[{"count":150,"href":"https:\/\/www.milanosiamonoi.com\/index.php\/wp-json\/wp\/v2\/pages\/7329\/revisions"}],"predecessor-version":[{"id":14613,"href":"https:\/\/www.milanosiamonoi.com\/index.php\/wp-json\/wp\/v2\/pages\/7329\/revisions\/14613"}],"up":[{"embeddable":true,"href":"https:\/\/www.milanosiamonoi.com\/index.php\/wp-json\/wp\/v2\/pages\/1469"}],"wp:attachment":[{"href":"https:\/\/www.milanosiamonoi.com\/index.php\/wp-json\/wp\/v2\/media?parent=7329"}],"curies":[{"name":"wp","href":"https:\/\/api.w.org\/{rel}","templated":true}]}}