{"id":7090,"date":"2021-08-05T09:50:14","date_gmt":"2021-08-05T09:50:14","guid":{"rendered":"http:\/\/milanosiamonoi.com\/?page_id=7090"},"modified":"2025-03-20T16:28:24","modified_gmt":"2025-03-20T16:28:24","slug":"1950-1951","status":"publish","type":"page","link":"https:\/\/www.milanosiamonoi.com\/index.php\/campionati\/dal-1950-al-1959-anni-doro\/1950-1951\/","title":{"rendered":"1950\/1951 HC Milano"},"content":{"rendered":"<div class=\"wp-block-image\">\n<figure class=\"aligncenter size-large\"><img loading=\"lazy\" decoding=\"async\" width=\"300\" height=\"300\" src=\"https:\/\/www.milanosiamonoi.com\/wp-content\/uploads\/2021\/04\/logo-milano50-300x300-1.jpg\" alt=\"\" class=\"wp-image-6557\" srcset=\"https:\/\/www.milanosiamonoi.com\/wp-content\/uploads\/2021\/04\/logo-milano50-300x300-1.jpg 300w, https:\/\/www.milanosiamonoi.com\/wp-content\/uploads\/2021\/04\/logo-milano50-300x300-1-150x150.jpg 150w, https:\/\/www.milanosiamonoi.com\/wp-content\/uploads\/2021\/04\/logo-milano50-300x300-1-100x100.jpg 100w, https:\/\/www.milanosiamonoi.com\/wp-content\/uploads\/2021\/04\/logo-milano50-300x300-1-50x50.jpg 50w, https:\/\/www.milanosiamonoi.com\/wp-content\/uploads\/2021\/04\/logo-milano50-300x300-1-25x25.jpg 25w, https:\/\/www.milanosiamonoi.com\/wp-content\/uploads\/2021\/04\/logo-milano50-300x300-1-90x90.jpg 90w\" sizes=\"(max-width: 300px) 100vw, 300px\" \/><\/figure><\/div>\n\n\n<figure class=\"wp-block-table aligncenter\"><table><tbody><tr><td>Presidente<\/td><td>Mario Masseroni<\/td><\/tr><tr><td>Allenatore<\/td><td>Pete Bessone<\/td><\/tr><\/tbody><\/table><\/figure>\n\n\n\n<figure class=\"wp-block-table\"><table><tbody><tr><td class=\"has-text-align-center\" data-align=\"center\">Ruolo<\/td><td><strong>Giocatori con almeno una presenza in prima squadra.<\/strong><\/td><\/tr><tr><td class=\"has-text-align-center\" data-align=\"center\">P<\/td><td>Vittorio Bolla, Franco Bollani.<\/td><\/tr><tr><td class=\"has-text-align-center\" data-align=\"center\">D<\/td><td>Pete Bessone, Giancarlo Bucchetti, Eno Campanini, Giuseppe Zerbi.<\/td><\/tr><tr><td class=\"has-text-align-center\" data-align=\"center\">A<\/td><td>Giancarlo Agazzi, Giancarlo Bulgheroni, Vincenzo Fardella, Umberto Gerli, Henry Hayes, Dino Innocenti (C), Mario Passerini.<\/td><\/tr><tr><td class=\"has-text-align-center\" data-align=\"center\">Rinforzo<\/td><td>Reto Delnon (La Chaux de Fonds)<\/td><\/tr><\/tbody><\/table><\/figure>\n\n\n<div class=\"wp-block-image is-resized\">\n<figure class=\"aligncenter size-large\"><img loading=\"lazy\" decoding=\"async\" width=\"623\" height=\"453\" src=\"https:\/\/www.milanosiamonoi.com\/wp-content\/uploads\/2020\/07\/50.12-foto-aga-bolla.jpg\" alt=\"\" class=\"wp-image-582\" srcset=\"https:\/\/www.milanosiamonoi.com\/wp-content\/uploads\/2020\/07\/50.12-foto-aga-bolla.jpg 623w, https:\/\/www.milanosiamonoi.com\/wp-content\/uploads\/2020\/07\/50.12-foto-aga-bolla-300x218.jpg 300w, https:\/\/www.milanosiamonoi.com\/wp-content\/uploads\/2020\/07\/50.12-foto-aga-bolla-100x73.jpg 100w, https:\/\/www.milanosiamonoi.com\/wp-content\/uploads\/2020\/07\/50.12-foto-aga-bolla-50x36.jpg 50w, https:\/\/www.milanosiamonoi.com\/wp-content\/uploads\/2020\/07\/50.12-foto-aga-bolla-25x18.jpg 25w\" sizes=\"(max-width: 623px) 100vw, 623px\" \/><figcaption class=\"wp-element-caption\"><em>I due giovani neo-acquisti Giancarlo Agazzi e Vittorio Bolla,<\/em><\/figcaption><\/figure><\/div>\n\n\n<p class=\"has-text-align-center\">Stagione da svolta fondamentale: il Milano diviene una sezione sportiva del FC Internazionale. In passato c&#8217;erano gi\u00e0 stati dei segnali di avvicinamento tra i due club, ma la collaborazione si era limitata alla vendita dei biglietti e al colore della maglia che nella seconda parte dello scorso anno era mutato in nerazzurro. Agostino Marzoli cede la presidenza a Mario Masseroni, figlio del presidente dell&#8217;Inter Carlo Rinaldo Masseroni. I vice-presidenti sono Angelo Moratti e Ivanoe Fraizzoli, nel CD presenti molti personaggi di provata fede interista se non addirittura consiglieri della squadra di calcio. Ne fanno parte anche Popi Sbarbaro e Renzo Bozzi fino a qualche anno prima presidenti di Diavoli Rossoneri e Amatori Milano. Alcuni dirigenti propongono il cambio della denominazione in HC Internazionale, ma alla fine la maggioranza opta per il pi\u00f9 semplice e continuativo HC Milano Inter. Alla decisione di Aldo Federici di passare ai Diavoli Rossoneri, fa riscontro una risonante campagna acquisti. Per risolvere il problema del portiere vengono acquistati Roberto Gandini e Vittorio Bolla, i Diavoli puntano su Fresia e la giovane promessa finirebbe per giocare poco o niente. Con Bolla dai Diavoli arriva anche Giuseppe Zerbi. Entra definitivamente nella rosa dei titolari il migliore giocatore della nuova generazione: Giancarlo Agazzi. L&#8217;attaccante dell&#8217;Amatori faceva gola anche ai cugini rossoneri, ma l&#8217;hanno spuntata i nerazzurri. Reto Delnon \u00e8 tornato in Svizzera, per sostituirlo nel ruolo di allenatore-giocatore preso l&#8217;italo-americano Pete Bessone. Tesserati anche altri due italo-americani, Eno Campanini (22 anni) e Mario Passerini (20 anni), come Bessone sono originari del Massachusetts.<\/p>\n\n\n<div class=\"wp-block-image\">\n<figure class=\"aligncenter size-large\"><img loading=\"lazy\" decoding=\"async\" width=\"672\" height=\"466\" src=\"https:\/\/www.milanosiamonoi.com\/wp-content\/uploads\/2021\/05\/50.11.16-M-Inter-Corsera-rit.-Copia.jpg\" alt=\"\" class=\"wp-image-7103\" srcset=\"https:\/\/www.milanosiamonoi.com\/wp-content\/uploads\/2021\/05\/50.11.16-M-Inter-Corsera-rit.-Copia.jpg 672w, https:\/\/www.milanosiamonoi.com\/wp-content\/uploads\/2021\/05\/50.11.16-M-Inter-Corsera-rit.-Copia-300x208.jpg 300w, https:\/\/www.milanosiamonoi.com\/wp-content\/uploads\/2021\/05\/50.11.16-M-Inter-Corsera-rit.-Copia-100x69.jpg 100w, https:\/\/www.milanosiamonoi.com\/wp-content\/uploads\/2021\/05\/50.11.16-M-Inter-Corsera-rit.-Copia-50x35.jpg 50w, https:\/\/www.milanosiamonoi.com\/wp-content\/uploads\/2021\/05\/50.11.16-M-Inter-Corsera-rit.-Copia-25x17.jpg 25w\" sizes=\"(max-width: 672px) 100vw, 672px\" \/><figcaption class=\"wp-element-caption\"><em>Articolo da &#8220;Il Corriere della Sera&#8221;.<\/em><\/figcaption><\/figure><\/div>\n\n\n<p class=\"has-text-align-center\">Gala d&#8217;apertura con  il ritorno a Milano di una squadra tedesca dalla fine della guerra. La formazione di Monaco di Baviera viene oltremodo sopravvalutata, non \u00e8 nemmeno in serie A e manca dei bisognosi e promessi rinforzi e pensare che dalla Svizzera si \u00e8 fatto venire a Milano  Reto Delnon. Certamente pi\u00f9 impegnative e avvincenti le due successive partite con il Berna SC.<\/p>\n\n\n<div class=\"wp-block-image is-resized\">\n<figure class=\"aligncenter size-large\"><img loading=\"lazy\" decoding=\"async\" width=\"800\" height=\"473\" src=\"https:\/\/www.milanosiamonoi.com\/wp-content\/uploads\/2021\/03\/50.11.17.jpg\" alt=\"\" class=\"wp-image-5429\" srcset=\"https:\/\/www.milanosiamonoi.com\/wp-content\/uploads\/2021\/03\/50.11.17.jpg 800w, https:\/\/www.milanosiamonoi.com\/wp-content\/uploads\/2021\/03\/50.11.17-300x177.jpg 300w, https:\/\/www.milanosiamonoi.com\/wp-content\/uploads\/2021\/03\/50.11.17-768x454.jpg 768w, https:\/\/www.milanosiamonoi.com\/wp-content\/uploads\/2021\/03\/50.11.17-100x59.jpg 100w, https:\/\/www.milanosiamonoi.com\/wp-content\/uploads\/2021\/03\/50.11.17-50x30.jpg 50w, https:\/\/www.milanosiamonoi.com\/wp-content\/uploads\/2021\/03\/50.11.17-25x15.jpg 25w, https:\/\/www.milanosiamonoi.com\/wp-content\/uploads\/2021\/03\/50.11.17-740x438.jpg 740w\" sizes=\"(max-width: 800px) 100vw, 800px\" \/><figcaption class=\"wp-element-caption\"><em>Pancone nerazzurro, da destra: Bessone, Agazzi, Fardella, Bollani e Passerini.<\/em><\/figcaption><\/figure><\/div>\n\n\n<figure class=\"wp-block-table aligncenter\"><table><tbody><tr><td class=\"has-text-align-center\" data-align=\"center\"><strong>1950<\/strong><\/td><td class=\"has-text-align-center\" data-align=\"center\"><strong>Partita amichevole<\/strong><\/td><td class=\"has-text-align-center\" data-align=\"center\">Risultato<\/td><\/tr><tr><td class=\"has-text-align-center\" data-align=\"center\">Milano, 17 novembre<\/td><td class=\"has-text-align-center\" data-align=\"center\">Milano Inter-SC Monaco <\/td><td class=\"has-text-align-center\" data-align=\"center\">8-1 (2-0; 2-0; 4-1)<\/td><\/tr><\/tbody><\/table><\/figure>\n\n\n<div class=\"wp-block-image is-resized\">\n<figure class=\"aligncenter size-large\"><img loading=\"lazy\" decoding=\"async\" width=\"800\" height=\"365\" src=\"https:\/\/www.milanosiamonoi.com\/wp-content\/uploads\/2021\/05\/50.11.18-M-SCM-8-1.jpg\" alt=\"\" class=\"wp-image-7125\" srcset=\"https:\/\/www.milanosiamonoi.com\/wp-content\/uploads\/2021\/05\/50.11.18-M-SCM-8-1.jpg 800w, https:\/\/www.milanosiamonoi.com\/wp-content\/uploads\/2021\/05\/50.11.18-M-SCM-8-1-300x137.jpg 300w, https:\/\/www.milanosiamonoi.com\/wp-content\/uploads\/2021\/05\/50.11.18-M-SCM-8-1-768x350.jpg 768w, https:\/\/www.milanosiamonoi.com\/wp-content\/uploads\/2021\/05\/50.11.18-M-SCM-8-1-100x46.jpg 100w, https:\/\/www.milanosiamonoi.com\/wp-content\/uploads\/2021\/05\/50.11.18-M-SCM-8-1-50x23.jpg 50w, https:\/\/www.milanosiamonoi.com\/wp-content\/uploads\/2021\/05\/50.11.18-M-SCM-8-1-25x11.jpg 25w, https:\/\/www.milanosiamonoi.com\/wp-content\/uploads\/2021\/05\/50.11.18-M-SCM-8-1-740x338.jpg 740w\" sizes=\"(max-width: 800px) 100vw, 800px\" \/><figcaption class=\"wp-element-caption\"><em>Un attacco dei nerazzurri alla porta dello SC Monaco.<\/em><\/figcaption><\/figure><\/div>\n\n<div class=\"wp-block-image is-resized\">\n<figure class=\"aligncenter size-large\"><img loading=\"lazy\" decoding=\"async\" width=\"800\" height=\"990\" src=\"https:\/\/www.milanosiamonoi.com\/wp-content\/uploads\/2021\/08\/52.mil_.jpg\" alt=\"\" class=\"wp-image-9624\" srcset=\"https:\/\/www.milanosiamonoi.com\/wp-content\/uploads\/2021\/08\/52.mil_.jpg 800w, https:\/\/www.milanosiamonoi.com\/wp-content\/uploads\/2021\/08\/52.mil_-242x300.jpg 242w, https:\/\/www.milanosiamonoi.com\/wp-content\/uploads\/2021\/08\/52.mil_-768x950.jpg 768w, https:\/\/www.milanosiamonoi.com\/wp-content\/uploads\/2021\/08\/52.mil_-81x100.jpg 81w, https:\/\/www.milanosiamonoi.com\/wp-content\/uploads\/2021\/08\/52.mil_-40x50.jpg 40w, https:\/\/www.milanosiamonoi.com\/wp-content\/uploads\/2021\/08\/52.mil_-20x25.jpg 20w, https:\/\/www.milanosiamonoi.com\/wp-content\/uploads\/2021\/08\/52.mil_-740x916.jpg 740w\" sizes=\"(max-width: 800px) 100vw, 800px\" \/><figcaption class=\"wp-element-caption\"><em>Ferrea difesa del Milano<\/em> <em>Inter con Bolla, Bessone e Agazzi.<\/em><\/figcaption><\/figure><\/div>\n\n\n<figure class=\"wp-block-table aligncenter\"><table><tbody><tr><td class=\"has-text-align-center\" data-align=\"center\"><strong>1950<\/strong><\/td><td class=\"has-text-align-center\" data-align=\"center\"><strong>Partite amichevoli.<\/strong><\/td><td class=\"has-text-align-center\" data-align=\"center\">Risultato<\/td><\/tr><tr><td class=\"has-text-align-center\" data-align=\"center\">Berna, 24 novembre<\/td><td class=\"has-text-align-center\" data-align=\"center\">SC Berna-Milano Inter<\/td><td class=\"has-text-align-center\" data-align=\"center\">3-4 (3-2; 0-2; 0-0)<\/td><\/tr><tr><td class=\"has-text-align-center\" data-align=\"center\">Milano, 26 novembre<\/td><td class=\"has-text-align-center\" data-align=\"center\">Milano Inter-SC Berna<\/td><td class=\"has-text-align-center\" data-align=\"center\">3-4 (1-0; 2-3; 0-1)<\/td><\/tr><\/tbody><\/table><\/figure>\n\n\n<div class=\"wp-block-image is-resized\">\n<figure class=\"aligncenter size-large\"><img loading=\"lazy\" decoding=\"async\" width=\"449\" height=\"465\" src=\"https:\/\/www.milanosiamonoi.com\/wp-content\/uploads\/2021\/05\/50.11.24-Bern-M-3-4.jpg\" alt=\"\" class=\"wp-image-7115\" srcset=\"https:\/\/www.milanosiamonoi.com\/wp-content\/uploads\/2021\/05\/50.11.24-Bern-M-3-4.jpg 449w, https:\/\/www.milanosiamonoi.com\/wp-content\/uploads\/2021\/05\/50.11.24-Bern-M-3-4-290x300.jpg 290w, https:\/\/www.milanosiamonoi.com\/wp-content\/uploads\/2021\/05\/50.11.24-Bern-M-3-4-97x100.jpg 97w, https:\/\/www.milanosiamonoi.com\/wp-content\/uploads\/2021\/05\/50.11.24-Bern-M-3-4-48x50.jpg 48w, https:\/\/www.milanosiamonoi.com\/wp-content\/uploads\/2021\/05\/50.11.24-Bern-M-3-4-25x25.jpg 25w\" sizes=\"(max-width: 449px) 100vw, 449px\" \/><figcaption class=\"wp-element-caption\"><em>Articolo da &#8220;La Gazzetta dello Sport&#8221;.<\/em><\/figcaption><\/figure><\/div>\n\n<div class=\"wp-block-image\">\n<figure class=\"aligncenter size-large\"><img loading=\"lazy\" decoding=\"async\" width=\"457\" height=\"387\" src=\"https:\/\/www.milanosiamonoi.com\/wp-content\/uploads\/2021\/05\/50.11.26-M-Bern-3-4.jpg\" alt=\"\" class=\"wp-image-7116\" srcset=\"https:\/\/www.milanosiamonoi.com\/wp-content\/uploads\/2021\/05\/50.11.26-M-Bern-3-4.jpg 457w, https:\/\/www.milanosiamonoi.com\/wp-content\/uploads\/2021\/05\/50.11.26-M-Bern-3-4-300x254.jpg 300w, https:\/\/www.milanosiamonoi.com\/wp-content\/uploads\/2021\/05\/50.11.26-M-Bern-3-4-100x85.jpg 100w, https:\/\/www.milanosiamonoi.com\/wp-content\/uploads\/2021\/05\/50.11.26-M-Bern-3-4-50x42.jpg 50w, https:\/\/www.milanosiamonoi.com\/wp-content\/uploads\/2021\/05\/50.11.26-M-Bern-3-4-25x21.jpg 25w\" sizes=\"(max-width: 457px) 100vw, 457px\" \/><figcaption class=\"wp-element-caption\"><em>Articolo da &#8220;La Gazzetta dello Sport&#8221;.<\/em><\/figcaption><\/figure><\/div>\n\n\n<p class=\"has-text-align-center\">Altro match con squadra svizzera di LNA: il Grasshopper. Vittoria troppo facile, ma gli zurighesi sono scesi al Palazzo privi di tre titolari, compreso il portiere, il cui sostituito Petrocchi, oltre a cimentarsi sul ghiaccio, \u00e8 anche l&#8217;estremo difensore della nazionale rossocrociata  di hockey su pista.<\/p>\n\n\n\n<figure class=\"wp-block-table aligncenter\"><table><tbody><tr><td class=\"has-text-align-center\" data-align=\"center\"><strong>1950<\/strong><\/td><td class=\"has-text-align-center\" data-align=\"center\"><strong>Milano &#8211;<\/strong> <strong>Partita amichevole<\/strong><\/td><td class=\"has-text-align-center\" data-align=\"center\">Risultato<\/td><\/tr><tr><td class=\"has-text-align-center\" data-align=\"center\">10 dicembre<\/td><td class=\"has-text-align-center\" data-align=\"center\">Milano Inter-Grasshopper<\/td><td class=\"has-text-align-center\" data-align=\"center\">12-4 (2-1; 5-2; 5-1)<\/td><\/tr><\/tbody><\/table><\/figure>\n\n\n\n<p class=\"has-text-align-center\">La rosa nerazzurra si consolida con l&#8217;ingaggio di Henry Hayes. Il canadese torna a Milano quattordici anni dopo la sua militanza nei Diavoli Rossoneri, stagione impreziosita dalla vittoria nella Coppa Spengler (1935).<\/p>\n\n\n\n<p class=\"has-text-align-center\">A met\u00e0 mese parte il campionato. La novit\u00e0 pi\u00f9 importante riguarda la possibilit\u00e0 di schierare due giocatori di scuola straniera da indicare alla Federazione prima dell&#8217;inizio della competizione, i due prescelti non potranno essere sostituti da altri stranieri\/oriundi, nemmeno in caso d&#8217;infortunio. Coach Pete Bessone sceglie se stesso e Mario Passerini. Nuovo anche il formato, nove squadre divise in tre gironi che si affronteranno in partite di andata e ritorno. Le prime di ogni girone alla fase finale. Ne esce un raggruppamento totalmente milanese: Milano, Diavoli Rossoneri e Amatori Milano in lotta tra loro.<\/p>\n\n\n\n<figure class=\"wp-block-table aligncenter\"><table><tbody><tr><td><strong>Prima fase del campionato italiano &#8211; Riassunto girone A<\/strong><\/td><\/tr><\/tbody><\/table><\/figure>\n\n\n\n<figure class=\"wp-block-table aligncenter\"><table><tbody><tr><td>14 dicembre 1950<\/td><td>Milano Inter-Diavoli Rossoneri<\/td><td>7-0 (2-0; 4-0; 1-0)<\/td><\/tr><tr><td>15 gennaio 1951<\/td><td>Milano Inter-Amatori Milano <\/td><td>17-3 (5-1; 6-1; 6-1)<\/td><\/tr><tr><td>18 gennaio 1951<\/td><td>Diavoli Rossoneri-Amatori Milano<\/td><td>16-1 (5-0; 3-0; 8-1)<\/td><\/tr><tr><td>? gennaio 1951<\/td><td>Amatori Milano-Milano Inter<\/td><td>3-14 *<\/td><\/tr><tr><td>28 gennaio 1951<\/td><td>Amatori Milano-Diavoli Rossoneri<\/td><td>3-13<\/td><\/tr><tr><td>4 febbraio 1951<\/td><td>Diavoli Rossoneri-Milano Inter<\/td><td>0-5 tav. *<\/td><\/tr><\/tbody><\/table><\/figure>\n\n\n\n<p class=\"has-text-align-center\">*Il risultato della partita Amatori Milano-Milano Inter (3-14) ottenuto dalla differenza reti della classifica finale (non trovato nessun articolo a riguardo). La vittoria a tavolino per 5-0 del Milano Inter sui Diavoli Rossoneri scaturita dal forfait dei Diavoli Rossoneri.  <\/p>\n\n\n\n<figure class=\"wp-block-table aligncenter\"><table><tbody><tr><td class=\"has-text-align-center\" data-align=\"center\">Milano Inter punti 8, Diavoli Rossoneri 4, Amatori Milano 0.<\/td><\/tr><tr><td class=\"has-text-align-center\" data-align=\"center\"><strong>Milano Inter alla fase finale.<\/strong><\/td><\/tr><\/tbody><\/table><\/figure>\n\n\n<div class=\"wp-block-image is-resized\">\n<figure class=\"aligncenter size-large\"><img loading=\"lazy\" decoding=\"async\" width=\"546\" height=\"522\" src=\"https:\/\/www.milanosiamonoi.com\/wp-content\/uploads\/2021\/05\/50.12.14-A-M-Drn-7-0.jpg\" alt=\"\" class=\"wp-image-7144\" srcset=\"https:\/\/www.milanosiamonoi.com\/wp-content\/uploads\/2021\/05\/50.12.14-A-M-Drn-7-0.jpg 546w, https:\/\/www.milanosiamonoi.com\/wp-content\/uploads\/2021\/05\/50.12.14-A-M-Drn-7-0-300x287.jpg 300w, https:\/\/www.milanosiamonoi.com\/wp-content\/uploads\/2021\/05\/50.12.14-A-M-Drn-7-0-100x96.jpg 100w, https:\/\/www.milanosiamonoi.com\/wp-content\/uploads\/2021\/05\/50.12.14-A-M-Drn-7-0-50x48.jpg 50w, https:\/\/www.milanosiamonoi.com\/wp-content\/uploads\/2021\/05\/50.12.14-A-M-Drn-7-0-25x25.jpg 25w\" sizes=\"(max-width: 546px) 100vw, 546px\" \/><figcaption class=\"wp-element-caption\"><em>14 dicembre 1950, Milano-Diavoli Rossoneri 7-0. Articolo da &#8220;La Gazzetta dello Sport&#8221;.<\/em><\/figcaption><\/figure><\/div>\n\n<div class=\"wp-block-image\">\n<figure class=\"aligncenter size-large\"><img loading=\"lazy\" decoding=\"async\" width=\"250\" height=\"429\" src=\"https:\/\/www.milanosiamonoi.com\/wp-content\/uploads\/2021\/05\/51.01.15-M-Am-17-3-dritta-GdS.jpg\" alt=\"\" class=\"wp-image-7149\" srcset=\"https:\/\/www.milanosiamonoi.com\/wp-content\/uploads\/2021\/05\/51.01.15-M-Am-17-3-dritta-GdS.jpg 250w, https:\/\/www.milanosiamonoi.com\/wp-content\/uploads\/2021\/05\/51.01.15-M-Am-17-3-dritta-GdS-175x300.jpg 175w, https:\/\/www.milanosiamonoi.com\/wp-content\/uploads\/2021\/05\/51.01.15-M-Am-17-3-dritta-GdS-58x100.jpg 58w, https:\/\/www.milanosiamonoi.com\/wp-content\/uploads\/2021\/05\/51.01.15-M-Am-17-3-dritta-GdS-29x50.jpg 29w, https:\/\/www.milanosiamonoi.com\/wp-content\/uploads\/2021\/05\/51.01.15-M-Am-17-3-dritta-GdS-15x25.jpg 15w\" sizes=\"(max-width: 250px) 100vw, 250px\" \/><figcaption class=\"wp-element-caption\"><em>Partita del 15 gennaio 1951 (La Gazzetta dello Sport).<\/em><\/figcaption><\/figure><\/div>\n\n\n<p class=\"has-text-align-center\">Il Milano si qualifica agevolmente per la fase finale. I Diavoli Rossoneri, nonostante una roboante campagna acquisti, sono sempre alle prese con l&#8217;esiguo numero di giocatori italiani, sicch\u00e9 nell&#8217;unico derby di campionato disputato torna sul ghiaccio persino il ct Gino Bestagini. L&#8217;Amatori ha riposto nel cassetto i sogni di gloria maturati negli ultimi due anni e deve accontentarsi di far fiorire il vivaio: in evidenza un giovanissimo Tino Crotti.<\/p>\n\n\n\n<p class=\"has-text-align-center\">Successivamente alla prima gara di campionato, a un anno di distanza i nerazzurri tornano a Losanna per partecipare alla Coppa Devred dove esordisce Henry Hayes.<\/p>\n\n\n\n<figure class=\"wp-block-table aligncenter\"><table><tbody><tr><td class=\"has-text-align-center\" data-align=\"center\"><strong>1950<\/strong><\/td><td class=\"has-text-align-center\" data-align=\"center\"><strong>Losanna, Coppa Devred &#8211; Semifinali<\/strong><\/td><td class=\"has-text-align-center\" data-align=\"center\">Risultato<\/td><\/tr><tr><td class=\"has-text-align-center\" data-align=\"center\">16 dicembre<\/td><td class=\"has-text-align-center\" data-align=\"center\">Zurigo SC-Milano Inter<\/td><td class=\"has-text-align-center\" data-align=\"center\">9-5 (4-1; 3-2; 2-2)<\/td><\/tr><tr><td class=\"has-text-align-center\" data-align=\"center\"><\/td><td class=\"has-text-align-center\" data-align=\"center\">Losanna-Davos<\/td><td class=\"has-text-align-center\" data-align=\"center\">7-3 (2-0; 2-2; 3-1)<\/td><\/tr><tr><td class=\"has-text-align-center\" data-align=\"center\"><\/td><td class=\"has-text-align-center\" data-align=\"center\"><strong>Finale 3\u00b0 posto<\/strong> (ex aequo)<\/td><td class=\"has-text-align-center\" data-align=\"center\"><\/td><\/tr><tr><td class=\"has-text-align-center\" data-align=\"center\">17 dicembre<\/td><td class=\"has-text-align-center\" data-align=\"center\">Davos-Milano Inter<\/td><td class=\"has-text-align-center\" data-align=\"center\">5-5 (1-2; 2-0; 2-3)<\/td><\/tr><tr><td class=\"has-text-align-center\" data-align=\"center\"><\/td><td class=\"has-text-align-center\" data-align=\"center\"><strong>Finale 1\u00b0 posto<\/strong><\/td><td class=\"has-text-align-center\" data-align=\"center\"><\/td><\/tr><tr><td class=\"has-text-align-center\" data-align=\"center\"><\/td><td class=\"has-text-align-center\" data-align=\"center\">Losanna-Zurigo SC<\/td><td class=\"has-text-align-center\" data-align=\"center\">3-6 (1-1; 0-2; 2-3)<\/td><\/tr><\/tbody><\/table><\/figure>\n\n\n\n<p class=\"has-text-align-center\">A dodici anni di distanza dalla prima edizione viene rimessa in palio la Coppa citt\u00e0 di Milano, questa volta a patrocinare l\u2019evento \u00e8 il comune di Milano, con il sindaco Antonio Greppi in prima fila. Se la contenderanno le due maggiori squadre cittadine, il trofeo verr\u00e0 assegnato a chi per prima, tra Milano e Diavoli Rossoneri, vincer\u00e0 due partite (inizialmente si era parlato di tre) anche non consecutive. Viste le difficolt\u00e0 economiche incontrate negli ultimi anni, la formula \u00e8 stata studiata a puntino in modo da poter garantire ai due club almeno un paio di ragguardevoli incassi. Primo scontro il 20 dicembre 1950.<\/p>\n\n\n<div class=\"wp-block-image is-resized\">\n<figure class=\"aligncenter size-large\"><img loading=\"lazy\" decoding=\"async\" width=\"593\" height=\"596\" src=\"https:\/\/www.milanosiamonoi.com\/wp-content\/uploads\/2021\/05\/50.12.20-M-Drn-0-0-Brai-1.jpg\" alt=\"\" class=\"wp-image-7223\" srcset=\"https:\/\/www.milanosiamonoi.com\/wp-content\/uploads\/2021\/05\/50.12.20-M-Drn-0-0-Brai-1.jpg 593w, https:\/\/www.milanosiamonoi.com\/wp-content\/uploads\/2021\/05\/50.12.20-M-Drn-0-0-Brai-1-298x300.jpg 298w, https:\/\/www.milanosiamonoi.com\/wp-content\/uploads\/2021\/05\/50.12.20-M-Drn-0-0-Brai-1-150x150.jpg 150w, https:\/\/www.milanosiamonoi.com\/wp-content\/uploads\/2021\/05\/50.12.20-M-Drn-0-0-Brai-1-100x100.jpg 100w, https:\/\/www.milanosiamonoi.com\/wp-content\/uploads\/2021\/05\/50.12.20-M-Drn-0-0-Brai-1-50x50.jpg 50w, https:\/\/www.milanosiamonoi.com\/wp-content\/uploads\/2021\/05\/50.12.20-M-Drn-0-0-Brai-1-25x25.jpg 25w, https:\/\/www.milanosiamonoi.com\/wp-content\/uploads\/2021\/05\/50.12.20-M-Drn-0-0-Brai-1-90x90.jpg 90w\" sizes=\"(max-width: 593px) 100vw, 593px\" \/><figcaption class=\"wp-element-caption\"><em>Articolo da &#8220;La Gazzetta dello Sport&#8221;.<\/em><\/figcaption><\/figure><\/div>\n\n<div class=\"wp-block-image\">\n<figure class=\"aligncenter size-large\"><img loading=\"lazy\" decoding=\"async\" width=\"348\" height=\"475\" src=\"https:\/\/www.milanosiamonoi.com\/wp-content\/uploads\/2021\/06\/50.12.21-foto-Drn-M-0-0-corinfo.png\" alt=\"\" class=\"wp-image-7492\" srcset=\"https:\/\/www.milanosiamonoi.com\/wp-content\/uploads\/2021\/06\/50.12.21-foto-Drn-M-0-0-corinfo.png 348w, https:\/\/www.milanosiamonoi.com\/wp-content\/uploads\/2021\/06\/50.12.21-foto-Drn-M-0-0-corinfo-220x300.png 220w, https:\/\/www.milanosiamonoi.com\/wp-content\/uploads\/2021\/06\/50.12.21-foto-Drn-M-0-0-corinfo-73x100.png 73w, https:\/\/www.milanosiamonoi.com\/wp-content\/uploads\/2021\/06\/50.12.21-foto-Drn-M-0-0-corinfo-37x50.png 37w, https:\/\/www.milanosiamonoi.com\/wp-content\/uploads\/2021\/06\/50.12.21-foto-Drn-M-0-0-corinfo-18x25.png 18w\" sizes=\"(max-width: 348px) 100vw, 348px\" \/><figcaption class=\"wp-element-caption\"><em>Attacco nerazzurro alla porta di Fresia. (Corriere d&#8217;Informazione)<\/em><\/figcaption><\/figure><\/div>\n\n\n<p class=\"has-text-align-center\">Ultimi giorni dell&#8217;anno e primi di gennaio in Germania e Svizzera. Escluso il Miesbach le altre tre avversarie tedesche militano in serie A. Hockeisticamente la Germania \u00e8 sempre al bando, ma i club possono giocare le amichevoli. Nella prima partita con il Riessersee l&#8217;arbitro di casa dirige secondo le regole d&#8217;anteguerra e il Milano subisce una grandinata di penalit\u00e0. Il 31 dicembre il fischietto passa a Ignazio Dionisi che ha modo di illustrare le nuove regole ai bavaresi.<\/p>\n\n\n\n<figure class=\"wp-block-table aligncenter\"><table><tbody><tr><td class=\"has-text-align-center\" data-align=\"center\"><strong>1950<\/strong><\/td><td class=\"has-text-align-center\" data-align=\"center\"><strong>Partite amichevoli.<\/strong><\/td><td class=\"has-text-align-center\" data-align=\"center\">Risultato<\/td><\/tr><tr><td class=\"has-text-align-center\" data-align=\"center\">Ga-Pa, 28 dicembre<\/td><td class=\"has-text-align-center\" data-align=\"center\">Riessersee SC-Milano Inter<\/td><td class=\"has-text-align-center\" data-align=\"center\">5-2 (2-0; 2-2; 1-0)<\/td><\/tr><tr><td class=\"has-text-align-center\" data-align=\"center\">Bad Toelz, 30 dicembre<\/td><td class=\"has-text-align-center\" data-align=\"center\">Bad Toelz-Milano Inter<\/td><td class=\"has-text-align-center\" data-align=\"center\">4-10 (1-3; 1-4; 2-3)<\/td><\/tr><tr><td class=\"has-text-align-center\" data-align=\"center\">Ga-Pa, 31 dicembre<\/td><td class=\"has-text-align-center\" data-align=\"center\">Riessersee SC-Milano Inter<\/td><td class=\"has-text-align-center\" data-align=\"center\">5-7 (2-2; 2-4; 1-1)<\/td><\/tr><tr><td class=\"has-text-align-center\" data-align=\"center\"><strong>1951<\/strong><\/td><td class=\"has-text-align-center\" data-align=\"center\"><\/td><td class=\"has-text-align-center\" data-align=\"center\"><\/td><\/tr><tr><td class=\"has-text-align-center\" data-align=\"center\">Tegernsee, ? gennaio<\/td><td class=\"has-text-align-center\" data-align=\"center\">Tegernsee EV-Milano Inter<\/td><td class=\"has-text-align-center\" data-align=\"center\">2-6 (0-3; 0-3; 1-2)<\/td><\/tr><tr><td class=\"has-text-align-center\" data-align=\"center\">Miesbach, ? gennaio<\/td><td class=\"has-text-align-center\" data-align=\"center\">Miesbach EV-Milano Inter<\/td><td class=\"has-text-align-center\" data-align=\"center\">5-11 (2-1; 1-8; 1-2)<\/td><\/tr><tr><td class=\"has-text-align-center\" data-align=\"center\">Ambr\u00ec, 14 gennaio<\/td><td class=\"has-text-align-center\" data-align=\"center\">Ambr\u00ec Piotta-Milano Inter<\/td><td class=\"has-text-align-center\" data-align=\"center\">7-7 (3-1; 3-2; 1-4)<\/td><\/tr><\/tbody><\/table><\/figure>\n\n\n<div class=\"wp-block-image\">\n<figure class=\"aligncenter size-large\"><img loading=\"lazy\" decoding=\"async\" width=\"504\" height=\"375\" src=\"https:\/\/www.milanosiamonoi.com\/wp-content\/uploads\/2021\/05\/50.12.31-Riess-M-5-7.jpg\" alt=\"\" class=\"wp-image-7188\" srcset=\"https:\/\/www.milanosiamonoi.com\/wp-content\/uploads\/2021\/05\/50.12.31-Riess-M-5-7.jpg 504w, https:\/\/www.milanosiamonoi.com\/wp-content\/uploads\/2021\/05\/50.12.31-Riess-M-5-7-300x223.jpg 300w, https:\/\/www.milanosiamonoi.com\/wp-content\/uploads\/2021\/05\/50.12.31-Riess-M-5-7-100x74.jpg 100w, https:\/\/www.milanosiamonoi.com\/wp-content\/uploads\/2021\/05\/50.12.31-Riess-M-5-7-50x37.jpg 50w, https:\/\/www.milanosiamonoi.com\/wp-content\/uploads\/2021\/05\/50.12.31-Riess-M-5-7-25x19.jpg 25w\" sizes=\"(max-width: 504px) 100vw, 504px\" \/><figcaption class=\"wp-element-caption\"><em>Quaterna di Henry Hayes. Articolo da &#8220;La Gazzetta dello Sport&#8221;<\/em>.<\/figcaption><\/figure><\/div>\n\n<div class=\"wp-block-image\">\n<figure class=\"aligncenter size-large\"><img loading=\"lazy\" decoding=\"async\" width=\"257\" height=\"407\" src=\"https:\/\/www.milanosiamonoi.com\/wp-content\/uploads\/2021\/05\/51.01.14-Ambri-M-7-7.jpg\" alt=\"\" class=\"wp-image-7189\" srcset=\"https:\/\/www.milanosiamonoi.com\/wp-content\/uploads\/2021\/05\/51.01.14-Ambri-M-7-7.jpg 257w, https:\/\/www.milanosiamonoi.com\/wp-content\/uploads\/2021\/05\/51.01.14-Ambri-M-7-7-189x300.jpg 189w, https:\/\/www.milanosiamonoi.com\/wp-content\/uploads\/2021\/05\/51.01.14-Ambri-M-7-7-63x100.jpg 63w, https:\/\/www.milanosiamonoi.com\/wp-content\/uploads\/2021\/05\/51.01.14-Ambri-M-7-7-32x50.jpg 32w, https:\/\/www.milanosiamonoi.com\/wp-content\/uploads\/2021\/05\/51.01.14-Ambri-M-7-7-16x25.jpg 16w\" sizes=\"(max-width: 257px) 100vw, 257px\" \/><figcaption class=\"wp-element-caption\"><em>Da &#8220;La Gazzetta dello Sport&#8221;.<\/em><\/figcaption><\/figure><\/div>\n\n\n<p class=\"has-text-align-center\">Superato l&#8217;Amatori nella seconda gara di campionato i nerazzurri tornano in Svizzera per prepararsi al secondo round della Coppa citt\u00e0 di Milano. Avversari i Neuchatel Young Sprinters dell&#8217;ex rossonero Vlastimil Suchoparek e La Chaux de Fonds formazione che divide con St. Moritz e Ambr\u00ec Piotta i favori del pronostico per la vittoria finale nel campionato di LNB.<\/p>\n\n\n\n<figure class=\"wp-block-table aligncenter\"><table><tbody><tr><td class=\"has-text-align-center\" data-align=\"center\"><strong>1951<\/strong><\/td><td class=\"has-text-align-center\" data-align=\"center\"><strong>Partita amichevole<\/strong><\/td><td class=\"has-text-align-center\" data-align=\"center\">Risultato<\/td><\/tr><tr><td class=\"has-text-align-center\" data-align=\"center\">Neuchatel, 17 gennaio<\/td><td class=\"has-text-align-center\" data-align=\"center\">NE Young Sprinter-Milano<\/td><td class=\"has-text-align-center\" data-align=\"center\">2-9 (1-6; 1-2; 0-1)<\/td><\/tr><\/tbody><\/table><\/figure>\n\n\n\n<p class=\"has-text-align-center\">A La Chaux de Fonds il 18 gennaio piove a dirotto, non si gioca e la partita viene posticipata al giorno dopo. Il 19 gennaio la temperatura diminuisce e la pioggia diventa neve. Sono stati venduti 1500 biglietti e per evitare il rimborso le squadre si accordano per un incontro\/esibizione su tre tempi di dieci minuti l&#8217;uno. Le condizioni climatiche non cambiano, dieci\/quindici centimetri di neve ricoprono la patinoire. Il Milano accontenta i locali, ma si  resta in piedi a fatica, le cadute aumentano e il rischio infortuni incombe. Diversi giocatori nerazzurri escono prima della fine. L&#8217;esibizione registra il risultato di 8-1 per La Chaux de Fonds, i dirigenti locali rimproverano i milanesi per avere snobbato l&#8217;evento, i nerazzurri ribattono che \u00e8 gi\u00e0 stato un miracolo giocare mezz&#8217;ora: attrito tra i due club.<\/p>\n\n\n\n<p class=\"has-text-align-center\">Il 24 gennaio secondo atto del citt\u00e0 di Milano <\/p>\n\n\n<div class=\"wp-block-image is-resized\">\n<figure class=\"aligncenter size-large\"><img loading=\"lazy\" decoding=\"async\" width=\"711\" height=\"400\" src=\"https:\/\/www.milanosiamonoi.com\/wp-content\/uploads\/2021\/05\/51.01.24-foto-DRN-M-3-2-progr.-corretto-picc.jpg\" alt=\"\" class=\"wp-image-7203\" srcset=\"https:\/\/www.milanosiamonoi.com\/wp-content\/uploads\/2021\/05\/51.01.24-foto-DRN-M-3-2-progr.-corretto-picc.jpg 711w, https:\/\/www.milanosiamonoi.com\/wp-content\/uploads\/2021\/05\/51.01.24-foto-DRN-M-3-2-progr.-corretto-picc-300x169.jpg 300w, https:\/\/www.milanosiamonoi.com\/wp-content\/uploads\/2021\/05\/51.01.24-foto-DRN-M-3-2-progr.-corretto-picc-100x56.jpg 100w, https:\/\/www.milanosiamonoi.com\/wp-content\/uploads\/2021\/05\/51.01.24-foto-DRN-M-3-2-progr.-corretto-picc-50x28.jpg 50w, https:\/\/www.milanosiamonoi.com\/wp-content\/uploads\/2021\/05\/51.01.24-foto-DRN-M-3-2-progr.-corretto-picc-25x14.jpg 25w\" sizes=\"(max-width: 711px) 100vw, 711px\" \/><figcaption class=\"wp-element-caption\"><em>Programma partita del Milano Inter.<\/em><\/figcaption><\/figure><\/div>\n\n<div class=\"wp-block-image is-resized\">\n<figure class=\"aligncenter size-large\"><img loading=\"lazy\" decoding=\"async\" width=\"1024\" height=\"1004\" src=\"https:\/\/www.milanosiamonoi.com\/wp-content\/uploads\/2020\/07\/51.01.24-Drn-M-3-2-Brai-1024x1004.jpg\" alt=\"\" class=\"wp-image-588\" srcset=\"https:\/\/www.milanosiamonoi.com\/wp-content\/uploads\/2020\/07\/51.01.24-Drn-M-3-2-Brai-1024x1004.jpg 1024w, https:\/\/www.milanosiamonoi.com\/wp-content\/uploads\/2020\/07\/51.01.24-Drn-M-3-2-Brai-300x294.jpg 300w, https:\/\/www.milanosiamonoi.com\/wp-content\/uploads\/2020\/07\/51.01.24-Drn-M-3-2-Brai-768x753.jpg 768w, https:\/\/www.milanosiamonoi.com\/wp-content\/uploads\/2020\/07\/51.01.24-Drn-M-3-2-Brai-100x98.jpg 100w, https:\/\/www.milanosiamonoi.com\/wp-content\/uploads\/2020\/07\/51.01.24-Drn-M-3-2-Brai-50x50.jpg 50w, https:\/\/www.milanosiamonoi.com\/wp-content\/uploads\/2020\/07\/51.01.24-Drn-M-3-2-Brai-25x25.jpg 25w, https:\/\/www.milanosiamonoi.com\/wp-content\/uploads\/2020\/07\/51.01.24-Drn-M-3-2-Brai-740x726.jpg 740w, https:\/\/www.milanosiamonoi.com\/wp-content\/uploads\/2020\/07\/51.01.24-Drn-M-3-2-Brai.jpg 1085w\" sizes=\"(max-width: 1024px) 100vw, 1024px\" \/><figcaption class=\"wp-element-caption\"><em>Articolo da &#8220;La Gazzetta dello Sport&#8221;.<\/em><\/figcaption><\/figure><\/div>\n\n\n<p class=\"has-text-align-center\">Per gli appassionati di hockey italiani il momento clou della stagione \u00e8 sempre quello dei match con il Canada, quest&#8217;anno rappresentato al mondiale di Parigi da Lethbridge Maple Leafs. Tre le partite disputate al Piranesi: Milano, Diavoli Rossoneri e stranieri delle milanesi. Larghe le vittorie dei Maple Leafs con i due club meneghini, i canadesi hanno invece dovuto impegnarsi al massimo per battere gli stranieri, sostenuti dal tifo pazzesco di tutti i presenti convinti che si poteva clamorosamente vincere. I nerazzurri prima e dopo l&#8217;evento hanno ribattuto Amatori Milano e Diavoli Rossoneri nei restanti incontri della prima fase di campionato. I rivali di sempre, ritenendosi ormai eliminati, hanno dato forfait e sono partiti per una tourn\u00e9e in Svezia.<\/p>\n\n\n\n<figure class=\"wp-block-table aligncenter\"><table><tbody><tr><td><strong>Milano, 30 gennaio 1951 &#8211; Partita amichevole.<\/strong><\/td><td class=\"has-text-align-center\" data-align=\"center\">Risultato<\/td><\/tr><tr><td>Milano Inter-Lethbridge Maple Leafs<\/td><td class=\"has-text-align-center\" data-align=\"center\">1-12 (1-4; 0-2; 2-4)<\/td><\/tr><\/tbody><\/table><\/figure>\n\n\n<div class=\"wp-block-image is-resized\">\n<figure class=\"aligncenter size-large\"><img loading=\"lazy\" decoding=\"async\" width=\"511\" height=\"579\" src=\"https:\/\/www.milanosiamonoi.com\/wp-content\/uploads\/2021\/05\/51.02.01-SM-LML-3-4-Corsear.jpg\" alt=\"\" class=\"wp-image-7215\" srcset=\"https:\/\/www.milanosiamonoi.com\/wp-content\/uploads\/2021\/05\/51.02.01-SM-LML-3-4-Corsear.jpg 511w, https:\/\/www.milanosiamonoi.com\/wp-content\/uploads\/2021\/05\/51.02.01-SM-LML-3-4-Corsear-265x300.jpg 265w, https:\/\/www.milanosiamonoi.com\/wp-content\/uploads\/2021\/05\/51.02.01-SM-LML-3-4-Corsear-88x100.jpg 88w, https:\/\/www.milanosiamonoi.com\/wp-content\/uploads\/2021\/05\/51.02.01-SM-LML-3-4-Corsear-44x50.jpg 44w, https:\/\/www.milanosiamonoi.com\/wp-content\/uploads\/2021\/05\/51.02.01-SM-LML-3-4-Corsear-22x25.jpg 22w\" sizes=\"(max-width: 511px) 100vw, 511px\" \/><figcaption class=\"wp-element-caption\"><em>Articolo da &#8220;Il Corriere della Sera&#8221;.<\/em><\/figcaption><\/figure><\/div>\n\n\n<p class=\"has-text-align-center\">Febbraio dedicato ad amichevoli, girone finale di campionato, e allenamenti della Nazionale. Gli azzurri andranno a Parigi dove, in concomitanza con il mondiale, Austria, Belgio, Francia, Jugoslavia, Olanda e Italia daranno vita a un torneo denominato dalla Lega Internazionale Criterium d&#8217;Europa. In Francia e Svizzera dominano freddo e neve, della gara di Chamonix nessuna notizia e potrebbe anche non esserci stata. A Zurigo neve fitta e partita interrotta pi\u00f9 volte per ripulire il ghiaccio. In Engadina i rivali principali dei nerazzurri sono freddo e altitudine, ma solo nei primi venti minuti, in seguito vige la legge del pi\u00f9 forte. <\/p>\n\n\n\n<figure class=\"wp-block-table aligncenter\"><table><tbody><tr><td class=\"has-text-align-center\" data-align=\"center\"><strong>1951<\/strong><\/td><td class=\"has-text-align-center\" data-align=\"center\"><strong>Partite amichevoli<\/strong><\/td><td class=\"has-text-align-center\" data-align=\"center\">Risultato<\/td><\/tr><tr><td class=\"has-text-align-center\" data-align=\"center\">Ortisei, 3 febbraio<\/td><td class=\"has-text-align-center\" data-align=\"center\">Ortisei-Milano Inter<\/td><td class=\"has-text-align-center\" data-align=\"center\">1-6 (0-2; 1-3; 0-1)<\/td><\/tr><tr><td class=\"has-text-align-center\" data-align=\"center\">Ortisei, 4 febbraio<\/td><td class=\"has-text-align-center\" data-align=\"center\">Ortisei-Milano Inter<\/td><td class=\"has-text-align-center\" data-align=\"center\">1-10 (0-1; 1-6; 0-3)<\/td><\/tr><tr><td class=\"has-text-align-center\" data-align=\"center\">Chamonix, 23 febbraio<\/td><td class=\"has-text-align-center\" data-align=\"center\">Chamonix-Milano Inter<\/td><td class=\"has-text-align-center\" data-align=\"center\">nessuna notizia.<\/td><\/tr><tr><td class=\"has-text-align-center\" data-align=\"center\">Zurigo, 24 febbraio<\/td><td class=\"has-text-align-center\" data-align=\"center\">Grasshopper-Milano Inter<\/td><td class=\"has-text-align-center\" data-align=\"center\">4-3 (2-1; 1-1; 1-1)<\/td><\/tr><tr><td class=\"has-text-align-center\" data-align=\"center\">St. Moritz, 25 febbraio<\/td><td class=\"has-text-align-center\" data-align=\"center\">St. Moritz-Milano Inter<\/td><td class=\"has-text-align-center\" data-align=\"center\">10-11 (7-1; 1-5; 2-5)<\/td><\/tr><\/tbody><\/table><\/figure>\n\n\n\n<p class=\"has-text-align-center\">Con la stagione invernale al tramonto il girone finale di campionato si gioca nuovamente al Piranesi. Dovendosi ancora disputare Auronzo Misurina-Ortisei il girone B non si \u00e8 concluso; il Cortina ha 5 punti, l&#8217;Ortisei 3 e l&#8217;Auronzo 2. Gli ampezzani sospendono l&#8217;attivit\u00e0 per mancanza di ghiaccio e la Federazione decide di far giocare il match tra Auronzo e Ortisei a Milano lo stesso giorno della partita inaugurale tra nerazzurri e Alleghe. La spunta l&#8217;Auronzo (7-3) che con Alleghe e Milano giocher\u00e0 per lo scudetto. Nel girone finale il Milano non pu\u00f2 contare su Giuseppe Zerbi che sta prestando il servizio militare a Bari, Pete Bessone sposta Bulgheroni in difesa e schiera se stesso in attacco; si scambieranno il ruolo nel corso delle due partite.<\/p>\n\n\n<div class=\"wp-block-image\">\n<figure class=\"aligncenter size-large\"><img loading=\"lazy\" decoding=\"async\" width=\"435\" height=\"408\" src=\"https:\/\/www.milanosiamonoi.com\/wp-content\/uploads\/2021\/05\/51.02.26-M-Alle-15-0.jpg\" alt=\"\" class=\"wp-image-7250\" srcset=\"https:\/\/www.milanosiamonoi.com\/wp-content\/uploads\/2021\/05\/51.02.26-M-Alle-15-0.jpg 435w, https:\/\/www.milanosiamonoi.com\/wp-content\/uploads\/2021\/05\/51.02.26-M-Alle-15-0-300x281.jpg 300w, https:\/\/www.milanosiamonoi.com\/wp-content\/uploads\/2021\/05\/51.02.26-M-Alle-15-0-100x94.jpg 100w, https:\/\/www.milanosiamonoi.com\/wp-content\/uploads\/2021\/05\/51.02.26-M-Alle-15-0-50x47.jpg 50w, https:\/\/www.milanosiamonoi.com\/wp-content\/uploads\/2021\/05\/51.02.26-M-Alle-15-0-25x23.jpg 25w\" sizes=\"(max-width: 435px) 100vw, 435px\" \/><figcaption class=\"wp-element-caption\"><em>Articolo da &#8220;La Gazzetta dello Sport&#8221;.<\/em><\/figcaption><\/figure><\/div>\n\n\n<figure class=\"wp-block-table\"><table><tbody><tr><td><strong>Milano, 27 febbraio 1951 &#8211; Girone finale campionato italiano.<\/strong><\/td><\/tr><tr><td>Auronzo Misurina-Alleghe 6-5 (1-2; 0-1; 5-2)<\/td><\/tr><tr><td><strong>Milano, 28 febbraio 1951 &#8211; Girone finale campionato italiano.<\/strong><\/td><\/tr><tr><td>Milano Inter-Auronzo Misurina 5-1 (2-1; 2-0; 1-0)<\/td><\/tr><tr><td>Milano Inter: Bolla; Bucchetti, Bulgheroni; Passerini, Agazzi, Bessone; Fardella, Innocenti, Gerli.<\/td><\/tr><tr><td>Auronzo Misurina: Amenth; Scheibmeier, Quinz; C. Pahler, Rizzardi; W. Colombo, I. Lorenzi, F. Macchietto; M. Zandegiacomo Todeschin, U. Pais, F. Da Corte; S. Larese Fece.<\/td><\/tr><tr><td>Reti: 1\u00b0t. Agazzi, <em>I. Lorenzi, <\/em>Gerli. 2\u00b0t. Passerini, Gerli. 3\u00b0t. Innocenti.<\/td><\/tr><tr><td>Arbitri: Galetti e Demetz.<\/td><\/tr><tr><td>Milano Inter punti 4, Auronzo 2, Alleghe 0. <\/td><\/tr><tr><td><strong>Milano Inter campione d&#8217;Italia.<\/strong><\/td><\/tr><\/tbody><\/table><\/figure>\n\n\n\n<figure class=\"wp-block-table aligncenter\"><table><tbody><tr><td class=\"has-text-align-center\" data-align=\"center\"><strong>Giocatori impiegati in campionato dal Milano Inter.<\/strong><\/td><\/tr><tr><td class=\"has-text-align-center\" data-align=\"center\">Vittorio Bolla; Pete Bessone, Giancarlo Bucchetti, Giuseppe Zerbi; Giancarlo Agazzi, Giancarlo Bulgheroni, Vincenzo Fardella, Umberto Gerli, Dino Innocenti, Mario Passerini.<\/td><\/tr><\/tbody><\/table><\/figure>\n\n\n\n<p class=\"has-text-align-center\">Due importanti test con la Svizzera B in proiezione Criterium. Vittoria in trasferta e sconfitta casalinga. I ct Gino Bestagini e Franco Rossi hanno scelto giocatori delle milanesi con la sola eccezione di Guerrino Beltrami (Losanna HC). Bolla e Fresia si contendono il posto da titolare, decisiva la partita di Milano; Bolla si lascia sorprendere da un paio di tiri non irresistibile e a Parigi il posto davanti alla gabbia \u00e8 di Fresia.<\/p>\n\n\n\n<figure class=\"wp-block-table aligncenter\"><table><tbody><tr><td><strong>Neuchatel, 2 marzo 1951 &#8211; Partita amichevole.<\/strong><\/td><td class=\"has-text-align-center\" data-align=\"center\">Risultato<\/td><\/tr><tr><td>Svizzera B-Italia<\/td><td class=\"has-text-align-center\" data-align=\"center\">4-5 (1-1; 2-2; 1-2)<\/td><\/tr><tr><td><strong>Milano, 3 marzo 1951 &#8211; Partita amichevole.<\/strong><\/td><td class=\"has-text-align-center\" data-align=\"center\"><\/td><\/tr><tr><td>Italia-Svizzera B<\/td><td class=\"has-text-align-center\" data-align=\"center\">3-5 (2-3; 0-2; 1-0)<\/td><\/tr><\/tbody><\/table><\/figure>\n\n\n<div class=\"wp-block-image is-resized\">\n<figure class=\"aligncenter size-large\"><img loading=\"lazy\" decoding=\"async\" width=\"693\" height=\"431\" src=\"https:\/\/www.milanosiamonoi.com\/wp-content\/uploads\/2021\/05\/51.03.03-foto-Italia.jpg\" alt=\"\" class=\"wp-image-7271\" srcset=\"https:\/\/www.milanosiamonoi.com\/wp-content\/uploads\/2021\/05\/51.03.03-foto-Italia.jpg 693w, https:\/\/www.milanosiamonoi.com\/wp-content\/uploads\/2021\/05\/51.03.03-foto-Italia-300x187.jpg 300w, https:\/\/www.milanosiamonoi.com\/wp-content\/uploads\/2021\/05\/51.03.03-foto-Italia-100x62.jpg 100w, https:\/\/www.milanosiamonoi.com\/wp-content\/uploads\/2021\/05\/51.03.03-foto-Italia-50x31.jpg 50w, https:\/\/www.milanosiamonoi.com\/wp-content\/uploads\/2021\/05\/51.03.03-foto-Italia-25x16.jpg 25w\" sizes=\"(max-width: 693px) 100vw, 693px\" \/><figcaption class=\"wp-element-caption\">Piranesi, <em>3 marzo 1951<\/em>; <em>da sinistra in piedi: Passerini, Bedogni, Bulgheroni, Gerli, Federici, Mattavelli, Innocenti. In basso: Beltrami, Fardella, Agazzi, Bolla, Campanini, Bucchetti. <\/em><\/figcaption><\/figure><\/div>\n\n\n<p class=\"has-text-align-center\">Prima del Criterium il calendario prevede la terza partita del citt\u00e0 di Milano. Vincono i Diavoli al termine di un incredibile testa a testa. I nerazzurri hanno giocato una gran bella gara, tenendo conto che ben nove di loro formano il nucleo della Nazionale, questo fa ben sperare per il torneo che gli azzurri si apprestano ad affrontare a Parigi. Durissimo scontro fortuito tra Girard e Bessone che cadendo malamente ha battuto la testa sul ghiaccio. L&#8217;italo-americano ha perso i sensi, all&#8217;ospedale suturato con cinque punti al cranio capelluto. <\/p>\n\n\n<div class=\"wp-block-image is-resized\">\n<figure class=\"aligncenter size-large\"><img loading=\"lazy\" decoding=\"async\" width=\"1024\" height=\"653\" src=\"https:\/\/www.milanosiamonoi.com\/wp-content\/uploads\/2020\/07\/51.03.06-Drn-M-6-5-0-0-Brai-1024x653.jpg\" alt=\"\" class=\"wp-image-589\" srcset=\"https:\/\/www.milanosiamonoi.com\/wp-content\/uploads\/2020\/07\/51.03.06-Drn-M-6-5-0-0-Brai-1024x653.jpg 1024w, https:\/\/www.milanosiamonoi.com\/wp-content\/uploads\/2020\/07\/51.03.06-Drn-M-6-5-0-0-Brai-300x191.jpg 300w, https:\/\/www.milanosiamonoi.com\/wp-content\/uploads\/2020\/07\/51.03.06-Drn-M-6-5-0-0-Brai-768x490.jpg 768w, https:\/\/www.milanosiamonoi.com\/wp-content\/uploads\/2020\/07\/51.03.06-Drn-M-6-5-0-0-Brai-100x64.jpg 100w, https:\/\/www.milanosiamonoi.com\/wp-content\/uploads\/2020\/07\/51.03.06-Drn-M-6-5-0-0-Brai-50x32.jpg 50w, https:\/\/www.milanosiamonoi.com\/wp-content\/uploads\/2020\/07\/51.03.06-Drn-M-6-5-0-0-Brai-25x16.jpg 25w, https:\/\/www.milanosiamonoi.com\/wp-content\/uploads\/2020\/07\/51.03.06-Drn-M-6-5-0-0-Brai-740x472.jpg 740w, https:\/\/www.milanosiamonoi.com\/wp-content\/uploads\/2020\/07\/51.03.06-Drn-M-6-5-0-0-Brai.jpg 1028w\" sizes=\"(max-width: 1024px) 100vw, 1024px\" \/><figcaption class=\"wp-element-caption\"><em>Articolo da &#8220;La Gazzetta dello Sport&#8221;.<\/em><\/figcaption><\/figure><\/div>\n\n\n<figure class=\"wp-block-table alignleft\"><table><tbody><tr><td class=\"has-text-align-center\" data-align=\"center\">Ruolo<\/td><td><strong>Lista convocati Criterium d&#8217;Europa di Parigi.<\/strong><\/td><\/tr><tr><td class=\"has-text-align-center\" data-align=\"center\">P<\/td><td>Vittorio Bolla (Milano Inter) e Antonio Fresia (DRN).<\/td><\/tr><tr><td class=\"has-text-align-center\" data-align=\"center\">D<\/td><td>Giancarlo Bucchetti, Giancarlo Bulgheroni, Eno Campanini (Milano Inter), Guerrino Beltrami (Losanna HC).<\/td><\/tr><tr><td class=\"has-text-align-center\" data-align=\"center\">A<\/td><td>Giancarlo Agazzi, Vincenzo Fardella, Umberto Gerli, Dino Innocenti, Mario Passerini (Milano Inter), Mario Bedogni, Aldo Federici, Luigi Mattavelli (DRN). <\/td><\/tr><tr><td class=\"has-text-align-center\" data-align=\"center\">ct<\/td><td>Luigi Bestagini e Franco Rossi.<\/td><\/tr><\/tbody><\/table><\/figure>\n\n\n<div class=\"wp-block-image\">\n<figure class=\"aligncenter size-large\"><img loading=\"lazy\" decoding=\"async\" width=\"368\" height=\"456\" src=\"https:\/\/www.milanosiamonoi.com\/wp-content\/uploads\/2021\/05\/51.03.10-F-I-1-4-GdS-sistem.-1.jpg\" alt=\"\" class=\"wp-image-7290\" srcset=\"https:\/\/www.milanosiamonoi.com\/wp-content\/uploads\/2021\/05\/51.03.10-F-I-1-4-GdS-sistem.-1.jpg 368w, https:\/\/www.milanosiamonoi.com\/wp-content\/uploads\/2021\/05\/51.03.10-F-I-1-4-GdS-sistem.-1-242x300.jpg 242w, https:\/\/www.milanosiamonoi.com\/wp-content\/uploads\/2021\/05\/51.03.10-F-I-1-4-GdS-sistem.-1-81x100.jpg 81w, https:\/\/www.milanosiamonoi.com\/wp-content\/uploads\/2021\/05\/51.03.10-F-I-1-4-GdS-sistem.-1-40x50.jpg 40w, https:\/\/www.milanosiamonoi.com\/wp-content\/uploads\/2021\/05\/51.03.10-F-I-1-4-GdS-sistem.-1-20x25.jpg 20w\" sizes=\"(max-width: 368px) 100vw, 368px\" \/><figcaption class=\"wp-element-caption\"><em>Articolo da &#8220;La Gazzetta dello Sport&#8221;.<\/em><\/figcaption><\/figure><\/div>\n\n<div class=\"wp-block-image is-resized\">\n<figure class=\"aligncenter size-large\"><img loading=\"lazy\" decoding=\"async\" width=\"589\" height=\"505\" src=\"https:\/\/www.milanosiamonoi.com\/wp-content\/uploads\/2021\/05\/51.03.11-I-OLA-3-1-GdS-sist..jpg\" alt=\"\" class=\"wp-image-7292\" srcset=\"https:\/\/www.milanosiamonoi.com\/wp-content\/uploads\/2021\/05\/51.03.11-I-OLA-3-1-GdS-sist..jpg 589w, https:\/\/www.milanosiamonoi.com\/wp-content\/uploads\/2021\/05\/51.03.11-I-OLA-3-1-GdS-sist.-300x257.jpg 300w, https:\/\/www.milanosiamonoi.com\/wp-content\/uploads\/2021\/05\/51.03.11-I-OLA-3-1-GdS-sist.-100x86.jpg 100w, https:\/\/www.milanosiamonoi.com\/wp-content\/uploads\/2021\/05\/51.03.11-I-OLA-3-1-GdS-sist.-50x43.jpg 50w, https:\/\/www.milanosiamonoi.com\/wp-content\/uploads\/2021\/05\/51.03.11-I-OLA-3-1-GdS-sist.-25x21.jpg 25w\" sizes=\"(max-width: 589px) 100vw, 589px\" \/><figcaption class=\"wp-element-caption\"><em>Articolo da &#8220;La Gazzetta dello Sport&#8221;.<\/em><\/figcaption><\/figure><\/div>\n\n<div class=\"wp-block-image is-resized\">\n<figure class=\"aligncenter size-large\"><img loading=\"lazy\" decoding=\"async\" width=\"629\" height=\"507\" src=\"https:\/\/www.milanosiamonoi.com\/wp-content\/uploads\/2021\/05\/51.03.14-I-B-6-3-GdS-modificato-picc.-1.jpg\" alt=\"\" class=\"wp-image-7293\" srcset=\"https:\/\/www.milanosiamonoi.com\/wp-content\/uploads\/2021\/05\/51.03.14-I-B-6-3-GdS-modificato-picc.-1.jpg 629w, https:\/\/www.milanosiamonoi.com\/wp-content\/uploads\/2021\/05\/51.03.14-I-B-6-3-GdS-modificato-picc.-1-300x242.jpg 300w, https:\/\/www.milanosiamonoi.com\/wp-content\/uploads\/2021\/05\/51.03.14-I-B-6-3-GdS-modificato-picc.-1-100x81.jpg 100w, https:\/\/www.milanosiamonoi.com\/wp-content\/uploads\/2021\/05\/51.03.14-I-B-6-3-GdS-modificato-picc.-1-50x40.jpg 50w, https:\/\/www.milanosiamonoi.com\/wp-content\/uploads\/2021\/05\/51.03.14-I-B-6-3-GdS-modificato-picc.-1-25x20.jpg 25w\" sizes=\"(max-width: 629px) 100vw, 629px\" \/><figcaption class=\"wp-element-caption\"><em>Articolo da &#8220;La Gazzetta dello Sport&#8221;.<\/em><\/figcaption><\/figure><\/div>\n\n<div class=\"wp-block-image is-resized\">\n<figure class=\"aligncenter size-large\"><img loading=\"lazy\" decoding=\"async\" width=\"607\" height=\"473\" src=\"https:\/\/www.milanosiamonoi.com\/wp-content\/uploads\/2021\/05\/51.03.15-I-JUG-6-1-GdS-modificato-bis-1.jpg\" alt=\"\" class=\"wp-image-7294\" srcset=\"https:\/\/www.milanosiamonoi.com\/wp-content\/uploads\/2021\/05\/51.03.15-I-JUG-6-1-GdS-modificato-bis-1.jpg 607w, https:\/\/www.milanosiamonoi.com\/wp-content\/uploads\/2021\/05\/51.03.15-I-JUG-6-1-GdS-modificato-bis-1-300x234.jpg 300w, https:\/\/www.milanosiamonoi.com\/wp-content\/uploads\/2021\/05\/51.03.15-I-JUG-6-1-GdS-modificato-bis-1-100x78.jpg 100w, https:\/\/www.milanosiamonoi.com\/wp-content\/uploads\/2021\/05\/51.03.15-I-JUG-6-1-GdS-modificato-bis-1-50x39.jpg 50w, https:\/\/www.milanosiamonoi.com\/wp-content\/uploads\/2021\/05\/51.03.15-I-JUG-6-1-GdS-modificato-bis-1-25x19.jpg 25w\" sizes=\"(max-width: 607px) 100vw, 607px\" \/><figcaption class=\"wp-element-caption\"><em>Articolo da &#8220;La Gazzetta dello Sport&#8221;.<\/em><\/figcaption><\/figure><\/div>\n\n<div class=\"wp-block-image\">\n<figure class=\"aligncenter size-large\"><img loading=\"lazy\" decoding=\"async\" width=\"719\" height=\"574\" src=\"https:\/\/www.milanosiamonoi.com\/wp-content\/uploads\/2021\/05\/51.03.16-I-A-7-2-GdS-1.jpg\" alt=\"\" class=\"wp-image-7295\" srcset=\"https:\/\/www.milanosiamonoi.com\/wp-content\/uploads\/2021\/05\/51.03.16-I-A-7-2-GdS-1.jpg 719w, https:\/\/www.milanosiamonoi.com\/wp-content\/uploads\/2021\/05\/51.03.16-I-A-7-2-GdS-1-300x239.jpg 300w, https:\/\/www.milanosiamonoi.com\/wp-content\/uploads\/2021\/05\/51.03.16-I-A-7-2-GdS-1-100x80.jpg 100w, https:\/\/www.milanosiamonoi.com\/wp-content\/uploads\/2021\/05\/51.03.16-I-A-7-2-GdS-1-50x40.jpg 50w, https:\/\/www.milanosiamonoi.com\/wp-content\/uploads\/2021\/05\/51.03.16-I-A-7-2-GdS-1-25x20.jpg 25w\" sizes=\"(max-width: 719px) 100vw, 719px\" \/><figcaption class=\"wp-element-caption\"><em>Tutti gli articoli da &#8220;La Gazzetta dello Sport&#8221;<\/em> <em>(assestati per occorrenza).<\/em><\/figcaption><\/figure><\/div>\n\n\n<figure class=\"wp-block-table aligncenter\"><table><tbody><tr><td><strong>Classifica marcatori azzurri al Criterium d&#8217;Europa.<\/strong><\/td><td class=\"has-text-align-center\" data-align=\"center\">Reti<\/td><\/tr><tr><td>Mario Passerini<\/td><td class=\"has-text-align-center\" data-align=\"center\">12<\/td><\/tr><tr><td>Vincenzo Fardella e Aldo Federici<\/td><td class=\"has-text-align-center\" data-align=\"center\">4<\/td><\/tr><tr><td>Umberto Gerli<\/td><td class=\"has-text-align-center\" data-align=\"center\">3<\/td><\/tr><tr><td>Giancarlo Agazzi, Mario Bedogni, Guerrino Beltrami e Dino Innocenti<\/td><td class=\"has-text-align-center\" data-align=\"center\">1<\/td><\/tr><\/tbody><\/table><\/figure>\n\n\n<div class=\"wp-block-image is-resized\">\n<figure class=\"aligncenter size-large\"><img loading=\"lazy\" decoding=\"async\" width=\"800\" height=\"1024\" src=\"https:\/\/www.milanosiamonoi.com\/wp-content\/uploads\/2020\/08\/passerini.jpg\" alt=\"\" class=\"wp-image-490\" srcset=\"https:\/\/www.milanosiamonoi.com\/wp-content\/uploads\/2020\/08\/passerini.jpg 800w, https:\/\/www.milanosiamonoi.com\/wp-content\/uploads\/2020\/08\/passerini-234x300.jpg 234w, https:\/\/www.milanosiamonoi.com\/wp-content\/uploads\/2020\/08\/passerini-768x983.jpg 768w, https:\/\/www.milanosiamonoi.com\/wp-content\/uploads\/2020\/08\/passerini-78x100.jpg 78w, https:\/\/www.milanosiamonoi.com\/wp-content\/uploads\/2020\/08\/passerini-39x50.jpg 39w, https:\/\/www.milanosiamonoi.com\/wp-content\/uploads\/2020\/08\/passerini-20x25.jpg 20w, https:\/\/www.milanosiamonoi.com\/wp-content\/uploads\/2020\/08\/passerini-740x947.jpg 740w\" sizes=\"(max-width: 800px) 100vw, 800px\" \/><figcaption class=\"wp-element-caption\"><em>Mario Passerini, miglior marcatore azzurro a Parigi.<\/em><\/figcaption><\/figure><\/div>\n\n\n<p class=\"has-text-align-center\">La vittoria nel Criterium chiude la stagione. Per Vico Rigassi, inviato speciale per &#8220;La Gazzetta dello Sport&#8221;, la squadra azzurra possiede un&#8217;ossatura ben fatta, probabilmente la Nazionale \u00e8 dello stesso livello di Norvegia, Finlandia e Gran Bretagna, ma meglio procedere con un passo alla volta. Il limite \u00e8 che ci sono solo giocatori cresciuti a Milano, sperare nel nuovo impianto di Torino e in quello di Cortina. Hans Cattini \u00e8 del parere che l&#8217;hockey italiano potr\u00e0 attingere anche dal parco giocatori che sta crescendo nelle Dolomiti. Luigi Grassi (La Gazzetta dello Sport&#8221;) scrive di raggio di sole e maggiore affermazione di sempre. Fresia, Bulgheroni, il trentacinquenne Beltrami, Agazzi, Federici e Passerini spina dorsale della squadra. Menzione d&#8217;onore per Innocenti, ultimo dei veterani. In difesa Bucchetti si \u00e8 battuto come un guerriero, ma deve imparare a trattenersi: troppe penalit\u00e0 inutili. L&#8217;annuale congresso della Federazione internazionale ha riammesso Germania e Giappone, mentre si temono defezioni per i Giochi invernali di Oslo 1952: spese per la trasferta in Norvegia troppo onerose.<\/p>\n\n\n\n<figure class=\"wp-block-table aligncenter\"><table><tbody><tr><td><strong>Classifica marcatori stagionali del Milano Inter.<\/strong><\/td><td class=\"has-text-align-center\" data-align=\"center\">Reti<\/td><\/tr><tr><td>Giancarlo Agazzi (26 presenze)<\/td><td class=\"has-text-align-center\" data-align=\"center\">29<\/td><\/tr><tr><td>Dino Innocenti (26)<\/td><td class=\"has-text-align-center\" data-align=\"center\">22<\/td><\/tr><tr><td>Mario Passerini (24)<\/td><td class=\"has-text-align-center\" data-align=\"center\">17<\/td><\/tr><tr><td>Vincenzo Fardella (24)<\/td><td class=\"has-text-align-center\" data-align=\"center\">14<\/td><\/tr><tr><td>Giancarlo Bulgheroni (24) e Henry Hayes (14)<\/td><td class=\"has-text-align-center\" data-align=\"center\">11<\/td><\/tr><tr><td>Umberto Gerli (22)<\/td><td class=\"has-text-align-center\" data-align=\"center\">10<\/td><\/tr><tr><td>Pete Bessone (24)<\/td><td class=\"has-text-align-center\" data-align=\"center\">9<\/td><\/tr><tr><td>Eno Campanini (21)<\/td><td class=\"has-text-align-center\" data-align=\"center\">7<\/td><\/tr><tr><td>Giancarlo Bucchetti (26), Giuseppe Zerbi (11), Reto Delnon (1) e autogol<\/td><td class=\"has-text-align-center\" data-align=\"center\">1<\/td><\/tr><tr><td>Reti a tavolino<\/td><td class=\"has-text-align-center\" data-align=\"center\">5<\/td><\/tr><tr><td>Mancano i marcatori di 53 reti.<\/td><td class=\"has-text-align-center\" data-align=\"center\"><\/td><\/tr><\/tbody><\/table><\/figure>\n\n\n\n<p> <\/p>\n\n\n\n<p> <\/p>\n\n\n\n<figure class=\"wp-block-table\"><table><tbody><tr><td><strong><a href=\"https:\/\/www.milanosiamonoi.com\/index.php\/campionati\/dal-1950-al-1959-anni-doro\/1949-1950\/\">stagione precedente<\/a><\/strong><\/td><td class=\"has-text-align-right\" data-align=\"right\"><strong><a href=\"https:\/\/www.milanosiamonoi.com\/index.php\/campionati\/dal-1950-al-1959-anni-doro\/1951-1952\/\">stagione successiva<\/a><\/strong><\/td><\/tr><\/tbody><\/table><\/figure>\n\n\n\n<figure class=\"wp-block-table\"><table><tbody><tr><td class=\"has-text-align-center\" data-align=\"center\"><strong><a href=\"https:\/\/www.milanosiamonoi.com\/index.php\/campionati\/dal-1950-al-1959-anni-doro\/1950-1951-drn\/\">Diavoli Rossoneri<\/a><\/strong><\/td><\/tr><\/tbody><\/table><\/figure>\n\n\n\n<figure class=\"wp-block-table\"><table><tbody><tr><td class=\"has-text-align-center\" data-align=\"center\"><strong><a href=\"https:\/\/www.milanosiamonoi.com\/index.php\/campionati\/dal-1950-al-1959-anni-doro\/1950-1951-amatori-mi-e-bocconi\/\">Amatori Milano e Bocconi Milano<\/a><\/strong><\/td><\/tr><\/tbody><\/table><\/figure>\n","protected":false},"excerpt":{"rendered":"<p>Presidente Mario Masseroni Allenatore Pete Bessone Ruolo Giocatori con almeno una presenza in prima squadra. P Vittorio Bolla, Franco Bollani. D Pete Bessone, Giancarlo Bucchetti,&#8230;<\/p>\n","protected":false},"author":2,"featured_media":0,"parent":1469,"menu_order":3,"comment_status":"closed","ping_status":"closed","template":"","meta":{"spay_email":"","footnotes":""},"_links":{"self":[{"href":"https:\/\/www.milanosiamonoi.com\/index.php\/wp-json\/wp\/v2\/pages\/7090"}],"collection":[{"href":"https:\/\/www.milanosiamonoi.com\/index.php\/wp-json\/wp\/v2\/pages"}],"about":[{"href":"https:\/\/www.milanosiamonoi.com\/index.php\/wp-json\/wp\/v2\/types\/page"}],"author":[{"embeddable":true,"href":"https:\/\/www.milanosiamonoi.com\/index.php\/wp-json\/wp\/v2\/users\/2"}],"replies":[{"embeddable":true,"href":"https:\/\/www.milanosiamonoi.com\/index.php\/wp-json\/wp\/v2\/comments?post=7090"}],"version-history":[{"count":210,"href":"https:\/\/www.milanosiamonoi.com\/index.php\/wp-json\/wp\/v2\/pages\/7090\/revisions"}],"predecessor-version":[{"id":20229,"href":"https:\/\/www.milanosiamonoi.com\/index.php\/wp-json\/wp\/v2\/pages\/7090\/revisions\/20229"}],"up":[{"embeddable":true,"href":"https:\/\/www.milanosiamonoi.com\/index.php\/wp-json\/wp\/v2\/pages\/1469"}],"wp:attachment":[{"href":"https:\/\/www.milanosiamonoi.com\/index.php\/wp-json\/wp\/v2\/media?parent=7090"}],"curies":[{"name":"wp","href":"https:\/\/api.w.org\/{rel}","templated":true}]}}