{"id":6207,"date":"2021-05-03T19:27:50","date_gmt":"2021-05-03T19:27:50","guid":{"rendered":"http:\/\/milanosiamonoi.com\/?page_id=6207"},"modified":"2023-12-28T18:11:14","modified_gmt":"2023-12-28T18:11:14","slug":"1947-1948-amatori-mi","status":"publish","type":"page","link":"https:\/\/www.milanosiamonoi.com\/index.php\/campionati\/dal-1946-al-1949-la-ripartenza\/1947-1948-amatori-mi\/","title":{"rendered":"1947\/1948 Amatori Mi"},"content":{"rendered":"<div class=\"wp-block-image\">\n<figure class=\"aligncenter size-large\"><img loading=\"lazy\" decoding=\"async\" width=\"300\" height=\"300\" src=\"https:\/\/www.milanosiamonoi.com\/wp-content\/uploads\/2021\/04\/logo-amatoriok-300x300-1.jpg\" alt=\"\" class=\"wp-image-6245\" srcset=\"https:\/\/www.milanosiamonoi.com\/wp-content\/uploads\/2021\/04\/logo-amatoriok-300x300-1.jpg 300w, https:\/\/www.milanosiamonoi.com\/wp-content\/uploads\/2021\/04\/logo-amatoriok-300x300-1-150x150.jpg 150w, https:\/\/www.milanosiamonoi.com\/wp-content\/uploads\/2021\/04\/logo-amatoriok-300x300-1-100x100.jpg 100w, https:\/\/www.milanosiamonoi.com\/wp-content\/uploads\/2021\/04\/logo-amatoriok-300x300-1-50x50.jpg 50w, https:\/\/www.milanosiamonoi.com\/wp-content\/uploads\/2021\/04\/logo-amatoriok-300x300-1-25x25.jpg 25w, https:\/\/www.milanosiamonoi.com\/wp-content\/uploads\/2021\/04\/logo-amatoriok-300x300-1-90x90.jpg 90w\" sizes=\"(max-width: 300px) 100vw, 300px\" \/><\/figure><\/div>\n\n\n<figure class=\"wp-block-table aligncenter\"><table><tbody><tr><td>Presidente<\/td><td>Renzo Bozzi<\/td><\/tr><tr><td>Allenatore<\/td><td>Pier Paolo Sommariva<\/td><\/tr><\/tbody><\/table><\/figure>\n\n\n\n<figure class=\"wp-block-table\"><table><tbody><tr><td>Ruolo<\/td><td><strong>Giocatori con almeno una presenza in prima squadra.<\/strong><\/td><\/tr><tr><td>P<\/td><td>Franco Bollani, Cattaneo, Imboldi.<\/td><\/tr><tr><td>D<\/td><td>Franco Carlassare, Tranquillo Rossi.<\/td><\/tr><tr><td>A<\/td><td>Giancarlo Agazzi, Bozzi, Emilio Delfino, Giacomo Levi, Floriano Mainoldi, Luigi Redaelli, Piermario Segurini, Carlo Signorini, Pier Paolo Sommariva (C), Roberto Taroni.<\/td><\/tr><\/tbody><\/table><\/figure>\n\n\n\n<p class=\"has-text-align-center\">I veterani della seconda squadra del Milano decidono di creare un nuovo club, sempre legato alla prima squadra, ma totalmente indipendente. L&#8217;idea era balenata all&#8217;inizio della stagione precedente, poi non se n&#8217;era fatto nulla.  Animata da una grande passione per l&#8217;hockey, la dirigenza non pu\u00f2 che battezzare la squadra Amatori. Il club si auto-sovvenziona e ogni socio paga una quota d&#8217;iscrizione. Le maglie sono gialloblu e negli articoli dei giornali i giocatori vengono spesso indicati come &#8220;canarini&#8221;. La stagione d&#8217;esordio \u00e8 interamente imperniata sulla partecipazione al campionato di serie A.<\/p>\n\n\n<div class=\"wp-block-image is-resized\">\n<figure class=\"aligncenter size-large\"><img loading=\"lazy\" decoding=\"async\" width=\"800\" height=\"543\" src=\"https:\/\/www.milanosiamonoi.com\/wp-content\/uploads\/2021\/03\/48.amatori.jpg\" alt=\"\" class=\"wp-image-5427\" srcset=\"https:\/\/www.milanosiamonoi.com\/wp-content\/uploads\/2021\/03\/48.amatori.jpg 800w, https:\/\/www.milanosiamonoi.com\/wp-content\/uploads\/2021\/03\/48.amatori-300x204.jpg 300w, https:\/\/www.milanosiamonoi.com\/wp-content\/uploads\/2021\/03\/48.amatori-768x521.jpg 768w, https:\/\/www.milanosiamonoi.com\/wp-content\/uploads\/2021\/03\/48.amatori-100x68.jpg 100w, https:\/\/www.milanosiamonoi.com\/wp-content\/uploads\/2021\/03\/48.amatori-50x34.jpg 50w, https:\/\/www.milanosiamonoi.com\/wp-content\/uploads\/2021\/03\/48.amatori-25x17.jpg 25w, https:\/\/www.milanosiamonoi.com\/wp-content\/uploads\/2021\/03\/48.amatori-740x502.jpg 740w\" sizes=\"(max-width: 800px) 100vw, 800px\" \/><figcaption class=\"wp-element-caption\"><em>Una formazione dell&#8217;Amatori. Da sinistra il terzo in piedi \u00e8 Mainoldi, di fianco Carlassare. Il penultimo \u00e8 Carlo Signorini. In basso: Delfino, il portiere con la maglia con due bande \u00e8 Bollani, l&#8217;ultimo con l&#8217;occhio incerottato \u00e8 Agazzi.<\/em><\/figcaption><\/figure><\/div>\n\n\n<figure class=\"wp-block-table aligncenter\"><table><tbody><tr><td><strong>Prima fase del campionato italiano &#8211; Tre gironi, la prima passa il turno.<\/strong><\/td><\/tr><tr><td>Girone A ad Auronzo: Alleghe, Cortina II e Misurina.<\/td><\/tr><tr><td>Girone B a Ortisei: Diavoli Azzurri Bz, Diavoli Rossoneri e Ortisei.<\/td><\/tr><tr><td>Girone C ad Asiago: Amatori Milano, Asiaghese e Merano.<\/td><\/tr><\/tbody><\/table><\/figure>\n\n\n<div class=\"wp-block-image\">\n<figure class=\"aligncenter size-large\"><img loading=\"lazy\" decoding=\"async\" width=\"493\" height=\"518\" src=\"https:\/\/www.milanosiamonoi.com\/wp-content\/uploads\/2021\/04\/lavagna-bianca-Copia-Copia.jpg\" alt=\"\" class=\"wp-image-6223\" srcset=\"https:\/\/www.milanosiamonoi.com\/wp-content\/uploads\/2021\/04\/lavagna-bianca-Copia-Copia.jpg 493w, https:\/\/www.milanosiamonoi.com\/wp-content\/uploads\/2021\/04\/lavagna-bianca-Copia-Copia-286x300.jpg 286w, https:\/\/www.milanosiamonoi.com\/wp-content\/uploads\/2021\/04\/lavagna-bianca-Copia-Copia-95x100.jpg 95w, https:\/\/www.milanosiamonoi.com\/wp-content\/uploads\/2021\/04\/lavagna-bianca-Copia-Copia-48x50.jpg 48w, https:\/\/www.milanosiamonoi.com\/wp-content\/uploads\/2021\/04\/lavagna-bianca-Copia-Copia-25x25.jpg 25w\" sizes=\"(max-width: 493px) 100vw, 493px\" \/><figcaption class=\"wp-element-caption\"><em>Articoli da &#8220;La Gazzetta dello Sport&#8221;.<\/em><\/figcaption><\/figure><\/div>\n\n\n<figure class=\"wp-block-table\"><table><tbody><tr><td><strong>Auronzo, 1 gennaio 1948 &#8211; Seconda fase del campionato italiano &#8211; Girone finale a tre, la prima passa il turno.<\/strong><\/td><\/tr><tr><td>Misurina-Amatori Milano 5-5 (2-3; 2-1; 1-1)<\/td><\/tr><tr><td>Misurina: Desinano; Scheibmeier, Quinz; Ivo e Massimiliano Lorenzi, Ghiretti, Colombo, Dell&#8217;Agnola, Balbinot.<\/td><\/tr><tr><td>Amatori MI: Cattaneo (Bollani); T. Rossi, Carlassare; Mainoldi, Delfino, Agazzi; Levi, Signorini, Redaelli; Sommariva, Segurini.<\/td><\/tr><tr><td>1\u00b0t. <em>4&#8242;, 10&#8242; e 14&#8242; Ivo Lorenzi,<\/em> 18&#8242; Redaelli, 19&#8242; Levi. 2\u00b0t. <em>1&#8242; Ivo Lorenzi, <\/em>10&#8242; Sommariva, 13&#8242; Levi. 3\u00b0t. <em>9&#8242; Dell&#8217;Agnola, <\/em>13&#8242; Levi.<\/td><\/tr><tr><td>Arbitri: Fresia e Finzi.<\/td><\/tr><\/tbody><\/table><\/figure>\n\n\n\n<figure class=\"wp-block-table aligncenter\"><table><tbody><tr><td><strong>Auronzo, 2 gennaio 1948<\/strong> &#8211; <strong>Giocata in mattinata.<\/strong><\/td><\/tr><tr><td>Misurina-Diavoli Rossoneri 5-3 (0-1; 2-1; 3-1)<\/td><\/tr><\/tbody><\/table><\/figure>\n\n\n<div class=\"wp-block-image\">\n<figure class=\"aligncenter size-large\"><img loading=\"lazy\" decoding=\"async\" width=\"323\" height=\"538\" src=\"https:\/\/www.milanosiamonoi.com\/wp-content\/uploads\/2021\/04\/48.01.02-A-AmM-Drn-10-4.jpg\" alt=\"\" class=\"wp-image-6189\" srcset=\"https:\/\/www.milanosiamonoi.com\/wp-content\/uploads\/2021\/04\/48.01.02-A-AmM-Drn-10-4.jpg 323w, https:\/\/www.milanosiamonoi.com\/wp-content\/uploads\/2021\/04\/48.01.02-A-AmM-Drn-10-4-180x300.jpg 180w, https:\/\/www.milanosiamonoi.com\/wp-content\/uploads\/2021\/04\/48.01.02-A-AmM-Drn-10-4-60x100.jpg 60w, https:\/\/www.milanosiamonoi.com\/wp-content\/uploads\/2021\/04\/48.01.02-A-AmM-Drn-10-4-30x50.jpg 30w, https:\/\/www.milanosiamonoi.com\/wp-content\/uploads\/2021\/04\/48.01.02-A-AmM-Drn-10-4-15x25.jpg 15w\" sizes=\"(max-width: 323px) 100vw, 323px\" \/><figcaption class=\"wp-element-caption\"><em>Articolo da &#8220;La Gazzetta dello Sport&#8221;.<\/em><\/figcaption><\/figure><\/div>\n\n\n<p class=\"has-text-align-center\">L&#8217;Amatori Milano si classifica al primo posto, precede il Misurina per migliore differenza reti. I Diavoli Rossoneri ritenendosi, nel match con il Misurina, danneggiati da un arbitraggio troppo casalingo hanno giocato l&#8217;ultima partita con un animus pugnandi degno di un&#8217;amichevole giocata di malavoglia.<\/p>\n\n\n\n<figure class=\"wp-block-image size-large\"><img loading=\"lazy\" decoding=\"async\" width=\"761\" height=\"438\" src=\"https:\/\/www.milanosiamonoi.com\/wp-content\/uploads\/2021\/04\/48.01.03-A-Campionat.jpg\" alt=\"\" class=\"wp-image-6206\" srcset=\"https:\/\/www.milanosiamonoi.com\/wp-content\/uploads\/2021\/04\/48.01.03-A-Campionat.jpg 761w, https:\/\/www.milanosiamonoi.com\/wp-content\/uploads\/2021\/04\/48.01.03-A-Campionat-300x173.jpg 300w, https:\/\/www.milanosiamonoi.com\/wp-content\/uploads\/2021\/04\/48.01.03-A-Campionat-100x58.jpg 100w, https:\/\/www.milanosiamonoi.com\/wp-content\/uploads\/2021\/04\/48.01.03-A-Campionat-50x29.jpg 50w, https:\/\/www.milanosiamonoi.com\/wp-content\/uploads\/2021\/04\/48.01.03-A-Campionat-25x14.jpg 25w, https:\/\/www.milanosiamonoi.com\/wp-content\/uploads\/2021\/04\/48.01.03-A-Campionat-740x426.jpg 740w\" sizes=\"(max-width: 761px) 100vw, 761px\" \/><\/figure>\n\n\n\n<p class=\"has-text-align-center\">Cortina e Amatori Milano si ritrovano la mattina di domenica 4 gennaio sulla pista ampezzana. Lo scirocco scioglie il ghiaccio naturale del Revis, giocare \u00e8 impossibile e l&#8217;incontro viene rimandato al giorno seguente. La mattina di luned\u00ec 5 gennaio l&#8217;Amatori deve rinunciare a Floriano Mainoldi e Pier Paolo Sommariva. La partita inizia alle 10 e i cortinesi fanno dei milanesi un sol boccone.<\/p>\n\n\n\n<figure class=\"wp-block-table\"><table><tbody><tr><td><strong>Cortina, 5 gennaio 1948 &#8211; Campionato italiano &#8211; Semifinale.<\/strong><\/td><\/tr><tr><td>Cortina-Amatori Milano 8-1<\/td><\/tr><tr><td>Cortina: Bernardi; A. Apollonio, De Zanna; Siro e Attilio Menardi, Leo Angoletta, Claudio Apollonio, Ivo Ghedini, Pompanin, Dino Menardi, S. Zardini.<\/td><\/tr><tr><td>Amatori MI: Imboldi (Bollani); T. Rossi, Carlassare; Bozzi, Segurini, Agazzi; Levi, Signorini, Redaelli; Taroni, Delfino.<\/td><\/tr><\/tbody><\/table><\/figure>\n\n\n\n<p class=\"has-text-align-center\">Cortina in finale con il Milano. Le due partite programmate per la stessa settimana di gennaio non si giocano causa condizioni del ghiaccio disastrose. Tutto posticipato dopo le Olimpiadi, ma non potendo pi\u00f9 allenarsi il Cortina da forfait e il Milano si laurea campione d&#8217;Italia senza giocare nemmeno una partita. Pi\u00f9 che positivo il primo anno di vita dell&#8217;Amatori Milano, si segnalano le ottime prestazioni del giovanissimo Giancarlo Agazzi.<\/p>\n\n\n\n<figure class=\"wp-block-table aligncenter\"><table><tbody><tr><td><strong>Classifica marcatori stagionali dell&#8217;Amatori Milano.<\/strong><\/td><td class=\"has-text-align-center\" data-align=\"center\">Reti<\/td><\/tr><tr><td>Giancarlo Agazzi<\/td><td class=\"has-text-align-center\" data-align=\"center\">6<\/td><\/tr><tr><td>Giacomo Levi e Carlo Signorini<\/td><td class=\"has-text-align-center\" data-align=\"center\">5<\/td><\/tr><tr><td>Floriano Mainoldi, Luigi Redaelli e Pier Paolo Sommariva<\/td><td class=\"has-text-align-center\" data-align=\"center\">3<\/td><\/tr><tr><td>Emilio Delfino <\/td><td class=\"has-text-align-center\" data-align=\"center\">2<\/td><\/tr><tr><td>Tranquillo Rossi, Segurini e autogol<\/td><td class=\"has-text-align-center\" data-align=\"center\">1<\/td><\/tr><tr><td>Manca il  marcatore della rete al Cortina<\/td><td class=\"has-text-align-center\" data-align=\"center\">1<\/td><\/tr><\/tbody><\/table><\/figure>\n\n\n\n<figure class=\"wp-block-table\"><table><tbody><tr><td><\/td><td class=\"has-text-align-right\" data-align=\"right\"><strong><a href=\"https:\/\/www.milanosiamonoi.com\/index.php\/dal-1946-al-1949-la-ripartenza\/1948-1949-amatori-mi-e-bocconi\/\" data-type=\"URL\" data-id=\"https:\/\/www.milanosiamonoi.com\/index.php\/dal-1946-al-1949-la-ripartenza\/1948-1949-amatori-mi-e-bocconi\/\">stagione successiva<\/a><\/strong><\/td><\/tr><\/tbody><\/table><\/figure>\n\n\n\n<figure class=\"wp-block-table\"><table><tbody><tr><td class=\"has-text-align-center\" data-align=\"center\"><strong><a href=\"https:\/\/www.milanosiamonoi.com\/index.php\/dal-1946-al-1949-la-ripartenza\/1947-1948\/\" data-type=\"URL\" data-id=\"https:\/\/www.milanosiamonoi.com\/index.php\/dal-1946-al-1949-la-ripartenza\/1947-1948\/\">Hockey Club Milano<\/a><\/strong><\/td><\/tr><\/tbody><\/table><\/figure>\n\n\n\n<figure class=\"wp-block-table\"><table><tbody><tr><td class=\"has-text-align-center\" data-align=\"center\"><strong><a href=\"https:\/\/www.milanosiamonoi.com\/index.php\/dal-1946-al-1949-la-ripartenza\/1947-1948-drn\/\" data-type=\"URL\" data-id=\"https:\/\/www.milanosiamonoi.com\/index.php\/dal-1946-al-1949-la-ripartenza\/1947-1948-drn\/\">Diavoli Rossoneri<\/a><\/strong><\/td><\/tr><\/tbody><\/table><\/figure>\n","protected":false},"excerpt":{"rendered":"<p>Presidente Renzo Bozzi Allenatore Pier Paolo Sommariva Ruolo Giocatori con almeno una presenza in prima squadra. P Franco Bollani, Cattaneo, Imboldi. D Franco Carlassare, Tranquillo&#8230;<\/p>\n","protected":false},"author":2,"featured_media":0,"parent":2137,"menu_order":6,"comment_status":"closed","ping_status":"closed","template":"","meta":{"spay_email":"","footnotes":""},"_links":{"self":[{"href":"https:\/\/www.milanosiamonoi.com\/index.php\/wp-json\/wp\/v2\/pages\/6207"}],"collection":[{"href":"https:\/\/www.milanosiamonoi.com\/index.php\/wp-json\/wp\/v2\/pages"}],"about":[{"href":"https:\/\/www.milanosiamonoi.com\/index.php\/wp-json\/wp\/v2\/types\/page"}],"author":[{"embeddable":true,"href":"https:\/\/www.milanosiamonoi.com\/index.php\/wp-json\/wp\/v2\/users\/2"}],"replies":[{"embeddable":true,"href":"https:\/\/www.milanosiamonoi.com\/index.php\/wp-json\/wp\/v2\/comments?post=6207"}],"version-history":[{"count":45,"href":"https:\/\/www.milanosiamonoi.com\/index.php\/wp-json\/wp\/v2\/pages\/6207\/revisions"}],"predecessor-version":[{"id":18210,"href":"https:\/\/www.milanosiamonoi.com\/index.php\/wp-json\/wp\/v2\/pages\/6207\/revisions\/18210"}],"up":[{"embeddable":true,"href":"https:\/\/www.milanosiamonoi.com\/index.php\/wp-json\/wp\/v2\/pages\/2137"}],"wp:attachment":[{"href":"https:\/\/www.milanosiamonoi.com\/index.php\/wp-json\/wp\/v2\/media?parent=6207"}],"curies":[{"name":"wp","href":"https:\/\/api.w.org\/{rel}","templated":true}]}}