{"id":6144,"date":"2021-05-03T19:27:26","date_gmt":"2021-05-03T19:27:26","guid":{"rendered":"http:\/\/milanosiamonoi.com\/?page_id=6144"},"modified":"2022-04-23T09:30:17","modified_gmt":"2022-04-23T09:30:17","slug":"1947-1948-drn","status":"publish","type":"page","link":"https:\/\/www.milanosiamonoi.com\/index.php\/campionati\/dal-1946-al-1949-la-ripartenza\/1947-1948-drn\/","title":{"rendered":"1947\/1948 DRN"},"content":{"rendered":"\n<div class=\"wp-block-image\"><figure class=\"aligncenter size-large\"><img loading=\"lazy\" decoding=\"async\" width=\"300\" height=\"300\" src=\"https:\/\/www.milanosiamonoi.com\/wp-content\/uploads\/2021\/03\/logo-drn-48b.jpg\" alt=\"\" class=\"wp-image-5567\" srcset=\"https:\/\/www.milanosiamonoi.com\/wp-content\/uploads\/2021\/03\/logo-drn-48b.jpg 300w, https:\/\/www.milanosiamonoi.com\/wp-content\/uploads\/2021\/03\/logo-drn-48b-150x150.jpg 150w, https:\/\/www.milanosiamonoi.com\/wp-content\/uploads\/2021\/03\/logo-drn-48b-100x100.jpg 100w, https:\/\/www.milanosiamonoi.com\/wp-content\/uploads\/2021\/03\/logo-drn-48b-50x50.jpg 50w, https:\/\/www.milanosiamonoi.com\/wp-content\/uploads\/2021\/03\/logo-drn-48b-25x25.jpg 25w, https:\/\/www.milanosiamonoi.com\/wp-content\/uploads\/2021\/03\/logo-drn-48b-90x90.jpg 90w\" sizes=\"(max-width: 300px) 100vw, 300px\" \/><\/figure><\/div>\n\n\n\n<figure class=\"wp-block-table aligncenter\"><table><tbody><tr><td>Commissario straordinario<\/td><td>Giuseppe &#8220;Popi&#8221; Sbarbaro<\/td><\/tr><tr><td>Allenatore<\/td><td>Luigi Bestagini<\/td><\/tr><\/tbody><\/table><\/figure>\n\n\n\n<figure class=\"wp-block-table\"><table><tbody><tr><td class=\"has-text-align-center\" data-align=\"center\">Ruolo<\/td><td><strong>Giocatori con almeno una presenza in prima squadra.<\/strong><\/td><\/tr><tr><td class=\"has-text-align-center\" data-align=\"center\">P<\/td><td>Vittorio Bolla, Antonio Fresia.<\/td><\/tr><tr><td class=\"has-text-align-center\" data-align=\"center\">D<\/td><td>Luigi Bestagini (C), Luciano Cesana, Carlo Rizzi.<\/td><\/tr><tr><td class=\"has-text-align-center\" data-align=\"center\">A<\/td><td>Ambrogio Abbasci\u00e0, Mario Bedogni, Enrico Galli, Luigi Mattavelli, Giuseppe Zerbi. <\/td><\/tr><tr><td class=\"has-text-align-center\" data-align=\"center\">Rinforzi<\/td><td>Giancarlo Bucchetti, Dino Innocenti, Sandor Ott (Milano).<\/td><\/tr><\/tbody><\/table><\/figure>\n\n\n\n<p class=\"has-text-align-center\">Il presidente Broggi ha lasciato per motivi personali. Senza l&#8217;aiuto del Milan Calcio la stagione della prima squadra \u00e8 seriamente in dubbio, tanto \u00e8 che inizialmente il club dichiara che si dedicher\u00e0 esclusivamente al settore giovanile. Ne consegue che Giancarlo Bucchetti, Dino Innocenti e Sandor Ott passano al Milano. Le cose mutano quando la Federazione presenta il format del campionato e il nuovo consiglio direttivo formato dal commissario straordinario Popi Sbarbaro, Franco Albuzzi, Vittorio Fresia e i consiglieri Bestagini, Galli e Rampinelli decide di iscrivere la squadra.<\/p>\n\n\n\n<div class=\"wp-block-image\"><figure class=\"aligncenter size-large is-resized\"><img loading=\"lazy\" decoding=\"async\" src=\"https:\/\/www.milanosiamonoi.com\/wp-content\/uploads\/2021\/04\/47.11.04-Drn-ci-sono.jpg\" alt=\"\" class=\"wp-image-6153\" width=\"321\" height=\"392\" srcset=\"https:\/\/www.milanosiamonoi.com\/wp-content\/uploads\/2021\/04\/47.11.04-Drn-ci-sono.jpg 338w, https:\/\/www.milanosiamonoi.com\/wp-content\/uploads\/2021\/04\/47.11.04-Drn-ci-sono-246x300.jpg 246w, https:\/\/www.milanosiamonoi.com\/wp-content\/uploads\/2021\/04\/47.11.04-Drn-ci-sono-82x100.jpg 82w, https:\/\/www.milanosiamonoi.com\/wp-content\/uploads\/2021\/04\/47.11.04-Drn-ci-sono-41x50.jpg 41w, https:\/\/www.milanosiamonoi.com\/wp-content\/uploads\/2021\/04\/47.11.04-Drn-ci-sono-20x25.jpg 20w\" sizes=\"(max-width: 321px) 100vw, 321px\" \/><figcaption><em>Da &#8220;Il Corriere della Sera&#8221;.<\/em><\/figcaption><\/figure><\/div>\n\n\n\n<p class=\"has-text-align-center\">Ai giocatori rimasti vengono affiancati i giovani pi\u00f9 promettenti e, dopo una sola stagione in bianco-rosso-azzurro, riveste la maglia rossonera Luigi Mattavelli. L&#8217;attivit\u00e0 sar\u00e0 modestissima, allenamenti con gli allievi, un&#8217;amichevole e le partite di campionato.<\/p>\n\n\n\n<div class=\"wp-block-image\"><figure class=\"aligncenter size-large\"><img loading=\"lazy\" decoding=\"async\" width=\"387\" height=\"486\" src=\"https:\/\/www.milanosiamonoi.com\/wp-content\/uploads\/2021\/04\/47.12.23-Drn-C.Oex-11-7.jpg\" alt=\"\" class=\"wp-image-6154\" srcset=\"https:\/\/www.milanosiamonoi.com\/wp-content\/uploads\/2021\/04\/47.12.23-Drn-C.Oex-11-7.jpg 387w, https:\/\/www.milanosiamonoi.com\/wp-content\/uploads\/2021\/04\/47.12.23-Drn-C.Oex-11-7-239x300.jpg 239w, https:\/\/www.milanosiamonoi.com\/wp-content\/uploads\/2021\/04\/47.12.23-Drn-C.Oex-11-7-80x100.jpg 80w, https:\/\/www.milanosiamonoi.com\/wp-content\/uploads\/2021\/04\/47.12.23-Drn-C.Oex-11-7-40x50.jpg 40w, https:\/\/www.milanosiamonoi.com\/wp-content\/uploads\/2021\/04\/47.12.23-Drn-C.Oex-11-7-20x25.jpg 20w\" sizes=\"(max-width: 387px) 100vw, 387px\" \/><figcaption><em>Articolo da &#8220;La Gazzetta dello Sport&#8221;<\/em>.<\/figcaption><\/figure><\/div>\n\n\n\n<p class=\"has-text-align-center\">Nella vittoria con lo Chateaux d&#8217;Oex determinante la presenza degli ex Bucchetti e Innocenti, cinque delle undici reti le hanno segnate loro. Curiosit\u00e0 e apprensione per come andranno le cose nel primo turno di campionato. I rossoneri sono nel girone B con Ortisei e Diavoli Azzurri della Polisportiva Alto Adige di Bolzano. Si gioca in Val Gardena, le tre squadre si incontrano tra loro una volta sola, passa la prima in classifica. Il 27 dicembre la gara di apertura oppone gardenesi e bolzanini, vincono i padroni di casa per 2-1. Il giorno seguente i Diavoli sono attesi da un doppio impegno; in mattinata con gli azzurri di Bolzano e nel pomeriggio ultimo match del girone con l&#8217;Ortisei.<\/p>\n\n\n\n<figure class=\"wp-block-table aligncenter\"><table><tbody><tr><td><strong>Ortisei, 28 dicembre 1947, ore 10.30 &#8211; Prima fase del camp. italiano, girone B <\/strong><\/td><\/tr><tr><td>Diavoli Azzurri Bolzano-Diavoli Rossoneri 1-0 a tavolino.<\/td><\/tr><tr><td>Gioco alquanto pesante e piuttosto scorretto. Al 7&#8242; del terzo periodo sul 3-3 (3-0; 0-2; 0-1) gli arbitri, non riuscendo a riconciliare dirigenti e giocatori delle due squadre,  sospendevano la partita. Avuta visione del rapporto dei giudici di gara, la Federazione applica l&#8217;articolo 154 della Federazione Internazionale e decreta la vittoria con una rete di scarto in favore dei Diavoli Azzurri Bolzano: i Diavoli Rossoneri hanno abbandonato il rettangolo di gioco.<\/td><\/tr><\/tbody><\/table><\/figure>\n\n\n\n<figure class=\"wp-block-table aligncenter\"><table><tbody><tr><td><strong>Ortisei, 28 dicembre 1947, pomeriggio &#8211; Prima fase del camp. italiano, girone B<\/strong><\/td><\/tr><tr><td>Ortisei-Diavoli Rossoneri 1-3 (1-0; 0-2; 0-1)<\/td><\/tr><tr><td>Ortisei: Grossrubatscher (Paur); Julius e Ivo Demetz, Bernardi, Franz Demetz, Kropfitsch, U. Schmalzl, Rifesser.<\/td><\/tr><tr><td>DRN: Fresia (Bolla); Bestagini, L. Cesana; Bedogni, Abbasci\u00e0, Mattavelli; Zerbi, Galli.<\/td><\/tr><tr><td>1\u00b0t. <em>U. Schmalzl.<\/em> 2\u00b0t. Bedogni e L. Cesana. 3\u00b0t. Bestagini.<\/td><\/tr><\/tbody><\/table><\/figure>\n\n\n\n<p class=\"has-text-align-center\">In modo del tutto singolare i Diavoli si qualificano per la seconda fase. Con una vittoria a testa le tre squadre si ritrovano con due punti in classifica, ma la differenza reti premia i rossoneri. Decisivi i due gol di scarto nella vittoria con l&#8217;Ortisei, ma ancor di pi\u00f9 la decisione presa dalla commissione tecnica per stabilire il risultato del match sospeso dagli arbitri. Ne seguono polemica a non finire, ma il campionato va avanti.<\/p>\n\n\n\n<div class=\"wp-block-image\"><figure class=\"aligncenter size-large\"><img loading=\"lazy\" decoding=\"async\" width=\"415\" height=\"729\" src=\"https:\/\/www.milanosiamonoi.com\/wp-content\/uploads\/2021\/04\/47.12.30-Elim-Camp-It-ok.jpg\" alt=\"\" class=\"wp-image-6178\" srcset=\"https:\/\/www.milanosiamonoi.com\/wp-content\/uploads\/2021\/04\/47.12.30-Elim-Camp-It-ok.jpg 415w, https:\/\/www.milanosiamonoi.com\/wp-content\/uploads\/2021\/04\/47.12.30-Elim-Camp-It-ok-171x300.jpg 171w, https:\/\/www.milanosiamonoi.com\/wp-content\/uploads\/2021\/04\/47.12.30-Elim-Camp-It-ok-57x100.jpg 57w, https:\/\/www.milanosiamonoi.com\/wp-content\/uploads\/2021\/04\/47.12.30-Elim-Camp-It-ok-28x50.jpg 28w, https:\/\/www.milanosiamonoi.com\/wp-content\/uploads\/2021\/04\/47.12.30-Elim-Camp-It-ok-14x25.jpg 14w\" sizes=\"(max-width: 415px) 100vw, 415px\" \/><figcaption><em>Articolo da &#8220;La Gazzetta dello Sport&#8221;.<\/em><\/figcaption><\/figure><\/div>\n\n\n\n<p class=\"has-text-align-center\">Diavoli Rossoneri, Misurina e i neonati Amatori Milano danno vita da Capodanno al girone della seconda fase. Si gioca ad Auronzo, sempre tre partite secche, la prima in classifica si batter\u00e0 con il Cortina per ottenere il diritto di sfidare il Milano detentore. Dal primo incontro tra Misurina e Amatori Milano scaturisce un pareggio: 5-5. Come a Ortisei il sorteggio costringe i Diavoli al doppio impegno nella stessa giornata.<\/p>\n\n\n\n<div class=\"wp-block-image\"><figure class=\"aligncenter size-large is-resized\"><img loading=\"lazy\" decoding=\"async\" src=\"https:\/\/www.milanosiamonoi.com\/wp-content\/uploads\/2021\/04\/48.01.03-A-Misu-Drn-5-3-rit.-e-sistemato-1.jpg\" alt=\"\" class=\"wp-image-6184\" width=\"521\" height=\"432\" srcset=\"https:\/\/www.milanosiamonoi.com\/wp-content\/uploads\/2021\/04\/48.01.03-A-Misu-Drn-5-3-rit.-e-sistemato-1.jpg 537w, https:\/\/www.milanosiamonoi.com\/wp-content\/uploads\/2021\/04\/48.01.03-A-Misu-Drn-5-3-rit.-e-sistemato-1-300x249.jpg 300w, https:\/\/www.milanosiamonoi.com\/wp-content\/uploads\/2021\/04\/48.01.03-A-Misu-Drn-5-3-rit.-e-sistemato-1-100x83.jpg 100w, https:\/\/www.milanosiamonoi.com\/wp-content\/uploads\/2021\/04\/48.01.03-A-Misu-Drn-5-3-rit.-e-sistemato-1-50x41.jpg 50w, https:\/\/www.milanosiamonoi.com\/wp-content\/uploads\/2021\/04\/48.01.03-A-Misu-Drn-5-3-rit.-e-sistemato-1-25x21.jpg 25w\" sizes=\"(max-width: 521px) 100vw, 521px\" \/><figcaption><em>Articolo da &#8220;La Gazzetta dello Sport&#8221;.<\/em><\/figcaption><\/figure><\/div>\n\n\n\n<div class=\"wp-block-image\"><figure class=\"aligncenter size-large is-resized\"><img loading=\"lazy\" decoding=\"async\" src=\"https:\/\/www.milanosiamonoi.com\/wp-content\/uploads\/2021\/04\/48.01.02-A-AmM-Drn-10-4.jpg\" alt=\"\" class=\"wp-image-6189\" width=\"323\" height=\"538\" srcset=\"https:\/\/www.milanosiamonoi.com\/wp-content\/uploads\/2021\/04\/48.01.02-A-AmM-Drn-10-4.jpg 323w, https:\/\/www.milanosiamonoi.com\/wp-content\/uploads\/2021\/04\/48.01.02-A-AmM-Drn-10-4-180x300.jpg 180w, https:\/\/www.milanosiamonoi.com\/wp-content\/uploads\/2021\/04\/48.01.02-A-AmM-Drn-10-4-60x100.jpg 60w, https:\/\/www.milanosiamonoi.com\/wp-content\/uploads\/2021\/04\/48.01.02-A-AmM-Drn-10-4-30x50.jpg 30w, https:\/\/www.milanosiamonoi.com\/wp-content\/uploads\/2021\/04\/48.01.02-A-AmM-Drn-10-4-15x25.jpg 15w\" sizes=\"(max-width: 323px) 100vw, 323px\" \/><figcaption><em>Articolo da &#8220;La Gazzetta dello Sport&#8221;. Nella formazione dei Diavoli dimenticato Bedogni.<\/em><\/figcaption><\/figure><\/div>\n\n\n\n<div class=\"wp-block-image\"><figure class=\"aligncenter size-large is-resized\"><img loading=\"lazy\" decoding=\"async\" src=\"https:\/\/www.milanosiamonoi.com\/wp-content\/uploads\/2021\/04\/48.01.03-A-reclamo-Misurina-rit.-e-sistem..jpg\" alt=\"\" class=\"wp-image-6193\" width=\"527\" height=\"407\" srcset=\"https:\/\/www.milanosiamonoi.com\/wp-content\/uploads\/2021\/04\/48.01.03-A-reclamo-Misurina-rit.-e-sistem..jpg 550w, https:\/\/www.milanosiamonoi.com\/wp-content\/uploads\/2021\/04\/48.01.03-A-reclamo-Misurina-rit.-e-sistem.-300x232.jpg 300w, https:\/\/www.milanosiamonoi.com\/wp-content\/uploads\/2021\/04\/48.01.03-A-reclamo-Misurina-rit.-e-sistem.-100x77.jpg 100w, https:\/\/www.milanosiamonoi.com\/wp-content\/uploads\/2021\/04\/48.01.03-A-reclamo-Misurina-rit.-e-sistem.-50x39.jpg 50w, https:\/\/www.milanosiamonoi.com\/wp-content\/uploads\/2021\/04\/48.01.03-A-reclamo-Misurina-rit.-e-sistem.-25x19.jpg 25w\" sizes=\"(max-width: 527px) 100vw, 527px\" \/><figcaption><em>Articolo da &#8220;La Gazzetta dello Sport&#8221;.<\/em><\/figcaption><\/figure><\/div>\n\n\n\n<p class=\"has-text-align-center\">La stagione dei Diavoli Rossoneri finisce qui. Non quella di Mario Bedogni e Luigi Bestagini convocati in Nazionale per le Olimpiadi di St. Moritz. Dai Giochi invernali la pi\u00f9 bella notizia della stagione. Nino Bibbia che lo scorso anno ha indossato la maglia rossonera vince la medaglia d&#8217;oro nello skeleton.<\/p>\n\n\n\n<div class=\"wp-block-image\"><figure class=\"aligncenter size-large is-resized\"><img loading=\"lazy\" decoding=\"async\" src=\"https:\/\/www.milanosiamonoi.com\/wp-content\/uploads\/2021\/04\/48.02.-Bibbia-olimpico-LsI-1.jpg\" alt=\"\" class=\"wp-image-6194\" width=\"417\" height=\"421\" srcset=\"https:\/\/www.milanosiamonoi.com\/wp-content\/uploads\/2021\/04\/48.02.-Bibbia-olimpico-LsI-1.jpg 457w, https:\/\/www.milanosiamonoi.com\/wp-content\/uploads\/2021\/04\/48.02.-Bibbia-olimpico-LsI-1-297x300.jpg 297w, https:\/\/www.milanosiamonoi.com\/wp-content\/uploads\/2021\/04\/48.02.-Bibbia-olimpico-LsI-1-150x150.jpg 150w, https:\/\/www.milanosiamonoi.com\/wp-content\/uploads\/2021\/04\/48.02.-Bibbia-olimpico-LsI-1-100x100.jpg 100w, https:\/\/www.milanosiamonoi.com\/wp-content\/uploads\/2021\/04\/48.02.-Bibbia-olimpico-LsI-1-50x50.jpg 50w, https:\/\/www.milanosiamonoi.com\/wp-content\/uploads\/2021\/04\/48.02.-Bibbia-olimpico-LsI-1-25x25.jpg 25w, https:\/\/www.milanosiamonoi.com\/wp-content\/uploads\/2021\/04\/48.02.-Bibbia-olimpico-LsI-1-90x90.jpg 90w\" sizes=\"(max-width: 417px) 100vw, 417px\" \/><figcaption><em>Nino Bibbia: medaglia d&#8217;oro. (Lo Sport Illustrato).<\/em><\/figcaption><\/figure><\/div>\n\n\n\n<figure class=\"wp-block-table aligncenter\"><table><tbody><tr><td><strong>Classifica marcatori stagionali dei Diavoli Rossoneri.<\/strong><\/td><td class=\"has-text-align-center\" data-align=\"center\">Reti<\/td><\/tr><tr><td>Mario Bedogni<\/td><td class=\"has-text-align-center\" data-align=\"center\">5<\/td><\/tr><tr><td>Enrico Galli<\/td><td class=\"has-text-align-center\" data-align=\"center\">4<\/td><\/tr><tr><td>Luigi Bestagini, Dino Innocenti, Luigi Mattavelli<\/td><td class=\"has-text-align-center\" data-align=\"center\">3<\/td><\/tr><tr><td>Giancarlo Bucchetti<\/td><td class=\"has-text-align-center\" data-align=\"center\">2<\/td><\/tr><tr><td>Luciano Cesana<\/td><td class=\"has-text-align-center\" data-align=\"center\">1<\/td><\/tr><\/tbody><\/table><\/figure>\n\n\n\n<figure class=\"wp-block-table\"><table><tbody><tr><td><strong><a href=\"https:\/\/www.milanosiamonoi.com\/index.php\/dal-1946-al-1949-la-ripartenza\/1946-1947-drn\/\" data-type=\"URL\" data-id=\"https:\/\/www.milanosiamonoi.com\/index.php\/dal-1946-al-1949-la-ripartenza\/1946-1947-drn\/\">stagione precedente<\/a><\/strong><\/td><td class=\"has-text-align-right\" data-align=\"right\"><strong><a href=\"https:\/\/www.milanosiamonoi.com\/index.php\/dal-1946-al-1949-la-ripartenza\/1948-1949-drn\/\" data-type=\"URL\" data-id=\"https:\/\/www.milanosiamonoi.com\/index.php\/dal-1946-al-1949-la-ripartenza\/1948-1949-drn\/\">stagione successiva<\/a><\/strong><\/td><\/tr><\/tbody><\/table><\/figure>\n\n\n\n<figure class=\"wp-block-table\"><table><tbody><tr><td class=\"has-text-align-center\" data-align=\"center\"><strong><a href=\"https:\/\/www.milanosiamonoi.com\/index.php\/dal-1946-al-1949-la-ripartenza\/1947-1948\/\" data-type=\"URL\" data-id=\"https:\/\/www.milanosiamonoi.com\/index.php\/dal-1946-al-1949-la-ripartenza\/1947-1948\/\">Hockey Club Milano<\/a><\/strong><\/td><\/tr><\/tbody><\/table><\/figure>\n\n\n\n<figure class=\"wp-block-table\"><table><tbody><tr><td class=\"has-text-align-center\" data-align=\"center\"><strong><a href=\"https:\/\/www.milanosiamonoi.com\/index.php\/dal-1946-al-1949-la-ripartenza\/1947-1948-amatori-mi\/\" data-type=\"URL\" data-id=\"https:\/\/www.milanosiamonoi.com\/index.php\/dal-1946-al-1949-la-ripartenza\/1947-1948-amatori-mi\/\">Amatori Milano<\/a><\/strong><\/td><\/tr><\/tbody><\/table><\/figure>\n","protected":false},"excerpt":{"rendered":"<p>Commissario straordinario Giuseppe &#8220;Popi&#8221; Sbarbaro Allenatore Luigi Bestagini Ruolo Giocatori con almeno una presenza in prima squadra. P Vittorio Bolla, Antonio Fresia. D Luigi Bestagini&#8230;<\/p>\n","protected":false},"author":2,"featured_media":0,"parent":2137,"menu_order":5,"comment_status":"closed","ping_status":"closed","template":"","meta":{"spay_email":"","footnotes":""},"_links":{"self":[{"href":"https:\/\/www.milanosiamonoi.com\/index.php\/wp-json\/wp\/v2\/pages\/6144"}],"collection":[{"href":"https:\/\/www.milanosiamonoi.com\/index.php\/wp-json\/wp\/v2\/pages"}],"about":[{"href":"https:\/\/www.milanosiamonoi.com\/index.php\/wp-json\/wp\/v2\/types\/page"}],"author":[{"embeddable":true,"href":"https:\/\/www.milanosiamonoi.com\/index.php\/wp-json\/wp\/v2\/users\/2"}],"replies":[{"embeddable":true,"href":"https:\/\/www.milanosiamonoi.com\/index.php\/wp-json\/wp\/v2\/comments?post=6144"}],"version-history":[{"count":54,"href":"https:\/\/www.milanosiamonoi.com\/index.php\/wp-json\/wp\/v2\/pages\/6144\/revisions"}],"predecessor-version":[{"id":13092,"href":"https:\/\/www.milanosiamonoi.com\/index.php\/wp-json\/wp\/v2\/pages\/6144\/revisions\/13092"}],"up":[{"embeddable":true,"href":"https:\/\/www.milanosiamonoi.com\/index.php\/wp-json\/wp\/v2\/pages\/2137"}],"wp:attachment":[{"href":"https:\/\/www.milanosiamonoi.com\/index.php\/wp-json\/wp\/v2\/media?parent=6144"}],"curies":[{"name":"wp","href":"https:\/\/api.w.org\/{rel}","templated":true}]}}