{"id":5996,"date":"2021-05-03T19:26:57","date_gmt":"2021-05-03T19:26:57","guid":{"rendered":"http:\/\/milanosiamonoi.com\/?page_id=5996"},"modified":"2025-03-20T16:26:26","modified_gmt":"2025-03-20T16:26:26","slug":"1947-1948","status":"publish","type":"page","link":"https:\/\/www.milanosiamonoi.com\/index.php\/campionati\/dal-1946-al-1949-la-ripartenza\/1947-1948\/","title":{"rendered":"1947\/1948 HC Milano"},"content":{"rendered":"\n<div class=\"wp-block-image\"><figure class=\"aligncenter size-large\"><img loading=\"lazy\" decoding=\"async\" width=\"300\" height=\"300\" src=\"https:\/\/www.milanosiamonoi.com\/wp-content\/uploads\/2021\/03\/logo-milano48b.jpg\" alt=\"\" class=\"wp-image-5588\" srcset=\"https:\/\/www.milanosiamonoi.com\/wp-content\/uploads\/2021\/03\/logo-milano48b.jpg 300w, https:\/\/www.milanosiamonoi.com\/wp-content\/uploads\/2021\/03\/logo-milano48b-150x150.jpg 150w, https:\/\/www.milanosiamonoi.com\/wp-content\/uploads\/2021\/03\/logo-milano48b-100x100.jpg 100w, https:\/\/www.milanosiamonoi.com\/wp-content\/uploads\/2021\/03\/logo-milano48b-50x50.jpg 50w, https:\/\/www.milanosiamonoi.com\/wp-content\/uploads\/2021\/03\/logo-milano48b-25x25.jpg 25w, https:\/\/www.milanosiamonoi.com\/wp-content\/uploads\/2021\/03\/logo-milano48b-90x90.jpg 90w\" sizes=\"(max-width: 300px) 100vw, 300px\" \/><\/figure><\/div>\n\n\n\n<figure class=\"wp-block-table aligncenter\"><table><tbody><tr><td>Commissario straordinario<\/td><td>Giuseppe Bondenari<\/td><\/tr><tr><td>Allenatore<\/td><td>Ignazio Dionisi<\/td><\/tr><\/tbody><\/table><\/figure>\n\n\n\n<figure class=\"wp-block-table\"><table><tbody><tr><td class=\"has-text-align-center\" data-align=\"center\">Ruolo<\/td><td><strong>Giocatori con almeno una presenza in prima squadra.<\/strong><\/td><\/tr><tr><td class=\"has-text-align-center\" data-align=\"center\">P<\/td><td>Costanzo Mongini, Giannantonio Zopegni.<\/td><\/tr><tr><td class=\"has-text-align-center\" data-align=\"center\">D<\/td><td>Giancarlo Bassi, Giancarlo Bucchetti, Arnaldo Fabris, Franco Rossi, <\/td><\/tr><tr><td class=\"has-text-align-center\" data-align=\"center\">A<\/td><td>Giancarlo Bulgheroni, Ignazio Dionisi (C), Vincenzo Fardella, Aldo Federici, Umberto Gerli, Dino Innocenti, Sandor Ott.<\/td><\/tr><tr><td class=\"has-text-align-center\" data-align=\"center\">Rinforzo<\/td><td>Othmar Delnon (Neuchatel Young Sprinters).<\/td><\/tr><\/tbody><\/table><\/figure>\n\n\n\n<p class=\"has-text-align-center\">Tempi grami per l&#8217;hockey, difficile se non impossibile ottenere aiuti economici. I Diavoli annunciano che svolgeranno attivit\u00e0 solo a livello giovanile. Il Milano si affida a un commissario straordinario per trovare chiunque sia disposto a dare una mano. Il FC Internazionale garantisce collaborazione nella vendita dei biglietti.  Liberi di accasarsi, Bucchetti, Innocenti e Ott abbracciano i colori bianco-rosso-azzurri, ovviamente di riavere in organico Jacques Belanger non se ne parla nemmeno. I dirigenti della seconda squadra del Milano si sono messi in proprio costituendo una squadra denominata Amatori HC Milano. Il tutto con l&#8217;imminente ritorno dei Giochi olimpici in quel di St. Moritz. Note positive per quel che riguarda il &#8220;Nuovo Palazzo del ghiaccio e degli sport&#8221;. Hockey, pattinaggio, CPAM e Frigoriferi Milanesi hanno unito le forze per dare un nuovo volto al vecchio impianto. La bella e costosa opera di riqualificazione  \u00e8 stata diretta dall&#8217;ingegner Bruno Bonfiglio, vecchio campione di pattinaggio che ha diretto i lavori animato da una grande passione.<\/p>\n\n\n\n<div class=\"wp-block-image\"><figure class=\"aligncenter size-large is-resized\"><img loading=\"lazy\" decoding=\"async\" src=\"https:\/\/www.milanosiamonoi.com\/wp-content\/uploads\/2021\/04\/47.11.01-Nuovo-PdG-Corsera-1.jpg\" alt=\"\" class=\"wp-image-6006\" width=\"296\" height=\"444\" srcset=\"https:\/\/www.milanosiamonoi.com\/wp-content\/uploads\/2021\/04\/47.11.01-Nuovo-PdG-Corsera-1.jpg 312w, https:\/\/www.milanosiamonoi.com\/wp-content\/uploads\/2021\/04\/47.11.01-Nuovo-PdG-Corsera-1-200x300.jpg 200w, https:\/\/www.milanosiamonoi.com\/wp-content\/uploads\/2021\/04\/47.11.01-Nuovo-PdG-Corsera-1-67x100.jpg 67w, https:\/\/www.milanosiamonoi.com\/wp-content\/uploads\/2021\/04\/47.11.01-Nuovo-PdG-Corsera-1-33x50.jpg 33w, https:\/\/www.milanosiamonoi.com\/wp-content\/uploads\/2021\/04\/47.11.01-Nuovo-PdG-Corsera-1-17x25.jpg 17w\" sizes=\"(max-width: 296px) 100vw, 296px\" \/><figcaption><em>31 ottobre 1947; prima parte di un articolo da &#8220;Il Corriere della Sera&#8221;.<\/em><\/figcaption><\/figure><\/div>\n\n\n\n<p class=\"has-text-align-center\">Il giorno dopo la presentazione del nuovo impianto il Milano torna in pista e come l&#8217;anno precedente per l&#8217;apertura arriva da Losanna il Bleu Star. Doppio confronto e vittorie in scioltezza contro una squadra per nulla irresistibile.<\/p>\n\n\n\n<figure class=\"wp-block-table aligncenter\"><table><tbody><tr><td><strong>1947<\/strong><\/td><td><strong>Milano &#8211; Partite amichevoli.<\/strong><\/td><td>Risultato<\/td><\/tr><tr><td>1 novembre<\/td><td>Milano-Bleu Star Losanna<\/td><td>6-0<\/td><\/tr><tr><td>2 novembre<\/td><td>Milano-Bleu Star Losanna<\/td><td>11-0<\/td><\/tr><\/tbody><\/table><\/figure>\n\n\n\n<div class=\"wp-block-image\"><figure class=\"aligncenter size-large is-resized\"><img loading=\"lazy\" decoding=\"async\" src=\"https:\/\/www.milanosiamonoi.com\/wp-content\/uploads\/2021\/04\/47.11.01-M-BS-LS-6-0-LsI-F.-Rossi-Dionisi-Federici-Fardella-Ott-A.-Fabris-Talamona.-in-basso-Gerli-Zopegni-Bucchetti-Bulgheroni-Copia-1024x585.jpg\" alt=\"\" class=\"wp-image-5989\" width=\"577\" height=\"329\" srcset=\"https:\/\/www.milanosiamonoi.com\/wp-content\/uploads\/2021\/04\/47.11.01-M-BS-LS-6-0-LsI-F.-Rossi-Dionisi-Federici-Fardella-Ott-A.-Fabris-Talamona.-in-basso-Gerli-Zopegni-Bucchetti-Bulgheroni-Copia-1024x585.jpg 1024w, https:\/\/www.milanosiamonoi.com\/wp-content\/uploads\/2021\/04\/47.11.01-M-BS-LS-6-0-LsI-F.-Rossi-Dionisi-Federici-Fardella-Ott-A.-Fabris-Talamona.-in-basso-Gerli-Zopegni-Bucchetti-Bulgheroni-Copia-300x171.jpg 300w, https:\/\/www.milanosiamonoi.com\/wp-content\/uploads\/2021\/04\/47.11.01-M-BS-LS-6-0-LsI-F.-Rossi-Dionisi-Federici-Fardella-Ott-A.-Fabris-Talamona.-in-basso-Gerli-Zopegni-Bucchetti-Bulgheroni-Copia-768x439.jpg 768w, https:\/\/www.milanosiamonoi.com\/wp-content\/uploads\/2021\/04\/47.11.01-M-BS-LS-6-0-LsI-F.-Rossi-Dionisi-Federici-Fardella-Ott-A.-Fabris-Talamona.-in-basso-Gerli-Zopegni-Bucchetti-Bulgheroni-Copia-100x57.jpg 100w, https:\/\/www.milanosiamonoi.com\/wp-content\/uploads\/2021\/04\/47.11.01-M-BS-LS-6-0-LsI-F.-Rossi-Dionisi-Federici-Fardella-Ott-A.-Fabris-Talamona.-in-basso-Gerli-Zopegni-Bucchetti-Bulgheroni-Copia-50x29.jpg 50w, https:\/\/www.milanosiamonoi.com\/wp-content\/uploads\/2021\/04\/47.11.01-M-BS-LS-6-0-LsI-F.-Rossi-Dionisi-Federici-Fardella-Ott-A.-Fabris-Talamona.-in-basso-Gerli-Zopegni-Bucchetti-Bulgheroni-Copia-25x14.jpg 25w, https:\/\/www.milanosiamonoi.com\/wp-content\/uploads\/2021\/04\/47.11.01-M-BS-LS-6-0-LsI-F.-Rossi-Dionisi-Federici-Fardella-Ott-A.-Fabris-Talamona.-in-basso-Gerli-Zopegni-Bucchetti-Bulgheroni-Copia-1126x643.jpg 1126w, https:\/\/www.milanosiamonoi.com\/wp-content\/uploads\/2021\/04\/47.11.01-M-BS-LS-6-0-LsI-F.-Rossi-Dionisi-Federici-Fardella-Ott-A.-Fabris-Talamona.-in-basso-Gerli-Zopegni-Bucchetti-Bulgheroni-Copia-740x423.jpg 740w, https:\/\/www.milanosiamonoi.com\/wp-content\/uploads\/2021\/04\/47.11.01-M-BS-LS-6-0-LsI-F.-Rossi-Dionisi-Federici-Fardella-Ott-A.-Fabris-Talamona.-in-basso-Gerli-Zopegni-Bucchetti-Bulgheroni-Copia.jpg 1239w\" sizes=\"(max-width: 577px) 100vw, 577px\" \/><figcaption><em>La formazione schierata nel primo match con il Bleu Star; da sinistra in piedi: F. Rossi, Dionisi, Federici, Fardella, Ott, A. Fabris e l&#8217;arbitro Talamona. Accosciati: Gerli, Mongini, Bucchetti e Bulgheroni (Lo Sport Illustrato).<\/em><\/figcaption><\/figure><\/div>\n\n\n\n<p class=\"has-text-align-center\">In Federazione fervono i preparativi per organizzare la spedizione olimpica. La commissione tecnica che segue la Nazionale (Medri, Calcaterra e Galetti) viene ampliata con gli ingressi di Tino De Mazzeri, Gianmario Baroni e il cortinese Roberto Zardini. Il presidente Calcaterra ha contattato in Canada Ontario Venturi, ex giocatore dell&#8217;AMDG d&#8217;anteguerra, offrendogli il ruolo di allenatore. Venturi, completamente assorbito dagli impegni di lavoro, non si pu\u00f2 rendere disponibile. La ricerca di un allenatore straniero continua. Si studia che formula dare al campionato, probabilmente una serie A allargata a chiunque voglia partecipare, con fase a eliminazione che porter\u00e0 la vincente a sfidare il Milano detentore. Dieci le iscritte: Alleghe, Amatori Milano, Asiaghese, Cortina, Cortina II, Merano, Misurina, Ortisei, Diavoli Azzurri della Polisportiva Giovanile Alto Adige Bolzano e all&#8217;ultimo momento anche i Diavoli Rossoneri con una squadra tutta da scoprire. Il Milano prosegue la stagione ospitando Young Sprinters e Grasshopper.<\/p>\n\n\n\n<div class=\"wp-block-image\"><figure class=\"aligncenter size-large is-resized\"><img loading=\"lazy\" decoding=\"async\" src=\"https:\/\/www.milanosiamonoi.com\/wp-content\/uploads\/2021\/04\/47.11.22-M-Ne-YS-14-5-LsI-1024x810.jpg\" alt=\"\" class=\"wp-image-5990\" width=\"554\" height=\"437\" srcset=\"https:\/\/www.milanosiamonoi.com\/wp-content\/uploads\/2021\/04\/47.11.22-M-Ne-YS-14-5-LsI-1024x810.jpg 1024w, https:\/\/www.milanosiamonoi.com\/wp-content\/uploads\/2021\/04\/47.11.22-M-Ne-YS-14-5-LsI-300x237.jpg 300w, https:\/\/www.milanosiamonoi.com\/wp-content\/uploads\/2021\/04\/47.11.22-M-Ne-YS-14-5-LsI-768x607.jpg 768w, https:\/\/www.milanosiamonoi.com\/wp-content\/uploads\/2021\/04\/47.11.22-M-Ne-YS-14-5-LsI-100x79.jpg 100w, https:\/\/www.milanosiamonoi.com\/wp-content\/uploads\/2021\/04\/47.11.22-M-Ne-YS-14-5-LsI-50x40.jpg 50w, https:\/\/www.milanosiamonoi.com\/wp-content\/uploads\/2021\/04\/47.11.22-M-Ne-YS-14-5-LsI-25x20.jpg 25w, https:\/\/www.milanosiamonoi.com\/wp-content\/uploads\/2021\/04\/47.11.22-M-Ne-YS-14-5-LsI-740x585.jpg 740w, https:\/\/www.milanosiamonoi.com\/wp-content\/uploads\/2021\/04\/47.11.22-M-Ne-YS-14-5-LsI.jpg 1089w\" sizes=\"(max-width: 554px) 100vw, 554px\" \/><figcaption>Milano-Neuchatel Young Sprinters. (Lo Sport Illustrato).<\/figcaption><\/figure><\/div>\n\n\n\n<p class=\"has-text-align-center\">Contro i neocastellani esordisce Dino Innocenti. Risultato al di l\u00e0 della pi\u00f9 ottimistica previsione. Federazione e Milano raggiungono un accordo con la dirigenza degli Young Sprinters; Othmar Delnon allener\u00e0 gli azzurri per le Olimpiadi e rinforzer\u00e0 il Milano in alcune amichevoli, in cambio Franco Rossi vestir\u00e0 la maglia del Neuchatel in campionato.<\/p>\n\n\n\n<figure class=\"wp-block-table aligncenter\"><table><tbody><tr><td><strong>1947<\/strong><\/td><td><strong>Milano &#8211; Partite amichevoli.<\/strong><\/td><td>Risultato<\/td><\/tr><tr><td>22 novembre<\/td><td>Milano-Neuchatel Young Sprinters<\/td><td>14-5 (4-1; 4-2; 6-2)<\/td><\/tr><tr><td>29 novembre<\/td><td>Milano-Grasshopper<\/td><td>7-3 (2-1; 3-2; 2-0)<\/td><\/tr><\/tbody><\/table><\/figure>\n\n\n\n<div class=\"wp-block-image\"><figure class=\"aligncenter size-large\"><img loading=\"lazy\" decoding=\"async\" width=\"404\" height=\"491\" src=\"https:\/\/www.milanosiamonoi.com\/wp-content\/uploads\/2021\/04\/47.12.20-M-Mont.-4-1-b-Innocenti-Federici-Dionsi-Fardella-Venosta-e-in-piedi-Beppe-Bondenari.jpg\" alt=\"\" class=\"wp-image-6087\" srcset=\"https:\/\/www.milanosiamonoi.com\/wp-content\/uploads\/2021\/04\/47.12.20-M-Mont.-4-1-b-Innocenti-Federici-Dionsi-Fardella-Venosta-e-in-piedi-Beppe-Bondenari.jpg 404w, https:\/\/www.milanosiamonoi.com\/wp-content\/uploads\/2021\/04\/47.12.20-M-Mont.-4-1-b-Innocenti-Federici-Dionsi-Fardella-Venosta-e-in-piedi-Beppe-Bondenari-247x300.jpg 247w, https:\/\/www.milanosiamonoi.com\/wp-content\/uploads\/2021\/04\/47.12.20-M-Mont.-4-1-b-Innocenti-Federici-Dionsi-Fardella-Venosta-e-in-piedi-Beppe-Bondenari-82x100.jpg 82w, https:\/\/www.milanosiamonoi.com\/wp-content\/uploads\/2021\/04\/47.12.20-M-Mont.-4-1-b-Innocenti-Federici-Dionsi-Fardella-Venosta-e-in-piedi-Beppe-Bondenari-41x50.jpg 41w, https:\/\/www.milanosiamonoi.com\/wp-content\/uploads\/2021\/04\/47.12.20-M-Mont.-4-1-b-Innocenti-Federici-Dionsi-Fardella-Venosta-e-in-piedi-Beppe-Bondenari-21x25.jpg 21w\" sizes=\"(max-width: 404px) 100vw, 404px\" \/><figcaption><em>Da sinistra: Innocenti, Federici, Dionisi, Fardella, Venosta e in piedi Bondenari. (Lo Sport Illustrato).<\/em><\/figcaption><\/figure><\/div>\n\n\n\n<p class=\"has-text-align-center\">In dicembre la Nazionale inizia la preparazione al Piranesi. Othmar Delnon non si fa vivo e la direzione degli allenamenti viene affidata a Sandor Ott. Convocati anche Bedogni e Bestagini dei Diavoli Rossoneri e tre giocatori del Cortina: Dino Menardi, Armando e Claudio Apollonio.<\/p>\n\n\n\n<div class=\"wp-block-image\"><figure class=\"aligncenter size-large is-resized\"><img loading=\"lazy\" decoding=\"async\" src=\"https:\/\/www.milanosiamonoi.com\/wp-content\/uploads\/2021\/04\/47.12.-Italia-all.-Piranesi.jpg\" alt=\"\" class=\"wp-image-6038\" width=\"572\" height=\"394\" srcset=\"https:\/\/www.milanosiamonoi.com\/wp-content\/uploads\/2021\/04\/47.12.-Italia-all.-Piranesi.jpg 717w, https:\/\/www.milanosiamonoi.com\/wp-content\/uploads\/2021\/04\/47.12.-Italia-all.-Piranesi-300x207.jpg 300w, https:\/\/www.milanosiamonoi.com\/wp-content\/uploads\/2021\/04\/47.12.-Italia-all.-Piranesi-100x69.jpg 100w, https:\/\/www.milanosiamonoi.com\/wp-content\/uploads\/2021\/04\/47.12.-Italia-all.-Piranesi-50x35.jpg 50w, https:\/\/www.milanosiamonoi.com\/wp-content\/uploads\/2021\/04\/47.12.-Italia-all.-Piranesi-25x17.jpg 25w\" sizes=\"(max-width: 572px) 100vw, 572px\" \/><figcaption><em>Da sinistra in piedi: Ott, Innocenti, Dino Menardi, Bedogni, Bestagini, Bulgheroni, A. Apollonio, A. Fabris, Gerli, Federici. Accosciati: Dionisi, F. Rossi, Bassi, Fardella, Mongini, Zopegni e C. Apollonio. <\/em><\/figcaption><\/figure><\/div>\n\n\n\n<p class=\"has-text-align-center\">Altre amichevoli, sempre al Piranesi. Il Milano batte anche Berna e Montchoisi ottenendo la sesta vittoria consecutiva. Luigi Grassi (La Gazzetta dello Sport) getta acqua sul fuoco e invita a  non esaltarsi; il Bleu Star \u00e8 una formazione mediocre di serie B e le altre squadre sconfitte dal Milano occupano gli ultimi quattro posti della LNA svizzera.<\/p>\n\n\n\n<div class=\"wp-block-image\"><figure class=\"aligncenter size-large is-resized\"><img loading=\"lazy\" decoding=\"async\" src=\"https:\/\/www.milanosiamonoi.com\/wp-content\/uploads\/2021\/04\/48.02.01-Hockey-Dom.-Corriere-nomi.jpg\" alt=\"\" class=\"wp-image-6092\" width=\"534\" height=\"366\" srcset=\"https:\/\/www.milanosiamonoi.com\/wp-content\/uploads\/2021\/04\/48.02.01-Hockey-Dom.-Corriere-nomi.jpg 623w, https:\/\/www.milanosiamonoi.com\/wp-content\/uploads\/2021\/04\/48.02.01-Hockey-Dom.-Corriere-nomi-300x206.jpg 300w, https:\/\/www.milanosiamonoi.com\/wp-content\/uploads\/2021\/04\/48.02.01-Hockey-Dom.-Corriere-nomi-100x69.jpg 100w, https:\/\/www.milanosiamonoi.com\/wp-content\/uploads\/2021\/04\/48.02.01-Hockey-Dom.-Corriere-nomi-50x34.jpg 50w, https:\/\/www.milanosiamonoi.com\/wp-content\/uploads\/2021\/04\/48.02.01-Hockey-Dom.-Corriere-nomi-25x17.jpg 25w\" sizes=\"(max-width: 534px) 100vw, 534px\" \/><\/figure><\/div>\n\n\n\n<figure class=\"wp-block-table aligncenter\"><table><tbody><tr><td><strong>1947<\/strong><\/td><td><strong>Milano &#8211; Partite amichevoli.<\/strong><\/td><td>Risultato<\/td><\/tr><tr><td>6 dicembre<\/td><td>Milano-SC Berna<\/td><td>6-5 (2-0; 3-1; 1-4)<\/td><\/tr><tr><td>20 dicembre<\/td><td>Milano-Montchoisi HC<\/td><td>4-1 (2-0; 2-1; 0-0)<\/td><\/tr><\/tbody><\/table><\/figure>\n\n\n\n<div class=\"wp-block-image\"><figure class=\"aligncenter size-large is-resized\"><img loading=\"lazy\" decoding=\"async\" src=\"https:\/\/www.milanosiamonoi.com\/wp-content\/uploads\/2021\/04\/47.12.22-M-Montchoisi-4-1-LsI-1-e1617696150328.jpg\" alt=\"\" class=\"wp-image-6051\" width=\"503\" height=\"469\"\/><figcaption><em>Bulgheroni (sulla destra) sotto la porta del Montchoisi HC. (Lo Sport Illustrato).<\/em><\/figcaption><\/figure><\/div>\n\n\n\n<p class=\"has-text-align-center\">Il 23 dicembre scatta il campionato di serie A. Il Milano detentore giocher\u00e0 solo la finale. Il Cortina entrer\u00e0 in scena al termine della fase di qualificazione a gironi. Gli ampezzani e la prima classificata dei gironi a eliminazione si giocheranno in partita secca l&#8217;accesso alla doppia finale di campionato in programma per il 6 e 7 gennaio 1948 a Cortina. La partecipazione alle Olimpiadi comprime il calendario, ma altre soluzione non ci sono.<\/p>\n\n\n\n<figure class=\"wp-block-table aligncenter\"><table><tbody><tr><td><strong>Prima fase del Campionato italiano.<\/strong><\/td><td><strong>Risultato<\/strong><\/td><\/tr><tr><td><strong>Auronzo &#8211; Girone A (Alleghe, Cortina II e Misurina)<\/strong><\/td><td><\/td><\/tr><tr><td>Misurina-Alleghe <\/td><td>2-0 tav.<\/td><\/tr><tr><td>Alleghe-Cortina II <\/td><td>3-0<\/td><\/tr><tr><td>Misurina-Cortina II<\/td><td>5-0<\/td><\/tr><tr><td>Misurina punti 4, Alleghe 2, Cortina II 0<\/td><td><strong>Qual. Misurina<\/strong><\/td><\/tr><tr><td><strong>Ortisei &#8211; Girone B (Diavoli Azzurri Bz, Diavoli Rossoneri e Ortisei)<\/strong><\/td><td><\/td><\/tr><tr><td>Ortisei-Diavoli Azzurri Bolzano<\/td><td>2-1 (0-0; 0-0; 2-1)<\/td><\/tr><tr><td>Diavoli Azzurri Bolzano-Diavoli Rossoneri<\/td><td>1-0 tav.<\/td><\/tr><tr><td>Ortisei-Diavoli Rossoneri<\/td><td>1-3 (1-0; 0-2; 0-1)<\/td><\/tr><tr><td>Diavoli Rossoneri, Diavoli Azzurri Bz e Ortisei punti 2.<\/td><td><strong>Qual. DRN per diff. reti.<\/strong><\/td><\/tr><tr><td><strong>Asiago &#8211; Girone C (Amatori Milano, Asiaghese e Merano) <\/strong><\/td><td><\/td><\/tr><tr><td>Asiaghese-Amatori Milano<\/td><td>0-6 (0-3; 0-2; 0-1)<\/td><\/tr><tr><td>Amatori Milano-Merano<\/td><td>9-1 (4-0; 1-1; 4-0)<\/td><\/tr><tr><td>Asiaghese-Merano<\/td><td>3-4 (2-1; 1-1; 0-2)<\/td><\/tr><tr><td>Amatori Milano punti 4, Merano 2, Asiaghese 0.<\/td><td><strong>Qual. Amatori Milano.<\/strong><\/td><\/tr><\/tbody><\/table><\/figure>\n\n\n\n<p class=\"has-text-align-center\">A fine anno il Milano riceve la visita dei cechi del I\u00b0 CLTK Praga, formazione di tutto rispetto che due giorni prima a vinto a Cortina per 18-3. Gli ospiti in patria sono inferiori solo ai cugini del LTC Praga. Come spesso avviene c&#8217;\u00e8 il doppio confronto.<\/p>\n\n\n\n<div class=\"wp-block-image\"><figure class=\"aligncenter size-large is-resized\"><img loading=\"lazy\" decoding=\"async\" src=\"https:\/\/www.milanosiamonoi.com\/wp-content\/uploads\/2021\/04\/47.12.29-ante-M-I-CLTK-prezzi.jpg\" alt=\"\" class=\"wp-image-6067\" width=\"346\" height=\"371\" srcset=\"https:\/\/www.milanosiamonoi.com\/wp-content\/uploads\/2021\/04\/47.12.29-ante-M-I-CLTK-prezzi.jpg 375w, https:\/\/www.milanosiamonoi.com\/wp-content\/uploads\/2021\/04\/47.12.29-ante-M-I-CLTK-prezzi-281x300.jpg 281w, https:\/\/www.milanosiamonoi.com\/wp-content\/uploads\/2021\/04\/47.12.29-ante-M-I-CLTK-prezzi-94x100.jpg 94w, https:\/\/www.milanosiamonoi.com\/wp-content\/uploads\/2021\/04\/47.12.29-ante-M-I-CLTK-prezzi-47x50.jpg 47w, https:\/\/www.milanosiamonoi.com\/wp-content\/uploads\/2021\/04\/47.12.29-ante-M-I-CLTK-prezzi-23x25.jpg 23w\" sizes=\"(max-width: 346px) 100vw, 346px\" \/><figcaption><em>Da &#8220;La Gazzetta dello Sport&#8221;.<\/em><\/figcaption><\/figure><\/div>\n\n\n\n<div class=\"wp-block-image\"><figure class=\"aligncenter size-large\"><img loading=\"lazy\" decoding=\"async\" width=\"462\" height=\"496\" src=\"https:\/\/www.milanosiamonoi.com\/wp-content\/uploads\/2021\/04\/47.12.30-M-I-CLTK-5-7-Corsera.jpg\" alt=\"\" class=\"wp-image-6068\" srcset=\"https:\/\/www.milanosiamonoi.com\/wp-content\/uploads\/2021\/04\/47.12.30-M-I-CLTK-5-7-Corsera.jpg 462w, https:\/\/www.milanosiamonoi.com\/wp-content\/uploads\/2021\/04\/47.12.30-M-I-CLTK-5-7-Corsera-279x300.jpg 279w, https:\/\/www.milanosiamonoi.com\/wp-content\/uploads\/2021\/04\/47.12.30-M-I-CLTK-5-7-Corsera-93x100.jpg 93w, https:\/\/www.milanosiamonoi.com\/wp-content\/uploads\/2021\/04\/47.12.30-M-I-CLTK-5-7-Corsera-47x50.jpg 47w, https:\/\/www.milanosiamonoi.com\/wp-content\/uploads\/2021\/04\/47.12.30-M-I-CLTK-5-7-Corsera-23x25.jpg 23w\" sizes=\"(max-width: 462px) 100vw, 462px\" \/><figcaption><em>Articolo da &#8220;Il Corriere della Sera&#8221;.<\/em><\/figcaption><\/figure><\/div>\n\n\n\n<div class=\"wp-block-image\"><figure class=\"aligncenter size-large\"><img loading=\"lazy\" decoding=\"async\" width=\"287\" height=\"462\" src=\"https:\/\/www.milanosiamonoi.com\/wp-content\/uploads\/2021\/04\/48.01.01-M-ICLTK-6-10-Corsport.jpg\" alt=\"\" class=\"wp-image-6069\" srcset=\"https:\/\/www.milanosiamonoi.com\/wp-content\/uploads\/2021\/04\/48.01.01-M-ICLTK-6-10-Corsport.jpg 287w, https:\/\/www.milanosiamonoi.com\/wp-content\/uploads\/2021\/04\/48.01.01-M-ICLTK-6-10-Corsport-186x300.jpg 186w, https:\/\/www.milanosiamonoi.com\/wp-content\/uploads\/2021\/04\/48.01.01-M-ICLTK-6-10-Corsport-62x100.jpg 62w, https:\/\/www.milanosiamonoi.com\/wp-content\/uploads\/2021\/04\/48.01.01-M-ICLTK-6-10-Corsport-31x50.jpg 31w, https:\/\/www.milanosiamonoi.com\/wp-content\/uploads\/2021\/04\/48.01.01-M-ICLTK-6-10-Corsport-16x25.jpg 16w\" sizes=\"(max-width: 287px) 100vw, 287px\" \/><figcaption>Articolo da &#8220;Il Corriere dello Sport&#8221;.<\/figcaption><\/figure><\/div>\n\n\n\n<p class=\"has-text-align-center\">Nei primi due periodi della seconda partita i boemi, riposati e consci della loro forza, hanno evidenziato chiare e maggiori abilit\u00e0 individuali e ottime combinazioni di gioco collettivo, veloci, brillanti e decisi. I nostri, quasi rassegnati a una pesante sconfitta, si sono riscattati negli ultimi venti minuti: fu vera gloria?<\/p>\n\n\n\n<figure class=\"wp-block-table aligncenter\"><table><tbody><tr><td><\/td><td><strong>Milano &#8211; Partite amichevoli.<\/strong><\/td><td>Risultato<\/td><\/tr><tr><td>30 dicembre 1947<\/td><td>Milano-I\u00b0 CLTK Praga<\/td><td>5-7 (1-2; 3-2; 1-3)<\/td><\/tr><tr><td>1 gennaio 1948<\/td><td>Milano-I\u00b0 CLTK Praga<\/td><td>6-10 (0-3; 0-5; 6-2)<\/td><\/tr><\/tbody><\/table><\/figure>\n\n\n\n<div class=\"wp-block-image\"><figure class=\"aligncenter size-large\"><img loading=\"lazy\" decoding=\"async\" width=\"327\" height=\"444\" src=\"https:\/\/www.milanosiamonoi.com\/wp-content\/uploads\/2021\/04\/48.02.01-F.-Rossi-e-Innocenti-Dom.-Corriere-grande.jpg\" alt=\"\" class=\"wp-image-6081\" srcset=\"https:\/\/www.milanosiamonoi.com\/wp-content\/uploads\/2021\/04\/48.02.01-F.-Rossi-e-Innocenti-Dom.-Corriere-grande.jpg 327w, https:\/\/www.milanosiamonoi.com\/wp-content\/uploads\/2021\/04\/48.02.01-F.-Rossi-e-Innocenti-Dom.-Corriere-grande-221x300.jpg 221w, https:\/\/www.milanosiamonoi.com\/wp-content\/uploads\/2021\/04\/48.02.01-F.-Rossi-e-Innocenti-Dom.-Corriere-grande-74x100.jpg 74w, https:\/\/www.milanosiamonoi.com\/wp-content\/uploads\/2021\/04\/48.02.01-F.-Rossi-e-Innocenti-Dom.-Corriere-grande-37x50.jpg 37w, https:\/\/www.milanosiamonoi.com\/wp-content\/uploads\/2021\/04\/48.02.01-F.-Rossi-e-Innocenti-Dom.-Corriere-grande-18x25.jpg 18w\" sizes=\"(max-width: 327px) 100vw, 327px\" \/><figcaption><em>Franco Rossi e Dino Innocenti, coppia difensiva con il I\u00b0 CLTK. (La Domenica del Corriere).<\/em><\/figcaption><\/figure><\/div>\n\n\n\n<p class=\"has-text-align-center\">Amatori Milano, Diavoli Rossoneri e Misurina si ritrovano in Cadore per dare luogo al girone che designer\u00e0 la sfidante del Cortina in quella che si pu\u00f2 definire la semifinale di campionato.<\/p>\n\n\n\n<figure class=\"wp-block-table\"><table><tbody><tr><td><strong>1948<\/strong><\/td><td><strong>Seconda fase<\/strong> <strong>Campionato italiano.<\/strong><\/td><td>Risultato<\/td><\/tr><tr><td><\/td><td><strong>Auronzo &#8211; Girone finale eliminatorie<\/strong><\/td><td><\/td><\/tr><tr><td>1 gennaio<\/td><td>Misurina-Amatori Milano<\/td><td>5-5 (2-3; 2-1; 1-1)<\/td><\/tr><tr><td>2 gennaio<\/td><td>Misurina-Diavoli Rossoneri<\/td><td>5-3 (0-1; 2-1; 3-1)<\/td><\/tr><tr><td>2 gennaio<\/td><td>Amatori Milano-Diavoli Rossoneri<\/td><td>10-4 (4-0; 5-3; 1-1)<\/td><\/tr><tr><td><\/td><td>Amatori Milano e Misurina punti 3, Diavoli Rossoneri 0.<\/td><td><strong>Qual. Amatori Milano per diff. reti.<\/strong><\/td><\/tr><tr><td><\/td><td><strong>Cortina &#8211; Gara di accesso alla finale.<\/strong><\/td><td><\/td><\/tr><tr><td>5 gennaio<\/td><td>Cortina-Amatori Milano<\/td><td>8-1<\/td><\/tr><tr><td><\/td><td><strong>Cortina in finale.<\/strong><\/td><td><\/td><\/tr><\/tbody><\/table><\/figure>\n\n\n\n<p class=\"has-text-align-center\">Il match tra Cortina e Amatori Milano \u00e8 stato giocato su un ghiaccio in pessimo stato. Le condizioni climatiche non consentono di approntare la pista del Revis e le due partite di finale tra Cortina e Milano non possono essere disputate. Essendo tutto il mese di gennaio dedicato alla preparazione della Nazionale per St. Moritz, la Federazione decide di rimandare le finali a Giochi conclusi. Finir\u00e0 con il ritiro del Cortina per l&#8217;impossibilit\u00e0 di allenarsi e con il Milano campione d&#8217;Italia senza giocare nemmeno una partita!<\/p>\n\n\n\n<figure class=\"wp-block-table aligncenter\"><table><tbody><tr><td><strong>1948<\/strong><\/td><td><strong>Partite amichevoli.<\/strong><\/td><td>Risultato<\/td><\/tr><tr><td>Losanna, 10 gennaio<\/td><td>Montchoisi HC-Milano<\/td><td>3-4 (0-3; 2-0; 1-1)<\/td><\/tr><tr><td>Milano, 14 gennaio<\/td><td>Milano-Wiener EV<\/td><td>12-6 (6-1; 2-3; 4-2)<\/td><\/tr><tr><td>Milano, 15 gennaio<\/td><td>Milano-Wiener EV<\/td><td>10-6 (5-1; 2-4; (3-1)<\/td><\/tr><\/tbody><\/table><\/figure>\n\n\n\n<p class=\"has-text-align-center\">A Losanna assente Zopegni (dolore a un&#8217;anca). Problemi fisici anche per Bulgheroni che salta tutte e tre le partite. Con i viennesi si presenta Othmar Delnon e segna cinque reti in due partite, ma doveva fare l&#8217;allenatore e al via ai Giochi mancano due settimane.<\/p>\n\n\n\n<div class=\"wp-block-image\"><figure class=\"aligncenter size-large is-resized\"><img loading=\"lazy\" decoding=\"async\" src=\"https:\/\/www.milanosiamonoi.com\/wp-content\/uploads\/2021\/04\/47.12.23-azzurri-ai-Gochi-invernali-1.jpg\" alt=\"\" class=\"wp-image-6100\" width=\"344\" height=\"375\" srcset=\"https:\/\/www.milanosiamonoi.com\/wp-content\/uploads\/2021\/04\/47.12.23-azzurri-ai-Gochi-invernali-1.jpg 396w, https:\/\/www.milanosiamonoi.com\/wp-content\/uploads\/2021\/04\/47.12.23-azzurri-ai-Gochi-invernali-1-274x300.jpg 274w, https:\/\/www.milanosiamonoi.com\/wp-content\/uploads\/2021\/04\/47.12.23-azzurri-ai-Gochi-invernali-1-91x100.jpg 91w, https:\/\/www.milanosiamonoi.com\/wp-content\/uploads\/2021\/04\/47.12.23-azzurri-ai-Gochi-invernali-1-46x50.jpg 46w, https:\/\/www.milanosiamonoi.com\/wp-content\/uploads\/2021\/04\/47.12.23-azzurri-ai-Gochi-invernali-1-23x25.jpg 23w\" sizes=\"(max-width: 344px) 100vw, 344px\" \/><figcaption><em>Da &#8220;Il Corriere della Sera&#8221;. Missione da 16 milioni di lire.<\/em><\/figcaption><\/figure><\/div>\n\n\n\n<figure class=\"wp-block-table\"><table><tbody><tr><td class=\"has-text-align-center\" data-align=\"center\">Ruolo<\/td><td><strong>Lista convocati per Olimpiadi di St. Moritz 1948.<\/strong><\/td><\/tr><tr><td class=\"has-text-align-center\" data-align=\"center\">P<\/td><td>Costanzo Mongini e Giannantonio Zopegni (Milano).<\/td><\/tr><tr><td class=\"has-text-align-center\" data-align=\"center\">D<\/td><td>Luigi Bestagini (DRN), Giancarlo Bassi, Giancarlo Bucchetti, Arnaldo Fabris (Milano), Franco Rossi (Milano\/NE Young Sprinters).<\/td><\/tr><tr><td class=\"has-text-align-center\" data-align=\"center\">A<\/td><td>Claudio Apollonio e Dino Menardi (Cortina), Mario Bedogni (DRN), Giancarlo Bulgheroni, Ignazio Dionisi (C), Vincenzo Fardella, Aldo Federici, Umberto Gerli, Dino Innocenti (Milano), Otto Rauth (Rotweiss Basilea).<\/td><\/tr><tr><td class=\"has-text-align-center\" data-align=\"center\">All.<\/td><td>Othmar Delnon.<\/td><\/tr><\/tbody><\/table><\/figure>\n\n\n\n<p class=\"has-text-align-center\">Il 30 gennaio inizia il torneo olimpico di hockey e a St. Moritz si presentano due squadre USA. A contendersi il diritto di giocare sono la AHA (Amateur Hockey Association) riconosciuta dalla Lega Internazionale e la AAU (Amateur Athletic Union) riconosciuta dal Comitato Olimpico USA. Solo dopo le prime partite si prende la decisione che a scendere sul ghiaccio spetti alla squadra AHA, ma le partite giocate dalla Nazionale USA saranno valide solo per il concomitante campionato del Mondo e non per i Giochi. Per l&#8217;hockey a stelle e strisce niente Olimpiadi, perch\u00e9 molti giocatori della AHA vengono retribuiti e quindi sono dei professionisti. Le nove partecipanti si incontrano tra loro in un girone all&#8217;italiana di sola andata, le partite degli USA valgono solo per il mondiale. Oro al Canada per quoziente reti sulla Cecoslovacchia, bronzo alla Svizzera. Gli USA, esclusi dalla competizione a cinque cerchi, quarti classificati nel mondiale. L&#8217;Italia ne esce con le ossa rotte, per i giornali si sarebbe dovuto seguire l&#8217;esempio della Francia: non partecipare.<\/p>\n\n\n\n<figure class=\"wp-block-table aligncenter\"><table><tbody><tr><td><strong>St. Moritz<\/strong><\/td><td><strong>Olimpiadi invernali 1948.<\/strong><\/td><td>Risultato<\/td><\/tr><tr><td>30 gennaio <\/td><td>Cecoslovacchia-Italia<\/td><td>22-3 (6-0; 10-1; 6-2)<\/td><\/tr><tr><td>31 gennaio<\/td><td>Svizzera-Italia<\/td><td>16-0 (4-0; 9-0; 3-0)<\/td><\/tr><\/tbody><\/table><\/figure>\n\n\n\n<div class=\"wp-block-image\"><figure class=\"aligncenter size-large is-resized\"><img loading=\"lazy\" decoding=\"async\" src=\"https:\/\/www.milanosiamonoi.com\/wp-content\/uploads\/2021\/04\/48.01.31-foto-Svi-Ita-16-0-Mrb.jpg\" alt=\"\" class=\"wp-image-6089\" width=\"555\" height=\"396\" srcset=\"https:\/\/www.milanosiamonoi.com\/wp-content\/uploads\/2021\/04\/48.01.31-foto-Svi-Ita-16-0-Mrb.jpg 636w, https:\/\/www.milanosiamonoi.com\/wp-content\/uploads\/2021\/04\/48.01.31-foto-Svi-Ita-16-0-Mrb-300x214.jpg 300w, https:\/\/www.milanosiamonoi.com\/wp-content\/uploads\/2021\/04\/48.01.31-foto-Svi-Ita-16-0-Mrb-100x71.jpg 100w, https:\/\/www.milanosiamonoi.com\/wp-content\/uploads\/2021\/04\/48.01.31-foto-Svi-Ita-16-0-Mrb-50x36.jpg 50w, https:\/\/www.milanosiamonoi.com\/wp-content\/uploads\/2021\/04\/48.01.31-foto-Svi-Ita-16-0-Mrb-25x18.jpg 25w\" sizes=\"(max-width: 555px) 100vw, 555px\" \/><figcaption><em>Svizzera-Italia<\/em>: a<em>ffannosa difesa di Zopegni (maglia bianca) e Arnaldo Fabris. <\/em><\/figcaption><\/figure><\/div>\n\n\n\n<div class=\"wp-block-image\"><figure class=\"aligncenter size-large\"><img loading=\"lazy\" decoding=\"async\" width=\"392\" height=\"259\" src=\"https:\/\/www.milanosiamonoi.com\/wp-content\/uploads\/2021\/04\/48.02.01-hockey-a-casa-Corsera-Verratti-1.jpg\" alt=\"\" class=\"wp-image-6122\" srcset=\"https:\/\/www.milanosiamonoi.com\/wp-content\/uploads\/2021\/04\/48.02.01-hockey-a-casa-Corsera-Verratti-1.jpg 392w, https:\/\/www.milanosiamonoi.com\/wp-content\/uploads\/2021\/04\/48.02.01-hockey-a-casa-Corsera-Verratti-1-300x198.jpg 300w, https:\/\/www.milanosiamonoi.com\/wp-content\/uploads\/2021\/04\/48.02.01-hockey-a-casa-Corsera-Verratti-1-100x66.jpg 100w, https:\/\/www.milanosiamonoi.com\/wp-content\/uploads\/2021\/04\/48.02.01-hockey-a-casa-Corsera-Verratti-1-50x33.jpg 50w, https:\/\/www.milanosiamonoi.com\/wp-content\/uploads\/2021\/04\/48.02.01-hockey-a-casa-Corsera-Verratti-1-25x17.jpg 25w\" sizes=\"(max-width: 392px) 100vw, 392px\" \/><figcaption>Da &#8220;Il Corriere della Sera&#8221;.<\/figcaption><\/figure><\/div>\n\n\n\n<figure class=\"wp-block-table aligncenter\"><table><tbody><tr><td>1 febbraio<\/td><td>USA-Italia<\/td><td>31-1 (6-0; 11-1; 14-0)<\/td><\/tr><tr><td>3 febbraio<\/td><td>Canada-Italia<\/td><td>21-1 (11-0; 6-0; 4-1)<\/td><\/tr><\/tbody><\/table><\/figure>\n\n\n\n<figure class=\"wp-block-image size-large\"><img loading=\"lazy\" decoding=\"async\" width=\"948\" height=\"638\" src=\"https:\/\/www.milanosiamonoi.com\/wp-content\/uploads\/2021\/04\/GravelleGuzzoItalGoalie.jpg\" alt=\"\" class=\"wp-image-6277\" srcset=\"https:\/\/www.milanosiamonoi.com\/wp-content\/uploads\/2021\/04\/GravelleGuzzoItalGoalie.jpg 948w, https:\/\/www.milanosiamonoi.com\/wp-content\/uploads\/2021\/04\/GravelleGuzzoItalGoalie-300x202.jpg 300w, https:\/\/www.milanosiamonoi.com\/wp-content\/uploads\/2021\/04\/GravelleGuzzoItalGoalie-768x517.jpg 768w, https:\/\/www.milanosiamonoi.com\/wp-content\/uploads\/2021\/04\/GravelleGuzzoItalGoalie-100x67.jpg 100w, https:\/\/www.milanosiamonoi.com\/wp-content\/uploads\/2021\/04\/GravelleGuzzoItalGoalie-50x34.jpg 50w, https:\/\/www.milanosiamonoi.com\/wp-content\/uploads\/2021\/04\/GravelleGuzzoItalGoalie-25x17.jpg 25w, https:\/\/www.milanosiamonoi.com\/wp-content\/uploads\/2021\/04\/GravelleGuzzoItalGoalie-740x498.jpg 740w\" sizes=\"(max-width: 948px) 100vw, 948px\" \/><figcaption><em>Tra un tempo e l&#8217;altra di Canada-Italia; da sinistra: Orval Gravelle, Pat Guzzo, Giannantonio Zopegni e dietro con il bastone tra le mani Dino Menardi.<\/em><\/figcaption><\/figure>\n\n\n\n<figure class=\"wp-block-table aligncenter\"><table><tbody><tr><td>4 febbraio<\/td><td>Polonia-Italia<\/td><td>13-7 (3-1; 6-2; 4-4)<\/td><\/tr><tr><td>5 febbraio<\/td><td>Austria-Italia<\/td><td>16-5 (3-4; 6-0; 7-1)<\/td><\/tr><tr><td>7 febbraio<\/td><td>Svezia-Italia<\/td><td>23-0 (6-0; 10-0; 7-0)<\/td><\/tr><tr><td>8 febbraio<\/td><td>Gran Bretagna-Italia<\/td><td>14-7 (6-2; 5-3; 3-2)<\/td><\/tr><\/tbody><\/table><\/figure>\n\n\n\n<figure class=\"wp-block-table aligncenter\"><table><tbody><tr><td><strong>Classifica marcatori azzurri a St. Moritz.<\/strong><\/td><td class=\"has-text-align-center\" data-align=\"center\">Reti<\/td><\/tr><tr><td>Aldo Federici<\/td><td class=\"has-text-align-center\" data-align=\"center\">7<\/td><\/tr><tr><td>Dino Innocenti e Otto Rauth<\/td><td class=\"has-text-align-center\" data-align=\"center\">4<\/td><\/tr><tr><td>Vincenzo Fardella<\/td><td class=\"has-text-align-center\" data-align=\"center\">3<\/td><\/tr><tr><td>Ignazio Dionisi e Umberto Gerli<\/td><td class=\"has-text-align-center\" data-align=\"center\">2<\/td><\/tr><tr><td>Giancarlo Bulgheroni e Dino Menardi<\/td><td class=\"has-text-align-center\" data-align=\"center\">1<\/td><\/tr><\/tbody><\/table><\/figure>\n\n\n\n<div class=\"wp-block-image\"><figure class=\"aligncenter size-large\"><img loading=\"lazy\" decoding=\"async\" width=\"284\" height=\"388\" src=\"https:\/\/www.milanosiamonoi.com\/wp-content\/uploads\/2021\/04\/48.02.11-hockey-ko-corsera-a.jpg\" alt=\"\" class=\"wp-image-6119\" srcset=\"https:\/\/www.milanosiamonoi.com\/wp-content\/uploads\/2021\/04\/48.02.11-hockey-ko-corsera-a.jpg 284w, https:\/\/www.milanosiamonoi.com\/wp-content\/uploads\/2021\/04\/48.02.11-hockey-ko-corsera-a-220x300.jpg 220w, https:\/\/www.milanosiamonoi.com\/wp-content\/uploads\/2021\/04\/48.02.11-hockey-ko-corsera-a-73x100.jpg 73w, https:\/\/www.milanosiamonoi.com\/wp-content\/uploads\/2021\/04\/48.02.11-hockey-ko-corsera-a-37x50.jpg 37w, https:\/\/www.milanosiamonoi.com\/wp-content\/uploads\/2021\/04\/48.02.11-hockey-ko-corsera-a-18x25.jpg 18w\" sizes=\"(max-width: 284px) 100vw, 284px\" \/><figcaption><em>Da &#8220;Il Corriere della Sera&#8221;.<\/em><\/figcaption><\/figure><\/div>\n\n\n\n<div class=\"wp-block-image\"><figure class=\"aligncenter size-large is-resized\"><img loading=\"lazy\" decoding=\"async\" src=\"https:\/\/www.milanosiamonoi.com\/wp-content\/uploads\/2021\/04\/48.02.17-scandalo-hockey-Grassi-a-GdS.jpg\" alt=\"\" class=\"wp-image-6127\" width=\"614\" height=\"525\" srcset=\"https:\/\/www.milanosiamonoi.com\/wp-content\/uploads\/2021\/04\/48.02.17-scandalo-hockey-Grassi-a-GdS.jpg 742w, https:\/\/www.milanosiamonoi.com\/wp-content\/uploads\/2021\/04\/48.02.17-scandalo-hockey-Grassi-a-GdS-300x257.jpg 300w, https:\/\/www.milanosiamonoi.com\/wp-content\/uploads\/2021\/04\/48.02.17-scandalo-hockey-Grassi-a-GdS-100x86.jpg 100w, https:\/\/www.milanosiamonoi.com\/wp-content\/uploads\/2021\/04\/48.02.17-scandalo-hockey-Grassi-a-GdS-50x43.jpg 50w, https:\/\/www.milanosiamonoi.com\/wp-content\/uploads\/2021\/04\/48.02.17-scandalo-hockey-Grassi-a-GdS-25x21.jpg 25w, https:\/\/www.milanosiamonoi.com\/wp-content\/uploads\/2021\/04\/48.02.17-scandalo-hockey-Grassi-a-GdS-740x633.jpg 740w\" sizes=\"(max-width: 614px) 100vw, 614px\" \/><figcaption>Articolo di Luigi Grassi (La Gazzetta dello Sport).<\/figcaption><\/figure><\/div>\n\n\n\n<div class=\"wp-block-image\"><figure class=\"aligncenter size-large is-resized\"><img loading=\"lazy\" decoding=\"async\" src=\"https:\/\/www.milanosiamonoi.com\/wp-content\/uploads\/2021\/04\/48.02.17-scandalo-hockey-Grassi.jpg\" alt=\"\" class=\"wp-image-5994\" width=\"542\" height=\"436\" srcset=\"https:\/\/www.milanosiamonoi.com\/wp-content\/uploads\/2021\/04\/48.02.17-scandalo-hockey-Grassi.jpg 800w, https:\/\/www.milanosiamonoi.com\/wp-content\/uploads\/2021\/04\/48.02.17-scandalo-hockey-Grassi-300x242.jpg 300w, https:\/\/www.milanosiamonoi.com\/wp-content\/uploads\/2021\/04\/48.02.17-scandalo-hockey-Grassi-768x619.jpg 768w, https:\/\/www.milanosiamonoi.com\/wp-content\/uploads\/2021\/04\/48.02.17-scandalo-hockey-Grassi-100x81.jpg 100w, https:\/\/www.milanosiamonoi.com\/wp-content\/uploads\/2021\/04\/48.02.17-scandalo-hockey-Grassi-50x40.jpg 50w, https:\/\/www.milanosiamonoi.com\/wp-content\/uploads\/2021\/04\/48.02.17-scandalo-hockey-Grassi-25x20.jpg 25w, https:\/\/www.milanosiamonoi.com\/wp-content\/uploads\/2021\/04\/48.02.17-scandalo-hockey-Grassi-740x597.jpg 740w\" sizes=\"(max-width: 542px) 100vw, 542px\" \/><figcaption><em>Seconda parte dell&#8217;articolo di Luigi Grassi (La Gazzetta dello Sport).<\/em><\/figcaption><\/figure><\/div>\n\n\n\n<figure class=\"wp-block-table aligncenter\"><table><tbody><tr><td><strong>Classifica marcatori stagionali del Milano.<\/strong><\/td><td class=\"has-text-align-center\" data-align=\"center\">Reti<\/td><\/tr><tr><td>Aldo Federici<\/td><td class=\"has-text-align-center\" data-align=\"center\">18<\/td><\/tr><tr><td>Ignazio Dionisi e Umberto Gerli<\/td><td class=\"has-text-align-center\" data-align=\"center\">10<\/td><\/tr><tr><td>Sandor Ott<\/td><td class=\"has-text-align-center\" data-align=\"center\">8<\/td><\/tr><tr><td>Vincenzo Fardella<\/td><td class=\"has-text-align-center\" data-align=\"center\">6<\/td><\/tr><tr><td>Othmar Delnon<\/td><td class=\"has-text-align-center\" data-align=\"center\">5<\/td><\/tr><tr><td>Giancarlo Bucchetti, Arnaldo Fabris e Dino Innocenti<\/td><td class=\"has-text-align-center\" data-align=\"center\">3<\/td><\/tr><tr><td>Giancarlo Bulgheroni<\/td><td class=\"has-text-align-center\" data-align=\"center\">1<\/td><\/tr><tr><td>Mancano i nominativi di 18 reti.<\/td><td class=\"has-text-align-center\" data-align=\"center\"><\/td><\/tr><\/tbody><\/table><\/figure>\n\n\n\n<figure class=\"wp-block-table\"><table><tbody><tr><td><strong><a href=\"https:\/\/www.milanosiamonoi.com\/index.php\/dal-1946-al-1949-la-ripartenza\/1946-1947\/\" data-type=\"URL\" data-id=\"https:\/\/www.milanosiamonoi.com\/index.php\/dal-1946-al-1949-la-ripartenza\/1946-1947\/\">stagione precedente<\/a><\/strong><\/td><td class=\"has-text-align-right\" data-align=\"right\"><strong><a href=\"https:\/\/www.milanosiamonoi.com\/index.php\/dal-1946-al-1949-la-ripartenza\/1948-1949\/\" data-type=\"URL\" data-id=\"https:\/\/www.milanosiamonoi.com\/index.php\/dal-1946-al-1949-la-ripartenza\/1948-1949\/\">stagione successiva<\/a><\/strong><\/td><\/tr><\/tbody><\/table><\/figure>\n\n\n\n<figure class=\"wp-block-table\"><table><tbody><tr><td class=\"has-text-align-center\" data-align=\"center\"><strong><a href=\"https:\/\/www.milanosiamonoi.com\/index.php\/dal-1946-al-1949-la-ripartenza\/1947-1948-drn\/\" data-type=\"URL\" data-id=\"https:\/\/www.milanosiamonoi.com\/index.php\/dal-1946-al-1949-la-ripartenza\/1947-1948-drn\/\">Diavoli Rossoneri<\/a><\/strong><\/td><\/tr><\/tbody><\/table><\/figure>\n\n\n\n<figure class=\"wp-block-table\"><table><tbody><tr><td class=\"has-text-align-center\" data-align=\"center\"><strong><a href=\"https:\/\/www.milanosiamonoi.com\/index.php\/dal-1946-al-1949-la-ripartenza\/1947-1948-amatori-mi\/\" data-type=\"URL\" data-id=\"https:\/\/www.milanosiamonoi.com\/index.php\/dal-1946-al-1949-la-ripartenza\/1947-1948-amatori-mi\/\">Amatori Milano<\/a><\/strong><\/td><\/tr><\/tbody><\/table><\/figure>\n","protected":false},"excerpt":{"rendered":"<p>Commissario straordinario Giuseppe Bondenari Allenatore Ignazio Dionisi Ruolo Giocatori con almeno una presenza in prima squadra. P Costanzo Mongini, Giannantonio Zopegni. D Giancarlo Bassi, Giancarlo&#8230;<\/p>\n","protected":false},"author":2,"featured_media":0,"parent":2137,"menu_order":4,"comment_status":"closed","ping_status":"closed","template":"","meta":{"spay_email":"","footnotes":""},"_links":{"self":[{"href":"https:\/\/www.milanosiamonoi.com\/index.php\/wp-json\/wp\/v2\/pages\/5996"}],"collection":[{"href":"https:\/\/www.milanosiamonoi.com\/index.php\/wp-json\/wp\/v2\/pages"}],"about":[{"href":"https:\/\/www.milanosiamonoi.com\/index.php\/wp-json\/wp\/v2\/types\/page"}],"author":[{"embeddable":true,"href":"https:\/\/www.milanosiamonoi.com\/index.php\/wp-json\/wp\/v2\/users\/2"}],"replies":[{"embeddable":true,"href":"https:\/\/www.milanosiamonoi.com\/index.php\/wp-json\/wp\/v2\/comments?post=5996"}],"version-history":[{"count":143,"href":"https:\/\/www.milanosiamonoi.com\/index.php\/wp-json\/wp\/v2\/pages\/5996\/revisions"}],"predecessor-version":[{"id":20226,"href":"https:\/\/www.milanosiamonoi.com\/index.php\/wp-json\/wp\/v2\/pages\/5996\/revisions\/20226"}],"up":[{"embeddable":true,"href":"https:\/\/www.milanosiamonoi.com\/index.php\/wp-json\/wp\/v2\/pages\/2137"}],"wp:attachment":[{"href":"https:\/\/www.milanosiamonoi.com\/index.php\/wp-json\/wp\/v2\/media?parent=5996"}],"curies":[{"name":"wp","href":"https:\/\/api.w.org\/{rel}","templated":true}]}}