{"id":5754,"date":"2021-05-03T19:26:05","date_gmt":"2021-05-03T19:26:05","guid":{"rendered":"http:\/\/milanosiamonoi.com\/?page_id=5754"},"modified":"2025-03-20T16:25:24","modified_gmt":"2025-03-20T16:25:24","slug":"1946-1947","status":"publish","type":"page","link":"https:\/\/www.milanosiamonoi.com\/index.php\/campionati\/dal-1946-al-1949-la-ripartenza\/1946-1947\/","title":{"rendered":"1946\/1947 HC Milano"},"content":{"rendered":"\n<div class=\"wp-block-image\"><figure class=\"aligncenter size-large\"><img loading=\"lazy\" decoding=\"async\" width=\"300\" height=\"300\" src=\"https:\/\/www.milanosiamonoi.com\/wp-content\/uploads\/2021\/03\/logo-milano48b.jpg\" alt=\"\" class=\"wp-image-5588\" srcset=\"https:\/\/www.milanosiamonoi.com\/wp-content\/uploads\/2021\/03\/logo-milano48b.jpg 300w, https:\/\/www.milanosiamonoi.com\/wp-content\/uploads\/2021\/03\/logo-milano48b-150x150.jpg 150w, https:\/\/www.milanosiamonoi.com\/wp-content\/uploads\/2021\/03\/logo-milano48b-100x100.jpg 100w, https:\/\/www.milanosiamonoi.com\/wp-content\/uploads\/2021\/03\/logo-milano48b-50x50.jpg 50w, https:\/\/www.milanosiamonoi.com\/wp-content\/uploads\/2021\/03\/logo-milano48b-25x25.jpg 25w, https:\/\/www.milanosiamonoi.com\/wp-content\/uploads\/2021\/03\/logo-milano48b-90x90.jpg 90w\" sizes=\"(max-width: 300px) 100vw, 300px\" \/><\/figure><\/div>\n\n\n\n<figure class=\"wp-block-table aligncenter\"><table><tbody><tr><td>Presidente<\/td><td>Primo Colombo<\/td><\/tr><tr><td>Allenatore<\/td><td>Jacques Belanger<\/td><\/tr><\/tbody><\/table><\/figure>\n\n\n\n<figure class=\"wp-block-table\"><table><tbody><tr><td class=\"has-text-align-center\" data-align=\"center\">Ruolo<\/td><td><strong>Giocatori con almeno una presenza in prima squadra.<\/strong><\/td><\/tr><tr><td class=\"has-text-align-center\" data-align=\"center\">P<\/td><td>Costanzo Mongini, Giannantonio Zopegni.<\/td><\/tr><tr><td class=\"has-text-align-center\" data-align=\"center\">D<\/td><td>Giancarlo Bassi, Eugenius Kniel, Franco Rossi, Luigi Venosta,<\/td><\/tr><tr><td class=\"has-text-align-center\" data-align=\"center\">A<\/td><td>Jacques Belanger, Giancarlo Bulgheroni, Colombo, Ignazio Dionisi (C), Arnaldo Fabris, Vincenzo Fardella, Aldo Federici, Umberto Gerli, <\/td><\/tr><tr><td class=\"has-text-align-center\" data-align=\"center\">Rinforzi<\/td><td>Guerrino Beltrami (Montchoisi), Giancarlo Bucchetti e Sandor Ott (DRN), Otto Rauth (Rotweiss Basilea).<\/td><\/tr><\/tbody><\/table><\/figure>\n\n\n\n<p class=\"has-text-align-center\">L&#8217;assemblea del 22 ottobre elegge presidente Primo Colombo, Bruno Tedeschi  resta nel club come vice-presidente, ruolo che condivide con Gigi Venosta. I membri del CD sono Luigi Lucchi, Nanni Medri, Gaetano De Luca, Giuseppe Gerli e i giocatori Ignazio Dionisi e Franco Rossi. Giampiero Medri funger\u00e0 da ct coadiuvato da Gianmario Baroni e Franco Taccani. Non fa pi\u00f9 parte del club Enrico Calcaterra, ma solo perch\u00e9 \u00e8 stato nominato presidente della ricostituita FIHG (Federazione italiana hockey su ghiaccio) tornata autonoma, di sicuro si torner\u00e0 a giocare per lo scudetto.<\/p>\n\n\n\n<p class=\"has-text-align-center\">Su segnalazione di Frank Roncarelli sono stati ingaggiati due canadesi: Jacques Belanger e George Groszy. Il primo ricoprir\u00e0 anche la carica di allenatore, Groszy, in tour lo scorso anno con la squadra militare canadese, \u00e8 gi\u00e0 a Milano. Il settore difensivo ha perso Bucchetti, passato ai DRN, prender\u00e0 il suo posto Eugenius Kniel dal discreto passato in LNA svizzera. Di notevole importanza l&#8217;essersi assicurati le prestazioni del migliore attaccante italiano: Aldo Federici. Con lui dai Diavoli Rossoneri \u00e8 arrivato anche Luigi Mattavelli. Nonostante le schermaglie di mercato Milano e Diavoli Rossoneri si accolleranno le spese per erigere delle tribune al lati della pista.<\/p>\n\n\n\n<p class=\"has-text-align-center\">Il calendario include incontri con squadre di diversi paesi, ma come al solito il via alla stagione lo si d\u00e0 affrontando formazioni rossocrociate: Blue Star Losanna (serie B) e Grasshopper ammesso alla LNA per la prima volta a otto squadre. Belanger sar\u00e0 a Milano tra una settimana, mentre Groszy non \u00e8 stato confermato. In queste due partite, con avversari in maglia biancazzurra, il Milano ha indossato la seconda maglia di colore rosso. Positiva la prova di Kniel, difensore pesante, un po&#8217; lento, ma con un ottimo senso di posizione.<\/p>\n\n\n\n<div class=\"wp-block-image\"><figure class=\"aligncenter size-large\"><img loading=\"lazy\" decoding=\"async\" width=\"317\" height=\"240\" src=\"https:\/\/www.milanosiamonoi.com\/wp-content\/uploads\/2021\/03\/48.figu_.cico_-Copia.jpg\" alt=\"\" class=\"wp-image-5781\" srcset=\"https:\/\/www.milanosiamonoi.com\/wp-content\/uploads\/2021\/03\/48.figu_.cico_-Copia.jpg 317w, https:\/\/www.milanosiamonoi.com\/wp-content\/uploads\/2021\/03\/48.figu_.cico_-Copia-300x227.jpg 300w, https:\/\/www.milanosiamonoi.com\/wp-content\/uploads\/2021\/03\/48.figu_.cico_-Copia-100x76.jpg 100w, https:\/\/www.milanosiamonoi.com\/wp-content\/uploads\/2021\/03\/48.figu_.cico_-Copia-50x38.jpg 50w, https:\/\/www.milanosiamonoi.com\/wp-content\/uploads\/2021\/03\/48.figu_.cico_-Copia-25x19.jpg 25w\" sizes=\"(max-width: 317px) 100vw, 317px\" \/><\/figure><\/div>\n\n\n\n<figure class=\"wp-block-table aligncenter\"><table><tbody><tr><td><strong>1946<\/strong><\/td><td><strong>Milano &#8211; Partite amichevoli.<\/strong><\/td><td>Risultato<\/td><\/tr><tr><td>8 novembre<\/td><td>Milano-Blue Star Losanna<\/td><td>11-0 (1-0: 6-0; 4-0)<\/td><\/tr><tr><td>15 novembre<\/td><td>Milano-Grasshopper<\/td><td>9-4 (0-1; 4-2; 5-1)<\/td><\/tr><\/tbody><\/table><\/figure>\n\n\n\n<figure class=\"wp-block-image size-large\"><img loading=\"lazy\" decoding=\"async\" width=\"751\" height=\"340\" src=\"https:\/\/www.milanosiamonoi.com\/wp-content\/uploads\/2021\/03\/46.11.12-M-GC-9-4-Color-rit..jpg\" alt=\"\" class=\"wp-image-5766\" srcset=\"https:\/\/www.milanosiamonoi.com\/wp-content\/uploads\/2021\/03\/46.11.12-M-GC-9-4-Color-rit..jpg 751w, https:\/\/www.milanosiamonoi.com\/wp-content\/uploads\/2021\/03\/46.11.12-M-GC-9-4-Color-rit.-300x136.jpg 300w, https:\/\/www.milanosiamonoi.com\/wp-content\/uploads\/2021\/03\/46.11.12-M-GC-9-4-Color-rit.-100x45.jpg 100w, https:\/\/www.milanosiamonoi.com\/wp-content\/uploads\/2021\/03\/46.11.12-M-GC-9-4-Color-rit.-50x23.jpg 50w, https:\/\/www.milanosiamonoi.com\/wp-content\/uploads\/2021\/03\/46.11.12-M-GC-9-4-Color-rit.-25x11.jpg 25w, https:\/\/www.milanosiamonoi.com\/wp-content\/uploads\/2021\/03\/46.11.12-M-GC-9-4-Color-rit.-740x335.jpg 740w\" sizes=\"(max-width: 751px) 100vw, 751px\" \/><figcaption><em>Articolo da &#8220;La Gazzetta dello Sport&#8221;.<\/em><\/figcaption><\/figure>\n\n\n\n<p class=\"has-text-align-center\">A fine mese nuovamente in pista contro SC Berna e Montchoisi HC, formazioni che come il Grasshopper militano in LNA con il solo obbiettivo di rimanerci. Contro i bernesi nel Milano gioca Guerrino Beltrami un italiano da sempre a Losanna e titolare fisso del Montchoisi HC, ha le carte in regola per indossare la maglia azzurra della Nazionale: sua la rete milanese della serata. Beltrami torna al Piranesi con la squadra losannese la sera del debutto di Jacques Belanger. Il canadese \u00e8 con Mongini l&#8217;artefice dell&#8217;inaspettata vittoria. Inattivo da venti giorni e non affiatato con i compagni di linea (Dionisi e Federici) gioca una gran partita, impreziosita da una fantastica discesa con assist per il gol di Dionisi e dal raddoppio nel corso dell&#8217;ultimo minuto di gioco.<\/p>\n\n\n\n<figure class=\"wp-block-table aligncenter\"><table><tbody><tr><td><strong>1946<\/strong><\/td><td><strong>Milano &#8211; Partite amichevoli.<\/strong><\/td><td>Risultato<\/td><\/tr><tr><td>22 novembre<\/td><td>Milano-SC Berna<\/td><td>1-5 (0-2; 0-3; 1-0)<\/td><\/tr><tr><td>29 novembre<\/td><td>Milano-Montchoisi HC<\/td><td>2-0 (0-0; 1-0; 1-0)<\/td><\/tr><\/tbody><\/table><\/figure>\n\n\n\n<div class=\"wp-block-image\"><figure class=\"aligncenter size-large is-resized\"><img loading=\"lazy\" decoding=\"async\" src=\"https:\/\/www.milanosiamonoi.com\/wp-content\/uploads\/2021\/03\/46.12.19-Dionisi-Federici-Belanger-HCM-2.jpg\" alt=\"\" class=\"wp-image-5786\" width=\"576\" height=\"327\" srcset=\"https:\/\/www.milanosiamonoi.com\/wp-content\/uploads\/2021\/03\/46.12.19-Dionisi-Federici-Belanger-HCM-2.jpg 800w, https:\/\/www.milanosiamonoi.com\/wp-content\/uploads\/2021\/03\/46.12.19-Dionisi-Federici-Belanger-HCM-2-300x171.jpg 300w, https:\/\/www.milanosiamonoi.com\/wp-content\/uploads\/2021\/03\/46.12.19-Dionisi-Federici-Belanger-HCM-2-768x437.jpg 768w, https:\/\/www.milanosiamonoi.com\/wp-content\/uploads\/2021\/03\/46.12.19-Dionisi-Federici-Belanger-HCM-2-100x57.jpg 100w, https:\/\/www.milanosiamonoi.com\/wp-content\/uploads\/2021\/03\/46.12.19-Dionisi-Federici-Belanger-HCM-2-50x28.jpg 50w, https:\/\/www.milanosiamonoi.com\/wp-content\/uploads\/2021\/03\/46.12.19-Dionisi-Federici-Belanger-HCM-2-25x14.jpg 25w, https:\/\/www.milanosiamonoi.com\/wp-content\/uploads\/2021\/03\/46.12.19-Dionisi-Federici-Belanger-HCM-2-740x421.jpg 740w\" sizes=\"(max-width: 576px) 100vw, 576px\" \/><figcaption><em>Da sinistra: Dionisi, Federici e Belanger.<\/em><\/figcaption><\/figure><\/div>\n\n\n\n<p class=\"has-text-align-center\">In dicembre dovrebbe esserci il ritorno a Milano di una squadra austriaca: il Klagenfurt AC. Purtroppo i carinziani non ottengono i visti sul passaporto e l&#8217;incontro non pu\u00f2 essere disputato. A rimediare c&#8217;\u00e8 sempre un club della vicina Svizzera e ci si accorda con il Neuchatel. In cambio il Milano assicura la partecipazione al torneo cantonale di fine gennaio. Il Piranesi registra un pienone assoluto, nella frazione finale il Milano finisce la benzina ed emerge la classe di Othmar e Reto Delnon. <\/p>\n\n\n\n<figure class=\"wp-block-table\"><table><tbody><tr><td><strong>Milano, 7 dicembre 1946 &#8211; Partita amichevole.<\/strong><\/td><\/tr><tr><td>Milano-Neuchatel Young Sprinters 7-9 (3-2; 3-3; 1-4)<\/td><\/tr><tr><td>Milano: Mongini; F. Rossi, Venosta; Kniel; Dionisi, Belanger, Federici; Fardella, Gerli, Bulgheroni; A. Fabris.<\/td><\/tr><tr><td>NE Young Sprinters: Perrottet; Grether, Trivelli; Othmar e Reto Delnon, Tinembart; Bianchi, Stitzel, Pluess.<\/td><\/tr><tr><td>Reti: 1\u00b0t. 4&#8242; Bulgheroni, 5&#8217;30&#8221; Belanger, <em>6&#8217;25&#8221; Tinembart, 9&#8242; R. Delnon<\/em>, 20&#8242; Fardella. 2\u00b0t. 7&#8217;30&#8221; e 10&#8242; Federici, <em>15&#8242; R. Delnon<\/em>, 15&#8217;30&#8221; Kniel, <em>18&#8242; R. Delnon, 19&#8242; O. Delnon. <\/em>3\u00b0t. <em>4&#8242; O. Delnon, <\/em>4&#8217;20&#8221; Belanger, <em>10&#8242; R. Delnon, 12&#8242; Tinembart, 16&#8242; R. Delnon.<\/em><\/td><\/tr><tr><td>Arbitri: Piero Talamona (M) e Gennaro Olivieri (NE).<\/td><\/tr><\/tbody><\/table><\/figure>\n\n\n\n<p class=\"has-text-align-center\">Una settimana dopo il Milano \u00e8 a Parigi dove supera il Racing Club. Le reti sono di Belanger (3), Kniel (2), Dionisi e Federici. La stessa sera al Piranesi si cimenta la seconda squadra che, pur battendosi benissimo, cede ai ginevrini del Servette (serie B svizzera).<\/p>\n\n\n\n<div class=\"wp-block-image\"><figure class=\"aligncenter size-large is-resized\"><img loading=\"lazy\" decoding=\"async\" src=\"https:\/\/www.milanosiamonoi.com\/wp-content\/uploads\/2021\/03\/46.12.13.jpg\" alt=\"\" class=\"wp-image-5809\" width=\"580\" height=\"271\" srcset=\"https:\/\/www.milanosiamonoi.com\/wp-content\/uploads\/2021\/03\/46.12.13.jpg 666w, https:\/\/www.milanosiamonoi.com\/wp-content\/uploads\/2021\/03\/46.12.13-300x141.jpg 300w, https:\/\/www.milanosiamonoi.com\/wp-content\/uploads\/2021\/03\/46.12.13-100x47.jpg 100w, https:\/\/www.milanosiamonoi.com\/wp-content\/uploads\/2021\/03\/46.12.13-50x23.jpg 50w, https:\/\/www.milanosiamonoi.com\/wp-content\/uploads\/2021\/03\/46.12.13-25x12.jpg 25w\" sizes=\"(max-width: 580px) 100vw, 580px\" \/><\/figure><\/div>\n\n\n\n<p>.<\/p>\n\n\n\n<div class=\"wp-block-image\"><figure class=\"aligncenter size-large\"><img loading=\"lazy\" decoding=\"async\" width=\"339\" height=\"390\" src=\"https:\/\/www.milanosiamonoi.com\/wp-content\/uploads\/2021\/03\/46.12.12-RCP-M-5-7-corsera.png\" alt=\"\" class=\"wp-image-5768\" srcset=\"https:\/\/www.milanosiamonoi.com\/wp-content\/uploads\/2021\/03\/46.12.12-RCP-M-5-7-corsera.png 339w, https:\/\/www.milanosiamonoi.com\/wp-content\/uploads\/2021\/03\/46.12.12-RCP-M-5-7-corsera-261x300.png 261w, https:\/\/www.milanosiamonoi.com\/wp-content\/uploads\/2021\/03\/46.12.12-RCP-M-5-7-corsera-87x100.png 87w, https:\/\/www.milanosiamonoi.com\/wp-content\/uploads\/2021\/03\/46.12.12-RCP-M-5-7-corsera-43x50.png 43w, https:\/\/www.milanosiamonoi.com\/wp-content\/uploads\/2021\/03\/46.12.12-RCP-M-5-7-corsera-22x25.png 22w\" sizes=\"(max-width: 339px) 100vw, 339px\" \/><figcaption><em>Articolo da &#8220;Il Corriere della Sera&#8221;.<\/em><\/figcaption><\/figure><\/div>\n\n\n\n<p class=\"has-text-align-center\">Intenso il programma di fine anno, tre partite al Palazzo con Rotweiss Basilea, Oxford University e Stadion Podoli Praga. Sul finire del match con i basilesi il pubblico indispettito dal gioco duro degli ospiti, ha protestato con un fitto lancio di cuscini sul ghiaccio. La rabbia \u00e8 stata placata dal gol di Federici realizzato a pochi istanti dalla conclusione. Incidente a Franco Rossi uscito dalla contesa con una spalla fuori posto, una microfrattura che lo costringer\u00e0 al palo per un mesetto. Ricco di reti il confronto con gli oxoniani e onorevole sconfitta con i cechi. Difesa in piena emergenza: Venosta e Kniel sul ghiaccio per tutta la partita!<\/p>\n\n\n\n<figure class=\"wp-block-table aligncenter\"><table><tbody><tr><td><strong>1946<\/strong><\/td><td><strong>Milano &#8211; Partite amichevoli.<\/strong><\/td><td>Risultato<\/td><\/tr><tr><td>20 dicembre<\/td><td>Milano-Rotweiss Basilea<\/td><td>7-5 (2-2; 1-0; 4-3)<\/td><\/tr><tr><td>23 dicembre<\/td><td>Milano-Oxford University<\/td><td>10-7 (4-2; 2-1; 4-4)<\/td><\/tr><tr><td>28 dicembre<\/td><td>Milano-Stadion Podoli Praga<\/td><td>5-7 (2-3; 1-2; 2-2)<\/td><\/tr><\/tbody><\/table><\/figure>\n\n\n\n<p class=\"has-text-align-center\">Per la prima dell&#8217;anno nuovo al Palazzo arriva il Racing Club Parigi. E&#8217; la rivincita del match disputato in Francia a met\u00e0 dicembre. Con il Milano che rispolvera la maglia rossa, gioca da rinforzo anche l&#8217;italiano Otto Rauth. L&#8217;attaccante aveva militato nei Diavoli Nerazzurri nella stagione 1938\/39 e dopo il mondiale svizzero del 1939 (8 gol e 3 assist in 7 partite) era stato ingaggiato dal Rotweiss Basilea, formazione nella quale, da allora, ha continuato a giocare. Rivestir\u00e0 la maglia azzurra nei prossimi match con Austria e Svizzera B. <\/p>\n\n\n\n<div class=\"wp-block-image\"><figure class=\"aligncenter size-large\"><img loading=\"lazy\" decoding=\"async\" width=\"800\" height=\"422\" src=\"https:\/\/www.milanosiamonoi.com\/wp-content\/uploads\/2021\/03\/47.01.04-foto-M-RC-Paris-Mongini-1-1.jpg\" alt=\"\" class=\"wp-image-5811\" srcset=\"https:\/\/www.milanosiamonoi.com\/wp-content\/uploads\/2021\/03\/47.01.04-foto-M-RC-Paris-Mongini-1-1.jpg 800w, https:\/\/www.milanosiamonoi.com\/wp-content\/uploads\/2021\/03\/47.01.04-foto-M-RC-Paris-Mongini-1-1-300x158.jpg 300w, https:\/\/www.milanosiamonoi.com\/wp-content\/uploads\/2021\/03\/47.01.04-foto-M-RC-Paris-Mongini-1-1-768x405.jpg 768w, https:\/\/www.milanosiamonoi.com\/wp-content\/uploads\/2021\/03\/47.01.04-foto-M-RC-Paris-Mongini-1-1-100x53.jpg 100w, https:\/\/www.milanosiamonoi.com\/wp-content\/uploads\/2021\/03\/47.01.04-foto-M-RC-Paris-Mongini-1-1-50x26.jpg 50w, https:\/\/www.milanosiamonoi.com\/wp-content\/uploads\/2021\/03\/47.01.04-foto-M-RC-Paris-Mongini-1-1-25x13.jpg 25w, https:\/\/www.milanosiamonoi.com\/wp-content\/uploads\/2021\/03\/47.01.04-foto-M-RC-Paris-Mongini-1-1-740x390.jpg 740w\" sizes=\"(max-width: 800px) 100vw, 800px\" \/><figcaption><em>Da sinistra in piedi i giocatori del Milano: Rauth, A. Fabris, Bulgheroni, Kniel, Federici. In basso: Fardella, Belanger, Venosta, Mongini e Dionisi.<\/em><\/figcaption><\/figure><\/div>\n\n\n\n<p class=\"has-text-align-center\">All&#8217;inizio il gioco \u00e8 in mano ai francesi, poi il Milano sforna una gran serie di tiri e Desjardins limita il passivo. Secondo periodo equilibrato, ma ricco di scorrettezze. Al settimo minuto dell&#8217;ultima frazione Mongini subisce un brutto colpo al corpo; riprende dopo qualche minuto di pausa. Nei dieci minuti finali emerge Rauth, protagonista di azioni individuali che sollevano l&#8217;entusiasmo del pubblico.<\/p>\n\n\n\n<figure class=\"wp-block-table\"><table><tbody><tr><td><strong>Milano, 4 gennaio 1947 &#8211; Partita amichevole.<\/strong><\/td><\/tr><tr><td>Milano-Racing Club Parigi 5-2 (2-0; 2-2; 1-0)<\/td><\/tr><tr><td>Milano: Mongini; Venosta, Kniel; A. Fabris; Belanger, Federici, Dionisi; Rauth, Bulgheroni, Fardella.<\/td><\/tr><tr><td>RC Parigi: Desjardins; Et\u00e9, De Mezieres; Nivet; Langlade, Louis, Parent; Renaud, Haylliand, Savard; Previer.<\/td><\/tr><tr><td>Reti: 1\u00b0t. 9&#8242; Fardella, 13&#8242; Kniel (Bulgheroni). 2\u00b0t. <em>9&#8242; Renaud, <\/em>14&#8242; Rauth, 18&#8242; Belanger (Federici), <em>19&#8242; Savard.<\/em> 3\u00b0t. 16&#8242; Federici.<\/td><\/tr><\/tbody><\/table><\/figure>\n\n\n\n<p class=\"has-text-align-center\">La Federazione ha deciso che i campionati riprenderanno sul modello d&#8217;anteguerra. Milano, Diavoli Rossoneri e Cortina scenderanno sul ghiaccio solo a partire dalla fase finale. Le altre formazioni parteciperanno alla serie B e al termine di partite secche a eliminazione diretta, la vincente raggiunger\u00e0 le tre &#8220;teste di serie&#8221; per giocarsi il massimo titolo nazionale. Delle undici squadre che risultavano in attivit\u00e0 a inizio stagione tre non partecipano: Dobbiaco, Juventus e Vipiteno. Le restanti otto vengono divise in due gironi, le prime classificate dei due raggruppamenti si scontreranno per accedere alla fase finale a quattro.<\/p>\n\n\n\n<figure class=\"wp-block-table aligncenter\"><table><tbody><tr><td class=\"has-text-align-left\" data-align=\"left\"><strong>Campionato di serie B, partite giocate dall&#8217;11 al 26 gennaio 1947<\/strong>.<\/td><\/tr><tr><td class=\"has-text-align-left\" data-align=\"left\">Girone A (Alleghe, Cortina II, Diavoli Rossoneri II e Misurina).<\/td><\/tr><tr><td class=\"has-text-align-left\" data-align=\"left\">Misurina-Diavoli Rossoneri II 3-1 (altra fonte 2-1)<\/td><\/tr><tr><td class=\"has-text-align-left\" data-align=\"left\">Alleghe-Cortina II 3-1<\/td><\/tr><tr><td class=\"has-text-align-left\" data-align=\"left\">Misurina-Alleghe 3-2<\/td><\/tr><tr><td class=\"has-text-align-left\" data-align=\"left\"><strong>Misurina in finale.<\/strong><\/td><\/tr><tr><td class=\"has-text-align-left\" data-align=\"left\">Girone B (Merano, Milano II, Ortisei e Pol. Giov. Alto Adige Bolzano).<\/td><\/tr><tr><td class=\"has-text-align-left\" data-align=\"left\">Merano-Ortisei 1-0<\/td><\/tr><tr><td class=\"has-text-align-left\" data-align=\"left\">Pol. Giovanile A.A. Bolzano-Milano II 0-1<\/td><\/tr><tr><td class=\"has-text-align-left\" data-align=\"left\">Milano II-Merano 2-1<\/td><\/tr><tr><td class=\"has-text-align-left\" data-align=\"left\"><strong>Milano II in finale.<\/strong><\/td><\/tr><tr><td class=\"has-text-align-left\" data-align=\"left\"><strong>Cortina, 26 gennaio 1947 &#8211; Finale serie B<\/strong>.<\/td><\/tr><tr><td class=\"has-text-align-left\" data-align=\"left\">Misurina-Milano II 3-2 (0-0; 1-1; 2-1) &#8211; <strong>Misurina alla fase finale di serie A.<\/strong><\/td><\/tr><\/tbody><\/table><\/figure>\n\n\n\n<div class=\"wp-block-image\"><figure class=\"aligncenter size-large is-resized\"><img loading=\"lazy\" decoding=\"async\" src=\"https:\/\/www.milanosiamonoi.com\/wp-content\/uploads\/2021\/03\/47.01.26-Mis-M-II-3-2-nomi-ok.jpg\" alt=\"\" class=\"wp-image-5828\" width=\"472\" height=\"406\" srcset=\"https:\/\/www.milanosiamonoi.com\/wp-content\/uploads\/2021\/03\/47.01.26-Mis-M-II-3-2-nomi-ok.jpg 472w, https:\/\/www.milanosiamonoi.com\/wp-content\/uploads\/2021\/03\/47.01.26-Mis-M-II-3-2-nomi-ok-300x258.jpg 300w, https:\/\/www.milanosiamonoi.com\/wp-content\/uploads\/2021\/03\/47.01.26-Mis-M-II-3-2-nomi-ok-100x86.jpg 100w, https:\/\/www.milanosiamonoi.com\/wp-content\/uploads\/2021\/03\/47.01.26-Mis-M-II-3-2-nomi-ok-50x43.jpg 50w, https:\/\/www.milanosiamonoi.com\/wp-content\/uploads\/2021\/03\/47.01.26-Mis-M-II-3-2-nomi-ok-25x22.jpg 25w\" sizes=\"(max-width: 472px) 100vw, 472px\" \/><figcaption><em>Articolo da &#8220;La Gazzetta dello Sport&#8221;.<\/em><\/figcaption><\/figure><\/div>\n\n\n\n<p class=\"has-text-align-center\">Italia-Austria, per motivi rimasti misteriosi, non si gioca. La conduzione della Nazionale \u00e8 stata affidata a Giampiero Medri che nella lista di convocati include i due italiani che giocano in Svizzera: Guerrino &#8220;Gery&#8221; Beltrami (Montchoisi HC Losanna) e Otto Rauth (Rotweiss Basilea). A Berna con la Svizzera B il risultato \u00e8 disastroso: dodici reti al passivo, zero all&#8217;attivo e sbagliato anche un rigore. Saggia decisione quella di non partecipare al mondiale in programma a Praga, rinuncia che probabilmente sarebbe giunta ugualmente per problemi di cassa.<\/p>\n\n\n\n<div class=\"wp-block-image\"><figure class=\"aligncenter size-large\"><img loading=\"lazy\" decoding=\"async\" width=\"800\" height=\"455\" src=\"https:\/\/www.milanosiamonoi.com\/wp-content\/uploads\/2021\/04\/48.02.-foto-Italia-a-St.-M.jpg\" alt=\"\" class=\"wp-image-6581\" srcset=\"https:\/\/www.milanosiamonoi.com\/wp-content\/uploads\/2021\/04\/48.02.-foto-Italia-a-St.-M.jpg 800w, https:\/\/www.milanosiamonoi.com\/wp-content\/uploads\/2021\/04\/48.02.-foto-Italia-a-St.-M-300x171.jpg 300w, https:\/\/www.milanosiamonoi.com\/wp-content\/uploads\/2021\/04\/48.02.-foto-Italia-a-St.-M-768x437.jpg 768w, https:\/\/www.milanosiamonoi.com\/wp-content\/uploads\/2021\/04\/48.02.-foto-Italia-a-St.-M-100x57.jpg 100w, https:\/\/www.milanosiamonoi.com\/wp-content\/uploads\/2021\/04\/48.02.-foto-Italia-a-St.-M-50x28.jpg 50w, https:\/\/www.milanosiamonoi.com\/wp-content\/uploads\/2021\/04\/48.02.-foto-Italia-a-St.-M-25x14.jpg 25w, https:\/\/www.milanosiamonoi.com\/wp-content\/uploads\/2021\/04\/48.02.-foto-Italia-a-St.-M-740x421.jpg 740w\" sizes=\"(max-width: 800px) 100vw, 800px\" \/><figcaption><em>Azzurri al KA WE DE, da sin. in piedi: Beltrami, Gerli, Bulgheroni, Federici, Dionisi, Innocenti, Rauth e l&#8217;arbitro Galetti. Accosciati: Fardella, Venosta, Mongini, F. Rossi e Bucchetti.<\/em><\/figcaption><\/figure><\/div>\n\n\n\n<div class=\"wp-block-image\"><figure class=\"aligncenter size-large\"><img loading=\"lazy\" decoding=\"async\" width=\"641\" height=\"510\" src=\"https:\/\/www.milanosiamonoi.com\/wp-content\/uploads\/2021\/03\/47.01.19-Svi-B-Ita-12-0-LaTribLs-rit..jpg\" alt=\"\" class=\"wp-image-5836\" srcset=\"https:\/\/www.milanosiamonoi.com\/wp-content\/uploads\/2021\/03\/47.01.19-Svi-B-Ita-12-0-LaTribLs-rit..jpg 641w, https:\/\/www.milanosiamonoi.com\/wp-content\/uploads\/2021\/03\/47.01.19-Svi-B-Ita-12-0-LaTribLs-rit.-300x239.jpg 300w, https:\/\/www.milanosiamonoi.com\/wp-content\/uploads\/2021\/03\/47.01.19-Svi-B-Ita-12-0-LaTribLs-rit.-100x80.jpg 100w, https:\/\/www.milanosiamonoi.com\/wp-content\/uploads\/2021\/03\/47.01.19-Svi-B-Ita-12-0-LaTribLs-rit.-50x40.jpg 50w, https:\/\/www.milanosiamonoi.com\/wp-content\/uploads\/2021\/03\/47.01.19-Svi-B-Ita-12-0-LaTribLs-rit.-25x20.jpg 25w\" sizes=\"(max-width: 641px) 100vw, 641px\" \/><figcaption><em>Articolo da &#8220;La Tribune de Lausanne&#8221;.<\/em><\/figcaption><\/figure><\/div>\n\n\n\n<p class=\"has-text-align-center\">Nell&#8217;ultimo fine settimana di gennaio il Milano torna in Svizzera per prendere parte al torneo di Neuchatel; avversari i padroni di casa e lo Zurigo SC. Con le formazioni elvetiche in piena forma campionato i bianco-rosso-azzurri milanesi perdono entrambe le partite. E&#8217; anche l&#8217;ultima partita di Eugenius Kniel, ne d\u00e0 notizia &#8220;La Gazzetta dello Sport&#8221; con un laconico &#8220;non fa pi\u00f9 parte dell&#8217;HC Milano&#8221;. <\/p>\n\n\n\n<figure class=\"wp-block-table aligncenter\"><table><tbody><tr><td><strong>1947<\/strong><\/td><td><strong>Torneo di Neuchatel<\/strong><\/td><td>Risultato<\/td><\/tr><tr><td>25 gennaio<\/td><td>Neuchatel Young Sprinters-Milano<\/td><td>7-2 (0-0; 2-1; 5-1)<\/td><\/tr><tr><td>26 gennaio<\/td><td>Zurigo SC-Milano<\/td><td>5-2 (3-0; 2-1; 0-1)<\/td><\/tr><tr><td>26 gennaio<\/td><td>Neuchatel Young Sprinters-Zurigo SC<\/td><td>4-9 (0-3; 2-2; 2-4)<\/td><\/tr><\/tbody><\/table><\/figure>\n\n\n\n<div class=\"wp-block-image\"><figure class=\"aligncenter size-large\"><img loading=\"lazy\" decoding=\"async\" width=\"475\" height=\"322\" src=\"https:\/\/www.milanosiamonoi.com\/wp-content\/uploads\/2021\/03\/47.01.26-M-torneo-NE.jpg\" alt=\"\" class=\"wp-image-5829\" srcset=\"https:\/\/www.milanosiamonoi.com\/wp-content\/uploads\/2021\/03\/47.01.26-M-torneo-NE.jpg 475w, https:\/\/www.milanosiamonoi.com\/wp-content\/uploads\/2021\/03\/47.01.26-M-torneo-NE-300x203.jpg 300w, https:\/\/www.milanosiamonoi.com\/wp-content\/uploads\/2021\/03\/47.01.26-M-torneo-NE-100x68.jpg 100w, https:\/\/www.milanosiamonoi.com\/wp-content\/uploads\/2021\/03\/47.01.26-M-torneo-NE-50x34.jpg 50w, https:\/\/www.milanosiamonoi.com\/wp-content\/uploads\/2021\/03\/47.01.26-M-torneo-NE-25x17.jpg 25w\" sizes=\"(max-width: 475px) 100vw, 475px\" \/><figcaption><em>Articolo da &#8220;La Gazzetta dello Sport&#8221;.<\/em><\/figcaption><\/figure><\/div>\n\n\n\n<p class=\"has-text-align-center\">6 e 7 febbraio; Il Piranesi si appresta a vivere un doppio confronto con la Cecoslovacchia B. Dapprima scende sul ghiaccio la nostra Nazionale maggiore che il giorno seguente bisser\u00e0 la sfida con l&#8217;ausilio di Belanger, Kniel, dell&#8217;ungherese Sandor Ott (DRN) e del canadese Morgan, questa squadra viene presentata dai giornali come Italia internazionale. Gli illustri ospiti, oltre a confermare il loro valore, forniscono la prova che il Palazzo del ghiaccio milanese \u00e8 troppo piccolo per eventi del genere. Alla due giorni di hockey invitati d&#8217;eccezione i giocatori di Cortina e Misurina che nel fine settimana successivo daranno vita, con Milano e Diavoli Rossoneri, alla fase finale del campionato italiano.<\/p>\n\n\n\n<div class=\"wp-block-image\"><figure class=\"aligncenter size-large\"><img loading=\"lazy\" decoding=\"async\" width=\"576\" height=\"553\" src=\"https:\/\/www.milanosiamonoi.com\/wp-content\/uploads\/2021\/03\/47.02.07-Ita-CS-B-2-7-rit.-1.jpg\" alt=\"\" class=\"wp-image-5862\" srcset=\"https:\/\/www.milanosiamonoi.com\/wp-content\/uploads\/2021\/03\/47.02.07-Ita-CS-B-2-7-rit.-1.jpg 576w, https:\/\/www.milanosiamonoi.com\/wp-content\/uploads\/2021\/03\/47.02.07-Ita-CS-B-2-7-rit.-1-300x288.jpg 300w, https:\/\/www.milanosiamonoi.com\/wp-content\/uploads\/2021\/03\/47.02.07-Ita-CS-B-2-7-rit.-1-100x96.jpg 100w, https:\/\/www.milanosiamonoi.com\/wp-content\/uploads\/2021\/03\/47.02.07-Ita-CS-B-2-7-rit.-1-50x48.jpg 50w, https:\/\/www.milanosiamonoi.com\/wp-content\/uploads\/2021\/03\/47.02.07-Ita-CS-B-2-7-rit.-1-25x25.jpg 25w\" sizes=\"(max-width: 576px) 100vw, 576px\" \/><figcaption>Da &#8220;La Gazzetta dello Sport&#8221;.<\/figcaption><\/figure><\/div>\n\n\n\n<p class=\"has-text-align-center\">Migliore la prestazione della squadra &#8220;internazionale&#8221; che con una partenza a razzo sorprende gli ospiti: al decimo del primo tempo il tabellone segna un incredibile 4-0! Sfortunata la prova del canadese Morgan che, causa infortunio, esce di scena troppo presto. Dopo la travolgente partenza degli &#8220;azzurri&#8221; i cecoslovacchi riprendono quota e la loro manifesta superiorit\u00e0, a dimostrazione del reale valore dei contendenti, ristabilisce il risultato: Italia internazionale-Cecoslovacchia B 6-8 (4-2, 0-4; 2-2).<\/p>\n\n\n\n<div class=\"wp-block-image\"><figure class=\"aligncenter size-large\"><img loading=\"lazy\" decoding=\"async\" width=\"375\" height=\"617\" src=\"https:\/\/www.milanosiamonoi.com\/wp-content\/uploads\/2021\/03\/47.02.09-Finaliste-Camp.-46-47-1.jpg\" alt=\"\" class=\"wp-image-5859\" srcset=\"https:\/\/www.milanosiamonoi.com\/wp-content\/uploads\/2021\/03\/47.02.09-Finaliste-Camp.-46-47-1.jpg 375w, https:\/\/www.milanosiamonoi.com\/wp-content\/uploads\/2021\/03\/47.02.09-Finaliste-Camp.-46-47-1-182x300.jpg 182w, https:\/\/www.milanosiamonoi.com\/wp-content\/uploads\/2021\/03\/47.02.09-Finaliste-Camp.-46-47-1-61x100.jpg 61w, https:\/\/www.milanosiamonoi.com\/wp-content\/uploads\/2021\/03\/47.02.09-Finaliste-Camp.-46-47-1-30x50.jpg 30w, https:\/\/www.milanosiamonoi.com\/wp-content\/uploads\/2021\/03\/47.02.09-Finaliste-Camp.-46-47-1-15x25.jpg 15w\" sizes=\"(max-width: 375px) 100vw, 375px\" \/><figcaption><em>Da &#8220;La Gazzetta dello Sport&#8221;.<\/em><\/figcaption><\/figure><\/div>\n\n\n\n<p class=\"has-text-align-center\">La fase finale del 14\u00b0 campionato italiano di hockey su ghiaccio, primo del dopo guerra, si svolge a Milano il 9 e 10 febbraio del 1947. Le quattro finaliste si sfidano in semifinale a eliminazione diretta. Gli accoppiamenti sono stabiliti da sorteggio, gli stranieri non possono giocare. I Diavoli Rossoneri, con un numero di giocatori limitato, hanno rimpolpato la loro rosa ingaggiando Nino Bibbia, Giovanni e Paolo Glisenti, tutti cresciuti hockeisticamente a St. Moritz, ma di nazionalit\u00e0 italiana.<\/p>\n\n\n\n<figure class=\"wp-block-table aligncenter\"><table><tbody><tr><td><strong>1947<\/strong><\/td><td><strong>Milano &#8211; Campionato italiano.<\/strong><\/td><td>Risultato<\/td><\/tr><tr><td><\/td><td><strong>Semifinali<\/strong><\/td><td><\/td><\/tr><tr><td>9 febbraio<\/td><td>Diavoli Rossoneri-Misurina<\/td><td>13-2<\/td><\/tr><tr><td>9 febbraio<\/td><td>Milano-Cortina<\/td><td>13-0<\/td><\/tr><tr><td><\/td><td><strong>Finale 3\u00b0 posto<\/strong><\/td><td><\/td><\/tr><tr><td>10 febbraio<\/td><td>Cortina-Misurina<\/td><td>7-3 (2-1; 3-2; 2-0)<\/td><\/tr><tr><td><\/td><td><strong>Finale<\/strong><\/td><td><\/td><\/tr><tr><td>10 febbraio<\/td><td>Milano-Diavoli Rossoneri<\/td><td>2-1 (1-1; 1-0; 0-0)<\/td><\/tr><\/tbody><\/table><\/figure>\n\n\n\n<div class=\"wp-block-image\"><figure class=\"aligncenter size-large\"><img loading=\"lazy\" decoding=\"async\" width=\"416\" height=\"594\" src=\"https:\/\/www.milanosiamonoi.com\/wp-content\/uploads\/2021\/03\/47.02.11-M-DRN-2-1-ritagl..jpg\" alt=\"\" class=\"wp-image-5868\" srcset=\"https:\/\/www.milanosiamonoi.com\/wp-content\/uploads\/2021\/03\/47.02.11-M-DRN-2-1-ritagl..jpg 416w, https:\/\/www.milanosiamonoi.com\/wp-content\/uploads\/2021\/03\/47.02.11-M-DRN-2-1-ritagl.-210x300.jpg 210w, https:\/\/www.milanosiamonoi.com\/wp-content\/uploads\/2021\/03\/47.02.11-M-DRN-2-1-ritagl.-70x100.jpg 70w, https:\/\/www.milanosiamonoi.com\/wp-content\/uploads\/2021\/03\/47.02.11-M-DRN-2-1-ritagl.-35x50.jpg 35w, https:\/\/www.milanosiamonoi.com\/wp-content\/uploads\/2021\/03\/47.02.11-M-DRN-2-1-ritagl.-18x25.jpg 18w\" sizes=\"(max-width: 416px) 100vw, 416px\" \/><figcaption><em>Da &#8220;La Gazzetta dello Sport&#8221;.<\/em><\/figcaption><\/figure><\/div>\n\n\n\n<p class=\"has-text-align-center\">Dopo la conquista dello scudetto il Milano torna a giocare una partita a Cortina, l&#8217;ultima volta era capitato nel gennaio del 1936. Gli ampezzani, strabattuti nella semifinale di campionato, rimontano le due reti subite nel primo periodo e colgono un&#8217;inaspettata vittoria.<\/p>\n\n\n\n<figure class=\"wp-block-table aligncenter\"><table><tbody><tr><td><strong>Cortina, 16 febbraio 1947 &#8211; Partita amichevole.<\/strong><\/td><\/tr><tr><td>Cortina-Milano 3-2 (0-2; 2-0; 1-0)<\/td><\/tr><tr><td>Reti del Milano di Belanger e Federici.<\/td><\/tr><\/tbody><\/table><\/figure>\n\n\n\n<p class=\"has-text-align-center\">In marzo tornano in pista gli azzurri, l&#8217;avversario \u00e8 ancora la Svizzera, ma questa volta l&#8217;impegno \u00e8 con la Nazionale maggiore. Come accaduto con la Cecoslovacchia B ci sar\u00e0 un incontro bis con l&#8217;Italia &#8220;internazionale&#8221;. Il ct Medri non pu\u00f2 disporre di Otto Rauth, mentre \u00e8 presente Guerrino Beltrami.<\/p>\n\n\n\n<div class=\"wp-block-image\"><figure class=\"aligncenter size-large is-resized\"><img loading=\"lazy\" decoding=\"async\" src=\"https:\/\/www.milanosiamonoi.com\/wp-content\/uploads\/2021\/03\/47.03.08-Ita-Svi-2-9-1.jpg\" alt=\"\" class=\"wp-image-5891\" width=\"575\" height=\"484\" srcset=\"https:\/\/www.milanosiamonoi.com\/wp-content\/uploads\/2021\/03\/47.03.08-Ita-Svi-2-9-1.jpg 666w, https:\/\/www.milanosiamonoi.com\/wp-content\/uploads\/2021\/03\/47.03.08-Ita-Svi-2-9-1-300x253.jpg 300w, https:\/\/www.milanosiamonoi.com\/wp-content\/uploads\/2021\/03\/47.03.08-Ita-Svi-2-9-1-100x84.jpg 100w, https:\/\/www.milanosiamonoi.com\/wp-content\/uploads\/2021\/03\/47.03.08-Ita-Svi-2-9-1-50x42.jpg 50w, https:\/\/www.milanosiamonoi.com\/wp-content\/uploads\/2021\/03\/47.03.08-Ita-Svi-2-9-1-25x21.jpg 25w\" sizes=\"(max-width: 575px) 100vw, 575px\" \/><\/figure><\/div>\n\n\n\n<p class=\"has-text-align-center\">Alla magra figura degli azzurri segue l&#8217;ancora pi\u00f9 netta sconfitta della rappresentativa con gli stranieri. I rossocrociati si impongono con irrisoria facilit\u00e0: 5-14 (0-8; 0-4; 4-3). I giocatori in maglia azzurra del tutto assenti nei primi due tempi; orgasmo totale, gambe intorpidite, passaggi a vuoto o sui bastoni degli avversari. Negli ultimi venti minuti gli ospiti hanno rallentato il ritmo e i nostri ne hanno parzialmente approfittato. In settimana A. Boscolo Anzoletti (La Gazzetta dello Sport) analizza le partite degli azzurri e oltre alle considerazioni riportate qui sotto, sottolinea le difficolt\u00e0 incontrate dai giocatori italiani ad adattarsi alle nuove regole: fuorigioco di due linee, liberazione vietata e ingaggio con in bastoni che non possono pi\u00f9 essere paralleli tra loro, ma devono essere distanti almeno 15 cm. <\/p>\n\n\n\n<div class=\"wp-block-image\"><figure class=\"aligncenter size-large is-resized\"><img loading=\"lazy\" decoding=\"async\" src=\"https:\/\/www.milanosiamonoi.com\/wp-content\/uploads\/2021\/03\/47.03.13-Gli-Svizzeri...-a-GdS-rit.jpg\" alt=\"\" class=\"wp-image-5894\" width=\"551\" height=\"527\" srcset=\"https:\/\/www.milanosiamonoi.com\/wp-content\/uploads\/2021\/03\/47.03.13-Gli-Svizzeri...-a-GdS-rit.jpg 1014w, https:\/\/www.milanosiamonoi.com\/wp-content\/uploads\/2021\/03\/47.03.13-Gli-Svizzeri...-a-GdS-rit-300x288.jpg 300w, https:\/\/www.milanosiamonoi.com\/wp-content\/uploads\/2021\/03\/47.03.13-Gli-Svizzeri...-a-GdS-rit-768x736.jpg 768w, https:\/\/www.milanosiamonoi.com\/wp-content\/uploads\/2021\/03\/47.03.13-Gli-Svizzeri...-a-GdS-rit-100x96.jpg 100w, https:\/\/www.milanosiamonoi.com\/wp-content\/uploads\/2021\/03\/47.03.13-Gli-Svizzeri...-a-GdS-rit-50x48.jpg 50w, https:\/\/www.milanosiamonoi.com\/wp-content\/uploads\/2021\/03\/47.03.13-Gli-Svizzeri...-a-GdS-rit-25x25.jpg 25w, https:\/\/www.milanosiamonoi.com\/wp-content\/uploads\/2021\/03\/47.03.13-Gli-Svizzeri...-a-GdS-rit-740x709.jpg 740w\" sizes=\"(max-width: 551px) 100vw, 551px\" \/><\/figure><\/div>\n\n\n\n<p class=\"has-text-align-center\">Al Milano restano da giocare tre partite, poi la stagione si conclude. Il calendario indica Zurigo SC e doppio derby. A eccezione di Davos e Arosa, i campioni d&#8217;Italia hanno affrontato tutte le squadre della LNA. Lo Zurigo SC, secondo classificato dietro al Davos, impartisce ai milanesi una tremenda lezione di hockey. Nei derby una vittoria per parte, ma il successo del 19 marzo dei rossoneri \u00e8 una sorpresa, il Milano si desta troppo tardi e la bella performance di Belanger non evita la sconfitta.<\/p>\n\n\n\n<figure class=\"wp-block-table aligncenter\"><table><tbody><tr><td><strong>1947<\/strong><\/td><td><strong>Milano &#8211; Partite amichevoli.<\/strong><\/td><td>Risultato<\/td><\/tr><tr><td>15 marzo<\/td><td>Milano-Zurigo SC<\/td><td>0-16 (0-5; 0-5; 0-6)<\/td><\/tr><tr><td>19 marzo <\/td><td>Diavoli Rossoneri-Milano<\/td><td>4-3 (1-1; 3-0; 0-2)<\/td><\/tr><tr><td>21 marzo<\/td><td>Milano-Diavoli Rossoneri<\/td><td>5-1 (3-1; 0-0; 2-0)<\/td><\/tr><\/tbody><\/table><\/figure>\n\n\n\n<div class=\"wp-block-image\"><figure class=\"aligncenter size-large is-resized\"><img loading=\"lazy\" decoding=\"async\" src=\"https:\/\/www.milanosiamonoi.com\/wp-content\/uploads\/2021\/03\/47.03.21-M-Drn-5-1-e1616964518770.jpg\" alt=\"\" class=\"wp-image-5900\" width=\"507\" height=\"578\"\/><figcaption><em>Articolo da &#8220;La Gazzetta dello Sport&#8221;. Nota: i milanisti sono quelli del Milano.<\/em><\/figcaption><\/figure><\/div>\n\n\n\n<figure class=\"wp-block-table aligncenter\"><table><tbody><tr><td><strong>Marcatori stagionali del Milano.<\/strong><\/td><td class=\"has-text-align-center\" data-align=\"center\"><strong>Reti<\/strong><\/td><\/tr><tr><td>Aldo Federici<\/td><td class=\"has-text-align-center\" data-align=\"center\">19<\/td><\/tr><tr><td>Jacques Belanger<\/td><td class=\"has-text-align-center\" data-align=\"center\">17<\/td><\/tr><tr><td>Ignazio Dionisi<\/td><td class=\"has-text-align-center\" data-align=\"center\">13<\/td><\/tr><tr><td>Giancarlo Bugheroni e Vincenzo Fardella<\/td><td class=\"has-text-align-center\" data-align=\"center\">8<\/td><\/tr><tr><td>Eugenius Kniel<\/td><td class=\"has-text-align-center\" data-align=\"center\">7<\/td><\/tr><tr><td>Umberto Gerli<\/td><td class=\"has-text-align-center\" data-align=\"center\">3<\/td><\/tr><tr><td>Arnaldo Fabris<\/td><td class=\"has-text-align-center\" data-align=\"center\">2<\/td><\/tr><tr><td>Franco Rossi, Guerrino Beltrami e Otto Rauth<\/td><td class=\"has-text-align-center\" data-align=\"center\">1<\/td><\/tr><tr><td>Mancano i marcatori di Milano-Cortina 13-0<\/td><td class=\"has-text-align-center\" data-align=\"center\"><\/td><\/tr><\/tbody><\/table><\/figure>\n\n\n\n<p> <\/p>\n\n\n\n<figure class=\"wp-block-table\"><table><tbody><tr><td><strong><a href=\"https:\/\/www.milanosiamonoi.com\/index.php\/dal-1946-al-1949-la-ripartenza\/1945-1946\/\" data-type=\"URL\" data-id=\"https:\/\/www.milanosiamonoi.com\/index.php\/dal-1946-al-1949-la-ripartenza\/1945-1946\/\">stagione precedente<\/a><\/strong><\/td><td class=\"has-text-align-right\" data-align=\"right\"><strong><a href=\"https:\/\/www.milanosiamonoi.com\/index.php\/dal-1946-al-1949-la-ripartenza\/1947-1948\/\" data-type=\"URL\" data-id=\"https:\/\/www.milanosiamonoi.com\/index.php\/dal-1946-al-1949-la-ripartenza\/1947-1948\/\">stagione successiva<\/a><\/strong><\/td><\/tr><\/tbody><\/table><\/figure>\n\n\n\n<figure class=\"wp-block-table\"><table><tbody><tr><td class=\"has-text-align-center\" data-align=\"center\"><strong><a href=\"https:\/\/www.milanosiamonoi.com\/index.php\/dal-1946-al-1949-la-ripartenza\/1946-1947-drn\/\" data-type=\"URL\" data-id=\"https:\/\/www.milanosiamonoi.com\/index.php\/dal-1946-al-1949-la-ripartenza\/1946-1947-drn\/\">Diavoli Rossoneri<\/a><\/strong><\/td><\/tr><\/tbody><\/table><\/figure>\n\n\n\n<p><\/p>\n\n\n\n<p> <\/p>\n","protected":false},"excerpt":{"rendered":"<p>Presidente Primo Colombo Allenatore Jacques Belanger Ruolo Giocatori con almeno una presenza in prima squadra. P Costanzo Mongini, Giannantonio Zopegni. D Giancarlo Bassi, Eugenius Kniel,&#8230;<\/p>\n","protected":false},"author":2,"featured_media":0,"parent":2137,"menu_order":2,"comment_status":"closed","ping_status":"closed","template":"","meta":{"spay_email":"","footnotes":""},"_links":{"self":[{"href":"https:\/\/www.milanosiamonoi.com\/index.php\/wp-json\/wp\/v2\/pages\/5754"}],"collection":[{"href":"https:\/\/www.milanosiamonoi.com\/index.php\/wp-json\/wp\/v2\/pages"}],"about":[{"href":"https:\/\/www.milanosiamonoi.com\/index.php\/wp-json\/wp\/v2\/types\/page"}],"author":[{"embeddable":true,"href":"https:\/\/www.milanosiamonoi.com\/index.php\/wp-json\/wp\/v2\/users\/2"}],"replies":[{"embeddable":true,"href":"https:\/\/www.milanosiamonoi.com\/index.php\/wp-json\/wp\/v2\/comments?post=5754"}],"version-history":[{"count":138,"href":"https:\/\/www.milanosiamonoi.com\/index.php\/wp-json\/wp\/v2\/pages\/5754\/revisions"}],"predecessor-version":[{"id":20225,"href":"https:\/\/www.milanosiamonoi.com\/index.php\/wp-json\/wp\/v2\/pages\/5754\/revisions\/20225"}],"up":[{"embeddable":true,"href":"https:\/\/www.milanosiamonoi.com\/index.php\/wp-json\/wp\/v2\/pages\/2137"}],"wp:attachment":[{"href":"https:\/\/www.milanosiamonoi.com\/index.php\/wp-json\/wp\/v2\/media?parent=5754"}],"curies":[{"name":"wp","href":"https:\/\/api.w.org\/{rel}","templated":true}]}}