{"id":5690,"date":"2021-05-03T19:25:40","date_gmt":"2021-05-03T19:25:40","guid":{"rendered":"http:\/\/milanosiamonoi.com\/?page_id=5690"},"modified":"2024-03-12T14:29:20","modified_gmt":"2024-03-12T14:29:20","slug":"1945-1946-drn","status":"publish","type":"page","link":"https:\/\/www.milanosiamonoi.com\/index.php\/campionati\/dal-1946-al-1949-la-ripartenza\/1945-1946-drn\/","title":{"rendered":"1945\/1946 DRN"},"content":{"rendered":"<div class=\"wp-block-image\">\n<figure class=\"aligncenter size-large\"><img loading=\"lazy\" decoding=\"async\" width=\"300\" height=\"300\" src=\"https:\/\/www.milanosiamonoi.com\/wp-content\/uploads\/2021\/01\/logo-amdg-300x300-1.jpg\" alt=\"\" class=\"wp-image-3816\" srcset=\"https:\/\/www.milanosiamonoi.com\/wp-content\/uploads\/2021\/01\/logo-amdg-300x300-1.jpg 300w, https:\/\/www.milanosiamonoi.com\/wp-content\/uploads\/2021\/01\/logo-amdg-300x300-1-150x150.jpg 150w, https:\/\/www.milanosiamonoi.com\/wp-content\/uploads\/2021\/01\/logo-amdg-300x300-1-100x100.jpg 100w, https:\/\/www.milanosiamonoi.com\/wp-content\/uploads\/2021\/01\/logo-amdg-300x300-1-50x50.jpg 50w, https:\/\/www.milanosiamonoi.com\/wp-content\/uploads\/2021\/01\/logo-amdg-300x300-1-25x25.jpg 25w, https:\/\/www.milanosiamonoi.com\/wp-content\/uploads\/2021\/01\/logo-amdg-300x300-1-90x90.jpg 90w\" sizes=\"(max-width: 300px) 100vw, 300px\" \/><\/figure><\/div>\n\n\n<p class=\"has-text-align-center\">Il 15 settembre 1945 i quotidiani annunciano la ripresa dell&#8217;attivit\u00e0 da parte dell&#8217;AMDG. Il promotore dell&#8217;iniziativa \u00e8 Mario Mauprivez, ultimo presidente eletto nella stagioni degli anni di guerra che, da ex dirigente del Milan,  lancia l&#8217;idea di chiedere la collaborazione del club calcistico rossonero. Nell&#8217;assemblea del 26 settembre soci e giocatori che non hanno aderito all&#8217;HC Milano approvano l&#8217;iniziativa e viene programmato un incontro con i dirigenti dell&#8217;AC Milan da tenersi nella sede di quest&#8217;ultima societ\u00e0 in via del Lauro. La riunione avviene quattro giorni dopo, l&#8217;AC Milan si dice disposta a dare una mano, ma chiede la modifica della denominazione in HC Diavoli Rossoneri. Altra riunione\/assemblea il 2 ottobre, le parti concordano sulla modifica della denominazione e viene eletto un consiglio direttivo ai cui vertici troviamo l&#8217;ing. Giuseppe Lavezzari, cuore e anima dei DRN d&#8217;anteguerra e Mario Mauprivez.<\/p>\n\n\n\n<p class=\"has-text-align-center\"><em>Nota: non esistendo un archivio storico FISG ogni ipotesi \u00e8 possibile, sia la mutazione della denominazione e sia la cessazione dell&#8217;attivit\u00e0 dell&#8217;AMDG con il libero passaggio dei suoi tesserati alla ricostituita squadra rossonera. In ogni caso, dopo gli articoli pubblicati qui sotto, l&#8217;AMDG sparisce di scena e i quotidiani parlano e scrivono esclusivamente dei Diavoli Rossoneri.<\/em><\/p>\n\n\n<div class=\"wp-block-image\">\n<figure class=\"aligncenter size-large\"><img loading=\"lazy\" decoding=\"async\" width=\"590\" height=\"476\" src=\"https:\/\/www.milanosiamonoi.com\/wp-content\/uploads\/2021\/03\/45.09.15-e-45.10.02-AMDG-in-DRN-corsera.jpg\" alt=\"\" class=\"wp-image-5699\" srcset=\"https:\/\/www.milanosiamonoi.com\/wp-content\/uploads\/2021\/03\/45.09.15-e-45.10.02-AMDG-in-DRN-corsera.jpg 590w, https:\/\/www.milanosiamonoi.com\/wp-content\/uploads\/2021\/03\/45.09.15-e-45.10.02-AMDG-in-DRN-corsera-300x242.jpg 300w, https:\/\/www.milanosiamonoi.com\/wp-content\/uploads\/2021\/03\/45.09.15-e-45.10.02-AMDG-in-DRN-corsera-100x81.jpg 100w, https:\/\/www.milanosiamonoi.com\/wp-content\/uploads\/2021\/03\/45.09.15-e-45.10.02-AMDG-in-DRN-corsera-50x40.jpg 50w, https:\/\/www.milanosiamonoi.com\/wp-content\/uploads\/2021\/03\/45.09.15-e-45.10.02-AMDG-in-DRN-corsera-25x20.jpg 25w\" sizes=\"(max-width: 590px) 100vw, 590px\" \/><figcaption class=\"wp-element-caption\"><em>Articoli da &#8220;Il Corriere della Sera&#8221; e &#8220;Il Corriere d&#8217;Informazione&#8221;.<\/em><\/figcaption><\/figure><\/div>\n\n<div class=\"wp-block-image\">\n<figure class=\"aligncenter size-large\"><img loading=\"lazy\" decoding=\"async\" width=\"300\" height=\"300\" src=\"https:\/\/www.milanosiamonoi.com\/wp-content\/uploads\/2021\/03\/logo-drn-48b.jpg\" alt=\"\" class=\"wp-image-5567\" srcset=\"https:\/\/www.milanosiamonoi.com\/wp-content\/uploads\/2021\/03\/logo-drn-48b.jpg 300w, https:\/\/www.milanosiamonoi.com\/wp-content\/uploads\/2021\/03\/logo-drn-48b-150x150.jpg 150w, https:\/\/www.milanosiamonoi.com\/wp-content\/uploads\/2021\/03\/logo-drn-48b-100x100.jpg 100w, https:\/\/www.milanosiamonoi.com\/wp-content\/uploads\/2021\/03\/logo-drn-48b-50x50.jpg 50w, https:\/\/www.milanosiamonoi.com\/wp-content\/uploads\/2021\/03\/logo-drn-48b-25x25.jpg 25w, https:\/\/www.milanosiamonoi.com\/wp-content\/uploads\/2021\/03\/logo-drn-48b-90x90.jpg 90w\" sizes=\"(max-width: 300px) 100vw, 300px\" \/><\/figure><\/div>\n\n\n<figure class=\"wp-block-table aligncenter\"><table><tbody><tr><td>Commissario del C.D.<\/td><td>Giuseppe Lavezzari<\/td><\/tr><tr><td>Presidente<\/td><td>Mario Mauprivez<\/td><\/tr><tr><td>Allenatore<\/td><td>Decio Trovati<\/td><\/tr><\/tbody><\/table><\/figure>\n\n\n\n<figure class=\"wp-block-table\"><table><tbody><tr><td class=\"has-text-align-center\" data-align=\"center\">Ruolo<\/td><td><strong>Giocatori con almeno una presenza in prima squadra.<\/strong><\/td><\/tr><tr><td class=\"has-text-align-center\" data-align=\"center\">P<\/td><td>Giuseppe Brenna, Augusto Gerosa (C).<\/td><\/tr><tr><td class=\"has-text-align-center\" data-align=\"center\">D<\/td><td>Gino Bestagini, Luciano Cesana II, Decio Trovati.<\/td><\/tr><tr><td class=\"has-text-align-center\" data-align=\"center\">A<\/td><td>Cesana IV, Colombo, Aldo Federici, Ferdinando Giordani, Dino Innocenti, Luigi Mattavelli, Mussi.<\/td><\/tr><\/tbody><\/table><\/figure>\n\n\n\n<p class=\"has-text-align-center\">Il Palazzo del ghiaccio riapre a met\u00e0 dicembre e dopo un mese di allenamenti giunge il giorno della prima partita del dopoguerra che non pu\u00f2 che essere un derby con il ricostituito HC Milano. Ingaggio d&#8217;inizio alle cinque del pomeriggio di sabato 12 gennaio. Scarse le informazioni sull&#8217;incontro, si conoscono solo formazioni annunciate e risultato finale.<\/p>\n\n\n<div class=\"wp-block-image\">\n<figure class=\"aligncenter size-large\"><img loading=\"lazy\" decoding=\"async\" width=\"321\" height=\"433\" src=\"https:\/\/www.milanosiamonoi.com\/wp-content\/uploads\/2021\/03\/46.01.11-ante-M-Drn-corinf-.jpg\" alt=\"\" class=\"wp-image-5718\" srcset=\"https:\/\/www.milanosiamonoi.com\/wp-content\/uploads\/2021\/03\/46.01.11-ante-M-Drn-corinf-.jpg 321w, https:\/\/www.milanosiamonoi.com\/wp-content\/uploads\/2021\/03\/46.01.11-ante-M-Drn-corinf--222x300.jpg 222w, https:\/\/www.milanosiamonoi.com\/wp-content\/uploads\/2021\/03\/46.01.11-ante-M-Drn-corinf--74x100.jpg 74w, https:\/\/www.milanosiamonoi.com\/wp-content\/uploads\/2021\/03\/46.01.11-ante-M-Drn-corinf--37x50.jpg 37w, https:\/\/www.milanosiamonoi.com\/wp-content\/uploads\/2021\/03\/46.01.11-ante-M-Drn-corinf--19x25.jpg 19w\" sizes=\"(max-width: 321px) 100vw, 321px\" \/><figcaption class=\"wp-element-caption\"><em>Articolo da &#8220;Il Corriere d&#8217;Informazione&#8221;.<\/em><\/figcaption><\/figure><\/div>\n\n<div class=\"wp-block-image\">\n<figure class=\"aligncenter size-large\"><img loading=\"lazy\" decoding=\"async\" width=\"387\" height=\"384\" src=\"https:\/\/www.milanosiamonoi.com\/wp-content\/uploads\/2021\/03\/46.01.12-M-Drn-5-3-corinf-2.jpg\" alt=\"\" class=\"wp-image-5637\" srcset=\"https:\/\/www.milanosiamonoi.com\/wp-content\/uploads\/2021\/03\/46.01.12-M-Drn-5-3-corinf-2.jpg 387w, https:\/\/www.milanosiamonoi.com\/wp-content\/uploads\/2021\/03\/46.01.12-M-Drn-5-3-corinf-2-300x298.jpg 300w, https:\/\/www.milanosiamonoi.com\/wp-content\/uploads\/2021\/03\/46.01.12-M-Drn-5-3-corinf-2-150x150.jpg 150w, https:\/\/www.milanosiamonoi.com\/wp-content\/uploads\/2021\/03\/46.01.12-M-Drn-5-3-corinf-2-100x100.jpg 100w, https:\/\/www.milanosiamonoi.com\/wp-content\/uploads\/2021\/03\/46.01.12-M-Drn-5-3-corinf-2-50x50.jpg 50w, https:\/\/www.milanosiamonoi.com\/wp-content\/uploads\/2021\/03\/46.01.12-M-Drn-5-3-corinf-2-25x25.jpg 25w, https:\/\/www.milanosiamonoi.com\/wp-content\/uploads\/2021\/03\/46.01.12-M-Drn-5-3-corinf-2-90x90.jpg 90w\" sizes=\"(max-width: 387px) 100vw, 387px\" \/><figcaption class=\"wp-element-caption\"><em>Articolo da &#8220;Il Corriere d&#8217;Informazione&#8221;.<\/em><\/figcaption><\/figure><\/div>\n\n\n<p class=\"has-text-align-center\">Per il secondo match della stagione i Diavoli si recano ad Ambr\u00ec per affrontare la squadra locale militante nella serie B svizzera. La formazione leventinese con trame di gioco sciolte e veloci domina dall&#8217;inizio alla fine. I rossoneri scoprono che per tenere testa a qualunque avversario servono allenamenti e preparazione nettamente superiori ai sistemi d&#8217;ante guerra, un mese di blanda attivit\u00e0 e il ristretto numero di giocatori di qualit\u00e0 non bastano. Le partite durano un&#8217;ora effettiva di gioco e i dieci giocatori concessi dal regolamento devono essere tutti in grado di ricoprire molto bene il loro ruolo. Con l&#8217;Ambr\u00ec pesano anche la negativa prestazione di Brenna tra i pali e l&#8217;uscita dal ghiaccio di Innocenti al decimo minuto del primo tempo dovuta a una seria ferita a un ginocchio. Nell&#8217;ultima frazione il crollo \u00e8 stato generale.<\/p>\n\n\n\n<figure class=\"wp-block-table\"><table><tbody><tr><td><strong>Ambr\u00ec, 27 gennaio 1946 &#8211; Partita amichevole.<\/strong><\/td><\/tr><tr><td>Ambr\u00ec Piotta-Diavoli Rossoneri 7-0 (1-0; 2-0; 4-0)<\/td><\/tr><tr><td>Ambr\u00ec Piotta: Guscetti II; Troglia, Guscetti I; Guscio, Legena, Stelio Juri; Beffa, Croce, Germano Juri.<\/td><\/tr><tr><td>DRN: Brenna; L. Cesana, Bestagini; Federici, Innocenti (Cesana IV), Mattavelli; Mussi, Giordani, Colombo.<\/td><\/tr><tr><td>Reti: 1\u00b0t.<em> 4&#8242; G. Juri<\/em>. 2\u00b0t. <em>1&#8242; S. Juri, 3&#8242; Guscio.<\/em> 3\u00b0t. <em>1&#8242; e 2&#8242; Legena, 3&#8242; S. Juri, 8&#8242; Guscio.<\/em><\/td><\/tr><tr><td>Arbitri: Vogel (HCAP) e Gerosa (DRN).<\/td><\/tr><\/tbody><\/table><\/figure>\n\n\n\n<p class=\"has-text-align-center\">Nel mese di febbraio altre due partite al Piranesi e ancora due severe sconfitte, questa volta contro squadre della LNA elvetica.<\/p>\n\n\n\n<figure class=\"wp-block-table aligncenter\"><table><tbody><tr><td><strong>1946<\/strong><\/td><td><strong>Milano &#8211; Partite amichevoli<\/strong><\/td><td>Risultato<\/td><\/tr><tr><td>9 febbraio<\/td><td>Diavoli Rossoneri-SC Berna<\/td><td>1-8 (0-4; 0-2; 1-2)<\/td><\/tr><tr><td>23 febbraio<\/td><td>Diavoli Rossoneri-Montchoisi HC<\/td><td>1-5 (0-2; 0-3; 1-0)<\/td><\/tr><\/tbody><\/table><\/figure>\n\n\n\n<p class=\"has-text-align-center\">Il 28 febbraio Diavoli Rossoneri e Milano uniscono le forze e affrontano l&#8217;Ambr\u00ec Piotta al Piranesi. Gerosa, Federici, Innocenti e Bestagini sono i rossoneri chiamati a fare parte della selezione cittadina. Finisce 2-1 per la rappresentativa milanese, Innocenti apre le marcature al dodicesimo del primo tempo. Al gol del pareggio leventinese seguir\u00e0 la rete della vittoria realizzata da Franco Rossi a met\u00e0 terzo tempo. La prima domenica di marzo i Diavoli tornano in Svizzera, ma nonostante l&#8217;impegno e la buona volont\u00e0 con il St. Moritz arriva una nuova sconfitta.<\/p>\n\n\n\n<figure class=\"wp-block-table aligncenter\"><table><tbody><tr><td><strong>St. Moritz, 3 marzo 1946 &#8211; Partita amichevole.<\/strong><\/td><\/tr><tr><td>St. Moritz-Diavoli Rossoneri 4-2 (0-0; 3-1; 1-1)<\/td><\/tr><\/tbody><\/table><\/figure>\n\n\n\n<p class=\"has-text-align-center\">Il 10 marzo torna in pista la Nazionale. Per la prima degli azzurri del dopoguerra scende a Milano la Svizzera B e il Piranesi rileva il tutto esaurito. A rappresentare i Diavoli ci sono Gerosa in porta, Federici e Innocenti in attacco. Passato l\u2019iniziale timore reverenziale gli azzurri mostrano una maggiore aggressivit\u00e0. Rossocrociati pi\u00f9 ordinati e ottime individualit\u00e0 che emergono nel terzo finale, ma nonostante il netto calo degli italiani il match termina in parit\u00e0: 4-4. Federici segna due reti, Innocenti una. Augusto Gerosa veste l\u2019azzurro per la trentasettesima volta, in materia di presenze in Nazionale nessuno come lui.<\/p>\n\n\n<div class=\"wp-block-image\">\n<figure class=\"aligncenter size-large\"><img loading=\"lazy\" decoding=\"async\" width=\"151\" height=\"400\" src=\"https:\/\/www.milanosiamonoi.com\/wp-content\/uploads\/2021\/03\/Gerosa-arch.-Gerosa-Rossi-Copia-e1616538872926.jpg\" alt=\"\" class=\"wp-image-5741\"\/><figcaption class=\"wp-element-caption\"><em>Augusto Gerosa,<\/em><\/figcaption><\/figure><\/div>\n\n\n<figure class=\"wp-block-table\"><table><tbody><tr><td><strong>Milano, 10 marzo 1946 &#8211; Partita amichevole.<\/strong><\/td><\/tr><tr><td>Italia-Svizzera B 4-4 (1-1; 3-3; 0-0)<\/td><\/tr><tr><td>Italia: Gerosa; F. Rossi, Venosta; Bucchetti; Innocenti, Federici, A. Fabris; Bulgheroni, Gerli, Fardella.<\/td><\/tr><tr><td>Svizzera B: Perl; Lack, Tinembart; Vuilliemont; Hugo e Othmar Delnon, Bianchi; Hinterkircher, Guggenbuehl, Schmidt.<\/td><\/tr><tr><td>Reti: Reti: 1\u00b0t.<em>&nbsp;10\u2032 Hinterchircher,&nbsp;<\/em>11\u2032 Venosta. 2\u00b0t. 3\u2032 Federici, 3\u201950\u201d Innocenti,&nbsp;<em>Hugo Delnon (2<\/em>), 18\u2032 Federici, 19\u2032&nbsp;<em>Othmar Delnon.<\/em><\/td><\/tr><tr><td>Arbitri: Talamona (Italia) e Goel (Svizzera).<\/td><\/tr><\/tbody><\/table><\/figure>\n\n\n\n<p class=\"has-text-align-center\">I Diavoli concludono la stagione a met\u00e0 marzo: sesta partita, sesta sconfitta.<\/p>\n\n\n\n<figure class=\"wp-block-table aligncenter\"><table><tbody><tr><td><strong>Milano, 16 marzo 1946 &#8211; Partita amichevole.<\/strong><\/td><\/tr><tr><td>Diavoli Rossoneri-Grasshopper 0-3 (0-1; 0-0; 0-2)<\/td><\/tr><\/tbody><\/table><\/figure>\n\n\n\n<p class=\"has-text-align-center\">Il bilancio del ritorno sul ghiaccio dei rossoneri \u00e8 estremamente negativo, la rosa \u00e8 quella che \u00e8; con questi giocatori difficile fare di pi\u00f9. I due assi nella manica, Federici e Innocenti, hanno cantato e portato la croce con abnegazione, ma di miracoli non potevano farne. Tornare all&#8217;altezza della squadra degli anni Trenta non sar\u00e0 facile, la strada \u00e8 lunga e colma di ostacoli da superare.<\/p>\n\n\n\n<figure class=\"wp-block-table\"><table><tbody><tr><td><strong><a href=\"https:\/\/www.milanosiamonoi.com\/index.php\/campionati\/dal-1940-al-1945-la-guerra\/1942-43-44-45-amdg\/\" data-type=\"URL\" data-id=\"https:\/\/www.milanosiamonoi.com\/index.php\/campionati\/dal-1940-al-1945-la-guerra\/1942-43-44-45-amdg\/\">stagione precedente<\/a><\/strong><\/td><td class=\"has-text-align-right\" data-align=\"right\"><strong><a href=\"https:\/\/www.milanosiamonoi.com\/index.php\/dal-1946-al-1949-la-ripartenza\/1946-1947-drn\/\" data-type=\"URL\" data-id=\"https:\/\/www.milanosiamonoi.com\/index.php\/dal-1946-al-1949-la-ripartenza\/1946-1947-drn\/\">stagione successiva<\/a><\/strong><\/td><\/tr><\/tbody><\/table><\/figure>\n\n\n\n<figure class=\"wp-block-table\"><table><tbody><tr><td class=\"has-text-align-center\" data-align=\"center\"><strong><a href=\"https:\/\/www.milanosiamonoi.com\/index.php\/dal-1946-al-1949-la-ripartenza\/1945-1946\/\" data-type=\"URL\" data-id=\"https:\/\/www.milanosiamonoi.com\/index.php\/dal-1946-al-1949-la-ripartenza\/1945-1946\/\">Hockey Club Milano<\/a><\/strong><\/td><\/tr><\/tbody><\/table><\/figure>\n","protected":false},"excerpt":{"rendered":"<p>Il 15 settembre 1945 i quotidiani annunciano la ripresa dell&#8217;attivit\u00e0 da parte dell&#8217;AMDG. Il promotore dell&#8217;iniziativa \u00e8 Mario Mauprivez, ultimo presidente eletto nella stagioni degli&#8230;<\/p>\n","protected":false},"author":2,"featured_media":0,"parent":2137,"menu_order":1,"comment_status":"closed","ping_status":"closed","template":"","meta":{"spay_email":"","footnotes":""},"_links":{"self":[{"href":"https:\/\/www.milanosiamonoi.com\/index.php\/wp-json\/wp\/v2\/pages\/5690"}],"collection":[{"href":"https:\/\/www.milanosiamonoi.com\/index.php\/wp-json\/wp\/v2\/pages"}],"about":[{"href":"https:\/\/www.milanosiamonoi.com\/index.php\/wp-json\/wp\/v2\/types\/page"}],"author":[{"embeddable":true,"href":"https:\/\/www.milanosiamonoi.com\/index.php\/wp-json\/wp\/v2\/users\/2"}],"replies":[{"embeddable":true,"href":"https:\/\/www.milanosiamonoi.com\/index.php\/wp-json\/wp\/v2\/comments?post=5690"}],"version-history":[{"count":64,"href":"https:\/\/www.milanosiamonoi.com\/index.php\/wp-json\/wp\/v2\/pages\/5690\/revisions"}],"predecessor-version":[{"id":19035,"href":"https:\/\/www.milanosiamonoi.com\/index.php\/wp-json\/wp\/v2\/pages\/5690\/revisions\/19035"}],"up":[{"embeddable":true,"href":"https:\/\/www.milanosiamonoi.com\/index.php\/wp-json\/wp\/v2\/pages\/2137"}],"wp:attachment":[{"href":"https:\/\/www.milanosiamonoi.com\/index.php\/wp-json\/wp\/v2\/media?parent=5690"}],"curies":[{"name":"wp","href":"https:\/\/api.w.org\/{rel}","templated":true}]}}