{"id":5254,"date":"2021-03-01T10:26:38","date_gmt":"2021-03-01T10:26:38","guid":{"rendered":"http:\/\/milanosiamonoi.com\/?page_id=5254"},"modified":"2022-04-05T21:04:27","modified_gmt":"2022-04-05T21:04:27","slug":"1942-43-44-45-amdg","status":"publish","type":"page","link":"https:\/\/www.milanosiamonoi.com\/index.php\/campionati\/dal-1940-al-1945-la-guerra\/1942-43-44-45-amdg\/","title":{"rendered":"1942\/43\/44\/45 AMDG"},"content":{"rendered":"\n<div class=\"wp-block-image\"><figure class=\"aligncenter size-large\"><img loading=\"lazy\" decoding=\"async\" width=\"300\" height=\"300\" src=\"https:\/\/www.milanosiamonoi.com\/wp-content\/uploads\/2021\/01\/logo-amdg-300x300-1.jpg\" alt=\"\" class=\"wp-image-3816\" srcset=\"https:\/\/www.milanosiamonoi.com\/wp-content\/uploads\/2021\/01\/logo-amdg-300x300-1.jpg 300w, https:\/\/www.milanosiamonoi.com\/wp-content\/uploads\/2021\/01\/logo-amdg-300x300-1-150x150.jpg 150w, https:\/\/www.milanosiamonoi.com\/wp-content\/uploads\/2021\/01\/logo-amdg-300x300-1-100x100.jpg 100w, https:\/\/www.milanosiamonoi.com\/wp-content\/uploads\/2021\/01\/logo-amdg-300x300-1-50x50.jpg 50w, https:\/\/www.milanosiamonoi.com\/wp-content\/uploads\/2021\/01\/logo-amdg-300x300-1-25x25.jpg 25w, https:\/\/www.milanosiamonoi.com\/wp-content\/uploads\/2021\/01\/logo-amdg-300x300-1-90x90.jpg 90w\" sizes=\"(max-width: 300px) 100vw, 300px\" \/><\/figure><\/div>\n\n\n\n<figure class=\"wp-block-table aligncenter\"><table><tbody><tr><td>Presidente<\/td><td>Mario Mauprivez<\/td><\/tr><tr><td>Allenatori<\/td><td>Egidio Bruciamonti ed Enrico Calcaterra<\/td><\/tr><\/tbody><\/table><\/figure>\n\n\n\n<p class=\"has-text-align-center\">Malgrado la guerra sia sempre pi\u00f9 &#8220;padrona&#8221; del mondo, nell&#8217;autunno del 1942 riprendono regolarmente tutte le competizioni sportive. Venerd\u00ec 23 ottobre riapre il Palazzo del ghiaccio, ma solo per gli atleti. Il CPAM commemora la morte in combattimento di Filippo Dubini e la sorella Anna per ricordarlo metter\u00e0 in palio una coppa. L&#8217;AMDG si sgranchisce i muscoli agli ordini di Egidio Bruciamonti ed Enrico Calcaterra.<\/p>\n\n\n\n<figure class=\"wp-block-table\"><table><tbody><tr><td class=\"has-text-align-center\" data-align=\"center\">Ruolo<\/td><td><strong>Giocatori presenti al primo allenamento.<\/strong><\/td><\/tr><tr><td class=\"has-text-align-center\" data-align=\"center\">P<\/td><td>Nessun portiere.<\/td><\/tr><tr><td class=\"has-text-align-center\" data-align=\"center\">D<\/td><td>Luigi Bestagini, Giancarlo Bucchetti, Franco Rossi.<\/td><\/tr><tr><td class=\"has-text-align-center\" data-align=\"center\">A<\/td><td>Renato Besostri, Carlo Bulgheroni, Guido Coppini, Ignazio Dionisi, Vincenzo Fardella, Umberto Gerli, Aldo Marazza.<\/td><\/tr><\/tbody><\/table><\/figure>\n\n\n\n<p class=\"has-text-align-center\">Maggiore il numero dei giovani, non c&#8217;\u00e8 nemmeno un portiere, Federici e Innocenti saranno a Milano tra una settimana. Il giorno dopo tocca al pubblico che pu\u00f2 accedere scegliendo tra due turni.<\/p>\n\n\n\n<figure class=\"wp-block-table aligncenter\"><table><tbody><tr><td><strong>Accesso al Palazzo del ghiaccio dal 24 ottobre 1942<\/strong><\/td><td><strong>Orari<\/strong><\/td><\/tr><tr><td>Primo turno<\/td><td>14,00 &#8211; 18,00<\/td><\/tr><tr><td>Secondo turno<\/td><td>20,45 &#8211; 23,15<\/td><\/tr><\/tbody><\/table><\/figure>\n\n\n\n<p class=\"has-text-align-center\">Verso le 18,00, proprio mentre si avvicina l&#8217;orario di chiusura del primo, le sirene allertano Milano dell&#8217;imminente pericolo di un attacco aereo. Trascorrono una manciata di minuti e le bombe cominciano a cadere sulla citt\u00e0 che mai era stata presa di mira alla luce del sole. Gli aerei alleati ripetono l&#8217;incursione anche durante la notte. Gli ordigni non risparmiano nessun quartiere: chiaro \u00e8 l&#8217;intento di colpire obbiettivi civili. Distrutti dal terribile bombardamento decine di edifici, danneggiati ospedali, scuole, chiese, persino il carcere di San Vittore, devastante l&#8217;effetto delle bombe incendiarie. Bersagliata anche la linea ferroviaria che corre nelle vicinanze del Palazzo del ghiaccio. &#8220;L&#8217;Ambrosiano&#8221; stila una lista di 140 morti e centinaia di feriti. i milanesi comprendono che la citt\u00e0 non \u00e8 pi\u00f9 sicura, comincia lo sfollamento.<\/p>\n\n\n\n<div class=\"wp-block-image\"><figure class=\"aligncenter size-large\"><img loading=\"lazy\" decoding=\"async\" width=\"281\" height=\"545\" src=\"https:\/\/www.milanosiamonoi.com\/wp-content\/uploads\/2021\/02\/42.10.28-Bomb.-e-Borletti-Corsera-Copia.jpg\" alt=\"\" class=\"wp-image-5270\" srcset=\"https:\/\/www.milanosiamonoi.com\/wp-content\/uploads\/2021\/02\/42.10.28-Bomb.-e-Borletti-Corsera-Copia.jpg 281w, https:\/\/www.milanosiamonoi.com\/wp-content\/uploads\/2021\/02\/42.10.28-Bomb.-e-Borletti-Corsera-Copia-155x300.jpg 155w, https:\/\/www.milanosiamonoi.com\/wp-content\/uploads\/2021\/02\/42.10.28-Bomb.-e-Borletti-Corsera-Copia-52x100.jpg 52w, https:\/\/www.milanosiamonoi.com\/wp-content\/uploads\/2021\/02\/42.10.28-Bomb.-e-Borletti-Corsera-Copia-26x50.jpg 26w, https:\/\/www.milanosiamonoi.com\/wp-content\/uploads\/2021\/02\/42.10.28-Bomb.-e-Borletti-Corsera-Copia-13x25.jpg 13w\" sizes=\"(max-width: 281px) 100vw, 281px\" \/><figcaption><em>L&#8217;industriale Borletti per i bisognosi di aiuto. (Il C<\/em>orriere della Sera)<\/figcaption><\/figure><\/div>\n\n\n\n<p class=\"has-text-align-center\">Il Piranesi riapre dieci giorni dopo i terribili bombardamenti, sono state sostituite tutte le vetrate andate distrutte. Modificati gli orari d&#8217;ingresso.<\/p>\n\n\n\n<figure class=\"wp-block-table aligncenter\"><table><tbody><tr><td><strong>Accesso al Palazzo del ghiaccio dal 4 novembre 1942<\/strong><\/td><td>Orari<\/td><\/tr><tr><td>Primo turno<\/td><td>9,30 &#8211; 12,00<\/td><\/tr><tr><td>Secondo turno<\/td><td>14,00 &#8211; 18,00<\/td><\/tr><\/tbody><\/table><\/figure>\n\n\n\n<p class=\"has-text-align-center\">Le notizie di hockey da &#8220;La Gazzetta dello Sport&#8221; riguardano i match del campionato svizzero e la tourn\u00e9e del Davos in Svezia. A Milano si allenano solo i giovani. In conseguenza dell&#8217;amnistia sportiva concessa dal presidente del CONI Manganiello in occasione del XX anniversario dell&#8217;avvento del fascismo, viene riqualificato Augusto Gerosa. Adesso che ci sarebbe il portiere, non c&#8217;\u00e8 pi\u00f9 la squadra. Il 1942 del Palazzo del ghiaccio si chiude con un Gala di pattinaggio artistico, ospite la campionessa tedesca Lydia Veicht.<\/p>\n\n\n\n<div class=\"wp-block-image\"><figure class=\"aligncenter size-large\"><img loading=\"lazy\" decoding=\"async\" width=\"397\" height=\"407\" src=\"https:\/\/www.milanosiamonoi.com\/wp-content\/uploads\/2021\/02\/42.12.20-Gala-pattinaggio-Corsera.jpg\" alt=\"\" class=\"wp-image-5284\" srcset=\"https:\/\/www.milanosiamonoi.com\/wp-content\/uploads\/2021\/02\/42.12.20-Gala-pattinaggio-Corsera.jpg 397w, https:\/\/www.milanosiamonoi.com\/wp-content\/uploads\/2021\/02\/42.12.20-Gala-pattinaggio-Corsera-293x300.jpg 293w, https:\/\/www.milanosiamonoi.com\/wp-content\/uploads\/2021\/02\/42.12.20-Gala-pattinaggio-Corsera-98x100.jpg 98w, https:\/\/www.milanosiamonoi.com\/wp-content\/uploads\/2021\/02\/42.12.20-Gala-pattinaggio-Corsera-50x50.jpg 50w, https:\/\/www.milanosiamonoi.com\/wp-content\/uploads\/2021\/02\/42.12.20-Gala-pattinaggio-Corsera-25x25.jpg 25w\" sizes=\"(max-width: 397px) 100vw, 397px\" \/><\/figure><\/div>\n\n\n\n<p class=\"has-text-align-center\">Dall&#8217;intensificarsi dei bombardamenti e dalle notizie portate dai reduci dai vari fronti si intuisce che le cose vanno sempre peggio. I quotidiani minimizzano sulle perdite e danno risalto al numero di aerei nemici abbattuti e al tonnellaggio di navi affondate. Dopo l&#8217;Epifania del 1943 Costanza Vigorelli, Grazia Barcellona, Mariuccia Gillmeister e Carlo Fassi del CPAM si trasferiscono per un allenamento collegiale a Seefeld, mentre la FISI \u00e8 costretta a declinare l&#8217;invito rivolto dalla Federazione tedesca alla Nazionale di hockey per il torneo di Klagenfurt. Le difficolt\u00e0 che incontrano gli sportivi in odore di leva si evidenziano a met\u00e0 gennaio, quando per carenza di partecipanti vengono annullati i campionati di velocit\u00e0 su ghiaccio. A Bardonecchia si presentano solo in tre: Giorgio Cattaneo (Borletti Milano), Angelo Piccaluga ed Emanuele Martinengo (GUF Milano). Le sole notizie di hockey entro i nostri confini giungono da Asiago e Vipiteno. In via Piranesi il pattinaggio ha rubato la scena al disco su ghiaccio, a fine mese un buon pubblico assiste ai campionati nazionali.<\/p>\n\n\n\n<div class=\"wp-block-image\"><figure class=\"aligncenter size-large\"><img loading=\"lazy\" decoding=\"async\" width=\"395\" height=\"407\" src=\"https:\/\/www.milanosiamonoi.com\/wp-content\/uploads\/2021\/02\/43.01.31-camp.-pattinaggio-corsera-1.jpg\" alt=\"\" class=\"wp-image-5240\" srcset=\"https:\/\/www.milanosiamonoi.com\/wp-content\/uploads\/2021\/02\/43.01.31-camp.-pattinaggio-corsera-1.jpg 395w, https:\/\/www.milanosiamonoi.com\/wp-content\/uploads\/2021\/02\/43.01.31-camp.-pattinaggio-corsera-1-291x300.jpg 291w, https:\/\/www.milanosiamonoi.com\/wp-content\/uploads\/2021\/02\/43.01.31-camp.-pattinaggio-corsera-1-97x100.jpg 97w, https:\/\/www.milanosiamonoi.com\/wp-content\/uploads\/2021\/02\/43.01.31-camp.-pattinaggio-corsera-1-25x25.jpg 25w\" sizes=\"(max-width: 395px) 100vw, 395px\" \/><figcaption><em>Articolo da &#8220;Il Corriere della Sera&#8221;.<\/em><\/figcaption><\/figure><\/div>\n\n\n\n<p class=\"has-text-align-center\">Incredibile ma vero in febbraio torna in pista l&#8217;AMDG. Egidio Bruciamonti porta una squadra composta da giovani elementi a Bolzano e Ortisei. Guidate da Aldo Federici le matricole crescono bene e superano in due partite una selezione dei migliori giocatori della provincia bolzanina nelle cui file ritroviamo Otello D&#8217;Apollonia.<\/p>\n\n\n\n<figure class=\"wp-block-table aligncenter\"><table><tbody><tr><td><strong>1943<\/strong><\/td><td>Luogo<\/td><td><strong>Partite amichevoli.<\/strong><\/td><\/tr><tr><td>7 febbraio<\/td><td>Ortisei<\/td><td>Sel. Prov. Bolzano-AMDG 2-4<\/td><\/tr><tr><td>10 febbraio<\/td><td>Bolzano<\/td><td>Sel. Prov. Bolzano-AMDG 1-4 (0-0; 1-1; 0-3)<\/td><\/tr><\/tbody><\/table><\/figure>\n\n\n\n<p class=\"has-text-align-center\">Nel fine settimana successivo i bolzanini restituiscono la visita e, con la partecipazione dell&#8217;Asiago, al Piranesi va in scena un mini torneo. Il Palazzo ne approfitta per riproporre, in semplice chiave nazionale, il duplice spettacolo hockey-pattinaggio con gli atleti dell&#8217;artistico che si sfidano nella coppa AC, competizione aperta a tesserati di qualsiasi et\u00e0, sesso e categoria e basata sulle prove dell&#8217;otto, del cambio filo e di tre minuti di libero. Prevarr\u00e0 Carlo Fassi precedendo in classifica per un solo centesimo di punto Carla &#8220;Toti&#8221; Bellinzona. Fassi che per tutti \u00e8 &#8220;Carlino&#8221; ha un gran talento, ma sulle pagine de &#8220;La Gazzetta dello Sport&#8221; viene rimproverato da Lina Castelli, perch\u00e9 nel libero ha voluto strafare rischiando di rovinare tutto!<\/p>\n\n\n\n<figure class=\"wp-block-table aligncenter\"><table><tbody><tr><td class=\"has-text-align-center\" data-align=\"center\"><strong>Milano, 13 e 14 febbraio 1943 &#8211; Torneo di hockey<\/strong><\/td><\/tr><tr><td class=\"has-text-align-center\" data-align=\"center\"><strong>Semifinali<\/strong><\/td><\/tr><tr><td class=\"has-text-align-center\" data-align=\"center\">AMDG squadra B-Asiago 5-2<\/td><\/tr><tr><td class=\"has-text-align-center\" data-align=\"center\">AMDG squadra A-Sel. Prov. Bolzano 11-3<\/td><\/tr><tr><td class=\"has-text-align-center\" data-align=\"center\"><strong>Finale<\/strong><\/td><\/tr><tr><td class=\"has-text-align-center\" data-align=\"center\">AMDG-Sel. Asiago e Prov. Bolzano 12-1<\/td><\/tr><\/tbody><\/table><\/figure>\n\n\n\n<p class=\"has-text-align-center\">La giornata sportiva si chiude con le prime ombre della sera, alle 21,30 il preallarme ricorda alla citt\u00e0 che i giorni dell&#8217;angoscia sono lungi dal volgere al termine. Milano subisce un altro devastante bombardamento, rovine e macerie ovunque, quasi 150 morti, cinquecento feriti, migliaia i senza tetto, le scuole chiuse a tempo indeterminato. Questa \u00e8 la domenica che mette fine alla prima parte di storia dell&#8217;hockey su ghiaccio in via Piranesi. Nessun quotidiano pubblica notizie sullo stato del Palazzo, ma \u00e8 palese che gli attacchi aerei degli alleati hanno messo &#8220;fuori uso&#8221; l&#8217;impianto di Porta Vittoria. Dal primo marzo vengono sospese tutte le attivit\u00e0 internazionali dello sport italiano. La resa italo-tedesca nel mese di maggio in Nordafrica e la conquista della Sicilia in estate da parte degli alleati, oltre a dar da intendere che le sorti del conflitto sono segnate, interpongono ostacoli insormontabili alla normale prosecuzione di ogni attivit\u00e0 sportiva, senza dimenticare i continui bombardamenti che sconvolgono le nostre citt\u00e0. Terribile quello su Milano a met\u00e0 agosto del 1943. <\/p>\n\n\n\n<div class=\"wp-block-image\"><figure class=\"aligncenter size-large is-resized\"><img loading=\"lazy\" decoding=\"async\" src=\"https:\/\/www.milanosiamonoi.com\/wp-content\/uploads\/2021\/02\/43.08.17-Bombe-Duomo-Corsera-Copia-1024x326.jpg\" alt=\"\" class=\"wp-image-5272\" width=\"580\" height=\"184\" srcset=\"https:\/\/www.milanosiamonoi.com\/wp-content\/uploads\/2021\/02\/43.08.17-Bombe-Duomo-Corsera-Copia-1024x326.jpg 1024w, https:\/\/www.milanosiamonoi.com\/wp-content\/uploads\/2021\/02\/43.08.17-Bombe-Duomo-Corsera-Copia-300x96.jpg 300w, https:\/\/www.milanosiamonoi.com\/wp-content\/uploads\/2021\/02\/43.08.17-Bombe-Duomo-Corsera-Copia-768x245.jpg 768w, https:\/\/www.milanosiamonoi.com\/wp-content\/uploads\/2021\/02\/43.08.17-Bombe-Duomo-Corsera-Copia-1536x489.jpg 1536w, https:\/\/www.milanosiamonoi.com\/wp-content\/uploads\/2021\/02\/43.08.17-Bombe-Duomo-Corsera-Copia-100x32.jpg 100w, https:\/\/www.milanosiamonoi.com\/wp-content\/uploads\/2021\/02\/43.08.17-Bombe-Duomo-Corsera-Copia-50x16.jpg 50w, https:\/\/www.milanosiamonoi.com\/wp-content\/uploads\/2021\/02\/43.08.17-Bombe-Duomo-Corsera-Copia-25x8.jpg 25w, https:\/\/www.milanosiamonoi.com\/wp-content\/uploads\/2021\/02\/43.08.17-Bombe-Duomo-Corsera-Copia-1126x359.jpg 1126w, https:\/\/www.milanosiamonoi.com\/wp-content\/uploads\/2021\/02\/43.08.17-Bombe-Duomo-Corsera-Copia-740x236.jpg 740w, https:\/\/www.milanosiamonoi.com\/wp-content\/uploads\/2021\/02\/43.08.17-Bombe-Duomo-Corsera-Copia.jpg 1890w\" sizes=\"(max-width: 580px) 100vw, 580px\" \/><figcaption>Ritaglio d<em>a &#8220;Il Corriere della Sera&#8221;.<\/em><\/figcaption><\/figure><\/div>\n\n\n\n<div class=\"wp-block-image\"><figure class=\"aligncenter size-large\"><img loading=\"lazy\" decoding=\"async\" width=\"403\" height=\"536\" src=\"https:\/\/www.milanosiamonoi.com\/wp-content\/uploads\/2021\/02\/43.08.17-La-Scala-bombe-wikipedia-1.jpg\" alt=\"\" class=\"wp-image-5277\" srcset=\"https:\/\/www.milanosiamonoi.com\/wp-content\/uploads\/2021\/02\/43.08.17-La-Scala-bombe-wikipedia-1.jpg 403w, https:\/\/www.milanosiamonoi.com\/wp-content\/uploads\/2021\/02\/43.08.17-La-Scala-bombe-wikipedia-1-226x300.jpg 226w, https:\/\/www.milanosiamonoi.com\/wp-content\/uploads\/2021\/02\/43.08.17-La-Scala-bombe-wikipedia-1-75x100.jpg 75w, https:\/\/www.milanosiamonoi.com\/wp-content\/uploads\/2021\/02\/43.08.17-La-Scala-bombe-wikipedia-1-38x50.jpg 38w, https:\/\/www.milanosiamonoi.com\/wp-content\/uploads\/2021\/02\/43.08.17-La-Scala-bombe-wikipedia-1-19x25.jpg 19w\" sizes=\"(max-width: 403px) 100vw, 403px\" \/><figcaption><em>&#8220;La Scala&#8221; colpita in pieno dalle bombe.<\/em><\/figcaption><\/figure><\/div>\n\n\n\n<p class=\"has-text-align-center\">Con l&#8217;armistizio dell&#8217;8 settembre l&#8217;Italia si spacca in due. Nel settentrione la Repubblica Sociale di Sal\u00f2 affianca l&#8217;esercito tedesco e continua la guerra contro alleati e truppe partigiane. I quotidiani danno spazio al campionato di calcio che si svolge con una formula a gironi e ad altre sporadiche manifestazioni sportive, quando si riesce a organizzarle. Una di queste vede protagonista un giovane che nel dopo guerra diventer\u00e0 un gran giocatore di hockey su ghiaccio: Mario Bedogni. Nato rotellista, velocit\u00e0 e hockey, aveva calzato i pattini con le lame nel gennaio del 1942 partecipando ai campionati italiani di velocit\u00e0 a Bardonecchia, specialit\u00e0 dei 500 metri. Nell&#8217;ottobre del 1943 a Trieste Bedogni si aggiudica il titolo italiano di pattinaggio a rotelle sulla distanza dei 50 km.<\/p>\n\n\n\n<p class=\"has-text-align-center\">Malgrado la limitata preparazione, per praticare lo sport che pi\u00f9 amano, i pattinatori del Circolo Pattinaggio Artistico di Milano non demordono e nel febbraio del 1944 &#8220;emigrano&#8221; a Gravellona Toce dove un folto pubblico assiste alla loro esibizione. Lo spettacolo &#8220;de qu\u00e8i del palagiazz de Milan&#8221; \u00e8 di una semplicit\u00e0 essenziale, quanto basta per allietare il fine settimana di gente che ogni giorno deve fare i conti con una paura e un&#8217;angoscia figlie di una guerra che continua ancora pi\u00f9 feroce e senza esclusione di colpi.<\/p>\n\n\n\n<div class=\"wp-block-image\"><figure class=\"aligncenter size-large\"><img loading=\"lazy\" decoding=\"async\" width=\"1024\" height=\"590\" src=\"https:\/\/www.milanosiamonoi.com\/wp-content\/uploads\/2021\/01\/44.02.44-CPAM-Gravellona-Toce-Ferrari-1024x590.jpg\" alt=\"\" class=\"wp-image-4750\" srcset=\"https:\/\/www.milanosiamonoi.com\/wp-content\/uploads\/2021\/01\/44.02.44-CPAM-Gravellona-Toce-Ferrari-1024x590.jpg 1024w, https:\/\/www.milanosiamonoi.com\/wp-content\/uploads\/2021\/01\/44.02.44-CPAM-Gravellona-Toce-Ferrari-300x173.jpg 300w, https:\/\/www.milanosiamonoi.com\/wp-content\/uploads\/2021\/01\/44.02.44-CPAM-Gravellona-Toce-Ferrari-768x442.jpg 768w, https:\/\/www.milanosiamonoi.com\/wp-content\/uploads\/2021\/01\/44.02.44-CPAM-Gravellona-Toce-Ferrari-1536x885.jpg 1536w, https:\/\/www.milanosiamonoi.com\/wp-content\/uploads\/2021\/01\/44.02.44-CPAM-Gravellona-Toce-Ferrari-100x58.jpg 100w, https:\/\/www.milanosiamonoi.com\/wp-content\/uploads\/2021\/01\/44.02.44-CPAM-Gravellona-Toce-Ferrari-50x29.jpg 50w, https:\/\/www.milanosiamonoi.com\/wp-content\/uploads\/2021\/01\/44.02.44-CPAM-Gravellona-Toce-Ferrari-25x14.jpg 25w, https:\/\/www.milanosiamonoi.com\/wp-content\/uploads\/2021\/01\/44.02.44-CPAM-Gravellona-Toce-Ferrari-1126x649.jpg 1126w, https:\/\/www.milanosiamonoi.com\/wp-content\/uploads\/2021\/01\/44.02.44-CPAM-Gravellona-Toce-Ferrari-740x426.jpg 740w, https:\/\/www.milanosiamonoi.com\/wp-content\/uploads\/2021\/01\/44.02.44-CPAM-Gravellona-Toce-Ferrari.jpg 1554w\" sizes=\"(max-width: 1024px) 100vw, 1024px\" \/><figcaption><em>Da sinistra: Vittorio Maggi, Grazia Barcellona, Carlino Fassi, Anna Cattaneo Dubini, Carla Bellinzona, Costanza Vigorelli, Mirra e Liliana Aquilano a Gravellona Toce il 4 febbraio 1944.<\/em><\/figcaption><\/figure><\/div>\n\n\n\n<p class=\"has-text-align-center\">Sono passati venti anni e mezzo da quel 3 febbraio del 1924, quando per la prima volta si gioc\u00f2 a Milano una partita di hockey, tra quei ragazzi c&#8217;era anche Guglielmo Jervis, uno di quelli che giocarono la prima Spengler del Milano. L&#8217;anno seguente si laurea in ingegneria, fa la sua ultima apparizione nel dicembre del 1928 nella partita con lo Chamonix. Una bella famiglia, una brillante carriera all&#8217;Olivetti e poi dopo l&#8217;8 settembre sui monti, nei reparti di Giustizia e Libert\u00e0, diventa il partigiano Willy. Fermato l&#8217;11 marzo per un controllo a Bibiana (TO), gli trovano dei documenti &#8220;compromettenti&#8221;: \u00e8 la sua fine. Il 5 agosto viene fucilato con altri quattro partigiani a Villar Pellice, dopo lo impiccano. In una tasca ha una piccola Bibbia e una pagina riporta: &#8211; Non piangetemi, non chiamatemi povero, muoio per aver servito un&#8217;idea-.<\/p>\n\n\n\n<div class=\"wp-block-image\"><figure class=\"aligncenter size-large\"><img loading=\"lazy\" decoding=\"async\" width=\"230\" height=\"574\" src=\"https:\/\/www.milanosiamonoi.com\/wp-content\/uploads\/2021\/02\/25.03.29-Jervis-piccola.jpg\" alt=\"\" class=\"wp-image-5311\" srcset=\"https:\/\/www.milanosiamonoi.com\/wp-content\/uploads\/2021\/02\/25.03.29-Jervis-piccola.jpg 230w, https:\/\/www.milanosiamonoi.com\/wp-content\/uploads\/2021\/02\/25.03.29-Jervis-piccola-120x300.jpg 120w, https:\/\/www.milanosiamonoi.com\/wp-content\/uploads\/2021\/02\/25.03.29-Jervis-piccola-40x100.jpg 40w, https:\/\/www.milanosiamonoi.com\/wp-content\/uploads\/2021\/02\/25.03.29-Jervis-piccola-20x50.jpg 20w, https:\/\/www.milanosiamonoi.com\/wp-content\/uploads\/2021\/02\/25.03.29-Jervis-piccola-10x25.jpg 10w\" sizes=\"(max-width: 230px) 100vw, 230px\" \/><figcaption><em>Willy Jervis al Palazzo nel 1925.<\/em><\/figcaption><\/figure><\/div>\n\n\n\n<p class=\"has-text-align-center\">Nel novembre del 1944, in un clima da resa dei conti, toccher\u00e0 all&#8217;ex presidente del CONI Manganiello cadere sotto i colpi degli antifascisti. L&#8217;anno che segue per pattinare bisogna attendere che gelino la patinoire di Masnago e le piccole insenature dei laghetti del varesotto. Il 14 gennaio del 1945 il Raduno Pattinatori Varesini organizza in citt\u00e0 un&#8217;esibizione del CPAM.<\/p>\n\n\n\n<div class=\"wp-block-image\"><figure class=\"aligncenter size-large\"><img loading=\"lazy\" decoding=\"async\" width=\"583\" height=\"466\" src=\"https:\/\/www.milanosiamonoi.com\/wp-content\/uploads\/2021\/02\/45.01.14-CPAM-a-Masnago-GdS-2.jpg\" alt=\"\" class=\"wp-image-5349\" srcset=\"https:\/\/www.milanosiamonoi.com\/wp-content\/uploads\/2021\/02\/45.01.14-CPAM-a-Masnago-GdS-2.jpg 583w, https:\/\/www.milanosiamonoi.com\/wp-content\/uploads\/2021\/02\/45.01.14-CPAM-a-Masnago-GdS-2-300x240.jpg 300w, https:\/\/www.milanosiamonoi.com\/wp-content\/uploads\/2021\/02\/45.01.14-CPAM-a-Masnago-GdS-2-100x80.jpg 100w, https:\/\/www.milanosiamonoi.com\/wp-content\/uploads\/2021\/02\/45.01.14-CPAM-a-Masnago-GdS-2-50x40.jpg 50w, https:\/\/www.milanosiamonoi.com\/wp-content\/uploads\/2021\/02\/45.01.14-CPAM-a-Masnago-GdS-2-25x20.jpg 25w\" sizes=\"(max-width: 583px) 100vw, 583px\" \/><\/figure><\/div>\n\n\n\n<p class=\"has-text-align-center\">La domenica successiva il piccolo mondo sportivo che per cause di forza maggiore non pu\u00f2 frequentare il Palazzo del ghiaccio si trasferisce a Ghirla. Questa volta con i pattinatori c&#8217;\u00e8 anche l&#8217;AMDG, avversario il CP Varese. Hanno la meglio i milanesi per 4-2 (&#8220;La Gazzetta dello Sport&#8221; fa confusione con i parziali&#8221;), gran tifo ai bordi del laghetto, a grande richiesta si chiede la rivincita.<\/p>\n\n\n\n<div class=\"wp-block-image\"><figure class=\"aligncenter size-large\"><img loading=\"lazy\" decoding=\"async\" width=\"830\" height=\"486\" src=\"https:\/\/www.milanosiamonoi.com\/wp-content\/uploads\/2021\/02\/45.01.21-Va-AMDG-3-4-GdS-1024x599-1.jpg\" alt=\"\" class=\"wp-image-5342\" srcset=\"https:\/\/www.milanosiamonoi.com\/wp-content\/uploads\/2021\/02\/45.01.21-Va-AMDG-3-4-GdS-1024x599-1.jpg 830w, https:\/\/www.milanosiamonoi.com\/wp-content\/uploads\/2021\/02\/45.01.21-Va-AMDG-3-4-GdS-1024x599-1-300x176.jpg 300w, https:\/\/www.milanosiamonoi.com\/wp-content\/uploads\/2021\/02\/45.01.21-Va-AMDG-3-4-GdS-1024x599-1-768x450.jpg 768w, https:\/\/www.milanosiamonoi.com\/wp-content\/uploads\/2021\/02\/45.01.21-Va-AMDG-3-4-GdS-1024x599-1-100x59.jpg 100w, https:\/\/www.milanosiamonoi.com\/wp-content\/uploads\/2021\/02\/45.01.21-Va-AMDG-3-4-GdS-1024x599-1-50x29.jpg 50w, https:\/\/www.milanosiamonoi.com\/wp-content\/uploads\/2021\/02\/45.01.21-Va-AMDG-3-4-GdS-1024x599-1-25x15.jpg 25w, https:\/\/www.milanosiamonoi.com\/wp-content\/uploads\/2021\/02\/45.01.21-Va-AMDG-3-4-GdS-1024x599-1-740x433.jpg 740w\" sizes=\"(max-width: 830px) 100vw, 830px\" \/><\/figure><\/div>\n\n\n\n<p class=\"has-text-align-center\">Nonostante le condizioni poco buone del ghiaccio, le due compagini si riaffrontano l&#8217;11 febbraio a Masnago e questa volta la partita \u00e8 vera, i tempi sono tre. Partita vivace ben diretta da Imboldi, pubblico soddisfatto: peccato che l&#8217;inverno volga al termine.<\/p>\n\n\n\n<figure class=\"wp-block-table\"><table><tbody><tr><td><strong>Masnago, 11 febbraio 1945 &#8211; Partita amichevole.<\/strong><\/td><\/tr><tr><td>CP Varese-AMDG 4-7 (0-2; 2-3; 2-2)<\/td><\/tr><tr><td>CP Varese: Mazzuchelli; Fasoli, Bianchi; Riboldi, Metelerkamp, Castelbarco; Furigo, Cassani.<\/td><\/tr><tr><td>AMDG: Guarnerio; Busser, Callegari; Martinengo, Gerli, Bulgheroni.<\/td><\/tr><tr><td>Reti: 1\u00b0t. Gerli e Bulgheroni. 2\u00b0t. <em>Metelerkamp,<\/em> Gerli, Bulgheroni, Martinengo, <em>Metelerkamp.<\/em> 3\u00b0t.<em> Castelbarco, Riboldi, <\/em>Gerli, Gerli.<\/td><\/tr><tr><td>Arbitro: Imboldi.<\/td><\/tr><\/tbody><\/table><\/figure>\n\n\n\n<p class=\"has-text-align-center\">L&#8217;ultimo atto dell&#8217;epopea dell&#8217;hockey milanese prima della fine della guerra va in scena sul raffazzonato ghiaccio della periferia varesina. L&#8217;ouverture in pompa magna del lontano 1923, ridondante di ottimismo e spensieratezza, lascia il posto al semplice panorama domenicale offerto dalla pista di Masnago. Quasi un ritorno alle origini, ai tempi in cui per i milanesi la sola possibilit\u00e0 di divertirsi sul ghiaccio era usufruire delle patinoire naturali dei laghetti del varesotto. La genuina passione degli sportivi del febbraio del 1945 \u00e8 pari a quella dei loro antenati, ma con la guerra sull&#8217;uscio di casa il loro stato d&#8217;animo \u00e8 lontano anni luce da quello di chi li ha preceduti. Milano ha goduto dell&#8217;enorme vantaggio di essere l&#8217;unica citt\u00e0 dotata di una pista artificiale, ma a riguardo del mancato sviluppo impiantistico va evidenziato il negativo comportamento di una Federazione troppo lontana dagli sport del ghiaccio, incapace di realizzare una pista artificiale che fosse una. Le specialit\u00e0 del ghiaccio, conglobate nella FISI, non hanno mai goduto di seria considerazione, per palazzi e piste tante parole e nessun fatto, assolutamente tardivo l&#8217;interesse della classe imprenditoriale di quella citt\u00e0, Torino, che per prima aveva introdotto l&#8217;hockey su ghiaccio in Italia. Caduti nel vuoto gli appelli dei giornalisti de &#8220;La Gazzetta dello Sport&#8221; Gaetano De Luca, Erberto Levi e Luigi Grassi che nel corso del ventennio con i loro articoli avevano pi\u00f9 volte indicato la vera questione del problema. Un grosso peccato. Negli anni che precedono la seconda guerra mondiale l&#8217;hockey su ghiaccio \u00e8 tra gli sport di squadra, dati di affluenza sugli spalti alla mano, secondo solo al calcio e non a caso nella stagione 1934\/35 si gioca una vera e propria Coppa Europa per club. Solo le difficolt\u00e0 economiche che colpirono il Vecchio Continente non ne consentirono lo svolgimento di nuove edizioni.<\/p>\n\n\n\n<figure class=\"wp-block-table\"><table><tbody><tr><td><strong><a href=\"https:\/\/www.milanosiamonoi.com\/index.php\/campionati\/dal-1940-al-1945-la-guerra\/1941-1942-amdg\/\" data-type=\"URL\" data-id=\"https:\/\/www.milanosiamonoi.com\/index.php\/campionati\/dal-1940-al-1945-la-guerra\/1941-1942-amdg\/\">stagione precedente<\/a><\/strong><\/td><td class=\"has-text-align-right\" data-align=\"right\"><strong><a href=\"https:\/\/www.milanosiamonoi.com\/index.php\/dal-1946-al-1949-la-ripartenza\/1945-1946\/\" data-type=\"URL\" data-id=\"https:\/\/www.milanosiamonoi.com\/index.php\/dal-1946-al-1949-la-ripartenza\/1945-1946\/\">stagione successiva<\/a><\/strong><\/td><\/tr><\/tbody><\/table><\/figure>\n","protected":false},"excerpt":{"rendered":"<p>Presidente Mario Mauprivez Allenatori Egidio Bruciamonti ed Enrico Calcaterra Malgrado la guerra sia sempre pi\u00f9 &#8220;padrona&#8221; del mondo, nell&#8217;autunno del 1942 riprendono regolarmente tutte le&#8230;<\/p>\n","protected":false},"author":2,"featured_media":0,"parent":1467,"menu_order":3,"comment_status":"closed","ping_status":"closed","template":"","meta":{"spay_email":"","footnotes":""},"_links":{"self":[{"href":"https:\/\/www.milanosiamonoi.com\/index.php\/wp-json\/wp\/v2\/pages\/5254"}],"collection":[{"href":"https:\/\/www.milanosiamonoi.com\/index.php\/wp-json\/wp\/v2\/pages"}],"about":[{"href":"https:\/\/www.milanosiamonoi.com\/index.php\/wp-json\/wp\/v2\/types\/page"}],"author":[{"embeddable":true,"href":"https:\/\/www.milanosiamonoi.com\/index.php\/wp-json\/wp\/v2\/users\/2"}],"replies":[{"embeddable":true,"href":"https:\/\/www.milanosiamonoi.com\/index.php\/wp-json\/wp\/v2\/comments?post=5254"}],"version-history":[{"count":85,"href":"https:\/\/www.milanosiamonoi.com\/index.php\/wp-json\/wp\/v2\/pages\/5254\/revisions"}],"predecessor-version":[{"id":12892,"href":"https:\/\/www.milanosiamonoi.com\/index.php\/wp-json\/wp\/v2\/pages\/5254\/revisions\/12892"}],"up":[{"embeddable":true,"href":"https:\/\/www.milanosiamonoi.com\/index.php\/wp-json\/wp\/v2\/pages\/1467"}],"wp:attachment":[{"href":"https:\/\/www.milanosiamonoi.com\/index.php\/wp-json\/wp\/v2\/media?parent=5254"}],"curies":[{"name":"wp","href":"https:\/\/api.w.org\/{rel}","templated":true}]}}