{"id":5063,"date":"2021-03-01T10:26:00","date_gmt":"2021-03-01T10:26:00","guid":{"rendered":"http:\/\/milanosiamonoi.com\/?page_id=5063"},"modified":"2022-04-14T22:00:30","modified_gmt":"2022-04-14T22:00:30","slug":"1941-1942-amdg","status":"publish","type":"page","link":"https:\/\/www.milanosiamonoi.com\/index.php\/campionati\/dal-1940-al-1945-la-guerra\/1941-1942-amdg\/","title":{"rendered":"1941\/1942 AMDG"},"content":{"rendered":"\n<div class=\"wp-block-image\"><figure class=\"aligncenter size-large\"><img loading=\"lazy\" decoding=\"async\" width=\"300\" height=\"300\" src=\"https:\/\/www.milanosiamonoi.com\/wp-content\/uploads\/2021\/01\/logo-amdg-300x300-1.jpg\" alt=\"\" class=\"wp-image-3816\" srcset=\"https:\/\/www.milanosiamonoi.com\/wp-content\/uploads\/2021\/01\/logo-amdg-300x300-1.jpg 300w, https:\/\/www.milanosiamonoi.com\/wp-content\/uploads\/2021\/01\/logo-amdg-300x300-1-150x150.jpg 150w, https:\/\/www.milanosiamonoi.com\/wp-content\/uploads\/2021\/01\/logo-amdg-300x300-1-100x100.jpg 100w, https:\/\/www.milanosiamonoi.com\/wp-content\/uploads\/2021\/01\/logo-amdg-300x300-1-50x50.jpg 50w, https:\/\/www.milanosiamonoi.com\/wp-content\/uploads\/2021\/01\/logo-amdg-300x300-1-25x25.jpg 25w, https:\/\/www.milanosiamonoi.com\/wp-content\/uploads\/2021\/01\/logo-amdg-300x300-1-90x90.jpg 90w\" sizes=\"(max-width: 300px) 100vw, 300px\" \/><\/figure><\/div>\n\n\n\n<figure class=\"wp-block-table aligncenter\"><table><tbody><tr><td>Presidente<\/td><td>Mario Mauprivez<\/td><\/tr><tr><td>Allenatore<\/td><td>Giampiero Medri<\/td><\/tr><\/tbody><\/table><\/figure>\n\n\n\n<figure class=\"wp-block-table\"><table><tbody><tr><td class=\"has-text-align-center\" data-align=\"center\">Ruolo<\/td><td><strong>Giocatori con almeno una presenza in prima squadra.<\/strong><\/td><\/tr><tr><td class=\"has-text-align-center\" data-align=\"center\">P<\/td><td>Giuseppe Brenna, Augusto Gerosa, Giannantonio Zopegni.<\/td><\/tr><tr><td class=\"has-text-align-center\" data-align=\"center\">D<\/td><td>Giancarlo Bucchetti, Tino De Mazzeri (C), Franco Rossi, Decio Trovati.<\/td><\/tr><tr><td class=\"has-text-align-center\" data-align=\"center\">A<\/td><td>Egidio Bruciamonti, Ignazio Dionisi, Arnaldo e Piero Fabris, Aldo Federici, Umberto Gerli, Ferdinando Giordani, Dino Innocenti, Luigi Venosta.<\/td><\/tr><\/tbody><\/table><\/figure>\n\n\n\n<div class=\"wp-block-image\"><figure class=\"aligncenter size-large\"><img loading=\"lazy\" decoding=\"async\" width=\"389\" height=\"450\" src=\"https:\/\/www.milanosiamonoi.com\/wp-content\/uploads\/2021\/02\/41.11.-Mario-Mauprivez-caricatura-TeSInv.-e1612541425505.jpg\" alt=\"\" class=\"wp-image-5061\"\/><figcaption><em>Da &#8220;Tennis e Sport invernali&#8221;.<\/em><\/figcaption><\/figure><\/div>\n\n\n\n<p class=\"has-text-align-center\">In settembre viene ricostituita l&#8217;AMDG, il presidente \u00e8 Mario Mauprivez, imprenditore e membro del consiglio direttivo del Milan. E&#8217; da sottolineare come i dirigenti della squadra di calcio rossonera si tramandino la passione per l&#8217;hockey su ghiaccio. Dall&#8217;altra sponda del naviglio ci aveva provato solo Fernando Pozzani, ma con l&#8217;idea di creare una polisportiva nerazzurra. Allo scoppio della guerra l&#8217;Ambrosiana-Inter, oltre al calcio e ai Diavoli Nerazzurri del disco su ghiaccio, contava sezioni sportive nella pallacanestro femminile, nello sci, nell&#8217;atletica leggera e nel canottaggio. Sfumato il tentativo di ingaggiare come allenatore Richard &#8220;Bibi&#8221; Torriani, preparazione e guida tecnica vengono affidate a Giampiero Medri e Gianmario Baroni, dei pi\u00f9 giovani continuer\u00e0 a occuparsi Bruciamonti. Il Palazzo apre a met\u00e0 ottobre, bisogna darci dentro perch\u00e9 in novembre si deve andare a Berlino e Vienna.<\/p>\n\n\n\n<div class=\"wp-block-image\"><figure class=\"aligncenter size-large\"><img loading=\"lazy\" decoding=\"async\" width=\"600\" height=\"385\" src=\"https:\/\/www.milanosiamonoi.com\/wp-content\/uploads\/2021\/03\/41.11.14.mil_.rott_-1.jpg\" alt=\"\" class=\"wp-image-5497\" srcset=\"https:\/\/www.milanosiamonoi.com\/wp-content\/uploads\/2021\/03\/41.11.14.mil_.rott_-1.jpg 600w, https:\/\/www.milanosiamonoi.com\/wp-content\/uploads\/2021\/03\/41.11.14.mil_.rott_-1-300x193.jpg 300w, https:\/\/www.milanosiamonoi.com\/wp-content\/uploads\/2021\/03\/41.11.14.mil_.rott_-1-100x64.jpg 100w, https:\/\/www.milanosiamonoi.com\/wp-content\/uploads\/2021\/03\/41.11.14.mil_.rott_-1-50x32.jpg 50w, https:\/\/www.milanosiamonoi.com\/wp-content\/uploads\/2021\/03\/41.11.14.mil_.rott_-1-25x16.jpg 25w\" sizes=\"(max-width: 600px) 100vw, 600px\" \/><figcaption><em>Berlino, 14 novembre 1941: Rotweiss e AMDG al Sportpalast.<\/em><\/figcaption><\/figure><\/div>\n\n\n\n<p> <\/p>\n\n\n\n<figure class=\"wp-block-table aligncenter\"><table><tbody><tr><td><strong>1941<\/strong><\/td><td><strong>Berlino &#8211; Partite amichevoli.<\/strong><\/td><td>Risultato<\/td><\/tr><tr><td>14 novembre<\/td><td>Rotweiss Berlino-AMDG<\/td><td>4-1 (0-0; 1-1; 3-0)<\/td><\/tr><tr><td>15 novembre<\/td><td>Berlino SC-AMDG<\/td><td>11-1 (3-0; 5-0; 3-1)<\/td><\/tr><\/tbody><\/table><\/figure>\n\n\n\n<div class=\"wp-block-image\"><figure class=\"aligncenter size-large\"><img loading=\"lazy\" decoding=\"async\" width=\"600\" height=\"385\" src=\"https:\/\/www.milanosiamonoi.com\/wp-content\/uploads\/2021\/03\/41.11.14.mil_.rott_.azi_-1.jpg\" alt=\"\" class=\"wp-image-5496\" srcset=\"https:\/\/www.milanosiamonoi.com\/wp-content\/uploads\/2021\/03\/41.11.14.mil_.rott_.azi_-1.jpg 600w, https:\/\/www.milanosiamonoi.com\/wp-content\/uploads\/2021\/03\/41.11.14.mil_.rott_.azi_-1-300x193.jpg 300w, https:\/\/www.milanosiamonoi.com\/wp-content\/uploads\/2021\/03\/41.11.14.mil_.rott_.azi_-1-100x64.jpg 100w, https:\/\/www.milanosiamonoi.com\/wp-content\/uploads\/2021\/03\/41.11.14.mil_.rott_.azi_-1-50x32.jpg 50w, https:\/\/www.milanosiamonoi.com\/wp-content\/uploads\/2021\/03\/41.11.14.mil_.rott_.azi_-1-25x16.jpg 25w\" sizes=\"(max-width: 600px) 100vw, 600px\" \/><figcaption><em>Berlino, 14 novembre 1941: difesa AMDG in affanno.<\/em><\/figcaption><\/figure><\/div>\n\n\n\n<p class=\"has-text-align-center\">A giugno la Germania ha attaccato a sorpresa l&#8217;URSS, la trasferta \u00e8 stata affrontata con comprensibile apprensione per il timore di incursioni aeree. Il nuovo fronte vede impegnato anche un corpo di spedizione italiano e la rosa biancorossa perde Franco Rossi chiamato a farne parte. Esito negativo in entrambe le partite. Nel primo confronto Gerosa evita un passivo maggiore, mentre il giorno dopo la sconfitta \u00e8 durissima e il goleador della serata e l&#8217;ex rossonero Rudi Ball autore di quattro reti. In difesa hanno giocato De Mazzeri e Decio Trovati. Che la giornata non fosse nata sotto buoni auspici, lo si era intuito in mattinata quando Zopegni, con Giordani ed Enzo Cesana inserito in una mista italo-tedesca impegnata contro il Brandenburg, restava vittima di un brutto incidente di gioco e veniva urgentemente ricoverato in ospedale.<\/p>\n\n\n\n<figure class=\"wp-block-table aligncenter\"><table><tbody><tr><td><strong>1941<\/strong><\/td><td><strong>Vienna &#8211; Partite amichevoli.<\/strong><\/td><td>Risultato<\/td><\/tr><tr><td>18 novembre<\/td><td>Wiener EG-AMDG<\/td><td>1-2 (1-1; 0-0; 0-1<\/td><\/tr><tr><td>19 novembre<\/td><td>Wiener EG-AMDG<\/td><td>2-2 (1-1; 1-0; 0-1)<\/td><\/tr><\/tbody><\/table><\/figure>\n\n\n\n<div class=\"wp-block-image\"><figure class=\"aligncenter size-large is-resized\"><img loading=\"lazy\" decoding=\"async\" src=\"https:\/\/www.milanosiamonoi.com\/wp-content\/uploads\/2021\/02\/41.11.19-AMDG-a-Vienna-Corsera-1024x663.jpg\" alt=\"\" class=\"wp-image-5062\" width=\"571\" height=\"369\" srcset=\"https:\/\/www.milanosiamonoi.com\/wp-content\/uploads\/2021\/02\/41.11.19-AMDG-a-Vienna-Corsera-1024x663.jpg 1024w, https:\/\/www.milanosiamonoi.com\/wp-content\/uploads\/2021\/02\/41.11.19-AMDG-a-Vienna-Corsera-300x194.jpg 300w, https:\/\/www.milanosiamonoi.com\/wp-content\/uploads\/2021\/02\/41.11.19-AMDG-a-Vienna-Corsera-768x497.jpg 768w, https:\/\/www.milanosiamonoi.com\/wp-content\/uploads\/2021\/02\/41.11.19-AMDG-a-Vienna-Corsera-100x65.jpg 100w, https:\/\/www.milanosiamonoi.com\/wp-content\/uploads\/2021\/02\/41.11.19-AMDG-a-Vienna-Corsera-50x32.jpg 50w, https:\/\/www.milanosiamonoi.com\/wp-content\/uploads\/2021\/02\/41.11.19-AMDG-a-Vienna-Corsera-25x16.jpg 25w, https:\/\/www.milanosiamonoi.com\/wp-content\/uploads\/2021\/02\/41.11.19-AMDG-a-Vienna-Corsera-740x479.jpg 740w, https:\/\/www.milanosiamonoi.com\/wp-content\/uploads\/2021\/02\/41.11.19-AMDG-a-Vienna-Corsera.jpg 1026w\" sizes=\"(max-width: 571px) 100vw, 571px\" \/><figcaption><em>Articoli da &#8220;Il Corriere della Sera&#8221;.<\/em><\/figcaption><\/figure><\/div>\n\n\n\n<p class=\"has-text-align-center\">I match novembrini aprono e chiudono la prima parte della stagione. L&#8217;inasprirsi del conflitto non invoglia i lunghi spostamenti ferroviari e in tempi in cui la parola d&#8217;ordine \u00e8 risparmiare, i costi di tali trasferte sono legati al numero di partite da disputare. Klagenfurt AC, Riessersee SC e Rotweiss Berlino restano in Germania, si tenta di convincere l&#8217;Hammarby che \u00e8 in tourn\u00e9e in Svizzera a scendere fino a Milano, ma il permesso di soggiorno scade e gli svedesi tornano in patria.<\/p>\n\n\n\n<div class=\"wp-block-image\"><figure class=\"aligncenter size-large is-resized\"><img loading=\"lazy\" decoding=\"async\" src=\"https:\/\/www.milanosiamonoi.com\/wp-content\/uploads\/2021\/02\/41.12.04-no-Hammarby-corsera-e1612719484965.jpg\" alt=\"\" class=\"wp-image-5096\" width=\"369\" height=\"294\"\/><figcaption><em>Da &#8220;Il Corriere della Sera&#8221;.<\/em><\/figcaption><\/figure><\/div>\n\n\n\n<p class=\"has-text-align-center\">Il 3 dicembre rientra a Milano dalla Germania Giannantonio Zopegni completamente ristabilito dall&#8217;incidente di gioco subito in novembre a Berlino. Quattro giorni dopo i giapponesi attaccano Pearl Harbour e il conflitto si allarga. La FISI chiude il 1941 con il provvedimento di squalifica a tempo indeterminato inflitta ad Augusto Gerosa. Comunicato FISI: -Per il suo continuo atteggiamento indisciplinato e antisportivo che non s&#8217;addice al contegno di un atleta fascista-. Il portierone aveva gi\u00e0 criticato in passato la scelta di affrontare impegni importanti senza il necessario numero di giocatori e allenamenti alle spalle, ma a fare scattare la squalifica ha soprattutto pesato il fatto che Gerosa non sia mai stato in possesso della tessera del PNF. Gli svizzeri di questi problemi non ne hanno, studiano come aumentare il numero di fans dell&#8217;hockey e riprendono con la Coppa Spengler.<\/p>\n\n\n\n<div class=\"wp-block-image\"><figure class=\"aligncenter size-large is-resized\"><img loading=\"lazy\" decoding=\"async\" src=\"https:\/\/www.milanosiamonoi.com\/wp-content\/uploads\/2021\/02\/41.12.12.Hop-Schwyz-Corsera-e1612720868511.jpg\" alt=\"\" class=\"wp-image-5097\" width=\"428\" height=\"383\"\/><figcaption><em>Articolo da &#8220;Il Corriere della Sera&#8221;.<\/em><\/figcaption><\/figure><\/div>\n\n\n\n<p class=\"has-text-align-center\">Il giorno dell&#8217;Epifania il Piranesi riapre all&#8217;hockey, ospite il Budapesti KE. Il lungo intervallo trascorso dall&#8217;ultima partita giocata a Milano e l&#8217;orario pomeridiano favoriscono l&#8217;afflusso di un pubblico superiore alle pi\u00f9 rosee previsioni. Tra i pali c&#8217;\u00e8 Zopegni, Innocenti arretra in difesa di fianco a De Mazzeri e davanti operano Dionisi, Federici, Bruciamonti, Giordani, Venosta e Arnaldo Fabris. Vincono i biancorossi, non un granch\u00e9 il gioco di squadra, tutte le reti, Innocenti (2), Federici (2), Dionisi, sono scaturite da azioni personali. La quasi rituale seconda partita finisce in parit\u00e0. I gol di Bruciamonti e Federici riagguantano gli ungheresi a tre minuti dalla conclusione. Nel terzo periodo Giordani, colpito alla testa da una bastonata, ha lasciato il campo a Piero Fabris. Giocare alle 20,45 ha tenuto lontano i tifosi; all&#8217;oscuramento si sono sommati la nevicata e il disagio provocato dalla scarsa presenza di mezzi pubblici notturni per il problematico rientro a casa dei presenti.<\/p>\n\n\n\n<figure class=\"wp-block-table aligncenter\"><table><tbody><tr><td><strong>1942<\/strong><\/td><td><strong>Milano &#8211; Partite amichevoli.<\/strong><\/td><td>Risultato<\/td><\/tr><tr><td>6 gennaio<\/td><td>AMDG-Budapesti KE<\/td><td>5-2 (2-0; 1-2; 2-0)<\/td><\/tr><tr><td>8 gennaio<\/td><td>AMDG-Budapesti KE<\/td><td>2-2 (0-1; 1-1; 1-0)<\/td><\/tr><\/tbody><\/table><\/figure>\n\n\n\n<p class=\"has-text-align-center\">La voglia di sport non conosce ostacoli e l&#8217;hockey fa la sua parte. Gli svedesi del Gota vincono il torneo di Garmisch che era nel calendario dell&#8217;AMDG, non ci sono spiegazioni, ma non se n&#8217;\u00e8 fatto nulla. La Svizzera batte due volte la Germania e si gode il campionato di LNA al quale partecipano per la prima volta sette squadre. Si gioca ad Ambri, a Muzzano (Lugano-Siberia Locarno 1-1) e a Losanna &#8220;riappare&#8221; lo Chamonix, superato dal Montchoisi per 7-4. Da noi, oltre alle milanesi, in attivit\u00e0 il Bolzano, l&#8217;Ortisei e una squadra che &#8220;La Gazzetta dello Sport&#8221; presenta a volte come Bressanone e altre come Vipiteno, il cui allenatore \u00e8 Franz Heiseler. Per i giovani pattinatori e hockeisti ambrosiani importante trasferta in Croazia per cimentarsi con i pari et\u00e0 della Giovent\u00f9 croata indossando le divise della GIL. <\/p>\n\n\n\n<div class=\"wp-block-image\"><figure class=\"aligncenter size-large is-resized\"><img loading=\"lazy\" decoding=\"async\" src=\"https:\/\/www.milanosiamonoi.com\/wp-content\/uploads\/2021\/02\/42.-GIL-in-Croazia.jpeg\" alt=\"\" class=\"wp-image-5113\" width=\"575\" height=\"362\" srcset=\"https:\/\/www.milanosiamonoi.com\/wp-content\/uploads\/2021\/02\/42.-GIL-in-Croazia.jpeg 594w, https:\/\/www.milanosiamonoi.com\/wp-content\/uploads\/2021\/02\/42.-GIL-in-Croazia-300x189.jpeg 300w, https:\/\/www.milanosiamonoi.com\/wp-content\/uploads\/2021\/02\/42.-GIL-in-Croazia-100x63.jpeg 100w, https:\/\/www.milanosiamonoi.com\/wp-content\/uploads\/2021\/02\/42.-GIL-in-Croazia-50x31.jpeg 50w, https:\/\/www.milanosiamonoi.com\/wp-content\/uploads\/2021\/02\/42.-GIL-in-Croazia-25x16.jpeg 25w\" sizes=\"(max-width: 575px) 100vw, 575px\" \/><figcaption><em>Le giovani del CPAM e i giovani dell&#8217;AMDG<\/em> <em>in partenza per Zagabria.<\/em><\/figcaption><\/figure><\/div>\n\n\n\n<figure class=\"wp-block-table aligncenter\"><table><tbody><tr><td><strong>1942<\/strong><\/td><td>Luogo<\/td><td><strong>Partite amichevoli.<\/strong><\/td><td>Risultato<\/td><\/tr><tr><td>17 gennaio<\/td><td>Zagabria<\/td><td>Giovent\u00f9 croata-GIL Milano<\/td><td>1-1 (0-0; 0-1; 1-0)<\/td><\/tr><tr><td>19 gennaio<\/td><td>Karlovac<\/td><td>Giovent\u00f9 croata-GIL Milano<\/td><td>0-4 (0-3; 0-0; 0-1)<\/td><\/tr><\/tbody><\/table><\/figure>\n\n\n\n<p class=\"has-text-align-center\">GIL Milano: Brenna; L. Cesana, Gerli; Bassi, Bucchetti; Bulgheroni, Guffanti, Rizzi; Rasini, Fardella, Bazzoni, Soncini. Allenatore e accompagnatore Federici.<\/p>\n\n\n\n<div class=\"wp-block-image\"><figure class=\"aligncenter size-large is-resized\"><img loading=\"lazy\" decoding=\"async\" src=\"https:\/\/www.milanosiamonoi.com\/wp-content\/uploads\/2021\/02\/42.01.18-GIL-a-Karlovac-1024x773.jpg\" alt=\"\" class=\"wp-image-5125\" width=\"569\" height=\"429\" srcset=\"https:\/\/www.milanosiamonoi.com\/wp-content\/uploads\/2021\/02\/42.01.18-GIL-a-Karlovac-1024x773.jpg 1024w, https:\/\/www.milanosiamonoi.com\/wp-content\/uploads\/2021\/02\/42.01.18-GIL-a-Karlovac-300x226.jpg 300w, https:\/\/www.milanosiamonoi.com\/wp-content\/uploads\/2021\/02\/42.01.18-GIL-a-Karlovac-768x580.jpg 768w, https:\/\/www.milanosiamonoi.com\/wp-content\/uploads\/2021\/02\/42.01.18-GIL-a-Karlovac-100x75.jpg 100w, https:\/\/www.milanosiamonoi.com\/wp-content\/uploads\/2021\/02\/42.01.18-GIL-a-Karlovac-50x38.jpg 50w, https:\/\/www.milanosiamonoi.com\/wp-content\/uploads\/2021\/02\/42.01.18-GIL-a-Karlovac-25x19.jpg 25w, https:\/\/www.milanosiamonoi.com\/wp-content\/uploads\/2021\/02\/42.01.18-GIL-a-Karlovac-740x559.jpg 740w, https:\/\/www.milanosiamonoi.com\/wp-content\/uploads\/2021\/02\/42.01.18-GIL-a-Karlovac.jpg 1077w\" sizes=\"(max-width: 569px) 100vw, 569px\" \/><figcaption><em>Articoli da &#8220;Il Littoriale&#8221;.<\/em><\/figcaption><\/figure><\/div>\n\n\n\n<p class=\"has-text-align-center\">A Milano arriva il Berna SC. L&#8217;eccellente esito finanziario ricavato dalla partita pomeridiana con il BKE induce la dirigenza milanese alla replica. Non si gioca per\u00f2 alle 16,00 ma alle 18,00; questo per consentire ai tifosi di calcio, confluiti all&#8217;Arena per il derby, di guadagnare in tempo utile via Piranesi, compreso il presidente biancorosso Mauprivez che \u00e8 un dirigente della squadra rossonera. I giornali informano che mancheranno l&#8217;infortunato Dionisi e per obblighi militari Innocenti, sennonch\u00e9 quest&#8217;ultimo viene effigiato nella foto di squadra del prepartita e molto probabilmente ha giocato trasgredendo gli ordini superiori. Reduce dalla campagna di Russia si rivede Franco Rossi, ma non \u00e8 assolutamente in grado di giocare. Per fare numero a referto anche Umbertino Gerli: rester\u00e0 sulla panca senza entrare. Vittoria con il minimo scarto, ma microfrattura alla clavicola per Tino De Mazzeri. <\/p>\n\n\n\n<figure class=\"wp-block-table\"><table><tbody><tr><td><strong>Milano, 25 gennaio 1942 &#8211; Partita amichevole.<\/strong><\/td><\/tr><tr><td>AMDG-SC Berna 1-0 (0-0; 0-0; 1-0)<\/td><\/tr><tr><td>AMDG: Zopegni; P. Fabris, De Mazzeri; Bruciamonti, Venosta, Federici; A. Fabris, Giordani, Innocenti; n.e. Gerli.<\/td><\/tr><tr><td>SC Berna; Schaefer; Mathys, Badrutt; Heller, Kupfer, Riser; Stauffer, Ledermann, Barrot.<\/td><\/tr><tr><td>Rete: 3\u00b0t. 12&#8242; Federici (Venosta).<\/td><\/tr><tr><td>Arbitri: Gianmario Baroni (AMDG) e Bernhardt (SCB).<\/td><\/tr><\/tbody><\/table><\/figure>\n\n\n\n<div class=\"wp-block-image\"><figure class=\"aligncenter size-large\"><img loading=\"lazy\" decoding=\"async\" width=\"800\" height=\"455\" src=\"https:\/\/www.milanosiamonoi.com\/wp-content\/uploads\/2021\/02\/42.01.25-foto-AMDG-Berna-1-0-1-1.jpg\" alt=\"\" class=\"wp-image-5185\" srcset=\"https:\/\/www.milanosiamonoi.com\/wp-content\/uploads\/2021\/02\/42.01.25-foto-AMDG-Berna-1-0-1-1.jpg 800w, https:\/\/www.milanosiamonoi.com\/wp-content\/uploads\/2021\/02\/42.01.25-foto-AMDG-Berna-1-0-1-1-300x171.jpg 300w, https:\/\/www.milanosiamonoi.com\/wp-content\/uploads\/2021\/02\/42.01.25-foto-AMDG-Berna-1-0-1-1-768x437.jpg 768w, https:\/\/www.milanosiamonoi.com\/wp-content\/uploads\/2021\/02\/42.01.25-foto-AMDG-Berna-1-0-1-1-100x57.jpg 100w, https:\/\/www.milanosiamonoi.com\/wp-content\/uploads\/2021\/02\/42.01.25-foto-AMDG-Berna-1-0-1-1-50x28.jpg 50w, https:\/\/www.milanosiamonoi.com\/wp-content\/uploads\/2021\/02\/42.01.25-foto-AMDG-Berna-1-0-1-1-25x14.jpg 25w, https:\/\/www.milanosiamonoi.com\/wp-content\/uploads\/2021\/02\/42.01.25-foto-AMDG-Berna-1-0-1-1-740x421.jpg 740w\" sizes=\"(max-width: 800px) 100vw, 800px\" \/><figcaption><em>Da sinistra: Zopegni, Gerli, Federici, De Mazzeri, P. Fabris, Venosta, Giordani, Bruciamonti, Innocenti, A. Fabris.<\/em><\/figcaption><\/figure><\/div>\n\n\n\n<p class=\"has-text-align-center\">L&#8217;ultimo banco di prova prima della tourn\u00e9e in Svizzera \u00e8 il Ferencvaros. Orfana di De Mazzeri e F. Rossi, tralasciando Gerosa, la difesa \u00e8 letteralmente inventata: Piero Fabris e Innocenti, giunto a Milano da due ore e con alle spalle un viaggio ininterrotto di dodici. La quadrata squadra di Budapest fa dei biancorossi un sol boccone. L&#8217;AMDG ha il pregio di lottare fino alla fine e nonostante il risultato sia compromesso, nel terzo tempo i presenti applaudono le azioni offensive milanesi votate a ridurre lo svantaggio.<\/p>\n\n\n\n<figure class=\"wp-block-table aligncenter\"><table><tbody><tr><td><strong>Milano, 28 gennaio 1942 &#8211; Partita amichevole.<\/strong><\/td><\/tr><tr><td>AMDG-Ferencvaros 3-8 (0-5; 1-0; 2-3)<\/td><\/tr><\/tbody><\/table><\/figure>\n\n\n\n<div class=\"wp-block-image\"><figure class=\"aligncenter size-large\"><img loading=\"lazy\" decoding=\"async\" width=\"274\" height=\"320\" src=\"https:\/\/www.milanosiamonoi.com\/wp-content\/uploads\/2021\/02\/42.01.31-Naz.-tardi-a-Basilea-e1612911652326.jpg\" alt=\"\" class=\"wp-image-5145\"\/><\/figure><\/div>\n\n\n\n<p class=\"has-text-align-center\">A Basilea l&#8217;Italia subisce una mortificante e severa sconfitta: 15-0. Unica attenuante l&#8217;infortunio a un ginocchio capitato a met\u00e0 gara a Zopegni, rimasto comunque stoicamente in pista. Almeno nel terzo tempo, dal parziale disastroso, sarebbe stato opportuno fare entrare il giovane Giuseppe Brenna, ma si \u00e8 preferito proseguire cos\u00ec.<\/p>\n\n\n\n<figure class=\"wp-block-table aligncenter\"><table><tbody><tr><td class=\"has-text-align-center\" data-align=\"center\"><strong>Basilea, 1 febbraio 1942 &#8211; Partita amichevole.<\/strong><\/td><\/tr><tr><td class=\"has-text-align-center\" data-align=\"center\">Svizzera-Italia 15-0 (5-0; 2-0; 8-0)<\/td><\/tr><\/tbody><\/table><\/figure>\n\n\n\n<div class=\"wp-block-image\"><figure class=\"aligncenter size-large\"><img loading=\"lazy\" decoding=\"async\" width=\"1024\" height=\"594\" src=\"https:\/\/www.milanosiamonoi.com\/wp-content\/uploads\/2021\/02\/42.02.01foto-Svi-Ita-15-0-Innocenti-C.Kessler-Venosta-Zopegni-1-1024x594.jpg\" alt=\"\" class=\"wp-image-5165\" srcset=\"https:\/\/www.milanosiamonoi.com\/wp-content\/uploads\/2021\/02\/42.02.01foto-Svi-Ita-15-0-Innocenti-C.Kessler-Venosta-Zopegni-1-1024x594.jpg 1024w, https:\/\/www.milanosiamonoi.com\/wp-content\/uploads\/2021\/02\/42.02.01foto-Svi-Ita-15-0-Innocenti-C.Kessler-Venosta-Zopegni-1-300x174.jpg 300w, https:\/\/www.milanosiamonoi.com\/wp-content\/uploads\/2021\/02\/42.02.01foto-Svi-Ita-15-0-Innocenti-C.Kessler-Venosta-Zopegni-1-768x446.jpg 768w, https:\/\/www.milanosiamonoi.com\/wp-content\/uploads\/2021\/02\/42.02.01foto-Svi-Ita-15-0-Innocenti-C.Kessler-Venosta-Zopegni-1-100x58.jpg 100w, https:\/\/www.milanosiamonoi.com\/wp-content\/uploads\/2021\/02\/42.02.01foto-Svi-Ita-15-0-Innocenti-C.Kessler-Venosta-Zopegni-1-50x29.jpg 50w, https:\/\/www.milanosiamonoi.com\/wp-content\/uploads\/2021\/02\/42.02.01foto-Svi-Ita-15-0-Innocenti-C.Kessler-Venosta-Zopegni-1-25x15.jpg 25w, https:\/\/www.milanosiamonoi.com\/wp-content\/uploads\/2021\/02\/42.02.01foto-Svi-Ita-15-0-Innocenti-C.Kessler-Venosta-Zopegni-1-740x429.jpg 740w, https:\/\/www.milanosiamonoi.com\/wp-content\/uploads\/2021\/02\/42.02.01foto-Svi-Ita-15-0-Innocenti-C.Kessler-Venosta-Zopegni-1.jpg 1070w\" sizes=\"(max-width: 1024px) 100vw, 1024px\" \/><figcaption><em>A Basilea 13.000 spettatori<\/em>; d<em>a sinistra: Innocenti, Charlie Kessler, Venosta e Zopegni. (Foto dal<\/em> <em>magazine &#8220;En famille&#8221;)<\/em><\/figcaption><\/figure><\/div>\n\n\n\n<p class=\"has-text-align-center\">Ci si sposta a Chateaux d&#8217;Oex salutando Piero Fabris che torna a Milano per assolvere i suoi doveri di medico. In difesa arretra Innocenti, mentre in porta esordisce Brenna. I castellani che in verit\u00e0 sono una selezione romanda non impensieriscono pi\u00f9 di tanto. Ben diverse le cose a Berna e a Losanna con formazioni della LNA. Nella capitale elvetica tra i pali ancora Brenna, mentre a Losanna rientra Zopegni. Con il Montchoisi viene buttato nella mischia Umbertino Gerli arrivato giusto in tempo da Milano.<\/p>\n\n\n\n<figure class=\"wp-block-table aligncenter\"><table><tbody><tr><td><strong>1942<\/strong><\/td><td>Luogo<\/td><td><strong>Partite amichevoli.<\/strong><\/td><td>Rsultato<\/td><\/tr><tr><td>3 febbraio<\/td><td>Chateaux d&#8217;Oex<\/td><td>Chateaux d&#8217;Oex-AMDG<\/td><td>0-3 (0-2; 0-1; 0-0)<\/td><\/tr><tr><td>5 febbraio<\/td><td>Berna<\/td><td>SC Berna-AMDG<\/td><td>7-2 (1-0; 3-1; 3-1)<\/td><\/tr><tr><td>8 febbraio<\/td><td>Losanna<\/td><td>Montchoisi-AMDG<\/td><td>10-3 (2-1; 3-1; 5-1)<\/td><\/tr><\/tbody><\/table><\/figure>\n\n\n\n<div class=\"wp-block-image\"><figure class=\"aligncenter size-large\"><img loading=\"lazy\" decoding=\"async\" width=\"342\" height=\"500\" src=\"https:\/\/www.milanosiamonoi.com\/wp-content\/uploads\/2021\/02\/42.02.1942-foto-Mont-AMDG-en-famille-e1612977171991.jpg\" alt=\"\" class=\"wp-image-5160\"\/><figcaption><em>Difesa del Montchoisi allertata da Giordani. (Foto dal magazine &#8220;En famille&#8221;)<\/em><\/figcaption><\/figure><\/div>\n\n\n\n<p class=\"has-text-align-center\">I biancorossi non sono nel momento migliore: senza difesa titolare e con improvvisate linee offensive prive di affiatamento, adempiono agli impegni presi tenendo testa alle contrariet\u00e0. Di certo nessuno si immaginava di ritrovarsi con un numero cos\u00ec risicato di giocatori. Le recenti partite confermano che l&#8217;alto livello raggiunto dall&#8217;hockey necessit\u00e0 della presenza di dieci uomini tutti in grado di scendere in pista. Diversamente si paga dazio. Il Montchoisi rende la visita l&#8217;11 febbraio: spazio ai giovani. Giuseppe Brenna in porta, esordio in difesa per Giancarlo Bucchetti e conferma di Umberto Gerli, questa volta al centro della seconda linea. Al debuttante Bucchetti avrebbe fatto molto comodo avere al fianco un difensore puro, per giunta il pattino di un losannese ha procurato a Venosta una ferita alla palpebra destra, sfiorandogli l&#8217;occhio e e lacerandogli il naso. Guardia medica d&#8217;urgenza e punti di sutura a iosa.<\/p>\n\n\n\n<figure class=\"wp-block-table\"><table><tbody><tr><td><strong>Milano, 11 febbraio 1942 &#8211; Partita amichevole.<\/strong><\/td><\/tr><tr><td>AMDG-Montchoisi 0-9 (0-3; 0-3; 0-3)<\/td><\/tr><tr><td>AMDG: Brenna; Bucchetti, Venosta; Federici, Innocenti, A. Fabris; Dionisi, Gerli, Bruciamonti.<\/td><\/tr><tr><td>Montchoisi: Gafner; Stucki, Muller; Caseel, Othmar e Reto Delnon; Tinembart, Fanchamps, Toffel.<\/td><\/tr><tr><td>Reti: 1\u00b0t. <em>6&#8242; Fanchamps, 9&#8242; e 13&#8242; R. Delnon. 2\u00b0t. 6&#8242; R. Delnon, 11&#8242; Fanchamps, 14&#8242; R. Delnon. 3\u00b0t. 4&#8242; e 11&#8242; R. Delnon, 14&#8242; O. Delnon.<\/em><\/td><\/tr><tr><td>Arbitri: De Mazzeri (AMDG) e Goel (Montchoisi).<\/td><\/tr><\/tbody><\/table><\/figure>\n\n\n\n<p class=\"has-text-align-center\">AMDG-Rotweiss Basilea che avrebbe dovuto verificare le condizioni fisiche di De Mazzeri e F. Rossi in vista di Italia-Svizzera, salta per la ricorrente difficolt\u00e0, vera o presunta, di procurarsi in tempo i visti d&#8217;espatrio da parte elvetica. I due difensori milanesi hanno ripreso gli allenamenti, la frattura alla clavicola del capitano si \u00e8 ricomposta e il secondo ha smaltito la malattia contratta sul fronte orientale; contro i rossocrociati rientrano entrambi.<\/p>\n\n\n\n<div class=\"wp-block-image\"><figure class=\"aligncenter size-large\"><img loading=\"lazy\" decoding=\"async\" width=\"800\" height=\"455\" src=\"https:\/\/www.milanosiamonoi.com\/wp-content\/uploads\/2021\/02\/42.03.01-Ita-Svi-2-6-1.jpg\" alt=\"\" class=\"wp-image-5179\" srcset=\"https:\/\/www.milanosiamonoi.com\/wp-content\/uploads\/2021\/02\/42.03.01-Ita-Svi-2-6-1.jpg 800w, https:\/\/www.milanosiamonoi.com\/wp-content\/uploads\/2021\/02\/42.03.01-Ita-Svi-2-6-1-300x171.jpg 300w, https:\/\/www.milanosiamonoi.com\/wp-content\/uploads\/2021\/02\/42.03.01-Ita-Svi-2-6-1-768x437.jpg 768w, https:\/\/www.milanosiamonoi.com\/wp-content\/uploads\/2021\/02\/42.03.01-Ita-Svi-2-6-1-100x57.jpg 100w, https:\/\/www.milanosiamonoi.com\/wp-content\/uploads\/2021\/02\/42.03.01-Ita-Svi-2-6-1-50x28.jpg 50w, https:\/\/www.milanosiamonoi.com\/wp-content\/uploads\/2021\/02\/42.03.01-Ita-Svi-2-6-1-25x14.jpg 25w, https:\/\/www.milanosiamonoi.com\/wp-content\/uploads\/2021\/02\/42.03.01-Ita-Svi-2-6-1-740x421.jpg 740w\" sizes=\"(max-width: 800px) 100vw, 800px\" \/><figcaption><em>Da sinistra: Dionisi, Giordani, Innocenti, Federici, Zopegni, F. Rossi, Venosta, Bruciamonti, De Mazzeri. <\/em><\/figcaption><\/figure><\/div>\n\n\n\n<div class=\"wp-block-image\"><figure class=\"aligncenter size-large\"><img loading=\"lazy\" decoding=\"async\" width=\"758\" height=\"769\" src=\"https:\/\/www.milanosiamonoi.com\/wp-content\/uploads\/2021\/02\/42.03.01-Ita-Svi-2-6-GdS.jpg\" alt=\"\" class=\"wp-image-5242\" srcset=\"https:\/\/www.milanosiamonoi.com\/wp-content\/uploads\/2021\/02\/42.03.01-Ita-Svi-2-6-GdS.jpg 758w, https:\/\/www.milanosiamonoi.com\/wp-content\/uploads\/2021\/02\/42.03.01-Ita-Svi-2-6-GdS-296x300.jpg 296w, https:\/\/www.milanosiamonoi.com\/wp-content\/uploads\/2021\/02\/42.03.01-Ita-Svi-2-6-GdS-100x100.jpg 100w, https:\/\/www.milanosiamonoi.com\/wp-content\/uploads\/2021\/02\/42.03.01-Ita-Svi-2-6-GdS-50x50.jpg 50w, https:\/\/www.milanosiamonoi.com\/wp-content\/uploads\/2021\/02\/42.03.01-Ita-Svi-2-6-GdS-25x25.jpg 25w, https:\/\/www.milanosiamonoi.com\/wp-content\/uploads\/2021\/02\/42.03.01-Ita-Svi-2-6-GdS-90x90.jpg 90w, https:\/\/www.milanosiamonoi.com\/wp-content\/uploads\/2021\/02\/42.03.01-Ita-Svi-2-6-GdS-740x751.jpg 740w\" sizes=\"(max-width: 758px) 100vw, 758px\" \/><\/figure><\/div>\n\n\n\n<p class=\"has-text-align-center\">L&#8217;esito del confronto rimane in bilico fino all&#8217;inizio del periodo finale, quando nel giro di tre minuti il fantastico Ni-sturm interrompe il sogno dei 3.000 presenti speranzosi di agguantare almeno un pareggio.<\/p>\n\n\n\n<div class=\"wp-block-image\"><figure class=\"aligncenter size-large\"><img loading=\"lazy\" decoding=\"async\" width=\"800\" height=\"455\" src=\"https:\/\/www.milanosiamonoi.com\/wp-content\/uploads\/2021\/02\/42.03.01-Ita-Svi-2-6-DeM-1.jpg\" alt=\"\" class=\"wp-image-5181\" srcset=\"https:\/\/www.milanosiamonoi.com\/wp-content\/uploads\/2021\/02\/42.03.01-Ita-Svi-2-6-DeM-1.jpg 800w, https:\/\/www.milanosiamonoi.com\/wp-content\/uploads\/2021\/02\/42.03.01-Ita-Svi-2-6-DeM-1-300x171.jpg 300w, https:\/\/www.milanosiamonoi.com\/wp-content\/uploads\/2021\/02\/42.03.01-Ita-Svi-2-6-DeM-1-768x437.jpg 768w, https:\/\/www.milanosiamonoi.com\/wp-content\/uploads\/2021\/02\/42.03.01-Ita-Svi-2-6-DeM-1-100x57.jpg 100w, https:\/\/www.milanosiamonoi.com\/wp-content\/uploads\/2021\/02\/42.03.01-Ita-Svi-2-6-DeM-1-50x28.jpg 50w, https:\/\/www.milanosiamonoi.com\/wp-content\/uploads\/2021\/02\/42.03.01-Ita-Svi-2-6-DeM-1-25x14.jpg 25w, https:\/\/www.milanosiamonoi.com\/wp-content\/uploads\/2021\/02\/42.03.01-Ita-Svi-2-6-DeM-1-740x421.jpg 740w\" sizes=\"(max-width: 800px) 100vw, 800px\" \/><figcaption>Da sinistra: Ruedi, A. Fabris, Venosta, F. Rossi, De Mazzeri e Loehrer.<\/figcaption><\/figure><\/div>\n\n\n\n<div class=\"wp-block-image\"><figure class=\"aligncenter size-large\"><img loading=\"lazy\" decoding=\"async\" width=\"800\" height=\"455\" src=\"https:\/\/www.milanosiamonoi.com\/wp-content\/uploads\/2021\/02\/42.03.01-Ita-Svi-DeM-2.jpg\" alt=\"\" class=\"wp-image-5180\" srcset=\"https:\/\/www.milanosiamonoi.com\/wp-content\/uploads\/2021\/02\/42.03.01-Ita-Svi-DeM-2.jpg 800w, https:\/\/www.milanosiamonoi.com\/wp-content\/uploads\/2021\/02\/42.03.01-Ita-Svi-DeM-2-300x171.jpg 300w, https:\/\/www.milanosiamonoi.com\/wp-content\/uploads\/2021\/02\/42.03.01-Ita-Svi-DeM-2-768x437.jpg 768w, https:\/\/www.milanosiamonoi.com\/wp-content\/uploads\/2021\/02\/42.03.01-Ita-Svi-DeM-2-100x57.jpg 100w, https:\/\/www.milanosiamonoi.com\/wp-content\/uploads\/2021\/02\/42.03.01-Ita-Svi-DeM-2-50x28.jpg 50w, https:\/\/www.milanosiamonoi.com\/wp-content\/uploads\/2021\/02\/42.03.01-Ita-Svi-DeM-2-25x14.jpg 25w, https:\/\/www.milanosiamonoi.com\/wp-content\/uploads\/2021\/02\/42.03.01-Ita-Svi-DeM-2-740x421.jpg 740w\" sizes=\"(max-width: 800px) 100vw, 800px\" \/><figcaption><em>Da sinistra: Venosta, De Mazzeri, Hans e Ferdi &#8220;Pic&#8221; Cattini.<\/em><\/figcaption><\/figure><\/div>\n\n\n\n<p class=\"has-text-align-center\">Arosa, Davos, Zagabria DK e Germania sono i nomi che compaiono sul tabellone del Palazzo del ghiaccio che illustra le partite in programma nel  mese di marzo. All&#8217;infortunato Venosta, clavicola k.o. con la Svizzera e stagione finita, si aggiungono le assenze delle neo reclute Brenna e Federici. Manca anche Franco Rossi, le sue condizioni di salute non sono tali da consentirgli una presenza continua. I grigionesi si confermano squadra scorbutica, ma i ripetuti assalti dei gialloblu trovano in Zopegni un ostacolo invalicabile. Il portiere milanese \u00e8 in serata s\u00ec e i suoi interventi strappano applausi a scena aperta. La partita da dieci e lode di Zopegni e la gara priva di sbavature di De Mazzeri e Piero Fabris conservano la porta dell&#8217;AMDG inviolata. L&#8217;inviato de &#8220;Il Corriere della Sera&#8221; segnala nelle file degli svizzeri la buona performance del giovane Gebi Poltera che negli anni Cinquanta, in linea con il fratello Uli e Hans Martin Trepp, porter\u00e0 l&#8217;Arosa alla conquista di sette titoli di LNA consecutivi.<\/p>\n\n\n\n<figure class=\"wp-block-table aligncenter\"><table><tbody><tr><td class=\"has-text-align-center\" data-align=\"center\"><strong>Milano, 11 marzo 1942 &#8211; Partita amichevole.<\/strong><\/td><\/tr><tr><td class=\"has-text-align-center\" data-align=\"center\">AMDG-Arosa 3-0 (1-0; 2-0; 0-0)<\/td><\/tr><\/tbody><\/table><\/figure>\n\n\n\n<figure class=\"wp-block-image size-large\"><img loading=\"lazy\" decoding=\"async\" width=\"800\" height=\"455\" src=\"https:\/\/www.milanosiamonoi.com\/wp-content\/uploads\/2021\/02\/42.03.11-Amdg-Arosa.jpg\" alt=\"\" class=\"wp-image-5182\" srcset=\"https:\/\/www.milanosiamonoi.com\/wp-content\/uploads\/2021\/02\/42.03.11-Amdg-Arosa.jpg 800w, https:\/\/www.milanosiamonoi.com\/wp-content\/uploads\/2021\/02\/42.03.11-Amdg-Arosa-300x171.jpg 300w, https:\/\/www.milanosiamonoi.com\/wp-content\/uploads\/2021\/02\/42.03.11-Amdg-Arosa-768x437.jpg 768w, https:\/\/www.milanosiamonoi.com\/wp-content\/uploads\/2021\/02\/42.03.11-Amdg-Arosa-100x57.jpg 100w, https:\/\/www.milanosiamonoi.com\/wp-content\/uploads\/2021\/02\/42.03.11-Amdg-Arosa-50x28.jpg 50w, https:\/\/www.milanosiamonoi.com\/wp-content\/uploads\/2021\/02\/42.03.11-Amdg-Arosa-25x14.jpg 25w, https:\/\/www.milanosiamonoi.com\/wp-content\/uploads\/2021\/02\/42.03.11-Amdg-Arosa-740x421.jpg 740w\" sizes=\"(max-width: 800px) 100vw, 800px\" \/><figcaption><em>La prima rete (Innocenti) realizzata all&#8217;Arosa.<\/em><\/figcaption><\/figure>\n\n\n\n<p class=\"has-text-align-center\">Altra storia con il Davos. Per i biancorossi soliti problemi, Innocenti \u00e8 trattenuto in caserma, per fortuna le autorit\u00e0 militari liberano Federici. In difesa rientra stringendo i denti Franco Rossi. Si temeva un gran rovescio, invece il bottino dei temutissimi avversari viene limitato.<\/p>\n\n\n\n<figure class=\"wp-block-table aligncenter\"><table><tbody><tr><td class=\"has-text-align-center\" data-align=\"center\"><strong>Milano, 22 marzo 1942 &#8211; Partita amichevole.<\/strong><\/td><\/tr><tr><td class=\"has-text-align-center\" data-align=\"center\">AMDG-Davos 0-4 (0-1; 0-2; 0-1)<\/td><\/tr><\/tbody><\/table><\/figure>\n\n\n\n<p class=\"has-text-align-center\">L&#8217;ultimo avversario di stagione per l&#8217;AMDG \u00e8 lo Zagabria DK. I croati sono un pesce piccolo e si decide di dare spazio ai giovani che condotti da Ferdinando Giordani passano positivamente l&#8217;esame. <\/p>\n\n\n\n<figure class=\"wp-block-table\"><table><tbody><tr><td><strong>Milano, 25 marzo 1942 &#8211; Partita amichevole.<\/strong><\/td><\/tr><tr><td>AMDG-Zagabria DK 4-2 (1-0; 1-1; 2-1)<\/td><\/tr><tr><td>AMDG: Brenna; Bucchetti, Rizzi; Marazza; Giordani, Gerli, Bontemps; Bassi, Bulgheroni, Fardella; Besostri.<\/td><\/tr><tr><td>Zagabria DK: Weiner; Klobukoric, Kovacevic; Basic, Stipetic, Tomic; Lenarcic, Mioska, Donovaly.<\/td><\/tr><tr><td>Reti: 1\u00b0t. 1&#8242; Bontemps (Giordani). 2\u00b0t. 2&#8242; Giordani, <em>7&#8242; Tomic. <\/em>3\u00b0t. <em>10&#8242; Kovacevic, <\/em>12&#8242; e 13&#8242; Giordani.<\/td><\/tr><tr><td>Arbitri: Talamona (AMDG) e Valusnig (ZDK).<\/td><\/tr><\/tbody><\/table><\/figure>\n\n\n\n<p class=\"has-text-align-center\">Gala di chiusura Italia-Germania. Non invogliati dall&#8217;eccessivo prezzo del biglietto d&#8217;ingresso, alla partita non accorrono in tanti. Il succo del match \u00e8 tutto nel periodo di mezzo. Tedeschi in vantaggio grazie al trio &#8220;Vienna&#8221;, azione Nowak-Demmer-Feistritzer che devia al volo il disco in rete. Gli azzurri pareggiano con Arnaldo Fabris sfruttando una superiorit\u00e0 numerica. Non passa che un minuto e Tino De Mazzeri raddoppia con una frecciata da dieci metri. Germania all&#8217;assalto per tutto il terzo tempo e si rivede lo Zopegni della serata con l&#8217;Arosa, para tutto, anche l&#8217;impossibile. Vittoria emozionante, sudata, voluta. Spalti in preda a totale euforia.<\/p>\n\n\n\n<div class=\"wp-block-image\"><figure class=\"aligncenter size-large\"><img loading=\"lazy\" decoding=\"async\" width=\"640\" height=\"796\" src=\"https:\/\/www.milanosiamonoi.com\/wp-content\/uploads\/2021\/02\/42.03.28-Ita-Ger-2-1-GdS-SISTEMA.jpg\" alt=\"\" class=\"wp-image-5243\" srcset=\"https:\/\/www.milanosiamonoi.com\/wp-content\/uploads\/2021\/02\/42.03.28-Ita-Ger-2-1-GdS-SISTEMA.jpg 640w, https:\/\/www.milanosiamonoi.com\/wp-content\/uploads\/2021\/02\/42.03.28-Ita-Ger-2-1-GdS-SISTEMA-241x300.jpg 241w, https:\/\/www.milanosiamonoi.com\/wp-content\/uploads\/2021\/02\/42.03.28-Ita-Ger-2-1-GdS-SISTEMA-80x100.jpg 80w, https:\/\/www.milanosiamonoi.com\/wp-content\/uploads\/2021\/02\/42.03.28-Ita-Ger-2-1-GdS-SISTEMA-40x50.jpg 40w, https:\/\/www.milanosiamonoi.com\/wp-content\/uploads\/2021\/02\/42.03.28-Ita-Ger-2-1-GdS-SISTEMA-20x25.jpg 20w\" sizes=\"(max-width: 640px) 100vw, 640px\" \/><\/figure><\/div>\n\n\n\n<p class=\"has-text-align-center\">Con la Germania va in scena l&#8217;ultima partita della Nazionale del periodo 1924-1945. Tino De Mazzeri colleziona la trentaseiesima presenza, eguagliando il primato di Augusto Gerosa. Per rivedere gli azzurri sul ghiaccio si dovr\u00e0 attendere il marzo del 1946.<\/p>\n\n\n\n<div class=\"wp-block-image\"><figure class=\"aligncenter size-large\"><img loading=\"lazy\" decoding=\"async\" width=\"1024\" height=\"938\" src=\"https:\/\/www.milanosiamonoi.com\/wp-content\/uploads\/2021\/02\/42.03.28-presenze-Naz.-e1612639415619-1024x938.jpg\" alt=\"\" class=\"wp-image-5091\" srcset=\"https:\/\/www.milanosiamonoi.com\/wp-content\/uploads\/2021\/02\/42.03.28-presenze-Naz.-e1612639415619-1024x938.jpg 1024w, https:\/\/www.milanosiamonoi.com\/wp-content\/uploads\/2021\/02\/42.03.28-presenze-Naz.-e1612639415619-300x275.jpg 300w, https:\/\/www.milanosiamonoi.com\/wp-content\/uploads\/2021\/02\/42.03.28-presenze-Naz.-e1612639415619-768x704.jpg 768w, https:\/\/www.milanosiamonoi.com\/wp-content\/uploads\/2021\/02\/42.03.28-presenze-Naz.-e1612639415619-100x92.jpg 100w, https:\/\/www.milanosiamonoi.com\/wp-content\/uploads\/2021\/02\/42.03.28-presenze-Naz.-e1612639415619-50x46.jpg 50w, https:\/\/www.milanosiamonoi.com\/wp-content\/uploads\/2021\/02\/42.03.28-presenze-Naz.-e1612639415619-25x23.jpg 25w, https:\/\/www.milanosiamonoi.com\/wp-content\/uploads\/2021\/02\/42.03.28-presenze-Naz.-e1612639415619-1126x1032.jpg 1126w, https:\/\/www.milanosiamonoi.com\/wp-content\/uploads\/2021\/02\/42.03.28-presenze-Naz.-e1612639415619-740x678.jpg 740w, https:\/\/www.milanosiamonoi.com\/wp-content\/uploads\/2021\/02\/42.03.28-presenze-Naz.-e1612639415619.jpg 1267w\" sizes=\"(max-width: 1024px) 100vw, 1024px\" \/><\/figure><\/div>\n\n\n\n<div class=\"wp-block-image\"><figure class=\"aligncenter size-large\"><img loading=\"lazy\" decoding=\"async\" width=\"1012\" height=\"1024\" src=\"https:\/\/www.milanosiamonoi.com\/wp-content\/uploads\/2021\/02\/42.03.28-Bilancio-Italia-e1612639107114-1012x1024.jpg\" alt=\"\" class=\"wp-image-5086\" srcset=\"https:\/\/www.milanosiamonoi.com\/wp-content\/uploads\/2021\/02\/42.03.28-Bilancio-Italia-e1612639107114-1012x1024.jpg 1012w, https:\/\/www.milanosiamonoi.com\/wp-content\/uploads\/2021\/02\/42.03.28-Bilancio-Italia-e1612639107114-296x300.jpg 296w, https:\/\/www.milanosiamonoi.com\/wp-content\/uploads\/2021\/02\/42.03.28-Bilancio-Italia-e1612639107114-768x777.jpg 768w, https:\/\/www.milanosiamonoi.com\/wp-content\/uploads\/2021\/02\/42.03.28-Bilancio-Italia-e1612639107114-100x100.jpg 100w, https:\/\/www.milanosiamonoi.com\/wp-content\/uploads\/2021\/02\/42.03.28-Bilancio-Italia-e1612639107114-50x50.jpg 50w, https:\/\/www.milanosiamonoi.com\/wp-content\/uploads\/2021\/02\/42.03.28-Bilancio-Italia-e1612639107114-25x25.jpg 25w, https:\/\/www.milanosiamonoi.com\/wp-content\/uploads\/2021\/02\/42.03.28-Bilancio-Italia-e1612639107114-90x90.jpg 90w, https:\/\/www.milanosiamonoi.com\/wp-content\/uploads\/2021\/02\/42.03.28-Bilancio-Italia-e1612639107114-1126x1139.jpg 1126w, https:\/\/www.milanosiamonoi.com\/wp-content\/uploads\/2021\/02\/42.03.28-Bilancio-Italia-e1612639107114-740x749.jpg 740w, https:\/\/www.milanosiamonoi.com\/wp-content\/uploads\/2021\/02\/42.03.28-Bilancio-Italia-e1612639107114.jpg 1420w\" sizes=\"(max-width: 1012px) 100vw, 1012px\" \/><\/figure><\/div>\n\n\n\n<p class=\"has-text-align-center\">Nell&#8217;arco dell&#8217;intera stagione Nazionale e AMDG hanno disputato diciotto partite, met\u00e0 delle quali contro formazioni svizzere. Senza le squadre rossocrociate il disco su ghiaccio di casa nostra avrebbe limitato la sua attivit\u00e0 a sporadiche esibizioni. Mai presa in considerazione la possibilit\u00e0 di giocare il campionato: la decisione appare pi\u00f9 che azzeccata e viene evitata la burletta andata in scena l&#8217;anno precedente.<\/p>\n\n\n\n<figure class=\"wp-block-table aligncenter\"><table><tbody><tr><td><strong>Marcatori stagionali AMDG<\/strong><\/td><td class=\"has-text-align-center\" data-align=\"center\">Reti<\/td><\/tr><tr><td>Dino Innocenti (12 presenze), Aldo Federici (13), Ignazio Dionisi (13)<\/td><td class=\"has-text-align-center\" data-align=\"center\">6<\/td><\/tr><tr><td>Ferdinando Giordani (10), Egidio Bruciamonti (14), Arnaldo Fabris (14)<\/td><td class=\"has-text-align-center\" data-align=\"center\">3<\/td><\/tr><tr><td>Gigi Venosta (8)<\/td><td class=\"has-text-align-center\" data-align=\"center\">2<\/td><\/tr><tr><td>Bontemps (1)<\/td><td class=\"has-text-align-center\" data-align=\"center\">1<\/td><\/tr><tr><td>Mancano i marcatori delle reti della prima partita con il Wiener EG<\/td><td class=\"has-text-align-center\" data-align=\"center\">2<\/td><\/tr><\/tbody><\/table><\/figure>\n\n\n\n<p> <\/p>\n\n\n\n<figure class=\"wp-block-table\"><table><tbody><tr><td><strong><a href=\"https:\/\/www.milanosiamonoi.com\/index.php\/campionati\/dal-1940-al-1945-la-guerra\/1940-1941-rappr-milanese\/\" data-type=\"URL\" data-id=\"https:\/\/www.milanosiamonoi.com\/index.php\/campionati\/dal-1940-al-1945-la-guerra\/1940-1941-rappr-milanese\/\">stagione precedente<\/a><\/strong><\/td><td class=\"has-text-align-right\" data-align=\"right\"><strong><a href=\"https:\/\/www.milanosiamonoi.com\/index.php\/campionati\/dal-1940-al-1945-la-guerra\/1942-43-44-45-amdg\/\" data-type=\"URL\" data-id=\"https:\/\/www.milanosiamonoi.com\/index.php\/campionati\/dal-1940-al-1945-la-guerra\/1942-43-44-45-amdg\/\">stagioni successive<\/a><\/strong><\/td><\/tr><\/tbody><\/table><\/figure>\n\n\n\n<p>  <\/p>\n","protected":false},"excerpt":{"rendered":"<p>Presidente Mario Mauprivez Allenatore Giampiero Medri Ruolo Giocatori con almeno una presenza in prima squadra. P Giuseppe Brenna, Augusto Gerosa, Giannantonio Zopegni. D Giancarlo Bucchetti,&#8230;<\/p>\n","protected":false},"author":2,"featured_media":0,"parent":1467,"menu_order":2,"comment_status":"closed","ping_status":"closed","template":"","meta":{"spay_email":"","footnotes":""},"_links":{"self":[{"href":"https:\/\/www.milanosiamonoi.com\/index.php\/wp-json\/wp\/v2\/pages\/5063"}],"collection":[{"href":"https:\/\/www.milanosiamonoi.com\/index.php\/wp-json\/wp\/v2\/pages"}],"about":[{"href":"https:\/\/www.milanosiamonoi.com\/index.php\/wp-json\/wp\/v2\/types\/page"}],"author":[{"embeddable":true,"href":"https:\/\/www.milanosiamonoi.com\/index.php\/wp-json\/wp\/v2\/users\/2"}],"replies":[{"embeddable":true,"href":"https:\/\/www.milanosiamonoi.com\/index.php\/wp-json\/wp\/v2\/comments?post=5063"}],"version-history":[{"count":132,"href":"https:\/\/www.milanosiamonoi.com\/index.php\/wp-json\/wp\/v2\/pages\/5063\/revisions"}],"predecessor-version":[{"id":13004,"href":"https:\/\/www.milanosiamonoi.com\/index.php\/wp-json\/wp\/v2\/pages\/5063\/revisions\/13004"}],"up":[{"embeddable":true,"href":"https:\/\/www.milanosiamonoi.com\/index.php\/wp-json\/wp\/v2\/pages\/1467"}],"wp:attachment":[{"href":"https:\/\/www.milanosiamonoi.com\/index.php\/wp-json\/wp\/v2\/media?parent=5063"}],"curies":[{"name":"wp","href":"https:\/\/api.w.org\/{rel}","templated":true}]}}