{"id":4792,"date":"2021-02-03T08:09:35","date_gmt":"2021-02-03T08:09:35","guid":{"rendered":"http:\/\/milanosiamonoi.com\/?page_id=4792"},"modified":"2022-04-09T22:24:01","modified_gmt":"2022-04-09T22:24:01","slug":"1940-1941-rappr-milanese","status":"publish","type":"page","link":"https:\/\/www.milanosiamonoi.com\/index.php\/campionati\/dal-1940-al-1945-la-guerra\/1940-1941-rappr-milanese\/","title":{"rendered":"1940\/1941 RAPPR. MILANESE"},"content":{"rendered":"\n<div class=\"wp-block-image\"><figure class=\"aligncenter size-large\"><img loading=\"lazy\" decoding=\"async\" width=\"300\" height=\"300\" src=\"https:\/\/www.milanosiamonoi.com\/wp-content\/uploads\/2021\/01\/logo-rappr.mil-300x300-1.jpg\" alt=\"\" class=\"wp-image-4267\" srcset=\"https:\/\/www.milanosiamonoi.com\/wp-content\/uploads\/2021\/01\/logo-rappr.mil-300x300-1.jpg 300w, https:\/\/www.milanosiamonoi.com\/wp-content\/uploads\/2021\/01\/logo-rappr.mil-300x300-1-150x150.jpg 150w, https:\/\/www.milanosiamonoi.com\/wp-content\/uploads\/2021\/01\/logo-rappr.mil-300x300-1-100x100.jpg 100w, https:\/\/www.milanosiamonoi.com\/wp-content\/uploads\/2021\/01\/logo-rappr.mil-300x300-1-50x50.jpg 50w, https:\/\/www.milanosiamonoi.com\/wp-content\/uploads\/2021\/01\/logo-rappr.mil-300x300-1-25x25.jpg 25w, https:\/\/www.milanosiamonoi.com\/wp-content\/uploads\/2021\/01\/logo-rappr.mil-300x300-1-90x90.jpg 90w\" sizes=\"(max-width: 300px) 100vw, 300px\" \/><\/figure><\/div>\n\n\n\n<figure class=\"wp-block-table aligncenter\"><table><tbody><tr><td>Presidente<\/td><td>Gianni Albertini<\/td><\/tr><tr><td>Allenatore<\/td><td>Carlo Alberto &#8220;Tino&#8221; De Mazzeri<\/td><\/tr><\/tbody><\/table><\/figure>\n\n\n\n<figure class=\"wp-block-table\"><table><tbody><tr><td class=\"has-text-align-center\" data-align=\"center\">Ruolo<\/td><td><strong>Giocatori con almeno una presenza in prima squadra.<\/strong><\/td><\/tr><tr><td class=\"has-text-align-center\" data-align=\"center\">P<\/td><td>Augusto Gerosa, Giannantonio Zopegni.<\/td><\/tr><tr><td class=\"has-text-align-center\" data-align=\"center\">D<\/td><td>Tino De Mazzeri, Franco Rossi, Tranquillo Rossi, Decio Trovati.<\/td><\/tr><tr><td class=\"has-text-align-center\" data-align=\"center\">A<\/td><td>Luigi Bestagini, Egidio Bruciamonti, Ignazio Dionisi, Arnaldo e Piero Fabris, Aldo Federici, Ferdinando Giordani, Dino Innocenti, Giacomo Levi. <\/td><\/tr><\/tbody><\/table><\/figure>\n\n\n\n<p class=\"has-text-align-center\">Cinque mesi di guerra non modificano i programmi e i propositi delle federazioni sportive nazionali, all&#8217;apparenza tutto prosegue nell&#8217;assoluta normalit\u00e0. A Cortina si aprono i cantieri degli impianti sportivi olimpici, la costruzione pi\u00f9 importante \u00e8 lo stadio del ghiaccio. Sorger\u00e0 nella zona del Revis, la struttura sar\u00e0 edificata parte in muratura e parte in legno, oltremodo limitato l&#8217;impegno del ferro. La Juventus FC ha intenzione di dotarsi di un grande centro sportivo e il progetto dell&#8217;ing. Morelli prevede anche una pista per il ghiaccio. Il sodalizio bianconero crea da subito una sezione pattinaggio che comprende una squadra di hockey collocando alla presidenza l&#8217;ex calciatore Giampiero Combi. A fine ottobre il Piranesi \u00e8 gi\u00e0 aperto, ma l&#8217;hockey \u00e8 ancora fermo. La FISI non accetta l&#8217;aumento del canone d&#8217;affitto e si teme di mandare a monte l&#8217;intera stagione. La situazione si sblocca grazie all&#8217;intervento del segretario generale Romolo Giacomini e la sera della riunione che di fatto apre la stagione si rivolge un appassionato saluto agli assenti perch\u00e9 impegnati al fronte: l&#8217;ing. Gianni Albertini (Germania), Enrico Calcaterra (Cirenaica),  Gigi Venosta (Libia) e Mario Maiocchi (Albania). Commozione e costernazione nel ricordo di Millo Mussi. Con l&#8217;esiguo numero di giocatori a disposizione si decide che anche per questa stagione si giocher\u00e0 come squadra rappresentativa milanese.<\/p>\n\n\n\n<figure class=\"wp-block-table\"><table><tbody><tr><td>Ruolo<\/td><td><strong>Giocatori presenti al primo allenamento.<\/strong><\/td><\/tr><tr><td>P<\/td><td>Augusto Gerosa e Giannantonio Zopegni.<\/td><\/tr><tr><td>D<\/td><td>Tino De Mazzeri, Franco Rossi e Tranquillo Rossi.<\/td><\/tr><tr><td>A<\/td><td>Arnaldo Fabris, Ferdinando Giordani, Giuseppe Timpano, Giacomo Levi, Carlo Signorini e Roberto Taroni.<\/td><\/tr><\/tbody><\/table><\/figure>\n\n\n\n<p class=\"has-text-align-center\">Al gruppo si aggiunge il trentatreenne Decio Trovati che verificate le sue condizioni decider\u00e0 se continuare. Assenti ma disponibili Bestagini, Carlassare e Federici. Il rag. Moro sta tentando di convincere Otto Rauth a tornare a Milano, cosa ardua poich\u00e9 in Svizzera si giocher\u00e0 il campionato. Di volta in volta si uniranno alla rosa i giocatori in licenza e per loro si sta cercando di ottenere l&#8217;avvicinamento. Difficile procurarlo a Venosta che si \u00e8 distinto nei combattimenti aerei nel Nordafrica.<\/p>\n\n\n\n<div class=\"wp-block-image\"><figure class=\"aligncenter size-large\"><img loading=\"lazy\" decoding=\"async\" width=\"500\" height=\"567\" src=\"https:\/\/www.milanosiamonoi.com\/wp-content\/uploads\/2021\/01\/40.11.17-Venosta-decorato-GdS-meno-alta.jpg\" alt=\"\" class=\"wp-image-4806\" srcset=\"https:\/\/www.milanosiamonoi.com\/wp-content\/uploads\/2021\/01\/40.11.17-Venosta-decorato-GdS-meno-alta.jpg 500w, https:\/\/www.milanosiamonoi.com\/wp-content\/uploads\/2021\/01\/40.11.17-Venosta-decorato-GdS-meno-alta-265x300.jpg 265w, https:\/\/www.milanosiamonoi.com\/wp-content\/uploads\/2021\/01\/40.11.17-Venosta-decorato-GdS-meno-alta-88x100.jpg 88w, https:\/\/www.milanosiamonoi.com\/wp-content\/uploads\/2021\/01\/40.11.17-Venosta-decorato-GdS-meno-alta-44x50.jpg 44w, https:\/\/www.milanosiamonoi.com\/wp-content\/uploads\/2021\/01\/40.11.17-Venosta-decorato-GdS-meno-alta-22x25.jpg 22w\" sizes=\"(max-width: 500px) 100vw, 500px\" \/><figcaption><em>Decorazione di Venosta. (La Gazzetta dello Sport)<\/em><\/figcaption><\/figure><\/div>\n\n\n\n<p class=\"has-text-align-center\">17 agosto 1940, \u00e8 la stessa data della scomparsa di Millo Mussi, la stessa missione e l&#8217;aereo pilotato da Mussi era uno dei tre gregari abbattuti. <\/p>\n\n\n\n<div class=\"wp-block-image\"><figure class=\"aligncenter size-large\"><img loading=\"lazy\" decoding=\"async\" width=\"516\" height=\"513\" src=\"https:\/\/www.milanosiamonoi.com\/wp-content\/uploads\/2021\/01\/40.11.27-RM-no-Venosta-Copia.jpg\" alt=\"\" class=\"wp-image-4825\" srcset=\"https:\/\/www.milanosiamonoi.com\/wp-content\/uploads\/2021\/01\/40.11.27-RM-no-Venosta-Copia.jpg 516w, https:\/\/www.milanosiamonoi.com\/wp-content\/uploads\/2021\/01\/40.11.27-RM-no-Venosta-Copia-300x298.jpg 300w, https:\/\/www.milanosiamonoi.com\/wp-content\/uploads\/2021\/01\/40.11.27-RM-no-Venosta-Copia-150x150.jpg 150w, https:\/\/www.milanosiamonoi.com\/wp-content\/uploads\/2021\/01\/40.11.27-RM-no-Venosta-Copia-100x100.jpg 100w, https:\/\/www.milanosiamonoi.com\/wp-content\/uploads\/2021\/01\/40.11.27-RM-no-Venosta-Copia-50x50.jpg 50w, https:\/\/www.milanosiamonoi.com\/wp-content\/uploads\/2021\/01\/40.11.27-RM-no-Venosta-Copia-25x25.jpg 25w, https:\/\/www.milanosiamonoi.com\/wp-content\/uploads\/2021\/01\/40.11.27-RM-no-Venosta-Copia-90x90.jpg 90w\" sizes=\"(max-width: 516px) 100vw, 516px\" \/><\/figure><\/div>\n\n\n\n<p class=\"has-text-align-center\">Pur ostacolato da enormi difficolt\u00e0 organizzative il ragionier Moro riesce a stilare un calendario di incontri, nell&#8217;ordine Star Losanna, Riessersee SC, Klagenfurt AC e SC Berna. Nella gara con i vodesi all&#8217;assenza di Venosta si sommano quella di De Mazzeri, richiamato negli alpini e Gerosa che, feritosi a una mano in allenamento, scender\u00e0 in pista come arbitro coadiuvato da Pierino Talamona. La falla in difesa viene tamponata dal ritorno all&#8217;attivit\u00e0 di Decio Trovati, la prima linea d&#8217;attacco presenta Federici, Innocenti e Bruciamonti. la seconda Arnaldo Fabris, Giordani e Bestagini.<\/p>\n\n\n\n<div class=\"wp-block-image\"><figure class=\"aligncenter size-large is-resized\"><img loading=\"lazy\" decoding=\"async\" src=\"https:\/\/www.milanosiamonoi.com\/wp-content\/uploads\/2021\/02\/40.11.27-RM-allenamento.jpg\" alt=\"\" class=\"wp-image-5028\" width=\"572\" height=\"316\" srcset=\"https:\/\/www.milanosiamonoi.com\/wp-content\/uploads\/2021\/02\/40.11.27-RM-allenamento.jpg 937w, https:\/\/www.milanosiamonoi.com\/wp-content\/uploads\/2021\/02\/40.11.27-RM-allenamento-300x166.jpg 300w, https:\/\/www.milanosiamonoi.com\/wp-content\/uploads\/2021\/02\/40.11.27-RM-allenamento-768x425.jpg 768w, https:\/\/www.milanosiamonoi.com\/wp-content\/uploads\/2021\/02\/40.11.27-RM-allenamento-100x55.jpg 100w, https:\/\/www.milanosiamonoi.com\/wp-content\/uploads\/2021\/02\/40.11.27-RM-allenamento-50x28.jpg 50w, https:\/\/www.milanosiamonoi.com\/wp-content\/uploads\/2021\/02\/40.11.27-RM-allenamento-25x14.jpg 25w, https:\/\/www.milanosiamonoi.com\/wp-content\/uploads\/2021\/02\/40.11.27-RM-allenamento-740x409.jpg 740w\" sizes=\"(max-width: 572px) 100vw, 572px\" \/><figcaption><em>Ultimo allenamento; da sinistra in piedi: T. Rossi, Innocenti, Federici, F. Rossi, D. Trovati, Bruciamonti, Giordani e Talamona. In basso: A. Fabris, Zopegni e il massaggiatore Imboldi.<\/em> <em>Foto pubblicata da &#8220;L&#8217;Ambrosiano&#8221; il giorno della partita con lo Star Losanna HC.<\/em><\/figcaption><\/figure><\/div>\n\n\n\n<figure class=\"wp-block-table aligncenter\"><table><tbody><tr><td><strong>1940<\/strong><\/td><td><strong>Milano &#8211; Partite amichevoli.<\/strong><\/td><td>Risultato<\/td><\/tr><tr><td>27 novembre<\/td><td>Rappr. Milanese-Star Losanna <\/td><td>5-1 (1-0; 2-1; 2-0)<\/td><\/tr><tr><td>11 dicembre<\/td><td>Rappr. Milanese-Riessersee SC<\/td><td>1-0 (0-0; 0-0; 1-0)<\/td><\/tr><tr><td>18 dicembre<\/td><td>Rappr. Milanese-Klagenfurt AC<\/td><td>5-0 (2-0; 1-0; 2-0)<\/td><\/tr><\/tbody><\/table><\/figure>\n\n\n\n<div class=\"wp-block-image\"><figure class=\"aligncenter size-large\"><img loading=\"lazy\" decoding=\"async\" width=\"428\" height=\"672\" src=\"https:\/\/www.milanosiamonoi.com\/wp-content\/uploads\/2021\/01\/40.12.18-RM-KAC-5-0-GdS-Copia.jpg\" alt=\"\" class=\"wp-image-4848\" srcset=\"https:\/\/www.milanosiamonoi.com\/wp-content\/uploads\/2021\/01\/40.12.18-RM-KAC-5-0-GdS-Copia.jpg 428w, https:\/\/www.milanosiamonoi.com\/wp-content\/uploads\/2021\/01\/40.12.18-RM-KAC-5-0-GdS-Copia-191x300.jpg 191w, https:\/\/www.milanosiamonoi.com\/wp-content\/uploads\/2021\/01\/40.12.18-RM-KAC-5-0-GdS-Copia-64x100.jpg 64w, https:\/\/www.milanosiamonoi.com\/wp-content\/uploads\/2021\/01\/40.12.18-RM-KAC-5-0-GdS-Copia-32x50.jpg 32w, https:\/\/www.milanosiamonoi.com\/wp-content\/uploads\/2021\/01\/40.12.18-RM-KAC-5-0-GdS-Copia-16x25.jpg 16w\" sizes=\"(max-width: 428px) 100vw, 428px\" \/><figcaption><em>Come in questo caso, spesso i giornali scrivono Milano e non Rappresentativa Milanese. Qui &#8220;La Gazzetta dello Sport&#8221; d\u00e0 il Klagenfurt AC campione di Germania, ma in verit\u00e0 il titolo lo aveva vinto il Wiener EG.<\/em><\/figcaption><\/figure><\/div>\n\n\n\n<p class=\"has-text-align-center\">Quello con il Klagenfurt \u00e8 l&#8217;ultimo match del 1940. Solo alle 18.30 del 23 dicembre i dirigenti del Berna avvisano i corrispettivi milanesi che alcuni giocatori privi di visto consolare costringono la formazione della capitale elvetica a rinunciare alla trasferta in Lombardia. Prende corpo il timore che le recenti incursioni aeree degli alleati sulla citt\u00e0 possano sconsigliare possibili avversari nel recarsi a Milano. Intanto la richiesta di avvicinamento per De Mazzeri \u00e8 stata accolta, di contro \u00e8 stato richiamato Ferdinando Giordani, mentre Otto Rauth ha deciso di restare al Rotweiss Basilea.<\/p>\n\n\n\n<div class=\"wp-block-image\"><figure class=\"aligncenter size-large is-resized\"><img loading=\"lazy\" decoding=\"async\" src=\"https:\/\/www.milanosiamonoi.com\/wp-content\/uploads\/2021\/01\/40.12.02_Dem-Ger-Rossi-1.jpg\" alt=\"\" class=\"wp-image-4821\" width=\"552\" height=\"313\" srcset=\"https:\/\/www.milanosiamonoi.com\/wp-content\/uploads\/2021\/01\/40.12.02_Dem-Ger-Rossi-1.jpg 800w, https:\/\/www.milanosiamonoi.com\/wp-content\/uploads\/2021\/01\/40.12.02_Dem-Ger-Rossi-1-300x171.jpg 300w, https:\/\/www.milanosiamonoi.com\/wp-content\/uploads\/2021\/01\/40.12.02_Dem-Ger-Rossi-1-768x437.jpg 768w, https:\/\/www.milanosiamonoi.com\/wp-content\/uploads\/2021\/01\/40.12.02_Dem-Ger-Rossi-1-100x57.jpg 100w, https:\/\/www.milanosiamonoi.com\/wp-content\/uploads\/2021\/01\/40.12.02_Dem-Ger-Rossi-1-50x28.jpg 50w, https:\/\/www.milanosiamonoi.com\/wp-content\/uploads\/2021\/01\/40.12.02_Dem-Ger-Rossi-1-25x14.jpg 25w, https:\/\/www.milanosiamonoi.com\/wp-content\/uploads\/2021\/01\/40.12.02_Dem-Ger-Rossi-1-740x421.jpg 740w\" sizes=\"(max-width: 552px) 100vw, 552px\" \/><figcaption><em>Da sinistra: De Mazzeri, Gerosa e Franco Rossi.<\/em><\/figcaption><\/figure><\/div>\n\n\n\n<p class=\"has-text-align-center\">Inaspettatamente la FISI informa che si giocher\u00e0 il campionato. Con la penuria di club in attivit\u00e0 ci si chiede chi si iscriver\u00e0 al torneo, la sola squadra che si sta allenando intensamente \u00e8 la neonata Juventus che tra l&#8217;altro ha nelle sue file i milanesi Enzo Cesana e Floriano Mainoldi, sporadiche le apparizioni di Torre Pellice e Asiago. In via Piranesi trova consensi la proposta di ritornare alla sigla AMDG, ma non se ne far\u00e0 niente.<\/p>\n\n\n\n<figure class=\"wp-block-image size-large\"><img loading=\"lazy\" decoding=\"async\" width=\"736\" height=\"600\" src=\"https:\/\/www.milanosiamonoi.com\/wp-content\/uploads\/2021\/01\/40.12.25-foto-Juve-allenam.-GdS-e1612133261663.jpg\" alt=\"\" class=\"wp-image-4858\"\/><figcaption><em>La Juventus  Pattinaggio in allenamento<\/em>. <em>(La Gazzetta dello Sport)<\/em><\/figcaption><\/figure>\n\n\n\n<p class=\"has-text-align-center\">Nella prima settimana di gennaio il Palazzo riabbraccia con enorme piacere Gigi Venosta ed Enrico Calcaterra, entrambi reduci dal fronte marmarico. Come lo scorso anno il programma include il doppio match con la Svizzera, una serie di partite con formazioni elvetiche e la partecipazione alla settimana degli sport invernali di Garmisch Partenkirchen. In un bellissimo pomeriggio di sole dodicimila spettatori riempiono le gradinate dello stadio Dolder. I rossocrociati ripagano la fiducia e il caloroso incitamento dei loro tifosi cogliendo una brillante vittoria. <\/p>\n\n\n\n<div class=\"wp-block-image\"><figure class=\"aligncenter size-large\"><img loading=\"lazy\" decoding=\"async\" width=\"400\" height=\"591\" src=\"https:\/\/www.milanosiamonoi.com\/wp-content\/uploads\/2021\/01\/41.01.12-Svi-Ita-DeM-1.jpg\" alt=\"\" class=\"wp-image-4814\" srcset=\"https:\/\/www.milanosiamonoi.com\/wp-content\/uploads\/2021\/01\/41.01.12-Svi-Ita-DeM-1.jpg 400w, https:\/\/www.milanosiamonoi.com\/wp-content\/uploads\/2021\/01\/41.01.12-Svi-Ita-DeM-1-203x300.jpg 203w, https:\/\/www.milanosiamonoi.com\/wp-content\/uploads\/2021\/01\/41.01.12-Svi-Ita-DeM-1-68x100.jpg 68w, https:\/\/www.milanosiamonoi.com\/wp-content\/uploads\/2021\/01\/41.01.12-Svi-Ita-DeM-1-34x50.jpg 34w, https:\/\/www.milanosiamonoi.com\/wp-content\/uploads\/2021\/01\/41.01.12-Svi-Ita-DeM-1-17x25.jpg 17w\" sizes=\"(max-width: 400px) 100vw, 400px\" \/><figcaption><em>Il col. Rieter con Tino De Mazzeri e Bibi Torriani nel prepartita.<\/em><\/figcaption><\/figure><\/div>\n\n\n\n<figure class=\"wp-block-table\"><table><tbody><tr><td><strong>Zurigo, 12 gennaio 1941 &#8211; Partita amichevole.<\/strong><\/td><\/tr><tr><td>Svizzera-Italia 7-2 (2-0; 3-0; 2-2)<\/td><\/tr><tr><td>Svizzera: Muller; F. Geromini, Mathys; Trauffer; Bibi Torriani, H. e F. Cattini; Ruedi, Loehrer, C. Kessler; Dallmaier.<\/td><\/tr><tr><td>Italia: Gerosa; De Mazzeri, F. Rossi; Federici, Innocenti, Bruciamonti; Piero e Arnaldo Fabris, Giordani; D. Trovati.<\/td><\/tr><tr><td>Reti: 1\u00b0t. <em>2&#8242; H. Cattini, 12&#8242; F. Cattini.<\/em> 3\u00b0t. <em>2&#8242; Bibi Torriani, 11&#8242; F. Cattini, 13&#8242; H. Cattini.<\/em> 3\u00b0t. <em>9&#8242; Ruedi,<\/em> 11&#8242; D. Trovati, <em>13&#8242; F. Cattini,<\/em> 14&#8242; Innocenti.<\/td><\/tr><tr><td>Arbitri: Eberle e Hirtz (Svizzera).<\/td><\/tr><\/tbody><\/table><\/figure>\n\n\n\n<figure class=\"wp-block-image size-large\"><img loading=\"lazy\" decoding=\"async\" width=\"800\" height=\"455\" src=\"https:\/\/www.milanosiamonoi.com\/wp-content\/uploads\/2021\/01\/41.03.italia_svizzera.jpg\" alt=\"\" class=\"wp-image-4734\" srcset=\"https:\/\/www.milanosiamonoi.com\/wp-content\/uploads\/2021\/01\/41.03.italia_svizzera.jpg 800w, https:\/\/www.milanosiamonoi.com\/wp-content\/uploads\/2021\/01\/41.03.italia_svizzera-300x171.jpg 300w, https:\/\/www.milanosiamonoi.com\/wp-content\/uploads\/2021\/01\/41.03.italia_svizzera-768x437.jpg 768w, https:\/\/www.milanosiamonoi.com\/wp-content\/uploads\/2021\/01\/41.03.italia_svizzera-100x57.jpg 100w, https:\/\/www.milanosiamonoi.com\/wp-content\/uploads\/2021\/01\/41.03.italia_svizzera-50x28.jpg 50w, https:\/\/www.milanosiamonoi.com\/wp-content\/uploads\/2021\/01\/41.03.italia_svizzera-25x14.jpg 25w, https:\/\/www.milanosiamonoi.com\/wp-content\/uploads\/2021\/01\/41.03.italia_svizzera-740x421.jpg 740w\" sizes=\"(max-width: 800px) 100vw, 800px\" \/><figcaption><em>Da sinistra: Gerosa, F. Rossi, A. Fabris, D. Trovati, Bruciamonti, Innocenti, De Mazzeri, P. Fabris, Giordani, Federici.<\/em><\/figcaption><\/figure>\n\n\n\n<p class=\"has-text-align-center\">Dopo le prime gare di campionato e alcuni incontri internazionali gli svizzeri sono in piena forma. Gli azzurri non si sono mai arresi; prova ne sia il 2-2 del terzo tempo. Magnifico e coraggioso come sempre Gerosa. Colpito alla regione del sopracciglio sinistro da un disco tirato da Charlie Kessler all&#8217;inizio del terzo periodo, incerottato \u00e8 rimasto sul ghiaccio fino al fischio di chiusura. L&#8217;intramontabile Decio Trovati e Dino Innocenti gli autori delle due reti azzurre.<\/p>\n\n\n\n<div class=\"wp-block-image\"><figure class=\"aligncenter size-large\"><img loading=\"lazy\" decoding=\"async\" width=\"618\" height=\"646\" src=\"https:\/\/www.milanosiamonoi.com\/wp-content\/uploads\/2021\/02\/41.01.15-Elogio-Gerosa-1.jpg\" alt=\"\" class=\"wp-image-5224\" srcset=\"https:\/\/www.milanosiamonoi.com\/wp-content\/uploads\/2021\/02\/41.01.15-Elogio-Gerosa-1.jpg 618w, https:\/\/www.milanosiamonoi.com\/wp-content\/uploads\/2021\/02\/41.01.15-Elogio-Gerosa-1-287x300.jpg 287w, https:\/\/www.milanosiamonoi.com\/wp-content\/uploads\/2021\/02\/41.01.15-Elogio-Gerosa-1-96x100.jpg 96w, https:\/\/www.milanosiamonoi.com\/wp-content\/uploads\/2021\/02\/41.01.15-Elogio-Gerosa-1-48x50.jpg 48w, https:\/\/www.milanosiamonoi.com\/wp-content\/uploads\/2021\/02\/41.01.15-Elogio-Gerosa-1-25x25.jpg 25w\" sizes=\"(max-width: 618px) 100vw, 618px\" \/><figcaption><em>Elogio del col. Rieter agli azzurri e in particolare a Gerosa. <\/em><\/figcaption><\/figure><\/div>\n\n\n\n<p class=\"has-text-align-center\">La tourn\u00e9e continua in biancorosso, ma senza l&#8217;apporto di Arnaldo Fabris  infortunatosi al Dolder. A Berna in porta gioca Zopegni,  vittoria assicurata da Innocenti, F. Rossi e doppietta di Federici. Benissimo anche a Losanna, dove torna tra i pali Gerosa. Decisivo l&#8217;uno-due di Federici e Decio Trovati all&#8217;inizio del secondo tempo. La carta stampata definisce sorprendenti le prestazioni di Decio Trovati e lo aveva gi\u00e0 sottolineato al suo ritorno in pista con Riessersee e Klagenfurt. Il 24 gennaio discreta presenza di pubblico per il ritorno sul ghiaccio al Piranesi, ma il Rotweiss scende a Milano privo di Otto Rauth e altri titolari impegnati nel servizio militare.<\/p>\n\n\n\n<figure class=\"wp-block-table\"><table><tbody><tr><td><strong>1941<\/strong><\/td><td>Luogo<\/td><td><strong>Partite amichevoli<\/strong>.<\/td><td>Risultato<\/td><\/tr><tr><td>15 gennaio<\/td><td>Berna<\/td><td>SC Berna-Rappr. Milanese<\/td><td>1-4 (0-3; 1-0: 0-1)<\/td><\/tr><tr><td>16 gennaio<\/td><td>Losanna<\/td><td>Star Losanna-Rappr. Milanese<\/td><td>0-2 (0-0; 0-2; 0-0)<\/td><\/tr><tr><td>24 gennaio<\/td><td>Milano<\/td><td>Rappr. Milanese-Rotweiss Basilea<\/td><td>7-0 (4-0; 1-0; 2-0)<\/td><\/tr><\/tbody><\/table><\/figure>\n\n\n\n<p class=\"has-text-align-center\">I vuoti creati dagli arruolamenti riducono all&#8217;osso la rosa della prima squadra, si corre il rischio di non avere un numero adeguato di giocatori in grado di sostenere gli impegni della Nazionale. A questo scopo ha ripreso ad allenarsi Ignazio Dionisi e lo far\u00e0 anche Gigi Venosta. Procede anche la preparazione della seconda squadra e in proiezione campionato domenica 26 gennaio trasferta a Torino per incontrare la Juventus.<\/p>\n\n\n\n<div class=\"wp-block-image\"><figure class=\"aligncenter size-large\"><img loading=\"lazy\" decoding=\"async\" width=\"832\" height=\"373\" src=\"https:\/\/www.milanosiamonoi.com\/wp-content\/uploads\/2021\/01\/41.01.26-Juve-M-B-1-0-articolo-GdS-1.jpg\" alt=\"\" class=\"wp-image-4929\" srcset=\"https:\/\/www.milanosiamonoi.com\/wp-content\/uploads\/2021\/01\/41.01.26-Juve-M-B-1-0-articolo-GdS-1.jpg 832w, https:\/\/www.milanosiamonoi.com\/wp-content\/uploads\/2021\/01\/41.01.26-Juve-M-B-1-0-articolo-GdS-1-300x134.jpg 300w, https:\/\/www.milanosiamonoi.com\/wp-content\/uploads\/2021\/01\/41.01.26-Juve-M-B-1-0-articolo-GdS-1-768x344.jpg 768w, https:\/\/www.milanosiamonoi.com\/wp-content\/uploads\/2021\/01\/41.01.26-Juve-M-B-1-0-articolo-GdS-1-100x45.jpg 100w, https:\/\/www.milanosiamonoi.com\/wp-content\/uploads\/2021\/01\/41.01.26-Juve-M-B-1-0-articolo-GdS-1-50x22.jpg 50w, https:\/\/www.milanosiamonoi.com\/wp-content\/uploads\/2021\/01\/41.01.26-Juve-M-B-1-0-articolo-GdS-1-25x11.jpg 25w, https:\/\/www.milanosiamonoi.com\/wp-content\/uploads\/2021\/01\/41.01.26-Juve-M-B-1-0-articolo-GdS-1-740x332.jpg 740w\" sizes=\"(max-width: 832px) 100vw, 832px\" \/><figcaption>Articolo da &#8220;La Gazzetta dello Sport&#8221; che loda il giovanissimo Umberto Gerli.<\/figcaption><\/figure><\/div>\n\n\n\n<div class=\"wp-block-image\"><figure class=\"aligncenter size-large\"><img loading=\"lazy\" decoding=\"async\" width=\"668\" height=\"539\" src=\"https:\/\/www.milanosiamonoi.com\/wp-content\/uploads\/2021\/01\/41.01.26-foto-Juve-GdS-Copia-Copia.jpg\" alt=\"\" class=\"wp-image-4931\" srcset=\"https:\/\/www.milanosiamonoi.com\/wp-content\/uploads\/2021\/01\/41.01.26-foto-Juve-GdS-Copia-Copia.jpg 668w, https:\/\/www.milanosiamonoi.com\/wp-content\/uploads\/2021\/01\/41.01.26-foto-Juve-GdS-Copia-Copia-300x242.jpg 300w, https:\/\/www.milanosiamonoi.com\/wp-content\/uploads\/2021\/01\/41.01.26-foto-Juve-GdS-Copia-Copia-100x81.jpg 100w, https:\/\/www.milanosiamonoi.com\/wp-content\/uploads\/2021\/01\/41.01.26-foto-Juve-GdS-Copia-Copia-50x40.jpg 50w, https:\/\/www.milanosiamonoi.com\/wp-content\/uploads\/2021\/01\/41.01.26-foto-Juve-GdS-Copia-Copia-25x20.jpg 25w\" sizes=\"(max-width: 668px) 100vw, 668px\" \/><\/figure><\/div>\n\n\n\n<p class=\"has-text-align-center\">I biglietti del retour match con la Svizzera vanno letteralmente a ruba. Dalla sede milanese di via Santa Redegonda, la FISI rende noto con tre giorni di anticipo che i posti numerati sono esauriti, chi non vuole perdersi l&#8217;evento dovr\u00e0 accontentarsi dei posti in piedi. Il tutto esaurito porter\u00e0 nelle casse della Federazione 40.000 lire d&#8217;incasso. La sorpresa dell&#8217;ultima ora la presenta il secondo attacco: con i gemelli Fabris al centro gioca Venosta. Il decimo giocatori \u00e8 Decio Trovati in grado di coprire tutti i ruoli di movimento. Gli azzurri sono tutti militari tranne Gerosa che, lasciato il commercio di abbigliamento sportivo, lavora nell&#8217;avviata industria di cordami di propriet\u00e0 del padre, Trovati che \u00e8 ingegnere presso una societ\u00e0 di impianti elettrici, Federici e Bruciamonti. L&#8217;ultima raccomandazione prima di entrare in pista \u00e8 del rag. Moro: -Contro questi qui, un attacco di meno, un passaggio in pi\u00f9-.<\/p>\n\n\n\n<div class=\"wp-block-image\"><figure class=\"aligncenter size-large\"><img loading=\"lazy\" decoding=\"async\" width=\"400\" height=\"589\" src=\"https:\/\/www.milanosiamonoi.com\/wp-content\/uploads\/2021\/01\/41.02.02-TDMeBT-DeM.jpg\" alt=\"\" class=\"wp-image-4813\" srcset=\"https:\/\/www.milanosiamonoi.com\/wp-content\/uploads\/2021\/01\/41.02.02-TDMeBT-DeM.jpg 400w, https:\/\/www.milanosiamonoi.com\/wp-content\/uploads\/2021\/01\/41.02.02-TDMeBT-DeM-204x300.jpg 204w, https:\/\/www.milanosiamonoi.com\/wp-content\/uploads\/2021\/01\/41.02.02-TDMeBT-DeM-68x100.jpg 68w, https:\/\/www.milanosiamonoi.com\/wp-content\/uploads\/2021\/01\/41.02.02-TDMeBT-DeM-34x50.jpg 34w, https:\/\/www.milanosiamonoi.com\/wp-content\/uploads\/2021\/01\/41.02.02-TDMeBT-DeM-17x25.jpg 17w\" sizes=\"(max-width: 400px) 100vw, 400px\" \/><figcaption><em>I capitani:<\/em> <em>Tino De Mazzeri e Bibi Torriani.<\/em><\/figcaption><\/figure><\/div>\n\n\n\n<figure class=\"wp-block-table aligncenter\"><table><tbody><tr><td><strong>Milano, 2 febbraio 1941 &#8211; Partita amichevole.<\/strong><\/td><\/tr><tr><td>Italia-Svizzera 0-1 (0-1; 0-0; 0-0)<\/td><\/tr><tr><td>Rete: 1\u00b0t. <em>14&#8217;30&#8221; Bibi Torriani.<\/em> Arbitri: Calcaterra e Dionisi.<\/td><\/tr><\/tbody><\/table><\/figure>\n\n\n\n<div class=\"wp-block-image\"><figure class=\"aligncenter size-large\"><img loading=\"lazy\" decoding=\"async\" width=\"565\" height=\"803\" src=\"https:\/\/www.milanosiamonoi.com\/wp-content\/uploads\/2021\/02\/41.02.02-Ita-Svi-0-1-Corsera-1.jpg\" alt=\"\" class=\"wp-image-4972\" srcset=\"https:\/\/www.milanosiamonoi.com\/wp-content\/uploads\/2021\/02\/41.02.02-Ita-Svi-0-1-Corsera-1.jpg 565w, https:\/\/www.milanosiamonoi.com\/wp-content\/uploads\/2021\/02\/41.02.02-Ita-Svi-0-1-Corsera-1-211x300.jpg 211w, https:\/\/www.milanosiamonoi.com\/wp-content\/uploads\/2021\/02\/41.02.02-Ita-Svi-0-1-Corsera-1-70x100.jpg 70w, https:\/\/www.milanosiamonoi.com\/wp-content\/uploads\/2021\/02\/41.02.02-Ita-Svi-0-1-Corsera-1-35x50.jpg 35w, https:\/\/www.milanosiamonoi.com\/wp-content\/uploads\/2021\/02\/41.02.02-Ita-Svi-0-1-Corsera-1-18x25.jpg 18w\" sizes=\"(max-width: 565px) 100vw, 565px\" \/><figcaption><em>L&#8217;articolo sulla partita da &#8220;Il Corriere della Sera&#8221;.<\/em><\/figcaption><\/figure><\/div>\n\n\n\n<p class=\"has-text-align-center\">Nonostante la bellissima prova degli azzurri la Nazionale rossocrociata \u00e8 implacabile: settima partita, settima vittoria. L&#8217;incontro \u00e8 caratterizzato dalla scelta italiana di opporre al Ni-sturm la seconda linea e schierare la prima contro la seconda degli ospiti. Gli azzurri disciplinati e decisi avrebbero raggiunto la perfezione se Federici, Innocenti e Bruciamonti fossero riusciti a segnare. Questo il leitmotiv del match secondo Luigi Grassi (La Gazzetta dello Sport): -La squadra svizzera poteva paragonarsi a un telaio che tesse a velocit\u00e0 fantastica la tela delle azioni. La squadra italiana poteva ben paragonarsi per un arcolaio che ne aggroviglia i fili e costringe l&#8217;altro a rifare da capo il lavoro-.<\/p>\n\n\n\n<p class=\"has-text-align-center\">Impossibile trovare avversari per altre amichevoli, gli hockeisti proseguono la preparazione con partitelle in famiglia coinvolgendo gli allievi. Il numero di giocatori che parte per Garmisch Partenkirchen \u00e8 ancora pi\u00f9 ridotto di quello che si era recato in Svizzera. Venosta e i due Fabris rimangono a Milano, al gruppo si uniscono Giordani e Dionisi che vanta s\u00ec ventotto presenze azzurre, ma in pratica non gioca un match ufficiale dal marzo del 1939. Il torneo assomiglia a un campionato d&#8217;Europa, manca per evidenti motivi la Gran Bretagna, i cechi non sono stati invitati, Austria e Polonia non esistono. Le  nove partecipanti vengono divise in tre gironi, accedono alle semifinali le prime classificate e la migliore seconda. L&#8217;Italia capita con Svezia e Romania.<\/p>\n\n\n\n<figure class=\"wp-block-table aligncenter\"><table><tbody><tr><td><strong>1941<\/strong><\/td><td class=\"has-text-align-center\" data-align=\"center\"><strong>V Settimana internaz. &#8211; Garmisch P.<\/strong><\/td><td>Risultato<\/td><\/tr><tr><td><\/td><td class=\"has-text-align-center\" data-align=\"center\"><strong>Girone C<\/strong><\/td><td><\/td><\/tr><tr><td>20 febbraio<\/td><td class=\"has-text-align-center\" data-align=\"center\">Svezia-Italia<\/td><td>10-3 (1-1; 4-1; 5-1)<\/td><\/tr><tr><td>21 febbraio<\/td><td class=\"has-text-align-center\" data-align=\"center\">Romania-Italia<\/td><td>5-2 (1-0; 3&#8211;0; 1-2)<\/td><\/tr><\/tbody><\/table><\/figure>\n\n\n\n<div class=\"wp-block-image\"><figure class=\"aligncenter size-large\"><img loading=\"lazy\" decoding=\"async\" width=\"357\" height=\"483\" src=\"https:\/\/www.milanosiamonoi.com\/wp-content\/uploads\/2021\/03\/40.01.14-Aldo-Federici-2.jpg\" alt=\"\" class=\"wp-image-5552\" srcset=\"https:\/\/www.milanosiamonoi.com\/wp-content\/uploads\/2021\/03\/40.01.14-Aldo-Federici-2.jpg 357w, https:\/\/www.milanosiamonoi.com\/wp-content\/uploads\/2021\/03\/40.01.14-Aldo-Federici-2-222x300.jpg 222w, https:\/\/www.milanosiamonoi.com\/wp-content\/uploads\/2021\/03\/40.01.14-Aldo-Federici-2-74x100.jpg 74w, https:\/\/www.milanosiamonoi.com\/wp-content\/uploads\/2021\/03\/40.01.14-Aldo-Federici-2-37x50.jpg 37w, https:\/\/www.milanosiamonoi.com\/wp-content\/uploads\/2021\/03\/40.01.14-Aldo-Federici-2-18x25.jpg 18w\" sizes=\"(max-width: 357px) 100vw, 357px\" \/><figcaption><em>Aldo Federici, a segno con Svezia e Romania.<\/em><\/figcaption><\/figure><\/div>\n\n\n\n<p class=\"has-text-align-center\">Contro ogni pronostico la Germania vince il torneo piegando in finale la Svezia (2-1). La Svizzera, 0-2 con gli svedesi in semifinale, si classifica al terzo posto, quarta l&#8217;Ungheria. Per gli azzurri ci sarebbero molte giustificazioni a partire dal numero di atleti a disposizione. Dall&#8217;inizio della stagione solo sette dei presenti in Baviera si sono allenati intensamente, Dionisi \u00e8 tornato sul ghiaccio per fare numero e Giordani mancava da Milano da pi\u00f9 di un mese. La croce la si butta addosso a Gerosa che fino a una settimana prima era osannato da tutti, cos\u00ec il popolare G\u00e9 diventa il capro espiatorio delle sconfitte di Garmisch.<\/p>\n\n\n\n<figure class=\"wp-block-image size-large\"><img loading=\"lazy\" decoding=\"async\" width=\"800\" height=\"387\" src=\"https:\/\/www.milanosiamonoi.com\/wp-content\/uploads\/2021\/01\/41.03.vigorelli.jpg\" alt=\"\" class=\"wp-image-4735\" srcset=\"https:\/\/www.milanosiamonoi.com\/wp-content\/uploads\/2021\/01\/41.03.vigorelli.jpg 800w, https:\/\/www.milanosiamonoi.com\/wp-content\/uploads\/2021\/01\/41.03.vigorelli-300x145.jpg 300w, https:\/\/www.milanosiamonoi.com\/wp-content\/uploads\/2021\/01\/41.03.vigorelli-768x372.jpg 768w, https:\/\/www.milanosiamonoi.com\/wp-content\/uploads\/2021\/01\/41.03.vigorelli-100x48.jpg 100w, https:\/\/www.milanosiamonoi.com\/wp-content\/uploads\/2021\/01\/41.03.vigorelli-50x24.jpg 50w, https:\/\/www.milanosiamonoi.com\/wp-content\/uploads\/2021\/01\/41.03.vigorelli-25x12.jpg 25w, https:\/\/www.milanosiamonoi.com\/wp-content\/uploads\/2021\/01\/41.03.vigorelli-740x358.jpg 740w\" sizes=\"(max-width: 800px) 100vw, 800px\" \/><\/figure>\n\n\n\n<p class=\"has-text-align-center\">Severa e coraggiosa la requisitoria di Luigi Grassi dalle pagine de &#8220;La Gazzetta dello Sport&#8221;; segue stralcio di un suo articolo. La repentina eliminazione dal torneo di GA-PA non stupisce gli intenditori di questo sport. Pur tenendo conto delle assenze e dei sostituti di emergenza, le cause remote della sconfitta vanno ricercate nella scarsa efficienza del nostro disco su ghiaccio che per svilupparsi deve uscire dalla periferia di Milano (unica pista artificiale a Porta Vittoria) e svilupparsi in tutta l&#8217;Italia settentrionale. Solo con le piste pu\u00f2 aumentare il numero di praticanti, con folti gruppi di atleti e pi\u00f9 larghe possibilit\u00e0 di selezione si riuscir\u00e0 ad allestire una Nazionale in grado di reggere il confronto con le forti esponenti degli altri paesi, il cui patrimonio di impianti, squadre e tesserati fa impallidire le nostre povere cifre, limitate a una sola societ\u00e0 di primo piano, una dozzina di giocatori di livello internazionale, una trentina di allievi, tutti a Milano. Altrove nebbia fitta, un&#8217;attivit\u00e0 ridottissima, solo Juventus, Asiago e Torre Pellice hanno disputato qualche amichevole. Dov&#8217;\u00e8 finito il Cortina? Scomparso!<\/p>\n\n\n\n<p class=\"has-text-align-center\">Il penultimo test internazionale della stagione \u00e8 con la Germania, presentata come campione d&#8217;Europa e non importa se i cechi a Garmisch Partenkirchen non c&#8217;erano. In porta esordisce Zopegni, poche partite alle spalle ma preferito a Gerosa che sconta le &#8220;colpe&#8221; di Garmisch. Da vecchia guardia la seconda linea di punte; Dionisi-Venosta-Decio Trovati: quando entrer\u00e0 Giordani a turno tireranno il fiato. La Germania non \u00e8 proprio la stessa di Garmisch, in pratica \u00e8 il Riessersee SC rinforzato da Walter Leinweber (Fussen) e da Feistritzer (Mannheim). <\/p>\n\n\n\n<div class=\"wp-block-image\"><figure class=\"aligncenter size-large\"><img loading=\"lazy\" decoding=\"async\" width=\"400\" height=\"660\" src=\"https:\/\/www.milanosiamonoi.com\/wp-content\/uploads\/2021\/01\/41.03.02-TDMeDEM-dm.jpg\" alt=\"\" class=\"wp-image-4812\" srcset=\"https:\/\/www.milanosiamonoi.com\/wp-content\/uploads\/2021\/01\/41.03.02-TDMeDEM-dm.jpg 400w, https:\/\/www.milanosiamonoi.com\/wp-content\/uploads\/2021\/01\/41.03.02-TDMeDEM-dm-182x300.jpg 182w, https:\/\/www.milanosiamonoi.com\/wp-content\/uploads\/2021\/01\/41.03.02-TDMeDEM-dm-61x100.jpg 61w, https:\/\/www.milanosiamonoi.com\/wp-content\/uploads\/2021\/01\/41.03.02-TDMeDEM-dm-30x50.jpg 30w, https:\/\/www.milanosiamonoi.com\/wp-content\/uploads\/2021\/01\/41.03.02-TDMeDEM-dm-15x25.jpg 15w\" sizes=\"(max-width: 400px) 100vw, 400px\" \/><figcaption><em>I capitani De Mazzeri e Demmer nel prepartita.<\/em><\/figcaption><\/figure><\/div>\n\n\n\n<div class=\"wp-block-image\"><figure class=\"aligncenter size-large\"><img loading=\"lazy\" decoding=\"async\" width=\"800\" height=\"455\" src=\"https:\/\/www.milanosiamonoi.com\/wp-content\/uploads\/2021\/01\/41.03.02-ITA-DeM.jpg\" alt=\"\" class=\"wp-image-4818\" srcset=\"https:\/\/www.milanosiamonoi.com\/wp-content\/uploads\/2021\/01\/41.03.02-ITA-DeM.jpg 800w, https:\/\/www.milanosiamonoi.com\/wp-content\/uploads\/2021\/01\/41.03.02-ITA-DeM-300x171.jpg 300w, https:\/\/www.milanosiamonoi.com\/wp-content\/uploads\/2021\/01\/41.03.02-ITA-DeM-768x437.jpg 768w, https:\/\/www.milanosiamonoi.com\/wp-content\/uploads\/2021\/01\/41.03.02-ITA-DeM-100x57.jpg 100w, https:\/\/www.milanosiamonoi.com\/wp-content\/uploads\/2021\/01\/41.03.02-ITA-DeM-50x28.jpg 50w, https:\/\/www.milanosiamonoi.com\/wp-content\/uploads\/2021\/01\/41.03.02-ITA-DeM-25x14.jpg 25w, https:\/\/www.milanosiamonoi.com\/wp-content\/uploads\/2021\/01\/41.03.02-ITA-DeM-740x421.jpg 740w\" sizes=\"(max-width: 800px) 100vw, 800px\" \/><figcaption><em>Da sinistra gli azzurri: F. Rossi, Dionisi, Innocenti, Calcaterra, De Mazzeri, Federici, D. Trovati e Bruciamonti. In basso: Zopegni. Mancano Venosta e Giordani.<\/em> <\/figcaption><\/figure><\/div>\n\n\n\n<figure class=\"wp-block-table\"><table><tbody><tr><td><strong>Milano, 2 marzo 1941 &#8211; Partita amichevole.<\/strong><\/td><\/tr><tr><td>Italia-Germania 5-3 (2-0; 2-1; 1-2)<\/td><\/tr><tr><td>Italia: Zopegni; De Mazzeri, F. Rossi; Federici, Innocenti, Bruciamonti; Dionisi, Venosta, Giordani; D. Trovati.<\/td><\/tr><tr><td>Germania: W. Leinweber; Wild, Kuhn; Feistritzer, Demmer, Schenk; Lang, Strobl, Schmidienger; Egger.<\/td><\/tr><tr><td>Reti: 1\u00b0t. 12&#8242; D. Trovati, 13&#8242; Federici. 2\u00b0t.<em> 1&#8242; Wild, <\/em>11&#8242; Innocenti (Federici), 14&#8242; Federici (Innocenti). 3\u00b0t. <em>4&#8242; Feistritzer, 7&#8242; Wild, <\/em>9&#8242; Bruciamonti (Federici).<\/td><\/tr><tr><td>Arbitri: Calcaterra (Italia) e Kreisler (Germania).<\/td><\/tr><\/tbody><\/table><\/figure>\n\n\n\n<p class=\"has-text-align-center\">A distanza di tredici mesi esatti dall&#8217;ultima vittoria della Nazionale (3-1 alla Slovacchia) gli azzurri riassaporano il gusto del successo. Il migliore in campo \u00e8 Federici, evidente il suo apporto rispetto allo scorso anno. Bene Zopegni tra i pali, ma per gli addetti ai lavori deve migliorare nell&#8217;uso del bastone, poich\u00e9 \u00e8 spesso impreciso nel passare il disco dopo una parata. Sfortunato Ferdinado Giordani, una lama di un pattino gli ha procurato un brutto taglio a una caviglia e la sua uscita di scena ha messo a dura prova i polmoni del trio &#8220;vecchia guardia&#8221; nel terzo tempo.<\/p>\n\n\n\n<div class=\"wp-block-image\"><figure class=\"aligncenter size-large\"><img loading=\"lazy\" decoding=\"async\" width=\"800\" height=\"455\" src=\"https:\/\/www.milanosiamonoi.com\/wp-content\/uploads\/2021\/01\/41.03.02-I-Ger-at.ted-DeM.jpg\" alt=\"\" class=\"wp-image-4815\" srcset=\"https:\/\/www.milanosiamonoi.com\/wp-content\/uploads\/2021\/01\/41.03.02-I-Ger-at.ted-DeM.jpg 800w, https:\/\/www.milanosiamonoi.com\/wp-content\/uploads\/2021\/01\/41.03.02-I-Ger-at.ted-DeM-300x171.jpg 300w, https:\/\/www.milanosiamonoi.com\/wp-content\/uploads\/2021\/01\/41.03.02-I-Ger-at.ted-DeM-768x437.jpg 768w, https:\/\/www.milanosiamonoi.com\/wp-content\/uploads\/2021\/01\/41.03.02-I-Ger-at.ted-DeM-100x57.jpg 100w, https:\/\/www.milanosiamonoi.com\/wp-content\/uploads\/2021\/01\/41.03.02-I-Ger-at.ted-DeM-50x28.jpg 50w, https:\/\/www.milanosiamonoi.com\/wp-content\/uploads\/2021\/01\/41.03.02-I-Ger-at.ted-DeM-25x14.jpg 25w, https:\/\/www.milanosiamonoi.com\/wp-content\/uploads\/2021\/01\/41.03.02-I-Ger-at.ted-DeM-740x421.jpg 740w\" sizes=\"(max-width: 800px) 100vw, 800px\" \/><figcaption><em>Zopegni davanti alla gabbia, da destra in maglia scura De Mazzeri, F. Rossi e Bruciamonti controllano gli attaccanti tedeschi.<\/em><\/figcaption><\/figure><\/div>\n\n\n\n<div class=\"wp-block-image\"><figure class=\"aligncenter size-large\"><img loading=\"lazy\" decoding=\"async\" width=\"800\" height=\"455\" src=\"https:\/\/www.milanosiamonoi.com\/wp-content\/uploads\/2021\/01\/41.03.02-I-Ger-TDM-DeM.jpg\" alt=\"\" class=\"wp-image-4817\" srcset=\"https:\/\/www.milanosiamonoi.com\/wp-content\/uploads\/2021\/01\/41.03.02-I-Ger-TDM-DeM.jpg 800w, https:\/\/www.milanosiamonoi.com\/wp-content\/uploads\/2021\/01\/41.03.02-I-Ger-TDM-DeM-300x171.jpg 300w, https:\/\/www.milanosiamonoi.com\/wp-content\/uploads\/2021\/01\/41.03.02-I-Ger-TDM-DeM-768x437.jpg 768w, https:\/\/www.milanosiamonoi.com\/wp-content\/uploads\/2021\/01\/41.03.02-I-Ger-TDM-DeM-100x57.jpg 100w, https:\/\/www.milanosiamonoi.com\/wp-content\/uploads\/2021\/01\/41.03.02-I-Ger-TDM-DeM-50x28.jpg 50w, https:\/\/www.milanosiamonoi.com\/wp-content\/uploads\/2021\/01\/41.03.02-I-Ger-TDM-DeM-25x14.jpg 25w, https:\/\/www.milanosiamonoi.com\/wp-content\/uploads\/2021\/01\/41.03.02-I-Ger-TDM-DeM-740x421.jpg 740w\" sizes=\"(max-width: 800px) 100vw, 800px\" \/><figcaption><em>De Mazzeri sventa un attacco degli avversari.<\/em><\/figcaption><\/figure><\/div>\n\n\n\n<p class=\"has-text-align-center\">La Nazionale tedesca\/Riessersee SC conferma il suo valore conquistando nella finale di Colonia il suo quarto titolo di campione di Germania superando davanti a 7.000 spettatori il Rotweiss Berlino per 2-1. Decisamente in tono minore quello che si disputa da noi. Al tredicesimo campionato partecipano quattro squadre. Tre sono milanesi, la quarta \u00e8 la Juventus. Indicando le milanesi i giornali scrivono per comodit\u00e0 Milano o come specificato dai federali all&#8217;inizio delle ultime due stagioni Rappresentativa Milanese. Per la Federazione sono le tre squadre della sezione disco su ghiaccio FISI di Milano, il che in sede di stampa complica un pochino le cose. Il torneo si svolge tutto a Milano e la formula \u00e8 semplice, solo tre partite, dapprima si incontrano la seconda e la terza squadra cittadine, quella che passa il turno se la vedr\u00e0 con la Juventus e la vincente di questo match sfida la prima squadra della sezione disco su ghiaccio di Milano, ovvero la squadra Rappresentativa Milanese che \u00e8 anche la Nazionale&#8230;<\/p>\n\n\n\n<figure class=\"wp-block-table\"><table><tbody><tr><td><strong>Milano, 19 marzo 1941 &#8211; Campionato italiano<\/strong> &#8211;<strong> Prima partita<\/strong><\/td><\/tr><tr><td>FISI Milano II-FISI Milano III 5-1 (2-1; 2-0; 1-0)<\/td><\/tr><tr><td>FISI Milano II: Imboldi; Luciano Cesana, Bontemps; Taroni, Giacomo Levi, Timpano; Signorini, Guffanti, Ronconi; Bazzoni.<\/td><\/tr><tr><td>FISI Milano III: No\u00e8; Rizzi, Bucchetti; Moiraghi; Bassi, Gerli, Bulgheroni; Fardella, Rasini.<\/td><\/tr><tr><td>Reti: 1\u00b0t. Timpano, Bontemps, Gerli (M III), 2\u00b0t. Levi, Guffanti. 3\u00b0t. Bontemps.<\/td><\/tr><tr><td>Arbitro: Aldo Federici.<\/td><\/tr><\/tbody><\/table><\/figure>\n\n\n\n<p class=\"has-text-align-center\">Cronaca stringata, elogi ai migliori quindicenni della terza squadra: Giancarlo Bucchetti, Carlo Bassi e Umberto Gerli, quest&#8217;ultimo si guadagna la promozione in seconda squadra. Nota stonata la squalifica inflitta a Carlo Signorini per reiterate manifestazioni di scorrettezza sportiva. <\/p>\n\n\n\n<figure class=\"wp-block-table\"><table><tbody><tr><td><strong>Milano, 23 marzo 1941 &#8211; Campionato italiano<\/strong> &#8211;<strong> Seconda partita.<\/strong><\/td><\/tr><tr><td>FISI Milano II-Juventus 6-2 (0-0; 2-0: 4-2)<\/td><\/tr><tr><td>FISI Milano II: Imboldi; Luciano Cesana, Bontemps; Giacomo Levi, Taroni, Timpano; Signorini, Guffanti, Gerli, Cassoni.<\/td><\/tr><tr><td>Juventus: Ferreccio; Mazza, Cantatore; Mainoldi, Enzo Cesana, F. Cartasegna, Gillardi, Garelli, U. Cartasegna.<\/td><\/tr><tr><td>Reti: 2\u00b0t. aut. Mazza, Guffanti. 3\u00b0t. Timpano, Bontemps, Levi, Timpano, <em>Enzo Cesana, Cartasegna.<\/em><\/td><\/tr><tr><td>Arbitri: Augusto Gerosa e Aldo Federici.<\/td><\/tr><\/tbody><\/table><\/figure>\n\n\n\n<p class=\"has-text-align-center\">I cadetti battono i bianconeri e vanno in finale. Finch\u00e9 c&#8217;\u00e8 Ferreccio c&#8217;\u00e8 la Juve e il primo tempo finisce 0-0. Nel prosieguo emerge la migliore preparazione dei milanesi e non c&#8217;\u00e8 partita. Lo stesso giorno della seconda gara di campionato i titolari incontrano il Davos, sempre dominatore in Svizzera. Il fresco ricordo della vittoria sulla Germania viene asfaltato dallo schiacciasassi gialloblu. Impressionante il terzo tempo dei grigionesi, mai come nei cinque minuti finali il trio &#8220;uragano Ni-sturm&#8221; aveva cos\u00ec duramente imperversato su Milano. Liberatorio il segnale di chiusura di Talamona e Buchli.<\/p>\n\n\n\n<figure class=\"wp-block-table\"><table><tbody><tr><td><strong>Milano, 23 marzo 1941 &#8211; Partita amichevole.<\/strong><\/td><\/tr><tr><td>Rappr. Milanese-Davos 1-11 (1-3; 0-2; 0-6)<\/td><\/tr><tr><td>Rappr. Milanese: Zopegni; De Mazzeri, F. Rossi; Federici, Innocenti, Bruciamonti; Dionisi, Venosta, Giordani; D. Trovati.<\/td><\/tr><tr><td>Davos: Muller; A. e F. Geromini; Trauffer; Bibi Torriani, H. e F. Cattini; Braugher, Meisser.<\/td><\/tr><tr><td>Reti: 1\u00b0t. <em>3&#8217;30&#8221; H. Cattini, 12&#8242; F. Cattini, 12&#8217;30&#8221; Bibi Torriani,<\/em> 13&#8242; F. Rossi. 2\u00b0t. <em>2&#8217;30&#8221; Bibi Torriani, 11&#8217;30&#8221; A, Geromini,<\/em> 3\u00b0t. <em>7&#8242; Meisser, 10&#8242;, 10&#8217;30&#8221; e 12&#8242; F. Cattini, 13&#8217;30 e 14&#8217;30&#8221; H. Cattini.<\/em><\/td><\/tr><tr><td>Arbitri: Talamona (RM) e Buchli (Davos).<\/td><\/tr><\/tbody><\/table><\/figure>\n\n\n\n<div class=\"wp-block-image\"><figure class=\"aligncenter size-large is-resized\"><img loading=\"lazy\" decoding=\"async\" src=\"https:\/\/www.milanosiamonoi.com\/wp-content\/uploads\/2021\/02\/ni-sturm-1.jpg\" alt=\"\" class=\"wp-image-5223\" width=\"573\" height=\"322\" srcset=\"https:\/\/www.milanosiamonoi.com\/wp-content\/uploads\/2021\/02\/ni-sturm-1.jpg 800w, https:\/\/www.milanosiamonoi.com\/wp-content\/uploads\/2021\/02\/ni-sturm-1-300x169.jpg 300w, https:\/\/www.milanosiamonoi.com\/wp-content\/uploads\/2021\/02\/ni-sturm-1-768x433.jpg 768w, https:\/\/www.milanosiamonoi.com\/wp-content\/uploads\/2021\/02\/ni-sturm-1-100x56.jpg 100w, https:\/\/www.milanosiamonoi.com\/wp-content\/uploads\/2021\/02\/ni-sturm-1-50x28.jpg 50w, https:\/\/www.milanosiamonoi.com\/wp-content\/uploads\/2021\/02\/ni-sturm-1-25x14.jpg 25w, https:\/\/www.milanosiamonoi.com\/wp-content\/uploads\/2021\/02\/ni-sturm-1-740x417.jpg 740w\" sizes=\"(max-width: 573px) 100vw, 573px\" \/><figcaption>Da sinistra: Richard &#8220;Bibi&#8221; Torriani, Hans Cattini e Ferdi &#8220;Pic&#8221; Cattini. Ni-sturm o ni-sturm perch\u00e9 i loro cognoni finivano in &#8220;ni&#8221;.<\/figcaption><\/figure><\/div>\n\n\n\n<p class=\"has-text-align-center\">Nella finale di campionato la prima squadra della Rappresentativa infierisce senza alcun ritegno sulla seconda squadra e si aggiudica il massimo titolo nazionale. Decio Trovati e Tino De Mazzeri sono campioni d&#8217;Italia per la settima volta ed eguagliano il record di Enrico Calcaterra. E&#8217; in un secondo tempo che questo &#8220;scudetto&#8221; verr\u00e0 assegnato dalla Federazione all&#8217;AMDG.<\/p>\n\n\n\n<figure class=\"wp-block-table\"><table><tbody><tr><td><strong>Milano, 26 marzo 1941 &#8211; Campionato italiano &#8211; Finale.<\/strong><\/td><\/tr><tr><td>FISI Milano I-FISI Milano II 20-0 (6-0; 9-0; 5-0)<\/td><\/tr><tr><td>FISI Milano I: Zopegni; De Mazzeri, F. Rossi; Federici, Innocenti, Bruciamonti; D. Trovati, Bestagini, Giordani; Dionisi.<\/td><\/tr><tr><td>FISI Milano II: Imboldi; L. Cesana, Bontemps; Giacomo Levi, Taroni, Timpano; Signorini, Guffanti, Gerli, Cassoni.<\/td><\/tr><tr><td>Reti: Federici (5), Innocenti (2), D. Trovati (3), Dionisi (3), Bestagini (2), F. Rossi (2), Bruciamonti (2), De Mazzeri.<\/td><\/tr><tr><td>Arbitro: Pierino Talamona.<\/td><\/tr><\/tbody><\/table><\/figure>\n\n\n\n<div class=\"wp-block-image\"><figure class=\"aligncenter size-large\"><img loading=\"lazy\" decoding=\"async\" width=\"557\" height=\"300\" src=\"https:\/\/www.milanosiamonoi.com\/wp-content\/uploads\/2021\/02\/41.03.26-RM-I-RM-II-20-0-corsera.jpg\" alt=\"\" class=\"wp-image-5013\" srcset=\"https:\/\/www.milanosiamonoi.com\/wp-content\/uploads\/2021\/02\/41.03.26-RM-I-RM-II-20-0-corsera.jpg 557w, https:\/\/www.milanosiamonoi.com\/wp-content\/uploads\/2021\/02\/41.03.26-RM-I-RM-II-20-0-corsera-300x162.jpg 300w, https:\/\/www.milanosiamonoi.com\/wp-content\/uploads\/2021\/02\/41.03.26-RM-I-RM-II-20-0-corsera-100x54.jpg 100w, https:\/\/www.milanosiamonoi.com\/wp-content\/uploads\/2021\/02\/41.03.26-RM-I-RM-II-20-0-corsera-50x27.jpg 50w, https:\/\/www.milanosiamonoi.com\/wp-content\/uploads\/2021\/02\/41.03.26-RM-I-RM-II-20-0-corsera-25x13.jpg 25w\" sizes=\"(max-width: 557px) 100vw, 557px\" \/><figcaption><em>Lo scarno trafiletto sulla finale da &#8220;Il Corriere della Sera&#8221;.<\/em><\/figcaption><\/figure><\/div>\n\n\n\n<p class=\"has-text-align-center\">La stagione si chiude qui. Senza contare la Nazionale e la finale di campionato solo la miseria di sette partite, ma i tempi sono quelli che sono. Vuoi per la batosta subita col Davos, vuoi per la scarsit\u00e0 di fondi e per la poco voglia di intraprendere un lungo e difficile viaggio si rinuncia alla trasferta tedesca per il torneo di Berlino, dove il mai sazio Davos alzer\u00e0 al cielo un altro trofeo superando in finale gli svedesi dell&#8217;Hammarby per 4-2.<\/p>\n\n\n\n<figure class=\"wp-block-table\"><table><tbody><tr><td><strong>Marcatori stagionali della Rappr. Milanese<\/strong><\/td><td class=\"has-text-align-center\" data-align=\"center\">Reti<\/td><\/tr><tr><td>Aldo Federici ed Egidio Bruciamonti (entrambi 7 presenze)<\/td><td class=\"has-text-align-center\" data-align=\"center\">5<\/td><\/tr><tr><td>Dino Innocenti (7) e Franco Rossi (7)<\/td><td class=\"has-text-align-center\" data-align=\"center\">4<\/td><\/tr><tr><td>Piero Fabris (3) e Arnaldo Fabris (4)<\/td><td class=\"has-text-align-center\" data-align=\"center\">2<\/td><\/tr><tr><td>Tino De Mazzeri (6), Ferdinando Giordani (6), D Trovati (7)<\/td><td class=\"has-text-align-center\" data-align=\"center\">1<\/td><\/tr><tr><td>Volutamente non segnati i venti gol della finale di campionato.<\/td><td class=\"has-text-align-center\" data-align=\"center\"><\/td><\/tr><\/tbody><\/table><\/figure>\n\n\n\n<p> <\/p>\n\n\n\n<figure class=\"wp-block-table\"><table><tbody><tr><td><strong><a href=\"https:\/\/www.milanosiamonoi.com\/index.php\/campionati\/dal-1940-al-1945-la-guerra\/1939-1940-rappr-milanese\/\" data-type=\"URL\" data-id=\"https:\/\/www.milanosiamonoi.com\/index.php\/campionati\/dal-1940-al-1945-la-guerra\/1939-1940-rappr-milanese\/\">stagione precedente<\/a><\/strong><\/td><td class=\"has-text-align-right\" data-align=\"right\"><strong><a href=\"https:\/\/www.milanosiamonoi.com\/index.php\/campionati\/dal-1940-al-1945-la-guerra\/1941-1942-amdg\/\" data-type=\"URL\" data-id=\"https:\/\/www.milanosiamonoi.com\/index.php\/campionati\/dal-1940-al-1945-la-guerra\/1941-1942-amdg\/\">stagione successiva<\/a><\/strong><\/td><\/tr><\/tbody><\/table><\/figure>\n\n\n\n<p> <\/p>\n","protected":false},"excerpt":{"rendered":"<p>Presidente Gianni Albertini Allenatore Carlo Alberto &#8220;Tino&#8221; De Mazzeri Ruolo Giocatori con almeno una presenza in prima squadra. P Augusto Gerosa, Giannantonio Zopegni. D Tino&#8230;<\/p>\n","protected":false},"author":2,"featured_media":0,"parent":1467,"menu_order":1,"comment_status":"closed","ping_status":"closed","template":"","meta":{"spay_email":"","footnotes":""},"_links":{"self":[{"href":"https:\/\/www.milanosiamonoi.com\/index.php\/wp-json\/wp\/v2\/pages\/4792"}],"collection":[{"href":"https:\/\/www.milanosiamonoi.com\/index.php\/wp-json\/wp\/v2\/pages"}],"about":[{"href":"https:\/\/www.milanosiamonoi.com\/index.php\/wp-json\/wp\/v2\/types\/page"}],"author":[{"embeddable":true,"href":"https:\/\/www.milanosiamonoi.com\/index.php\/wp-json\/wp\/v2\/users\/2"}],"replies":[{"embeddable":true,"href":"https:\/\/www.milanosiamonoi.com\/index.php\/wp-json\/wp\/v2\/comments?post=4792"}],"version-history":[{"count":174,"href":"https:\/\/www.milanosiamonoi.com\/index.php\/wp-json\/wp\/v2\/pages\/4792\/revisions"}],"predecessor-version":[{"id":12933,"href":"https:\/\/www.milanosiamonoi.com\/index.php\/wp-json\/wp\/v2\/pages\/4792\/revisions\/12933"}],"up":[{"embeddable":true,"href":"https:\/\/www.milanosiamonoi.com\/index.php\/wp-json\/wp\/v2\/pages\/1467"}],"wp:attachment":[{"href":"https:\/\/www.milanosiamonoi.com\/index.php\/wp-json\/wp\/v2\/media?parent=4792"}],"curies":[{"name":"wp","href":"https:\/\/api.w.org\/{rel}","templated":true}]}}