{"id":3945,"date":"2021-01-31T09:42:37","date_gmt":"2021-01-31T09:42:37","guid":{"rendered":"http:\/\/milanosiamonoi.com\/?page_id=3945"},"modified":"2022-04-14T16:05:19","modified_gmt":"2022-04-14T16:05:19","slug":"1938-1939-amdg","status":"publish","type":"page","link":"https:\/\/www.milanosiamonoi.com\/index.php\/campionati\/dal-1930-al-1939-la-crescita\/1938-1939-amdg\/","title":{"rendered":"1938\/1939 AMDG"},"content":{"rendered":"\n<div class=\"wp-block-image\"><figure class=\"aligncenter size-large\"><img loading=\"lazy\" decoding=\"async\" width=\"300\" height=\"300\" src=\"https:\/\/www.milanosiamonoi.com\/wp-content\/uploads\/2021\/01\/logo-amdg-300x300-1.jpg\" alt=\"\" class=\"wp-image-3816\" srcset=\"https:\/\/www.milanosiamonoi.com\/wp-content\/uploads\/2021\/01\/logo-amdg-300x300-1.jpg 300w, https:\/\/www.milanosiamonoi.com\/wp-content\/uploads\/2021\/01\/logo-amdg-300x300-1-150x150.jpg 150w, https:\/\/www.milanosiamonoi.com\/wp-content\/uploads\/2021\/01\/logo-amdg-300x300-1-100x100.jpg 100w, https:\/\/www.milanosiamonoi.com\/wp-content\/uploads\/2021\/01\/logo-amdg-300x300-1-50x50.jpg 50w, https:\/\/www.milanosiamonoi.com\/wp-content\/uploads\/2021\/01\/logo-amdg-300x300-1-25x25.jpg 25w, https:\/\/www.milanosiamonoi.com\/wp-content\/uploads\/2021\/01\/logo-amdg-300x300-1-90x90.jpg 90w\" sizes=\"(max-width: 300px) 100vw, 300px\" \/><\/figure><\/div>\n\n\n\n<figure class=\"wp-block-table aligncenter\"><table><tbody><tr><td>Presidente<\/td><td>Pietro Annoni<\/td><\/tr><tr><td>Allenatore<\/td><td>Frank Green e Ontario Venturi.<\/td><\/tr><\/tbody><\/table><\/figure>\n\n\n\n<figure class=\"wp-block-table\"><table><tbody><tr><td class=\"has-text-align-center\" data-align=\"center\">Ruolo<\/td><td><strong>Giocatori con almeno una presenza in prima squadra.<\/strong><\/td><\/tr><tr><td class=\"has-text-align-center\" data-align=\"center\">P<\/td><td>Costanzo Mongini, Gianantonio Zopegni.<\/td><\/tr><tr><td class=\"has-text-align-center\" data-align=\"center\">D<\/td><td>Giancarlo Butti, Leopoldo Curami, Antonio Prete, Giuseppe Timpano.<\/td><\/tr><tr><td class=\"has-text-align-center\" data-align=\"center\">A<\/td><td>Enzo Cesana, Otello D&#8217;Apollonia, Arnaldo e Piero Fabris, Leo Gasparini, Giorgio Pellegrini, Franco Taccani, Ontario Venturi.<\/td><\/tr><tr><td class=\"has-text-align-center\" data-align=\"center\">Rinforzi<\/td><td>Frank Green (FISI), Egidio Bruciamonti, Dino Innocenti, Tino De Mazzeri, Augusto Gerosa, Franco Rossi e Luigi Venosta (Diavoli Nerazzurri).<\/td><\/tr><\/tbody><\/table><\/figure>\n\n\n\n<p class=\"has-text-align-center\">Il 9 novembre iniziano gli allenamenti dell&#8217;AMDG, tornano in gruppo Mario Maiocchi e Franco Taccani, riprende l&#8217;attivit\u00e0 Ignazio Dionisi, mentre Enrico Calcaterra si \u00e8 ritirato, il volto nuovo \u00e8 quello di Otto Rauth proveniente dal Davos. Passano due settimane e i migliori elementi della squadra lasciano il club biancorosso e si trasferiscono nei neonati Diavoli Nerazzurri, sezione disco su ghiaccio dell&#8217;Ambrosiana-Inter. L&#8217;AMDG, ad eccezione di Giorgio Pellegrini e Otello D&#8217;Apollonia, si ritrova con una rosa di giocatori giovani e inesperti, ma le scelte del presidente FISI onorevole Ricci non si discutono. La Federazione ingaggia con il doppio ruolo di allenatore-giocatore Frank Green, canadese nato in Irlanda e nell\u2019ultima stagione in forza ai londinesi Wembley Monarchs, il nuovo arrivato si occuper\u00e0 sia dell&#8217;AMDG che dei Diavoli Nerazzurri. In dicembre altra novit\u00e0 di rilievo. Pietro Annoni, nel recente passato gi\u00e0 presidente del Milan e dei Diavoli Rossoneri, assume le redini dell&#8217;AMDG e Milano ha nuovamente due squadre inevitabilmente in lotta tra loro. A chi chiede lumi sul dietro front federale i vertici rispondono che lo scopo principale \u00e8 tornare competitivi a livello internazionale in prospettiva olimpica in quanto c&#8217;\u00e8 l&#8217;intenzione di candidare Cortina d&#8217;Ampezzo per i Giochi del 1944.<\/p>\n\n\n\n<div class=\"wp-block-image\"><figure class=\"aligncenter size-large is-resized\"><img loading=\"lazy\" decoding=\"async\" src=\"https:\/\/www.milanosiamonoi.com\/wp-content\/uploads\/2021\/01\/38.02.02-foto-Pellegrini-e-Dap-rit.jpg\" alt=\"\" class=\"wp-image-4268\" width=\"273\" height=\"580\" srcset=\"https:\/\/www.milanosiamonoi.com\/wp-content\/uploads\/2021\/01\/38.02.02-foto-Pellegrini-e-Dap-rit.jpg 281w, https:\/\/www.milanosiamonoi.com\/wp-content\/uploads\/2021\/01\/38.02.02-foto-Pellegrini-e-Dap-rit-141x300.jpg 141w, https:\/\/www.milanosiamonoi.com\/wp-content\/uploads\/2021\/01\/38.02.02-foto-Pellegrini-e-Dap-rit-47x100.jpg 47w, https:\/\/www.milanosiamonoi.com\/wp-content\/uploads\/2021\/01\/38.02.02-foto-Pellegrini-e-Dap-rit-24x50.jpg 24w, https:\/\/www.milanosiamonoi.com\/wp-content\/uploads\/2021\/01\/38.02.02-foto-Pellegrini-e-Dap-rit-12x25.jpg 12w\" sizes=\"(max-width: 273px) 100vw, 273px\" \/><figcaption><em>Giorgio Pellegrini e Otello D&#8217;Apollonia.<\/em><\/figcaption><\/figure><\/div>\n\n\n\n<p class=\"has-text-align-center\">Grazie alle iniziative di Fernando Pozzani (presidente dei Diavoli Nerazzurri) e Pietro Annoni la Federazione pu\u00f2 cos\u00ec convogliare tutte le risorse economiche destinate all&#8217;hockey verso la Nazionale, garantendo l&#8217;iscrizione al campionato del mondo in programma in Svizzera nel febbraio del 1939. Inoltre, i giornali danno per certa la costruzione a Milano di un grande palazzo del ghiaccio capace di diecimila posti, il nuovo impianto dovrebbe sorgere nella zona di Porta Magenta, servendo la parte della citt\u00e0 lontana da via Piranesi. Per constatare il livello di tutti i giocatori il 14 dicembre il Piranesi ospita la prima edizione del nuovo derby, si gioca a porte chiuse e senza pubblicizzare l\u2019evento, meglio evitare possibili negativi ritorni al passato. <\/p>\n\n\n\n<figure class=\"wp-block-table\"><table><tbody><tr><td><strong>Milano, 14 dicembre 1938 \u2013 Partita amichevole.<\/strong><\/td><\/tr><tr><td>Diavoli Nerazzurri-AMDG 4-3 (0-0; 0-1; 4-2)<\/td><\/tr><tr><td>Diavoli Nerazzurri: Gerosa; De Mazzeri, F. Rossi; Bruciamonti, Rauth, Dionisi; Maiocchi, Green, Venosta; Bestagini.<\/td><\/tr><tr><td>AMDG: Mongini; Curami, Butti; Timpano, Taccani, A. Fabris; D\u2019Apollonia, Pellegrini, P. Fabris.<\/td><\/tr><tr><td>Reti: 2\u00b0t.&nbsp;<em>1\u2032 Pellegrini<\/em>. 3\u00b0t. 4\u2032 Bestagini, 9\u2032 De Mazzeri,&nbsp;<em>11\u2032 D\u2019Apollonia<\/em>, 13\u2032 e 14\u2032 De Mazzeri,&nbsp;<em>D\u2019Apollonia.<\/em><\/td><\/tr><tr><td>Arbitri: Calcaterra e Medri.<\/td><\/tr><\/tbody><\/table><\/figure>\n\n\n\n<p class=\"has-text-align-center\">La partita \u00e8 avvincente, il risultato in discussione fino all&#8217;ultimo secondo. I ragazzi dell&#8217;AMDG effettuano un costante controllo a uomo e al riposo le reti sono ancora inviolate. Al primo minuto del secondo tempo Pellegrini, giunto appena in tempo da Venezia, porta in vantaggio i biancorossi. I nerazzurri si dannano l&#8217;anima, ma al secondo riposo sono ancora sotto di un gol. Il match \u00e8 un test in chiave azzurra e Frank Green rimane spesso in panchina per dare spazio a Bestagini, proprio il Gino al quarto del terzo tempo pareggia i conti. Messi alla frusta dai rivali, quelli che sono ritenuti i pi\u00f9 bravi capovolgono il risultato con una tripletta di De Mazzeri, il capitano dei nerazzurri quando \u00e8 sul ghiaccio con Bestagini si alterna in attacco con l&#8217;ex diavolo rossonero: \u00e8 la mossa vincente. Il finale \u00e8 elettrizzante, attacchi e contrattacchi continui: chiss\u00e0 come sarebbe andata a spalti gremiti! L&#8217;AMDG ha dato prova del suo valore, ma negli addetti ai lavori sorge un dubbio: bravi i biancorossi o sopravalutati i nerazzurri? Ai posteri l&#8217;ardua sentenza. <\/p>\n\n\n\n<div class=\"wp-block-image\"><figure class=\"aligncenter size-large is-resized\"><img loading=\"lazy\" decoding=\"async\" src=\"https:\/\/www.milanosiamonoi.com\/wp-content\/uploads\/2021\/01\/38.01.02-Curami.jpg\" alt=\"\" class=\"wp-image-4354\" width=\"571\" height=\"324\" srcset=\"https:\/\/www.milanosiamonoi.com\/wp-content\/uploads\/2021\/01\/38.01.02-Curami.jpg 800w, https:\/\/www.milanosiamonoi.com\/wp-content\/uploads\/2021\/01\/38.01.02-Curami-300x171.jpg 300w, https:\/\/www.milanosiamonoi.com\/wp-content\/uploads\/2021\/01\/38.01.02-Curami-768x437.jpg 768w, https:\/\/www.milanosiamonoi.com\/wp-content\/uploads\/2021\/01\/38.01.02-Curami-100x57.jpg 100w, https:\/\/www.milanosiamonoi.com\/wp-content\/uploads\/2021\/01\/38.01.02-Curami-50x28.jpg 50w, https:\/\/www.milanosiamonoi.com\/wp-content\/uploads\/2021\/01\/38.01.02-Curami-25x14.jpg 25w, https:\/\/www.milanosiamonoi.com\/wp-content\/uploads\/2021\/01\/38.01.02-Curami-740x421.jpg 740w\" sizes=\"(max-width: 571px) 100vw, 571px\" \/><figcaption><em>Leopoldo Curami.<\/em><\/figcaption><\/figure><\/div>\n\n\n\n<p class=\"has-text-align-center\">Il programma biancorosso prevede fine e Capodanno in Svizzera, i restanti giorni del mese vengono spesi in allenamenti. La partenza avviene nella mattinata del 21 dicembre e in serata prima partita della tourn\u00e9e a Losanna. Mongini (Zopegni), Curami, Butti, D&#8217;Apollonia, Pellegrini, Timpano, Taccani, Arnaldo e Piero Fabris i convocati.<\/p>\n\n\n\n<figure class=\"wp-block-table aligncenter\"><table><tbody><tr><td><strong>1938<\/strong><\/td><td>Luogo<\/td><td><strong>Partite amichevoli.<\/strong><\/td><td>Risultato<\/td><\/tr><tr><td>21 dicembre<\/td><td>Losanna<\/td><td>Star Losanna-AMDG<\/td><td>0-1 (0-0; 0-0; 0-1)<\/td><\/tr><tr><td>22 dicembre<\/td><td>Neuchatel<\/td><td>NE Young Sprinters-AMDG<\/td><td>0-5 (0-0; 0-3; 0-2)<\/td><\/tr><tr><td>24 dicembre<\/td><td>Caux<\/td><td>Caux-AMDG<\/td><td>0-8 (0-2; 0-3; 0-3)<\/td><\/tr><tr><td>25 dicembre<\/td><td>Caux<\/td><td>Caux-AMDG<\/td><td>2-6 (0-3; 2-0; 0-3)<\/td><\/tr><tr><td>27 dicembre<\/td><td>Kandersteg<\/td><td>Akademischer Zurigo-AMDG<\/td><td>4-5 (1-4; 3-1; 0-0)<\/td><\/tr><tr><td>29 dicembre<\/td><td>Kandersteg<\/td><td>AMDG-Cambridge Univ.<\/td><td>8-0 (2-0; 3-0; 3-0)<\/td><\/tr><tr><td>31 dicembre<\/td><td>Champ\u00e9ry<\/td><td>Champ\u00e9ry-AMDG<\/td><td>1-1 (0-1; 0-0; 1-0)<\/td><\/tr><\/tbody><\/table><\/figure>\n\n\n\n<p class=\"has-text-align-center\">Sei vittorie consecutive prima del pareggio contro uno Champ\u00e9ry rinforzato. Purtroppo nelle fasi finali del match di Neuchatel (giocato con -14\u00b0) grave incidente a Giancarlo Butti. Il difensore \u00e8 stato colpito al viso dalla lama di un pattino dopo una brutta caduta, la situazione \u00e8 preoccupante perch\u00e9 la ferita interessa un occhio. Butti viene ricoverato in una clinica di Montreux, essendo la comitiva espatriata con un passaporto collettivo, la degenza durer\u00e0 fino all&#8217;Epifania. La formazione milanese prosegue nel suo itinerario, in carnet altre cinque partite.<\/p>\n\n\n\n<figure class=\"wp-block-table aligncenter\"><table><tbody><tr><td><strong>1939<\/strong><\/td><td>Luogo<\/td><td><strong>Partite amichevoli.<\/strong><\/td><td>Risultato<\/td><\/tr><tr><td>1 gennaio<\/td><td>Champ\u00e9ry<\/td><td>Champ\u00e9ry-AMDG<\/td><td>2-8 (0-2; 0-5; 1-1)<\/td><\/tr><tr><td>3 gennaio<\/td><td>Villars<\/td><td>Villars-AMDG<\/td><td>1-16 (0-6; 1-5; 0-5)<\/td><\/tr><tr><td>4 gennaio<\/td><td>Villars<\/td><td>Budapesti KE-AMDG<\/td><td>3-1<\/td><\/tr><tr><td>4 gennaio<\/td><td>Chateau d&#8217;Oex<\/td><td>Chateau d&#8217;Oex-AMDG<\/td><td>0-2 (0-1; 0-0; 0-1)<\/td><\/tr><tr><td>5 gennaio<\/td><td>Chateau d&#8217;Oex<\/td><td>Chateau d&#8217;Oex-AMDG<\/td><td>2-1 (1-1; 1-0; 0-0<\/td><\/tr><\/tbody><\/table><\/figure>\n\n\n\n<p class=\"has-text-align-center\">Nella rivincita di Capodanno con lo Champ\u00e9ry l&#8217;AMDG torna alla vittoria, solo da questa partita i quotidiani si ricordano che i Fabris sono due, cos\u00ec le reti realizzate in precedenza dai due gemelli restano in compropriet\u00e0. Scampagnata a Villars e al termine della trasferta mancano tre partite, le pi\u00f9 impegnative. Curami ha una caviglia in disordine, Arnaldo Fabris e Taccani sono acciaccati, manco a farlo apposta il calendario costringe a un doppio sforzo in localit\u00e0 diverse nello stesso giorno, ma i contratti vanno rispettati altrimenti salta tutto. Con il BKE i biancorossi giocano in sei tutta la partita, passano in vantaggio con Pellegrini per essere subito raggiunti dagli ungheresi. Negli altri due tempi il rendimento dei milanesi cala e i magiari prevalgono per 3-1. Doccia veloce e tutti sul torpedone diretto a Chateau d&#8217;Oex: match in serata con la formazione locale che \u00e8 tra le favorite della serie B svizzera. Una splendida doppietta di D&#8217;Apollonia regala ai nostri un&#8217;inattesa vittoria. Lo Chateau d&#8217;Oex far\u00e0 sua la rivincita del giorno dopo. Ventiquattro ore di meritato riposo e rientro a Milano via Sempione. Alla comitiva si aggrega Giancarlo Butti dimesso dall&#8217;ospedale di Montreux con un occhio in pessime condizioni, secondo i medici si dovranno attendere una decina di giorni per sapere se il colpo subito recher\u00e0 conseguenze alla vista.<\/p>\n\n\n\n<div class=\"wp-block-image\"><figure class=\"aligncenter size-large\"><img loading=\"lazy\" decoding=\"async\" width=\"420\" height=\"550\" src=\"https:\/\/www.milanosiamonoi.com\/wp-content\/uploads\/2021\/01\/38.01-AMDG-Timpano-Curami-Pellegrini-P.Fabris-782x1024-2.jpg\" alt=\"\" class=\"wp-image-4373\" srcset=\"https:\/\/www.milanosiamonoi.com\/wp-content\/uploads\/2021\/01\/38.01-AMDG-Timpano-Curami-Pellegrini-P.Fabris-782x1024-2.jpg 420w, https:\/\/www.milanosiamonoi.com\/wp-content\/uploads\/2021\/01\/38.01-AMDG-Timpano-Curami-Pellegrini-P.Fabris-782x1024-2-229x300.jpg 229w, https:\/\/www.milanosiamonoi.com\/wp-content\/uploads\/2021\/01\/38.01-AMDG-Timpano-Curami-Pellegrini-P.Fabris-782x1024-2-76x100.jpg 76w, https:\/\/www.milanosiamonoi.com\/wp-content\/uploads\/2021\/01\/38.01-AMDG-Timpano-Curami-Pellegrini-P.Fabris-782x1024-2-38x50.jpg 38w, https:\/\/www.milanosiamonoi.com\/wp-content\/uploads\/2021\/01\/38.01-AMDG-Timpano-Curami-Pellegrini-P.Fabris-782x1024-2-19x25.jpg 19w\" sizes=\"(max-width: 420px) 100vw, 420px\" \/><figcaption><em>Da sinistra: Timpano, Curami, Pellegrini e Piero Fabris.<\/em><\/figcaption><\/figure><\/div>\n\n\n\n<p class=\"has-text-align-center\">La FISI aveva indicato il primo gennaio come data valida per l&#8217;inizio delle eliminatorie di campionato, ma al momento zero partite. L&#8217;AMDG detentore del titolo dovrebbe giocare solo la finale con la vincente di un girone all\u2019italiana composto da sei squadre. I biancorossi hanno l&#8217;intenzione di iscrivere anche la loro seconda squadra e per non lasciare nulla di intentato Galletti; Longoni, Tranquillo Rossi; Mainoldi, Signorini, E. Cesana; Bruciamonti II, Mussi II e Taroni si recano in Piemonte per un paio di vittoriose amichevoli con Torre Pellice (13-1) e Nord Torino (2-0). In proiezione campionato i vertici AMDG, il presidente Annoni e il dirigente Ricciardi, potenziano la squadra ingaggiando tre italo-canadesi di Sudbury segnalati dal fratello di Otello D&#8217;Apollonia: Antonio Prete, Ontario Venturi e Leo Gasparini.<\/p>\n\n\n\n<div class=\"wp-block-image\"><figure class=\"aligncenter size-large is-resized\"><img loading=\"lazy\" decoding=\"async\" src=\"https:\/\/www.milanosiamonoi.com\/wp-content\/uploads\/2021\/01\/39.01-V-P-G-Ven-1.jpg\" alt=\"\" class=\"wp-image-4019\" width=\"573\" height=\"325\" srcset=\"https:\/\/www.milanosiamonoi.com\/wp-content\/uploads\/2021\/01\/39.01-V-P-G-Ven-1.jpg 800w, https:\/\/www.milanosiamonoi.com\/wp-content\/uploads\/2021\/01\/39.01-V-P-G-Ven-1-300x171.jpg 300w, https:\/\/www.milanosiamonoi.com\/wp-content\/uploads\/2021\/01\/39.01-V-P-G-Ven-1-768x437.jpg 768w, https:\/\/www.milanosiamonoi.com\/wp-content\/uploads\/2021\/01\/39.01-V-P-G-Ven-1-100x57.jpg 100w, https:\/\/www.milanosiamonoi.com\/wp-content\/uploads\/2021\/01\/39.01-V-P-G-Ven-1-50x28.jpg 50w, https:\/\/www.milanosiamonoi.com\/wp-content\/uploads\/2021\/01\/39.01-V-P-G-Ven-1-25x14.jpg 25w, https:\/\/www.milanosiamonoi.com\/wp-content\/uploads\/2021\/01\/39.01-V-P-G-Ven-1-740x421.jpg 740w\" sizes=\"(max-width: 573px) 100vw, 573px\" \/><figcaption><em>Ontario Venturi, Antonio Prete e Leo Gasparini.<\/em><\/figcaption><\/figure><\/div>\n\n\n\n<p class=\"has-text-align-center\">Le iniziative del consiglio direttivo non si fermano qui; \u00e8 stata  formalmente inoltrata alla FISI la richiesta di mutare il nome da AMDG a Diavoli Rossoneri. Al termine della riunione federale del 12 gennaio i quotidiani annunciano che la Federazione acconsente al cambio di denominazione e di colori sociali. Ad allietare le giornate del club presieduto da Pietro Annoni giunge una notizia ancora pi\u00f9 bella. Gli ultimi esami oculistici assicurano che Giancarlo Butti non perder\u00e0 la vista. Intanto si pianifica l&#8217;operazione campionato del mondo e il commissario federale Albertini affida il compito di curare organizzazione, allenamenti e formazione a un quartetto composto da Pietro Annoni, Enrico Calcaterra, Tino De Mazzeri e Frank Green. La prima decisione dei quattro \u00e8 che nelle prossime partite dei Diavoli Nerazzurri e dell\u2019AMDG giocheranno i convocati in azzurro. Il 21 gennaio la FISI dirama la lista dei convocati e in coda alla conferenza stampa precisa che l&#8217;AMDG continuer\u00e0 a chiamarsi cos\u00ec, via libera alla variazione dei colori sociali. Tre giorni dopo l&#8217;AMDG, inserendo i nazionali nerazzurri, affronta al Palazzo il Rotweiss Basilea. Nel frattempo sempre nessuna traccia del campionato. <\/p>\n\n\n\n<figure class=\"wp-block-table\"><table><tbody><tr><td><strong>Milano, 24 gennaio 1939 &#8211; Partita amichevole.<\/strong><\/td><\/tr><tr><td>AMDG-Rotweiss Basilea 5-0 (0-0; 1-0; 4-0)<\/td><\/tr><tr><td>AMDG: Gerosa; De Mazzeri, F. Rossi; Prete; D&#8217;Apollonia, Pellegrini, Bruciamonti; Venturi, Innocenti, Venosta.<\/td><\/tr><tr><td>RW Basilea: Thoma; Arnold, Lewis; Galli, C. Torriani, O. Delnon; Madorin, Rusconi, Heinzer; Mazzotti.<\/td><\/tr><tr><td>Reti: 2\u00b0t. 10&#8242; Innocenti. 3\u00b0t. 5&#8242; D&#8217;Apollonia, 10&#8242; Pellegrini, 11&#8242; De Mazzeri. 13&#8242; Pellegrini.<\/td><\/tr><tr><td>Arbitri: Maiocchi e Mussi.<\/td><\/tr><\/tbody><\/table><\/figure>\n\n\n\n<div class=\"wp-block-image\"><figure class=\"aligncenter size-large is-resized\"><img loading=\"lazy\" decoding=\"async\" src=\"https:\/\/www.milanosiamonoi.com\/wp-content\/uploads\/2021\/01\/39.01.24-AMDG-RWBS-1-1.jpg\" alt=\"\" class=\"wp-image-4020\" width=\"580\" height=\"329\" srcset=\"https:\/\/www.milanosiamonoi.com\/wp-content\/uploads\/2021\/01\/39.01.24-AMDG-RWBS-1-1.jpg 800w, https:\/\/www.milanosiamonoi.com\/wp-content\/uploads\/2021\/01\/39.01.24-AMDG-RWBS-1-1-300x171.jpg 300w, https:\/\/www.milanosiamonoi.com\/wp-content\/uploads\/2021\/01\/39.01.24-AMDG-RWBS-1-1-768x437.jpg 768w, https:\/\/www.milanosiamonoi.com\/wp-content\/uploads\/2021\/01\/39.01.24-AMDG-RWBS-1-1-100x57.jpg 100w, https:\/\/www.milanosiamonoi.com\/wp-content\/uploads\/2021\/01\/39.01.24-AMDG-RWBS-1-1-50x28.jpg 50w, https:\/\/www.milanosiamonoi.com\/wp-content\/uploads\/2021\/01\/39.01.24-AMDG-RWBS-1-1-25x14.jpg 25w, https:\/\/www.milanosiamonoi.com\/wp-content\/uploads\/2021\/01\/39.01.24-AMDG-RWBS-1-1-740x421.jpg 740w\" sizes=\"(max-width: 580px) 100vw, 580px\" \/><figcaption><em>L&#8217;AMDG con maglie rossonere a bande orizzontali nella partita con il Rotweiss.<\/em><\/figcaption><\/figure><\/div>\n\n\n\n<p class=\"has-text-align-center\">La Nazionale italiana si ripresenta a un mondiale dopo aver rinunciato alle edizione del 1937 e 1938, ad attenderli nel girone A di stanza a Basilea ci sono gli USA, la Finlandia e la Germania, passano il turno le prime due. Gli USA vincono tutte le partite, gli azzurri terminano a pari punti con la Germania e sono eliminati dal quoziente reti favorevole ai tedeschi. Chiudono al nono posto dopo aver battuto nel girone di classificazione Olanda, Finlandia e Lettonia. (Il percorso della Nazionale al campionato del mondo \u00e8 visibile nella pagina dei Diavoli Nerazzurri).<\/p>\n\n\n\n<div class=\"wp-block-image\"><figure class=\"aligncenter size-large is-resized\"><img loading=\"lazy\" decoding=\"async\" src=\"https:\/\/www.milanosiamonoi.com\/wp-content\/uploads\/2021\/01\/pins_venturi2-2.jpg\" alt=\"\" class=\"wp-image-4128\" width=\"390\" height=\"359\" srcset=\"https:\/\/www.milanosiamonoi.com\/wp-content\/uploads\/2021\/01\/pins_venturi2-2.jpg 404w, https:\/\/www.milanosiamonoi.com\/wp-content\/uploads\/2021\/01\/pins_venturi2-2-300x276.jpg 300w, https:\/\/www.milanosiamonoi.com\/wp-content\/uploads\/2021\/01\/pins_venturi2-2-100x92.jpg 100w, https:\/\/www.milanosiamonoi.com\/wp-content\/uploads\/2021\/01\/pins_venturi2-2-50x46.jpg 50w, https:\/\/www.milanosiamonoi.com\/wp-content\/uploads\/2021\/01\/pins_venturi2-2-25x23.jpg 25w\" sizes=\"(max-width: 390px) 100vw, 390px\" \/><\/figure><\/div>\n\n\n\n<p class=\"has-text-align-center\">Nel periodo del mondiale tutte le altre squadre italiane hanno giocato molte amichevoli, ma delle eliminatorie di campionato e del girone a sei per decidere la sfidante dell\u2019AMDG si sono perse le tracce. Dal calendario delle due milanesi sorgono dubbi sulla possibilit\u00e0 che si possa giocare per il titolo nazionale e dal 12 febbraio iniziano a Milano i Littoriali del ghiaccio. Da un paio di anni partecipare ai Littoriali del ghiaccio \u00e8 diventato facoltativo, ci si \u00e8 resi conto che questi sport richiedono una seria specializzazione, inevitabilmente il numero dei partecipanti \u00e8 decresciuto. Al torneo di hockey si iscrivono cinque atenei, la finale \u00e8 quella degli ultimi anni e per la quinta volta prevale Milano, Padova si ferma a tre.<\/p>\n\n\n\n<div class=\"wp-block-image\"><figure class=\"aligncenter size-large is-resized\"><img loading=\"lazy\" decoding=\"async\" src=\"https:\/\/www.milanosiamonoi.com\/wp-content\/uploads\/2021\/01\/39.02.12-Littoriali-ghiaccio-a-Milano-Venturi.jpg\" alt=\"\" class=\"wp-image-4172\" width=\"372\" height=\"496\" srcset=\"https:\/\/www.milanosiamonoi.com\/wp-content\/uploads\/2021\/01\/39.02.12-Littoriali-ghiaccio-a-Milano-Venturi.jpg 384w, https:\/\/www.milanosiamonoi.com\/wp-content\/uploads\/2021\/01\/39.02.12-Littoriali-ghiaccio-a-Milano-Venturi-225x300.jpg 225w, https:\/\/www.milanosiamonoi.com\/wp-content\/uploads\/2021\/01\/39.02.12-Littoriali-ghiaccio-a-Milano-Venturi-75x100.jpg 75w, https:\/\/www.milanosiamonoi.com\/wp-content\/uploads\/2021\/01\/39.02.12-Littoriali-ghiaccio-a-Milano-Venturi-38x50.jpg 38w, https:\/\/www.milanosiamonoi.com\/wp-content\/uploads\/2021\/01\/39.02.12-Littoriali-ghiaccio-a-Milano-Venturi-19x25.jpg 19w\" sizes=\"(max-width: 372px) 100vw, 372px\" \/><\/figure><\/div>\n\n\n\n<p class=\"has-text-align-center\">In concomitanza con i Littoriali del ghiaccio il Piranesi riapre al grande hockey; \u00e8 in arrivo la Nazionale a stelle e strisce. Il presidente Annoni, mal digerendo la presa di posizione dei federali sul cambio di denominazione ha fatto incidere a chiare lettere la sigla DRN sulle nuove maglie rossonere. Il match con gli Stati Uniti si gioca il 15 febbraio, per &#8220;La Gazzetta dello Sport&#8221; e &#8220;L&#8217;Ambrosiano&#8221; a ospitarli sono i Diavoli Rossoneri, per &#8220;Il Corriere della Sera&#8221; l&#8217;AMDG! Il Piranesi \u00e8 stracolmo, con l&#8217;Italia in lutto per la morte di Pio XI e la sospensione di tutti gli spettacoli pubblici in tanti si erano convinti che la partita della sera prima con i Diavoli Nerazzurri non si sarebbe giocata&#8230;<\/p>\n\n\n\n<div class=\"wp-block-image\"><figure class=\"aligncenter size-large\"><img loading=\"lazy\" decoding=\"async\" width=\"177\" height=\"278\" src=\"https:\/\/www.milanosiamonoi.com\/wp-content\/uploads\/2021\/01\/39.02-Mongini-mong.jpg\" alt=\"\" class=\"wp-image-4299\" srcset=\"https:\/\/www.milanosiamonoi.com\/wp-content\/uploads\/2021\/01\/39.02-Mongini-mong.jpg 177w, https:\/\/www.milanosiamonoi.com\/wp-content\/uploads\/2021\/01\/39.02-Mongini-mong-64x100.jpg 64w, https:\/\/www.milanosiamonoi.com\/wp-content\/uploads\/2021\/01\/39.02-Mongini-mong-32x50.jpg 32w, https:\/\/www.milanosiamonoi.com\/wp-content\/uploads\/2021\/01\/39.02-Mongini-mong-16x25.jpg 16w\" sizes=\"(max-width: 177px) 100vw, 177px\" \/><figcaption><em>Costanzo Mongini.<\/em><\/figcaption><\/figure><\/div>\n\n\n\n<figure class=\"wp-block-table\"><table><tbody><tr><td><strong>Milano, 15 febbraio 1939 &#8211; Partita amichevole.<\/strong><\/td><\/tr><tr><td>AMDG-USA 0-2 (0-0; 0-1; 0-1)<\/td><\/tr><tr><td>AMDG: Mongini; Timpano, Prete; D&#8217;Apollonia, Pellegrini, P. Fabris; Taccani, Gasparini, Venturi; Green, A. Fabris.<\/td><\/tr><tr><td>USA: Maki; Van, Wagnild; Quirk, Nicholson, Saari; Dondi, Bogue, Maley; Leaky.<\/td><\/tr><tr><td>Reti: 2\u00b0t.<em> 3&#8242; Saari. <\/em>3\u00b0t. <em>3&#8217;Quirk.<\/em><\/td><\/tr><tr><td>Arbitri: E. Bruciamonti e Maiocchi.<\/td><\/tr><\/tbody><\/table><\/figure>\n\n\n\n<div class=\"wp-block-image\"><figure class=\"aligncenter size-large\"><img loading=\"lazy\" decoding=\"async\" width=\"1003\" height=\"684\" src=\"https:\/\/www.milanosiamonoi.com\/wp-content\/uploads\/2021\/01\/39.02.15-DRN-USA-0-2-GdS-Copia-Copia.jpg\" alt=\"\" class=\"wp-image-4346\" srcset=\"https:\/\/www.milanosiamonoi.com\/wp-content\/uploads\/2021\/01\/39.02.15-DRN-USA-0-2-GdS-Copia-Copia.jpg 1003w, https:\/\/www.milanosiamonoi.com\/wp-content\/uploads\/2021\/01\/39.02.15-DRN-USA-0-2-GdS-Copia-Copia-300x205.jpg 300w, https:\/\/www.milanosiamonoi.com\/wp-content\/uploads\/2021\/01\/39.02.15-DRN-USA-0-2-GdS-Copia-Copia-768x524.jpg 768w, https:\/\/www.milanosiamonoi.com\/wp-content\/uploads\/2021\/01\/39.02.15-DRN-USA-0-2-GdS-Copia-Copia-100x68.jpg 100w, https:\/\/www.milanosiamonoi.com\/wp-content\/uploads\/2021\/01\/39.02.15-DRN-USA-0-2-GdS-Copia-Copia-50x34.jpg 50w, https:\/\/www.milanosiamonoi.com\/wp-content\/uploads\/2021\/01\/39.02.15-DRN-USA-0-2-GdS-Copia-Copia-25x17.jpg 25w, https:\/\/www.milanosiamonoi.com\/wp-content\/uploads\/2021\/01\/39.02.15-DRN-USA-0-2-GdS-Copia-Copia-740x505.jpg 740w\" sizes=\"(max-width: 1003px) 100vw, 1003px\" \/><figcaption><em>La Gazzetta dello Sport.<\/em><\/figcaption><\/figure><\/div>\n\n\n\n<div class=\"wp-block-image\"><figure class=\"aligncenter size-large is-resized\"><img loading=\"lazy\" decoding=\"async\" src=\"https:\/\/www.milanosiamonoi.com\/wp-content\/uploads\/2021\/01\/39.02-Green-e-Gasparini-Venturi.jpg\" alt=\"\" class=\"wp-image-4021\" width=\"570\" height=\"323\" srcset=\"https:\/\/www.milanosiamonoi.com\/wp-content\/uploads\/2021\/01\/39.02-Green-e-Gasparini-Venturi.jpg 800w, https:\/\/www.milanosiamonoi.com\/wp-content\/uploads\/2021\/01\/39.02-Green-e-Gasparini-Venturi-300x171.jpg 300w, https:\/\/www.milanosiamonoi.com\/wp-content\/uploads\/2021\/01\/39.02-Green-e-Gasparini-Venturi-768x437.jpg 768w, https:\/\/www.milanosiamonoi.com\/wp-content\/uploads\/2021\/01\/39.02-Green-e-Gasparini-Venturi-100x57.jpg 100w, https:\/\/www.milanosiamonoi.com\/wp-content\/uploads\/2021\/01\/39.02-Green-e-Gasparini-Venturi-50x28.jpg 50w, https:\/\/www.milanosiamonoi.com\/wp-content\/uploads\/2021\/01\/39.02-Green-e-Gasparini-Venturi-25x14.jpg 25w, https:\/\/www.milanosiamonoi.com\/wp-content\/uploads\/2021\/01\/39.02-Green-e-Gasparini-Venturi-740x421.jpg 740w\" sizes=\"(max-width: 570px) 100vw, 570px\" \/><figcaption><em>Frank Green e Leo Gasparini.<\/em><\/figcaption><\/figure><\/div>\n\n\n\n<p class=\"has-text-align-center\">Che il campionato non lo si sarebbe giocato era parso chiaro a tutti. Le milanesi si avviano verso il finale di stagione sfidandosi al meglio di due partite su tre per aggiudicarsi la Coppa del Federale. Sorge la questione Frank Green, il canadese ha giocato e allenato entrambe le squadre, ma \u00e8 un dipendente federale quindi non giocher\u00e0 le stracittadine. Il primo incontro si gioca il 22 febbraio.<\/p>\n\n\n\n<figure class=\"wp-block-table\"><table><tbody><tr><td><strong>Milano, 22 febbraio 1939 \u2013 Coppa del Federale \u2013 gara 1.<\/strong><\/td><\/tr><tr><td>AMDG-Diavoli Nerazzurri 2-1 (0-1; 2-0; 0-0)<\/td><\/tr><tr><td>AMDG: Mongini; Prete, Timpano; Venturi, Gasparini, P. Fabris; D\u2019Apollonia, Pellegrini, A. Fabris; Taccani.<\/td><\/tr><tr><td>Diavoli Nerazzurri: Gerosa; De Mazzeri, F. Rossi; Dionisi, Rauth, Bruciamonti; Mussi, Innocenti, Bestagini.<\/td><\/tr><tr><td>Reti: 1\u00b0t. Innocenti. 2\u00b0t.&nbsp;<em>1\u2032 Prete sup. num., 4\u2032 D\u2019Apollonia sup. num.<\/em><\/td><\/tr><tr><td>Arbitri: Green e Maiocchi.<\/td><\/tr><\/tbody><\/table><\/figure>\n\n\n\n<div class=\"wp-block-image\"><figure class=\"aligncenter size-large\"><img loading=\"lazy\" decoding=\"async\" width=\"315\" height=\"491\" src=\"https:\/\/www.milanosiamonoi.com\/wp-content\/uploads\/2021\/01\/39.02.22-AMDG-DNA-2-1-Corsera-Copia.jpg\" alt=\"\" class=\"wp-image-4054\" srcset=\"https:\/\/www.milanosiamonoi.com\/wp-content\/uploads\/2021\/01\/39.02.22-AMDG-DNA-2-1-Corsera-Copia.jpg 315w, https:\/\/www.milanosiamonoi.com\/wp-content\/uploads\/2021\/01\/39.02.22-AMDG-DNA-2-1-Corsera-Copia-192x300.jpg 192w, https:\/\/www.milanosiamonoi.com\/wp-content\/uploads\/2021\/01\/39.02.22-AMDG-DNA-2-1-Corsera-Copia-64x100.jpg 64w, https:\/\/www.milanosiamonoi.com\/wp-content\/uploads\/2021\/01\/39.02.22-AMDG-DNA-2-1-Corsera-Copia-32x50.jpg 32w, https:\/\/www.milanosiamonoi.com\/wp-content\/uploads\/2021\/01\/39.02.22-AMDG-DNA-2-1-Corsera-Copia-16x25.jpg 16w\" sizes=\"(max-width: 315px) 100vw, 315px\" \/><figcaption><em>Anche per &#8220;Il Corriere della Sera&#8221; l&#8217;AMDG ha cambiato nome&#8230;<\/em><\/figcaption><\/figure><\/div>\n\n\n\n<p class=\"has-text-align-center\">L&#8217;AMDG continua gli allenamenti lontano da Milano recandosi, nonostante le basse temperature, in provincia di Bolzano per disputare due partite: la prima con la squadra locale e la seconda a Ortisei.<\/p>\n\n\n\n<figure class=\"wp-block-table aligncenter\"><table><tbody><tr><td><strong>1939<\/strong><\/td><td>Luogo<\/td><td><strong>Partite amichevoli.<\/strong><\/td><td>Risultato<\/td><\/tr><tr><td>23 febbraio<\/td><td>Bolzano<\/td><td>Bolzano-AMDG<\/td><td>1-3<\/td><\/tr><tr><td>24 febbraio<\/td><td>Ortisei<\/td><td>Ortisei-AMDG<\/td><td>0-4<\/td><\/tr><\/tbody><\/table><\/figure>\n\n\n\n<p class=\"has-text-align-center\">Alla vigilia della rivincita entrambe le squadre milanesi ricevono la visita dell\u2019ingegner Albertini che nelle vesti di commissario federale esprime il proprio rincrescimento per la mancanza di disciplina dimostrata al termine della partita del 22 febbraio. Il dirigente ammonisce tutti i giocatori e precisa che se si ripeteranno fatti del genere seguiranno lunghe squalifiche.<\/p>\n\n\n\n<figure class=\"wp-block-table\"><table><tbody><tr><td><strong>Milano, 1 marzo 1939 \u2013 Coppa del Federale \u2013 gara 2.<\/strong><\/td><\/tr><tr><td>Diavoli Nerazzurri-AMDG 2-1 (2-0; 0-1; 0-0)<\/td><\/tr><tr><td>Diavoli Nerazzurri: Gerosa; De Mazzeri, F. Rossi; Dionisi, Rauth, Venosta; Mussi, Innocenti, Bruciamonti; Bestagini.<\/td><\/tr><tr><td>AMDG: Mongini; Prete, Timpano; Venturi, Gasparini, A. Fabris; D\u2019Apollonia, Pellegrini, Taccani; P. Fabris.<\/td><\/tr><tr><td>Reti: 1\u00b0t.<em> 9\u2032 Venosta<\/em>, <em>12\u2032 Innocenti<\/em>. 2\u00b0t.&nbsp;<em>Pellegrini.<\/em><\/td><\/tr><tr><td>Arbitri: A. Trovati e Maiocchi.<\/td><\/tr><\/tbody><\/table><\/figure>\n\n\n\n<div class=\"wp-block-image\"><figure class=\"aligncenter size-large\"><img loading=\"lazy\" decoding=\"async\" width=\"440\" height=\"470\" src=\"https:\/\/www.milanosiamonoi.com\/wp-content\/uploads\/2021\/01\/39.03.01-DNA-AMDG-2-1-Corsera.jpg\" alt=\"\" class=\"wp-image-4058\" srcset=\"https:\/\/www.milanosiamonoi.com\/wp-content\/uploads\/2021\/01\/39.03.01-DNA-AMDG-2-1-Corsera.jpg 440w, https:\/\/www.milanosiamonoi.com\/wp-content\/uploads\/2021\/01\/39.03.01-DNA-AMDG-2-1-Corsera-281x300.jpg 281w, https:\/\/www.milanosiamonoi.com\/wp-content\/uploads\/2021\/01\/39.03.01-DNA-AMDG-2-1-Corsera-94x100.jpg 94w, https:\/\/www.milanosiamonoi.com\/wp-content\/uploads\/2021\/01\/39.03.01-DNA-AMDG-2-1-Corsera-47x50.jpg 47w, https:\/\/www.milanosiamonoi.com\/wp-content\/uploads\/2021\/01\/39.03.01-DNA-AMDG-2-1-Corsera-23x25.jpg 23w\" sizes=\"(max-width: 440px) 100vw, 440px\" \/><figcaption><em>Il Corriere della Sera.<\/em><\/figcaption><\/figure><\/div>\n\n\n\n<p class=\"has-text-align-center\">La stagione della squadra del presidente Annoni prosegue con la seconda edizione della Coppa duca di Bergamo; a sfidare lo Zurigo SC spetta all&#8217;AMDG e non ai nerazzurri, perch\u00e9 le due compagine si sono affrontate lo scorso anno nel primo round. Gli zurighesi conservano il trofeo grazie alle pecche difensive dei milanesi, con Butti e Curami infortunati i rossoneri devono arretrare Timpano che giocando fuori ruolo diventa suo malgrado l&#8217;anello debole della catena. Nell&#8217;ultimo periodo sull&#8217;uno a quattro Venturi e Timpano si scambiano i ruoli e l&#8217;AMDG sfiora la rimonta con le reti di Prete e Gasparini. Altro big match con il Davos. Senza Piero Fabris e Prete a mezzo servizio per problemi a un inguine i rodatissimi campioni svizzeri rifilano ai rossoneri una batosta memorabile che fa dimenticare la bella prova fornita con la Nazionale USA. Nessun  vantaggio dall&#8217;inserimento di Green in difesa.<\/p>\n\n\n\n<figure class=\"wp-block-table aligncenter\"><table><tbody><tr><td><strong>1939<\/strong><\/td><td>Luogo<\/td><td><strong>Coppa duca di Bergamo.<\/strong><\/td><td>Risultato<\/td><\/tr><tr><td>11 marzo<\/td><td>Milano<\/td><td>AMDG-Zurigo SC<\/td><td>3-4 (1-1; 0-1; 2-2)<\/td><\/tr><tr><td><\/td><td><\/td><td><strong>Partita amichevole.<\/strong><\/td><td><\/td><\/tr><tr><td>17 marzo<\/td><td>Milano<\/td><td>AMDG-Davos<\/td><td>2-12 (0-3; 1-6; 1-3)<\/td><\/tr><\/tbody><\/table><\/figure>\n\n\n\n<div class=\"wp-block-image\"><figure class=\"aligncenter size-large\"><img loading=\"lazy\" decoding=\"async\" width=\"800\" height=\"455\" src=\"https:\/\/www.milanosiamonoi.com\/wp-content\/uploads\/2021\/01\/39.03.17-AMDG-Venturi.jpg\" alt=\"\" class=\"wp-image-4022\" srcset=\"https:\/\/www.milanosiamonoi.com\/wp-content\/uploads\/2021\/01\/39.03.17-AMDG-Venturi.jpg 800w, https:\/\/www.milanosiamonoi.com\/wp-content\/uploads\/2021\/01\/39.03.17-AMDG-Venturi-300x171.jpg 300w, https:\/\/www.milanosiamonoi.com\/wp-content\/uploads\/2021\/01\/39.03.17-AMDG-Venturi-768x437.jpg 768w, https:\/\/www.milanosiamonoi.com\/wp-content\/uploads\/2021\/01\/39.03.17-AMDG-Venturi-100x57.jpg 100w, https:\/\/www.milanosiamonoi.com\/wp-content\/uploads\/2021\/01\/39.03.17-AMDG-Venturi-50x28.jpg 50w, https:\/\/www.milanosiamonoi.com\/wp-content\/uploads\/2021\/01\/39.03.17-AMDG-Venturi-25x14.jpg 25w, https:\/\/www.milanosiamonoi.com\/wp-content\/uploads\/2021\/01\/39.03.17-AMDG-Venturi-740x421.jpg 740w\" sizes=\"(max-width: 800px) 100vw, 800px\" \/><figcaption><em>Da sinistra: Mongini, A. Fabris, Green, Prete, Taccani, Gasparini, Venturi, D&#8217;Apollonia, Pellegrini e Timpano.<\/em><\/figcaption><\/figure><\/div>\n\n\n\n<p class=\"has-text-align-center\">Il 22 marzo il Palazzo apre le porte all\u2019ultima \u201crecita\u201d della stagione: la cornice di pubblico \u00e8 imponente. Le ultime prove fornite dai rossoneri, le precarie condizioni fisiche di Tony Prete e Piero Fabris, le voci non infondate di invidie e ruggini serpeggianti tra le file rossonere concedono ai nerazzurri i favori del pronostico e le previsioni vengono rispettate. La terza partita consegna la Coppa del Federale alla compagine del presidente Pozzani, dominatrice incontrastata per tre quarti dell\u2019incontro. L\u2019eccellente grado di forma del trio difensivo Gerosa-De Mazzeri-Rossi \u00e8 determinante per conservare il vantaggio acquisito.<\/p>\n\n\n\n<figure class=\"wp-block-table\"><table><tbody><tr><td><strong>Milano, 22 marzo 1939 \u2013 Coppa del Federale \u2013 gara 3<\/strong>.<\/td><\/tr><tr><td>Diavoli Nerazzurri-AMDG 3-1 (1-0; 1-0; 1-1)<\/td><\/tr><tr><td>Diavoli Nerazzurri: Gerosa; De Mazzeri, F. Rossi; Dionisi, Rauth, Bruciamonti; Mussi, Innocenti, Venosta.<\/td><\/tr><tr><td>AMDG: Mongini; Prete, Timpano; Venturi, Gasparini, A. Fabris; D\u2019Apollonia, Pellegrini, P. Fabris.<\/td><\/tr><tr><td>Reti: 1\u00b0t. <em>6\u2032 Rauth.<\/em> 2\u00b0t. <em>13\u2032 Rauth<\/em>. 3\u00b0t. <em>6\u2032 Bruciamonti,&nbsp;<\/em>8\u2032 Venturi.<\/td><\/tr><tr><td>Arbitri: Strauli e Hug (Svizzera).<\/td><\/tr><\/tbody><\/table><\/figure>\n\n\n\n<p class=\"has-text-align-center\">Il disco su ghiaccio va in letargo senza assegnare il titolo di campione d\u2019Italia. Il rompete le righe ufficiale lo comanda la FISI infliggendo sanzioni disciplinari a tutti i giocatori presenti nel derby del 22 febbraio. Camillo Mussi (Diavoli Nerazzurri) viene sospeso a tempo indeterminato. Tutti gli altri giocatori dei Diavoli Nerazzurri e dell\u2019AMDG ricevono l\u2019ammonizione per mancanza di spirito sportivo. Dal comunicato della Federazione si desume che la squadra del presidente Annoni si \u00e8 sempre chiamata AMDG, i Diavoli Rossoneri sono rinati solo sui fogli dei quotidiani. D&#8217;altronde la Federazione era stata chiara: si al cambio di colori sociali, no alla modifica della denominazione. Reggendo le sorti di sodalizi che avrebbero voluto chiamare in modo diverso Fernando Pozzani e Pietro Annoni sono stati accomunati dalla stesso destino: la sezione hockey dell\u2019Ambrosiana e il ritorno dei Diavoli Rossoneri sono rimasti desideri irrealizzati.<\/p>\n\n\n\n<figure class=\"wp-block-table aligncenter\"><table><tbody><tr><td><strong>Classifica marcatori stagionali AMDG<\/strong><\/td><td class=\"has-text-align-center\" data-align=\"center\">Reti<\/td><\/tr><tr><td>Giorgio Pellegrini (22 presenze)<\/td><td class=\"has-text-align-center\" data-align=\"center\">24<\/td><\/tr><tr><td>Otello D&#8217;Apollonia (22)<\/td><td class=\"has-text-align-center\" data-align=\"center\">18<\/td><\/tr><tr><td>Franco Taccani (20)<\/td><td class=\"has-text-align-center\" data-align=\"center\">9<\/td><\/tr><tr><td>Tony Prete (9), Piero Fabris (17) e Giuseppe Timpano (21)<\/td><td class=\"has-text-align-center\" data-align=\"center\">5<\/td><\/tr><tr><td>Ontario Venturi (9) e Leopoldo Curami (10)<\/td><td class=\"has-text-align-center\" data-align=\"center\">3<\/td><\/tr><tr><td>Arnaldo Fabris (21)<\/td><td class=\"has-text-align-center\" data-align=\"center\">2<\/td><\/tr><tr><td>Tino De Mazzeri (1), Luigi Venosta (1), Enzo Cesana (2) e Leo Gasparini (8)<\/td><td class=\"has-text-align-center\" data-align=\"center\">1<\/td><\/tr><tr><td>Reti attribuite ai gemelli Fabris senza specificare nome proprio<\/td><td class=\"has-text-align-center\" data-align=\"center\">8<\/td><\/tr><\/tbody><\/table><\/figure>\n\n\n\n<div class=\"wp-block-image\"><figure class=\"aligncenter size-large is-resized\"><img loading=\"lazy\" decoding=\"async\" src=\"https:\/\/www.milanosiamonoi.com\/wp-content\/uploads\/2021\/01\/39.03-Sudbury-trio-2-776x1024.jpg\" alt=\"\" class=\"wp-image-4023\" width=\"570\" height=\"752\" srcset=\"https:\/\/www.milanosiamonoi.com\/wp-content\/uploads\/2021\/01\/39.03-Sudbury-trio-2-776x1024.jpg 776w, https:\/\/www.milanosiamonoi.com\/wp-content\/uploads\/2021\/01\/39.03-Sudbury-trio-2-227x300.jpg 227w, https:\/\/www.milanosiamonoi.com\/wp-content\/uploads\/2021\/01\/39.03-Sudbury-trio-2-768x1013.jpg 768w, https:\/\/www.milanosiamonoi.com\/wp-content\/uploads\/2021\/01\/39.03-Sudbury-trio-2-76x100.jpg 76w, https:\/\/www.milanosiamonoi.com\/wp-content\/uploads\/2021\/01\/39.03-Sudbury-trio-2-38x50.jpg 38w, https:\/\/www.milanosiamonoi.com\/wp-content\/uploads\/2021\/01\/39.03-Sudbury-trio-2-19x25.jpg 19w, https:\/\/www.milanosiamonoi.com\/wp-content\/uploads\/2021\/01\/39.03-Sudbury-trio-2-740x976.jpg 740w, https:\/\/www.milanosiamonoi.com\/wp-content\/uploads\/2021\/01\/39.03-Sudbury-trio-2.jpg 780w\" sizes=\"(max-width: 570px) 100vw, 570px\" \/><figcaption><em>Un giornale di Sudbury dedica spazio all&#8217;esperienza europea di Venturi, Prete e Gasparini.<\/em><\/figcaption><\/figure><\/div>\n\n\n\n<figure class=\"wp-block-table\"><table><tbody><tr><td><strong><a href=\"https:\/\/www.milanosiamonoi.com\/index.php\/campionati\/dal-1930-al-1939-la-crescita\/1937-1938-amdg\/\" data-type=\"URL\" data-id=\"https:\/\/www.milanosiamonoi.com\/index.php\/campionati\/dal-1930-al-1939-la-crescita\/1937-1938-amdg\/\">stagione precedente<\/a><\/strong><\/td><td class=\"has-text-align-right\" data-align=\"right\"><strong><a href=\"https:\/\/www.milanosiamonoi.com\/index.php\/campionati\/dal-1940-al-1945-la-guerra\/1939-1940-rappr-milanese\/\" data-type=\"URL\" data-id=\"https:\/\/www.milanosiamonoi.com\/index.php\/campionati\/dal-1940-al-1945-la-guerra\/1939-1940-rappr-milanese\/\">stagione successiva<\/a><\/strong><\/td><\/tr><\/tbody><\/table><\/figure>\n\n\n\n<figure class=\"wp-block-table\"><table><tbody><tr><td class=\"has-text-align-center\" data-align=\"center\"><a href=\"https:\/\/www.milanosiamonoi.com\/index.php\/campionati\/dal-1930-al-1939-la-crescita\/1938-1939-diavoli-nerazzurri\/\" data-type=\"URL\" data-id=\"https:\/\/www.milanosiamonoi.com\/index.php\/campionati\/dal-1930-al-1939-la-crescita\/1938-1939-diavoli-nerazzurri\/\"><strong>Diavoli Nerazzurri<\/strong><\/a><\/td><\/tr><\/tbody><\/table><\/figure>\n","protected":false},"excerpt":{"rendered":"<p>Presidente Pietro Annoni Allenatore Frank Green e Ontario Venturi. Ruolo Giocatori con almeno una presenza in prima squadra. P Costanzo Mongini, Gianantonio Zopegni. D Giancarlo&#8230;<\/p>\n","protected":false},"author":2,"featured_media":0,"parent":1465,"menu_order":13,"comment_status":"closed","ping_status":"closed","template":"","meta":{"spay_email":"","footnotes":""},"_links":{"self":[{"href":"https:\/\/www.milanosiamonoi.com\/index.php\/wp-json\/wp\/v2\/pages\/3945"}],"collection":[{"href":"https:\/\/www.milanosiamonoi.com\/index.php\/wp-json\/wp\/v2\/pages"}],"about":[{"href":"https:\/\/www.milanosiamonoi.com\/index.php\/wp-json\/wp\/v2\/types\/page"}],"author":[{"embeddable":true,"href":"https:\/\/www.milanosiamonoi.com\/index.php\/wp-json\/wp\/v2\/users\/2"}],"replies":[{"embeddable":true,"href":"https:\/\/www.milanosiamonoi.com\/index.php\/wp-json\/wp\/v2\/comments?post=3945"}],"version-history":[{"count":127,"href":"https:\/\/www.milanosiamonoi.com\/index.php\/wp-json\/wp\/v2\/pages\/3945\/revisions"}],"predecessor-version":[{"id":13000,"href":"https:\/\/www.milanosiamonoi.com\/index.php\/wp-json\/wp\/v2\/pages\/3945\/revisions\/13000"}],"up":[{"embeddable":true,"href":"https:\/\/www.milanosiamonoi.com\/index.php\/wp-json\/wp\/v2\/pages\/1465"}],"wp:attachment":[{"href":"https:\/\/www.milanosiamonoi.com\/index.php\/wp-json\/wp\/v2\/media?parent=3945"}],"curies":[{"name":"wp","href":"https:\/\/api.w.org\/{rel}","templated":true}]}}