{"id":2887,"date":"2020-12-15T11:05:01","date_gmt":"2020-12-15T11:05:01","guid":{"rendered":"http:\/\/milanosiamonoi.com\/?page_id=2887"},"modified":"2025-03-20T16:32:24","modified_gmt":"2025-03-20T16:32:24","slug":"1934-1935","status":"publish","type":"page","link":"https:\/\/www.milanosiamonoi.com\/index.php\/campionati\/dal-1930-al-1939-la-crescita\/1934-1935\/","title":{"rendered":"1934\/1935 HC Milano"},"content":{"rendered":"\n<div class=\"wp-block-image\"><figure class=\"aligncenter size-large\"><img loading=\"lazy\" decoding=\"async\" width=\"300\" height=\"300\" src=\"https:\/\/www.milanosiamonoi.com\/wp-content\/uploads\/2020\/10\/logo-hcm-300x300-1.jpg\" alt=\"\" class=\"wp-image-1734\" srcset=\"https:\/\/www.milanosiamonoi.com\/wp-content\/uploads\/2020\/10\/logo-hcm-300x300-1.jpg 300w, https:\/\/www.milanosiamonoi.com\/wp-content\/uploads\/2020\/10\/logo-hcm-300x300-1-150x150.jpg 150w, https:\/\/www.milanosiamonoi.com\/wp-content\/uploads\/2020\/10\/logo-hcm-300x300-1-100x100.jpg 100w, https:\/\/www.milanosiamonoi.com\/wp-content\/uploads\/2020\/10\/logo-hcm-300x300-1-50x50.jpg 50w, https:\/\/www.milanosiamonoi.com\/wp-content\/uploads\/2020\/10\/logo-hcm-300x300-1-25x25.jpg 25w, https:\/\/www.milanosiamonoi.com\/wp-content\/uploads\/2020\/10\/logo-hcm-300x300-1-90x90.jpg 90w\" sizes=\"(max-width: 300px) 100vw, 300px\" \/><\/figure><\/div>\n\n\n\n<figure class=\"wp-block-table aligncenter\"><table><tbody><tr><td>Presidente onorario<\/td><td>Alberto Bonacossa<\/td><\/tr><tr><td>Presidente effettivo<\/td><td>Ambrogio Gobbi<\/td><\/tr><tr><td>Allenatore<\/td><td>James Foley<\/td><\/tr><\/tbody><\/table><\/figure>\n\n\n\n<figure class=\"wp-block-table\"><table><tbody><tr><td class=\"has-text-align-center\" data-align=\"center\">Ruolo<\/td><td><strong>Giocatori con almeno una presenza in prima squadra.<\/strong><\/td><\/tr><tr><td class=\"has-text-align-center\" data-align=\"center\">P<\/td><td>Enrico Calcaterra, Augusto Gerosa. <\/td><\/tr><tr><td class=\"has-text-align-center\" data-align=\"center\">D<\/td><td>Gianmario Baroni (C), Franco Rossi.<\/td><\/tr><tr><td class=\"has-text-align-center\" data-align=\"center\">A<\/td><td>Pietro V. Covo, James Foley, Tino De Mazzeri, Giampiero Medri, Camillo Mussi, Frank Roncarelli, Carlo Signorini, Franco Taccani, Giuseppe Timpano, Luigi Venosta.<\/td><\/tr><tr><td class=\"has-text-align-center\" data-align=\"center\">Rinforzo<\/td><td>Decio Trovati (Diavoli Rossoneri).<\/td><\/tr><\/tbody><\/table><\/figure>\n\n\n\n<p class=\"has-text-align-center\">Inizio stagione totalmente dedicato alla Coppa Europa Interclubs, al torneo partecipano dieci squadre di Cecoslovacchia, Francia, Germania, Inghilterra e Italia. I campioni d&#8217;Italia vengono inseriti nel gruppo A con le londinesi Streatham e Wembley Lions, i tedeschi del Riessersee SC e i parigini dello Stade Fran\u00e7ais. Programma impegnativo e complicato dal passaggio di Ignazio Dionisi ai Diavoli Rossoneri e dal mancato ritorno in Italia di Frank Roncarelli: ha promesso di tornare in gennaio.<\/p>\n\n\n\n<div class=\"wp-block-image\"><figure class=\"aligncenter size-large is-resized\"><img loading=\"lazy\" decoding=\"async\" src=\"https:\/\/www.milanosiamonoi.com\/wp-content\/uploads\/2020\/03\/34.10.31-Milano-Stade-1-3.jpg\" alt=\"\" class=\"wp-image-263\" width=\"579\" height=\"358\" srcset=\"https:\/\/www.milanosiamonoi.com\/wp-content\/uploads\/2020\/03\/34.10.31-Milano-Stade-1-3.jpg 709w, https:\/\/www.milanosiamonoi.com\/wp-content\/uploads\/2020\/03\/34.10.31-Milano-Stade-1-3-300x186.jpg 300w\" sizes=\"(max-width: 579px) 100vw, 579px\" \/><figcaption><em>31 ottobre 1934, il Milano schierato  prima della sfida con lo Stade; da sinistra: Giuseppe Timpano, Pietro Covo, Gigi Venosta, Millo Mussi, Giampiero Medri, Gianmario Baroni, Franco Rossi, Tino De Mazzeri e Augusto Gerosa. <\/em><\/figcaption><\/figure><\/div>\n\n\n\n<div class=\"wp-block-image\"><figure class=\"aligncenter size-large is-resized\"><img loading=\"lazy\" decoding=\"async\" src=\"https:\/\/www.milanosiamonoi.com\/wp-content\/uploads\/2021\/01\/34.10.31_Milano-Stade.jpg\" alt=\"\" class=\"wp-image-3975\" width=\"578\" height=\"328\" srcset=\"https:\/\/www.milanosiamonoi.com\/wp-content\/uploads\/2021\/01\/34.10.31_Milano-Stade.jpg 800w, https:\/\/www.milanosiamonoi.com\/wp-content\/uploads\/2021\/01\/34.10.31_Milano-Stade-300x171.jpg 300w, https:\/\/www.milanosiamonoi.com\/wp-content\/uploads\/2021\/01\/34.10.31_Milano-Stade-768x437.jpg 768w, https:\/\/www.milanosiamonoi.com\/wp-content\/uploads\/2021\/01\/34.10.31_Milano-Stade-100x57.jpg 100w, https:\/\/www.milanosiamonoi.com\/wp-content\/uploads\/2021\/01\/34.10.31_Milano-Stade-50x28.jpg 50w, https:\/\/www.milanosiamonoi.com\/wp-content\/uploads\/2021\/01\/34.10.31_Milano-Stade-25x14.jpg 25w, https:\/\/www.milanosiamonoi.com\/wp-content\/uploads\/2021\/01\/34.10.31_Milano-Stade-740x421.jpg 740w\" sizes=\"(max-width: 578px) 100vw, 578px\" \/><figcaption><em>Milano e Stade Fran\u00e7ais nella nebbia del Palazzo del ghiaccio.<\/em><\/figcaption><\/figure><\/div>\n\n\n\n<figure class=\"wp-block-table aligncenter\"><table><tbody><tr><td><strong>1934<\/strong><\/td><td>Luogo<\/td><td><strong>Coppa Europa.<\/strong><\/td><td>Risultato<\/td><\/tr><tr><td>31 ottobre<\/td><td>Milano<\/td><td>Milano-Stade Fran\u00e7ais Parigi<\/td><td>1-3 (0-0; 1-2; 0-1)<\/td><\/tr><tr><td>7 novembre<\/td><td>Londra<\/td><td>Streatham-Milano<\/td><td>9-0 (2-0; 2-0; 5-0)<\/td><\/tr><tr><td>8 novembre<\/td><td>Londra<\/td><td>Wembley Lions-Milano<\/td><td>2-0 (2-0; 0-0; 0-0)<\/td><\/tr><tr><td>10 novembre<\/td><td>Parigi<\/td><td>Stade Fran\u00e7ais Parigi-Milano<\/td><td>6-1 (2-1; 1-0; 3-0)<\/td><\/tr><tr><td>21 novembre <\/td><td>Milano<\/td><td>Milano-Riessersee SC<\/td><td>0-0<\/td><\/tr><\/tbody><\/table><\/figure>\n\n\n\n<p class=\"has-text-align-center\">Cinque partite e un solo punto raccolto. Il dubbio \u00e8 quello di avere voluto partecipare a un torneo che necessitava di una ben pi\u00f9 seria e adeguata preparazione. Il Milano gioca la prima partita con una misera settimana di allenamento alle spalle, quando le londinesi e i parigini sono sul ghiaccio da oltre un mese. Nel primo match esordisce positivamente il giovane Pietro Covo che il giorno seguente nel corso di un&#8217;esibizione benefica  cadendo rovinosamente sul ghiaccio si fratturer\u00e0 una clavicola: rientrer\u00e0 a fine dicembre con la seconda squadra. Altre tre gare nel giro di quattro giorni, dopo un lungo viaggio e affrontando squadre colme di nordamericani. Il Milano muove la classifica nella partita giocata al Palazzo con il Riessersee SC terminata in pareggio. Contro i bavaresi, rinforzati da quattro giocatori del Fussen, esordisce il nuovo allenatore-giocatore: il canadese Jim Foley.<\/p>\n\n\n\n<p> <\/p>\n\n\n\n<div class=\"wp-block-image\"><figure class=\"aligncenter size-large is-resized\"><img loading=\"lazy\" decoding=\"async\" src=\"https:\/\/www.milanosiamonoi.com\/wp-content\/uploads\/2020\/03\/milano3435.jpg\" alt=\"\" class=\"wp-image-110\" width=\"575\" height=\"326\" srcset=\"https:\/\/www.milanosiamonoi.com\/wp-content\/uploads\/2020\/03\/milano3435.jpg 800w, https:\/\/www.milanosiamonoi.com\/wp-content\/uploads\/2020\/03\/milano3435-300x171.jpg 300w, https:\/\/www.milanosiamonoi.com\/wp-content\/uploads\/2020\/03\/milano3435-768x437.jpg 768w, https:\/\/www.milanosiamonoi.com\/wp-content\/uploads\/2020\/03\/milano3435-740x421.jpg 740w\" sizes=\"(max-width: 575px) 100vw, 575px\" \/><figcaption><em>21 novembre 1934, Milano-Riessersee SC 0-0. Da sinistra: Timpano, Baroni, Venosta, Gerosa, T. De Mazzeri, J. Foley, Medri, Mussi e F. Rossi.<\/em><\/figcaption><\/figure><\/div>\n\n\n\n<p class=\"has-text-align-center\">Ancora prima di giocare un&#8217;amichevole Gerosa, Baroni, De Mazzeri, Mussi e Venosta si uniscono ai nazionali dei Diavoli Rossoneri per affrontare lo Slavia Praga in una partita organizzata in fretta e furia per saggiare le condizioni dei probabili azzurri (CdM 1935 a Davos). Gli allenamenti dei nazionali si svolgono a singhiozzo per permettere ai due club milanesi di rispettare gli impegni assunti: amichevoli e partite di Coppa Europa. Resta il problema dovuto al fatto che, mancando Roncarelli,  al momento il gruppo non ha nessuna guida riconosciuta. Contro il St. Moritz Gerosa lascia il posto davanti alla gabbia a Calcaterra, che pur giocando poco \u00e8 sempre tenuto in considerazione.<\/p>\n\n\n\n<figure class=\"wp-block-table aligncenter\"><table><tbody><tr><td><strong>1934<\/strong><\/td><td>Luogo<\/td><td><strong>Partita amichevole.<\/strong><\/td><td>Risultato<\/td><\/tr><tr><td>30 novembre<\/td><td>Milano<\/td><td>Milano-St. Moritz<\/td><td>3-0 (2-0; 1-0; 0-0)<\/td><\/tr><tr><td><\/td><td><\/td><td><strong>Coppa Europa.<\/strong><\/td><td><\/td><\/tr><tr><td>8 dicembre<\/td><td>Milano<\/td><td>Milano-Wembley Lions<\/td><td>1-2 (0-1; 1-1: 0-0)<\/td><\/tr><tr><td>15 dicembre<\/td><td>Monaco Bav.<\/td><td>Riessersee SC-Milano<\/td><td>1-1 (1-1; 0-0; 0-0)<\/td><\/tr><tr><td><\/td><td><\/td><td><strong>Partita amichevole.<\/strong><\/td><td><\/td><\/tr><tr><td>16 dicembre<\/td><td>Garmisch<\/td><td>Riessersee SC-Milano<\/td><td>3-2 (2-1; 0-0; 1-1)<\/td><\/tr><\/tbody><\/table><\/figure>\n\n\n\n<div class=\"wp-block-image\"><figure class=\"aligncenter size-large is-resized\"><img loading=\"lazy\" decoding=\"async\" src=\"https:\/\/www.milanosiamonoi.com\/wp-content\/uploads\/2020\/03\/34.12.15-16-Riess-M-1-1-e-3-2-855x1024.jpg\" alt=\"\" class=\"wp-image-275\" width=\"570\" height=\"682\" srcset=\"https:\/\/www.milanosiamonoi.com\/wp-content\/uploads\/2020\/03\/34.12.15-16-Riess-M-1-1-e-3-2-855x1024.jpg 855w, https:\/\/www.milanosiamonoi.com\/wp-content\/uploads\/2020\/03\/34.12.15-16-Riess-M-1-1-e-3-2-251x300.jpg 251w, https:\/\/www.milanosiamonoi.com\/wp-content\/uploads\/2020\/03\/34.12.15-16-Riess-M-1-1-e-3-2-768x919.jpg 768w, https:\/\/www.milanosiamonoi.com\/wp-content\/uploads\/2020\/03\/34.12.15-16-Riess-M-1-1-e-3-2-1283x1536.jpg 1283w, https:\/\/www.milanosiamonoi.com\/wp-content\/uploads\/2020\/03\/34.12.15-16-Riess-M-1-1-e-3-2-1711x2048.jpg 1711w, https:\/\/www.milanosiamonoi.com\/wp-content\/uploads\/2020\/03\/34.12.15-16-Riess-M-1-1-e-3-2-1126x1348.jpg 1126w, https:\/\/www.milanosiamonoi.com\/wp-content\/uploads\/2020\/03\/34.12.15-16-Riess-M-1-1-e-3-2-740x886.jpg 740w\" sizes=\"(max-width: 570px) 100vw, 570px\" \/><\/figure><\/div>\n\n\n\n<p class=\"has-text-align-center\">Mentre la stagione agonistica delle altre squadre italiane viene messa in crisi da un inverno troppo mite, quella delle milanesi prosegue a pieno ritmo. Il Milano si ripresenter\u00e0 a St. Moritz per partecipare al torneo locale, prima di partire per l&#8217;Engadina un&#8217;ultima amichevole con una squadra di Budapest. In questo match, non potendo disporre di Gianmario Baroni, i neri schierano in difesa il vecchio capitano Decio Trovati, ora ai Diavoli Rossoneri. L&#8217;incontro \u00e8 vivace e ricco di falli, una papera di Gerosa e l&#8217;infortunio nel corso della prima frazione a un ginocchio a Venosta le principali cause della sconfitta. &#8220;La Gazzetta dello Sport&#8221; sulle ultime fasi della partita: -Verso la fine dell&#8217;incontro Foley ha avuto una trovata. Ha fatto uscire il portiere per potere allineare ben cinque uomini all&#8217;attacco&#8230;-. Probabilmente per il Piranesi era la prima volta. Il bilancio del St. Moritz Trophy \u00e8 di una vittoria e una sconfitta, ma la cosa peggiore riguarda Venosta: l&#8217;infortunio al ginocchio \u00e8 pi\u00f9 grave del previsto.  <\/p>\n\n\n\n<figure class=\"wp-block-table aligncenter\"><table><tbody><tr><td><strong>1934<\/strong><\/td><td><strong>Milano &#8211; Partita amichevole<\/strong>.<\/td><td>Risultato<\/td><\/tr><tr><td>21 dicembre<\/td><td>Milano-Budai TE<\/td><td>1-2 (0-1; 1-1; 0-0)<\/td><\/tr><tr><td><\/td><td><strong>St. Moritz Trophy.<\/strong><\/td><td><\/td><\/tr><tr><td>30 dicembre<\/td><td>St. Moritz-Milano<\/td><td>0-2 (0-1; 0-0; 01)<\/td><\/tr><tr><td>31 dicembre<\/td><td>Queen&#8217;s Club Londra-Milano<\/td><td>8-2 (0-0; 4-1; 4-1)<\/td><\/tr><\/tbody><\/table><\/figure>\n\n\n\n<p class=\"has-text-align-center\">Va meglio ai ragazzi della seconda squadra (Levi; Benni, Sommariva; A. e P. Fabris, Taccani, P. Covo, Signorini, Galassi) vincitori della Coppa Kandersteg. Pietro Covo rientra dopo due mesi e l&#8217;ottimo Franco Taccani raggiunge i titolari a St. Moritz per sostituire Venosta. <\/p>\n\n\n\n<div class=\"wp-block-image\"><figure class=\"aligncenter size-large is-resized\"><img loading=\"lazy\" decoding=\"async\" src=\"https:\/\/www.milanosiamonoi.com\/wp-content\/uploads\/2020\/12\/34.12.28-MI-II-libro-Covo..jpg\" alt=\"\" class=\"wp-image-2924\" width=\"575\" height=\"386\" srcset=\"https:\/\/www.milanosiamonoi.com\/wp-content\/uploads\/2020\/12\/34.12.28-MI-II-libro-Covo..jpg 720w, https:\/\/www.milanosiamonoi.com\/wp-content\/uploads\/2020\/12\/34.12.28-MI-II-libro-Covo.-300x202.jpg 300w, https:\/\/www.milanosiamonoi.com\/wp-content\/uploads\/2020\/12\/34.12.28-MI-II-libro-Covo.-100x67.jpg 100w, https:\/\/www.milanosiamonoi.com\/wp-content\/uploads\/2020\/12\/34.12.28-MI-II-libro-Covo.-50x34.jpg 50w, https:\/\/www.milanosiamonoi.com\/wp-content\/uploads\/2020\/12\/34.12.28-MI-II-libro-Covo.-25x17.jpg 25w\" sizes=\"(max-width: 575px) 100vw, 575px\" \/><figcaption><em>I cadetti festeggiano la vittoria nel torneo di Kandersteg.<\/em><\/figcaption><\/figure><\/div>\n\n\n\n<p class=\"has-text-align-center\">Nel nuovo anno si continuano ad alternare partite della Rappresentativa Milanese (i probabili azzurri per Davos) con quelle dei due club: sarebbe stato opportuno farlo anche l&#8217;anno prima per il mondiale casalingo. La mista ambrosiana perde con il Queen&#8217;s Club (2-3) e batte Cambridge (4-1). Il Milano se la vede con Streatham per l&#8217;ultima di Coppa Europa e ospita al Palazzo la squadra che indosser\u00e0 i panni della Nazionale canadese a Davos: Winnipeg Monarchs. Con i londinesi torna in prima squadra Pietro Covo, la giovane promessa non risulta essere italiano, quindi niente Nazionale e niente campionato.<\/p>\n\n\n\n<figure class=\"wp-block-table aligncenter\"><table><tbody><tr><td><strong>1935<\/strong><\/td><td>Luogo<\/td><td><strong>Coppa Europa.<\/strong><\/td><td>Risultato<\/td><\/tr><tr><td>9 gennaio<\/td><td>Milano<\/td><td>Milano-Streatham<\/td><td>1-3 (1-1; 0-1; 0-1)<\/td><\/tr><tr><td><\/td><td><\/td><td><strong>Partita amichevole.<\/strong><\/td><td><\/td><\/tr><tr><td>14 gennaio<\/td><td>Milano<\/td><td>Milano-Winnipeg Monarchs<\/td><td>1-3 (0-0; 0-3; 1-0)<\/td><\/tr><\/tbody><\/table><\/figure>\n\n\n\n<p class=\"has-text-align-center\">Da met\u00e0 gennaio spazio alla Nazionale impegnata nel mondiale di Davos, questi i convocati: i portieri Gerosa e Calcaterra (M), i difensori Baroni e F. Rossi (M), D. Trovati e Carlassare (DRN), gli attaccanti Dionisi, M. Zucchini, Gianni Scotti e Maiocchi (DRN), Tino De Mazzeri e Mussi (M). La lista comprende anche Mario Zucchini la cui cittadinanza italiana \u00e8 stata documentata. Mancano l&#8217;infortunato Venosta e l&#8217;indisponibile Medri, inoltre \u00e8 risultato impossibile verificare le condizioni di forma dei poco allenati valligiani. Il massimo responsabile \u00e8 il commissario federale Crivelli, ma la formazione la decidono i veterani. Al torneo partecipa il numero record di quindici squadre, ma non ci sono gli Stati Uniti: volevano un premio d&#8217;ingaggio.<\/p>\n\n\n\n<div class=\"wp-block-image\"><figure class=\"aligncenter size-large is-resized\"><img loading=\"lazy\" decoding=\"async\" src=\"https:\/\/www.milanosiamonoi.com\/wp-content\/uploads\/2020\/12\/35.01-CM-giorn-DeM.jpg\" alt=\"\" class=\"wp-image-2944\" width=\"516\" height=\"720\" srcset=\"https:\/\/www.milanosiamonoi.com\/wp-content\/uploads\/2020\/12\/35.01-CM-giorn-DeM.jpg 520w, https:\/\/www.milanosiamonoi.com\/wp-content\/uploads\/2020\/12\/35.01-CM-giorn-DeM-215x300.jpg 215w, https:\/\/www.milanosiamonoi.com\/wp-content\/uploads\/2020\/12\/35.01-CM-giorn-DeM-72x100.jpg 72w, https:\/\/www.milanosiamonoi.com\/wp-content\/uploads\/2020\/12\/35.01-CM-giorn-DeM-36x50.jpg 36w, https:\/\/www.milanosiamonoi.com\/wp-content\/uploads\/2020\/12\/35.01-CM-giorn-DeM-18x25.jpg 18w\" sizes=\"(max-width: 516px) 100vw, 516px\" \/><\/figure><\/div>\n\n\n\n<p><\/p>\n\n\n\n<figure class=\"wp-block-table aligncenter\"><table><tbody><tr><td><strong>1935<\/strong><\/td><td><strong>Davos &#8211;<\/strong> <strong>Camp. del Mondo<\/strong> <strong>&#8211; Girone B<\/strong><\/td><td>Risultato<\/td><\/tr><tr><td>19 gennaio<\/td><td>Italia-Germania<\/td><td>2-0 (1-0; 1-0; 0-0)<\/td><\/tr><tr><td>20 gennaio<\/td><td>Italia-Francia<\/td><td>1-1 (0-0; 1-0; 0-1)<\/td><\/tr><tr><td>21 gennaio<\/td><td>Italia-Polonia<\/td><td>1-1 (0-0; 1-1; 0-0)<\/td><\/tr><\/tbody><\/table><\/figure>\n\n\n\n<div class=\"wp-block-image\"><figure class=\"aligncenter size-large is-resized\"><img loading=\"lazy\" decoding=\"async\" src=\"https:\/\/www.milanosiamonoi.com\/wp-content\/uploads\/2020\/12\/35.01.19-Ita-Ger-DeM.jpg\" alt=\"\" class=\"wp-image-3019\" width=\"577\" height=\"327\" srcset=\"https:\/\/www.milanosiamonoi.com\/wp-content\/uploads\/2020\/12\/35.01.19-Ita-Ger-DeM.jpg 800w, https:\/\/www.milanosiamonoi.com\/wp-content\/uploads\/2020\/12\/35.01.19-Ita-Ger-DeM-300x171.jpg 300w, https:\/\/www.milanosiamonoi.com\/wp-content\/uploads\/2020\/12\/35.01.19-Ita-Ger-DeM-768x437.jpg 768w, https:\/\/www.milanosiamonoi.com\/wp-content\/uploads\/2020\/12\/35.01.19-Ita-Ger-DeM-100x57.jpg 100w, https:\/\/www.milanosiamonoi.com\/wp-content\/uploads\/2020\/12\/35.01.19-Ita-Ger-DeM-50x28.jpg 50w, https:\/\/www.milanosiamonoi.com\/wp-content\/uploads\/2020\/12\/35.01.19-Ita-Ger-DeM-25x14.jpg 25w, https:\/\/www.milanosiamonoi.com\/wp-content\/uploads\/2020\/12\/35.01.19-Ita-Ger-DeM-740x421.jpg 740w\" sizes=\"(max-width: 577px) 100vw, 577px\" \/><figcaption><em>Azzurri in difesa nel match con la Germania.<\/em><\/figcaption><\/figure><\/div>\n\n\n\n<p class=\"has-text-align-center\">Grande sorpresa: passano il turno Francia e Italia. La Germania, orfana dei fratelli Ball, perde clamorosamente tutte le partite! Le otto qualificate al secondo turno vengono divise in due gironi, le prime due di ogni raggruppamento si giocheranno il titolo incontrandosi tra loro per stabilire una classifica finale.<\/p>\n\n\n\n<figure class=\"wp-block-table aligncenter\"><table><tbody><tr><td><strong>1935<\/strong><\/td><td><strong>Davos &#8211;<\/strong> <strong>Camp. del Mondo<\/strong> <strong>&#8211; Gruppo 1<\/strong><\/td><td>Risultato<\/td><\/tr><tr><td>22 gennaio<\/td><td>Cecoslovacchia-Italia <\/td><td>5-1 (0-0; 1-0; 0-1; 4-0) t.s.<\/td><\/tr><tr><td>23 gennaio<\/td><td>Canada-Italia<\/td><td>9-0 (3-0; 4-0; 2-0)<\/td><\/tr><tr><td>24 gennaio<\/td><td>Svezia-Italia<\/td><td>1-1 (0-1; 0-0; 1-0)<\/td><\/tr><\/tbody><\/table><\/figure>\n\n\n\n<p class=\"has-text-align-center\">Gli azzurri bloccano sul pareggio la Cecoslovacchia e cedono stremati nel supplementare. Con il Canada non c&#8217;\u00e8 partita e nonostante uno stiramento metta fuori causa Decio Trovati altra buona prestazione con gli svedesi. Al termine di questa partita le due squadre si accordano per non giocare il supplementare, entrambe sono destinate alla fase di classificazione.<\/p>\n\n\n\n<figure class=\"wp-block-table aligncenter\"><table><tbody><tr><td><strong>1935<\/strong><\/td><td><strong>Davos &#8211; Camp. del Mondo <\/strong>&#8211;<strong> 5\u00b0 \/ 8\u00b0 posto<\/strong><\/td><td>Risultato<\/td><\/tr><tr><td>26 gennaio<\/td><td>Austria-Italia<\/td><td>2-1 (0-0; 2-1; 0-0)<\/td><\/tr><\/tbody><\/table><\/figure>\n\n\n\n<p class=\"has-text-align-center\">Causa calo fisico e infortuni Francia e Italia rinunciano all&#8217;ultima partita e si dividono il settimo posto. Rispetto al mondiale di Milano gli azzurri guadagnano due posizioni. Con le squadre che in classifica li precedono, salvo il Canada, sono rimasti in partita fino all&#8217;ultimo minuto, la sconfitta con i cechi \u00e8 venuta al supplementare. Molti rimpianti per le assenze di Venosta, Roncarelli e le cattive condizioni di salute che hanno accompagnato per tutto il torneo Baroni. Sugli scudi Mario Zucchini e Ignazio Dionisi chiamati a far parte della selezione europea che sfider\u00e0 il Canada campione. <\/p>\n\n\n\n<div class=\"wp-block-image\"><figure class=\"aligncenter size-large is-resized\"><img loading=\"lazy\" decoding=\"async\" src=\"https:\/\/www.milanosiamonoi.com\/wp-content\/uploads\/2020\/12\/35.01.23-CANeITA-DeM.jpg\" alt=\"\" class=\"wp-image-3020\" width=\"577\" height=\"327\" srcset=\"https:\/\/www.milanosiamonoi.com\/wp-content\/uploads\/2020\/12\/35.01.23-CANeITA-DeM.jpg 800w, https:\/\/www.milanosiamonoi.com\/wp-content\/uploads\/2020\/12\/35.01.23-CANeITA-DeM-300x171.jpg 300w, https:\/\/www.milanosiamonoi.com\/wp-content\/uploads\/2020\/12\/35.01.23-CANeITA-DeM-768x437.jpg 768w, https:\/\/www.milanosiamonoi.com\/wp-content\/uploads\/2020\/12\/35.01.23-CANeITA-DeM-100x57.jpg 100w, https:\/\/www.milanosiamonoi.com\/wp-content\/uploads\/2020\/12\/35.01.23-CANeITA-DeM-50x28.jpg 50w, https:\/\/www.milanosiamonoi.com\/wp-content\/uploads\/2020\/12\/35.01.23-CANeITA-DeM-25x14.jpg 25w, https:\/\/www.milanosiamonoi.com\/wp-content\/uploads\/2020\/12\/35.01.23-CANeITA-DeM-740x421.jpg 740w\" sizes=\"(max-width: 577px) 100vw, 577px\" \/><figcaption><em>23 gennaio 1935, foto ricordo prima di Canada-Italia.<\/em><\/figcaption><\/figure><\/div>\n\n\n\n<p class=\"has-text-align-center\">Ai Littoriali delle neve e del ghiaccio il GUF Milano non si presenta con la migliore formazione, l&#8217;unico ad avere giocato in prima squadra \u00e8 Pietro Benni, conclude al terzo posto. La M d&#8217;oro dell&#8217;hockey va al GUF Padova dell&#8217;allenatore-giocatore Giorgio Pellegrini (Diavoli Rossoneri). In febbraio gli universitari pi\u00f9 bravi partecipano alla IV edizione del mondiale dei goliardi a St. Moritz. La squadra \u00e8 quasi una Nazionale maggiore, ci sono Gerosa, Franco Rossi, Carlassare, Mussi, Dionisi, Gianni Scotti e Maiocchi tutti reduci da Davos, ci sono anche Medri e il ristabilito Venosta, eppure l&#8217;esito \u00e8 disastroso: vittoria stentata e contestata sulla Francia e quattro k.o. con Lettonia, Ungheria, Svizzera e Cecoslovacchia. Intanto \u00e8 tornato a Milano Frank Roncarelli, ma pare non abbia intenzione di riprendere a giocare. La FISI ha modificato la formula del campionato, riconoscendo come squadre di serie A le prime tre classificate dello scorso anno; Milano, Cortina e Diavoli Rossoneri. E stato istituito il campionato di serie B al quale dovrebbero partecipare tutti gli altri club, la vincente salir\u00e0 in serie A e giocher\u00e0 per il titolo con le tre grandi. Un inverno dal clima mite riduce al numero di quattro le partecipanti: Renon e Cortina II a est e le due seconde squadre delle milanesi a ovest.<\/p>\n\n\n\n<figure class=\"wp-block-table aligncenter\"><table><tbody><tr><td><strong>1935<\/strong><\/td><td>Luogo<\/td><td><strong>Campionato di serie B<\/strong><\/td><td>Risultato<\/td><\/tr><tr><td>10 febbraio<\/td><td>Soprabolzano<\/td><td>Renon-Cortina II<\/td><td>2-1 (2-1; 0-0; 0-0)<\/td><\/tr><tr><td>13 febbraio<\/td><td>Milano<\/td><td>Milano II-Diavoli Rossoneri II<\/td><td>3-1 (0-0; 1-0; 2-1)<\/td><\/tr><tr><td><\/td><td><\/td><td><strong>Finale camp. di serie B<\/strong><\/td><td><\/td><\/tr><tr><td>17 febbraio<\/td><td>Soprabolzano<\/td><td>Renon-Milano II<\/td><td>1-2 (0-1; 1-0; 0-1)<\/td><\/tr><tr><td><\/td><td><\/td><td><strong>Milano II promosso in A<\/strong><\/td><td><\/td><\/tr><\/tbody><\/table><\/figure>\n\n\n\n<p class=\"has-text-align-center\">Milano e Diavoli Rossoneri incrociano i bastoni per la prima stracittadina il 15 febbraio, in palio due trofei: Coppa Fascio Primogenito e Coppa del Podest\u00e0, da assegnare in due partite. <\/p>\n\n\n\n<figure class=\"wp-block-table\"><table><tbody><tr><td><strong>Milano, 15 febbraio 1935 &#8211; Coppa FPG e Coppa del Podest\u00e0.<\/strong><\/td><\/tr><tr><td>Milano-Diavoli Rossoneri 3-3 (1-1; 1-2; 1-0)<\/td><\/tr><tr><td>Milano: Gerosa; Baroni, F. Rossi; De Mazzeri, Mussi, Venosta; Timpano, J. Foley, Medri.<\/td><\/tr><tr><td>DRN: G. Ball; D. Trovati, Carlassare; Dionisi, R. Ball, M. Zucchini; Maiocchi, Grant, Gianni Scotti.<\/td><\/tr><tr><td>Reti: 1\u00b0t. 7&#8242; J. Foley,<em> 13&#8242; R. Ball. <\/em>2\u00b0t. <em>1&#8242; R. Ball inf. num.,<\/em> 3&#8242; De Mazzeri, <em>5&#8217;30&#8221; M. Zucchini inf. num.<\/em> 3\u00b0t. 8&#8242; J. Foley.<\/td><\/tr><tr><td>Arbitro: Andreossi (Svizzera).<\/td><\/tr><\/tbody><\/table><\/figure>\n\n\n\n<div class=\"wp-block-image\"><figure class=\"aligncenter size-large is-resized\"><img loading=\"lazy\" decoding=\"async\" src=\"https:\/\/www.milanosiamonoi.com\/wp-content\/uploads\/2020\/12\/35.02.19M_drn.jpg\" alt=\"\" class=\"wp-image-3184\" width=\"577\" height=\"327\" srcset=\"https:\/\/www.milanosiamonoi.com\/wp-content\/uploads\/2020\/12\/35.02.19M_drn.jpg 800w, https:\/\/www.milanosiamonoi.com\/wp-content\/uploads\/2020\/12\/35.02.19M_drn-300x171.jpg 300w, https:\/\/www.milanosiamonoi.com\/wp-content\/uploads\/2020\/12\/35.02.19M_drn-768x437.jpg 768w, https:\/\/www.milanosiamonoi.com\/wp-content\/uploads\/2020\/12\/35.02.19M_drn-100x57.jpg 100w, https:\/\/www.milanosiamonoi.com\/wp-content\/uploads\/2020\/12\/35.02.19M_drn-50x28.jpg 50w, https:\/\/www.milanosiamonoi.com\/wp-content\/uploads\/2020\/12\/35.02.19M_drn-25x14.jpg 25w, https:\/\/www.milanosiamonoi.com\/wp-content\/uploads\/2020\/12\/35.02.19M_drn-740x421.jpg 740w\" sizes=\"(max-width: 577px) 100vw, 577px\" \/><figcaption><em>Da sin. in piedi: l&#8217;arbitro Andreossi, M. Zucchini, Maiocchi, R. Ball, Scotti, D. Trovati, De Mazzeri, Mussi, Timpano, F. Rossi. <\/em>In basso: J. Foley, G. Ball, Gerosa, Carlassare, Baroni, Medri e Venosta (piegato).<\/figcaption><\/figure><\/div>\n\n\n\n<p class=\"has-text-align-center\">Nonostante i due club si siano accordati per alzare i prezzi dei biglietti il Piranesi \u00e8 stracolmo. Si \u00e8 giocato in un&#8217;atmosfera satura di elettricit\u00e0 in pista e fuori, ma nessun incidente turba la bellissima serata sportiva. I Diavoli, che allineavano Decio Trovati in precarie condizioni fisiche, non sono stati capaci di concretizzare la loro superiorit\u00e0; massimi voti per Mario Zucchini e Rudi Ball: il suo primo gol \u00e8 stato semplicemente fantastico. Nelle file dei neri superba la partita di Jim Foley rimasto sul ghiaccio per tutta la durata dell&#8217;incontro, bene Venosta e De Mazzeri. Gran pecca avere subito due reti quando i rossoneri giocavano con un uomo in meno.<\/p>\n\n\n\n<figure class=\"wp-block-table\"><table><tbody><tr><td><strong>Milano, 20 febbraio 1935 &#8211; Coppa FPG e Coppa del Podest\u00e0.<\/strong><\/td><\/tr><tr><td>Diavoli Rossoneri-Milano 5-0 (2-0; 2-0; 1-0)<\/td><\/tr><tr><td>DRN: G. Ball; Grant, M. Zucchini; Maiocchi, Pellegrini, Gianni Scotti; Dionisi, R. Ball, H. Ball.<\/td><\/tr><tr><td>Milano: Gerosa; Baroni, F. Rossi; De Mazzeri, J. Foley, Mussi, Venosta, Roncarelli.<\/td><\/tr><tr><td>Reti: 1\u00b0t. <em>14&#8242; e 14&#8217;30&#8221; Grant.<\/em> 2\u00b0t. <em>10&#8242; Grant (R. Ball), 11&#8242; Scotti (Grant).<\/em> 3\u00b0t.<em> 3&#8242; Dionisi.<\/em><\/td><\/tr><tr><td>Arbitri: Andreossi (Svizzera) e Bell (Canada).<\/td><\/tr><\/tbody><\/table><\/figure>\n\n\n\n<p class=\"has-text-align-center\">All&#8217;ingresso in pista delle squadre la prima grande sorpresa: nel Milano c&#8217;\u00e8 Roncarelli. Anche i Diavoli presentano delle novit\u00e0. In difesa giostrano Grant e Mario Zucchini, Carlassare si \u00e8 infortunato in allenamento e lo stiramento muscolare di Decio Trovati \u00e8 in realt\u00e0 uno strappo: stagione finita. Inevitabile modificare le due linee offensive: Maiocchi-Pellegrini-Gianni Scotti e Dionisi con Rudi e Heinz Ball. L&#8217;ultima sorpresa viene dagli arbitri, che per distinguersi dai fischi che hanno disturbato la prima partita, dirigono usando delle trombette simili a quelle in dotazione ai capistazione!  Match dalla fisionomia totalmente diversa da quella di cinque giorni prima, in pratica si \u00e8 risolta nel corso dell&#8217;ultimo minuto del primo periodo. Nel prosieguo il Milano non si \u00e8 pi\u00f9 ritrovato lasciando spazio alle individualit\u00e0 e dimenticandosi del gioco di squadra, insufficiente il rientrante e falloso Roncarelli. I Diavoli con Grant e M. Zucchini hanno dato l&#8217;impressione di essere molto pi\u00f9 solidi in difesa, in attacco Rudi Ball e Gianni Scotti hanno condotto instancabilmente le loro linee dall&#8217;inizio alla fine. La vittoria ha premiato la squadra che sulla carta era favorita e che sul ghiaccio \u00e8 stata chiaramente migliore. Nelle due serate dei derby delle prime squadre si sono incontrate anche le seconde per contendersi la Coppa FISI. Al pareggio (1-1) del 15 febbraio i cadetti dei neri si aggiudicano la seconda partita (2-0) e alzano il trofeo.<\/p>\n\n\n\n<p class=\"has-text-align-center\">La stagione va in chiusura con il girone finale di campionato, che si riduce a tre dopo il ritiro del Cortina. Si sarebbe dovuto giocare anche al Revis, ma gli ultimi giorni di febbraio sono particolarmente miti e rendono impossibile la formazione del ghiaccio naturale ampezzano. Non potendosi   allenare adeguatamente il Cortina rinuncia alla fase finale e lascia le tre milanesi a contendersi il titolo.<\/p>\n\n\n\n<figure class=\"wp-block-table\"><table><tbody><tr><td><strong>Milano, 2 marzo 1935 &#8211; Camp. italiano &#8211; Prima partita.<\/strong><\/td><\/tr><tr><td>Diavoli Rossoneri-Milano II 2-0 (2-0; 0-0; 0-0)<\/td><\/tr><tr><td>DRN: De Bernardi; Carlassare, M. Zucchini; Dionisi, Pellegrini, Gianni Scotti; Maiocchi, Marazza, Bruciamonti.<\/td><\/tr><tr><td>Milano II: Calcaterra; Signorini, Benni; A. Fabris, Taccani, P. Fabris; Galassi, Rota, Bordoni.<\/td><\/tr><tr><td>Reti: 1\u00b0 t. <em>5&#8217;30&#8221; M. Zucchini, 8&#8242; Gianni Scotti. <\/em><\/td><\/tr><tr><td>Arbitri: Howie Grant (DRN) e Jim Foley (M).<\/td><\/tr><\/tbody><\/table><\/figure>\n\n\n\n<figure class=\"wp-block-table\"><table><tbody><tr><td><strong>Milano, 3 marzo 1935 &#8211; Camp. italiano &#8211; Seconda partita.<\/strong><\/td><\/tr><tr><td>Milano-Milano II 11-0 (3-0; 4-0; 4-0)<\/td><\/tr><tr><td>Milano: Calcaterra; Baroni, F. Rossi; Timpano, De Mazzeri, Venosta; Taccani, Medri.<\/td><\/tr><tr><td>Milano II: Mascheroni; Talamona, Benni; Bordoni, Alaimo, P. Fabris; Galassi, Rota.<\/td><\/tr><tr><td>Reti: 1\u00b0 t. Venosta, Timpano, F. Rossi. 2\u00b0 t. De Mazzeri, Venosta, De Mazzeri, F. Rossi. 3\u00b0 t. De Mazzeri (4). <\/td><\/tr><tr><td>Arbitri: Howie Grant (DRN) e Jim Foley (M).<\/td><\/tr><\/tbody><\/table><\/figure>\n\n\n\n<p class=\"has-text-align-center\">Come previsto la finale \u00e8 tra le due prime squadre. I Diavoli con il Milano II hanno sistemato la pratica nel primo tempo e risparmiato energie per la finalissima. Nella seconda partita il Milano non ha schierato Gerosa e Mussi e i cadetti non erano nemmeno nella migliore formazione. Resta da giocare la terza partita per l&#8217;assegnazione del nono titolo nazionale e i biglietti vanno a ruba.<\/p>\n\n\n\n<figure class=\"wp-block-table\"><table><tbody><tr><td><strong>Milano, 4 marzo 1935 &#8211; Camp. italiano &#8211; Finale.<\/strong><\/td><\/tr><tr><td>Diavoli Rossoneri-Milano 2-1 (0-0; 1-1; 1-0)<\/td><\/tr><tr><td>DRN: De Bernardi; Carlassare, M. Zucchini; Dionisi, Pellegrini, Gianni Scotti; Maiocchi, Bruciamonti.<\/td><\/tr><tr><td>Milano: Gerosa; Baroni, F. Rossi; De Mazzeri, Mussi, Venosta; Timpano, Signorini, Medri.<\/td><\/tr><tr><td>Reti: 1\u00b0 t. <em>14&#8242; Gianni Scotti (Maiocchi),<\/em> 14&#8217;30&#8221; De Mazzeri. 3\u00b0 t. <em>13&#8217;30&#8221; Pellegrini.<\/em><\/td><\/tr><tr><td>Arbitri: Howie Grant (DRN) e Jim Foley (M).<\/td><\/tr><\/tbody><\/table><\/figure>\n\n\n\n<p class=\"has-text-align-center\">Diavoli privi di Marazza, Decio Trovati decide che nessuno della seconda squadra prender\u00e0 il suo posto: i rossoneri giocheranno in otto. Il Milano \u00e8 nella migliore formazione possibile. In campionato gli stranieri non possono giocare, Trovati e Marazza sono out, questo rimischia le carte e rende l&#8217;esito del match impronosticabile. Il quarto d&#8217;ora iniziale vede i Diavoli fare la partita e sfiorare il gol almeno in tre occasioni. I neri hanno badato a difendersi, impegnando De Bernardi con tiri da lontano. Il portiere rossonero, incoraggiato dai suoi tifosi, non ha sbagliato nemmeno un intervento. Il secondo periodo \u00e8 equilibrato, all&#8217;inizio Mario Zucchini si esibisce in un numero d&#8217;alta scuola e tira a colpo sicuro, ma Gerosa gli nega il gol con una parata strepitosa. Sul finire i Diavoli passano in vantaggio con Gianni Scotti al termine di una veloce azione in collaborazione con Pellegrini e Maiocchi. Trenta secondi e Tino De Mazzeri si scatena in una prepotente e veloce discesa personale sprigionando tutte le energie rimaste con un bolide imparabile: uno a uno. Ultima frazione con la paura di perdere. I neri cercano la via della rete con iniziative personali, i Diavoli confidano nel loro gioco d&#8217;assieme. Proprio grazie a un&#8217;azione che ricalca quella del primo gol i rossoneri violano per la seconda volta la rete difesa da Gerosa. Scotti e Pellegrini scendono scambiandosi il disco con precisione, il secondo tira e Gerosa respinge, ne nasce una mischia concitata con quattro\/cinque giocatori alla ricerca del disco. Le stecche di Baroni e Pellegrini si scontrano e il disco schizza impazzito nella porta del Milano. Mancano novanta secondi alla fine, i neri si gettano disperatamente in avanti e nell&#8217;ultimo minuto i Diavoli falliscono ben quattro occasione per triplicare: clamorosa la traversa centrata da Scotti. Gli addetti ai lavori della carta stampata concordano, la vittoria degli uomini di Decio Trovati \u00e8 meritata: con un gioco veloce e ragionato si sono resi maggiormente pericolosi dei rivali. Alberto De Bernardi, da tutti indicato come il punto debole dei rossoneri, caricato dai tifosi ha mostrato grande sicurezza per tutta la partita e il gol subito non gli \u00e8 imputabile. Il Milano ha scelto una tattica guardinga, ha puntato tutte le sue carte sui fulminei contropiedi di Venosta e De Mazzeri e sulla tenuta della sua difesa, ma non ha funzionato. Il derby chiude la stagione, tenuto conto che a differenza delle milanesi le altre squadre non dispongono di una pista artificiale, per avere un vero campionato nazionale la FISI deve organizzarlo in un periodo che non vada oltre la prima settimana di febbraio.<\/p>\n\n\n\n<div class=\"wp-block-image\"><figure class=\"aligncenter size-large is-resized\"><img loading=\"lazy\" decoding=\"async\" src=\"https:\/\/www.milanosiamonoi.com\/wp-content\/uploads\/2020\/12\/35.03.04-DRN-M.jpg\" alt=\"\" class=\"wp-image-2971\" width=\"576\" height=\"327\" srcset=\"https:\/\/www.milanosiamonoi.com\/wp-content\/uploads\/2020\/12\/35.03.04-DRN-M.jpg 800w, https:\/\/www.milanosiamonoi.com\/wp-content\/uploads\/2020\/12\/35.03.04-DRN-M-300x171.jpg 300w, https:\/\/www.milanosiamonoi.com\/wp-content\/uploads\/2020\/12\/35.03.04-DRN-M-768x437.jpg 768w, https:\/\/www.milanosiamonoi.com\/wp-content\/uploads\/2020\/12\/35.03.04-DRN-M-100x57.jpg 100w, https:\/\/www.milanosiamonoi.com\/wp-content\/uploads\/2020\/12\/35.03.04-DRN-M-50x28.jpg 50w, https:\/\/www.milanosiamonoi.com\/wp-content\/uploads\/2020\/12\/35.03.04-DRN-M-25x14.jpg 25w, https:\/\/www.milanosiamonoi.com\/wp-content\/uploads\/2020\/12\/35.03.04-DRN-M-740x421.jpg 740w\" sizes=\"(max-width: 576px) 100vw, 576px\" \/><figcaption><em>Diavoli Rossoneri-Milano 2-1. Attacco dei Diavoli, Baroni e De Mazzeri proteggono Gerosa.<\/em><\/figcaption><\/figure><\/div>\n\n\n\n<figure class=\"wp-block-table\"><table><tbody><tr><td><strong>Giocatori impiegati in campionato dalle due squadre del Milano.<\/strong><\/td><\/tr><tr><td>Milano: Gerosa e Calcaterra; Baroni, F. Rossi; T. De Mazzeri, Mussi, Venosta, Medri, Timpano, Taccani, Signorini.<\/td><\/tr><tr><td>Milano II: Calcaterra e Luigi Mascheroni; Signorini, Benni, Talamona; A. e P. Fabris, Taccani, Galassi, Rota, Bordoni, Alaimo.<\/td><\/tr><\/tbody><\/table><\/figure>\n\n\n\n<figure class=\"wp-block-table aligncenter\"><table><tbody><tr><td><strong>Classifica marcatori stagionali del Milano.<\/strong><\/td><td class=\"has-text-align-center\" data-align=\"center\"><strong>Reti<\/strong><\/td><\/tr><tr><td>Jim Foley (11 presenze) e Tino De Mazzeri (18)<\/td><td class=\"has-text-align-center\" data-align=\"center\">9<\/td><\/tr><tr><td>Luigi Venosta (14) e Camillo Mussi (17)<\/td><td class=\"has-text-align-center\" data-align=\"center\">5<\/td><\/tr><tr><td>Franco Rossi (18)<\/td><td class=\"has-text-align-center\" data-align=\"center\">2<\/td><\/tr><tr><td>Giuseppe Timpano (15)<\/td><td class=\"has-text-align-center\" data-align=\"center\">1<\/td><\/tr><\/tbody><\/table><\/figure>\n\n\n\n<p class=\"has-text-align-center\"><strong>Sunto di un articolo di Erberto Levi (La Gazzetta dello Sport).<\/strong> Il problema fondamentale da risolvere \u00e8 quello delle piste. Torino e Bardonecchia non sono potute andare al di l\u00e0 di quello che avevano fatto gli anni passati e non certo per mancanza di iniziativa. La stagione \u00e8 stata largamente incompleta anche per le squadre della provincia di Bolzano: si \u00e8 salvato il Renon. A Varese non ci hanno nemmeno provato. Negli anni precedenti si era parlato di impianti a Torino e Bologna, in questi giorni si riparla di Torino, di una nuova pista a Milano e addirittura di una patinoire a Sanremo. L&#8217;hockey \u00e8 uno sport dinamico e appassionante, in grado di catalizzare l&#8217;interesse di un pubblico enorme, vedi i tre derby milanesi, ma se non verranno costruite le piste artificiali nel nostro paese non si svilupper\u00e0 mai.<\/p>\n\n\n\n<figure class=\"wp-block-table\"><table><tbody><tr><td><a href=\"https:\/\/www.milanosiamonoi.com\/index.php\/campionati\/dal-1930-al-1939-la-crescita\/1933-1934\/\" data-type=\"URL\" data-id=\"https:\/\/www.milanosiamonoi.com\/index.php\/campionati\/dal-1930-al-1939-la-crescita\/1933-1934\/\"><strong>stagione precedente<\/strong><\/a><\/td><td class=\"has-text-align-right\" data-align=\"right\"><strong><a href=\"https:\/\/www.milanosiamonoi.com\/index.php\/campionati\/dal-1930-al-1939-la-crescita\/1935-1936\/\" data-type=\"URL\" data-id=\"https:\/\/www.milanosiamonoi.com\/index.php\/campionati\/dal-1930-al-1939-la-crescita\/1935-1936\/\">stagione successiva<\/a><\/strong><\/td><\/tr><\/tbody><\/table><\/figure>\n\n\n\n<p> <\/p>\n\n\n\n<figure class=\"wp-block-table\"><table><tbody><tr><td class=\"has-text-align-center\" data-align=\"center\"><strong><a href=\"https:\/\/www.milanosiamonoi.com\/index.php\/campionati\/dal-1930-al-1939-la-crescita\/1934-1935-drn\/\" data-type=\"URL\" data-id=\"https:\/\/www.milanosiamonoi.com\/index.php\/campionati\/dal-1930-al-1939-la-crescita\/1934-1935-drn\/\">Diavoli Rossoneri<\/a><\/strong><\/td><\/tr><\/tbody><\/table><\/figure>\n\n\n\n<p>   <\/p>\n","protected":false},"excerpt":{"rendered":"<p>Presidente onorario Alberto Bonacossa Presidente effettivo Ambrogio Gobbi Allenatore James Foley Ruolo Giocatori con almeno una presenza in prima squadra. P Enrico Calcaterra, Augusto Gerosa&#8230;.<\/p>\n","protected":false},"author":2,"featured_media":0,"parent":1465,"menu_order":6,"comment_status":"closed","ping_status":"closed","template":"","meta":{"spay_email":"","footnotes":""},"_links":{"self":[{"href":"https:\/\/www.milanosiamonoi.com\/index.php\/wp-json\/wp\/v2\/pages\/2887"}],"collection":[{"href":"https:\/\/www.milanosiamonoi.com\/index.php\/wp-json\/wp\/v2\/pages"}],"about":[{"href":"https:\/\/www.milanosiamonoi.com\/index.php\/wp-json\/wp\/v2\/types\/page"}],"author":[{"embeddable":true,"href":"https:\/\/www.milanosiamonoi.com\/index.php\/wp-json\/wp\/v2\/users\/2"}],"replies":[{"embeddable":true,"href":"https:\/\/www.milanosiamonoi.com\/index.php\/wp-json\/wp\/v2\/comments?post=2887"}],"version-history":[{"count":147,"href":"https:\/\/www.milanosiamonoi.com\/index.php\/wp-json\/wp\/v2\/pages\/2887\/revisions"}],"predecessor-version":[{"id":20236,"href":"https:\/\/www.milanosiamonoi.com\/index.php\/wp-json\/wp\/v2\/pages\/2887\/revisions\/20236"}],"up":[{"embeddable":true,"href":"https:\/\/www.milanosiamonoi.com\/index.php\/wp-json\/wp\/v2\/pages\/1465"}],"wp:attachment":[{"href":"https:\/\/www.milanosiamonoi.com\/index.php\/wp-json\/wp\/v2\/media?parent=2887"}],"curies":[{"name":"wp","href":"https:\/\/api.w.org\/{rel}","templated":true}]}}