{"id":1819,"date":"2020-11-09T18:42:54","date_gmt":"2020-11-09T18:42:54","guid":{"rendered":"http:\/\/milanosiamonoi.com\/?page_id=1819"},"modified":"2025-03-20T16:42:37","modified_gmt":"2025-03-20T16:42:37","slug":"1924-1925","status":"publish","type":"page","link":"https:\/\/www.milanosiamonoi.com\/index.php\/campionati\/dal-1924-al-1929-le-origini\/1924-1925\/","title":{"rendered":"1924\/1925 HC Milano"},"content":{"rendered":"\n<div class=\"wp-block-image\"><figure class=\"aligncenter size-large\"><img loading=\"lazy\" decoding=\"async\" width=\"300\" height=\"300\" src=\"https:\/\/www.milanosiamonoi.com\/wp-content\/uploads\/2020\/10\/logo-hcm-300x300-1.jpg\" alt=\"\" class=\"wp-image-1734\" srcset=\"https:\/\/www.milanosiamonoi.com\/wp-content\/uploads\/2020\/10\/logo-hcm-300x300-1.jpg 300w, https:\/\/www.milanosiamonoi.com\/wp-content\/uploads\/2020\/10\/logo-hcm-300x300-1-150x150.jpg 150w, https:\/\/www.milanosiamonoi.com\/wp-content\/uploads\/2020\/10\/logo-hcm-300x300-1-100x100.jpg 100w, https:\/\/www.milanosiamonoi.com\/wp-content\/uploads\/2020\/10\/logo-hcm-300x300-1-50x50.jpg 50w, https:\/\/www.milanosiamonoi.com\/wp-content\/uploads\/2020\/10\/logo-hcm-300x300-1-25x25.jpg 25w, https:\/\/www.milanosiamonoi.com\/wp-content\/uploads\/2020\/10\/logo-hcm-300x300-1-90x90.jpg 90w\" sizes=\"(max-width: 300px) 100vw, 300px\" \/><\/figure><\/div>\n\n\n\n<figure class=\"wp-block-table aligncenter\"><table><tbody><tr><td>Presidente onorario<\/td><td>Alberto Bonacossa<\/td><\/tr><tr><td>Presidente effettivo<\/td><td>Ambrogio Gobbi<\/td><\/tr><tr><td>Allenatore<\/td><td>Leonhard Quaglia<\/td><\/tr><\/tbody><\/table><\/figure>\n\n\n\n<figure class=\"wp-block-table\"><table><tbody><tr><td class=\"has-text-align-center\" data-align=\"center\">Ruolo<\/td><td><strong>Giocatori<\/strong>.<\/td><\/tr><tr><td class=\"has-text-align-center\" data-align=\"center\">P<\/td><td>Enrico Calcaterra, Gaetano De Luca, Massimo Maria Grego.<\/td><\/tr><tr><td class=\"has-text-align-center\" data-align=\"center\">D<\/td><td>Emilio Botturi, Guido Botturi, Ambrogio Gobbi (C), Guglielmo Jervis, Poli<\/td><\/tr><tr><td class=\"has-text-align-center\" data-align=\"center\">A<\/td><td>Cella, Edoardo Piazza, Leon Quaglia, Luigi Redaelli, Emilio Sancassani, Reto Trippi, Decio Trovati.<\/td><\/tr><tr><td class=\"has-text-align-center\" data-align=\"center\">Rinforzi<\/td><td>Blaine Sexton (London Lions), Guido Penchi (St. Moritz), Toni Morosani (Davos).<\/td><\/tr><\/tbody><\/table><\/figure>\n\n\n\n<p class=\"has-text-align-center\">Il primo appuntamento importante della stagione prevede una partita con la Nazionale svedese di calcio, che il giorno prima ha giocato a Milano un&#8217;amichevole con l&#8217;Italia. Pu\u00f2 sembrare strano, ma a quei tempi quasi tutte le squadre svedesi di calcio avevano una sezione di hockey e gli atleti che praticavano entrambi gli sport erano numerosi. Non essendoci avversari cisalpini, ai milanesi non restano che continui allenamenti e partite in famiglia, quindi nel periodo natalizio seguono tornei in Svizzera. Il pi\u00f9 importante \u00e8 la Coppa Spengler, ma il Milano \u00e8 ancora acerbo e gli avversari, sul ghiaccio gi\u00e0 da anni, hanno vita facile. Sempre nei Grigioni le cose vanno meglio nelle tre gare successive alla Spengler, ovviamente con avversari pi\u00f9 abbordabili.<\/p>\n\n\n\n<figure class=\"wp-block-table aligncenter\"><table><tbody><tr><td><strong>1924<\/strong><\/td><td>Luogo<\/td><td><strong>Partita amichevole.<\/strong><\/td><td class=\"has-text-align-center\" data-align=\"center\">Risultato<\/td><\/tr><tr><td>17 novembre<\/td><td>Milano<\/td><td>Milano-Svezia<\/td><td class=\"has-text-align-center\" data-align=\"center\">0-6<\/td><\/tr><tr><td><\/td><td><\/td><td><strong>Torneo di St. Moritz<\/strong><\/td><td class=\"has-text-align-center\" data-align=\"center\"><\/td><\/tr><tr><td>25 dicembre<\/td><td>St. Moritz<\/td><td>London Lions-Milano<\/td><td class=\"has-text-align-center\" data-align=\"center\">14-2<\/td><\/tr><tr><td>26 dicembre<\/td><td>St. Moritz<\/td><td>St. Moritz-Milano<\/td><td class=\"has-text-align-center\" data-align=\"center\">4-1<\/td><\/tr><tr><td><\/td><td><\/td><td><strong>Coppa Spengler<\/strong><\/td><td class=\"has-text-align-center\" data-align=\"center\"><\/td><\/tr><tr><td>? dicembre<\/td><td>Davos<\/td><td>Akademischer Zurigo-Milano<\/td><td class=\"has-text-align-center\" data-align=\"center\">8-0<\/td><\/tr><tr><td>? dicembre<\/td><td>Davos<\/td><td>Oxford Univ.-Milano<\/td><td class=\"has-text-align-center\" data-align=\"center\">15-0<\/td><\/tr><tr><td>31 dicembre<\/td><td>Davos<\/td><td>Madrid-Milano<\/td><td class=\"has-text-align-center\" data-align=\"center\">4-0<\/td><\/tr><\/tbody><\/table><\/figure>\n\n\n\n<div class=\"wp-block-image\"><figure class=\"aligncenter size-large is-resized\"><img loading=\"lazy\" decoding=\"async\" src=\"https:\/\/www.milanosiamonoi.com\/wp-content\/uploads\/2020\/10\/24.12.27-Mil-a-Davos.jpg\" alt=\"\" class=\"wp-image-1886\" width=\"529\" height=\"300\" srcset=\"https:\/\/www.milanosiamonoi.com\/wp-content\/uploads\/2020\/10\/24.12.27-Mil-a-Davos.jpg 800w, https:\/\/www.milanosiamonoi.com\/wp-content\/uploads\/2020\/10\/24.12.27-Mil-a-Davos-300x171.jpg 300w, https:\/\/www.milanosiamonoi.com\/wp-content\/uploads\/2020\/10\/24.12.27-Mil-a-Davos-768x437.jpg 768w, https:\/\/www.milanosiamonoi.com\/wp-content\/uploads\/2020\/10\/24.12.27-Mil-a-Davos-100x57.jpg 100w, https:\/\/www.milanosiamonoi.com\/wp-content\/uploads\/2020\/10\/24.12.27-Mil-a-Davos-50x28.jpg 50w, https:\/\/www.milanosiamonoi.com\/wp-content\/uploads\/2020\/10\/24.12.27-Mil-a-Davos-25x14.jpg 25w, https:\/\/www.milanosiamonoi.com\/wp-content\/uploads\/2020\/10\/24.12.27-Mil-a-Davos-740x421.jpg 740w\" sizes=\"(max-width: 529px) 100vw, 529px\" \/><figcaption><em>Il Milano alla Coppa Spengler, da sinistra in piedi: De Luca, Emilio e Guido Botturi, Trippi, Jervis, Decio Trovati e Sancassani. Inginocchiato: Grego.<\/em><\/figcaption><\/figure><\/div>\n\n\n\n<figure class=\"wp-block-table aligncenter\"><table><tbody><tr><td><strong>1925<\/strong><\/td><td>Luogo<\/td><td><strong>Coppa Cresta Palace<\/strong>.<\/td><td class=\"has-text-align-center\" data-align=\"center\">Risultato<\/td><\/tr><tr><td>? gennaio<\/td><td>Celerina<\/td><td>Akademischer Zurigo II-Milano<\/td><td class=\"has-text-align-center\" data-align=\"center\">1-0<\/td><\/tr><tr><td>? gennaio<\/td><td>Celerina<\/td><td>Zuoz-Milano<\/td><td class=\"has-text-align-center\" data-align=\"center\">3-3<\/td><\/tr><tr><td><\/td><td><\/td><td><strong>Partita Amichevole<\/strong>.<\/td><td class=\"has-text-align-center\" data-align=\"center\"><\/td><\/tr><tr><td>? gennaio<\/td><td>St. Moritz<\/td><td>AZS Varsavia-Milano<\/td><td class=\"has-text-align-center\" data-align=\"center\">3-2<\/td><\/tr><\/tbody><\/table><\/figure>\n\n\n\n<p class=\"has-text-align-center\">In gennaio incontro clou della stagione con la Oxford University ed esordio tra i pali di Enrico Calcaterra, che sostituisce nel corso della partita Massimo Grego; il portiere titolare viene colpito da un disco su una guancia ed \u00e8 costretto a lasciare il ghiaccio. Dopo una tourn\u00e9e nel Vallese e un&#8217;altra partita con il Villars arriva a Milano il Cortina per la prima edizione della Coppa Cinzano (a posteriori primo campionato italiano della storia). Il Milano vince facile, ma gli ampezzani sono ancora agli inizi. A questa competizione avrebbe dovuto partecipare anche il CPV Torino, ma a causa della mancanza di ghiaccio i piemontesi, a corto di allenamenti, danno forfait.<\/p>\n\n\n\n<figure class=\"wp-block-table aligncenter\"><table><tbody><tr><td><strong>1925<\/strong><\/td><td>Luogo<\/td><td><strong>Partita amichevole.<\/strong><\/td><td class=\"has-text-align-center\" data-align=\"center\">Risultato<\/td><\/tr><tr><td>14 gennaio<\/td><td>Milano<\/td><td>Milano-Oxford Univ.<\/td><td class=\"has-text-align-center\" data-align=\"center\">1-11<\/td><\/tr><tr><td><\/td><td><\/td><td><strong>Torneo Villars Palace<\/strong><\/td><td class=\"has-text-align-center\" data-align=\"center\"><\/td><\/tr><tr><td>? gennaio<\/td><td>Villars<\/td><td>Villars II-Milano<\/td><td class=\"has-text-align-center\" data-align=\"center\">0-11<\/td><\/tr><tr><td>? gennaio<\/td><td>Villars<\/td><td>Bellerive Vevey II-Milano<\/td><td class=\"has-text-align-center\" data-align=\"center\">2-8<\/td><\/tr><tr><td>? gennaio<\/td><td>Villars<\/td><td>Bellerive Vevey-Milano<\/td><td class=\"has-text-align-center\" data-align=\"center\">2-1<\/td><\/tr><tr><td>? gennaio<\/td><td>Villars<\/td><td>Villars-Milano<\/td><td class=\"has-text-align-center\" data-align=\"center\">2-5<\/td><\/tr><tr><td><\/td><td><\/td><td><strong>Partita amichevole<\/strong>.<\/td><td class=\"has-text-align-center\" data-align=\"center\"><\/td><\/tr><tr><td>14 febbraio<\/td><td>Milano<\/td><td>Milano-Villars<\/td><td class=\"has-text-align-center\" data-align=\"center\">1-2<\/td><\/tr><\/tbody><\/table><\/figure>\n\n\n\n<figure class=\"wp-block-table\"><table><tbody><tr><td><strong>Milano, 8 marzo 1925<\/strong> &#8211; <strong>I edizione Coppa Cinzano (I\u00b0 campionato italiano)<\/strong><\/td><\/tr><tr><td>Milano-Cortina 9-0 <\/td><\/tr><tr><td>Milano: Calcaterra; Decio Trovati, Trippi; Guido Botturi, Redaelli, Sancassani, Edoardo Piazza.<\/td><\/tr><tr><td>Cortina: L. Gaspari; E. Colli, Rinaldo Zardini; Zambelli, Roberto Zardini, Polloni, Tershak, De Zanna.<\/td><\/tr><tr><td>Reti: Decio Trovati 3, Guido Botturi 3, Redaelli 2, Sancassani.  Arbitro: Emilio Botturi.<\/td><\/tr><\/tbody><\/table><\/figure>\n\n\n\n<p class=\"has-text-align-center\">Ultime due amichevoli della stagione nel mese di marzo e, nonostante la sconfitta col minimo scarto per un&#8217;autorete, gran partita di chiusura contro il St. Moritz.<\/p>\n\n\n\n<figure class=\"wp-block-table aligncenter\"><table><tbody><tr><td><strong>1925<\/strong><\/td><td>Luogo<\/td><td><strong>Partite amichevoli.<\/strong><\/td><td class=\"has-text-align-center\" data-align=\"center\">Risultato<\/td><\/tr><tr><td>22 marzo<\/td><td>Milano<\/td><td>Milano-Zuoz<\/td><td class=\"has-text-align-center\" data-align=\"center\">8-2<\/td><\/tr><tr><td>29 marzo<\/td><td>Milano<\/td><td>Milano-St. Moritz<\/td><td class=\"has-text-align-center\" data-align=\"center\">0-1<\/td><\/tr><\/tbody><\/table><\/figure>\n\n\n\n<div class=\"wp-block-image\"><figure class=\"aligncenter size-large is-resized\"><img loading=\"lazy\" decoding=\"async\" src=\"https:\/\/www.milanosiamonoi.com\/wp-content\/uploads\/2020\/10\/25.03.29-libro-orig.Cal_.jpg\" alt=\"\" class=\"wp-image-1887\" width=\"536\" height=\"304\" srcset=\"https:\/\/www.milanosiamonoi.com\/wp-content\/uploads\/2020\/10\/25.03.29-libro-orig.Cal_.jpg 800w, https:\/\/www.milanosiamonoi.com\/wp-content\/uploads\/2020\/10\/25.03.29-libro-orig.Cal_-300x171.jpg 300w, https:\/\/www.milanosiamonoi.com\/wp-content\/uploads\/2020\/10\/25.03.29-libro-orig.Cal_-768x437.jpg 768w, https:\/\/www.milanosiamonoi.com\/wp-content\/uploads\/2020\/10\/25.03.29-libro-orig.Cal_-100x57.jpg 100w, https:\/\/www.milanosiamonoi.com\/wp-content\/uploads\/2020\/10\/25.03.29-libro-orig.Cal_-50x28.jpg 50w, https:\/\/www.milanosiamonoi.com\/wp-content\/uploads\/2020\/10\/25.03.29-libro-orig.Cal_-25x14.jpg 25w, https:\/\/www.milanosiamonoi.com\/wp-content\/uploads\/2020\/10\/25.03.29-libro-orig.Cal_-740x421.jpg 740w\" sizes=\"(max-width: 536px) 100vw, 536px\" \/><figcaption><em>29 marzo 1925, Milano-St. Moritz; da sinistra: Redaelli, Decio Trovati, Quaglia, Guido Botturi, Sancassani, il viso di Edoardo Piazza e Jervis. Inginocchiato: Calcaterra.<\/em><\/figcaption><\/figure><\/div>\n\n\n\n<p class=\"has-text-align-center\">I giocatori che nel corso dell&#8217;annata si sono meritati gli onori della cronaca sono Decio Trovati, Luigi Redaelli e Guido Botturi. Quest&#8217;ultimo contende a Decio Trovati la palma del migliore.  E&#8217; un italiano d&#8217;Argentina e ha imparato a pattinare al Palazzo del ghiaccio di Buenos Aires. Ha raggiunto a Milano il fratello Emilio, che in questa stagione ha giocato poco e si \u00e8 dedicato alla dirigenza e all&#8217;arbitraggio.<\/p>\n\n\n\n<figure class=\"wp-block-table\"><table><tbody><tr><td><a href=\"https:\/\/www.milanosiamonoi.com\/index.php\/campionati\/dal-1924-al-1929-le-origini\/1924-25\/\" data-type=\"page\" data-id=\"1547\"><strong>stagione precedente<\/strong><\/a><\/td><td class=\"has-text-align-right\" data-align=\"right\"><a href=\"https:\/\/www.milanosiamonoi.com\/index.php\/1925-1926\/\" data-type=\"page\" data-id=\"1875\"><strong>stagione successiva<\/strong><\/a><\/td><\/tr><\/tbody><\/table><\/figure>\n","protected":false},"excerpt":{"rendered":"<p>Presidente onorario Alberto Bonacossa Presidente effettivo Ambrogio Gobbi Allenatore Leonhard Quaglia Ruolo Giocatori. P Enrico Calcaterra, Gaetano De Luca, Massimo Maria Grego. D Emilio Botturi,&#8230;<\/p>\n","protected":false},"author":2,"featured_media":0,"parent":1462,"menu_order":0,"comment_status":"closed","ping_status":"closed","template":"","meta":{"spay_email":"","footnotes":""},"_links":{"self":[{"href":"https:\/\/www.milanosiamonoi.com\/index.php\/wp-json\/wp\/v2\/pages\/1819"}],"collection":[{"href":"https:\/\/www.milanosiamonoi.com\/index.php\/wp-json\/wp\/v2\/pages"}],"about":[{"href":"https:\/\/www.milanosiamonoi.com\/index.php\/wp-json\/wp\/v2\/types\/page"}],"author":[{"embeddable":true,"href":"https:\/\/www.milanosiamonoi.com\/index.php\/wp-json\/wp\/v2\/users\/2"}],"replies":[{"embeddable":true,"href":"https:\/\/www.milanosiamonoi.com\/index.php\/wp-json\/wp\/v2\/comments?post=1819"}],"version-history":[{"count":51,"href":"https:\/\/www.milanosiamonoi.com\/index.php\/wp-json\/wp\/v2\/pages\/1819\/revisions"}],"predecessor-version":[{"id":20241,"href":"https:\/\/www.milanosiamonoi.com\/index.php\/wp-json\/wp\/v2\/pages\/1819\/revisions\/20241"}],"up":[{"embeddable":true,"href":"https:\/\/www.milanosiamonoi.com\/index.php\/wp-json\/wp\/v2\/pages\/1462"}],"wp:attachment":[{"href":"https:\/\/www.milanosiamonoi.com\/index.php\/wp-json\/wp\/v2\/media?parent=1819"}],"curies":[{"name":"wp","href":"https:\/\/api.w.org\/{rel}","templated":true}]}}