{"id":18080,"date":"2025-03-27T10:05:48","date_gmt":"2025-03-27T10:05:48","guid":{"rendered":"https:\/\/www.milanosiamonoi.com\/?page_id=18080"},"modified":"2025-05-20T07:18:35","modified_gmt":"2025-05-20T07:18:35","slug":"1984-1985-hc-milano","status":"publish","type":"page","link":"https:\/\/www.milanosiamonoi.com\/index.php\/campionati\/dal-1980-al-1989-la-ripartenza\/1984-1985-hc-milano\/","title":{"rendered":"1984\/1985 HC Milano"},"content":{"rendered":"<div class=\"wp-block-image\">\n<figure class=\"aligncenter size-large\"><img loading=\"lazy\" decoding=\"async\" width=\"300\" height=\"300\" src=\"https:\/\/www.milanosiamonoi.com\/wp-content\/uploads\/2023\/09\/1985-86new-300x300-1.jpg\" alt=\"\" class=\"wp-image-17631\" srcset=\"https:\/\/www.milanosiamonoi.com\/wp-content\/uploads\/2023\/09\/1985-86new-300x300-1.jpg 300w, https:\/\/www.milanosiamonoi.com\/wp-content\/uploads\/2023\/09\/1985-86new-300x300-1-150x150.jpg 150w, https:\/\/www.milanosiamonoi.com\/wp-content\/uploads\/2023\/09\/1985-86new-300x300-1-100x100.jpg 100w, https:\/\/www.milanosiamonoi.com\/wp-content\/uploads\/2023\/09\/1985-86new-300x300-1-50x50.jpg 50w, https:\/\/www.milanosiamonoi.com\/wp-content\/uploads\/2023\/09\/1985-86new-300x300-1-25x25.jpg 25w, https:\/\/www.milanosiamonoi.com\/wp-content\/uploads\/2023\/09\/1985-86new-300x300-1-90x90.jpg 90w\" sizes=\"(max-width: 300px) 100vw, 300px\" \/><\/figure><\/div>\n\n\n<figure class=\"wp-block-table aligncenter\"><table><tbody><tr><td>Presidente<\/td><td>Luigi Grossi<\/td><\/tr><tr><td>Allenatore<\/td><td>Guido Radaelli<\/td><\/tr><\/tbody><\/table><\/figure>\n\n\n\n<p class=\"has-text-align-center\">Tra partenze, arrivi e ritiri, il roster muta sensibilmente. Guido Radaelli, a cui \u00e8 stata affidata la squadra, avr\u00e0 i suoi problemi per tutta la stagione. Claudio Bianconi, migliore marcatore dell&#8217;annata precedente, va al Como in serie A, stesso salto di categoria per Paolo Spiriti, ma al Varese. Molte le rinunce: Roberto Fonzo, Maurizio Gattone, Gianni Merenda, Ignazio Mistretta e Luca Seretti lasciano. Rosa rinsanguata dai ritorni di Pierluigi Crispino (Como), Sergio Latin, Franco Lana (Atalanta Piazzatorre), Renato Brivio, Luciano Ballarini, Angelo Pontoglio (Old Stars Milano) e dal ritorno in pista di Gino Broglia, Valter Fill e Sergio Fiorese. Per impegni di lavoro, contusioni e infortuni vari le presenze non saranno costanti, Andrew Burns giocher\u00e0 solo una partita e nessun altro straniero prender\u00e0 il suo posto.  La somma di tutte queste circostanze influir\u00e0 pesantemente su risultati e classifica. Per la prima volta, dal ritorno in pista dell&#8217;HC Milano (1978\/79), manca Giancarlo Agazzi, il membro anziano del club \u00e8 Sergio Fonzo (responsabile del settore giovanile), il segretario \u00e8 Piero Mazzocchi. La pista di casa \u00e8 sempre quella del centro sportivo Saini.<\/p>\n\n\n\n<figure class=\"wp-block-table\"><table><tbody><tr><td class=\"has-text-align-center\" data-align=\"center\"><strong>Ruolo<\/strong><\/td><td><strong>Giocatori con almeno una presenza in campionato.<\/strong><\/td><\/tr><tr><td class=\"has-text-align-center\" data-align=\"center\">P<\/td><td>Andrea Bettagno, 20 Giordano Marazzi, 31 Angelo Pontoglio.<\/td><\/tr><tr><td class=\"has-text-align-center\" data-align=\"center\">D<\/td><td>22 Andrea Bertel\u00e9, 40 Renato Brivio, Pierluigi Crispino, 42 Franco Lana, 41 Marco Pontoglio, 29 Andrea Spiriti, 44 Maurizio Vavassori. <\/td><\/tr><tr><td class=\"has-text-align-center\" data-align=\"center\">A<\/td><td>33 Luciano Ballarini, 26 Gino Broglia, 32 Andrew Burns, Mauro Cassini, 21 Fulvio Corri, 27 Paolo Crispino, 39 Marco Favalli, 37 Valter Fill, 28 Sergio Fiorese, Fabio Ingrosso, 25 Sergio Latin, 35 Claudio Mazzocchi, 36 Fabio Ponti, Giorgio Sorrentino, Alberto Villa.<\/td><\/tr><\/tbody><\/table><\/figure>\n\n\n\n<p class=\"has-text-align-center\">Campionato di serie B ancora strutturato su due gironi, sempre tenendo conto della vicinanza geografica.<\/p>\n\n\n\n<figure class=\"wp-block-table aligncenter\"><table><tbody><tr><td class=\"has-text-align-center\" data-align=\"center\"><strong>Girone A<\/strong><\/td><td class=\"has-text-align-center\" data-align=\"center\"><strong>Girone B<\/strong><\/td><\/tr><tr><td class=\"has-text-align-center\" data-align=\"center\">Caldaro<\/td><td class=\"has-text-align-center\" data-align=\"center\">Aosta<\/td><\/tr><tr><td class=\"has-text-align-center\" data-align=\"center\">Fassa<\/td><td class=\"has-text-align-center\" data-align=\"center\">Bergamo<\/td><\/tr><tr><td class=\"has-text-align-center\" data-align=\"center\">Fiemme<\/td><td class=\"has-text-align-center\" data-align=\"center\">Milano<\/td><\/tr><tr><td class=\"has-text-align-center\" data-align=\"center\">Renon<\/td><td class=\"has-text-align-center\" data-align=\"center\">Torino<\/td><\/tr><tr><td class=\"has-text-align-center\" data-align=\"center\">Selva Gardena<\/td><td class=\"has-text-align-center\" data-align=\"center\">Valpellice<\/td><\/tr><tr><td class=\"has-text-align-center\" data-align=\"center\">Vipiteno<\/td><td class=\"has-text-align-center\" data-align=\"center\"><\/td><\/tr><\/tbody><\/table><\/figure>\n\n\n\n<p class=\"has-text-align-center\">Il campionato del Torino ha un percorso brevissimo, la formazione piemontese gioca le prime partite, ma trovandosi con un numero di giocatori insufficiente \u00e8 costretto a ritirarsi. La FISG annulla tutte le partite disputate dai torinesi e il girone B prosegue con quattro squadre.<\/p>\n\n\n\n<figure class=\"wp-block-table aligncenter\"><table><tbody><tr><td>Squadra<\/td><td>Straniero<\/td><\/tr><tr><td>Aosta<\/td><td>Lee Lo Presti<\/td><\/tr><tr><td>Bergamo<\/td><td>Gary Abate<\/td><\/tr><tr><td>Milano<\/td><td>Andrew Burns<\/td><\/tr><tr><td>Valpellice<\/td><td>Joseph Mireault<\/td><\/tr><\/tbody><\/table><\/figure>\n\n\n\n<figure class=\"wp-block-table aligncenter\"><table><tbody><tr><td class=\"has-text-align-left\" data-align=\"left\">Zanica, 14 novembre 1984: Bergamo-Milano 4-2 (1-0; 1-0; 2-2)<\/td><\/tr><tr><td class=\"has-text-align-left\" data-align=\"left\">1\u00b0t. <em>6&#8242; Prometti.<\/em> 2\u00b0t.<em> 11&#8242; Notari.<\/em><\/td><\/tr><tr><td class=\"has-text-align-left\" data-align=\"left\">3\u00b0t. 6&#8242; Brivio, <em>16&#8242; Salvi,<\/em> 17&#8242; Sergio Latin, <em>18&#8242; Prometti.<\/em><\/td><\/tr><\/tbody><\/table><\/figure>\n\n\n\n<figure class=\"wp-block-table aligncenter\"><table><tbody><tr><td class=\"has-text-align-center\" data-align=\"center\">MI-Saini, 20 novembre 1984: Milano-Aosta 4-2<\/td><\/tr><\/tbody><\/table><\/figure>\n\n\n\n<p class=\"has-text-align-center\">Partita con l&#8217;Aosta giocata ai limiti della regolarit\u00e0 e portata a termine dopo continue interruzioni a causa di una nebbia fittissima.<\/p>\n\n\n\n<figure class=\"wp-block-table aligncenter\"><table><tbody><tr><td>MI-Saini, 25 novembre 1984: Milano-Valpellice 2-9 (0-2; 1-4; 1-3)<\/td><\/tr><\/tbody><\/table><\/figure>\n\n\n\n<figure class=\"wp-block-table aligncenter\"><table><tbody><tr><td>MI-Saini, 2 dicembre 1984: Milano-Bergamo 2-4 (0-0; 1-2; 1-2)<\/td><\/tr><tr><td>2\u00b0t.<em> Prometti<\/em>, Lana, <em>Carrara.<\/em><\/td><\/tr><tr><td>3\u00b0t. <em>Abate, Carrara, <\/em>rete Milano ? <\/td><\/tr><\/tbody><\/table><\/figure>\n\n\n<div class=\"wp-block-image\">\n<figure class=\"aligncenter size-full\"><img loading=\"lazy\" decoding=\"async\" width=\"836\" height=\"457\" src=\"https:\/\/www.milanosiamonoi.com\/wp-content\/uploads\/2024\/03\/84.12.09-BB-Ao-M-9-4-skeda.jpg\" alt=\"\" class=\"wp-image-19240\" srcset=\"https:\/\/www.milanosiamonoi.com\/wp-content\/uploads\/2024\/03\/84.12.09-BB-Ao-M-9-4-skeda.jpg 836w, https:\/\/www.milanosiamonoi.com\/wp-content\/uploads\/2024\/03\/84.12.09-BB-Ao-M-9-4-skeda-300x164.jpg 300w, https:\/\/www.milanosiamonoi.com\/wp-content\/uploads\/2024\/03\/84.12.09-BB-Ao-M-9-4-skeda-768x420.jpg 768w, https:\/\/www.milanosiamonoi.com\/wp-content\/uploads\/2024\/03\/84.12.09-BB-Ao-M-9-4-skeda-100x55.jpg 100w, https:\/\/www.milanosiamonoi.com\/wp-content\/uploads\/2024\/03\/84.12.09-BB-Ao-M-9-4-skeda-50x27.jpg 50w, https:\/\/www.milanosiamonoi.com\/wp-content\/uploads\/2024\/03\/84.12.09-BB-Ao-M-9-4-skeda-25x14.jpg 25w, https:\/\/www.milanosiamonoi.com\/wp-content\/uploads\/2024\/03\/84.12.09-BB-Ao-M-9-4-skeda-740x405.jpg 740w\" sizes=\"(max-width: 836px) 100vw, 836px\" \/><\/figure><\/div>\n\n\n<figure class=\"wp-block-table aligncenter\"><table><tbody><tr><td>Torre Pellice, 12 dicembre 1984: Valpellice-Milano 14-2 (3-0; 6-1; 5-1)<\/td><\/tr><tr><td>1\u00b0t.<em> Bellora, M. Cogno, M. Da Rin.<\/em><\/td><\/tr><tr><td>2\u00b0t. <em>M. Da Rin, C. Marchetti, Mireault (4), <\/em> Corri.<\/td><\/tr><tr><td>3\u00b0t. <em>D. Orsina (2), Saletta (2), Viglianco, <\/em> Corri.<\/td><\/tr><\/tbody><\/table><\/figure>\n\n\n\n<figure class=\"wp-block-table aligncenter\"><table><tbody><tr><td class=\"has-text-align-center\" data-align=\"center\">Zanica, 19 dicembre 1984: Bergamo-Milano 3-2<\/td><\/tr><tr><td class=\"has-text-align-center\" data-align=\"center\">MI-Saini, 30 dicembre 1984: Milano-Aosta 3-4 (2-0; 1-0; 0-4)<\/td><\/tr><tr><td class=\"has-text-align-center\" data-align=\"center\">MI-Saini, 2 gennaio 1985: Milano-Valpellice 2-10 (2-3; 0-3; 0-4)<\/td><\/tr><tr><td class=\"has-text-align-center\" data-align=\"center\">MI-Saini, 9 gennaio 1985: Milano-Bergamo 3-5 (2-1; 0-2; 1-2)<\/td><\/tr><\/tbody><\/table><\/figure>\n\n\n<div class=\"wp-block-image\">\n<figure class=\"aligncenter size-large\"><img loading=\"lazy\" decoding=\"async\" width=\"602\" height=\"822\" src=\"https:\/\/www.milanosiamonoi.com\/wp-content\/uploads\/2023\/11\/85.01.09-BB-M-Bg-3-5-Eco-Bg-corretto.jpg\" alt=\"\" class=\"wp-image-18128\" srcset=\"https:\/\/www.milanosiamonoi.com\/wp-content\/uploads\/2023\/11\/85.01.09-BB-M-Bg-3-5-Eco-Bg-corretto.jpg 602w, https:\/\/www.milanosiamonoi.com\/wp-content\/uploads\/2023\/11\/85.01.09-BB-M-Bg-3-5-Eco-Bg-corretto-220x300.jpg 220w, https:\/\/www.milanosiamonoi.com\/wp-content\/uploads\/2023\/11\/85.01.09-BB-M-Bg-3-5-Eco-Bg-corretto-73x100.jpg 73w, https:\/\/www.milanosiamonoi.com\/wp-content\/uploads\/2023\/11\/85.01.09-BB-M-Bg-3-5-Eco-Bg-corretto-37x50.jpg 37w, https:\/\/www.milanosiamonoi.com\/wp-content\/uploads\/2023\/11\/85.01.09-BB-M-Bg-3-5-Eco-Bg-corretto-18x25.jpg 18w\" sizes=\"(max-width: 602px) 100vw, 602px\" \/><figcaption class=\"wp-element-caption\"><em>Articolo da &#8220;L&#8217;Eco di Bergamo&#8221;.<\/em><\/figcaption><\/figure><\/div>\n\n\n<figure class=\"wp-block-table aligncenter\"><table><tbody><tr><td class=\"has-text-align-center\" data-align=\"center\">Aosta, 16 gennaio 1985: Aosta-Milano 6-2<\/td><\/tr><tr><td class=\"has-text-align-center\" data-align=\"center\">Torre Pellice, 20 gennaio 1985: Valpellice-Milano 13-0 (4-0; 6-0; 3-0)<\/td><\/tr><\/tbody><\/table><\/figure>\n\n\n<div class=\"wp-block-image is-resized\">\n<figure class=\"aligncenter size-large\"><img loading=\"lazy\" decoding=\"async\" width=\"705\" height=\"960\" src=\"https:\/\/www.milanosiamonoi.com\/wp-content\/uploads\/2023\/11\/85.02.20-BB-scan-QUADRO.jpg\" alt=\"\" class=\"wp-image-18134\" style=\"width:582px;height:auto\" srcset=\"https:\/\/www.milanosiamonoi.com\/wp-content\/uploads\/2023\/11\/85.02.20-BB-scan-QUADRO.jpg 705w, https:\/\/www.milanosiamonoi.com\/wp-content\/uploads\/2023\/11\/85.02.20-BB-scan-QUADRO-220x300.jpg 220w, https:\/\/www.milanosiamonoi.com\/wp-content\/uploads\/2023\/11\/85.02.20-BB-scan-QUADRO-73x100.jpg 73w, https:\/\/www.milanosiamonoi.com\/wp-content\/uploads\/2023\/11\/85.02.20-BB-scan-QUADRO-37x50.jpg 37w, https:\/\/www.milanosiamonoi.com\/wp-content\/uploads\/2023\/11\/85.02.20-BB-scan-QUADRO-18x25.jpg 18w\" sizes=\"(max-width: 705px) 100vw, 705px\" \/><\/figure><\/div>\n\n\n<p class=\"has-text-align-center\"><strong>LE SEGUENTI STATISTICHE INDIVIDUALI, PROVENIENTI DA UN ANNUARIO FISG, RISULTANO INCOMPLETE E SONO STATE INTEGRATE DA ALTRE FONTI (ARTICOLI DI QUOTIDIANI E ARCHIVI PRIVATI).<\/strong> <strong>PER INCISO SONO STATE AGGIUNTE DUE RETI A FULVIO CORRI (vs. VALPELLICE 12\/12\/1984) E UNA RETE A RENATO BRIVIO (vs. BERGAMO 14\/11\/1984), FISG SEGNALAVA UN ASSIST.<\/strong> <strong>IL SETTIMANALE &#8220;SPORTS VALDOTAINS&#8221; NELLA PARTITA AOSTA-MILANO DEL 2 DICEMBRE 1984 ATTRIBUISCE DUE RETI A CLAUDIO MAZZOCCHI, MENTRE NELL&#8217;ANNUARIO VIENE REGISTRATA SOLO UNA SUA RETE.<\/strong><\/p>\n\n\n\n<figure class=\"wp-block-table\"><table><tbody><tr><td>Giocatore<\/td><td class=\"has-text-align-center\" data-align=\"center\">P<\/td><td class=\"has-text-align-center\" data-align=\"center\">P.ti<\/td><td class=\"has-text-align-center\" data-align=\"center\">G+A<\/td><td class=\"has-text-align-center\" data-align=\"center\">Pen<\/td><td><\/td><td>Giocatore<\/td><td class=\"has-text-align-center\" data-align=\"center\">P<\/td><td class=\"has-text-align-center\" data-align=\"center\">P.ti<\/td><td class=\"has-text-align-center\" data-align=\"center\">G+A<\/td><td class=\"has-text-align-center\" data-align=\"center\">Pen<\/td><\/tr><tr><td>Sergio Latin<\/td><td class=\"has-text-align-center\" data-align=\"center\">11<\/td><td class=\"has-text-align-center\" data-align=\"center\">11<\/td><td class=\"has-text-align-center\" data-align=\"center\">5+6<\/td><td class=\"has-text-align-center\" data-align=\"center\">61<\/td><td><\/td><td>Claudio Mazzocchi<\/td><td class=\"has-text-align-center\" data-align=\"center\">10<\/td><td class=\"has-text-align-center\" data-align=\"center\">2<\/td><td class=\"has-text-align-center\" data-align=\"center\">1+1<\/td><td class=\"has-text-align-center\" data-align=\"center\">0<\/td><\/tr><tr><td>Fulvio Corri<\/td><td class=\"has-text-align-center\" data-align=\"center\">10<\/td><td class=\"has-text-align-center\" data-align=\"center\">8<\/td><td class=\"has-text-align-center\" data-align=\"center\">5+3<\/td><td class=\"has-text-align-center\" data-align=\"center\">26<\/td><td><\/td><td>Andrew Burns<\/td><td class=\"has-text-align-center\" data-align=\"center\">1<\/td><td class=\"has-text-align-center\" data-align=\"center\">1<\/td><td class=\"has-text-align-center\" data-align=\"center\">0+1<\/td><td class=\"has-text-align-center\" data-align=\"center\">0<\/td><\/tr><tr><td>Gino Broglia<\/td><td class=\"has-text-align-center\" data-align=\"center\">5<\/td><td class=\"has-text-align-center\" data-align=\"center\">4<\/td><td class=\"has-text-align-center\" data-align=\"center\">1+3<\/td><td class=\"has-text-align-center\" data-align=\"center\">6<\/td><td><\/td><td>Mauro Cassini<\/td><td class=\"has-text-align-center\" data-align=\"center\">2<\/td><td class=\"has-text-align-center\" data-align=\"center\">1<\/td><td class=\"has-text-align-center\" data-align=\"center\">1+0<\/td><td class=\"has-text-align-center\" data-align=\"center\">2<\/td><\/tr><tr><td>Paolo Crispino<\/td><td class=\"has-text-align-center\" data-align=\"center\">11<\/td><td class=\"has-text-align-center\" data-align=\"center\">4<\/td><td class=\"has-text-align-center\" data-align=\"center\">2+2<\/td><td class=\"has-text-align-center\" data-align=\"center\">0<\/td><td><\/td><td>Renato Brivio<\/td><td class=\"has-text-align-center\" data-align=\"center\">4<\/td><td class=\"has-text-align-center\" data-align=\"center\">1<\/td><td class=\"has-text-align-center\" data-align=\"center\">1+0<\/td><td class=\"has-text-align-center\" data-align=\"center\">6<\/td><\/tr><tr><td>Franco Lana<\/td><td class=\"has-text-align-center\" data-align=\"center\">11<\/td><td class=\"has-text-align-center\" data-align=\"center\">4<\/td><td class=\"has-text-align-center\" data-align=\"center\">2+2<\/td><td class=\"has-text-align-center\" data-align=\"center\">58<\/td><td><\/td><td>Alberto Villa<\/td><td class=\"has-text-align-center\" data-align=\"center\">8<\/td><td class=\"has-text-align-center\" data-align=\"center\">1<\/td><td class=\"has-text-align-center\" data-align=\"center\">0+1<\/td><td class=\"has-text-align-center\" data-align=\"center\">2<\/td><\/tr><tr><td>Valter Fill<\/td><td class=\"has-text-align-center\" data-align=\"center\">3<\/td><td class=\"has-text-align-center\" data-align=\"center\">3<\/td><td class=\"has-text-align-center\" data-align=\"center\">1+2<\/td><td class=\"has-text-align-center\" data-align=\"center\">6<\/td><td><\/td><td>Giorgio Sorrentino<\/td><td class=\"has-text-align-center\" data-align=\"center\">10<\/td><td class=\"has-text-align-center\" data-align=\"center\">1<\/td><td class=\"has-text-align-center\" data-align=\"center\">1+0<\/td><td class=\"has-text-align-center\" data-align=\"center\">12<\/td><\/tr><tr><td>Maurizio Vavassori<\/td><td class=\"has-text-align-center\" data-align=\"center\">8<\/td><td class=\"has-text-align-center\" data-align=\"center\">3<\/td><td class=\"has-text-align-center\" data-align=\"center\">2+1<\/td><td class=\"has-text-align-center\" data-align=\"center\">14<\/td><td><\/td><td>Marco Pontoglio<\/td><td class=\"has-text-align-center\" data-align=\"center\">8<\/td><td class=\"has-text-align-center\" data-align=\"center\"><\/td><td class=\"has-text-align-center\" data-align=\"center\"><\/td><td class=\"has-text-align-center\" data-align=\"center\">12<\/td><\/tr><tr><td>Sergio Fiorese<\/td><td class=\"has-text-align-center\" data-align=\"center\">5<\/td><td class=\"has-text-align-center\" data-align=\"center\">2<\/td><td class=\"has-text-align-center\" data-align=\"center\">2+0<\/td><td class=\"has-text-align-center\" data-align=\"center\">10<\/td><td><\/td><td>Pierluigi Crispino<\/td><td class=\"has-text-align-center\" data-align=\"center\">4<\/td><td class=\"has-text-align-center\" data-align=\"center\"><\/td><td class=\"has-text-align-center\" data-align=\"center\"><\/td><td class=\"has-text-align-center\" data-align=\"center\">0<\/td><\/tr><tr><td>Fabio Ponti<\/td><td class=\"has-text-align-center\" data-align=\"center\">5<\/td><td class=\"has-text-align-center\" data-align=\"center\">2<\/td><td class=\"has-text-align-center\" data-align=\"center\">1+1<\/td><td class=\"has-text-align-center\" data-align=\"center\">0<\/td><td><\/td><td>Fabio Ingrosso<\/td><td class=\"has-text-align-center\" data-align=\"center\">1<\/td><td class=\"has-text-align-center\" data-align=\"center\"><\/td><td class=\"has-text-align-center\" data-align=\"center\"><\/td><td class=\"has-text-align-center\" data-align=\"center\">0<\/td><\/tr><tr><td>Marco Favalli<\/td><td class=\"has-text-align-center\" data-align=\"center\">6<\/td><td class=\"has-text-align-center\" data-align=\"center\">2<\/td><td class=\"has-text-align-center\" data-align=\"center\">1+1<\/td><td class=\"has-text-align-center\" data-align=\"center\">0<\/td><td><\/td><td>Giordano Marazzi (P)<\/td><td class=\"has-text-align-center\" data-align=\"center\">10<\/td><td class=\"has-text-align-center\" data-align=\"center\"><\/td><td class=\"has-text-align-center\" data-align=\"center\"><\/td><td class=\"has-text-align-center\" data-align=\"center\">0<\/td><\/tr><tr><td>Luciano Ballarini<\/td><td class=\"has-text-align-center\" data-align=\"center\">9<\/td><td class=\"has-text-align-center\" data-align=\"center\">2<\/td><td class=\"has-text-align-center\" data-align=\"center\">1+1<\/td><td class=\"has-text-align-center\" data-align=\"center\">0<\/td><td><\/td><td>Angelo Pontoglio (P)<\/td><td class=\"has-text-align-center\" data-align=\"center\">8<\/td><td class=\"has-text-align-center\" data-align=\"center\"><\/td><td class=\"has-text-align-center\" data-align=\"center\"><\/td><td class=\"has-text-align-center\" data-align=\"center\">12<\/td><\/tr><tr><td>Andrea Spiriti<\/td><td class=\"has-text-align-center\" data-align=\"center\">9<\/td><td class=\"has-text-align-center\" data-align=\"center\">2<\/td><td class=\"has-text-align-center\" data-align=\"center\">1+1<\/td><td class=\"has-text-align-center\" data-align=\"center\">8<\/td><td><\/td><td>Andrea Bettagno (P)<\/td><td class=\"has-text-align-center\" data-align=\"center\">3<\/td><td class=\"has-text-align-center\" data-align=\"center\"><\/td><td class=\"has-text-align-center\" data-align=\"center\"><\/td><td class=\"has-text-align-center\" data-align=\"center\">2<\/td><\/tr><tr><td>Andrea Bertel\u00e9<\/td><td class=\"has-text-align-center\" data-align=\"center\">9<\/td><td class=\"has-text-align-center\" data-align=\"center\">2<\/td><td class=\"has-text-align-center\" data-align=\"center\">0+2<\/td><td class=\"has-text-align-center\" data-align=\"center\">26<\/td><td><\/td><td><\/td><td class=\"has-text-align-center\" data-align=\"center\"><\/td><td class=\"has-text-align-center\" data-align=\"center\"><\/td><td class=\"has-text-align-center\" data-align=\"center\"><\/td><td class=\"has-text-align-center\" data-align=\"center\"><\/td><\/tr><\/tbody><\/table><\/figure>\n\n\n\n<p class=\"has-text-align-center\">Al termine della stagione regolare, Aosta e Milano si sono probabilmente incontrate per l&#8217;assegnazione del nono posto in classifica generale, di queste partite non sono emerse notizie.<\/p>\n\n\n\n<figure class=\"wp-block-table\"><table><tbody><tr><td><strong><a href=\"https:\/\/www.milanosiamonoi.com\/index.php\/campionati\/dal-1980-al-1989-la-ripartenza\/1983-1984-hc-milano\/\">stagione precedente<\/a><\/strong><\/td><td class=\"has-text-align-right\" data-align=\"right\"><strong><a href=\"https:\/\/www.milanosiamonoi.com\/index.php\/campionati\/dal-1980-al-1989-la-ripartenza\/1985-1986-hc-milano\/\">stagione successiva<\/a><\/strong><\/td><\/tr><\/tbody><\/table><\/figure>\n","protected":false},"excerpt":{"rendered":"<p>Presidente Luigi Grossi Allenatore Guido Radaelli Tra partenze, arrivi e ritiri, il roster muta sensibilmente. Guido Radaelli, a cui \u00e8 stata affidata la squadra, avr\u00e0&#8230;<\/p>\n","protected":false},"author":2,"featured_media":0,"parent":1475,"menu_order":6,"comment_status":"closed","ping_status":"closed","template":"","meta":{"spay_email":"","footnotes":""},"_links":{"self":[{"href":"https:\/\/www.milanosiamonoi.com\/index.php\/wp-json\/wp\/v2\/pages\/18080"}],"collection":[{"href":"https:\/\/www.milanosiamonoi.com\/index.php\/wp-json\/wp\/v2\/pages"}],"about":[{"href":"https:\/\/www.milanosiamonoi.com\/index.php\/wp-json\/wp\/v2\/types\/page"}],"author":[{"embeddable":true,"href":"https:\/\/www.milanosiamonoi.com\/index.php\/wp-json\/wp\/v2\/users\/2"}],"replies":[{"embeddable":true,"href":"https:\/\/www.milanosiamonoi.com\/index.php\/wp-json\/wp\/v2\/comments?post=18080"}],"version-history":[{"count":70,"href":"https:\/\/www.milanosiamonoi.com\/index.php\/wp-json\/wp\/v2\/pages\/18080\/revisions"}],"predecessor-version":[{"id":20371,"href":"https:\/\/www.milanosiamonoi.com\/index.php\/wp-json\/wp\/v2\/pages\/18080\/revisions\/20371"}],"up":[{"embeddable":true,"href":"https:\/\/www.milanosiamonoi.com\/index.php\/wp-json\/wp\/v2\/pages\/1475"}],"wp:attachment":[{"href":"https:\/\/www.milanosiamonoi.com\/index.php\/wp-json\/wp\/v2\/media?parent=18080"}],"curies":[{"name":"wp","href":"https:\/\/api.w.org\/{rel}","templated":true}]}}