{"id":17063,"date":"2024-05-09T06:58:01","date_gmt":"2024-05-09T06:58:01","guid":{"rendered":"https:\/\/www.milanosiamonoi.com\/?page_id=17063"},"modified":"2024-07-08T17:23:16","modified_gmt":"2024-07-08T17:23:16","slug":"1978-1979-diavoli-hc-milano","status":"publish","type":"page","link":"https:\/\/www.milanosiamonoi.com\/index.php\/campionati\/dal-1970-al-1979-il-declino\/1978-1979-diavoli-hc-milano\/","title":{"rendered":"1978\/1979 Diavoli HC Milano"},"content":{"rendered":"<div class=\"wp-block-image\">\n<figure class=\"aligncenter size-large\"><img loading=\"lazy\" decoding=\"async\" width=\"300\" height=\"300\" src=\"https:\/\/www.milanosiamonoi.com\/wp-content\/uploads\/2023\/07\/diavoli-colibri-300x300-1.jpg\" alt=\"\" class=\"wp-image-17057\" srcset=\"https:\/\/www.milanosiamonoi.com\/wp-content\/uploads\/2023\/07\/diavoli-colibri-300x300-1.jpg 300w, https:\/\/www.milanosiamonoi.com\/wp-content\/uploads\/2023\/07\/diavoli-colibri-300x300-1-150x150.jpg 150w, https:\/\/www.milanosiamonoi.com\/wp-content\/uploads\/2023\/07\/diavoli-colibri-300x300-1-100x100.jpg 100w, https:\/\/www.milanosiamonoi.com\/wp-content\/uploads\/2023\/07\/diavoli-colibri-300x300-1-50x50.jpg 50w, https:\/\/www.milanosiamonoi.com\/wp-content\/uploads\/2023\/07\/diavoli-colibri-300x300-1-25x25.jpg 25w, https:\/\/www.milanosiamonoi.com\/wp-content\/uploads\/2023\/07\/diavoli-colibri-300x300-1-90x90.jpg 90w\" sizes=\"(max-width: 300px) 100vw, 300px\" \/><\/figure><\/div>\n\n\n<figure class=\"wp-block-table aligncenter\"><table><tbody><tr><td>Presidente<\/td><td>Mino Pastorelli<\/td><\/tr><tr><td>Allenatore<\/td><td>Aldo Federici<\/td><\/tr><\/tbody><\/table><\/figure>\n\n\n\n<figure class=\"wp-block-table\"><table><tbody><tr><td class=\"has-text-align-center\" data-align=\"center\"><strong>Ruolo<\/strong><\/td><td><strong>Giocatori con almeno una presenza in prima squadra.<\/strong><\/td><\/tr><tr><td class=\"has-text-align-center\" data-align=\"center\">P<\/td><td>20 Franco Viale, 21 Angelo Pontoglio, 17 Maurizio Gattone.<\/td><\/tr><tr><td class=\"has-text-align-center\" data-align=\"center\">D<\/td><td>3 Giorgio Sorrentino, 4 Roberto Biffi, 5 Hubert Unterhofer, 6 Pierluigi Crispino, 8 Franco Lana, 9 Andrea Pescerelli.<\/td><\/tr><tr><td class=\"has-text-align-center\" data-align=\"center\">A<\/td><td>7 Valter Fill (C), 10 Ken Covo, 11 Fulvio Corri, 14 Manrico Casagrande, 15 Sergio Latin, 16 Steve Cupolo, 18 Mario Pugliese, 19 Kim Gellert, 22 Gino Broglia.<\/td><\/tr><tr><td class=\"has-text-align-center\" data-align=\"center\">Rinforzi<\/td><td>Sergio Fiorese (Cortina), Walter Manni, Roberto Scorta, Alberto Villa, Mauro Bregoli, Paolo Crispino, Renato Brusati, Paolo Bettagno, Marco Santini, Marco Pontoglio (GEAS), Claudio Cucchi, Roberto Fonzo, Gianni Merenda, Ignazio Mistretta, Stefano Pincini (HC Milano).<\/td><\/tr><\/tbody><\/table><\/figure>\n\n\n<div class=\"wp-block-image\">\n<figure class=\"aligncenter size-large\"><img loading=\"lazy\" decoding=\"async\" width=\"720\" height=\"445\" src=\"https:\/\/www.milanosiamonoi.com\/wp-content\/uploads\/2023\/08\/fill-corri-manni.jpg\" alt=\"\" class=\"wp-image-17133\" srcset=\"https:\/\/www.milanosiamonoi.com\/wp-content\/uploads\/2023\/08\/fill-corri-manni.jpg 720w, https:\/\/www.milanosiamonoi.com\/wp-content\/uploads\/2023\/08\/fill-corri-manni-300x185.jpg 300w, https:\/\/www.milanosiamonoi.com\/wp-content\/uploads\/2023\/08\/fill-corri-manni-100x62.jpg 100w, https:\/\/www.milanosiamonoi.com\/wp-content\/uploads\/2023\/08\/fill-corri-manni-50x31.jpg 50w, https:\/\/www.milanosiamonoi.com\/wp-content\/uploads\/2023\/08\/fill-corri-manni-25x15.jpg 25w\" sizes=\"(max-width: 720px) 100vw, 720px\" \/><figcaption class=\"wp-element-caption\"><em>Apertura stagionale Palaghiaccio di Varese. Da sinistra: il neo-capitano Valter Fill<\/em>, <em>Fulvio Corri e Walter Manni.<\/em><\/figcaption><\/figure><\/div>\n\n\n<p class=\"has-text-align-center\">Nuovo sponsor: accendini Colibr\u00ec of London. Ritorno di Aldo Federici, l&#8217;anno scorso ad Alleghe nel periodo in cui era stato allontanato Tisler. Sostituisce Gianfranco Da Rin, passato al Brunico con il cannoniere polacco Birula. Per l&#8217;Aldo il problema maggiore sar\u00e0 quello di inventare la difesa, in un colpo solo persi Mc Kay, Vattai, Marco Lacedelli e capitan Brivio, che lascia i Diavoli, ma non pattini e bastone: continua a Piazzatorre in serie C. Decimato anche il settore offensivo, Joe Fortunato resta in Canada per motivi famigliari, Vincenzo Polloni e Giovanni Da Deppo tornano a Cortina. Sfortunatissimo Da Deppo; perde tre dita di una mano mentre lavora, gliele riattaccano, ma non pu\u00f2 pi\u00f9 giocare a hockey.  A Milano resta solo Sergio Fiorese. Pastorelli conferma l&#8217;ingaggio di due stranieri e due &#8220;oriundi&#8221;, il presidente dei Diavoli non riconosce la decisione della Lega delle societ\u00e0 di serie A che ha ridotto il numero di giocatori di scuola straniera per singola squadra. <\/p>\n\n\n<div class=\"wp-block-image\">\n<figure class=\"aligncenter size-large\"><img loading=\"lazy\" decoding=\"async\" width=\"1024\" height=\"665\" src=\"https:\/\/www.milanosiamonoi.com\/wp-content\/uploads\/2023\/08\/Diavoli-1978-1-2-1024x665.jpg\" alt=\"\" class=\"wp-image-17131\" srcset=\"https:\/\/www.milanosiamonoi.com\/wp-content\/uploads\/2023\/08\/Diavoli-1978-1-2-1024x665.jpg 1024w, https:\/\/www.milanosiamonoi.com\/wp-content\/uploads\/2023\/08\/Diavoli-1978-1-2-300x195.jpg 300w, https:\/\/www.milanosiamonoi.com\/wp-content\/uploads\/2023\/08\/Diavoli-1978-1-2-768x499.jpg 768w, https:\/\/www.milanosiamonoi.com\/wp-content\/uploads\/2023\/08\/Diavoli-1978-1-2-100x65.jpg 100w, https:\/\/www.milanosiamonoi.com\/wp-content\/uploads\/2023\/08\/Diavoli-1978-1-2-50x32.jpg 50w, https:\/\/www.milanosiamonoi.com\/wp-content\/uploads\/2023\/08\/Diavoli-1978-1-2-25x16.jpg 25w, https:\/\/www.milanosiamonoi.com\/wp-content\/uploads\/2023\/08\/Diavoli-1978-1-2-740x481.jpg 740w, https:\/\/www.milanosiamonoi.com\/wp-content\/uploads\/2023\/08\/Diavoli-1978-1-2.jpg 1061w\" sizes=\"(max-width: 1024px) 100vw, 1024px\" \/><figcaption class=\"wp-element-caption\"><em>Prima foto ufficiale. Presenti Covo e Cupolo. C&#8217;\u00e8 anche Fiorese, ma il Cortina ritirer\u00e0 il prestito e lo girer\u00e0 all&#8217;Asiago.<\/em><\/figcaption><\/figure><\/div>\n\n\n<p class=\"has-text-align-center\">Due gli attaccanti gi\u00e0 tesserati: Ken Covo (Mc Gill Un.) e l&#8217;italo Steve Cupolo (Niagara Falls Flyers). Entrambi sono figli d&#8217;arte, il pap\u00e0 del primo (Peter Victor) ha giocato nel Milano negli anni Trenta, quello del secondo (Billy) sempre nel Milano a met\u00e0 degli anni Cinquanta. La famiglia di Covo \u00e8 per\u00f2 di origine svizzera, quindi Ken \u00e8 da considerare hockeisticamente straniero. Ancora da valutare gli altri due posti disponibili, si d\u00e0 per certa la conferma di Dino Serra, che continua a rimandare il suo ritorno a Milano. Si sono offerti due ex-diavoli dell&#8217;estate del 1977 (Greg Natale e Joe Cecchini), difensori che farebbero comodo, ma Pastorelli prende tempo perch\u00e9 insegue un colpo a sensazione. Intanto dal Renon arriva Hubert Unterhofer (difensore) ed entrano in squadra tre giovanissimi che hanno militato la scorsa stagione in serie C: Franco Lana, Sergio Latin (Pinguini) e Giorgio Sorrentino (Varese).<\/p>\n\n\n<div class=\"wp-block-image\">\n<figure class=\"aligncenter size-large\"><img loading=\"lazy\" decoding=\"async\" width=\"604\" height=\"501\" src=\"https:\/\/www.milanosiamonoi.com\/wp-content\/uploads\/2023\/08\/covo-cupolo.jpg\" alt=\"\" class=\"wp-image-17125\" srcset=\"https:\/\/www.milanosiamonoi.com\/wp-content\/uploads\/2023\/08\/covo-cupolo.jpg 604w, https:\/\/www.milanosiamonoi.com\/wp-content\/uploads\/2023\/08\/covo-cupolo-300x249.jpg 300w, https:\/\/www.milanosiamonoi.com\/wp-content\/uploads\/2023\/08\/covo-cupolo-100x83.jpg 100w, https:\/\/www.milanosiamonoi.com\/wp-content\/uploads\/2023\/08\/covo-cupolo-50x41.jpg 50w, https:\/\/www.milanosiamonoi.com\/wp-content\/uploads\/2023\/08\/covo-cupolo-25x21.jpg 25w\" sizes=\"(max-width: 604px) 100vw, 604px\" \/><figcaption class=\"wp-element-caption\"><em>Ken Covo e Steve Cupolo:<\/em><\/figcaption><\/figure><\/div>\n\n\n<figure class=\"wp-block-table aligncenter\"><table><tbody><tr><td class=\"has-text-align-center\" data-align=\"center\"><strong>1978<\/strong><\/td><td class=\"has-text-align-center\" data-align=\"center\"><strong>Partite amichevoli<\/strong><\/td><td class=\"has-text-align-center\" data-align=\"center\">Risultato<\/td><\/tr><tr><td class=\"has-text-align-center\" data-align=\"center\">2 settembre<\/td><td class=\"has-text-align-center\" data-align=\"center\">Asiago-Diavoli Milano<\/td><td class=\"has-text-align-center\" data-align=\"center\">15-5<\/td><\/tr><tr><td class=\"has-text-align-center\" data-align=\"center\">5 settembre<\/td><td class=\"has-text-align-center\" data-align=\"center\">Diavoli Milano-Lugano<\/td><td class=\"has-text-align-center\" data-align=\"center\">5-5 (1-0; 1-2; 3-3)<\/td><\/tr><\/tbody><\/table><\/figure>\n\n\n\n<p class=\"has-text-align-center\">Per tutto il mese di settembre i Diavoli giocano le partite interne a Varese. Pastorelli conferma il tesseramento di quattro stranieri e visto l&#8217;ostracismo della Lega delle squadre di serie A, si fa largo l&#8217;ipotesi della possibile iscrizione a un campionato svizzero per la stagione 1979\/80. Nel frattempo il consiglio direttivo biancorosso accoglie il nuovo vice-presidente dott. Zappa e il consigliere Gajani, entrambi espressione Colibr\u00ec of London.<\/p>\n\n\n\n<figure class=\"wp-block-table aligncenter\"><table><tbody><tr><td class=\"has-text-align-center\" data-align=\"center\"><strong>1978<\/strong><\/td><td class=\"has-text-align-center\" data-align=\"center\"><strong>Partite amichevoli<\/strong><\/td><td class=\"has-text-align-center\" data-align=\"center\">Risultato<\/td><\/tr><tr><td class=\"has-text-align-center\" data-align=\"center\">8 settembre<\/td><td class=\"has-text-align-center\" data-align=\"center\">Diavoli Milano-Ascona<\/td><td class=\"has-text-align-center\" data-align=\"center\">5-4<\/td><\/tr><tr><td class=\"has-text-align-center\" data-align=\"center\">12 settembre<\/td><td class=\"has-text-align-center\" data-align=\"center\">Diavoli Milano-Bellinzona<\/td><td class=\"has-text-align-center\" data-align=\"center\">2-5<\/td><\/tr><\/tbody><\/table><\/figure>\n\n\n\n<p class=\"has-text-align-center\">La partita con il Bellinzona viene trasmessa in diretta TV dalla RAI. Il match \u00e8 ricco di scorrettezze e scazzottate, alcuni giocatori vengono alle mani persino dopo la fine dell&#8217;incontro. Qualche giorno dopo &#8220;La Gazzetta dello Sport&#8221; pubblica una lettera di Sergio Fonzo (factotum del settore giovanile milanese) che condanna quanto accaduto, deplorando i protagonisti milanesi di tale comportamento antisportivo, scaturito dalla sconfitta maturata contro una squadra delle serie minori elvetiche. Pessima pubblicit\u00e0 per l&#8217;hockey su ghiaccio.<\/p>\n\n\n\n<figure class=\"wp-block-table aligncenter\"><table><tbody><tr><td class=\"has-text-align-center\" data-align=\"center\"><strong>1978<\/strong><\/td><td class=\"has-text-align-center\" data-align=\"center\"><strong>Partite amichevoli<\/strong><\/td><td class=\"has-text-align-center\" data-align=\"center\">Risultato<\/td><\/tr><tr><td class=\"has-text-align-center\" data-align=\"center\">13 ottobre<\/td><td class=\"has-text-align-center\" data-align=\"center\">Grenoble-Diavoli Milano<\/td><td class=\"has-text-align-center\" data-align=\"center\">3-3<\/td><\/tr><tr><td class=\"has-text-align-center\" data-align=\"center\">15 ottobre<\/td><td class=\"has-text-align-center\" data-align=\"center\">Diavoli Milano-Grenoble<\/td><td class=\"has-text-align-center\" data-align=\"center\">2-3<\/td><\/tr><\/tbody><\/table><\/figure>\n\n\n\n<p class=\"has-text-align-center\">Amara la prima uscita al Piranesi, le reti di Ken Covo e Fulvio Corri non evitano la sconfitta con il Grenoble. Brutte notizie anche dal fronte interno: Diavoli esclusi dalla Lega di Serie A. Le otto societ\u00e0 facentene parte si sono impegnate nel non concludere accordi con il club del presidente Pastorelli. Risultato: perso il prestito di Sergio Fiorese (il Cortina lo gira all&#8217;Asiago) a monte tutte le altre trattative. Rimane Hubert Unterhofer solo perch\u00e9 il Renon si \u00e8 auto-retrocesso e non fa parte della Lega di A. I Diavoli possono giocare nel massimo campionato con quattro stranieri perch\u00e9 rispettano la normativa FISG emanata la scorsa stagione. Pastorelli va diritto per la sua strada e presenta l&#8217;acquisto a sensazione: Kim Gellert.<\/p>\n\n\n<div class=\"wp-block-image\">\n<figure class=\"aligncenter size-large\"><img loading=\"lazy\" decoding=\"async\" width=\"390\" height=\"365\" src=\"https:\/\/www.milanosiamonoi.com\/wp-content\/uploads\/2023\/07\/78.10.19-Gellert.jpg\" alt=\"\" class=\"wp-image-17102\" srcset=\"https:\/\/www.milanosiamonoi.com\/wp-content\/uploads\/2023\/07\/78.10.19-Gellert.jpg 390w, https:\/\/www.milanosiamonoi.com\/wp-content\/uploads\/2023\/07\/78.10.19-Gellert-300x281.jpg 300w, https:\/\/www.milanosiamonoi.com\/wp-content\/uploads\/2023\/07\/78.10.19-Gellert-100x94.jpg 100w, https:\/\/www.milanosiamonoi.com\/wp-content\/uploads\/2023\/07\/78.10.19-Gellert-50x47.jpg 50w, https:\/\/www.milanosiamonoi.com\/wp-content\/uploads\/2023\/07\/78.10.19-Gellert-25x23.jpg 25w\" sizes=\"(max-width: 390px) 100vw, 390px\" \/><figcaption class=\"wp-element-caption\">Kim Gellert.<\/figcaption><\/figure><\/div>\n\n\n<p class=\"has-text-align-center\">Nove squadre iscritte al massimo campionato, l&#8217;HC Merano, promosso dalle serie B, prende il posto dell&#8217;auto-retrocesso Renon. Nonostante molte critiche da parte della carta stampata per durata e numero di partite, formula identica a quella della passata stagione. In pochi a comprendere che la scelta \u00e8 quella giusta e che \u00e8 la strada da seguire per il futuro. Azzecato anche il fatto di non spezzare in due tronconi il campionato, come raccontava chi cercava sponsorizzazione per lavoro; campionato spezzato uguale a campionato debole: si presenta male. <\/p>\n\n\n\n<figure class=\"wp-block-table aligncenter\"><table><tbody><tr><td><strong>Squadra<\/strong><\/td><td><strong>Sponsor<\/strong><\/td><td><strong>Stranieri<\/strong><\/td><\/tr><tr><td>Alleghe<\/td><td>Pollo Arena<\/td><td>Bogdan Jakopic (YU)<\/td><\/tr><tr><td>Asiago<\/td><td>Laverda<\/td><td>Goradz Hiti (YU), Mark Stuckey (USA)<\/td><\/tr><tr><td>Bolzano<\/td><td>Despar<\/td><td>Rudi Hiti (YU)<\/td><\/tr><tr><td>Brunico <\/td><td>Amaro Presolana<\/td><td>Dave Boyd (Can), Krzysztof Birula (PL)<\/td><\/tr><tr><td>Cortina<\/td><td>Biscotti Doria<\/td><td>Pat Devlin (Can)<\/td><\/tr><tr><td>Diavoli MI<\/td><td>Colibr\u00ec<\/td><td>Ken Covo, Steve Cupolo, Kim Gellert (Can)<\/td><\/tr><tr><td>Gardena<\/td><td>Recoaro<\/td><td>Ken Lockett (Can)<\/td><\/tr><tr><td>Merano<\/td><td>Jaegermesteir<\/td><td>Paul Dionne (Can), Dave Tomassoni (USA), Jack Venturi (Can\/Ita)<\/td><\/tr><tr><td>Valpellice<\/td><td><\/td><td>David Enouy e Giulio Francella (Can)<\/td><\/tr><\/tbody><\/table><\/figure>\n\n\n<div class=\"wp-block-image\">\n<figure class=\"aligncenter size-large\"><img loading=\"lazy\" decoding=\"async\" width=\"1024\" height=\"588\" src=\"https:\/\/www.milanosiamonoi.com\/wp-content\/uploads\/2023\/08\/78.12.-foto-DM-Msn-1024x588.jpg\" alt=\"\" class=\"wp-image-17306\" srcset=\"https:\/\/www.milanosiamonoi.com\/wp-content\/uploads\/2023\/08\/78.12.-foto-DM-Msn-1024x588.jpg 1024w, https:\/\/www.milanosiamonoi.com\/wp-content\/uploads\/2023\/08\/78.12.-foto-DM-Msn-300x172.jpg 300w, https:\/\/www.milanosiamonoi.com\/wp-content\/uploads\/2023\/08\/78.12.-foto-DM-Msn-768x441.jpg 768w, https:\/\/www.milanosiamonoi.com\/wp-content\/uploads\/2023\/08\/78.12.-foto-DM-Msn-100x57.jpg 100w, https:\/\/www.milanosiamonoi.com\/wp-content\/uploads\/2023\/08\/78.12.-foto-DM-Msn-50x29.jpg 50w, https:\/\/www.milanosiamonoi.com\/wp-content\/uploads\/2023\/08\/78.12.-foto-DM-Msn-25x14.jpg 25w, https:\/\/www.milanosiamonoi.com\/wp-content\/uploads\/2023\/08\/78.12.-foto-DM-Msn-740x425.jpg 740w, https:\/\/www.milanosiamonoi.com\/wp-content\/uploads\/2023\/08\/78.12.-foto-DM-Msn.jpg 1124w\" sizes=\"(max-width: 1024px) 100vw, 1024px\" \/><figcaption class=\"wp-element-caption\"><em>Da sinistra; in piedi: V. Fill, Cupolo, Latin, Broglia, Covo, Pescerelli, Biffi, Lana, Gellert, P.L. Crispino. In prima fila: Unterhofer, A. Pontoglio, Viale, Gattone, Corri, M. Casagrande.<\/em><\/figcaption><\/figure><\/div>\n\n\n<p class=\"has-text-align-center\">I Diavoli partono con tre stranieri, il quarto dovrebbe essere Dino Serra, ma rimanendo il giocatore in Canada e non essendoci un contratto firmato il posto \u00e8 ancora vacante. Al Merano viene concesso il tesseramento di Jack Venturi, cresciuto hockeisticamente in Canada e di fatto terzo straniero: risulta italiano a termine di legge. Nella prima giornata i Diavoli riposano, esordio al Palazzo con l&#8217;Asiago.<\/p>\n\n\n<div class=\"wp-block-image is-resized\">\n<figure class=\"aligncenter size-large\"><img loading=\"lazy\" decoding=\"async\" width=\"592\" height=\"807\" src=\"https:\/\/www.milanosiamonoi.com\/wp-content\/uploads\/2023\/07\/78.10.27-A-DM-Asia-12-3.jpg\" alt=\"\" class=\"wp-image-17113\" srcset=\"https:\/\/www.milanosiamonoi.com\/wp-content\/uploads\/2023\/07\/78.10.27-A-DM-Asia-12-3.jpg 592w, https:\/\/www.milanosiamonoi.com\/wp-content\/uploads\/2023\/07\/78.10.27-A-DM-Asia-12-3-220x300.jpg 220w, https:\/\/www.milanosiamonoi.com\/wp-content\/uploads\/2023\/07\/78.10.27-A-DM-Asia-12-3-73x100.jpg 73w, https:\/\/www.milanosiamonoi.com\/wp-content\/uploads\/2023\/07\/78.10.27-A-DM-Asia-12-3-37x50.jpg 37w, https:\/\/www.milanosiamonoi.com\/wp-content\/uploads\/2023\/07\/78.10.27-A-DM-Asia-12-3-18x25.jpg 18w\" sizes=\"(max-width: 592px) 100vw, 592px\" \/><figcaption class=\"wp-element-caption\"><em>Articolo da &#8220;La Gazzetta dello Sport&#8221;.<\/em><\/figcaption><\/figure><\/div>\n\n\n<figure class=\"wp-block-table aligncenter\"><table><tbody><tr><td class=\"has-text-align-center\" data-align=\"center\"><strong>1978<\/strong><\/td><td class=\"has-text-align-center\" data-align=\"center\"><strong>Serie A &#8211; 2a e 3a partita<\/strong><\/td><td class=\"has-text-align-center\" data-align=\"center\">Risultato<\/td><\/tr><tr><td class=\"has-text-align-center\" data-align=\"center\">1 novembre<\/td><td class=\"has-text-align-center\" data-align=\"center\">Alleghe-Diavoli Milano<\/td><td class=\"has-text-align-center\" data-align=\"center\">8-7<\/td><\/tr><tr><td class=\"has-text-align-center\" data-align=\"center\">4 novembre<\/td><td class=\"has-text-align-center\" data-align=\"center\">Merano-Diavoli Milano<\/td><td class=\"has-text-align-center\" data-align=\"center\">7-4<\/td><\/tr><\/tbody><\/table><\/figure>\n\n\n\n<p class=\"has-text-align-center\">Doppia sconfitta esterna. Ad Alleghe k.o. a otto secondi dalla sirena. A Merano terzo periodo con Gellert in panchina per dolori all&#8217;inguine. Oltre al canadese, malmessi anche Viale (ginocchio), Pescerelli (inguine) e Corri (ematoma alla coscia). Alla vigilia del match con il Cortina tutti in cura dal &#8220;mago&#8221; del busen Mario Vatrini, pietra miliare dello shiatsu in Italia.<\/p>\n\n\n<div class=\"wp-block-image\">\n<figure class=\"aligncenter size-large\"><img loading=\"lazy\" decoding=\"async\" width=\"747\" height=\"172\" src=\"https:\/\/www.milanosiamonoi.com\/wp-content\/uploads\/2023\/07\/78.11.09-A-Gellert-idolo.jpg\" alt=\"\" class=\"wp-image-17118\" srcset=\"https:\/\/www.milanosiamonoi.com\/wp-content\/uploads\/2023\/07\/78.11.09-A-Gellert-idolo.jpg 747w, https:\/\/www.milanosiamonoi.com\/wp-content\/uploads\/2023\/07\/78.11.09-A-Gellert-idolo-300x69.jpg 300w, https:\/\/www.milanosiamonoi.com\/wp-content\/uploads\/2023\/07\/78.11.09-A-Gellert-idolo-100x23.jpg 100w, https:\/\/www.milanosiamonoi.com\/wp-content\/uploads\/2023\/07\/78.11.09-A-Gellert-idolo-50x12.jpg 50w, https:\/\/www.milanosiamonoi.com\/wp-content\/uploads\/2023\/07\/78.11.09-A-Gellert-idolo-25x6.jpg 25w, https:\/\/www.milanosiamonoi.com\/wp-content\/uploads\/2023\/07\/78.11.09-A-Gellert-idolo-740x170.jpg 740w\" sizes=\"(max-width: 747px) 100vw, 747px\" \/><\/figure><\/div>\n\n<div class=\"wp-block-image\">\n<figure class=\"aligncenter size-large\"><img loading=\"lazy\" decoding=\"async\" width=\"824\" height=\"796\" src=\"https:\/\/www.milanosiamonoi.com\/wp-content\/uploads\/2023\/07\/78.11.07-A-DM-Cort-5-4-5a-g-MSN.jpg\" alt=\"\" class=\"wp-image-17117\" srcset=\"https:\/\/www.milanosiamonoi.com\/wp-content\/uploads\/2023\/07\/78.11.07-A-DM-Cort-5-4-5a-g-MSN.jpg 824w, https:\/\/www.milanosiamonoi.com\/wp-content\/uploads\/2023\/07\/78.11.07-A-DM-Cort-5-4-5a-g-MSN-300x290.jpg 300w, https:\/\/www.milanosiamonoi.com\/wp-content\/uploads\/2023\/07\/78.11.07-A-DM-Cort-5-4-5a-g-MSN-768x742.jpg 768w, https:\/\/www.milanosiamonoi.com\/wp-content\/uploads\/2023\/07\/78.11.07-A-DM-Cort-5-4-5a-g-MSN-100x97.jpg 100w, https:\/\/www.milanosiamonoi.com\/wp-content\/uploads\/2023\/07\/78.11.07-A-DM-Cort-5-4-5a-g-MSN-50x48.jpg 50w, https:\/\/www.milanosiamonoi.com\/wp-content\/uploads\/2023\/07\/78.11.07-A-DM-Cort-5-4-5a-g-MSN-25x25.jpg 25w, https:\/\/www.milanosiamonoi.com\/wp-content\/uploads\/2023\/07\/78.11.07-A-DM-Cort-5-4-5a-g-MSN-740x715.jpg 740w\" sizes=\"(max-width: 824px) 100vw, 824px\" \/><figcaption class=\"wp-element-caption\"><em>Articolo da &#8220;La Gazzetta dello Sport&#8221;.<\/em><\/figcaption><\/figure><\/div>\n\n\n<figure class=\"wp-block-table aligncenter\"><table><tbody><tr><td class=\"has-text-align-center\" data-align=\"center\"><strong>1978<\/strong><\/td><td class=\"has-text-align-center\" data-align=\"center\"><strong>Serie A &#8211; 5a partita<\/strong><\/td><td class=\"has-text-align-center\" data-align=\"center\">Risultato<\/td><\/tr><tr><td class=\"has-text-align-center\" data-align=\"center\">10 novembre<\/td><td class=\"has-text-align-center\" data-align=\"center\">Diavoli Milano-Bolzano<\/td><td class=\"has-text-align-center\" data-align=\"center\">4-13 (1-6; 2-1; 1-6)<\/td><\/tr><\/tbody><\/table><\/figure>\n\n\n\n<p class=\"has-text-align-center\">La pesante sconfitta subita con il Bolzano mette a nudo i limiti del settore difensivo della squadra. Svanito Serra, la carta stampata reclama l&#8217;acquisto di un difensore, si fanno i nomi di Pagnello e Cecchini, ma a sorpresa il posto &#8220;italo&#8221; vacante viene preso da Mario Pugliese. Il baffuto attaccante era gi\u00e0 in predicato di vestire la casacca biancorossa la scorsa stagione, quando a pochi giorni dall&#8217;inizio del campionato venne tagliato per dare spazio a Joe Fortunato. Accasatosi ad Asiago si \u00e8 reso protagonista di un ottima stagione e a Torre Pellice si presenta con una tripletta.<\/p>\n\n\n<div class=\"wp-block-image is-resized\">\n<figure class=\"aligncenter size-large\"><img loading=\"lazy\" decoding=\"async\" width=\"687\" height=\"960\" src=\"https:\/\/www.milanosiamonoi.com\/wp-content\/uploads\/2023\/08\/pugliese-2.jpg\" alt=\"\" class=\"wp-image-17137\" srcset=\"https:\/\/www.milanosiamonoi.com\/wp-content\/uploads\/2023\/08\/pugliese-2.jpg 687w, https:\/\/www.milanosiamonoi.com\/wp-content\/uploads\/2023\/08\/pugliese-2-215x300.jpg 215w, https:\/\/www.milanosiamonoi.com\/wp-content\/uploads\/2023\/08\/pugliese-2-72x100.jpg 72w, https:\/\/www.milanosiamonoi.com\/wp-content\/uploads\/2023\/08\/pugliese-2-36x50.jpg 36w, https:\/\/www.milanosiamonoi.com\/wp-content\/uploads\/2023\/08\/pugliese-2-18x25.jpg 18w\" sizes=\"(max-width: 687px) 100vw, 687px\" \/><figcaption class=\"wp-element-caption\"><em>Mario Pugliese.<\/em><\/figcaption><\/figure><\/div>\n\n\n<figure class=\"wp-block-table aligncenter\"><table><tbody><tr><td class=\"has-text-align-center\" data-align=\"center\"><strong>1978<\/strong><\/td><td class=\"has-text-align-center\" data-align=\"center\"><strong>Serie A &#8211; 6a partita.<\/strong><\/td><td class=\"has-text-align-center\" data-align=\"center\">Risultato<\/td><\/tr><tr><td class=\"has-text-align-center\" data-align=\"center\">15 novembre<\/td><td class=\"has-text-align-center\" data-align=\"center\">Valpellice-Diavoli Milano<\/td><td class=\"has-text-align-center\" data-align=\"center\">7-9 (3-4; 2-4; 2-1)<\/td><\/tr><\/tbody><\/table><\/figure>\n\n\n<div class=\"wp-block-image\">\n<figure class=\"aligncenter size-large\"><img loading=\"lazy\" decoding=\"async\" width=\"761\" height=\"694\" src=\"https:\/\/www.milanosiamonoi.com\/wp-content\/uploads\/2023\/08\/78.11.17-A-DM-Gard-7-4-8a-g.jpg\" alt=\"\" class=\"wp-image-17152\" srcset=\"https:\/\/www.milanosiamonoi.com\/wp-content\/uploads\/2023\/08\/78.11.17-A-DM-Gard-7-4-8a-g.jpg 761w, https:\/\/www.milanosiamonoi.com\/wp-content\/uploads\/2023\/08\/78.11.17-A-DM-Gard-7-4-8a-g-300x274.jpg 300w, https:\/\/www.milanosiamonoi.com\/wp-content\/uploads\/2023\/08\/78.11.17-A-DM-Gard-7-4-8a-g-100x91.jpg 100w, https:\/\/www.milanosiamonoi.com\/wp-content\/uploads\/2023\/08\/78.11.17-A-DM-Gard-7-4-8a-g-50x46.jpg 50w, https:\/\/www.milanosiamonoi.com\/wp-content\/uploads\/2023\/08\/78.11.17-A-DM-Gard-7-4-8a-g-25x23.jpg 25w, https:\/\/www.milanosiamonoi.com\/wp-content\/uploads\/2023\/08\/78.11.17-A-DM-Gard-7-4-8a-g-740x675.jpg 740w\" sizes=\"(max-width: 761px) 100vw, 761px\" \/><figcaption class=\"wp-element-caption\"><em>Articolo da &#8220;La Gazzetta dello Sport&#8221;.<\/em><\/figcaption><\/figure><\/div>\n\n\n<figure class=\"wp-block-table aligncenter\"><table><tbody><tr><td class=\"has-text-align-center\" data-align=\"center\"><strong>1978<\/strong><\/td><td class=\"has-text-align-center\" data-align=\"center\"><strong>Serie A &#8211; 8a partita.<\/strong><\/td><td class=\"has-text-align-center\" data-align=\"center\">Risultato<\/td><\/tr><tr><td class=\"has-text-align-center\" data-align=\"center\">21 novembre<\/td><td class=\"has-text-align-center\" data-align=\"center\">Diavoli Milano-Brunico<\/td><td class=\"has-text-align-center\" data-align=\"center\">2-3 (2-1; 0-1; 0-1)<\/td><\/tr><\/tbody><\/table><\/figure>\n\n\n\n<p class=\"has-text-align-center\">Dall&#8217;altare alla polvere, la doppietta di Gellert non basta: il Brunico passa al Piranesi. L&#8217;ex portiere dei Diavoli Guido &#8220;Jackie&#8221; Radaelli nominato coach dell&#8217;under 21. Sorte avversa per uno dei back-up di Viale, Maurizio Gattone viene sottoposto a un delicato intervento chirurgico a un fianco: stagione conclusa.<\/p>\n\n\n<div class=\"wp-block-image\">\n<figure class=\"aligncenter size-large\"><img loading=\"lazy\" decoding=\"async\" width=\"536\" height=\"504\" src=\"https:\/\/www.milanosiamonoi.com\/wp-content\/uploads\/2023\/08\/78-79-foto-DM-goalies-2.jpg\" alt=\"\" class=\"wp-image-17165\" srcset=\"https:\/\/www.milanosiamonoi.com\/wp-content\/uploads\/2023\/08\/78-79-foto-DM-goalies-2.jpg 536w, https:\/\/www.milanosiamonoi.com\/wp-content\/uploads\/2023\/08\/78-79-foto-DM-goalies-2-300x282.jpg 300w, https:\/\/www.milanosiamonoi.com\/wp-content\/uploads\/2023\/08\/78-79-foto-DM-goalies-2-100x94.jpg 100w, https:\/\/www.milanosiamonoi.com\/wp-content\/uploads\/2023\/08\/78-79-foto-DM-goalies-2-50x47.jpg 50w, https:\/\/www.milanosiamonoi.com\/wp-content\/uploads\/2023\/08\/78-79-foto-DM-goalies-2-25x25.jpg 25w\" sizes=\"(max-width: 536px) 100vw, 536px\" \/><figcaption class=\"wp-element-caption\"><em>Da sinistra: Angelo Pontoglio, Franco Viale e Maurizio Gattone.<\/em><\/figcaption><\/figure><\/div>\n\n\n<p class=\"has-text-align-center\">A fine mese il campionato si concede una piccola pausa, la Nazionale affronta l&#8217;Austria.<\/p>\n\n\n\n<figure class=\"wp-block-table aligncenter\"><table><tbody><tr><td class=\"has-text-align-center\" data-align=\"center\"><strong>1978<\/strong><\/td><td class=\"has-text-align-center\" data-align=\"center\"><strong>Partite amichevoli.<\/strong><\/td><td class=\"has-text-align-center\" data-align=\"center\">Risultato<\/td><\/tr><tr><td class=\"has-text-align-center\" data-align=\"center\">Kapfenberg, 28 nov.<\/td><td class=\"has-text-align-center\" data-align=\"center\">Austria-Italia<\/td><td class=\"has-text-align-center\" data-align=\"center\">4-2 (3-0; 0-0; 1-2)<\/td><\/tr><tr><td class=\"has-text-align-center\" data-align=\"center\">Vienna, 29 nov.<\/td><td class=\"has-text-align-center\" data-align=\"center\">Austria-Italia<\/td><td class=\"has-text-align-center\" data-align=\"center\">5-2 (4-1; 1-1; 0-0)<\/td><\/tr><\/tbody><\/table><\/figure>\n\n\n<div class=\"wp-block-image\">\n<figure class=\"aligncenter size-large\"><img loading=\"lazy\" decoding=\"async\" width=\"703\" height=\"61\" src=\"https:\/\/www.milanosiamonoi.com\/wp-content\/uploads\/2023\/08\/78.12.05-Italo-e-Naz..jpg\" alt=\"\" class=\"wp-image-17169\" srcset=\"https:\/\/www.milanosiamonoi.com\/wp-content\/uploads\/2023\/08\/78.12.05-Italo-e-Naz..jpg 703w, https:\/\/www.milanosiamonoi.com\/wp-content\/uploads\/2023\/08\/78.12.05-Italo-e-Naz.-300x26.jpg 300w, https:\/\/www.milanosiamonoi.com\/wp-content\/uploads\/2023\/08\/78.12.05-Italo-e-Naz.-100x9.jpg 100w, https:\/\/www.milanosiamonoi.com\/wp-content\/uploads\/2023\/08\/78.12.05-Italo-e-Naz.-50x4.jpg 50w, https:\/\/www.milanosiamonoi.com\/wp-content\/uploads\/2023\/08\/78.12.05-Italo-e-Naz.-25x2.jpg 25w\" sizes=\"(max-width: 703px) 100vw, 703px\" \/><\/figure><\/div>\n\n\n<p class=\"has-text-align-center\">Con la riduzione del numero di stranieri e &#8220;italo&#8221; si era deciso di rinunciare alla convocazione in Nazionale dei secondi, ma dopo le deludenti partite con l&#8217;Austria si preannuncia una marcia indietro.<\/p>\n\n\n\n<figure class=\"wp-block-table aligncenter\"><table><tbody><tr><td class=\"has-text-align-center\" data-align=\"center\"><strong>1978<\/strong><\/td><td class=\"has-text-align-center\" data-align=\"center\"><strong>Serie A &#8211; 9a, 10a e 11a partita.<\/strong><\/td><td class=\"has-text-align-center\" data-align=\"center\">Risultati<\/td><\/tr><tr><td class=\"has-text-align-center\" data-align=\"center\">2 dicembre<\/td><td class=\"has-text-align-center\" data-align=\"center\">Asiago-Diavoli Milano<\/td><td class=\"has-text-align-center\" data-align=\"center\">11-7 (1-0; 4-2; 6-5)<\/td><\/tr><tr><td class=\"has-text-align-center\" data-align=\"center\">5 dicembre<\/td><td class=\"has-text-align-center\" data-align=\"center\">Diavoli Milano-Alleghe<\/td><td class=\"has-text-align-center\" data-align=\"center\">10-3 (4-0; 4-0; 2-3)<\/td><\/tr><tr><td class=\"has-text-align-center\" data-align=\"center\">7 dicembre<\/td><td class=\"has-text-align-center\" data-align=\"center\">Diavoli Milano-Merano<\/td><td class=\"has-text-align-center\" data-align=\"center\">9-5 (2-4; 2-0; 5-1)<\/td><\/tr><\/tbody><\/table><\/figure>\n\n\n<div class=\"wp-block-image\">\n<figure class=\"aligncenter size-large\"><img loading=\"lazy\" decoding=\"async\" width=\"699\" height=\"673\" src=\"https:\/\/www.milanosiamonoi.com\/wp-content\/uploads\/2023\/08\/DM-Merano-Gellert-Crispino-Capone.jpg\" alt=\"\" class=\"wp-image-17203\" srcset=\"https:\/\/www.milanosiamonoi.com\/wp-content\/uploads\/2023\/08\/DM-Merano-Gellert-Crispino-Capone.jpg 699w, https:\/\/www.milanosiamonoi.com\/wp-content\/uploads\/2023\/08\/DM-Merano-Gellert-Crispino-Capone-300x289.jpg 300w, https:\/\/www.milanosiamonoi.com\/wp-content\/uploads\/2023\/08\/DM-Merano-Gellert-Crispino-Capone-100x96.jpg 100w, https:\/\/www.milanosiamonoi.com\/wp-content\/uploads\/2023\/08\/DM-Merano-Gellert-Crispino-Capone-50x48.jpg 50w, https:\/\/www.milanosiamonoi.com\/wp-content\/uploads\/2023\/08\/DM-Merano-Gellert-Crispino-Capone-25x25.jpg 25w\" sizes=\"(max-width: 699px) 100vw, 699px\" \/><figcaption class=\"wp-element-caption\"><em>Salvataggio di Marco Capone su Pierluigi Crispino.<\/em><\/figcaption><\/figure><\/div>\n\n<div class=\"wp-block-image\">\n<figure class=\"aligncenter size-large\"><img loading=\"lazy\" decoding=\"async\" width=\"791\" height=\"158\" src=\"https:\/\/www.milanosiamonoi.com\/wp-content\/uploads\/2023\/08\/78.12.14-A-Mer-vs-DM-reclamo.jpg\" alt=\"\" class=\"wp-image-17170\" srcset=\"https:\/\/www.milanosiamonoi.com\/wp-content\/uploads\/2023\/08\/78.12.14-A-Mer-vs-DM-reclamo.jpg 791w, https:\/\/www.milanosiamonoi.com\/wp-content\/uploads\/2023\/08\/78.12.14-A-Mer-vs-DM-reclamo-300x60.jpg 300w, https:\/\/www.milanosiamonoi.com\/wp-content\/uploads\/2023\/08\/78.12.14-A-Mer-vs-DM-reclamo-768x153.jpg 768w, https:\/\/www.milanosiamonoi.com\/wp-content\/uploads\/2023\/08\/78.12.14-A-Mer-vs-DM-reclamo-100x20.jpg 100w, https:\/\/www.milanosiamonoi.com\/wp-content\/uploads\/2023\/08\/78.12.14-A-Mer-vs-DM-reclamo-50x10.jpg 50w, https:\/\/www.milanosiamonoi.com\/wp-content\/uploads\/2023\/08\/78.12.14-A-Mer-vs-DM-reclamo-25x5.jpg 25w, https:\/\/www.milanosiamonoi.com\/wp-content\/uploads\/2023\/08\/78.12.14-A-Mer-vs-DM-reclamo-740x148.jpg 740w\" sizes=\"(max-width: 791px) 100vw, 791px\" \/><\/figure><\/div>\n\n\n<p class=\"has-text-align-center\">Il Merano chiede la vittoria a tavolino o in via subordinata la ripetizione dell&#8217;incontro a porte chiuse. La frangia pi\u00f9 accesa della tifoseria biancorossa si \u00e8 resa colpevole di atti intimidatori a partire dal momento in cui la squadra ospite era in vantaggio di tre reti. Inoltre, il secondo portiere (Angelo Pontoglio) subentrato all&#8217;infortunato Viale sul finire del match, avrebbe giocato con l&#8217;avambraccio sinistro ingessato oltre la posizione del guanto: reclamo respinto. Invece, per la scazzottata che ha coinvolto alcuni giocatori due turni di squalifica a Marco Capone, Dave Tomassoni (Merano) e Manrico Casagrande (Diavoli). Una giornata di squalifica per Hubert Unterhofer (Diavoli).<\/p>\n\n\n\n<figure class=\"wp-block-table aligncenter\"><table><tbody><tr><td class=\"has-text-align-center\" data-align=\"center\"><strong>1978<\/strong><\/td><td class=\"has-text-align-center\" data-align=\"center\"><strong>Serie A &#8211; 12a partita.<\/strong><\/td><td class=\"has-text-align-center\" data-align=\"center\">Risultato<\/td><\/tr><tr><td class=\"has-text-align-center\" data-align=\"center\">9 dicembre<\/td><td class=\"has-text-align-center\" data-align=\"center\">Cortina-Diavoli Milano<\/td><td class=\"has-text-align-center\" data-align=\"center\">7-6 (2-2; 2-1; 3-3)<\/td><\/tr><\/tbody><\/table><\/figure>\n\n\n\n<p class=\"has-text-align-center\">Nazionale nuovamente in pista, doppio confronto in Jugoslavia. Alberto Da Rin convoca Steve Cupolo contando sul fatto che \u00e8 nato a Sesto San Giovanni (MI).<\/p>\n\n\n<div class=\"wp-block-image is-resized\">\n<figure class=\"aligncenter size-large\"><img loading=\"lazy\" decoding=\"async\" width=\"572\" height=\"689\" src=\"https:\/\/www.milanosiamonoi.com\/wp-content\/uploads\/2023\/08\/78-79-foto-art-Cupolo.jpg\" alt=\"\" class=\"wp-image-17146\" srcset=\"https:\/\/www.milanosiamonoi.com\/wp-content\/uploads\/2023\/08\/78-79-foto-art-Cupolo.jpg 572w, https:\/\/www.milanosiamonoi.com\/wp-content\/uploads\/2023\/08\/78-79-foto-art-Cupolo-249x300.jpg 249w, https:\/\/www.milanosiamonoi.com\/wp-content\/uploads\/2023\/08\/78-79-foto-art-Cupolo-83x100.jpg 83w, https:\/\/www.milanosiamonoi.com\/wp-content\/uploads\/2023\/08\/78-79-foto-art-Cupolo-42x50.jpg 42w, https:\/\/www.milanosiamonoi.com\/wp-content\/uploads\/2023\/08\/78-79-foto-art-Cupolo-21x25.jpg 21w\" sizes=\"(max-width: 572px) 100vw, 572px\" \/><figcaption class=\"wp-element-caption\"><em>Il padre di Steve (Billy Cupolo) in verit\u00e0 ha giocato nel bel mezzo degli anni  Cinquanta nel Milano Inter. Vengono menzionati De Marchi e Serra che invece sono rimasti in Canada. Ugolini ha iniziato la stagione con il Valpellice, ma nel breve \u00e8 tornato oltreoceano.<\/em><\/figcaption><\/figure><\/div>\n\n\n<figure class=\"wp-block-table aligncenter\"><table><tbody><tr><td class=\"has-text-align-center\" data-align=\"center\"><strong>1978<\/strong><\/td><td class=\"has-text-align-center\" data-align=\"center\"><strong>Partite amichevoli.<\/strong><\/td><td class=\"has-text-align-center\" data-align=\"center\">Risultati<\/td><\/tr><tr><td class=\"has-text-align-center\" data-align=\"center\">Lubiana, 12 dic.<\/td><td class=\"has-text-align-center\" data-align=\"center\">Jugoslavia-Italia<\/td><td class=\"has-text-align-center\" data-align=\"center\">6-5 (3-2; 2-1; 1-2)<\/td><\/tr><tr><td class=\"has-text-align-center\" data-align=\"center\">Sisak, 13 dic.<\/td><td class=\"has-text-align-center\" data-align=\"center\">Jugoslavia-Italia<\/td><td class=\"has-text-align-center\" data-align=\"center\">3-3 (0-2; 2-1; 1-0)<\/td><\/tr><\/tbody><\/table><\/figure>\n\n\n\n<p class=\"has-text-align-center\">Steve Cupolo, seppure in non perfette condizioni fisiche, va a segno in entrambe le partite. Alla ripresa del campionato i Diavoli vanno a Bolzano.<\/p>\n\n\n\n<figure class=\"wp-block-table aligncenter\"><table><tbody><tr><td class=\"has-text-align-center\" data-align=\"center\"><strong>1978<\/strong><\/td><td class=\"has-text-align-center\" data-align=\"center\"><strong>Serie A &#8211; 13a partita.<\/strong><\/td><td class=\"has-text-align-center\" data-align=\"center\">Risultato<\/td><\/tr><tr><td class=\"has-text-align-center\" data-align=\"center\">16 dicembre<\/td><td class=\"has-text-align-center\" data-align=\"center\">Bolzano-Diavoli Milano<\/td><td class=\"has-text-align-center\" data-align=\"center\">7-5 (2-0; 4-2; 1-3)<\/td><\/tr><\/tbody><\/table><\/figure>\n\n\n<div class=\"wp-block-image\">\n<figure class=\"aligncenter size-large\"><img loading=\"lazy\" decoding=\"async\" width=\"798\" height=\"237\" src=\"https:\/\/www.milanosiamonoi.com\/wp-content\/uploads\/2023\/08\/78.12.19-Cupolo-ko-e-Crispino-milite.jpg\" alt=\"\" class=\"wp-image-17171\" srcset=\"https:\/\/www.milanosiamonoi.com\/wp-content\/uploads\/2023\/08\/78.12.19-Cupolo-ko-e-Crispino-milite.jpg 798w, https:\/\/www.milanosiamonoi.com\/wp-content\/uploads\/2023\/08\/78.12.19-Cupolo-ko-e-Crispino-milite-300x89.jpg 300w, https:\/\/www.milanosiamonoi.com\/wp-content\/uploads\/2023\/08\/78.12.19-Cupolo-ko-e-Crispino-milite-768x228.jpg 768w, https:\/\/www.milanosiamonoi.com\/wp-content\/uploads\/2023\/08\/78.12.19-Cupolo-ko-e-Crispino-milite-100x30.jpg 100w, https:\/\/www.milanosiamonoi.com\/wp-content\/uploads\/2023\/08\/78.12.19-Cupolo-ko-e-Crispino-milite-50x15.jpg 50w, https:\/\/www.milanosiamonoi.com\/wp-content\/uploads\/2023\/08\/78.12.19-Cupolo-ko-e-Crispino-milite-25x7.jpg 25w, https:\/\/www.milanosiamonoi.com\/wp-content\/uploads\/2023\/08\/78.12.19-Cupolo-ko-e-Crispino-milite-740x220.jpg 740w\" sizes=\"(max-width: 798px) 100vw, 798px\" \/><\/figure><\/div>\n\n\n<p class=\"has-text-align-center\">Radiografia; frattura allo spigolo anteriore della quarta vertebra: busto ortopedico per quaranta giorni. Nemmeno Steve sa dire in quale occasione si sia infortunato (Merano, Jugoslavia o Bolzano). Dolore sempre pi\u00f9 intenso, fino allo stop post Bolzano.<\/p>\n\n\n<div class=\"wp-block-image\">\n<figure class=\"aligncenter size-large\"><img loading=\"lazy\" decoding=\"async\" width=\"746\" height=\"215\" src=\"https:\/\/www.milanosiamonoi.com\/wp-content\/uploads\/2023\/08\/78.12.19-Naz-Conv.jpg\" alt=\"\" class=\"wp-image-17181\" srcset=\"https:\/\/www.milanosiamonoi.com\/wp-content\/uploads\/2023\/08\/78.12.19-Naz-Conv.jpg 746w, https:\/\/www.milanosiamonoi.com\/wp-content\/uploads\/2023\/08\/78.12.19-Naz-Conv-300x86.jpg 300w, https:\/\/www.milanosiamonoi.com\/wp-content\/uploads\/2023\/08\/78.12.19-Naz-Conv-100x29.jpg 100w, https:\/\/www.milanosiamonoi.com\/wp-content\/uploads\/2023\/08\/78.12.19-Naz-Conv-50x14.jpg 50w, https:\/\/www.milanosiamonoi.com\/wp-content\/uploads\/2023\/08\/78.12.19-Naz-Conv-25x7.jpg 25w, https:\/\/www.milanosiamonoi.com\/wp-content\/uploads\/2023\/08\/78.12.19-Naz-Conv-740x213.jpg 740w\" sizes=\"(max-width: 746px) 100vw, 746px\" \/><\/figure><\/div>\n\n\n<p class=\"has-text-align-center\">Defezioni e infortunati vari complicano la vita a coach Alberto Da Rin. Il ct Luciano Nucci spinge per convocare gli &#8220;italo&#8221;, anche quelli rimasti in Canada! Per ora si ricomincia con Mario Pugliese, gi\u00e0 in azzurro all&#8217;ultimo mondiale gruppo B di Belgrado, inoltre esordio assoluto per Andrea Pescerelli.<\/p>\n\n\n<div class=\"wp-block-image is-resized\">\n<figure class=\"aligncenter size-large\"><img loading=\"lazy\" decoding=\"async\" width=\"682\" height=\"809\" src=\"https:\/\/www.milanosiamonoi.com\/wp-content\/uploads\/2023\/08\/78.12.20e21-Svi-ita.jpg\" alt=\"\" class=\"wp-image-17185\" srcset=\"https:\/\/www.milanosiamonoi.com\/wp-content\/uploads\/2023\/08\/78.12.20e21-Svi-ita.jpg 682w, https:\/\/www.milanosiamonoi.com\/wp-content\/uploads\/2023\/08\/78.12.20e21-Svi-ita-253x300.jpg 253w, https:\/\/www.milanosiamonoi.com\/wp-content\/uploads\/2023\/08\/78.12.20e21-Svi-ita-84x100.jpg 84w, https:\/\/www.milanosiamonoi.com\/wp-content\/uploads\/2023\/08\/78.12.20e21-Svi-ita-42x50.jpg 42w, https:\/\/www.milanosiamonoi.com\/wp-content\/uploads\/2023\/08\/78.12.20e21-Svi-ita-21x25.jpg 21w\" sizes=\"(max-width: 682px) 100vw, 682px\" \/><figcaption class=\"wp-element-caption\"><em>Da &#8220;La Gazzetta dello Sport&#8221;.<\/em><\/figcaption><\/figure><\/div>\n\n\n<p class=\"has-text-align-center\">Steve Cupolo torna in Canada per sottoporsi a cure e convalescenza. Problemi ulteriori per la difesa dovuti alla partenza per il servizio militare di Pierluigi Crispino; si confida nei permessi speciali. <\/p>\n\n\n\n<figure class=\"wp-block-table aligncenter\"><table><tbody><tr><td class=\"has-text-align-center\" data-align=\"center\"><strong>1978<\/strong><\/td><td class=\"has-text-align-center\" data-align=\"center\"><strong>Serie A &#8211; 14a, 15a e 16a partita.<\/strong><\/td><td class=\"has-text-align-center\" data-align=\"center\">Risultato<\/td><\/tr><tr><td class=\"has-text-align-center\" data-align=\"center\">22 dicembre<\/td><td class=\"has-text-align-center\" data-align=\"center\">Diavoli Milano-Valpellice<\/td><td class=\"has-text-align-center\" data-align=\"center\">7-5 (1-2; 4-0; 2-3)<\/td><\/tr><tr><td class=\"has-text-align-center\" data-align=\"center\">26 dicembre<\/td><td class=\"has-text-align-center\" data-align=\"center\">Gardena-Diavoli Milano<\/td><td class=\"has-text-align-center\" data-align=\"center\">3-2 (0-0; 1-2; 2-0)<\/td><\/tr><tr><td class=\"has-text-align-center\" data-align=\"center\">28 dicembre<\/td><td class=\"has-text-align-center\" data-align=\"center\">Brunico-Diavoli Milano<\/td><td class=\"has-text-align-center\" data-align=\"center\">8-5 (1-2; 4-2; 3-1)<\/td><\/tr><\/tbody><\/table><\/figure>\n\n\n<div class=\"wp-block-image is-resized\">\n<figure class=\"aligncenter size-large\"><img loading=\"lazy\" decoding=\"async\" width=\"441\" height=\"604\" src=\"https:\/\/www.milanosiamonoi.com\/wp-content\/uploads\/2023\/08\/pugliese-covo-gellert.jpg\" alt=\"\" class=\"wp-image-17138\" srcset=\"https:\/\/www.milanosiamonoi.com\/wp-content\/uploads\/2023\/08\/pugliese-covo-gellert.jpg 441w, https:\/\/www.milanosiamonoi.com\/wp-content\/uploads\/2023\/08\/pugliese-covo-gellert-219x300.jpg 219w, https:\/\/www.milanosiamonoi.com\/wp-content\/uploads\/2023\/08\/pugliese-covo-gellert-73x100.jpg 73w, https:\/\/www.milanosiamonoi.com\/wp-content\/uploads\/2023\/08\/pugliese-covo-gellert-37x50.jpg 37w, https:\/\/www.milanosiamonoi.com\/wp-content\/uploads\/2023\/08\/pugliese-covo-gellert-18x25.jpg 18w\" sizes=\"(max-width: 441px) 100vw, 441px\" \/><figcaption class=\"wp-element-caption\"><em>Pugliese, Covo e Gellert.<\/em><\/figcaption><\/figure><\/div>\n\n\n<figure class=\"wp-block-table aligncenter\"><table><tbody><tr><td class=\"has-text-align-center\" data-align=\"center\"><strong>1979<\/strong><\/td><td class=\"has-text-align-center\" data-align=\"center\"><strong>Serie A &#8211; 17a e 18a partita.<\/strong><\/td><td class=\"has-text-align-center\" data-align=\"center\">Risultato<\/td><\/tr><tr><td class=\"has-text-align-center\" data-align=\"center\">3 gennaio<\/td><td class=\"has-text-align-center\" data-align=\"center\">Diavoli Milano-Asiago<\/td><td class=\"has-text-align-center\" data-align=\"center\">5-13 (2-4; 1-5; 2-4)<\/td><\/tr><tr><td class=\"has-text-align-center\" data-align=\"center\">6 gennaio<\/td><td class=\"has-text-align-center\" data-align=\"center\">Alleghe-Diavoli Milano<\/td><td class=\"has-text-align-center\" data-align=\"center\">11-5<\/td><\/tr><\/tbody><\/table><\/figure>\n\n\n\n<p class=\"has-text-align-center\">Steve Cupolo rientra dal Canada ed \u00e8 gi\u00e0 in grado di giocare con il Merano: urge interrompere la serie di quattro sconfitta consecutive.<\/p>\n\n\n\n<figure class=\"wp-block-table aligncenter\"><table><tbody><tr><td class=\"has-text-align-center\" data-align=\"center\"><strong>1979<\/strong><\/td><td class=\"has-text-align-center\" data-align=\"center\"><strong>Serie A &#8211; 19a partita.<\/strong><\/td><td class=\"has-text-align-center\" data-align=\"center\">Risultato<\/td><\/tr><tr><td class=\"has-text-align-center\" data-align=\"center\">10 gennaio<\/td><td class=\"has-text-align-center\" data-align=\"center\">Diavoli Milano-Merano <\/td><td class=\"has-text-align-center\" data-align=\"center\">5-5 (0-1; 3-3; 2-1)<\/td><\/tr><\/tbody><\/table><\/figure>\n\n\n<div class=\"wp-block-image\">\n<figure class=\"aligncenter size-large\"><img loading=\"lazy\" decoding=\"async\" width=\"555\" height=\"381\" src=\"https:\/\/www.milanosiamonoi.com\/wp-content\/uploads\/2023\/08\/cupolo.jpg\" alt=\"\" class=\"wp-image-17130\" srcset=\"https:\/\/www.milanosiamonoi.com\/wp-content\/uploads\/2023\/08\/cupolo.jpg 555w, https:\/\/www.milanosiamonoi.com\/wp-content\/uploads\/2023\/08\/cupolo-300x206.jpg 300w, https:\/\/www.milanosiamonoi.com\/wp-content\/uploads\/2023\/08\/cupolo-100x69.jpg 100w, https:\/\/www.milanosiamonoi.com\/wp-content\/uploads\/2023\/08\/cupolo-50x34.jpg 50w, https:\/\/www.milanosiamonoi.com\/wp-content\/uploads\/2023\/08\/cupolo-25x17.jpg 25w\" sizes=\"(max-width: 555px) 100vw, 555px\" \/><figcaption class=\"wp-element-caption\"><em>Steve Cupolo in azione con il Merano.<\/em><\/figcaption><\/figure><\/div>\n\n\n<figure class=\"wp-block-table aligncenter\"><table><tbody><tr><td class=\"has-text-align-center\" data-align=\"center\"><strong>1979<\/strong><\/td><td class=\"has-text-align-center\" data-align=\"center\"><strong>Serie A &#8211; 20a partita.<\/strong><\/td><td class=\"has-text-align-center\" data-align=\"center\">Risultato<\/td><\/tr><tr><td class=\"has-text-align-center\" data-align=\"center\">12 gennaio<\/td><td class=\"has-text-align-center\" data-align=\"center\">Cortina-Diavoli Milano<\/td><td class=\"has-text-align-center\" data-align=\"center\">4-1 (1-0; 1-1; 2-0)<\/td><\/tr><\/tbody><\/table><\/figure>\n\n\n\n<p class=\"has-text-align-center\">Il coach della Nazionale Alberto Da Rin \u00e8 un caso. E&#8217; tornato in pista con il Cortina in due match di campionato giocando un tempo contro l&#8217;Asiago e tutta la partita contro il Bolzano (ha segnato un gol), ma per l&#8217;allenatore della Nazionale vige il divieto di giocare in campionato. Giustificazione: Cortina decimato dall&#8217;influenza. Alberto Da Rin, scontento delle prestazioni offensive degli azzurri, aveva sorpreso tutti scendendo sul ghiaccio anche a Lugano con la Svizzera!<\/p>\n\n\n<div class=\"wp-block-image is-resized\">\n<figure class=\"aligncenter size-large\"><img loading=\"lazy\" decoding=\"async\" width=\"639\" height=\"796\" src=\"https:\/\/www.milanosiamonoi.com\/wp-content\/uploads\/2023\/08\/79.01.17-A-DM-Bz-4-6-24a-g.jpg\" alt=\"\" class=\"wp-image-17194\" srcset=\"https:\/\/www.milanosiamonoi.com\/wp-content\/uploads\/2023\/08\/79.01.17-A-DM-Bz-4-6-24a-g.jpg 639w, https:\/\/www.milanosiamonoi.com\/wp-content\/uploads\/2023\/08\/79.01.17-A-DM-Bz-4-6-24a-g-241x300.jpg 241w, https:\/\/www.milanosiamonoi.com\/wp-content\/uploads\/2023\/08\/79.01.17-A-DM-Bz-4-6-24a-g-80x100.jpg 80w, https:\/\/www.milanosiamonoi.com\/wp-content\/uploads\/2023\/08\/79.01.17-A-DM-Bz-4-6-24a-g-40x50.jpg 40w, https:\/\/www.milanosiamonoi.com\/wp-content\/uploads\/2023\/08\/79.01.17-A-DM-Bz-4-6-24a-g-20x25.jpg 20w\" sizes=\"(max-width: 639px) 100vw, 639px\" \/><figcaption class=\"wp-element-caption\"><em>Articolo da &#8220;La Gazzetta dello Sport&#8221;.<\/em><\/figcaption><\/figure><\/div>\n\n\n<figure class=\"wp-block-table aligncenter\"><table><tbody><tr><td class=\"has-text-align-center\" data-align=\"center\"><strong>1979<\/strong><\/td><td class=\"has-text-align-center\" data-align=\"center\"><strong>Serie A &#8211; 22a partita<\/strong><\/td><td class=\"has-text-align-center\" data-align=\"center\">Risultato<\/td><\/tr><tr><td class=\"has-text-align-center\" data-align=\"center\">20 gennaio<\/td><td class=\"has-text-align-center\" data-align=\"center\">Valpellice-Diavoli Milano<\/td><td class=\"has-text-align-center\" data-align=\"center\">8-6 (1-1; 4-3; 3-2)<\/td><\/tr><\/tbody><\/table><\/figure>\n\n\n<div class=\"wp-block-image\">\n<figure class=\"aligncenter size-large\"><img loading=\"lazy\" decoding=\"async\" width=\"794\" height=\"716\" src=\"https:\/\/www.milanosiamonoi.com\/wp-content\/uploads\/2023\/08\/79.01.24-A-DM-Gard-0-2-26a.jpg\" alt=\"\" class=\"wp-image-17197\" srcset=\"https:\/\/www.milanosiamonoi.com\/wp-content\/uploads\/2023\/08\/79.01.24-A-DM-Gard-0-2-26a.jpg 794w, https:\/\/www.milanosiamonoi.com\/wp-content\/uploads\/2023\/08\/79.01.24-A-DM-Gard-0-2-26a-300x271.jpg 300w, https:\/\/www.milanosiamonoi.com\/wp-content\/uploads\/2023\/08\/79.01.24-A-DM-Gard-0-2-26a-768x693.jpg 768w, https:\/\/www.milanosiamonoi.com\/wp-content\/uploads\/2023\/08\/79.01.24-A-DM-Gard-0-2-26a-100x90.jpg 100w, https:\/\/www.milanosiamonoi.com\/wp-content\/uploads\/2023\/08\/79.01.24-A-DM-Gard-0-2-26a-50x45.jpg 50w, https:\/\/www.milanosiamonoi.com\/wp-content\/uploads\/2023\/08\/79.01.24-A-DM-Gard-0-2-26a-25x23.jpg 25w, https:\/\/www.milanosiamonoi.com\/wp-content\/uploads\/2023\/08\/79.01.24-A-DM-Gard-0-2-26a-740x667.jpg 740w\" sizes=\"(max-width: 794px) 100vw, 794px\" \/><figcaption class=\"wp-element-caption\"><em>Articolo di Luigi Grassi da &#8220;La Gazzetta dello Sport&#8221;<\/em><\/figcaption><\/figure><\/div>\n\n\n<figure class=\"wp-block-table aligncenter\"><table><tbody><tr><td class=\"has-text-align-center\" data-align=\"center\"><strong>1979<\/strong><\/td><td class=\"has-text-align-center\" data-align=\"center\"><strong>Serie A &#8211; 24a, e 25a partita<\/strong><\/td><td class=\"has-text-align-center\" data-align=\"center\">Risultato<\/td><\/tr><tr><td class=\"has-text-align-center\" data-align=\"center\">26 gennaio<\/td><td class=\"has-text-align-center\" data-align=\"center\">Diavoli Milano-Brunico<\/td><td class=\"has-text-align-center\" data-align=\"center\">14-8 (7-3; 3-2; 4-3)<\/td><\/tr><tr><td class=\"has-text-align-center\" data-align=\"center\">3 febbraio<\/td><td class=\"has-text-align-center\" data-align=\"center\">Asiago-Diavoli Milano<\/td><td class=\"has-text-align-center\" data-align=\"center\">7-5<\/td><\/tr><\/tbody><\/table><\/figure>\n\n\n<div class=\"wp-block-image is-resized\">\n<figure class=\"aligncenter size-large\"><img loading=\"lazy\" decoding=\"async\" width=\"638\" height=\"1024\" src=\"https:\/\/www.milanosiamonoi.com\/wp-content\/uploads\/2023\/08\/79.02.07-A-DM-All-13-7-MSN-638x1024.jpg\" alt=\"\" class=\"wp-image-17209\" srcset=\"https:\/\/www.milanosiamonoi.com\/wp-content\/uploads\/2023\/08\/79.02.07-A-DM-All-13-7-MSN-638x1024.jpg 638w, https:\/\/www.milanosiamonoi.com\/wp-content\/uploads\/2023\/08\/79.02.07-A-DM-All-13-7-MSN-187x300.jpg 187w, https:\/\/www.milanosiamonoi.com\/wp-content\/uploads\/2023\/08\/79.02.07-A-DM-All-13-7-MSN-62x100.jpg 62w, https:\/\/www.milanosiamonoi.com\/wp-content\/uploads\/2023\/08\/79.02.07-A-DM-All-13-7-MSN-31x50.jpg 31w, https:\/\/www.milanosiamonoi.com\/wp-content\/uploads\/2023\/08\/79.02.07-A-DM-All-13-7-MSN-16x25.jpg 16w, https:\/\/www.milanosiamonoi.com\/wp-content\/uploads\/2023\/08\/79.02.07-A-DM-All-13-7-MSN.jpg 695w\" sizes=\"(max-width: 638px) 100vw, 638px\" \/><figcaption class=\"wp-element-caption\"><em>Articolo da &#8220;La Gazzetta dello Sport&#8221;.<\/em><\/figcaption><\/figure><\/div>\n\n\n<figure class=\"wp-block-table aligncenter\"><table><tbody><tr><td class=\"has-text-align-center\" data-align=\"center\"><strong>1979<\/strong><\/td><td class=\"has-text-align-center\" data-align=\"center\"><strong>Serie A &#8211; 27a partita<\/strong><\/td><td class=\"has-text-align-center\" data-align=\"center\">Risultato<\/td><\/tr><tr><td class=\"has-text-align-center\" data-align=\"center\">10 febbraio<\/td><td class=\"has-text-align-center\" data-align=\"center\">Merano-Diavoli Milano<\/td><td class=\"has-text-align-center\" data-align=\"center\">9-3 (3-1; 4-2; 2-0)<\/td><\/tr><\/tbody><\/table><\/figure>\n\n\n<div class=\"wp-block-image\">\n<figure class=\"aligncenter size-large\"><img loading=\"lazy\" decoding=\"async\" width=\"470\" height=\"1024\" src=\"https:\/\/www.milanosiamonoi.com\/wp-content\/uploads\/2023\/08\/79.02.13-A-DM-Cort-3-5-MSN-470x1024.jpg\" alt=\"\" class=\"wp-image-17213\" srcset=\"https:\/\/www.milanosiamonoi.com\/wp-content\/uploads\/2023\/08\/79.02.13-A-DM-Cort-3-5-MSN-470x1024.jpg 470w, https:\/\/www.milanosiamonoi.com\/wp-content\/uploads\/2023\/08\/79.02.13-A-DM-Cort-3-5-MSN-138x300.jpg 138w, https:\/\/www.milanosiamonoi.com\/wp-content\/uploads\/2023\/08\/79.02.13-A-DM-Cort-3-5-MSN-768x1672.jpg 768w, https:\/\/www.milanosiamonoi.com\/wp-content\/uploads\/2023\/08\/79.02.13-A-DM-Cort-3-5-MSN-705x1536.jpg 705w, https:\/\/www.milanosiamonoi.com\/wp-content\/uploads\/2023\/08\/79.02.13-A-DM-Cort-3-5-MSN-941x2048.jpg 941w, https:\/\/www.milanosiamonoi.com\/wp-content\/uploads\/2023\/08\/79.02.13-A-DM-Cort-3-5-MSN-46x100.jpg 46w, https:\/\/www.milanosiamonoi.com\/wp-content\/uploads\/2023\/08\/79.02.13-A-DM-Cort-3-5-MSN-23x50.jpg 23w, https:\/\/www.milanosiamonoi.com\/wp-content\/uploads\/2023\/08\/79.02.13-A-DM-Cort-3-5-MSN-11x25.jpg 11w, https:\/\/www.milanosiamonoi.com\/wp-content\/uploads\/2023\/08\/79.02.13-A-DM-Cort-3-5-MSN-1126x2452.jpg 1126w, https:\/\/www.milanosiamonoi.com\/wp-content\/uploads\/2023\/08\/79.02.13-A-DM-Cort-3-5-MSN-740x1611.jpg 740w, https:\/\/www.milanosiamonoi.com\/wp-content\/uploads\/2023\/08\/79.02.13-A-DM-Cort-3-5-MSN.jpg 1128w\" sizes=\"(max-width: 470px) 100vw, 470px\" \/><figcaption class=\"wp-element-caption\"><em>Articolo da &#8220;La Gazzetta dello Sport&#8221;.<\/em><\/figcaption><\/figure><\/div>\n\n<div class=\"wp-block-image\">\n<figure class=\"aligncenter size-large\"><img loading=\"lazy\" decoding=\"async\" width=\"929\" height=\"554\" src=\"https:\/\/www.milanosiamonoi.com\/wp-content\/uploads\/2023\/08\/79.02.15-A-ante-DM-Valpe-estratto-MSN.jpg\" alt=\"\" class=\"wp-image-17216\" srcset=\"https:\/\/www.milanosiamonoi.com\/wp-content\/uploads\/2023\/08\/79.02.15-A-ante-DM-Valpe-estratto-MSN.jpg 929w, https:\/\/www.milanosiamonoi.com\/wp-content\/uploads\/2023\/08\/79.02.15-A-ante-DM-Valpe-estratto-MSN-300x179.jpg 300w, https:\/\/www.milanosiamonoi.com\/wp-content\/uploads\/2023\/08\/79.02.15-A-ante-DM-Valpe-estratto-MSN-768x458.jpg 768w, https:\/\/www.milanosiamonoi.com\/wp-content\/uploads\/2023\/08\/79.02.15-A-ante-DM-Valpe-estratto-MSN-100x60.jpg 100w, https:\/\/www.milanosiamonoi.com\/wp-content\/uploads\/2023\/08\/79.02.15-A-ante-DM-Valpe-estratto-MSN-50x30.jpg 50w, https:\/\/www.milanosiamonoi.com\/wp-content\/uploads\/2023\/08\/79.02.15-A-ante-DM-Valpe-estratto-MSN-25x15.jpg 25w, https:\/\/www.milanosiamonoi.com\/wp-content\/uploads\/2023\/08\/79.02.15-A-ante-DM-Valpe-estratto-MSN-740x441.jpg 740w\" sizes=\"(max-width: 929px) 100vw, 929px\" \/><figcaption class=\"wp-element-caption\"><em>Articolo parziale da &#8220;La Gazzetta dello Sport&#8221;.<\/em><\/figcaption><\/figure><\/div>\n\n\n<figure class=\"wp-block-table aligncenter\"><table><tbody><tr><td class=\"has-text-align-center\" data-align=\"center\"><strong>1979<\/strong><\/td><td class=\"has-text-align-center\" data-align=\"center\"><strong>Serie A &#8211; 29a partita<\/strong><\/td><td class=\"has-text-align-center\" data-align=\"center\">Risultato<\/td><\/tr><tr><td class=\"has-text-align-center\" data-align=\"center\">15 febbraio<\/td><td class=\"has-text-align-center\" data-align=\"center\">Diavoli Milano-Valpellice<\/td><td class=\"has-text-align-center\" data-align=\"center\">sospesa sul 4-2<\/td><\/tr><\/tbody><\/table><\/figure>\n\n\n<div class=\"wp-block-image\">\n<figure class=\"aligncenter size-large\"><img loading=\"lazy\" decoding=\"async\" width=\"1024\" height=\"920\" src=\"https:\/\/www.milanosiamonoi.com\/wp-content\/uploads\/2023\/08\/79.02.15-A-zoom-DM-Valpe-sosp-33a-1024x920.jpg\" alt=\"\" class=\"wp-image-17167\" srcset=\"https:\/\/www.milanosiamonoi.com\/wp-content\/uploads\/2023\/08\/79.02.15-A-zoom-DM-Valpe-sosp-33a-1024x920.jpg 1024w, https:\/\/www.milanosiamonoi.com\/wp-content\/uploads\/2023\/08\/79.02.15-A-zoom-DM-Valpe-sosp-33a-300x269.jpg 300w, https:\/\/www.milanosiamonoi.com\/wp-content\/uploads\/2023\/08\/79.02.15-A-zoom-DM-Valpe-sosp-33a-768x690.jpg 768w, https:\/\/www.milanosiamonoi.com\/wp-content\/uploads\/2023\/08\/79.02.15-A-zoom-DM-Valpe-sosp-33a-1536x1379.jpg 1536w, https:\/\/www.milanosiamonoi.com\/wp-content\/uploads\/2023\/08\/79.02.15-A-zoom-DM-Valpe-sosp-33a-2048x1839.jpg 2048w, https:\/\/www.milanosiamonoi.com\/wp-content\/uploads\/2023\/08\/79.02.15-A-zoom-DM-Valpe-sosp-33a-100x90.jpg 100w, https:\/\/www.milanosiamonoi.com\/wp-content\/uploads\/2023\/08\/79.02.15-A-zoom-DM-Valpe-sosp-33a-50x45.jpg 50w, https:\/\/www.milanosiamonoi.com\/wp-content\/uploads\/2023\/08\/79.02.15-A-zoom-DM-Valpe-sosp-33a-25x22.jpg 25w, https:\/\/www.milanosiamonoi.com\/wp-content\/uploads\/2023\/08\/79.02.15-A-zoom-DM-Valpe-sosp-33a-1126x1011.jpg 1126w, https:\/\/www.milanosiamonoi.com\/wp-content\/uploads\/2023\/08\/79.02.15-A-zoom-DM-Valpe-sosp-33a-740x665.jpg 740w\" sizes=\"(max-width: 1024px) 100vw, 1024px\" \/><figcaption class=\"wp-element-caption\"><em>Articolo da &#8220;La Gazzetta dello Sport&#8221;.<\/em><\/figcaption><\/figure><\/div>\n\n<div class=\"wp-block-image is-resized\">\n<figure class=\"aligncenter size-large\"><img loading=\"lazy\" decoding=\"async\" width=\"800\" height=\"747\" src=\"https:\/\/www.milanosiamonoi.com\/wp-content\/uploads\/2023\/08\/diavoli.valpe_.jpg\" alt=\"\" class=\"wp-image-17143\" srcset=\"https:\/\/www.milanosiamonoi.com\/wp-content\/uploads\/2023\/08\/diavoli.valpe_.jpg 800w, https:\/\/www.milanosiamonoi.com\/wp-content\/uploads\/2023\/08\/diavoli.valpe_-300x280.jpg 300w, https:\/\/www.milanosiamonoi.com\/wp-content\/uploads\/2023\/08\/diavoli.valpe_-768x717.jpg 768w, https:\/\/www.milanosiamonoi.com\/wp-content\/uploads\/2023\/08\/diavoli.valpe_-100x93.jpg 100w, https:\/\/www.milanosiamonoi.com\/wp-content\/uploads\/2023\/08\/diavoli.valpe_-50x47.jpg 50w, https:\/\/www.milanosiamonoi.com\/wp-content\/uploads\/2023\/08\/diavoli.valpe_-25x23.jpg 25w, https:\/\/www.milanosiamonoi.com\/wp-content\/uploads\/2023\/08\/diavoli.valpe_-740x691.jpg 740w\" sizes=\"(max-width: 800px) 100vw, 800px\" \/><figcaption class=\"wp-element-caption\"><em>La sagoma di Pugliese tra Gellert (19) e Zanalda (14), a destra Valter Fill (7).<\/em> <em>Foto &#8220;La Gazzetta dello Sport&#8221;.<\/em><\/figcaption><\/figure><\/div>\n\n<div class=\"wp-block-image\">\n<figure class=\"aligncenter size-large\"><img loading=\"lazy\" decoding=\"async\" width=\"827\" height=\"697\" src=\"https:\/\/www.milanosiamonoi.com\/wp-content\/uploads\/2023\/08\/79.02.17-A-post-DM-Valpe-sist.-IlGiorno-MSN-1.jpg\" alt=\"\" class=\"wp-image-17227\" srcset=\"https:\/\/www.milanosiamonoi.com\/wp-content\/uploads\/2023\/08\/79.02.17-A-post-DM-Valpe-sist.-IlGiorno-MSN-1.jpg 827w, https:\/\/www.milanosiamonoi.com\/wp-content\/uploads\/2023\/08\/79.02.17-A-post-DM-Valpe-sist.-IlGiorno-MSN-1-300x253.jpg 300w, https:\/\/www.milanosiamonoi.com\/wp-content\/uploads\/2023\/08\/79.02.17-A-post-DM-Valpe-sist.-IlGiorno-MSN-1-768x647.jpg 768w, https:\/\/www.milanosiamonoi.com\/wp-content\/uploads\/2023\/08\/79.02.17-A-post-DM-Valpe-sist.-IlGiorno-MSN-1-100x84.jpg 100w, https:\/\/www.milanosiamonoi.com\/wp-content\/uploads\/2023\/08\/79.02.17-A-post-DM-Valpe-sist.-IlGiorno-MSN-1-50x42.jpg 50w, https:\/\/www.milanosiamonoi.com\/wp-content\/uploads\/2023\/08\/79.02.17-A-post-DM-Valpe-sist.-IlGiorno-MSN-1-25x21.jpg 25w, https:\/\/www.milanosiamonoi.com\/wp-content\/uploads\/2023\/08\/79.02.17-A-post-DM-Valpe-sist.-IlGiorno-MSN-1-740x624.jpg 740w\" sizes=\"(max-width: 827px) 100vw, 827px\" \/><\/figure><\/div>\n\n\n<p class=\"has-text-align-center\">Inizialmente la commissione giudicante d\u00e0 partita persa a entrambe le squadre. I Diavoli, difesi dall&#8217;avvocato Bello, ricorrono in appello impugnando il referto arbitrale, che evidenzia l&#8217;abbandono del Valpellice e la presenza sul ghiaccio della squadra milanese. Le norme del regolamento danno ragione ai Diavoli: assegnato il 5-0 a tavolino in loro favore. <\/p>\n\n\n\n<p class=\"has-text-align-center\">Le gravissime intemperanze di una parte di tifosi biancorossi portano alla squalifica del campo per tre turni, in seguito ridotte a due. Franco Lana subisce tre giornate di squalifica. Ben diversa la sorte di Mario Pugliese che si vede affibbiare una durissima squalifica: otto giornate di squalifica e inibizione fino al febbraio 1980. Succede che nel giro di una settimana l&#8217;inibizione viene &#8220;accorciata&#8221; di un anno! La sua presenza in Nazionale \u00e8 indispensabile. Confermate le giornate di squalifica.<\/p>\n\n\n\n<figure class=\"wp-block-table aligncenter\"><table><tbody><tr><td class=\"has-text-align-center\" data-align=\"center\"><strong>1979<\/strong><\/td><td class=\"has-text-align-center\" data-align=\"center\"><strong>Serie A &#8211; 30a, 31a e 32a partita<\/strong><\/td><td class=\"has-text-align-center\" data-align=\"center\">Risultato<\/td><\/tr><tr><td class=\"has-text-align-center\" data-align=\"center\">17 febbraio<\/td><td class=\"has-text-align-center\" data-align=\"center\">Bolzano-Diavoli Milano<\/td><td class=\"has-text-align-center\" data-align=\"center\">16-6 (4-1; 8-2; 4-3)<\/td><\/tr><tr><td class=\"has-text-align-center\" data-align=\"center\">20 febbraio<\/td><td class=\"has-text-align-center\" data-align=\"center\">Gardena-Diavoli Milano<\/td><td class=\"has-text-align-center\" data-align=\"center\">10-6 (6-0; 3-1; 1-5)<\/td><\/tr><tr><td class=\"has-text-align-center\" data-align=\"center\">22 febbraio<\/td><td class=\"has-text-align-center\" data-align=\"center\">Brunico-Diavoli Milano<\/td><td class=\"has-text-align-center\" data-align=\"center\">7-3 (2-0; 1-1; 4-2)<\/td><\/tr><\/tbody><\/table><\/figure>\n\n\n<div class=\"wp-block-image is-resized\">\n<figure class=\"aligncenter size-large\"><img loading=\"lazy\" decoding=\"async\" width=\"784\" height=\"1024\" src=\"https:\/\/www.milanosiamonoi.com\/wp-content\/uploads\/2023\/08\/79.02.23-A-Quadro-MSN-784x1024.jpg\" alt=\"\" class=\"wp-image-17219\" srcset=\"https:\/\/www.milanosiamonoi.com\/wp-content\/uploads\/2023\/08\/79.02.23-A-Quadro-MSN-784x1024.jpg 784w, https:\/\/www.milanosiamonoi.com\/wp-content\/uploads\/2023\/08\/79.02.23-A-Quadro-MSN-230x300.jpg 230w, https:\/\/www.milanosiamonoi.com\/wp-content\/uploads\/2023\/08\/79.02.23-A-Quadro-MSN-768x1003.jpg 768w, https:\/\/www.milanosiamonoi.com\/wp-content\/uploads\/2023\/08\/79.02.23-A-Quadro-MSN-77x100.jpg 77w, https:\/\/www.milanosiamonoi.com\/wp-content\/uploads\/2023\/08\/79.02.23-A-Quadro-MSN-38x50.jpg 38w, https:\/\/www.milanosiamonoi.com\/wp-content\/uploads\/2023\/08\/79.02.23-A-Quadro-MSN-19x25.jpg 19w, https:\/\/www.milanosiamonoi.com\/wp-content\/uploads\/2023\/08\/79.02.23-A-Quadro-MSN-740x966.jpg 740w, https:\/\/www.milanosiamonoi.com\/wp-content\/uploads\/2023\/08\/79.02.23-A-Quadro-MSN.jpg 920w\" sizes=\"(max-width: 784px) 100vw, 784px\" \/><\/figure><\/div>\n\n<div class=\"wp-block-image is-resized\">\n<figure class=\"aligncenter size-large\"><img loading=\"lazy\" decoding=\"async\" width=\"904\" height=\"892\" src=\"https:\/\/www.milanosiamonoi.com\/wp-content\/uploads\/2023\/08\/79.02.22-A-class-gol.jpg\" alt=\"\" class=\"wp-image-17220\" srcset=\"https:\/\/www.milanosiamonoi.com\/wp-content\/uploads\/2023\/08\/79.02.22-A-class-gol.jpg 904w, https:\/\/www.milanosiamonoi.com\/wp-content\/uploads\/2023\/08\/79.02.22-A-class-gol-300x296.jpg 300w, https:\/\/www.milanosiamonoi.com\/wp-content\/uploads\/2023\/08\/79.02.22-A-class-gol-768x758.jpg 768w, https:\/\/www.milanosiamonoi.com\/wp-content\/uploads\/2023\/08\/79.02.22-A-class-gol-100x100.jpg 100w, https:\/\/www.milanosiamonoi.com\/wp-content\/uploads\/2023\/08\/79.02.22-A-class-gol-50x50.jpg 50w, https:\/\/www.milanosiamonoi.com\/wp-content\/uploads\/2023\/08\/79.02.22-A-class-gol-25x25.jpg 25w, https:\/\/www.milanosiamonoi.com\/wp-content\/uploads\/2023\/08\/79.02.22-A-class-gol-90x90.jpg 90w, https:\/\/www.milanosiamonoi.com\/wp-content\/uploads\/2023\/08\/79.02.22-A-class-gol-740x730.jpg 740w\" sizes=\"(max-width: 904px) 100vw, 904px\" \/><figcaption class=\"wp-element-caption\">Da &#8220;La Gazzetta dello Sport&#8221;.<\/figcaption><\/figure><\/div>\n\n<div class=\"wp-block-image is-resized\">\n<figure class=\"aligncenter size-large\"><img loading=\"lazy\" decoding=\"async\" width=\"960\" height=\"946\" src=\"https:\/\/www.milanosiamonoi.com\/wp-content\/uploads\/2023\/08\/gellert.colibri.jpg\" alt=\"\" class=\"wp-image-17136\" srcset=\"https:\/\/www.milanosiamonoi.com\/wp-content\/uploads\/2023\/08\/gellert.colibri.jpg 960w, https:\/\/www.milanosiamonoi.com\/wp-content\/uploads\/2023\/08\/gellert.colibri-300x296.jpg 300w, https:\/\/www.milanosiamonoi.com\/wp-content\/uploads\/2023\/08\/gellert.colibri-768x757.jpg 768w, https:\/\/www.milanosiamonoi.com\/wp-content\/uploads\/2023\/08\/gellert.colibri-100x100.jpg 100w, https:\/\/www.milanosiamonoi.com\/wp-content\/uploads\/2023\/08\/gellert.colibri-50x50.jpg 50w, https:\/\/www.milanosiamonoi.com\/wp-content\/uploads\/2023\/08\/gellert.colibri-25x25.jpg 25w, https:\/\/www.milanosiamonoi.com\/wp-content\/uploads\/2023\/08\/gellert.colibri-90x90.jpg 90w, https:\/\/www.milanosiamonoi.com\/wp-content\/uploads\/2023\/08\/gellert.colibri-740x729.jpg 740w\" sizes=\"(max-width: 960px) 100vw, 960px\" \/><figcaption class=\"wp-element-caption\"><em>Kim Gellert.<\/em><\/figcaption><\/figure><\/div>\n\n\n<figure class=\"wp-block-table aligncenter\"><table><tbody><tr><td><strong>Classifica marcatori Diavoli Milano in campionato.<\/strong><\/td><td class=\"has-text-align-center\" data-align=\"center\"><strong>Reti<\/strong><\/td><\/tr><tr><td>Kim Gellert<\/td><td class=\"has-text-align-center\" data-align=\"center\">67<\/td><\/tr><tr><td>Steve Cupolo<\/td><td class=\"has-text-align-center\" data-align=\"center\">45<\/td><\/tr><tr><td>Ken Covo<\/td><td class=\"has-text-align-center\" data-align=\"center\">30<\/td><\/tr><tr><td>Mario Pugliese<\/td><td class=\"has-text-align-center\" data-align=\"center\">15<\/td><\/tr><tr><td>Valter Fill<\/td><td class=\"has-text-align-center\" data-align=\"center\">8<\/td><\/tr><tr><td>Pierluigi Crispino<\/td><td class=\"has-text-align-center\" data-align=\"center\">4<\/td><\/tr><tr><td>Gino Broglia<\/td><td class=\"has-text-align-center\" data-align=\"center\">3<\/td><\/tr><tr><td>Franco Lana, Sergio Latin e Hubert Unterhofer<\/td><td class=\"has-text-align-center\" data-align=\"center\">2<\/td><\/tr><tr><td>Manrico Casagrande e Andrea Pescerelli<\/td><td class=\"has-text-align-center\" data-align=\"center\">1<\/td><\/tr><tr><td>Diavoli Milano-Valpellice 5-0 a tavolino.<\/td><td class=\"has-text-align-center\" data-align=\"center\"><\/td><\/tr><\/tbody><\/table><\/figure>\n\n\n<div class=\"wp-block-image\">\n<figure class=\"aligncenter size-large\"><img loading=\"lazy\" decoding=\"async\" width=\"795\" height=\"554\" src=\"https:\/\/www.milanosiamonoi.com\/wp-content\/uploads\/2023\/08\/78.11.-DM-Fill.jpg\" alt=\"\" class=\"wp-image-17280\" srcset=\"https:\/\/www.milanosiamonoi.com\/wp-content\/uploads\/2023\/08\/78.11.-DM-Fill.jpg 795w, https:\/\/www.milanosiamonoi.com\/wp-content\/uploads\/2023\/08\/78.11.-DM-Fill-300x209.jpg 300w, https:\/\/www.milanosiamonoi.com\/wp-content\/uploads\/2023\/08\/78.11.-DM-Fill-768x535.jpg 768w, https:\/\/www.milanosiamonoi.com\/wp-content\/uploads\/2023\/08\/78.11.-DM-Fill-100x70.jpg 100w, https:\/\/www.milanosiamonoi.com\/wp-content\/uploads\/2023\/08\/78.11.-DM-Fill-50x35.jpg 50w, https:\/\/www.milanosiamonoi.com\/wp-content\/uploads\/2023\/08\/78.11.-DM-Fill-25x17.jpg 25w, https:\/\/www.milanosiamonoi.com\/wp-content\/uploads\/2023\/08\/78.11.-DM-Fill-740x516.jpg 740w\" sizes=\"(max-width: 795px) 100vw, 795px\" \/><figcaption class=\"wp-element-caption\"><em>Da sinistra; prima fila: &#8220;Tamas&#8221;, Federici, G.L. Gattone, A. Pontoglio, F. Viale, M. Gattone, V. Fill, F. Corri. Seconda fila: K. Covo, S. Cupolo, G.P. Beretta, S. Latin, P.L. Crispino, K. Gellert. Terza fila: G. Broglia, R. Biffi, A. Pescerelli, F. Lana, M. Casagrande.<\/em><\/figcaption><\/figure><\/div>\n\n\n<p class=\"has-text-align-center\">Consegnato a Gellert il trofeo Colibr\u00ec per il miglior realizzatore di reti in campionato. Gellert e Covo stagione conclusa, Pugliese e Cupolo in Nazionale a Barcellona.<\/p>\n\n\n<div class=\"wp-block-image is-resized\">\n<figure class=\"aligncenter size-large\"><img loading=\"lazy\" decoding=\"async\" width=\"960\" height=\"736\" src=\"https:\/\/www.milanosiamonoi.com\/wp-content\/uploads\/2023\/08\/transfercard78.jpg\" alt=\"\" class=\"wp-image-17142\" srcset=\"https:\/\/www.milanosiamonoi.com\/wp-content\/uploads\/2023\/08\/transfercard78.jpg 960w, https:\/\/www.milanosiamonoi.com\/wp-content\/uploads\/2023\/08\/transfercard78-300x230.jpg 300w, https:\/\/www.milanosiamonoi.com\/wp-content\/uploads\/2023\/08\/transfercard78-768x589.jpg 768w, https:\/\/www.milanosiamonoi.com\/wp-content\/uploads\/2023\/08\/transfercard78-100x77.jpg 100w, https:\/\/www.milanosiamonoi.com\/wp-content\/uploads\/2023\/08\/transfercard78-50x38.jpg 50w, https:\/\/www.milanosiamonoi.com\/wp-content\/uploads\/2023\/08\/transfercard78-25x19.jpg 25w, https:\/\/www.milanosiamonoi.com\/wp-content\/uploads\/2023\/08\/transfercard78-740x567.jpg 740w\" sizes=\"(max-width: 960px) 100vw, 960px\" \/><figcaption class=\"wp-element-caption\"><em>Gellert, Pugliese, Cupolo e Covo.<\/em><\/figcaption><\/figure><\/div>\n\n\n<p class=\"has-text-align-center\">Il dinamico presidente Pastorelli organizza il Trofeo Lombardia con in palio la Coppa Walter Dess\u00ec, giovane hockeista deceduto in un incidente automobilistico nell&#8217;estate del 1978. Al torneo, oltre ai Diavoli privi di stranieri, dovrebbero inizialmente partecipare il Como, le migliori lombarde di serie C e un paio di club ticinesi. Volgendo al termine la stagione il gruppo si assottiglia e il trofeo se lo contendono i Diavoli (rinforzati da alcuni giocatori del GEAS vincitore del campionato di serie C), il neo-ricostituito HC Milano di Agazzi e Fonzo (rinforzato dal ceko Blazek e da quattro giocatori ticinesi), il Como, l&#8217;Atalanta Piazzatorre e il Varese. Sede degli incontri Varese, e le piste milanesi del Saini e via Piranesi. Assente Franco Lana, convocato in azzurro per il Campionato del Mondo under 20 gruppo B  in programma a Caen (Francia) dal 5 al 9 marzo.<\/p>\n\n\n<div class=\"wp-block-image\">\n<figure class=\"aligncenter size-large\"><img loading=\"lazy\" decoding=\"async\" width=\"299\" height=\"517\" src=\"https:\/\/www.milanosiamonoi.com\/wp-content\/uploads\/2023\/08\/78.12.-foto-Lana-1.jpg\" alt=\"\" class=\"wp-image-17293\" srcset=\"https:\/\/www.milanosiamonoi.com\/wp-content\/uploads\/2023\/08\/78.12.-foto-Lana-1.jpg 299w, https:\/\/www.milanosiamonoi.com\/wp-content\/uploads\/2023\/08\/78.12.-foto-Lana-1-174x300.jpg 174w, https:\/\/www.milanosiamonoi.com\/wp-content\/uploads\/2023\/08\/78.12.-foto-Lana-1-58x100.jpg 58w, https:\/\/www.milanosiamonoi.com\/wp-content\/uploads\/2023\/08\/78.12.-foto-Lana-1-29x50.jpg 29w, https:\/\/www.milanosiamonoi.com\/wp-content\/uploads\/2023\/08\/78.12.-foto-Lana-1-14x25.jpg 14w\" sizes=\"(max-width: 299px) 100vw, 299px\" \/><figcaption class=\"wp-element-caption\">Franco Lana<\/figcaption><\/figure><\/div>\n\n\n<figure class=\"wp-block-table aligncenter\"><table><tbody><tr><td class=\"has-text-align-center\" data-align=\"center\"><strong>1979<\/strong><\/td><td class=\"has-text-align-center\" data-align=\"center\"><strong>Trofeo Lombardia &#8211; Coppa W. Dess\u00ec<\/strong><\/td><td class=\"has-text-align-center\" data-align=\"center\">Risultato<\/td><\/tr><tr><td class=\"has-text-align-center\" data-align=\"center\">Varese, 3 marzo<\/td><td class=\"has-text-align-center\" data-align=\"center\">Como-Atalanta Piazzatorre<\/td><td class=\"has-text-align-center\" data-align=\"center\">9-3<\/td><\/tr><tr><td class=\"has-text-align-center\" data-align=\"center\">Varese, 4 marzo<\/td><td class=\"has-text-align-center\" data-align=\"center\">Varese-Diavoli Milano<\/td><td class=\"has-text-align-center\" data-align=\"center\">4-7 (0-4; 3-3; 1-0)<\/td><\/tr><\/tbody><\/table><\/figure>\n\n\n<div class=\"wp-block-image\">\n<figure class=\"aligncenter size-large\"><img loading=\"lazy\" decoding=\"async\" width=\"598\" height=\"411\" src=\"https:\/\/www.milanosiamonoi.com\/wp-content\/uploads\/2023\/08\/79.03.04-Lomb-VA-DM-4-7-Prea.jpg\" alt=\"\" class=\"wp-image-17247\" srcset=\"https:\/\/www.milanosiamonoi.com\/wp-content\/uploads\/2023\/08\/79.03.04-Lomb-VA-DM-4-7-Prea.jpg 598w, https:\/\/www.milanosiamonoi.com\/wp-content\/uploads\/2023\/08\/79.03.04-Lomb-VA-DM-4-7-Prea-300x206.jpg 300w, https:\/\/www.milanosiamonoi.com\/wp-content\/uploads\/2023\/08\/79.03.04-Lomb-VA-DM-4-7-Prea-100x69.jpg 100w, https:\/\/www.milanosiamonoi.com\/wp-content\/uploads\/2023\/08\/79.03.04-Lomb-VA-DM-4-7-Prea-50x34.jpg 50w, https:\/\/www.milanosiamonoi.com\/wp-content\/uploads\/2023\/08\/79.03.04-Lomb-VA-DM-4-7-Prea-25x17.jpg 25w\" sizes=\"(max-width: 598px) 100vw, 598px\" \/><figcaption class=\"wp-element-caption\"><em>Luigi Soldati (17 Varese) e Roberto Scorta (19 Diavoli).<\/em> <em>(Foto &#8220;La Prealpina&#8221;)<\/em><\/figcaption><\/figure><\/div>\n\n\n<figure class=\"wp-block-table aligncenter\"><table><tbody><tr><td class=\"has-text-align-center\" data-align=\"center\"><strong>1979<\/strong><\/td><td class=\"has-text-align-center\" data-align=\"center\"><strong>Trofeo Lombardia &#8211; Coppa W. Dess\u00ec<\/strong><\/td><td class=\"has-text-align-center\" data-align=\"center\">Risultato<\/td><\/tr><tr><td class=\"has-text-align-center\" data-align=\"center\">Varese, 5 marzo<\/td><td class=\"has-text-align-center\" data-align=\"center\">Como-Milano<\/td><td class=\"has-text-align-center\" data-align=\"center\">5-5<\/td><\/tr><tr><td class=\"has-text-align-center\" data-align=\"center\">MI-Saini, 5 marzo<\/td><td class=\"has-text-align-center\" data-align=\"center\">Diavoli Milano-Atalanta Piazz.<\/td><td class=\"has-text-align-center\" data-align=\"center\">2-0<\/td><\/tr><tr><td class=\"has-text-align-center\" data-align=\"center\">MI-Saini, 7 marzo<\/td><td class=\"has-text-align-center\" data-align=\"center\">Milano-Diavoli Milano<\/td><td class=\"has-text-align-center\" data-align=\"center\">7-6 (1-2; 4-3; 2-1)<\/td><\/tr><tr><td class=\"has-text-align-center\" data-align=\"center\">Varese, 11 marzo<\/td><td class=\"has-text-align-center\" data-align=\"center\">Varese-Como<\/td><td class=\"has-text-align-center\" data-align=\"center\">10-7<\/td><\/tr><tr><td class=\"has-text-align-center\" data-align=\"center\">Varese, 12 marzo<\/td><td class=\"has-text-align-center\" data-align=\"center\">Varese-Milano<\/td><td class=\"has-text-align-center\" data-align=\"center\">4-9<\/td><\/tr><tr><td class=\"has-text-align-center\" data-align=\"center\">MI-Saini, 13 marzo<\/td><td class=\"has-text-align-center\" data-align=\"center\">Milano-Atalanta Piazz.<\/td><td class=\"has-text-align-center\" data-align=\"center\">7-0<\/td><\/tr><tr><td class=\"has-text-align-center\" data-align=\"center\">Varese, 15 marzo<\/td><td class=\"has-text-align-center\" data-align=\"center\">Varese-Atalanta Piazz.<\/td><td class=\"has-text-align-center\" data-align=\"center\">n.d.<\/td><\/tr><tr><td class=\"has-text-align-center\" data-align=\"center\">MI-Piranesi, 19 marzo<\/td><td class=\"has-text-align-center\" data-align=\"center\">Diavoli Milano-Como<\/td><td class=\"has-text-align-center\" data-align=\"center\">2-6<\/td><\/tr><\/tbody><\/table><\/figure>\n\n\n\n<figure class=\"wp-block-table aligncenter\"><table><tbody><tr><td><strong>Classifica finale <\/strong><\/td><td class=\"has-text-align-center\" data-align=\"center\"><strong>Punti<\/strong><\/td><td class=\"has-text-align-center\" data-align=\"center\"><strong>diff. reti<\/strong><\/td><\/tr><tr><td><strong>1 COMO<\/strong><\/td><td class=\"has-text-align-center\" data-align=\"center\"><strong>5<\/strong><\/td><td class=\"has-text-align-center\" data-align=\"center\">+10<\/td><\/tr><tr><td>2 Milano<\/td><td class=\"has-text-align-center\" data-align=\"center\">5<\/td><td class=\"has-text-align-center\" data-align=\"center\">+8<\/td><\/tr><tr><td>3 Diavoli Milano<\/td><td class=\"has-text-align-center\" data-align=\"center\">2<\/td><td class=\"has-text-align-center\" data-align=\"center\"><\/td><\/tr><tr><td>4 Atalanta Piazz.<\/td><td class=\"has-text-align-center\" data-align=\"center\">0<\/td><td class=\"has-text-align-center\" data-align=\"center\"><\/td><\/tr><\/tbody><\/table><\/figure>\n\n\n\n<p class=\"has-text-align-center\">Il Varese \u00e8 stato escluso dal torneo per aver schierato giocatori non in elenco all&#8217;atto dell&#8217;iscrizione al torneo. L&#8217;incontro Milano-Atalanta Piazzatorre si \u00e8 concluso intorno al decimo minuto del terzo periodo per il ritiro dell&#8217;Atalanta: omologato il 7-0.<\/p>\n\n\n\n<p class=\"has-text-align-center\">Nel mese di aprile il presidente Pastorelli organizza una tourn\u00e9e in Unione Sovietica. Della squadra che ha giocato in serie A partecipano Franco Viale, Franco Lana, Giorgio Sorrentino, Sergio Latin e Fulvio Corri. Vestono la maglia dei Diavoli Colibr\u00ec giovani del Geas e dell&#8217;HC Milano.<\/p>\n\n\n<div class=\"wp-block-image\">\n<figure class=\"aligncenter size-large\"><img loading=\"lazy\" decoding=\"async\" width=\"1024\" height=\"613\" src=\"https:\/\/www.milanosiamonoi.com\/wp-content\/uploads\/2023\/08\/79.04-DM-a-Cerepovetz-Scorta-1024x613.jpg\" alt=\"\" class=\"wp-image-17270\" srcset=\"https:\/\/www.milanosiamonoi.com\/wp-content\/uploads\/2023\/08\/79.04-DM-a-Cerepovetz-Scorta-1024x613.jpg 1024w, https:\/\/www.milanosiamonoi.com\/wp-content\/uploads\/2023\/08\/79.04-DM-a-Cerepovetz-Scorta-300x180.jpg 300w, https:\/\/www.milanosiamonoi.com\/wp-content\/uploads\/2023\/08\/79.04-DM-a-Cerepovetz-Scorta-768x460.jpg 768w, https:\/\/www.milanosiamonoi.com\/wp-content\/uploads\/2023\/08\/79.04-DM-a-Cerepovetz-Scorta-100x60.jpg 100w, https:\/\/www.milanosiamonoi.com\/wp-content\/uploads\/2023\/08\/79.04-DM-a-Cerepovetz-Scorta-50x30.jpg 50w, https:\/\/www.milanosiamonoi.com\/wp-content\/uploads\/2023\/08\/79.04-DM-a-Cerepovetz-Scorta-25x15.jpg 25w, https:\/\/www.milanosiamonoi.com\/wp-content\/uploads\/2023\/08\/79.04-DM-a-Cerepovetz-Scorta-740x443.jpg 740w, https:\/\/www.milanosiamonoi.com\/wp-content\/uploads\/2023\/08\/79.04-DM-a-Cerepovetz-Scorta.jpg 1054w\" sizes=\"(max-width: 1024px) 100vw, 1024px\" \/><figcaption class=\"wp-element-caption\"><em>Cherepovets; da sinistra in piedi: Mauro Bregoli, massaggiatore, Flavio Milocco, un russo, Paolo Crispino, Walter Manni, Giorgio Sorrentino, Franco Viale, Renato Brusati, accompagnatrice<\/em>, <em>Roberto Scorta, Sergio Latin, Gianni Merenda, Paolo Bettagno, Claudio Cucchi, Ignazio Mistretta, Franco Lana, Marco Santini, un russo, Marco Pontoglio. In prima fila: &#8220;Tamas&#8221;, Fulvio Corri, un accompagnatore, Alberto Villa, Adriano Cremonesi, Roberto Fonzo, Stefano Pincini.  <\/em><\/figcaption><\/figure><\/div>\n\n<div class=\"wp-block-image\">\n<figure class=\"aligncenter size-large\"><img loading=\"lazy\" decoding=\"async\" width=\"925\" height=\"695\" src=\"https:\/\/www.milanosiamonoi.com\/wp-content\/uploads\/2023\/08\/79.04-DM-in-Urss-Manni-bis-Copia.jpg\" alt=\"\" class=\"wp-image-17272\" srcset=\"https:\/\/www.milanosiamonoi.com\/wp-content\/uploads\/2023\/08\/79.04-DM-in-Urss-Manni-bis-Copia.jpg 925w, https:\/\/www.milanosiamonoi.com\/wp-content\/uploads\/2023\/08\/79.04-DM-in-Urss-Manni-bis-Copia-300x225.jpg 300w, https:\/\/www.milanosiamonoi.com\/wp-content\/uploads\/2023\/08\/79.04-DM-in-Urss-Manni-bis-Copia-768x577.jpg 768w, https:\/\/www.milanosiamonoi.com\/wp-content\/uploads\/2023\/08\/79.04-DM-in-Urss-Manni-bis-Copia-100x75.jpg 100w, https:\/\/www.milanosiamonoi.com\/wp-content\/uploads\/2023\/08\/79.04-DM-in-Urss-Manni-bis-Copia-50x38.jpg 50w, https:\/\/www.milanosiamonoi.com\/wp-content\/uploads\/2023\/08\/79.04-DM-in-Urss-Manni-bis-Copia-25x19.jpg 25w, https:\/\/www.milanosiamonoi.com\/wp-content\/uploads\/2023\/08\/79.04-DM-in-Urss-Manni-bis-Copia-740x556.jpg 740w, https:\/\/www.milanosiamonoi.com\/wp-content\/uploads\/2023\/08\/79.04-DM-in-Urss-Manni-bis-Copia-480x360.jpg 480w\" sizes=\"(max-width: 925px) 100vw, 925px\" \/><figcaption class=\"wp-element-caption\"><em>Walter Manni impegnato a Cherepovets.<\/em><\/figcaption><\/figure><\/div>\n\n<div class=\"wp-block-image\">\n<figure class=\"aligncenter size-large\"><img loading=\"lazy\" decoding=\"async\" width=\"997\" height=\"624\" src=\"https:\/\/www.milanosiamonoi.com\/wp-content\/uploads\/2023\/08\/79.04-DM-a-Minsk-Scorta.jpg\" alt=\"\" class=\"wp-image-17271\" srcset=\"https:\/\/www.milanosiamonoi.com\/wp-content\/uploads\/2023\/08\/79.04-DM-a-Minsk-Scorta.jpg 997w, https:\/\/www.milanosiamonoi.com\/wp-content\/uploads\/2023\/08\/79.04-DM-a-Minsk-Scorta-300x188.jpg 300w, https:\/\/www.milanosiamonoi.com\/wp-content\/uploads\/2023\/08\/79.04-DM-a-Minsk-Scorta-768x481.jpg 768w, https:\/\/www.milanosiamonoi.com\/wp-content\/uploads\/2023\/08\/79.04-DM-a-Minsk-Scorta-100x63.jpg 100w, https:\/\/www.milanosiamonoi.com\/wp-content\/uploads\/2023\/08\/79.04-DM-a-Minsk-Scorta-50x31.jpg 50w, https:\/\/www.milanosiamonoi.com\/wp-content\/uploads\/2023\/08\/79.04-DM-a-Minsk-Scorta-25x16.jpg 25w, https:\/\/www.milanosiamonoi.com\/wp-content\/uploads\/2023\/08\/79.04-DM-a-Minsk-Scorta-740x463.jpg 740w\" sizes=\"(max-width: 997px) 100vw, 997px\" \/><figcaption class=\"wp-element-caption\"><em>Foto di gruppo a Minsk.<\/em><\/figcaption><\/figure><\/div>\n\n\n<p class=\"has-text-align-center\">Nessuno ancora se lo immagina, ma le partite disputate in Unione Sovietica sono le ultime della storia dei Diavoli HC Milano. <\/p>\n\n\n<div class=\"wp-block-image\">\n<figure class=\"aligncenter size-large\"><img loading=\"lazy\" decoding=\"async\" width=\"1024\" height=\"668\" src=\"https:\/\/www.milanosiamonoi.com\/wp-content\/uploads\/2023\/08\/79.04-DM-a-Mosca-Scorta-1024x668.jpg\" alt=\"\" class=\"wp-image-17273\" srcset=\"https:\/\/www.milanosiamonoi.com\/wp-content\/uploads\/2023\/08\/79.04-DM-a-Mosca-Scorta-1024x668.jpg 1024w, https:\/\/www.milanosiamonoi.com\/wp-content\/uploads\/2023\/08\/79.04-DM-a-Mosca-Scorta-300x196.jpg 300w, https:\/\/www.milanosiamonoi.com\/wp-content\/uploads\/2023\/08\/79.04-DM-a-Mosca-Scorta-768x501.jpg 768w, https:\/\/www.milanosiamonoi.com\/wp-content\/uploads\/2023\/08\/79.04-DM-a-Mosca-Scorta-100x65.jpg 100w, https:\/\/www.milanosiamonoi.com\/wp-content\/uploads\/2023\/08\/79.04-DM-a-Mosca-Scorta-50x33.jpg 50w, https:\/\/www.milanosiamonoi.com\/wp-content\/uploads\/2023\/08\/79.04-DM-a-Mosca-Scorta-25x16.jpg 25w, https:\/\/www.milanosiamonoi.com\/wp-content\/uploads\/2023\/08\/79.04-DM-a-Mosca-Scorta-740x483.jpg 740w, https:\/\/www.milanosiamonoi.com\/wp-content\/uploads\/2023\/08\/79.04-DM-a-Mosca-Scorta.jpg 1120w\" sizes=\"(max-width: 1024px) 100vw, 1024px\" \/><figcaption class=\"wp-element-caption\"><em>Diavoli Colibr\u00ec a Mosca.<\/em><\/figcaption><\/figure><\/div>\n\n\n<p class=\"has-text-align-center\">Per il mondiale in Spagna i vertici della Federazione decidono di convocare tre &#8220;italo&#8221;: Steve Cupolo, Mario Pugliese e Dave Tomassoni. Quest&#8217;ultimo dar\u00e0 forfait a causa di un infortunio.<\/p>\n\n\n\n<figure class=\"wp-block-table aligncenter\"><table><tbody><tr><td class=\"has-text-align-center\" data-align=\"center\"><strong>1979<\/strong><\/td><td class=\"has-text-align-center\" data-align=\"center\"><strong>Partita amichevoli pre-mondiale.<\/strong><\/td><td class=\"has-text-align-center\" data-align=\"center\">Risultato<\/td><\/tr><tr><td class=\"has-text-align-center\" data-align=\"center\">Cortina, 3 marzo<\/td><td class=\"has-text-align-center\" data-align=\"center\">Italia-Ungheria<\/td><td class=\"has-text-align-center\" data-align=\"center\">4-5<\/td><\/tr><tr><td class=\"has-text-align-center\" data-align=\"center\">Asiago, 4 marzo<\/td><td class=\"has-text-align-center\" data-align=\"center\">Italia-Ungheria<\/td><td class=\"has-text-align-center\" data-align=\"center\">7-2<\/td><\/tr><\/tbody><\/table><\/figure>\n\n\n\n<figure class=\"wp-block-table aligncenter\"><table><tbody><tr><td class=\"has-text-align-center\" data-align=\"center\"><strong>1979<\/strong><\/td><td class=\"has-text-align-center\" data-align=\"center\"><strong>Barcellona &#8211; Mondiale Gruppo C <\/strong><\/td><td class=\"has-text-align-center\" data-align=\"center\">Risultato<\/td><\/tr><tr><td class=\"has-text-align-center\" data-align=\"center\">16 marzo<\/td><td class=\"has-text-align-center\" data-align=\"center\">Italia-Gran Bretagna<\/td><td class=\"has-text-align-center\" data-align=\"center\">12-0 (3-0; 4-0; 5-0)<\/td><\/tr><tr><td class=\"has-text-align-center\" data-align=\"center\">17 marzo<\/td><td class=\"has-text-align-center\" data-align=\"center\">Italia-Australia<\/td><td class=\"has-text-align-center\" data-align=\"center\">12-4 (3-1; 6-0; 3-3)<\/td><\/tr><tr><td class=\"has-text-align-center\" data-align=\"center\">20 marzo<\/td><td class=\"has-text-align-center\" data-align=\"center\">Spagna-Italia<\/td><td class=\"has-text-align-center\" data-align=\"center\">1-10 (0-3; 1-4; 0-3)<\/td><\/tr><tr><td class=\"has-text-align-center\" data-align=\"center\">21 marzo<\/td><td class=\"has-text-align-center\" data-align=\"center\">Italia-Corea del Sud<\/td><td class=\"has-text-align-center\" data-align=\"center\">11-0 (2-0; 4-0; 5-0)<\/td><\/tr><tr><td class=\"has-text-align-center\" data-align=\"center\">22 marzo<\/td><td class=\"has-text-align-center\" data-align=\"center\">Italia-Bulgaria<\/td><td class=\"has-text-align-center\" data-align=\"center\">8-4 (2-2; 2-1; 4-1)<\/td><\/tr><tr><td class=\"has-text-align-center\" data-align=\"center\">24 marzo<\/td><td class=\"has-text-align-center\" data-align=\"center\">Jugoslavia-Italia<\/td><td class=\"has-text-align-center\" data-align=\"center\">4-2 (0-0; 3-1; 1-1)<\/td><\/tr><\/tbody><\/table><\/figure>\n\n\n<div class=\"wp-block-image is-resized\">\n<figure class=\"aligncenter size-large\"><img loading=\"lazy\" decoding=\"async\" width=\"763\" height=\"846\" src=\"https:\/\/www.milanosiamonoi.com\/wp-content\/uploads\/2023\/08\/79-CdM-C-ultima-e-class..jpg\" alt=\"\" class=\"wp-image-17289\" srcset=\"https:\/\/www.milanosiamonoi.com\/wp-content\/uploads\/2023\/08\/79-CdM-C-ultima-e-class..jpg 763w, https:\/\/www.milanosiamonoi.com\/wp-content\/uploads\/2023\/08\/79-CdM-C-ultima-e-class.-271x300.jpg 271w, https:\/\/www.milanosiamonoi.com\/wp-content\/uploads\/2023\/08\/79-CdM-C-ultima-e-class.-90x100.jpg 90w, https:\/\/www.milanosiamonoi.com\/wp-content\/uploads\/2023\/08\/79-CdM-C-ultima-e-class.-45x50.jpg 45w, https:\/\/www.milanosiamonoi.com\/wp-content\/uploads\/2023\/08\/79-CdM-C-ultima-e-class.-23x25.jpg 23w, https:\/\/www.milanosiamonoi.com\/wp-content\/uploads\/2023\/08\/79-CdM-C-ultima-e-class.-740x820.jpg 740w\" sizes=\"(max-width: 763px) 100vw, 763px\" \/><figcaption class=\"wp-element-caption\"><em>Articolo da &#8220;La Gazzetta dello Sport&#8221;.<\/em><\/figcaption><\/figure><\/div>\n\n\n<figure class=\"wp-block-table\"><table><tbody><tr><td><strong><a href=\"https:\/\/www.milanosiamonoi.com\/index.php\/campionati\/dal-1970-al-1979-il-declino\/1977-1978-diavoli-hc-milano\/\">stagione precedente<\/a><\/strong><\/td><td class=\"has-text-align-right\" data-align=\"right\"><strong><a href=\"https:\/\/www.milanosiamonoi.com\/index.php\/campionati\/dal-1980-al-1989-la-ripartenza\/1979-1980-milaninter-hc\/\">stagione successiva<\/a><\/strong><\/td><\/tr><\/tbody><\/table><\/figure>\n\n\n\n<figure class=\"wp-block-table\"><table><tbody><tr><td class=\"has-text-align-center\" data-align=\"center\"><a href=\"https:\/\/www.milanosiamonoi.com\/index.php\/campionati\/dal-1970-al-1979-il-declino\/1978-1979-hc-milano\/\"><strong>HC Milano<\/strong><\/a><\/td><\/tr><\/tbody><\/table><\/figure>\n","protected":false},"excerpt":{"rendered":"<p>Presidente Mino Pastorelli Allenatore Aldo Federici Ruolo Giocatori con almeno una presenza in prima squadra. P 20 Franco Viale, 21 Angelo Pontoglio, 17 Maurizio Gattone&#8230;.<\/p>\n","protected":false},"author":2,"featured_media":0,"parent":1473,"menu_order":18,"comment_status":"closed","ping_status":"closed","template":"","meta":{"spay_email":"","footnotes":""},"_links":{"self":[{"href":"https:\/\/www.milanosiamonoi.com\/index.php\/wp-json\/wp\/v2\/pages\/17063"}],"collection":[{"href":"https:\/\/www.milanosiamonoi.com\/index.php\/wp-json\/wp\/v2\/pages"}],"about":[{"href":"https:\/\/www.milanosiamonoi.com\/index.php\/wp-json\/wp\/v2\/types\/page"}],"author":[{"embeddable":true,"href":"https:\/\/www.milanosiamonoi.com\/index.php\/wp-json\/wp\/v2\/users\/2"}],"replies":[{"embeddable":true,"href":"https:\/\/www.milanosiamonoi.com\/index.php\/wp-json\/wp\/v2\/comments?post=17063"}],"version-history":[{"count":187,"href":"https:\/\/www.milanosiamonoi.com\/index.php\/wp-json\/wp\/v2\/pages\/17063\/revisions"}],"predecessor-version":[{"id":19469,"href":"https:\/\/www.milanosiamonoi.com\/index.php\/wp-json\/wp\/v2\/pages\/17063\/revisions\/19469"}],"up":[{"embeddable":true,"href":"https:\/\/www.milanosiamonoi.com\/index.php\/wp-json\/wp\/v2\/pages\/1473"}],"wp:attachment":[{"href":"https:\/\/www.milanosiamonoi.com\/index.php\/wp-json\/wp\/v2\/media?parent=17063"}],"curies":[{"name":"wp","href":"https:\/\/api.w.org\/{rel}","templated":true}]}}