{"id":14671,"date":"2023-05-09T15:37:30","date_gmt":"2023-05-09T15:37:30","guid":{"rendered":"http:\/\/milanosiamonoi.com\/?page_id=14671"},"modified":"2023-08-13T21:00:47","modified_gmt":"2023-08-13T21:00:47","slug":"1968-1969-diavoli-hc-milano","status":"publish","type":"page","link":"https:\/\/www.milanosiamonoi.com\/index.php\/campionati\/dal-1960-al-1969-vs-cortina\/1968-1969-diavoli-hc-milano\/","title":{"rendered":"1968\/1969 Diavoli HC Milano"},"content":{"rendered":"\n<div class=\"wp-block-image\"><figure class=\"aligncenter size-large\"><img loading=\"lazy\" decoding=\"async\" width=\"300\" height=\"300\" src=\"https:\/\/www.milanosiamonoi.com\/wp-content\/uploads\/2022\/08\/logo-diavolivov2-300x300-1.jpg\" alt=\"\" class=\"wp-image-14411\" srcset=\"https:\/\/www.milanosiamonoi.com\/wp-content\/uploads\/2022\/08\/logo-diavolivov2-300x300-1.jpg 300w, https:\/\/www.milanosiamonoi.com\/wp-content\/uploads\/2022\/08\/logo-diavolivov2-300x300-1-150x150.jpg 150w, https:\/\/www.milanosiamonoi.com\/wp-content\/uploads\/2022\/08\/logo-diavolivov2-300x300-1-100x100.jpg 100w, https:\/\/www.milanosiamonoi.com\/wp-content\/uploads\/2022\/08\/logo-diavolivov2-300x300-1-50x50.jpg 50w, https:\/\/www.milanosiamonoi.com\/wp-content\/uploads\/2022\/08\/logo-diavolivov2-300x300-1-25x25.jpg 25w, https:\/\/www.milanosiamonoi.com\/wp-content\/uploads\/2022\/08\/logo-diavolivov2-300x300-1-90x90.jpg 90w\" sizes=\"(max-width: 300px) 100vw, 300px\" \/><\/figure><\/div>\n\n\n\n<figure class=\"wp-block-table aligncenter\"><table><tbody><tr><td>Presidente<\/td><td>Tullio Monzino<\/td><\/tr><tr><td>Allenatore<\/td><td>Josef Ruzicka<\/td><\/tr><\/tbody><\/table><\/figure>\n\n\n\n<figure class=\"wp-block-table\"><table><tbody><tr><td class=\"has-text-align-center\" data-align=\"center\"><strong>Ruolo<\/strong><\/td><td><strong>Giocatori con almeno una presenza in prima squadra.<\/strong><\/td><\/tr><tr><td class=\"has-text-align-center\" data-align=\"center\">P<\/td><td>1 Franco Viale, 17 Enrico Silipigni, 18 Roberto Favaro.<\/td><\/tr><tr><td class=\"has-text-align-center\" data-align=\"center\">D<\/td><td>2 Renato Brivio, 3 Luciano Nucci, 4 Marco Lusena, 5 Andrea Lusena (C), 12 Franco Gallo.<\/td><\/tr><tr><td class=\"has-text-align-center\" data-align=\"center\">A<\/td><td>6 Werner Holzner, 7 Valter La Fisca, 8 Tino Crotti, 9 John Cook, 10 Gianfranco Rudatis, 11 Giorgio Rigamonti, 14 Sanzio Giantommasi, 15 Orazio De Toni, 16 Patrick Adair.<\/td><\/tr><tr><td class=\"has-text-align-center\" data-align=\"center\">Rinforzi<\/td><td>Guido Radaelli (Torino), Antonio Ingegnoli (Amatori Ambrosiano), Umberto Signorini (Cervino), Peter Cook (ACBB), Egidio Gregoretti, R. Mulhall (canadese).<\/td><\/tr><\/tbody><\/table><\/figure>\n\n\n\n<div class=\"wp-block-image\"><figure class=\"aligncenter size-large is-resized\"><img loading=\"lazy\" decoding=\"async\" src=\"https:\/\/www.milanosiamonoi.com\/wp-content\/uploads\/2022\/09\/67.12.-foto-allen.-DM-A.-Lusena-e-GF-Rudatis-libro-MFeTC-700x1024.jpg\" alt=\"\" class=\"wp-image-14685\" width=\"520\" height=\"761\" srcset=\"https:\/\/www.milanosiamonoi.com\/wp-content\/uploads\/2022\/09\/67.12.-foto-allen.-DM-A.-Lusena-e-GF-Rudatis-libro-MFeTC-700x1024.jpg 700w, https:\/\/www.milanosiamonoi.com\/wp-content\/uploads\/2022\/09\/67.12.-foto-allen.-DM-A.-Lusena-e-GF-Rudatis-libro-MFeTC-205x300.jpg 205w, https:\/\/www.milanosiamonoi.com\/wp-content\/uploads\/2022\/09\/67.12.-foto-allen.-DM-A.-Lusena-e-GF-Rudatis-libro-MFeTC-768x1123.jpg 768w, https:\/\/www.milanosiamonoi.com\/wp-content\/uploads\/2022\/09\/67.12.-foto-allen.-DM-A.-Lusena-e-GF-Rudatis-libro-MFeTC-68x100.jpg 68w, https:\/\/www.milanosiamonoi.com\/wp-content\/uploads\/2022\/09\/67.12.-foto-allen.-DM-A.-Lusena-e-GF-Rudatis-libro-MFeTC-34x50.jpg 34w, https:\/\/www.milanosiamonoi.com\/wp-content\/uploads\/2022\/09\/67.12.-foto-allen.-DM-A.-Lusena-e-GF-Rudatis-libro-MFeTC-17x25.jpg 17w, https:\/\/www.milanosiamonoi.com\/wp-content\/uploads\/2022\/09\/67.12.-foto-allen.-DM-A.-Lusena-e-GF-Rudatis-libro-MFeTC-740x1082.jpg 740w, https:\/\/www.milanosiamonoi.com\/wp-content\/uploads\/2022\/09\/67.12.-foto-allen.-DM-A.-Lusena-e-GF-Rudatis-libro-MFeTC.jpg 791w\" sizes=\"(max-width: 520px) 100vw, 520px\" \/><figcaption><em>Gianfranco Rudatis e Andrea Lusena in allenamento<\/em> <em>(foto libro Crotti-Forte \u2013 De Vecchi Ed.)<\/em>.<\/figcaption><\/figure><\/div>\n\n\n\n<p class=\"has-text-align-center\">Rosa notevolmente indebolita; Renato, Orlando e Walter De Toni tornano ad Alleghe che riparte dalla serie C. Branduardi si ritira, l&#8217;intenzione di Crotti \u00e8 di seguirne le orme. Non andate a buon fine le trattative per Arnaldo Vattai (Bolzano) e Franz (Brunico). Da Torino rientrano Brivio e Giorgio Rigamonti, prelevato dall&#8217;Amatori Milano Sanzio Giantommasi. Al confermato Adair si affianca lo statunitense John Cook, ma \u00e8 a Milano in qualit\u00e0 di funzionario di banca, a causa del suo lavoro non sar\u00e0 sempre a disposizione. Il DT Aldo Federici e Josef Ruzicka avranno un bel po&#8217; da lavorare, i tifosi milanesi ripongono i sogni di gloria nel cassetto.<\/p>\n\n\n\n<div class=\"wp-block-image\"><figure class=\"aligncenter size-large\"><img loading=\"lazy\" decoding=\"async\" width=\"1024\" height=\"720\" src=\"https:\/\/www.milanosiamonoi.com\/wp-content\/uploads\/2022\/09\/68-69-foto-DM-con-Adair-1024x720.png\" alt=\"\" class=\"wp-image-14679\" srcset=\"https:\/\/www.milanosiamonoi.com\/wp-content\/uploads\/2022\/09\/68-69-foto-DM-con-Adair-1024x720.png 1024w, https:\/\/www.milanosiamonoi.com\/wp-content\/uploads\/2022\/09\/68-69-foto-DM-con-Adair-300x211.png 300w, https:\/\/www.milanosiamonoi.com\/wp-content\/uploads\/2022\/09\/68-69-foto-DM-con-Adair-768x540.png 768w, https:\/\/www.milanosiamonoi.com\/wp-content\/uploads\/2022\/09\/68-69-foto-DM-con-Adair-100x70.png 100w, https:\/\/www.milanosiamonoi.com\/wp-content\/uploads\/2022\/09\/68-69-foto-DM-con-Adair-50x35.png 50w, https:\/\/www.milanosiamonoi.com\/wp-content\/uploads\/2022\/09\/68-69-foto-DM-con-Adair-25x18.png 25w, https:\/\/www.milanosiamonoi.com\/wp-content\/uploads\/2022\/09\/68-69-foto-DM-con-Adair-1126x791.png 1126w, https:\/\/www.milanosiamonoi.com\/wp-content\/uploads\/2022\/09\/68-69-foto-DM-con-Adair-740x520.png 740w, https:\/\/www.milanosiamonoi.com\/wp-content\/uploads\/2022\/09\/68-69-foto-DM-con-Adair.png 1195w\" sizes=\"(max-width: 1024px) 100vw, 1024px\" \/><figcaption><em>Da sinistra in piedi: A. Lusena, J. Cook, Nucci, G. Rigamonti, Brivio, M. Lusena, Adair. In prima fila: Signorini, V. La Fisca, Viale, Gallo, Favaro, Mulhall, Rudatis.<\/em><\/figcaption><\/figure><\/div>\n\n\n\n<figure class=\"wp-block-table aligncenter\"><table><tbody><tr><td class=\"has-text-align-center\" data-align=\"center\"><strong>1968<\/strong><\/td><td class=\"has-text-align-center\" data-align=\"center\"><strong>Partite amichevoli.<\/strong><\/td><td class=\"has-text-align-center\" data-align=\"center\">Risultato<\/td><\/tr><tr><td class=\"has-text-align-center\" data-align=\"center\">17 ottobre<\/td><td class=\"has-text-align-center\" data-align=\"center\">Diavoli Milano-Lugano<\/td><td class=\"has-text-align-center\" data-align=\"center\">10-2 (2-1; 2-0; 6-1)<\/td><\/tr><tr><td class=\"has-text-align-center\" data-align=\"center\">22 ottobre<\/td><td class=\"has-text-align-center\" data-align=\"center\">Lugano-Diavoli Milano<\/td><td class=\"has-text-align-center\" data-align=\"center\">4-3 (1-0; 1-1; 2-2)<\/td><\/tr><\/tbody><\/table><\/figure>\n\n\n\n<div class=\"wp-block-image\"><figure class=\"aligncenter size-large\"><img loading=\"lazy\" decoding=\"async\" width=\"817\" height=\"581\" src=\"https:\/\/www.milanosiamonoi.com\/wp-content\/uploads\/2022\/09\/68-69-foto-DM-Lugano-Fill.png\" alt=\"\" class=\"wp-image-14733\" srcset=\"https:\/\/www.milanosiamonoi.com\/wp-content\/uploads\/2022\/09\/68-69-foto-DM-Lugano-Fill.png 817w, https:\/\/www.milanosiamonoi.com\/wp-content\/uploads\/2022\/09\/68-69-foto-DM-Lugano-Fill-300x213.png 300w, https:\/\/www.milanosiamonoi.com\/wp-content\/uploads\/2022\/09\/68-69-foto-DM-Lugano-Fill-768x546.png 768w, https:\/\/www.milanosiamonoi.com\/wp-content\/uploads\/2022\/09\/68-69-foto-DM-Lugano-Fill-100x71.png 100w, https:\/\/www.milanosiamonoi.com\/wp-content\/uploads\/2022\/09\/68-69-foto-DM-Lugano-Fill-50x36.png 50w, https:\/\/www.milanosiamonoi.com\/wp-content\/uploads\/2022\/09\/68-69-foto-DM-Lugano-Fill-25x18.png 25w, https:\/\/www.milanosiamonoi.com\/wp-content\/uploads\/2022\/09\/68-69-foto-DM-Lugano-Fill-740x526.png 740w\" sizes=\"(max-width: 817px) 100vw, 817px\" \/><figcaption><em>Valter La Fisca.<\/em><\/figcaption><\/figure><\/div>\n\n\n\n<p class=\"has-text-align-center\">Al Palazzo il primo match valevole per la Coppa Cusenier, ospite il Grenoble che l&#8217;ha organizzata. Partecipano anche il St. Gervais, gli olandesi dell&#8217;Aja e l&#8217;Eintracht Francoforte. Esordio stagionale di Orazio De Toni, il canadese Mulhall tagliato dopo la partita di Lugano. Con il Grenoble ultima apparizione di Tino Crotti.<\/p>\n\n\n\n<figure class=\"wp-block-table aligncenter\"><table><tbody><tr><td class=\"has-text-align-center\" data-align=\"center\"><strong>1968<\/strong><\/td><td class=\"has-text-align-center\" data-align=\"center\"><strong>Coppa Cusenier.<\/strong><\/td><td class=\"has-text-align-center\" data-align=\"center\">Risultato<\/td><\/tr><tr><td class=\"has-text-align-center\" data-align=\"center\">24 ottobre<\/td><td class=\"has-text-align-center\" data-align=\"center\">Diavoli Milano-Grenoble<\/td><td class=\"has-text-align-center\" data-align=\"center\">3-5 (1-2; 1-2 1-1)<\/td><\/tr><tr><td class=\"has-text-align-center\" data-align=\"center\">31 ottobre<\/td><td class=\"has-text-align-center\" data-align=\"center\">Diavoli Milano-St. Gervais<\/td><td class=\"has-text-align-center\" data-align=\"center\">2-2 (1-0; 0-2; 1-0)<\/td><\/tr><\/tbody><\/table><\/figure>\n\n\n\n<div class=\"wp-block-image\"><figure class=\"aligncenter size-large\"><img loading=\"lazy\" decoding=\"async\" width=\"1024\" height=\"713\" src=\"https:\/\/www.milanosiamonoi.com\/wp-content\/uploads\/2022\/09\/68.10.31-DM-St.G-2-2-MSN-1024x713.jpg\" alt=\"\" class=\"wp-image-14686\" srcset=\"https:\/\/www.milanosiamonoi.com\/wp-content\/uploads\/2022\/09\/68.10.31-DM-St.G-2-2-MSN-1024x713.jpg 1024w, https:\/\/www.milanosiamonoi.com\/wp-content\/uploads\/2022\/09\/68.10.31-DM-St.G-2-2-MSN-300x209.jpg 300w, https:\/\/www.milanosiamonoi.com\/wp-content\/uploads\/2022\/09\/68.10.31-DM-St.G-2-2-MSN-768x535.jpg 768w, https:\/\/www.milanosiamonoi.com\/wp-content\/uploads\/2022\/09\/68.10.31-DM-St.G-2-2-MSN-100x70.jpg 100w, https:\/\/www.milanosiamonoi.com\/wp-content\/uploads\/2022\/09\/68.10.31-DM-St.G-2-2-MSN-50x35.jpg 50w, https:\/\/www.milanosiamonoi.com\/wp-content\/uploads\/2022\/09\/68.10.31-DM-St.G-2-2-MSN-25x17.jpg 25w, https:\/\/www.milanosiamonoi.com\/wp-content\/uploads\/2022\/09\/68.10.31-DM-St.G-2-2-MSN-1126x784.jpg 1126w, https:\/\/www.milanosiamonoi.com\/wp-content\/uploads\/2022\/09\/68.10.31-DM-St.G-2-2-MSN-740x515.jpg 740w, https:\/\/www.milanosiamonoi.com\/wp-content\/uploads\/2022\/09\/68.10.31-DM-St.G-2-2-MSN.jpg 1356w\" sizes=\"(max-width: 1024px) 100vw, 1024px\" \/><figcaption><em>Articolo da &#8220;La Gazzetta dello Sport&#8221;.<\/em><\/figcaption><\/figure><\/div>\n\n\n\n<div class=\"wp-block-image\"><figure class=\"aligncenter size-large is-resized\"><img loading=\"lazy\" decoding=\"async\" src=\"https:\/\/www.milanosiamonoi.com\/wp-content\/uploads\/2022\/09\/68.11.01-Adair-se-ne-va-Corinf.png\" alt=\"\" class=\"wp-image-14687\" width=\"552\" height=\"565\" srcset=\"https:\/\/www.milanosiamonoi.com\/wp-content\/uploads\/2022\/09\/68.11.01-Adair-se-ne-va-Corinf.png 754w, https:\/\/www.milanosiamonoi.com\/wp-content\/uploads\/2022\/09\/68.11.01-Adair-se-ne-va-Corinf-293x300.png 293w, https:\/\/www.milanosiamonoi.com\/wp-content\/uploads\/2022\/09\/68.11.01-Adair-se-ne-va-Corinf-98x100.png 98w, https:\/\/www.milanosiamonoi.com\/wp-content\/uploads\/2022\/09\/68.11.01-Adair-se-ne-va-Corinf-50x50.png 50w, https:\/\/www.milanosiamonoi.com\/wp-content\/uploads\/2022\/09\/68.11.01-Adair-se-ne-va-Corinf-25x25.png 25w, https:\/\/www.milanosiamonoi.com\/wp-content\/uploads\/2022\/09\/68.11.01-Adair-se-ne-va-Corinf-740x759.png 740w\" sizes=\"(max-width: 552px) 100vw, 552px\" \/><figcaption><em>Articolo da &#8220;Il Corriere d&#8217;Informazione&#8221;<\/em><\/figcaption><\/figure><\/div>\n\n\n\n<p class=\"has-text-align-center\">Biancorossi a Grenoble privi di stranieri (John Cook lavora). Ruzicka cerca giocatori in Cecoslovacchia, sembra fatta per Josef Barta, ma non \u00e8 cos\u00ec. Difficile trovare un buon attaccante canadese a met\u00e0 novembre, la dirigenza sceglie di arruolare a tutti gli effetti John Cook, che ha dimostrato buone doti di realizzatore; lo straniero in campionato sar\u00e0 lui, ma si dovranno fare i conti con i suoi impegni di lavoro.<\/p>\n\n\n\n<figure class=\"wp-block-table aligncenter\"><table><tbody><tr><td class=\"has-text-align-center\" data-align=\"center\"><strong>1968<\/strong><\/td><td class=\"has-text-align-center\" data-align=\"center\"><strong>Coppa Cusenier.<\/strong><\/td><td class=\"has-text-align-center\" data-align=\"center\">Risultato<\/td><\/tr><tr><td class=\"has-text-align-center\" data-align=\"center\">15 novembre<\/td><td class=\"has-text-align-center\" data-align=\"center\">Grenoble-Diavoli Milano<\/td><td class=\"has-text-align-center\" data-align=\"center\">5-7 (1-2; 4-1; 0-4)<\/td><\/tr><\/tbody><\/table><\/figure>\n\n\n\n<p class=\"has-text-align-center\">Dopo Grenoble della Coppa Cusenier si perdono le tracce! E&#8217; gi\u00e0 tempo di campionato, serie A ridotta a quattro partecipanti, il Torino si \u00e8 auto-retrocesso e il Brunico ha rinunciato alla promozione. Doppio girone andata\/ritorno, altre soluzione non ci sono, d&#8217;altronde a fine febbraio c&#8217;\u00e8 il mondiale gruppo B in Jugoslavia, un minimo di preparazione \u00e8 indispensabile.<\/p>\n\n\n\n<figure class=\"wp-block-table aligncenter\"><table><tbody><tr><td class=\"has-text-align-center\" data-align=\"center\"><strong>Squadra<\/strong><\/td><td class=\"has-text-align-center\" data-align=\"center\"><strong>Straniero<\/strong><\/td><td class=\"has-text-align-center\" data-align=\"center\"><strong>Ruolo<\/strong><\/td><\/tr><tr><td class=\"has-text-align-center\" data-align=\"center\">Bolzano Forst<\/td><td class=\"has-text-align-center\" data-align=\"center\">Ivan Kalina (CS)<\/td><td class=\"has-text-align-center\" data-align=\"center\">A<\/td><\/tr><tr><td class=\"has-text-align-center\" data-align=\"center\">Cortina Doria<\/td><td class=\"has-text-align-center\" data-align=\"center\">Jack Siemon (Canada)<\/td><td class=\"has-text-align-center\" data-align=\"center\">P<\/td><\/tr><tr><td class=\"has-text-align-center\" data-align=\"center\">Diavoli Vov Milano<\/td><td class=\"has-text-align-center\" data-align=\"center\">John Cook (USA)<\/td><td class=\"has-text-align-center\" data-align=\"center\">A<\/td><\/tr><tr><td class=\"has-text-align-center\" data-align=\"center\">Val Gardena Recoaro<\/td><td class=\"has-text-align-center\" data-align=\"center\">Zdenek Beran (CS)<\/td><td class=\"has-text-align-center\" data-align=\"center\">P<\/td><\/tr><\/tbody><\/table><\/figure>\n\n\n\n<p class=\"has-text-align-center\">Altra grana da risolvere il tesseramento di Giorgio Rigamonti: Il Torino non ha ancora concesso il nullaosta, con il Bolzano non pu\u00f2 giocare.<\/p>\n\n\n\n<div class=\"wp-block-image\"><figure class=\"aligncenter size-large is-resized\"><img loading=\"lazy\" decoding=\"async\" src=\"https:\/\/www.milanosiamonoi.com\/wp-content\/uploads\/2022\/09\/68.11.21-A-DM-Bz-4-4-581x1024.jpg\" alt=\"\" class=\"wp-image-14696\" width=\"566\" height=\"998\" srcset=\"https:\/\/www.milanosiamonoi.com\/wp-content\/uploads\/2022\/09\/68.11.21-A-DM-Bz-4-4-581x1024.jpg 581w, https:\/\/www.milanosiamonoi.com\/wp-content\/uploads\/2022\/09\/68.11.21-A-DM-Bz-4-4-170x300.jpg 170w, https:\/\/www.milanosiamonoi.com\/wp-content\/uploads\/2022\/09\/68.11.21-A-DM-Bz-4-4-768x1354.jpg 768w, https:\/\/www.milanosiamonoi.com\/wp-content\/uploads\/2022\/09\/68.11.21-A-DM-Bz-4-4-57x100.jpg 57w, https:\/\/www.milanosiamonoi.com\/wp-content\/uploads\/2022\/09\/68.11.21-A-DM-Bz-4-4-28x50.jpg 28w, https:\/\/www.milanosiamonoi.com\/wp-content\/uploads\/2022\/09\/68.11.21-A-DM-Bz-4-4-14x25.jpg 14w, https:\/\/www.milanosiamonoi.com\/wp-content\/uploads\/2022\/09\/68.11.21-A-DM-Bz-4-4-740x1305.jpg 740w, https:\/\/www.milanosiamonoi.com\/wp-content\/uploads\/2022\/09\/68.11.21-A-DM-Bz-4-4.jpg 776w\" sizes=\"(max-width: 566px) 100vw, 566px\" \/><figcaption><em>Articolo da &#8220;La Gazzetta dello Sport&#8221;.<\/em><\/figcaption><\/figure><\/div>\n\n\n\n<p class=\"has-text-align-center\">Campionato gi\u00e0 al primo stop. La Nazionale \u00e8 stata affidata al ceko Robert Robetin (allena anche il Cortina), per i portieri collabora il connazionale Jiri Hertl. Per il match di Bolzano con la Francia quattro i &#8220;diavoli&#8221; in azzurro: Viale, Gallo, Orazio De Toni e Rudatis.<\/p>\n\n\n\n<div class=\"wp-block-image\"><figure class=\"aligncenter size-large is-resized\"><img loading=\"lazy\" decoding=\"async\" src=\"https:\/\/www.milanosiamonoi.com\/wp-content\/uploads\/2022\/09\/68.12.07-Ita-Fra-7-2-MSN-891x1024.jpg\" alt=\"\" class=\"wp-image-14697\" width=\"563\" height=\"646\" srcset=\"https:\/\/www.milanosiamonoi.com\/wp-content\/uploads\/2022\/09\/68.12.07-Ita-Fra-7-2-MSN-891x1024.jpg 891w, https:\/\/www.milanosiamonoi.com\/wp-content\/uploads\/2022\/09\/68.12.07-Ita-Fra-7-2-MSN-261x300.jpg 261w, https:\/\/www.milanosiamonoi.com\/wp-content\/uploads\/2022\/09\/68.12.07-Ita-Fra-7-2-MSN-768x882.jpg 768w, https:\/\/www.milanosiamonoi.com\/wp-content\/uploads\/2022\/09\/68.12.07-Ita-Fra-7-2-MSN-87x100.jpg 87w, https:\/\/www.milanosiamonoi.com\/wp-content\/uploads\/2022\/09\/68.12.07-Ita-Fra-7-2-MSN-44x50.jpg 44w, https:\/\/www.milanosiamonoi.com\/wp-content\/uploads\/2022\/09\/68.12.07-Ita-Fra-7-2-MSN-22x25.jpg 22w, https:\/\/www.milanosiamonoi.com\/wp-content\/uploads\/2022\/09\/68.12.07-Ita-Fra-7-2-MSN-740x850.jpg 740w, https:\/\/www.milanosiamonoi.com\/wp-content\/uploads\/2022\/09\/68.12.07-Ita-Fra-7-2-MSN.jpg 893w\" sizes=\"(max-width: 563px) 100vw, 563px\" \/><figcaption><em>Articolo da &#8220;La Gazzetta dello Sport&#8221;.<\/em><\/figcaption><\/figure><\/div>\n\n\n\n<p class=\"has-text-align-center\">Diavoli a Bolzano per la seconda di campionato, c&#8217;\u00e8 anche Giorgio Rigamonti finalmente in possesso del nullaosta del Torino.<\/p>\n\n\n\n<div class=\"wp-block-image\"><figure class=\"aligncenter size-large is-resized\"><img loading=\"lazy\" decoding=\"async\" src=\"https:\/\/www.milanosiamonoi.com\/wp-content\/uploads\/2022\/09\/68.12.14-A-Bz-DM-1-2-MSN.jpg\" alt=\"\" class=\"wp-image-14713\" width=\"583\" height=\"374\" srcset=\"https:\/\/www.milanosiamonoi.com\/wp-content\/uploads\/2022\/09\/68.12.14-A-Bz-DM-1-2-MSN.jpg 861w, https:\/\/www.milanosiamonoi.com\/wp-content\/uploads\/2022\/09\/68.12.14-A-Bz-DM-1-2-MSN-300x193.jpg 300w, https:\/\/www.milanosiamonoi.com\/wp-content\/uploads\/2022\/09\/68.12.14-A-Bz-DM-1-2-MSN-768x493.jpg 768w, https:\/\/www.milanosiamonoi.com\/wp-content\/uploads\/2022\/09\/68.12.14-A-Bz-DM-1-2-MSN-100x64.jpg 100w, https:\/\/www.milanosiamonoi.com\/wp-content\/uploads\/2022\/09\/68.12.14-A-Bz-DM-1-2-MSN-50x32.jpg 50w, https:\/\/www.milanosiamonoi.com\/wp-content\/uploads\/2022\/09\/68.12.14-A-Bz-DM-1-2-MSN-25x16.jpg 25w, https:\/\/www.milanosiamonoi.com\/wp-content\/uploads\/2022\/09\/68.12.14-A-Bz-DM-1-2-MSN-740x475.jpg 740w\" sizes=\"(max-width: 583px) 100vw, 583px\" \/><figcaption><em>Articolo da &#8220;La Gazzetta dello Sport&#8221;.<\/em><\/figcaption><\/figure><\/div>\n\n\n\n<div class=\"wp-block-image\"><figure class=\"aligncenter size-large\"><img loading=\"lazy\" decoding=\"async\" width=\"899\" height=\"604\" src=\"https:\/\/www.milanosiamonoi.com\/wp-content\/uploads\/2022\/09\/68.12.18-A-ante-DM-Cort-Corinf.png\" alt=\"\" class=\"wp-image-14714\" srcset=\"https:\/\/www.milanosiamonoi.com\/wp-content\/uploads\/2022\/09\/68.12.18-A-ante-DM-Cort-Corinf.png 899w, https:\/\/www.milanosiamonoi.com\/wp-content\/uploads\/2022\/09\/68.12.18-A-ante-DM-Cort-Corinf-300x202.png 300w, https:\/\/www.milanosiamonoi.com\/wp-content\/uploads\/2022\/09\/68.12.18-A-ante-DM-Cort-Corinf-768x516.png 768w, https:\/\/www.milanosiamonoi.com\/wp-content\/uploads\/2022\/09\/68.12.18-A-ante-DM-Cort-Corinf-100x67.png 100w, https:\/\/www.milanosiamonoi.com\/wp-content\/uploads\/2022\/09\/68.12.18-A-ante-DM-Cort-Corinf-50x34.png 50w, https:\/\/www.milanosiamonoi.com\/wp-content\/uploads\/2022\/09\/68.12.18-A-ante-DM-Cort-Corinf-25x17.png 25w, https:\/\/www.milanosiamonoi.com\/wp-content\/uploads\/2022\/09\/68.12.18-A-ante-DM-Cort-Corinf-740x497.png 740w\" sizes=\"(max-width: 899px) 100vw, 899px\" \/><figcaption><em>Articolo da &#8220;Il Corriere d&#8217;Informazione&#8221;.<\/em><\/figcaption><\/figure><\/div>\n\n\n\n<div class=\"wp-block-image\"><figure class=\"aligncenter size-large\"><img loading=\"lazy\" decoding=\"async\" width=\"531\" height=\"899\" src=\"https:\/\/www.milanosiamonoi.com\/wp-content\/uploads\/2022\/09\/68.12.19-A-DM-Cort-2-1-Corinfo.jpg\" alt=\"\" class=\"wp-image-14715\" srcset=\"https:\/\/www.milanosiamonoi.com\/wp-content\/uploads\/2022\/09\/68.12.19-A-DM-Cort-2-1-Corinfo.jpg 531w, https:\/\/www.milanosiamonoi.com\/wp-content\/uploads\/2022\/09\/68.12.19-A-DM-Cort-2-1-Corinfo-177x300.jpg 177w, https:\/\/www.milanosiamonoi.com\/wp-content\/uploads\/2022\/09\/68.12.19-A-DM-Cort-2-1-Corinfo-59x100.jpg 59w, https:\/\/www.milanosiamonoi.com\/wp-content\/uploads\/2022\/09\/68.12.19-A-DM-Cort-2-1-Corinfo-30x50.jpg 30w, https:\/\/www.milanosiamonoi.com\/wp-content\/uploads\/2022\/09\/68.12.19-A-DM-Cort-2-1-Corinfo-15x25.jpg 15w\" sizes=\"(max-width: 531px) 100vw, 531px\" \/><figcaption><em>Articolo da &#8220;<\/em>Il Corriere d&#8217;Informazione&#8221;.<\/figcaption><\/figure><\/div>\n\n\n\n<div class=\"wp-block-image\"><figure class=\"aligncenter size-large\"><img loading=\"lazy\" decoding=\"async\" width=\"721\" height=\"594\" src=\"https:\/\/www.milanosiamonoi.com\/wp-content\/uploads\/2022\/09\/68.12.22-A-Gard-DM-6-3-MSN.jpg\" alt=\"\" class=\"wp-image-14717\" srcset=\"https:\/\/www.milanosiamonoi.com\/wp-content\/uploads\/2022\/09\/68.12.22-A-Gard-DM-6-3-MSN.jpg 721w, https:\/\/www.milanosiamonoi.com\/wp-content\/uploads\/2022\/09\/68.12.22-A-Gard-DM-6-3-MSN-300x247.jpg 300w, https:\/\/www.milanosiamonoi.com\/wp-content\/uploads\/2022\/09\/68.12.22-A-Gard-DM-6-3-MSN-100x82.jpg 100w, https:\/\/www.milanosiamonoi.com\/wp-content\/uploads\/2022\/09\/68.12.22-A-Gard-DM-6-3-MSN-50x41.jpg 50w, https:\/\/www.milanosiamonoi.com\/wp-content\/uploads\/2022\/09\/68.12.22-A-Gard-DM-6-3-MSN-25x21.jpg 25w\" sizes=\"(max-width: 721px) 100vw, 721px\" \/><figcaption><em>Articolo da &#8220;La Gazzetta dello Sport&#8221;.<\/em><\/figcaption><\/figure><\/div>\n\n\n\n<p class=\"has-text-align-center\">Articolo dalla cronaca stringatissima (probabilmente per finire sulla prima edizione). Succede che nel terzo periodo una contestatissima decisione degli arbitri, l&#8217;altro \u00e8 Sarto, a danno dei Diavoli provoca l&#8217;energica reazione di Franco Viale (spintone). Verbalmente non si trattiene nemmeno Renato Brivio che, da referto, pronuncia frasi ingiuriose all&#8217;indirizzo dei direttori di gara. Il giudice sportivo sentenzia la squalifica di Viale per due mesi e quella di Brivio per tre giornate. Viale non pu\u00f2 giocare nemmeno le amichevoli ed essendo Favaro in servizio di leva, per la tourn\u00e9e in Alta Savoia tra i pali torna in biancorosso da rinforzo Guido &#8220;Jackie&#8221; Radaelli. In attacco c&#8217;\u00e8 anche Peter Cook, il fratello di John.<\/p>\n\n\n\n<figure class=\"wp-block-table aligncenter\"><table><tbody><tr><td class=\"has-text-align-center\" data-align=\"center\"><strong>1968<\/strong><\/td><td class=\"has-text-align-center\" data-align=\"center\"><strong>Partite amichevoli.<\/strong><\/td><td class=\"has-text-align-center\" data-align=\"center\">Risultato<\/td><\/tr><tr><td class=\"has-text-align-center\" data-align=\"center\">29 dicembre<\/td><td class=\"has-text-align-center\" data-align=\"center\">St. Gervais-Diavoli Milano<\/td><td class=\"has-text-align-center\" data-align=\"center\">6-5 (3-1; 1-3; 2-1)<\/td><\/tr><tr><td class=\"has-text-align-center\" data-align=\"center\">30 dicembre<\/td><td class=\"has-text-align-center\" data-align=\"center\">Chamonix-Diavoli Milano<\/td><td class=\"has-text-align-center\" data-align=\"center\">10-5 (3-1; 4-2; 3-2)<\/td><\/tr><\/tbody><\/table><\/figure>\n\n\n\n<p class=\"has-text-align-center\">Trasferta di Cortina con il problema portiere, il solo disponibile \u00e8 Enrico Silipigni degli allievi. Ritenendo eccessive le squalifiche inflitte a Viale e Brivio (appello in corso) e troppo inesperto Silipigni, dapprima lo staff tecnico pensa di schierare in porta Luciano Nucci, in seguito prevale l&#8217;idea di giocare all&#8217;Olimpico con sei uomini di movimento per tutta la durata dell&#8217;incontro. Le veci del portiere vengono affidate a Franco Gallo, in pista senza abbigliamento e protezioni da estremo difensore.<\/p>\n\n\n\n<div class=\"wp-block-image\"><figure class=\"aligncenter size-large\"><img loading=\"lazy\" decoding=\"async\" width=\"980\" height=\"645\" src=\"https:\/\/www.milanosiamonoi.com\/wp-content\/uploads\/2022\/09\/69.01.06-A-Cort-DM-19-2-MSN.jpg\" alt=\"\" class=\"wp-image-14727\" srcset=\"https:\/\/www.milanosiamonoi.com\/wp-content\/uploads\/2022\/09\/69.01.06-A-Cort-DM-19-2-MSN.jpg 980w, https:\/\/www.milanosiamonoi.com\/wp-content\/uploads\/2022\/09\/69.01.06-A-Cort-DM-19-2-MSN-300x197.jpg 300w, https:\/\/www.milanosiamonoi.com\/wp-content\/uploads\/2022\/09\/69.01.06-A-Cort-DM-19-2-MSN-768x505.jpg 768w, https:\/\/www.milanosiamonoi.com\/wp-content\/uploads\/2022\/09\/69.01.06-A-Cort-DM-19-2-MSN-100x66.jpg 100w, https:\/\/www.milanosiamonoi.com\/wp-content\/uploads\/2022\/09\/69.01.06-A-Cort-DM-19-2-MSN-50x33.jpg 50w, https:\/\/www.milanosiamonoi.com\/wp-content\/uploads\/2022\/09\/69.01.06-A-Cort-DM-19-2-MSN-25x16.jpg 25w, https:\/\/www.milanosiamonoi.com\/wp-content\/uploads\/2022\/09\/69.01.06-A-Cort-DM-19-2-MSN-740x487.jpg 740w\" sizes=\"(max-width: 980px) 100vw, 980px\" \/><figcaption><em>Articolo da &#8220;La Gazzetta dello Sport&#8221;.<\/em><\/figcaption><\/figure><\/div>\n\n\n\n<p class=\"has-text-align-center\">Cortina arrabbiatissimo per il mancato incasso. I dirigenti ampezzani avevano proposto ai Diavoli di dare forfait (sconfitta per 5-0 a tav.) e giocare un&#8217;amichevole. Staff tecnico biancorosso all&#8217;esame della disciplinare. I Diavoli, gi\u00e0 privi di Cook, hanno perso all&#8217;inizio del secondo tempo Orazio De Toni (frattura all&#8217;alluce del piede destro) e nel terzo periodo Werner Holzner se n&#8217;\u00e8 andato negli spogliatoi stanco per i continui falli subiti e non decretati dagli arbitri.<\/p>\n\n\n\n<div class=\"wp-block-image\"><figure class=\"aligncenter size-large\"><img loading=\"lazy\" decoding=\"async\" width=\"755\" height=\"618\" src=\"https:\/\/www.milanosiamonoi.com\/wp-content\/uploads\/2022\/09\/69.01.10-foto-A-ante-Bz-DM-Corsera.jpg\" alt=\"\" class=\"wp-image-14729\" srcset=\"https:\/\/www.milanosiamonoi.com\/wp-content\/uploads\/2022\/09\/69.01.10-foto-A-ante-Bz-DM-Corsera.jpg 755w, https:\/\/www.milanosiamonoi.com\/wp-content\/uploads\/2022\/09\/69.01.10-foto-A-ante-Bz-DM-Corsera-300x246.jpg 300w, https:\/\/www.milanosiamonoi.com\/wp-content\/uploads\/2022\/09\/69.01.10-foto-A-ante-Bz-DM-Corsera-100x82.jpg 100w, https:\/\/www.milanosiamonoi.com\/wp-content\/uploads\/2022\/09\/69.01.10-foto-A-ante-Bz-DM-Corsera-50x41.jpg 50w, https:\/\/www.milanosiamonoi.com\/wp-content\/uploads\/2022\/09\/69.01.10-foto-A-ante-Bz-DM-Corsera-25x20.jpg 25w, https:\/\/www.milanosiamonoi.com\/wp-content\/uploads\/2022\/09\/69.01.10-foto-A-ante-Bz-DM-Corsera-740x606.jpg 740w\" sizes=\"(max-width: 755px) 100vw, 755px\" \/><figcaption><em>Foto da &#8220;Il Corriere d&#8217;Informazione&#8221;<\/em><\/figcaption><\/figure><\/div>\n\n\n\n<div class=\"wp-block-image\"><figure class=\"aligncenter size-large\"><img loading=\"lazy\" decoding=\"async\" width=\"750\" height=\"700\" src=\"https:\/\/www.milanosiamonoi.com\/wp-content\/uploads\/2022\/09\/69.01.11-A-Bz-DM-10-2.jpg\" alt=\"\" class=\"wp-image-14730\" srcset=\"https:\/\/www.milanosiamonoi.com\/wp-content\/uploads\/2022\/09\/69.01.11-A-Bz-DM-10-2.jpg 750w, https:\/\/www.milanosiamonoi.com\/wp-content\/uploads\/2022\/09\/69.01.11-A-Bz-DM-10-2-300x280.jpg 300w, https:\/\/www.milanosiamonoi.com\/wp-content\/uploads\/2022\/09\/69.01.11-A-Bz-DM-10-2-100x93.jpg 100w, https:\/\/www.milanosiamonoi.com\/wp-content\/uploads\/2022\/09\/69.01.11-A-Bz-DM-10-2-50x47.jpg 50w, https:\/\/www.milanosiamonoi.com\/wp-content\/uploads\/2022\/09\/69.01.11-A-Bz-DM-10-2-25x23.jpg 25w, https:\/\/www.milanosiamonoi.com\/wp-content\/uploads\/2022\/09\/69.01.11-A-Bz-DM-10-2-740x691.jpg 740w\" sizes=\"(max-width: 750px) 100vw, 750px\" \/><figcaption><em>Articolo da &#8220;La Gazzetta dello Sport&#8221;.<\/em><\/figcaption><\/figure><\/div>\n\n\n\n<p class=\"has-text-align-center\">A Bolzano esordio di Enrico Silipigni. In difesa recuperato Brivio, la cui squalifica \u00e8 stata ridotta. Negli ultimi tre minuti Ruzicka e Federici hanno scelto di giocare a porta vuota, il pubblico di casa, ritenendo la rimonta impossibile ha disapprovato. Con Roberto Favaro al CAR di Albenga, anche nel match casalingo con il Gardena Silipigni davanti alla gabbia. <\/p>\n\n\n\n<div class=\"wp-block-image\"><figure class=\"aligncenter size-large\"><img loading=\"lazy\" decoding=\"async\" width=\"1024\" height=\"781\" src=\"https:\/\/www.milanosiamonoi.com\/wp-content\/uploads\/2022\/09\/69.01.16-A-DM-Gard-2-2-a-1024x781.jpg\" alt=\"\" class=\"wp-image-14735\" srcset=\"https:\/\/www.milanosiamonoi.com\/wp-content\/uploads\/2022\/09\/69.01.16-A-DM-Gard-2-2-a-1024x781.jpg 1024w, https:\/\/www.milanosiamonoi.com\/wp-content\/uploads\/2022\/09\/69.01.16-A-DM-Gard-2-2-a-300x229.jpg 300w, https:\/\/www.milanosiamonoi.com\/wp-content\/uploads\/2022\/09\/69.01.16-A-DM-Gard-2-2-a-768x586.jpg 768w, https:\/\/www.milanosiamonoi.com\/wp-content\/uploads\/2022\/09\/69.01.16-A-DM-Gard-2-2-a-100x76.jpg 100w, https:\/\/www.milanosiamonoi.com\/wp-content\/uploads\/2022\/09\/69.01.16-A-DM-Gard-2-2-a-50x38.jpg 50w, https:\/\/www.milanosiamonoi.com\/wp-content\/uploads\/2022\/09\/69.01.16-A-DM-Gard-2-2-a-25x19.jpg 25w, https:\/\/www.milanosiamonoi.com\/wp-content\/uploads\/2022\/09\/69.01.16-A-DM-Gard-2-2-a-740x564.jpg 740w, https:\/\/www.milanosiamonoi.com\/wp-content\/uploads\/2022\/09\/69.01.16-A-DM-Gard-2-2-a.jpg 1124w\" sizes=\"(max-width: 1024px) 100vw, 1024px\" \/><figcaption><em>Articolo da &#8220;La Gazzetta dello Sport&#8221;.<\/em><\/figcaption><\/figure><\/div>\n\n\n\n<div class=\"wp-block-image\"><figure class=\"aligncenter size-large\"><img loading=\"lazy\" decoding=\"async\" width=\"286\" height=\"383\" src=\"https:\/\/www.milanosiamonoi.com\/wp-content\/uploads\/2022\/09\/68-69-foto-Silipigni-Diavoli-allievi.jpg\" alt=\"\" class=\"wp-image-14731\" srcset=\"https:\/\/www.milanosiamonoi.com\/wp-content\/uploads\/2022\/09\/68-69-foto-Silipigni-Diavoli-allievi.jpg 286w, https:\/\/www.milanosiamonoi.com\/wp-content\/uploads\/2022\/09\/68-69-foto-Silipigni-Diavoli-allievi-224x300.jpg 224w, https:\/\/www.milanosiamonoi.com\/wp-content\/uploads\/2022\/09\/68-69-foto-Silipigni-Diavoli-allievi-75x100.jpg 75w, https:\/\/www.milanosiamonoi.com\/wp-content\/uploads\/2022\/09\/68-69-foto-Silipigni-Diavoli-allievi-37x50.jpg 37w, https:\/\/www.milanosiamonoi.com\/wp-content\/uploads\/2022\/09\/68-69-foto-Silipigni-Diavoli-allievi-19x25.jpg 19w\" sizes=\"(max-width: 286px) 100vw, 286px\" \/><figcaption><em>Enrico Silipigni.<\/em><\/figcaption><\/figure><\/div>\n\n\n\n<p class=\"has-text-align-center\">Multe e squalifiche per club, Federici e Ruzicka giungono poco prima dell&#8217;inizio della partita. Finisce con il risultato che non ti aspetti, il Gardena sta tenendo botta al Cortina. Un paio di interventi e una parata in uscita di Silipigni bastano per decretargli una fetta di merito per l&#8217;inaspettato 2-2. Ben diverso il risultato a Ortisei.<\/p>\n\n\n\n<figure class=\"wp-block-table aligncenter\"><table><tbody><tr><td class=\"has-text-align-center\" data-align=\"center\"><strong>1969<\/strong><\/td><td class=\"has-text-align-center\" data-align=\"center\"><strong>Campionato serie A<\/strong><\/td><td class=\"has-text-align-center\" data-align=\"center\">Risultato<\/td><\/tr><tr><td class=\"has-text-align-center\" data-align=\"center\">16 gennaio<\/td><td class=\"has-text-align-center\" data-align=\"center\">Gardena-Diavoli Milano<\/td><td class=\"has-text-align-center\" data-align=\"center\">10-3 (2-1; 3-1; 5-1)<\/td><\/tr><\/tbody><\/table><\/figure>\n\n\n\n<p class=\"has-text-align-center\">Con il Bolzano in porta c&#8217;\u00e8 Favaro. Permesso speciale dalle autorit\u00e0 militari, ma solo per questa partita.<\/p>\n\n\n\n<div class=\"wp-block-image\"><figure class=\"aligncenter size-large\"><img loading=\"lazy\" decoding=\"async\" width=\"643\" height=\"629\" src=\"https:\/\/www.milanosiamonoi.com\/wp-content\/uploads\/2022\/09\/69.02.07-foto-Favaro-Corinf.png\" alt=\"\" class=\"wp-image-14736\" srcset=\"https:\/\/www.milanosiamonoi.com\/wp-content\/uploads\/2022\/09\/69.02.07-foto-Favaro-Corinf.png 643w, https:\/\/www.milanosiamonoi.com\/wp-content\/uploads\/2022\/09\/69.02.07-foto-Favaro-Corinf-300x293.png 300w, https:\/\/www.milanosiamonoi.com\/wp-content\/uploads\/2022\/09\/69.02.07-foto-Favaro-Corinf-100x98.png 100w, https:\/\/www.milanosiamonoi.com\/wp-content\/uploads\/2022\/09\/69.02.07-foto-Favaro-Corinf-50x50.png 50w, https:\/\/www.milanosiamonoi.com\/wp-content\/uploads\/2022\/09\/69.02.07-foto-Favaro-Corinf-25x25.png 25w\" sizes=\"(max-width: 643px) 100vw, 643px\" \/><figcaption><em>Da &#8220;Il Corriere d&#8217;Informazione&#8221;.<\/em><\/figcaption><\/figure><\/div>\n\n\n\n<figure class=\"wp-block-table aligncenter\"><table><tbody><tr><td class=\"has-text-align-center\" data-align=\"center\"><strong>1969<\/strong><\/td><td class=\"has-text-align-center\" data-align=\"center\"><strong>Campionato serie A<\/strong><\/td><td class=\"has-text-align-center\" data-align=\"center\">Risultato<\/td><\/tr><tr><td class=\"has-text-align-center\" data-align=\"center\">23 gennaio<\/td><td class=\"has-text-align-center\" data-align=\"center\">Diavoli Milano-Bolzano<\/td><td class=\"has-text-align-center\" data-align=\"center\">9-2 (4-1; 3-0; 2-1)<\/td><\/tr><\/tbody><\/table><\/figure>\n\n\n\n<p class=\"has-text-align-center\">Favaro torna al CAR di Albenga, a Cortina in porta di nuovo Silipigni.<\/p>\n\n\n\n<figure class=\"wp-block-table aligncenter\"><table><tbody><tr><td class=\"has-text-align-center\" data-align=\"center\"><strong>1969<\/strong><\/td><td class=\"has-text-align-center\" data-align=\"center\"><strong>Campionato serie A<\/strong><\/td><td class=\"has-text-align-center\" data-align=\"center\">Risultato<\/td><\/tr><tr><td class=\"has-text-align-center\" data-align=\"center\">26 gennaio<\/td><td class=\"has-text-align-center\" data-align=\"center\">Cortina-Diavoli Milano<\/td><td class=\"has-text-align-center\" data-align=\"center\">12-3 (5-1; 4-0; 3-2)<\/td><\/tr><\/tbody><\/table><\/figure>\n\n\n\n<p class=\"has-text-align-center\">A fine gennaio la commissione d&#8217;appello assolve dirigenza Diavoli, Ruzicka e Federici, ma conferma la squalifica nei confronti di Viale. Quest&#8217;ultima decisione non viene assolutamente digerita dal club milanese, soprattutto se rapportata a un episodio che ha avuto come protagonista il portiere Gamper del Bolzano (colpito un giudice di porta e squalifica di molto inferiore a quella comminata a Viale).<\/p>\n\n\n\n<div class=\"wp-block-image\"><figure class=\"aligncenter size-large\"><img loading=\"lazy\" decoding=\"async\" width=\"1024\" height=\"646\" src=\"https:\/\/www.milanosiamonoi.com\/wp-content\/uploads\/2022\/09\/69.01.31-A-assolti-ricorsi-MSN-1024x646.jpg\" alt=\"\" class=\"wp-image-14752\" srcset=\"https:\/\/www.milanosiamonoi.com\/wp-content\/uploads\/2022\/09\/69.01.31-A-assolti-ricorsi-MSN-1024x646.jpg 1024w, https:\/\/www.milanosiamonoi.com\/wp-content\/uploads\/2022\/09\/69.01.31-A-assolti-ricorsi-MSN-300x189.jpg 300w, https:\/\/www.milanosiamonoi.com\/wp-content\/uploads\/2022\/09\/69.01.31-A-assolti-ricorsi-MSN-768x485.jpg 768w, https:\/\/www.milanosiamonoi.com\/wp-content\/uploads\/2022\/09\/69.01.31-A-assolti-ricorsi-MSN-1536x969.jpg 1536w, https:\/\/www.milanosiamonoi.com\/wp-content\/uploads\/2022\/09\/69.01.31-A-assolti-ricorsi-MSN-2048x1292.jpg 2048w, https:\/\/www.milanosiamonoi.com\/wp-content\/uploads\/2022\/09\/69.01.31-A-assolti-ricorsi-MSN-100x63.jpg 100w, https:\/\/www.milanosiamonoi.com\/wp-content\/uploads\/2022\/09\/69.01.31-A-assolti-ricorsi-MSN-50x32.jpg 50w, https:\/\/www.milanosiamonoi.com\/wp-content\/uploads\/2022\/09\/69.01.31-A-assolti-ricorsi-MSN-25x16.jpg 25w, https:\/\/www.milanosiamonoi.com\/wp-content\/uploads\/2022\/09\/69.01.31-A-assolti-ricorsi-MSN-1126x710.jpg 1126w, https:\/\/www.milanosiamonoi.com\/wp-content\/uploads\/2022\/09\/69.01.31-A-assolti-ricorsi-MSN-740x467.jpg 740w\" sizes=\"(max-width: 1024px) 100vw, 1024px\" \/><figcaption><em>Da &#8220;La Gazzetta dello Sport&#8221;.<\/em><\/figcaption><\/figure><\/div>\n\n\n\n<p class=\"has-text-align-center\">Sorprendentemente il Gardena vince a Cortina (3-0) e in seguito batte il Bolzano al PalaFiera con un clamoroso 10-0. Al termine del massimo campionato mancano due partite; Diavoli-Cortina e Diavoli-Gardena, lo scudetto si decide a Milano.<\/p>\n\n\n\n<div class=\"wp-block-image\"><figure class=\"aligncenter size-large is-resized\"><img loading=\"lazy\" decoding=\"async\" src=\"https:\/\/www.milanosiamonoi.com\/wp-content\/uploads\/2022\/09\/69.02.01-A-DM-Cort-2-5.jpg\" alt=\"\" class=\"wp-image-14753\" width=\"560\" height=\"622\" srcset=\"https:\/\/www.milanosiamonoi.com\/wp-content\/uploads\/2022\/09\/69.02.01-A-DM-Cort-2-5.jpg 894w, https:\/\/www.milanosiamonoi.com\/wp-content\/uploads\/2022\/09\/69.02.01-A-DM-Cort-2-5-270x300.jpg 270w, https:\/\/www.milanosiamonoi.com\/wp-content\/uploads\/2022\/09\/69.02.01-A-DM-Cort-2-5-768x854.jpg 768w, https:\/\/www.milanosiamonoi.com\/wp-content\/uploads\/2022\/09\/69.02.01-A-DM-Cort-2-5-90x100.jpg 90w, https:\/\/www.milanosiamonoi.com\/wp-content\/uploads\/2022\/09\/69.02.01-A-DM-Cort-2-5-45x50.jpg 45w, https:\/\/www.milanosiamonoi.com\/wp-content\/uploads\/2022\/09\/69.02.01-A-DM-Cort-2-5-22x25.jpg 22w, https:\/\/www.milanosiamonoi.com\/wp-content\/uploads\/2022\/09\/69.02.01-A-DM-Cort-2-5-740x823.jpg 740w\" sizes=\"(max-width: 560px) 100vw, 560px\" \/><figcaption><em>Articolo da &#8220;La Gazzetta dello Sport&#8221;.<\/em><\/figcaption><\/figure><\/div>\n\n\n\n<div class=\"wp-block-image\"><figure class=\"aligncenter size-large\"><img loading=\"lazy\" decoding=\"async\" width=\"457\" height=\"660\" src=\"https:\/\/www.milanosiamonoi.com\/wp-content\/uploads\/2022\/09\/67.10-foto-W.-Holzner-DM-libro-MFeTC.jpg\" alt=\"\" class=\"wp-image-14732\" srcset=\"https:\/\/www.milanosiamonoi.com\/wp-content\/uploads\/2022\/09\/67.10-foto-W.-Holzner-DM-libro-MFeTC.jpg 457w, https:\/\/www.milanosiamonoi.com\/wp-content\/uploads\/2022\/09\/67.10-foto-W.-Holzner-DM-libro-MFeTC-208x300.jpg 208w, https:\/\/www.milanosiamonoi.com\/wp-content\/uploads\/2022\/09\/67.10-foto-W.-Holzner-DM-libro-MFeTC-69x100.jpg 69w, https:\/\/www.milanosiamonoi.com\/wp-content\/uploads\/2022\/09\/67.10-foto-W.-Holzner-DM-libro-MFeTC-35x50.jpg 35w, https:\/\/www.milanosiamonoi.com\/wp-content\/uploads\/2022\/09\/67.10-foto-W.-Holzner-DM-libro-MFeTC-17x25.jpg 17w\" sizes=\"(max-width: 457px) 100vw, 457px\" \/><figcaption><em>Werner Holzner.<\/em><\/figcaption><\/figure><\/div>\n\n\n\n<div class=\"wp-block-image\"><figure class=\"aligncenter size-large is-resized\"><img loading=\"lazy\" decoding=\"async\" src=\"https:\/\/www.milanosiamonoi.com\/wp-content\/uploads\/2022\/09\/69.02.07-A-DM-Gard-1-9.jpg\" alt=\"\" class=\"wp-image-14754\" width=\"511\" height=\"650\" srcset=\"https:\/\/www.milanosiamonoi.com\/wp-content\/uploads\/2022\/09\/69.02.07-A-DM-Gard-1-9.jpg 790w, https:\/\/www.milanosiamonoi.com\/wp-content\/uploads\/2022\/09\/69.02.07-A-DM-Gard-1-9-236x300.jpg 236w, https:\/\/www.milanosiamonoi.com\/wp-content\/uploads\/2022\/09\/69.02.07-A-DM-Gard-1-9-768x978.jpg 768w, https:\/\/www.milanosiamonoi.com\/wp-content\/uploads\/2022\/09\/69.02.07-A-DM-Gard-1-9-79x100.jpg 79w, https:\/\/www.milanosiamonoi.com\/wp-content\/uploads\/2022\/09\/69.02.07-A-DM-Gard-1-9-39x50.jpg 39w, https:\/\/www.milanosiamonoi.com\/wp-content\/uploads\/2022\/09\/69.02.07-A-DM-Gard-1-9-20x25.jpg 20w, https:\/\/www.milanosiamonoi.com\/wp-content\/uploads\/2022\/09\/69.02.07-A-DM-Gard-1-9-740x942.jpg 740w\" sizes=\"(max-width: 511px) 100vw, 511px\" \/><figcaption><em>Articolo da &#8220;La Gazzetta dello Sport&#8221;.<\/em><\/figcaption><\/figure><\/div>\n\n\n\n<div class=\"wp-block-image\"><figure class=\"aligncenter size-large\"><img loading=\"lazy\" decoding=\"async\" width=\"958\" height=\"530\" src=\"https:\/\/www.milanosiamonoi.com\/wp-content\/uploads\/2022\/09\/69.02.08-A-Cortina-accusa-Corsera.jpg\" alt=\"\" class=\"wp-image-14755\" srcset=\"https:\/\/www.milanosiamonoi.com\/wp-content\/uploads\/2022\/09\/69.02.08-A-Cortina-accusa-Corsera.jpg 958w, https:\/\/www.milanosiamonoi.com\/wp-content\/uploads\/2022\/09\/69.02.08-A-Cortina-accusa-Corsera-300x166.jpg 300w, https:\/\/www.milanosiamonoi.com\/wp-content\/uploads\/2022\/09\/69.02.08-A-Cortina-accusa-Corsera-768x425.jpg 768w, https:\/\/www.milanosiamonoi.com\/wp-content\/uploads\/2022\/09\/69.02.08-A-Cortina-accusa-Corsera-100x55.jpg 100w, https:\/\/www.milanosiamonoi.com\/wp-content\/uploads\/2022\/09\/69.02.08-A-Cortina-accusa-Corsera-50x28.jpg 50w, https:\/\/www.milanosiamonoi.com\/wp-content\/uploads\/2022\/09\/69.02.08-A-Cortina-accusa-Corsera-25x14.jpg 25w, https:\/\/www.milanosiamonoi.com\/wp-content\/uploads\/2022\/09\/69.02.08-A-Cortina-accusa-Corsera-740x409.jpg 740w\" sizes=\"(max-width: 958px) 100vw, 958px\" \/><figcaption><em>Articolo da &#8220;Il Corriere d&#8217;Informazione&#8221;<\/em><\/figcaption><\/figure><\/div>\n\n\n\n<p class=\"has-text-align-center\">Da Cortina se la prendono con Diavoli e Bolzano, ma fatti un po&#8217; i conti e visti i numeri, il match che ha condannato gli ampezzani al secondo posto \u00e8 quello perso con i Diavoli il 19 dicembre per 2-1, per non parlare dello 0-3 interno con il Gardena: quella sera al Cortina sarebbe bastato un pareggio.<\/p>\n\n\n\n<div class=\"wp-block-image\"><figure class=\"aligncenter size-large is-resized\"><img loading=\"lazy\" decoding=\"async\" src=\"https:\/\/www.milanosiamonoi.com\/wp-content\/uploads\/2022\/09\/69.02.11-A-quadro-camp.-piccolo.jpg\" alt=\"\" class=\"wp-image-14765\" width=\"455\" height=\"604\" srcset=\"https:\/\/www.milanosiamonoi.com\/wp-content\/uploads\/2022\/09\/69.02.11-A-quadro-camp.-piccolo.jpg 503w, https:\/\/www.milanosiamonoi.com\/wp-content\/uploads\/2022\/09\/69.02.11-A-quadro-camp.-piccolo-226x300.jpg 226w, https:\/\/www.milanosiamonoi.com\/wp-content\/uploads\/2022\/09\/69.02.11-A-quadro-camp.-piccolo-75x100.jpg 75w, https:\/\/www.milanosiamonoi.com\/wp-content\/uploads\/2022\/09\/69.02.11-A-quadro-camp.-piccolo-38x50.jpg 38w, https:\/\/www.milanosiamonoi.com\/wp-content\/uploads\/2022\/09\/69.02.11-A-quadro-camp.-piccolo-19x25.jpg 19w\" sizes=\"(max-width: 455px) 100vw, 455px\" \/><\/figure><\/div>\n\n\n\n<p class=\"has-text-align-center\">Ritiro azzurro imminente e chiusura a Lugano. Alla Resega davanti ai pali \u00e8 il turno del quinto portiere della stagione: Toni Ingegnoli dell&#8217;Amatori Ambrosiano. Il colmo \u00e8 che Viale va al mondiale avendo giocato solo 9 partite, ultima delle quali il 22 dicembre!<\/p>\n\n\n\n<div class=\"wp-block-image\"><figure class=\"aligncenter size-large\"><img loading=\"lazy\" decoding=\"async\" width=\"391\" height=\"542\" src=\"https:\/\/www.milanosiamonoi.com\/wp-content\/uploads\/2022\/09\/69.02.11-Luga-DM-2-4.jpg\" alt=\"\" class=\"wp-image-14766\" srcset=\"https:\/\/www.milanosiamonoi.com\/wp-content\/uploads\/2022\/09\/69.02.11-Luga-DM-2-4.jpg 391w, https:\/\/www.milanosiamonoi.com\/wp-content\/uploads\/2022\/09\/69.02.11-Luga-DM-2-4-216x300.jpg 216w, https:\/\/www.milanosiamonoi.com\/wp-content\/uploads\/2022\/09\/69.02.11-Luga-DM-2-4-72x100.jpg 72w, https:\/\/www.milanosiamonoi.com\/wp-content\/uploads\/2022\/09\/69.02.11-Luga-DM-2-4-36x50.jpg 36w, https:\/\/www.milanosiamonoi.com\/wp-content\/uploads\/2022\/09\/69.02.11-Luga-DM-2-4-18x25.jpg 18w\" sizes=\"(max-width: 391px) 100vw, 391px\" \/><figcaption>Da &#8220;La Gazzetta dello Sport&#8221;.<\/figcaption><\/figure><\/div>\n\n\n\n<div class=\"wp-block-image\"><figure class=\"aligncenter size-large\"><img loading=\"lazy\" decoding=\"async\" width=\"900\" height=\"634\" src=\"https:\/\/www.milanosiamonoi.com\/wp-content\/uploads\/2022\/09\/68-69-foto-DM.png\" alt=\"\" class=\"wp-image-14734\" srcset=\"https:\/\/www.milanosiamonoi.com\/wp-content\/uploads\/2022\/09\/68-69-foto-DM.png 900w, https:\/\/www.milanosiamonoi.com\/wp-content\/uploads\/2022\/09\/68-69-foto-DM-300x211.png 300w, https:\/\/www.milanosiamonoi.com\/wp-content\/uploads\/2022\/09\/68-69-foto-DM-768x541.png 768w, https:\/\/www.milanosiamonoi.com\/wp-content\/uploads\/2022\/09\/68-69-foto-DM-100x70.png 100w, https:\/\/www.milanosiamonoi.com\/wp-content\/uploads\/2022\/09\/68-69-foto-DM-50x35.png 50w, https:\/\/www.milanosiamonoi.com\/wp-content\/uploads\/2022\/09\/68-69-foto-DM-25x18.png 25w, https:\/\/www.milanosiamonoi.com\/wp-content\/uploads\/2022\/09\/68-69-foto-DM-740x521.png 740w\" sizes=\"(max-width: 900px) 100vw, 900px\" \/><figcaption><em>Da sinistra in piedi: Gallo, Nucci, Orazio De Toni, M. Lusena, Brivio, Cook, W. Holzner. In prima fila: A. Lusena, Favaro, il massaggiatore Doria, Rudatis, V. La Fisca, Giantommasi, Viale.<\/em><\/figcaption><\/figure><\/div>\n\n\n\n<figure class=\"wp-block-table aligncenter\"><table><tbody><tr><td><strong>Classifica marcatori stagionali Diavoli Milano<\/strong><\/td><td class=\"has-text-align-center\" data-align=\"center\">Reti<\/td><\/tr><tr><td>John Cook (17 presenze)<\/td><td class=\"has-text-align-center\" data-align=\"center\">15<\/td><\/tr><tr><td>Franco Gallo (20)<\/td><td class=\"has-text-align-center\" data-align=\"center\">10<\/td><\/tr><tr><td>Orazio De Toni (11)<\/td><td class=\"has-text-align-center\" data-align=\"center\">9<\/td><\/tr><tr><td>Giorgio Rigamonti (19)<\/td><td class=\"has-text-align-center\" data-align=\"center\">8<\/td><\/tr><tr><td>Gianfranco Rudatis (20)<\/td><td class=\"has-text-align-center\" data-align=\"center\">7<\/td><\/tr><tr><td>Valter La Fisca (20) e Andrea Lusena (19)<\/td><td class=\"has-text-align-center\" data-align=\"center\">6<\/td><\/tr><tr><td>Patrick Adair (4)<\/td><td class=\"has-text-align-center\" data-align=\"center\">5<\/td><\/tr><tr><td>Werner Holzner (15)<\/td><td class=\"has-text-align-center\" data-align=\"center\">4<\/td><\/tr><tr><td>Renato Brivio (17), Sanzio Giantommasi (17), Tino Crotti (2), Peter Cook (2)<\/td><td class=\"has-text-align-center\" data-align=\"center\">1<\/td><\/tr><\/tbody><\/table><\/figure>\n\n\n\n<figure class=\"wp-block-table aligncenter\"><table><tbody><tr><td class=\"has-text-align-center\" data-align=\"center\"><strong>1969 <\/strong><\/td><td class=\"has-text-align-center\" data-align=\"center\"><strong>Preparazione pre-mondiale <\/strong><\/td><td class=\"has-text-align-center\" data-align=\"center\">Risultato<\/td><\/tr><tr><td class=\"has-text-align-center\" data-align=\"center\">Cortina, 22 febbraio<\/td><td class=\"has-text-align-center\" data-align=\"center\">Sel. Naz. Italiana-Litvinov<\/td><td class=\"has-text-align-center\" data-align=\"center\">3-2 (0-2; 1-0; 2-0)<\/td><\/tr><tr><td class=\"has-text-align-center\" data-align=\"center\">Merano, 24 febbraio<\/td><td class=\"has-text-align-center\" data-align=\"center\">Rappr. Italiana-Litvinov<\/td><td class=\"has-text-align-center\" data-align=\"center\">2-5 (1-1; 0-3; 1-1)<\/td><\/tr><tr><td class=\"has-text-align-center\" data-align=\"center\">Cortina, 25 febbraio<\/td><td class=\"has-text-align-center\" data-align=\"center\">Sel. Naz. Italiana-Innsbruck EV<\/td><td class=\"has-text-align-center\" data-align=\"center\">4-1 (2-0; 0-1; 2-0)<\/td><\/tr><\/tbody><\/table><\/figure>\n\n\n\n<p class=\"has-text-align-center\">Il ct Enrico Gaspari e l&#8217;allenatore Robert Robetin stilano la lista dei prescelti per il mondiale di Lubiana, ma devono fare i conti con impegni professionali e di studio di molti giocatori, lo stesso male che ha afflitto la Nazionale svizzera nel 1967 e che \u00e8 costata ai rossocrociati la retrocessione nel gruppo C. Alla fine la scelta \u00e8 quasi obbligata, basti pensare che per i portieri si deve ricorrere al pur bravo Romeo Tigliani, ma che ha difeso la porta dell&#8217;Asiago nel campionato di serie B. Visto che la squalifica di Viale termine il 28 febbraio, toccher\u00e0 proprio a lui giocare la gara inaugurale con la favoritissima DDR. Franco Gallo e Gianfranco Rudatis gli altri Diavoli in azzurro.<\/p>\n\n\n\n<figure class=\"wp-block-table aligncenter\"><table><tbody><tr><td class=\"has-text-align-center\" data-align=\"center\"><strong>1969<\/strong><\/td><td class=\"has-text-align-center\" data-align=\"center\"><strong>Lubiana &#8211; Mondiale Gruppo B<\/strong><\/td><td class=\"has-text-align-center\" data-align=\"center\">Risultato<\/td><\/tr><tr><td class=\"has-text-align-center\" data-align=\"center\">28 febbraio<\/td><td class=\"has-text-align-center\" data-align=\"center\">DDR-Italia<\/td><td class=\"has-text-align-center\" data-align=\"center\">11-1 (2-0; 4-1; 5-0)<\/td><\/tr><\/tbody><\/table><\/figure>\n\n\n\n<div class=\"wp-block-image\"><figure class=\"aligncenter size-large\"><img loading=\"lazy\" decoding=\"async\" width=\"433\" height=\"708\" src=\"https:\/\/www.milanosiamonoi.com\/wp-content\/uploads\/2022\/09\/69.03.02-Yugo-Ita-2-1.jpg\" alt=\"\" class=\"wp-image-14783\" srcset=\"https:\/\/www.milanosiamonoi.com\/wp-content\/uploads\/2022\/09\/69.03.02-Yugo-Ita-2-1.jpg 433w, https:\/\/www.milanosiamonoi.com\/wp-content\/uploads\/2022\/09\/69.03.02-Yugo-Ita-2-1-183x300.jpg 183w, https:\/\/www.milanosiamonoi.com\/wp-content\/uploads\/2022\/09\/69.03.02-Yugo-Ita-2-1-61x100.jpg 61w, https:\/\/www.milanosiamonoi.com\/wp-content\/uploads\/2022\/09\/69.03.02-Yugo-Ita-2-1-31x50.jpg 31w, https:\/\/www.milanosiamonoi.com\/wp-content\/uploads\/2022\/09\/69.03.02-Yugo-Ita-2-1-15x25.jpg 15w\" sizes=\"(max-width: 433px) 100vw, 433px\" \/><figcaption><em>Da &#8220;La Gazzetta dello Sport&#8221;.<\/em><\/figcaption><\/figure><\/div>\n\n\n\n<figure class=\"wp-block-table aligncenter\"><table><tbody><tr><td class=\"has-text-align-center\" data-align=\"center\"><strong>1969<\/strong><\/td><td class=\"has-text-align-center\" data-align=\"center\"><strong>Lubiana &#8211; Mondiale Gruppo B<\/strong><\/td><td class=\"has-text-align-center\" data-align=\"center\">Risultato<\/td><\/tr><tr><td class=\"has-text-align-center\" data-align=\"center\">3 marzo<\/td><td class=\"has-text-align-center\" data-align=\"center\">Polonia-Italia<\/td><td class=\"has-text-align-center\" data-align=\"center\">5-2 (0-0; 2-1; 3-1)<\/td><\/tr><\/tbody><\/table><\/figure>\n\n\n\n<div class=\"wp-block-image\"><figure class=\"aligncenter size-large\"><img loading=\"lazy\" decoding=\"async\" width=\"385\" height=\"647\" src=\"https:\/\/www.milanosiamonoi.com\/wp-content\/uploads\/2022\/09\/69.03.05-A-Ita-3-1.jpg\" alt=\"\" class=\"wp-image-14784\" srcset=\"https:\/\/www.milanosiamonoi.com\/wp-content\/uploads\/2022\/09\/69.03.05-A-Ita-3-1.jpg 385w, https:\/\/www.milanosiamonoi.com\/wp-content\/uploads\/2022\/09\/69.03.05-A-Ita-3-1-179x300.jpg 179w, https:\/\/www.milanosiamonoi.com\/wp-content\/uploads\/2022\/09\/69.03.05-A-Ita-3-1-60x100.jpg 60w, https:\/\/www.milanosiamonoi.com\/wp-content\/uploads\/2022\/09\/69.03.05-A-Ita-3-1-30x50.jpg 30w, https:\/\/www.milanosiamonoi.com\/wp-content\/uploads\/2022\/09\/69.03.05-A-Ita-3-1-15x25.jpg 15w\" sizes=\"(max-width: 385px) 100vw, 385px\" \/><figcaption>Da &#8220;La Gazzetta dello Sport&#8221;.<\/figcaption><\/figure><\/div>\n\n\n\n<figure class=\"wp-block-table aligncenter\"><table><tbody><tr><td class=\"has-text-align-center\" data-align=\"center\"><strong>1969<\/strong><\/td><td class=\"has-text-align-center\" data-align=\"center\"><strong>Lubiana &#8211; Mondiale Gruppo B<\/strong><\/td><td class=\"has-text-align-center\" data-align=\"center\">Risultato<\/td><\/tr><tr><td class=\"has-text-align-center\" data-align=\"center\">6 marzo<\/td><td class=\"has-text-align-center\" data-align=\"center\">Germania Occ.-Italia<\/td><td class=\"has-text-align-center\" data-align=\"center\">5-1 (2-0; 1-1; 2-0)<\/td><\/tr><tr><td class=\"has-text-align-center\" data-align=\"center\">8 marzo<\/td><td class=\"has-text-align-center\" data-align=\"center\">Romania-Italia<\/td><td class=\"has-text-align-center\" data-align=\"center\">5-2 (0-1; 0-0; 5-1)<\/td><\/tr><\/tbody><\/table><\/figure>\n\n\n\n<div class=\"wp-block-image\"><figure class=\"aligncenter size-large\"><img loading=\"lazy\" decoding=\"async\" width=\"891\" height=\"952\" src=\"https:\/\/www.milanosiamonoi.com\/wp-content\/uploads\/2022\/09\/69.03.09-N-Ita-10-2.jpg\" alt=\"\" class=\"wp-image-14785\" srcset=\"https:\/\/www.milanosiamonoi.com\/wp-content\/uploads\/2022\/09\/69.03.09-N-Ita-10-2.jpg 891w, https:\/\/www.milanosiamonoi.com\/wp-content\/uploads\/2022\/09\/69.03.09-N-Ita-10-2-281x300.jpg 281w, https:\/\/www.milanosiamonoi.com\/wp-content\/uploads\/2022\/09\/69.03.09-N-Ita-10-2-768x821.jpg 768w, https:\/\/www.milanosiamonoi.com\/wp-content\/uploads\/2022\/09\/69.03.09-N-Ita-10-2-94x100.jpg 94w, https:\/\/www.milanosiamonoi.com\/wp-content\/uploads\/2022\/09\/69.03.09-N-Ita-10-2-47x50.jpg 47w, https:\/\/www.milanosiamonoi.com\/wp-content\/uploads\/2022\/09\/69.03.09-N-Ita-10-2-23x25.jpg 23w, https:\/\/www.milanosiamonoi.com\/wp-content\/uploads\/2022\/09\/69.03.09-N-Ita-10-2-740x791.jpg 740w\" sizes=\"(max-width: 891px) 100vw, 891px\" \/><figcaption><em>Articolo da &#8220;La Gazzetta dello Sport&#8221;.<\/em><\/figcaption><\/figure><\/div>\n\n\n\n<figure class=\"wp-block-table aligncenter\"><table><tbody><tr><td>Classifica finale<\/td><td class=\"has-text-align-center\" data-align=\"center\">P.ti<\/td><\/tr><tr><td><strong>DDR<\/strong><\/td><td class=\"has-text-align-center\" data-align=\"center\"><strong>14<\/strong><\/td><\/tr><tr><td>Polonia<\/td><td class=\"has-text-align-center\" data-align=\"center\">12<\/td><\/tr><tr><td>Jugoslavia<\/td><td class=\"has-text-align-center\" data-align=\"center\">8<\/td><\/tr><tr><td>Germania Occ.<\/td><td class=\"has-text-align-center\" data-align=\"center\">8<\/td><\/tr><tr><td>Norvegia<\/td><td class=\"has-text-align-center\" data-align=\"center\">6<\/td><\/tr><tr><td>Romania<\/td><td class=\"has-text-align-center\" data-align=\"center\">5<\/td><\/tr><tr><td><em>Austria<\/em> <em>(retr.)<\/em><\/td><td class=\"has-text-align-center\" data-align=\"center\"><em>3<\/em><\/td><\/tr><tr><td><em>Italia<\/em> <em>(retr.)<\/em><\/td><td class=\"has-text-align-center\" data-align=\"center\"><em>0<\/em><\/td><\/tr><\/tbody><\/table><\/figure>\n\n\n\n<div class=\"wp-block-image\"><figure class=\"aligncenter size-large\"><img loading=\"lazy\" decoding=\"async\" width=\"645\" height=\"905\" src=\"https:\/\/www.milanosiamonoi.com\/wp-content\/uploads\/2022\/09\/69.03.11-parte-art.-insuccesso-Italia-MSN-1.jpg\" alt=\"\" class=\"wp-image-14792\" srcset=\"https:\/\/www.milanosiamonoi.com\/wp-content\/uploads\/2022\/09\/69.03.11-parte-art.-insuccesso-Italia-MSN-1.jpg 645w, https:\/\/www.milanosiamonoi.com\/wp-content\/uploads\/2022\/09\/69.03.11-parte-art.-insuccesso-Italia-MSN-1-214x300.jpg 214w, https:\/\/www.milanosiamonoi.com\/wp-content\/uploads\/2022\/09\/69.03.11-parte-art.-insuccesso-Italia-MSN-1-71x100.jpg 71w, https:\/\/www.milanosiamonoi.com\/wp-content\/uploads\/2022\/09\/69.03.11-parte-art.-insuccesso-Italia-MSN-1-36x50.jpg 36w, https:\/\/www.milanosiamonoi.com\/wp-content\/uploads\/2022\/09\/69.03.11-parte-art.-insuccesso-Italia-MSN-1-18x25.jpg 18w\" sizes=\"(max-width: 645px) 100vw, 645px\" \/><figcaption><em>Articolo parziale da &#8220;La Gazzetta dello Sport&#8221;.<\/em><\/figcaption><\/figure><\/div>\n\n\n\n<figure class=\"wp-block-table\"><table><tbody><tr><td><strong><a href=\"https:\/\/www.milanosiamonoi.com\/index.php\/campionati\/dal-1960-al-1969-vs-cortina\/1967-1968-diavoli-hc-milano\/\">stagione precedente<\/a><\/strong><\/td><td class=\"has-text-align-right\" data-align=\"right\"><strong><a href=\"https:\/\/www.milanosiamonoi.com\/index.php\/campionati\/dal-1970-al-1979-il-declino\/1969-1970-diavoli-hc-milano\/\">stagione successiva<\/a><\/strong><\/td><\/tr><\/tbody><\/table><\/figure>\n\n\n\n<figure class=\"wp-block-table\"><table><tbody><tr><td class=\"has-text-align-center\" data-align=\"center\"><strong><a href=\"https:\/\/www.milanosiamonoi.com\/index.php\/campionati\/dal-1960-al-1969-vs-cortina\/1968-1969-amatori-ambrosiano-hc-milano\/\">Amatori Milano<\/a><\/strong><\/td><\/tr><\/tbody><\/table><\/figure>\n\n\n\n<p class=\"has-text-align-center\"> <\/p>\n","protected":false},"excerpt":{"rendered":"<p>Presidente Tullio Monzino Allenatore Josef Ruzicka Ruolo Giocatori con almeno una presenza in prima squadra. P 1 Franco Viale, 17 Enrico Silipigni, 18 Roberto Favaro&#8230;.<\/p>\n","protected":false},"author":2,"featured_media":0,"parent":1471,"menu_order":18,"comment_status":"closed","ping_status":"closed","template":"","meta":{"spay_email":"","footnotes":""},"_links":{"self":[{"href":"https:\/\/www.milanosiamonoi.com\/index.php\/wp-json\/wp\/v2\/pages\/14671"}],"collection":[{"href":"https:\/\/www.milanosiamonoi.com\/index.php\/wp-json\/wp\/v2\/pages"}],"about":[{"href":"https:\/\/www.milanosiamonoi.com\/index.php\/wp-json\/wp\/v2\/types\/page"}],"author":[{"embeddable":true,"href":"https:\/\/www.milanosiamonoi.com\/index.php\/wp-json\/wp\/v2\/users\/2"}],"replies":[{"embeddable":true,"href":"https:\/\/www.milanosiamonoi.com\/index.php\/wp-json\/wp\/v2\/comments?post=14671"}],"version-history":[{"count":87,"href":"https:\/\/www.milanosiamonoi.com\/index.php\/wp-json\/wp\/v2\/pages\/14671\/revisions"}],"predecessor-version":[{"id":17313,"href":"https:\/\/www.milanosiamonoi.com\/index.php\/wp-json\/wp\/v2\/pages\/14671\/revisions\/17313"}],"up":[{"embeddable":true,"href":"https:\/\/www.milanosiamonoi.com\/index.php\/wp-json\/wp\/v2\/pages\/1471"}],"wp:attachment":[{"href":"https:\/\/www.milanosiamonoi.com\/index.php\/wp-json\/wp\/v2\/media?parent=14671"}],"curies":[{"name":"wp","href":"https:\/\/api.w.org\/{rel}","templated":true}]}}