{"id":14550,"date":"2023-03-28T10:41:03","date_gmt":"2023-03-28T10:41:03","guid":{"rendered":"http:\/\/milanosiamonoi.com\/?page_id=14550"},"modified":"2023-05-09T15:45:07","modified_gmt":"2023-05-09T15:45:07","slug":"1967-1968-amatori-mi-ambrosiano-e-allievi","status":"publish","type":"page","link":"https:\/\/www.milanosiamonoi.com\/index.php\/campionati\/dal-1960-al-1969-vs-cortina\/1967-1968-amatori-mi-ambrosiano-e-allievi\/","title":{"rendered":"1967\/1968 Amatori MI, Ambrosiano e allievi."},"content":{"rendered":"\n<div class=\"wp-block-image\"><figure class=\"aligncenter size-large\"><img loading=\"lazy\" decoding=\"async\" width=\"300\" height=\"300\" src=\"https:\/\/www.milanosiamonoi.com\/wp-content\/uploads\/2022\/06\/logo-amatori-64-300x300-1.jpg\" alt=\"\" class=\"wp-image-13814\" srcset=\"https:\/\/www.milanosiamonoi.com\/wp-content\/uploads\/2022\/06\/logo-amatori-64-300x300-1.jpg 300w, https:\/\/www.milanosiamonoi.com\/wp-content\/uploads\/2022\/06\/logo-amatori-64-300x300-1-150x150.jpg 150w, https:\/\/www.milanosiamonoi.com\/wp-content\/uploads\/2022\/06\/logo-amatori-64-300x300-1-100x100.jpg 100w, https:\/\/www.milanosiamonoi.com\/wp-content\/uploads\/2022\/06\/logo-amatori-64-300x300-1-50x50.jpg 50w, https:\/\/www.milanosiamonoi.com\/wp-content\/uploads\/2022\/06\/logo-amatori-64-300x300-1-25x25.jpg 25w, https:\/\/www.milanosiamonoi.com\/wp-content\/uploads\/2022\/06\/logo-amatori-64-300x300-1-90x90.jpg 90w\" sizes=\"(max-width: 300px) 100vw, 300px\" \/><\/figure><\/div>\n\n\n\n<figure class=\"wp-block-table aligncenter\"><table><tbody><tr><td>Presidente<\/td><td>Lidio Castello<\/td><\/tr><tr><td>Allenatore<\/td><td>Adriano Cremonesi<\/td><\/tr><\/tbody><\/table><\/figure>\n\n\n\n<figure class=\"wp-block-table\"><table><tbody><tr><td class=\"has-text-align-center\" data-align=\"center\"><strong>Ruolo<\/strong><\/td><td><strong>Giocatori con almeno una presenza in prima squadra.<\/strong><\/td><\/tr><tr><td class=\"has-text-align-center\" data-align=\"center\">P<\/td><td>Roberto Pennisi, Enrico Silipigni, Zago.<\/td><\/tr><tr><td class=\"has-text-align-center\" data-align=\"center\">D<\/td><td>Emilio Delfino, Gianni La Fisca, Renzo Magosso, Roberto Sarfatti, Spalaore, Roberto Tres.<\/td><\/tr><tr><td class=\"has-text-align-center\" data-align=\"center\">A<\/td><td>Luciano Ballarini, Giampaolo Cavanna, Giovanni Ceserani, Sergio Freda, Sanzio Giantommasi, Camillo Gioseffi, Marco Morello, Alberto Pedrazzi, Walter Schmid, White.<\/td><\/tr><\/tbody><\/table><\/figure>\n\n\n\n<p class=\"has-text-align-center\">Il parco giocatori, gi\u00e0 scombussolato lo scorso anno, subisce un altro scossone. Roberto Favaro passa definitivamente ai Diavoli, l&#8217;elvetico Roger Pion torna a Lugano, Cesare Bressan e  Toto Guccione raggiungono i tanti &#8220;emigrati&#8221; a Cervinia nella stagione precedente. La conduzione della squadra viene affidata ad Adriano &#8220;Popof&#8221; Cremonesi. Al Palazzo si presenta il vice-console del consolato canadese di Milano, chiede se si pu\u00f2 giocare a hockey e viene accontentato. In questo modo White diventa lo straniero per il campionato di serie B. La situazione economica non \u00e8 delle pi\u00f9 floride, il torneo cadetto si presenta difficile, le avversarie puntano in alto.<\/p>\n\n\n\n<figure class=\"wp-block-table aligncenter\"><table><tbody><tr><td class=\"has-text-align-center\" data-align=\"center\"><strong>1968<\/strong><\/td><td class=\"has-text-align-center\" data-align=\"center\"><strong>Campionato di<\/strong> <strong>Serie B<\/strong><\/td><td class=\"has-text-align-center\" data-align=\"center\">Risultato<\/td><\/tr><tr><td class=\"has-text-align-center\" data-align=\"center\">6 gennaio<\/td><td class=\"has-text-align-center\" data-align=\"center\">Latemar Bolzano-Amatori Milano<\/td><td class=\"has-text-align-center\" data-align=\"center\">5-4 (1-1; 1-2; 3-1)<\/td><\/tr><\/tbody><\/table><\/figure>\n\n\n\n<div class=\"wp-block-image\"><figure class=\"aligncenter size-large is-resized\"><img loading=\"lazy\" decoding=\"async\" src=\"https:\/\/www.milanosiamonoi.com\/wp-content\/uploads\/2022\/08\/68.01.13-B-Auro-AmM-7-1.jpg\" alt=\"\" class=\"wp-image-14558\" width=\"285\" height=\"652\" srcset=\"https:\/\/www.milanosiamonoi.com\/wp-content\/uploads\/2022\/08\/68.01.13-B-Auro-AmM-7-1.jpg 426w, https:\/\/www.milanosiamonoi.com\/wp-content\/uploads\/2022\/08\/68.01.13-B-Auro-AmM-7-1-131x300.jpg 131w, https:\/\/www.milanosiamonoi.com\/wp-content\/uploads\/2022\/08\/68.01.13-B-Auro-AmM-7-1-44x100.jpg 44w, https:\/\/www.milanosiamonoi.com\/wp-content\/uploads\/2022\/08\/68.01.13-B-Auro-AmM-7-1-22x50.jpg 22w, https:\/\/www.milanosiamonoi.com\/wp-content\/uploads\/2022\/08\/68.01.13-B-Auro-AmM-7-1-11x25.jpg 11w\" sizes=\"(max-width: 285px) 100vw, 285px\" \/><figcaption><em>Articolo da &#8220;La Gazzetta dello Sport&#8221;.<\/em><\/figcaption><\/figure><\/div>\n\n\n\n<div class=\"wp-block-image\"><figure class=\"aligncenter size-large is-resized\"><img loading=\"lazy\" decoding=\"async\" src=\"https:\/\/www.milanosiamonoi.com\/wp-content\/uploads\/2022\/08\/68.01.14-B-AmC-AmM-8-2.jpg\" alt=\"\" class=\"wp-image-14559\" width=\"369\" height=\"519\" srcset=\"https:\/\/www.milanosiamonoi.com\/wp-content\/uploads\/2022\/08\/68.01.14-B-AmC-AmM-8-2.jpg 476w, https:\/\/www.milanosiamonoi.com\/wp-content\/uploads\/2022\/08\/68.01.14-B-AmC-AmM-8-2-213x300.jpg 213w, https:\/\/www.milanosiamonoi.com\/wp-content\/uploads\/2022\/08\/68.01.14-B-AmC-AmM-8-2-71x100.jpg 71w, https:\/\/www.milanosiamonoi.com\/wp-content\/uploads\/2022\/08\/68.01.14-B-AmC-AmM-8-2-36x50.jpg 36w, https:\/\/www.milanosiamonoi.com\/wp-content\/uploads\/2022\/08\/68.01.14-B-AmC-AmM-8-2-18x25.jpg 18w\" sizes=\"(max-width: 369px) 100vw, 369px\" \/><figcaption><em>Da &#8220;La Gazzetta dello Sport&#8221;.<\/em><\/figcaption><\/figure><\/div>\n\n\n\n<figure class=\"wp-block-table aligncenter\"><table><tbody><tr><td class=\"has-text-align-center\" data-align=\"center\"><strong>1968<\/strong><\/td><td class=\"has-text-align-center\" data-align=\"center\"><strong>Campionato di<\/strong> <strong>Serie B<\/strong><\/td><td class=\"has-text-align-center\" data-align=\"center\">Risultato<\/td><\/tr><tr><td class=\"has-text-align-center\" data-align=\"center\">19 gennaio<\/td><td class=\"has-text-align-center\" data-align=\"center\">Amatori Milano-Latemar Bolzano<\/td><td class=\"has-text-align-center\" data-align=\"center\">4-17 (0-3; 2-7; 2-7)<\/td><\/tr><tr><td class=\"has-text-align-center\" data-align=\"center\">27 gennaio<\/td><td class=\"has-text-align-center\" data-align=\"center\">Brunico-Amatori Milano<\/td><td class=\"has-text-align-center\" data-align=\"center\">25-1 (8-1; 9-0; 8-0)<\/td><\/tr><\/tbody><\/table><\/figure>\n\n\n\n<div class=\"wp-block-image\"><figure class=\"aligncenter size-large is-resized\"><img loading=\"lazy\" decoding=\"async\" src=\"https:\/\/www.milanosiamonoi.com\/wp-content\/uploads\/2022\/08\/68.01.28-B-LatCa-AmM-12-1.jpg\" alt=\"\" class=\"wp-image-14560\" width=\"376\" height=\"422\" srcset=\"https:\/\/www.milanosiamonoi.com\/wp-content\/uploads\/2022\/08\/68.01.28-B-LatCa-AmM-12-1.jpg 482w, https:\/\/www.milanosiamonoi.com\/wp-content\/uploads\/2022\/08\/68.01.28-B-LatCa-AmM-12-1-267x300.jpg 267w, https:\/\/www.milanosiamonoi.com\/wp-content\/uploads\/2022\/08\/68.01.28-B-LatCa-AmM-12-1-89x100.jpg 89w, https:\/\/www.milanosiamonoi.com\/wp-content\/uploads\/2022\/08\/68.01.28-B-LatCa-AmM-12-1-45x50.jpg 45w, https:\/\/www.milanosiamonoi.com\/wp-content\/uploads\/2022\/08\/68.01.28-B-LatCa-AmM-12-1-22x25.jpg 22w\" sizes=\"(max-width: 376px) 100vw, 376px\" \/><figcaption><em>Da &#8220;La Gazzetta dello Sport&#8221;.<\/em><\/figcaption><\/figure><\/div>\n\n\n\n<p class=\"has-text-align-center\">Serie di nette sconfitte. Squadra chiaramente pi\u00f9 debole rispetto a quelle del recente passato. Purtroppo non si \u00e8 riusciti a ricoprire nel migliore dei modi il ruolo dell&#8217;estremo difensore, ma con il passaggio di Roberto Favaro ai Diavoli e il trasferimento di Gino Rinaldi al Cervino altre soluzione non ce n&#8217;erano. Quello che &#8220;La Gazzetta dello Sport&#8221; indica come Filippini in realt\u00e0 \u00e8 Silipigni portiere degli allievi.<\/p>\n\n\n\n<figure class=\"wp-block-table aligncenter\"><table><tbody><tr><td class=\"has-text-align-center\" data-align=\"center\"><strong>1968<\/strong><\/td><td class=\"has-text-align-center\" data-align=\"center\"><strong>Campionato di<\/strong> <strong>Serie B<\/strong><\/td><td class=\"has-text-align-center\" data-align=\"center\">Risultato<\/td><\/tr><tr><td class=\"has-text-align-center\" data-align=\"center\">31 gennaio<\/td><td class=\"has-text-align-center\" data-align=\"center\">Amatori Milano-Auronzo<\/td><td class=\"has-text-align-center\" data-align=\"center\">3-11<\/td><\/tr><tr><td class=\"has-text-align-center\" data-align=\"center\">7 febbraio<\/td><td class=\"has-text-align-center\" data-align=\"center\">Amatori Milano-Amatori Cortina<\/td><td class=\"has-text-align-center\" data-align=\"center\">2-7<\/td><\/tr><tr><td class=\"has-text-align-center\" data-align=\"center\">9 febbraio<\/td><td class=\"has-text-align-center\" data-align=\"center\">Amatori Milano-Brunico<\/td><td class=\"has-text-align-center\" data-align=\"center\">4-15 (1-2; 2-7; 1-6)<\/td><\/tr><tr><td class=\"has-text-align-center\" data-align=\"center\">16 febbraio<\/td><td class=\"has-text-align-center\" data-align=\"center\">Amatori Milano-Latemar Cavalese<\/td><td class=\"has-text-align-center\" data-align=\"center\">9-5<\/td><\/tr><\/tbody><\/table><\/figure>\n\n\n\n<p class=\"has-text-align-center\">I due punti dell&#8217;unica vittoria giungono nell&#8217;ultima partita contro il Latemar di Cavalese, squadra che aveva ottenuto i suoi due punti nel match di andata.<\/p>\n\n\n\n<figure class=\"wp-block-table aligncenter\"><table><tbody><tr><td><strong>Classifica finale<\/strong><\/td><td class=\"has-text-align-center\" data-align=\"center\">P.ti<\/td><td class=\"has-text-align-center\" data-align=\"center\">G<\/td><td class=\"has-text-align-center\" data-align=\"center\">V<\/td><td class=\"has-text-align-center\" data-align=\"center\">N<\/td><td class=\"has-text-align-center\" data-align=\"center\">P<\/td><td class=\"has-text-align-center\" data-align=\"center\">F &#8211; S<\/td><\/tr><tr><td>1 Brunico<\/td><td class=\"has-text-align-center\" data-align=\"center\">20<\/td><td class=\"has-text-align-center\" data-align=\"center\">10<\/td><td class=\"has-text-align-center\" data-align=\"center\">10<\/td><td class=\"has-text-align-center\" data-align=\"center\">0<\/td><td class=\"has-text-align-center\" data-align=\"center\">0<\/td><td class=\"has-text-align-center\" data-align=\"center\">113-27<\/td><\/tr><tr><td>2 Amatori Cortina<\/td><td class=\"has-text-align-center\" data-align=\"center\">14<\/td><td class=\"has-text-align-center\" data-align=\"center\">10<\/td><td class=\"has-text-align-center\" data-align=\"center\">7<\/td><td class=\"has-text-align-center\" data-align=\"center\">0<\/td><td class=\"has-text-align-center\" data-align=\"center\">3<\/td><td class=\"has-text-align-center\" data-align=\"center\">41-40<\/td><\/tr><tr><td>3 Auronzo<\/td><td class=\"has-text-align-center\" data-align=\"center\">12<\/td><td class=\"has-text-align-center\" data-align=\"center\">10<\/td><td class=\"has-text-align-center\" data-align=\"center\">6<\/td><td class=\"has-text-align-center\" data-align=\"center\">0<\/td><td class=\"has-text-align-center\" data-align=\"center\">4<\/td><td class=\"has-text-align-center\" data-align=\"center\">59-37<\/td><\/tr><tr><td>4 Latemar Bolzano<\/td><td class=\"has-text-align-center\" data-align=\"center\">10<\/td><td class=\"has-text-align-center\" data-align=\"center\">10<\/td><td class=\"has-text-align-center\" data-align=\"center\">5<\/td><td class=\"has-text-align-center\" data-align=\"center\">0<\/td><td class=\"has-text-align-center\" data-align=\"center\">5<\/td><td class=\"has-text-align-center\" data-align=\"center\">59-52<\/td><\/tr><tr><td>5 Latemar Cavalese<\/td><td class=\"has-text-align-center\" data-align=\"center\">2<\/td><td class=\"has-text-align-center\" data-align=\"center\">10<\/td><td class=\"has-text-align-center\" data-align=\"center\">1<\/td><td class=\"has-text-align-center\" data-align=\"center\">0<\/td><td class=\"has-text-align-center\" data-align=\"center\">9<\/td><td class=\"has-text-align-center\" data-align=\"center\">40-75<\/td><\/tr><tr><td>6 Amatori Milano<\/td><td class=\"has-text-align-center\" data-align=\"center\">2<\/td><td class=\"has-text-align-center\" data-align=\"center\">10<\/td><td class=\"has-text-align-center\" data-align=\"center\">1<\/td><td class=\"has-text-align-center\" data-align=\"center\">0<\/td><td class=\"has-text-align-center\" data-align=\"center\">9<\/td><td class=\"has-text-align-center\" data-align=\"center\">31-112<\/td><\/tr><\/tbody><\/table><\/figure>\n\n\n\n<p class=\"has-text-align-center\">Delle trentuno reti realizzate sono noti solo i marcatori delle partite giocate con Auronzo (7-1), Amatori Cortina (8-2) e Latemar Cavalese (12-1): Giovanni Ceserani (2) e Sergio Freda (2).<\/p>\n\n\n\n<div class=\"wp-block-image\"><figure class=\"aligncenter size-large\"><img loading=\"lazy\" decoding=\"async\" width=\"300\" height=\"300\" src=\"https:\/\/www.milanosiamonoi.com\/wp-content\/uploads\/2022\/01\/logo-ambrosiano60-300x300-1.jpg\" alt=\"\" class=\"wp-image-12106\" srcset=\"https:\/\/www.milanosiamonoi.com\/wp-content\/uploads\/2022\/01\/logo-ambrosiano60-300x300-1.jpg 300w, https:\/\/www.milanosiamonoi.com\/wp-content\/uploads\/2022\/01\/logo-ambrosiano60-300x300-1-150x150.jpg 150w, https:\/\/www.milanosiamonoi.com\/wp-content\/uploads\/2022\/01\/logo-ambrosiano60-300x300-1-100x100.jpg 100w, https:\/\/www.milanosiamonoi.com\/wp-content\/uploads\/2022\/01\/logo-ambrosiano60-300x300-1-50x50.jpg 50w, https:\/\/www.milanosiamonoi.com\/wp-content\/uploads\/2022\/01\/logo-ambrosiano60-300x300-1-25x25.jpg 25w, https:\/\/www.milanosiamonoi.com\/wp-content\/uploads\/2022\/01\/logo-ambrosiano60-300x300-1-90x90.jpg 90w\" sizes=\"(max-width: 300px) 100vw, 300px\" \/><\/figure><\/div>\n\n\n\n<figure class=\"wp-block-table aligncenter\"><table><tbody><tr><td><strong>HOCKEY CLUB AMBROSIANO MILANO<\/strong><\/td><\/tr><\/tbody><\/table><\/figure>\n\n\n\n<figure class=\"wp-block-table\"><table><tbody><tr><td class=\"has-text-align-center\" data-align=\"center\"><strong>Ruolo<\/strong><\/td><td><strong>Giocatori con almeno una presenza in prima squadra.<\/strong><\/td><\/tr><tr><td class=\"has-text-align-center\" data-align=\"center\">P<\/td><td>Antonio Ingegnoli.<\/td><\/tr><tr><td class=\"has-text-align-center\" data-align=\"center\">D<\/td><td>Silvano Banfi, Augusto E. Da Rios, Umberto Fortunati, Ettore Ulasio, Gigi Talamona, Giovanni Volpe, Zambon. <\/td><\/tr><tr><td class=\"has-text-align-center\" data-align=\"center\">A<\/td><td>Benassai, Feliciano Bollina, Leonardo Borgia, Giuseppe Brizio, Renato Brizio, Paolo Cavaliere, Sandro Cuocci, Michelotti, Mario Paracchini (C), Pizzi.<\/td><\/tr><\/tbody><\/table><\/figure>\n\n\n\n<p class=\"has-text-align-center\">Innesto importante quello di Gigi Talamona, si alterner\u00e0 in difesa e in attacco. Luigi Rivolta si unisce agli ex amatorini che scelgono di giocare a Cervinia. Rosa completata da elementi del settore giovanile. Biancazzurri nel girone occidentale di Promozione con Cervino, Sestriere (gioca a Torino) e Valpellice. Con la formazione valdostana \u00e8 quasi un derby: prima di campionato a Milano.<\/p>\n\n\n\n<div class=\"wp-block-image\"><figure class=\"aligncenter size-large is-resized\"><img loading=\"lazy\" decoding=\"async\" src=\"https:\/\/www.milanosiamonoi.com\/wp-content\/uploads\/2022\/08\/67.12.30-PA-Cerv-Amb-5-4.jpg\" alt=\"\" class=\"wp-image-14573\" width=\"369\" height=\"491\" srcset=\"https:\/\/www.milanosiamonoi.com\/wp-content\/uploads\/2022\/08\/67.12.30-PA-Cerv-Amb-5-4.jpg 404w, https:\/\/www.milanosiamonoi.com\/wp-content\/uploads\/2022\/08\/67.12.30-PA-Cerv-Amb-5-4-226x300.jpg 226w, https:\/\/www.milanosiamonoi.com\/wp-content\/uploads\/2022\/08\/67.12.30-PA-Cerv-Amb-5-4-75x100.jpg 75w, https:\/\/www.milanosiamonoi.com\/wp-content\/uploads\/2022\/08\/67.12.30-PA-Cerv-Amb-5-4-38x50.jpg 38w, https:\/\/www.milanosiamonoi.com\/wp-content\/uploads\/2022\/08\/67.12.30-PA-Cerv-Amb-5-4-19x25.jpg 19w\" sizes=\"(max-width: 369px) 100vw, 369px\" \/><figcaption><em>Da &#8220;La Gazzetta dello Sport&#8221;.<\/em><\/figcaption><\/figure><\/div>\n\n\n\n<figure class=\"wp-block-table aligncenter\"><table><tbody><tr><td class=\"has-text-align-center\" data-align=\"center\"><strong>1968<\/strong><\/td><td class=\"has-text-align-center\" data-align=\"center\"><strong>Promozione &#8211; Girone A<\/strong><\/td><td class=\"has-text-align-center\" data-align=\"center\"><strong>Risultato<\/strong><\/td><\/tr><tr><td class=\"has-text-align-center\" data-align=\"center\">10 gennaio<\/td><td class=\"has-text-align-center\" data-align=\"center\">Sestriere-Ambrosiano<\/td><td class=\"has-text-align-center\" data-align=\"center\">5-3<\/td><\/tr><\/tbody><\/table><\/figure>\n\n\n\n<div class=\"wp-block-image\"><figure class=\"aligncenter size-large\"><img loading=\"lazy\" decoding=\"async\" width=\"836\" height=\"457\" src=\"https:\/\/www.milanosiamonoi.com\/wp-content\/uploads\/2022\/08\/68.01.21-PA-Valpe-Ambro-2-6-skeda.jpg\" alt=\"\" class=\"wp-image-14574\" srcset=\"https:\/\/www.milanosiamonoi.com\/wp-content\/uploads\/2022\/08\/68.01.21-PA-Valpe-Ambro-2-6-skeda.jpg 836w, https:\/\/www.milanosiamonoi.com\/wp-content\/uploads\/2022\/08\/68.01.21-PA-Valpe-Ambro-2-6-skeda-300x164.jpg 300w, https:\/\/www.milanosiamonoi.com\/wp-content\/uploads\/2022\/08\/68.01.21-PA-Valpe-Ambro-2-6-skeda-768x420.jpg 768w, https:\/\/www.milanosiamonoi.com\/wp-content\/uploads\/2022\/08\/68.01.21-PA-Valpe-Ambro-2-6-skeda-100x55.jpg 100w, https:\/\/www.milanosiamonoi.com\/wp-content\/uploads\/2022\/08\/68.01.21-PA-Valpe-Ambro-2-6-skeda-50x27.jpg 50w, https:\/\/www.milanosiamonoi.com\/wp-content\/uploads\/2022\/08\/68.01.21-PA-Valpe-Ambro-2-6-skeda-25x14.jpg 25w, https:\/\/www.milanosiamonoi.com\/wp-content\/uploads\/2022\/08\/68.01.21-PA-Valpe-Ambro-2-6-skeda-740x405.jpg 740w\" sizes=\"(max-width: 836px) 100vw, 836px\" \/><\/figure><\/div>\n\n\n\n<figure class=\"wp-block-table aligncenter\"><table><tbody><tr><td class=\"has-text-align-center\" data-align=\"center\"><strong>1968<\/strong><\/td><td class=\"has-text-align-center\" data-align=\"center\"><strong>Promozione &#8211; Girone A<\/strong><\/td><td class=\"has-text-align-center\" data-align=\"center\">Risultato<\/td><\/tr><tr><td class=\"has-text-align-center\" data-align=\"center\">26 gennaio<\/td><td class=\"has-text-align-center\" data-align=\"center\">Ambrosiano-Sestriere<\/td><td class=\"has-text-align-center\" data-align=\"center\">1-6<\/td><\/tr><tr><td class=\"has-text-align-center\" data-align=\"center\"><\/td><td class=\"has-text-align-center\" data-align=\"center\"><strong>Partita amichevole<\/strong><\/td><td class=\"has-text-align-center\" data-align=\"center\"><\/td><\/tr><tr><td class=\"has-text-align-center\" data-align=\"center\">27 gennaio<\/td><td class=\"has-text-align-center\" data-align=\"center\">Poschiavo-Ambrosiano<\/td><td class=\"has-text-align-center\" data-align=\"center\">4-6<\/td><\/tr><\/tbody><\/table><\/figure>\n\n\n\n<div class=\"wp-block-image\"><figure class=\"aligncenter size-large\"><img loading=\"lazy\" decoding=\"async\" width=\"836\" height=\"457\" src=\"https:\/\/www.milanosiamonoi.com\/wp-content\/uploads\/2022\/08\/68.02.06-PA-Ambro-Valpe-8-4-skeda.jpg\" alt=\"\" class=\"wp-image-14575\" srcset=\"https:\/\/www.milanosiamonoi.com\/wp-content\/uploads\/2022\/08\/68.02.06-PA-Ambro-Valpe-8-4-skeda.jpg 836w, https:\/\/www.milanosiamonoi.com\/wp-content\/uploads\/2022\/08\/68.02.06-PA-Ambro-Valpe-8-4-skeda-300x164.jpg 300w, https:\/\/www.milanosiamonoi.com\/wp-content\/uploads\/2022\/08\/68.02.06-PA-Ambro-Valpe-8-4-skeda-768x420.jpg 768w, https:\/\/www.milanosiamonoi.com\/wp-content\/uploads\/2022\/08\/68.02.06-PA-Ambro-Valpe-8-4-skeda-100x55.jpg 100w, https:\/\/www.milanosiamonoi.com\/wp-content\/uploads\/2022\/08\/68.02.06-PA-Ambro-Valpe-8-4-skeda-50x27.jpg 50w, https:\/\/www.milanosiamonoi.com\/wp-content\/uploads\/2022\/08\/68.02.06-PA-Ambro-Valpe-8-4-skeda-25x14.jpg 25w, https:\/\/www.milanosiamonoi.com\/wp-content\/uploads\/2022\/08\/68.02.06-PA-Ambro-Valpe-8-4-skeda-740x405.jpg 740w\" sizes=\"(max-width: 836px) 100vw, 836px\" \/><\/figure><\/div>\n\n\n\n<figure class=\"wp-block-table aligncenter\"><table><tbody><tr><td class=\"has-text-align-center\" data-align=\"center\"><strong>1968<\/strong><\/td><td class=\"has-text-align-center\" data-align=\"center\"><strong>Promozione &#8211; Girone A<\/strong><\/td><td class=\"has-text-align-center\" data-align=\"center\">Risultato<\/td><\/tr><tr><td class=\"has-text-align-center\" data-align=\"center\">22 febbraio<\/td><td class=\"has-text-align-center\" data-align=\"center\">Cervino-Ambrosiano<\/td><td class=\"has-text-align-center\" data-align=\"center\">2-7<\/td><\/tr><\/tbody><\/table><\/figure>\n\n\n\n<figure class=\"wp-block-table aligncenter\"><table><tbody><tr><td><strong>Classifica girone A<\/strong><\/td><td class=\"has-text-align-center\" data-align=\"center\">P.ti<\/td><td class=\"has-text-align-center\" data-align=\"center\">G<\/td><td class=\"has-text-align-center\" data-align=\"center\">V<\/td><td class=\"has-text-align-center\" data-align=\"center\">N<\/td><td class=\"has-text-align-center\" data-align=\"center\">P<\/td><td class=\"has-text-align-center\" data-align=\"center\">F &#8211; S<\/td><\/tr><tr><td>1 Cervino<\/td><td class=\"has-text-align-center\" data-align=\"center\">8<\/td><td class=\"has-text-align-center\" data-align=\"center\">6<\/td><td class=\"has-text-align-center\" data-align=\"center\">4<\/td><td class=\"has-text-align-center\" data-align=\"center\">0<\/td><td class=\"has-text-align-center\" data-align=\"center\">2<\/td><td class=\"has-text-align-center\" data-align=\"center\">26-22<\/td><\/tr><tr><td>2 Sestriere<\/td><td class=\"has-text-align-center\" data-align=\"center\">7<\/td><td class=\"has-text-align-center\" data-align=\"center\">6<\/td><td class=\"has-text-align-center\" data-align=\"center\">3<\/td><td class=\"has-text-align-center\" data-align=\"center\">1<\/td><td class=\"has-text-align-center\" data-align=\"center\">2<\/td><td class=\"has-text-align-center\" data-align=\"center\">31-24<\/td><\/tr><tr><td>3 Ambrosiano<\/td><td class=\"has-text-align-center\" data-align=\"center\">6<\/td><td class=\"has-text-align-center\" data-align=\"center\">6<\/td><td class=\"has-text-align-center\" data-align=\"center\">3<\/td><td class=\"has-text-align-center\" data-align=\"center\">0<\/td><td class=\"has-text-align-center\" data-align=\"center\">3<\/td><td class=\"has-text-align-center\" data-align=\"center\">29-24<\/td><\/tr><tr><td>4 Valpellice<\/td><td class=\"has-text-align-center\" data-align=\"center\">3<\/td><td class=\"has-text-align-center\" data-align=\"center\">6<\/td><td class=\"has-text-align-center\" data-align=\"center\">1<\/td><td class=\"has-text-align-center\" data-align=\"center\">1<\/td><td class=\"has-text-align-center\" data-align=\"center\">4<\/td><td class=\"has-text-align-center\" data-align=\"center\">19-35<\/td><\/tr><\/tbody><\/table><\/figure>\n\n\n\n<figure class=\"wp-block-table aligncenter\"><table><tbody><tr><td><strong>Classifica marcatori stagionali Ambrosiano<\/strong><\/td><td class=\"has-text-align-center\" data-align=\"center\">Reti<\/td><\/tr><tr><td>Giuseppe Brizio e Sandro Cuocci<\/td><td class=\"has-text-align-center\" data-align=\"center\">4<\/td><\/tr><tr><td>Benassai, Renato Brizio, Gigi Talamona<\/td><td class=\"has-text-align-center\" data-align=\"center\">2<\/td><\/tr><tr><td>Brizio senza indicare nome proprio<\/td><td class=\"has-text-align-center\" data-align=\"center\">2<\/td><\/tr><tr><td>Silvano Banfi<\/td><td class=\"has-text-align-center\" data-align=\"center\">1<\/td><\/tr><tr><td>Mancano i marcatori di 11 reti:<\/td><td class=\"has-text-align-center\" data-align=\"center\"><\/td><\/tr><tr><td>Sestriere (4) e Cervino (7).<\/td><td class=\"has-text-align-center\" data-align=\"center\"><\/td><\/tr><\/tbody><\/table><\/figure>\n\n\n\n<p class=\"has-text-align-center\">Il Cervino si qualifica per il girone finale con Vipiteno e Asiago primi classificati degli altri due gironi.<\/p>\n\n\n\n<figure class=\"wp-block-table aligncenter\"><table><tbody><tr><td>Girone B<\/td><td>Vipiteno punti 10, Neumarkt 6, Canazei 4, Catinaccio 2.<\/td><\/tr><tr><td>Girone C<\/td><td>Asiago punti 8, Pieve di Cadore 0.<\/td><\/tr><\/tbody><\/table><\/figure>\n\n\n\n<figure class=\"wp-block-table aligncenter\"><table><tbody><tr><td class=\"has-text-align-center\" data-align=\"center\"><strong>1968<\/strong><\/td><td class=\"has-text-align-center\" data-align=\"center\"><strong>Bolzano &#8211; Girone finale Promozione<\/strong><\/td><td class=\"has-text-align-center\" data-align=\"center\">Risultati<\/td><\/tr><tr><td class=\"has-text-align-center\" data-align=\"center\">23 febbraio<\/td><td class=\"has-text-align-center\" data-align=\"center\">Asiago-Vipiteno<\/td><td class=\"has-text-align-center\" data-align=\"center\">10-7 (2-1; 4-5; 4-1)<\/td><\/tr><tr><td class=\"has-text-align-center\" data-align=\"center\">24 febbraio<\/td><td class=\"has-text-align-center\" data-align=\"center\">Asiago-Cervino<\/td><td class=\"has-text-align-center\" data-align=\"center\">4-1 (1-0; 0-1; 3-0)<\/td><\/tr><tr><td class=\"has-text-align-center\" data-align=\"center\">25 febbraio<\/td><td class=\"has-text-align-center\" data-align=\"center\">Vipiteno-Cervino<\/td><td class=\"has-text-align-center\" data-align=\"center\">5-4 (2-0; 2-1; 1-3)<\/td><\/tr><\/tbody><\/table><\/figure>\n\n\n\n<p class=\"has-text-align-center\">L&#8217;Asiago vince il campionato di Promozione.<\/p>\n\n\n\n<div class=\"wp-block-image\"><figure class=\"aligncenter size-large\"><img loading=\"lazy\" decoding=\"async\" width=\"928\" height=\"563\" src=\"https:\/\/www.milanosiamonoi.com\/wp-content\/uploads\/2022\/08\/67-68-HC-Cervino-Bressan-piccola.jpg\" alt=\"\" class=\"wp-image-14578\" srcset=\"https:\/\/www.milanosiamonoi.com\/wp-content\/uploads\/2022\/08\/67-68-HC-Cervino-Bressan-piccola.jpg 928w, https:\/\/www.milanosiamonoi.com\/wp-content\/uploads\/2022\/08\/67-68-HC-Cervino-Bressan-piccola-300x182.jpg 300w, https:\/\/www.milanosiamonoi.com\/wp-content\/uploads\/2022\/08\/67-68-HC-Cervino-Bressan-piccola-768x466.jpg 768w, https:\/\/www.milanosiamonoi.com\/wp-content\/uploads\/2022\/08\/67-68-HC-Cervino-Bressan-piccola-100x61.jpg 100w, https:\/\/www.milanosiamonoi.com\/wp-content\/uploads\/2022\/08\/67-68-HC-Cervino-Bressan-piccola-50x30.jpg 50w, https:\/\/www.milanosiamonoi.com\/wp-content\/uploads\/2022\/08\/67-68-HC-Cervino-Bressan-piccola-25x15.jpg 25w, https:\/\/www.milanosiamonoi.com\/wp-content\/uploads\/2022\/08\/67-68-HC-Cervino-Bressan-piccola-740x449.jpg 740w\" sizes=\"(max-width: 928px) 100vw, 928px\" \/><figcaption><em>HC Cervino &#8220;alla milanese&#8221;; da sinistra in piedi: <strong>Bedogni, Guccione, Bressan<\/strong>, il presidente Ottini, non id., Achille Compagnoni, non id.,<strong> Seveso<\/strong>, Battistello. In prima fila: <strong>Galli, Gino Rinaldi, Signorini<\/strong>, Navillod, <strong>Rivolta, <\/strong>Compagnoni jr.<\/em><\/figcaption><\/figure><\/div>\n\n\n\n<figure class=\"wp-block-table aligncenter\"><table><tbody><tr><td><strong>CAMPIONATO ALLIEVI 1967\/68 DELLE SQUADRE MILANESI<\/strong><\/td><\/tr><\/tbody><\/table><\/figure>\n\n\n\n<p class=\"has-text-align-center\">Al campionato di categoria si iscrivono i Diavoli Milano e l&#8217;Amatori Milano. I Diavoli si affermano nel girone eliminatorio di cui fa parte anche il Torino,  ma vengono eliminati dal Latemar Bolzano che si aggiudicher\u00e0 il titolo superando nel girone finale Gardena e Amatori Cortina. Il divario tra le prime tre classificate e tutte le altre \u00e8 enorme, la differenza \u00e8 data dal numero di ore a disposizione per pratica e allenamenti. A Milano con poco meno di due ore a settimana non \u00e8 possibile ottenere migliori risultati.<\/p>\n\n\n\n<div class=\"wp-block-image\"><figure class=\"aligncenter size-large is-resized\"><img loading=\"lazy\" decoding=\"async\" src=\"https:\/\/www.milanosiamonoi.com\/wp-content\/uploads\/2022\/09\/68.01.10-All-DM-AmM-21-0-Bettagno.jpg\" alt=\"\" class=\"wp-image-14604\" width=\"327\" height=\"505\" srcset=\"https:\/\/www.milanosiamonoi.com\/wp-content\/uploads\/2022\/09\/68.01.10-All-DM-AmM-21-0-Bettagno.jpg 372w, https:\/\/www.milanosiamonoi.com\/wp-content\/uploads\/2022\/09\/68.01.10-All-DM-AmM-21-0-Bettagno-194x300.jpg 194w, https:\/\/www.milanosiamonoi.com\/wp-content\/uploads\/2022\/09\/68.01.10-All-DM-AmM-21-0-Bettagno-65x100.jpg 65w, https:\/\/www.milanosiamonoi.com\/wp-content\/uploads\/2022\/09\/68.01.10-All-DM-AmM-21-0-Bettagno-32x50.jpg 32w, https:\/\/www.milanosiamonoi.com\/wp-content\/uploads\/2022\/09\/68.01.10-All-DM-AmM-21-0-Bettagno-16x25.jpg 16w\" sizes=\"(max-width: 327px) 100vw, 327px\" \/><figcaption><em>Partita del girone A. (La Gazzetta dello Sport&#8221;<\/em>.<\/figcaption><\/figure><\/div>\n\n\n\n<figure class=\"wp-block-table\"><table><tbody><tr><td><strong><a href=\"https:\/\/www.milanosiamonoi.com\/index.php\/campionati\/dal-1960-al-1969-vs-cortina\/1966-1967-amatori-mi-ambrosiano-e-allievi\/\">stagione precedente<\/a><\/strong><\/td><td class=\"has-text-align-right\" data-align=\"right\"><strong><a href=\"https:\/\/www.milanosiamonoi.com\/index.php\/campionati\/dal-1960-al-1969-vs-cortina\/1968-1969-amatori-ambrosiano-hc-milano\/\">stagione successiva<\/a><\/strong><\/td><\/tr><\/tbody><\/table><\/figure>\n\n\n\n<figure class=\"wp-block-table\"><table><tbody><tr><td class=\"has-text-align-center\" data-align=\"center\"><strong><a href=\"https:\/\/www.milanosiamonoi.com\/index.php\/campionati\/dal-1960-al-1969-vs-cortina\/1967-1968-diavoli-hc-milano\/\">Diavoli Hc Milano Vov<\/a><\/strong><\/td><\/tr><\/tbody><\/table><\/figure>\n\n\n\n<p class=\"has-text-align-center\"> <\/p>\n","protected":false},"excerpt":{"rendered":"<p>Presidente Lidio Castello Allenatore Adriano Cremonesi Ruolo Giocatori con almeno una presenza in prima squadra. P Roberto Pennisi, Enrico Silipigni, Zago. D Emilio Delfino, Gianni&#8230;<\/p>\n","protected":false},"author":2,"featured_media":0,"parent":1471,"menu_order":17,"comment_status":"closed","ping_status":"closed","template":"","meta":{"spay_email":"","footnotes":""},"_links":{"self":[{"href":"https:\/\/www.milanosiamonoi.com\/index.php\/wp-json\/wp\/v2\/pages\/14550"}],"collection":[{"href":"https:\/\/www.milanosiamonoi.com\/index.php\/wp-json\/wp\/v2\/pages"}],"about":[{"href":"https:\/\/www.milanosiamonoi.com\/index.php\/wp-json\/wp\/v2\/types\/page"}],"author":[{"embeddable":true,"href":"https:\/\/www.milanosiamonoi.com\/index.php\/wp-json\/wp\/v2\/users\/2"}],"replies":[{"embeddable":true,"href":"https:\/\/www.milanosiamonoi.com\/index.php\/wp-json\/wp\/v2\/comments?post=14550"}],"version-history":[{"count":47,"href":"https:\/\/www.milanosiamonoi.com\/index.php\/wp-json\/wp\/v2\/pages\/14550\/revisions"}],"predecessor-version":[{"id":16471,"href":"https:\/\/www.milanosiamonoi.com\/index.php\/wp-json\/wp\/v2\/pages\/14550\/revisions\/16471"}],"up":[{"embeddable":true,"href":"https:\/\/www.milanosiamonoi.com\/index.php\/wp-json\/wp\/v2\/pages\/1471"}],"wp:attachment":[{"href":"https:\/\/www.milanosiamonoi.com\/index.php\/wp-json\/wp\/v2\/media?parent=14550"}],"curies":[{"name":"wp","href":"https:\/\/api.w.org\/{rel}","templated":true}]}}