{"id":14418,"date":"2023-03-28T10:36:44","date_gmt":"2023-03-28T10:36:44","guid":{"rendered":"http:\/\/milanosiamonoi.com\/?page_id=14418"},"modified":"2023-06-20T19:36:57","modified_gmt":"2023-06-20T19:36:57","slug":"1967-1968-diavoli-hc-milano","status":"publish","type":"page","link":"https:\/\/www.milanosiamonoi.com\/index.php\/campionati\/dal-1960-al-1969-vs-cortina\/1967-1968-diavoli-hc-milano\/","title":{"rendered":"1967\/1968 Diavoli HC Milano"},"content":{"rendered":"\n<div class=\"wp-block-image\"><figure class=\"aligncenter size-large\"><img loading=\"lazy\" decoding=\"async\" width=\"300\" height=\"300\" src=\"https:\/\/www.milanosiamonoi.com\/wp-content\/uploads\/2022\/08\/logo-diavolivov2-300x300-1.jpg\" alt=\"\" class=\"wp-image-14411\" srcset=\"https:\/\/www.milanosiamonoi.com\/wp-content\/uploads\/2022\/08\/logo-diavolivov2-300x300-1.jpg 300w, https:\/\/www.milanosiamonoi.com\/wp-content\/uploads\/2022\/08\/logo-diavolivov2-300x300-1-150x150.jpg 150w, https:\/\/www.milanosiamonoi.com\/wp-content\/uploads\/2022\/08\/logo-diavolivov2-300x300-1-100x100.jpg 100w, https:\/\/www.milanosiamonoi.com\/wp-content\/uploads\/2022\/08\/logo-diavolivov2-300x300-1-50x50.jpg 50w, https:\/\/www.milanosiamonoi.com\/wp-content\/uploads\/2022\/08\/logo-diavolivov2-300x300-1-25x25.jpg 25w, https:\/\/www.milanosiamonoi.com\/wp-content\/uploads\/2022\/08\/logo-diavolivov2-300x300-1-90x90.jpg 90w\" sizes=\"(max-width: 300px) 100vw, 300px\" \/><\/figure><\/div>\n\n\n\n<figure class=\"wp-block-table aligncenter\"><table><tbody><tr><td>Presidente<\/td><td>Tullio Monzino<\/td><\/tr><tr><td>Allenatore<\/td><td>Josef Ruzicka<\/td><\/tr><\/tbody><\/table><\/figure>\n\n\n\n<figure class=\"wp-block-table\"><table><tbody><tr><td class=\"has-text-align-center\" data-align=\"center\"><strong>Ruolo<\/strong><\/td><td><strong>Giocatori con almeno una presenza in prima squadra.<\/strong><\/td><\/tr><tr><td class=\"has-text-align-center\" data-align=\"center\">P<\/td><td>1 Franco Viale, 18 Roberto Favaro.<\/td><\/tr><tr><td class=\"has-text-align-center\" data-align=\"center\">D<\/td><td>2 Walter De Toni, 3 Luciano Nucci, 4 Marco Lusena, 5 Andrea Lusena, 12 Franco Gallo.<\/td><\/tr><tr><td class=\"has-text-align-center\" data-align=\"center\">A<\/td><td>6 Werner Holzner, 7 Valter La Fisca, 8 Tino Crotti, 9 Giampiero Branduardi (C), 10 Renato De Toni, 11 Gianfranco Rudatis, 14 Orlando De Toni, 15 Orazio De Toni, 16 Patrick Adair, Claudio Gentile.<\/td><\/tr><tr><td class=\"has-text-align-center\" data-align=\"center\">Rinforzi<\/td><td>Gianfranco Da Rin, Alberto Darin, Enrico Benedetti, Ruggero Savaris (Cortina), Bryan Whittal (Torino), Ken Killoran.<\/td><\/tr><\/tbody><\/table><\/figure>\n\n\n\n<p class=\"has-text-align-center\">Le &#8220;notizione&#8221; arrivano nei primi giorni di agosto, i Diavoli hanno ingaggiato Pat Adair, asso canadese ambito da molti club europei, gran goleador che ha trovato la sua migliore dimensione nel Vecchio Continente.<\/p>\n\n\n\n<div class=\"wp-block-image\"><figure class=\"aligncenter size-large\"><img loading=\"lazy\" decoding=\"async\" width=\"453\" height=\"600\" src=\"https:\/\/www.milanosiamonoi.com\/wp-content\/uploads\/2023\/03\/adair_arrivo.jpg\" alt=\"\" class=\"wp-image-16094\" srcset=\"https:\/\/www.milanosiamonoi.com\/wp-content\/uploads\/2023\/03\/adair_arrivo.jpg 453w, https:\/\/www.milanosiamonoi.com\/wp-content\/uploads\/2023\/03\/adair_arrivo-227x300.jpg 227w, https:\/\/www.milanosiamonoi.com\/wp-content\/uploads\/2023\/03\/adair_arrivo-76x100.jpg 76w, https:\/\/www.milanosiamonoi.com\/wp-content\/uploads\/2023\/03\/adair_arrivo-38x50.jpg 38w, https:\/\/www.milanosiamonoi.com\/wp-content\/uploads\/2023\/03\/adair_arrivo-19x25.jpg 19w\" sizes=\"(max-width: 453px) 100vw, 453px\" \/><figcaption><em>L&#8217;arrivo a Milano di Pat Adair insieme alla moglie e al figlio<\/em>.<\/figcaption><\/figure><\/div>\n\n\n\n<p class=\"has-text-align-center\"> Dalla Cecoslovacchia arriva il nuovo allenatore: Josef Ruzicka. Per diversi anni \u00e8 stato il coach della Nazionale under 21, la dirigenza dei Diavoli si affida a lui anche per la cura del vivaio. Finalmente sulle maglie biancorosse comparir\u00e0 una scritta pubblicitaria; raggiunto l&#8217;accordo con i produttori del famoso liquore a base di uova Vov.<\/p>\n\n\n\n<div class=\"wp-block-image\"><figure class=\"aligncenter size-large\"><img loading=\"lazy\" decoding=\"async\" width=\"300\" height=\"300\" src=\"https:\/\/www.milanosiamonoi.com\/wp-content\/uploads\/2022\/08\/logo-diavolivov-300x300-1.jpg\" alt=\"\" class=\"wp-image-14410\" srcset=\"https:\/\/www.milanosiamonoi.com\/wp-content\/uploads\/2022\/08\/logo-diavolivov-300x300-1.jpg 300w, https:\/\/www.milanosiamonoi.com\/wp-content\/uploads\/2022\/08\/logo-diavolivov-300x300-1-150x150.jpg 150w, https:\/\/www.milanosiamonoi.com\/wp-content\/uploads\/2022\/08\/logo-diavolivov-300x300-1-100x100.jpg 100w, https:\/\/www.milanosiamonoi.com\/wp-content\/uploads\/2022\/08\/logo-diavolivov-300x300-1-50x50.jpg 50w, https:\/\/www.milanosiamonoi.com\/wp-content\/uploads\/2022\/08\/logo-diavolivov-300x300-1-25x25.jpg 25w, https:\/\/www.milanosiamonoi.com\/wp-content\/uploads\/2022\/08\/logo-diavolivov-300x300-1-90x90.jpg 90w\" sizes=\"(max-width: 300px) 100vw, 300px\" \/><\/figure><\/div>\n\n\n\n<div class=\"wp-block-image\"><figure class=\"aligncenter size-large\"><img loading=\"lazy\" decoding=\"async\" width=\"701\" height=\"680\" src=\"https:\/\/www.milanosiamonoi.com\/wp-content\/uploads\/2022\/08\/67.12-foto-allenam.-DM-A.-Lusena-e-Orazio-De-Toni-libro-MFeTC.jpg\" alt=\"\" class=\"wp-image-14484\" srcset=\"https:\/\/www.milanosiamonoi.com\/wp-content\/uploads\/2022\/08\/67.12-foto-allenam.-DM-A.-Lusena-e-Orazio-De-Toni-libro-MFeTC.jpg 701w, https:\/\/www.milanosiamonoi.com\/wp-content\/uploads\/2022\/08\/67.12-foto-allenam.-DM-A.-Lusena-e-Orazio-De-Toni-libro-MFeTC-300x291.jpg 300w, https:\/\/www.milanosiamonoi.com\/wp-content\/uploads\/2022\/08\/67.12-foto-allenam.-DM-A.-Lusena-e-Orazio-De-Toni-libro-MFeTC-100x97.jpg 100w, https:\/\/www.milanosiamonoi.com\/wp-content\/uploads\/2022\/08\/67.12-foto-allenam.-DM-A.-Lusena-e-Orazio-De-Toni-libro-MFeTC-50x50.jpg 50w, https:\/\/www.milanosiamonoi.com\/wp-content\/uploads\/2022\/08\/67.12-foto-allenam.-DM-A.-Lusena-e-Orazio-De-Toni-libro-MFeTC-25x25.jpg 25w\" sizes=\"(max-width: 701px) 100vw, 701px\" \/><figcaption><em>Andrea Lusena e Orazio De Toni in allenamento. (foto libro Crotti-Forte &#8211; De Vecchi Ed.)<\/em><\/figcaption><\/figure><\/div>\n\n\n\n<p class=\"has-text-align-center\">Il 12 ottobre presentazione di squadra e stagione al Circolo della Stampa a Palazzo Serbelloni. Con Tullio Monzino i vice-presidenti Erminio Casella e Giulio Ferrario. Presenti il patron di Grandi Marche Associate Amedeo Dalle Molle e l&#8217;AD di Vov Romolo Rossi. Gino Bestagini coordiner\u00e0 un lavoro d&#8217;\u00e9quipe, decisioni tecniche nelle mani di Ruzicka, Aldo Federici collaboratore. La rosa include l&#8217;ex amatorino Roberto Favaro e si rafforza con un buon numero di giocatori scuola Alleghe: Walter, Orlando, Orazio De Toni e Gianfranco Rudatis. Dagli allievi sale in prima squadra Valter La Fisca. Tifosi sorpresi dalla partenza per Torino (serie A) di Renato Brivio, Ernesto Paracchini e Giorgio Rigamonti, con loro il roster sarebbe stato di diciannove elementi: roba da squadra pro. A Torino si accasa anche Bryan Whittal, ma per lui a Milano non c&#8217;era pi\u00f9 spazio. Da segnalare il ritiro di Gianfranco Rigamonti e il passaggio di Gigi Talamona all&#8217;Ambrosiano: continua solo per passione.<\/p>\n\n\n\n<div class=\"wp-block-image\"><figure class=\"aligncenter size-large\"><img loading=\"lazy\" decoding=\"async\" width=\"970\" height=\"675\" src=\"https:\/\/www.milanosiamonoi.com\/wp-content\/uploads\/2022\/08\/67-68-foto-DM-Favaro.png\" alt=\"\" class=\"wp-image-14486\" srcset=\"https:\/\/www.milanosiamonoi.com\/wp-content\/uploads\/2022\/08\/67-68-foto-DM-Favaro.png 970w, https:\/\/www.milanosiamonoi.com\/wp-content\/uploads\/2022\/08\/67-68-foto-DM-Favaro-300x209.png 300w, https:\/\/www.milanosiamonoi.com\/wp-content\/uploads\/2022\/08\/67-68-foto-DM-Favaro-768x534.png 768w, https:\/\/www.milanosiamonoi.com\/wp-content\/uploads\/2022\/08\/67-68-foto-DM-Favaro-100x70.png 100w, https:\/\/www.milanosiamonoi.com\/wp-content\/uploads\/2022\/08\/67-68-foto-DM-Favaro-50x35.png 50w, https:\/\/www.milanosiamonoi.com\/wp-content\/uploads\/2022\/08\/67-68-foto-DM-Favaro-25x17.png 25w, https:\/\/www.milanosiamonoi.com\/wp-content\/uploads\/2022\/08\/67-68-foto-DM-Favaro-740x515.png 740w\" sizes=\"(max-width: 970px) 100vw, 970px\" \/><figcaption><em>Da sinistra in piedi: Pratellesi, Nucci, Renato De Toni, Rudatis, Gallo, Orazio De Toni, Marco Lusena, Adair, Ruzicka. In prima fila: Viale, Favaro, Orlando De Toni, Walter La Fisca, Branduardi, Werner Holzner, Walter De Toni, Crotti.<\/em><\/figcaption><\/figure><\/div>\n\n\n\n<div class=\"wp-block-image\"><figure class=\"aligncenter size-large is-resized\"><img loading=\"lazy\" decoding=\"async\" src=\"https:\/\/www.milanosiamonoi.com\/wp-content\/uploads\/2022\/08\/67.10.19-DM-YS-12-2-916x1024.jpg\" alt=\"\" class=\"wp-image-14427\" width=\"564\" height=\"630\" srcset=\"https:\/\/www.milanosiamonoi.com\/wp-content\/uploads\/2022\/08\/67.10.19-DM-YS-12-2-916x1024.jpg 916w, https:\/\/www.milanosiamonoi.com\/wp-content\/uploads\/2022\/08\/67.10.19-DM-YS-12-2-268x300.jpg 268w, https:\/\/www.milanosiamonoi.com\/wp-content\/uploads\/2022\/08\/67.10.19-DM-YS-12-2-768x858.jpg 768w, https:\/\/www.milanosiamonoi.com\/wp-content\/uploads\/2022\/08\/67.10.19-DM-YS-12-2-89x100.jpg 89w, https:\/\/www.milanosiamonoi.com\/wp-content\/uploads\/2022\/08\/67.10.19-DM-YS-12-2-45x50.jpg 45w, https:\/\/www.milanosiamonoi.com\/wp-content\/uploads\/2022\/08\/67.10.19-DM-YS-12-2-22x25.jpg 22w, https:\/\/www.milanosiamonoi.com\/wp-content\/uploads\/2022\/08\/67.10.19-DM-YS-12-2-740x827.jpg 740w, https:\/\/www.milanosiamonoi.com\/wp-content\/uploads\/2022\/08\/67.10.19-DM-YS-12-2.jpg 937w\" sizes=\"(max-width: 564px) 100vw, 564px\" \/><figcaption><em>Articolo<\/em> da &#8220;La Gazzetta dello Sport&#8221;.<\/figcaption><\/figure><\/div>\n\n\n\n<div class=\"wp-block-image\"><figure class=\"aligncenter size-large\"><img loading=\"lazy\" decoding=\"async\" width=\"997\" height=\"1024\" src=\"https:\/\/www.milanosiamonoi.com\/wp-content\/uploads\/2020\/09\/67.10.19-foto-DM-NeYS-R.DeToni-e-arb.-Tadini-libro-MFeTC569-997x1024.jpg\" alt=\"\" class=\"wp-image-1531\" srcset=\"https:\/\/www.milanosiamonoi.com\/wp-content\/uploads\/2020\/09\/67.10.19-foto-DM-NeYS-R.DeToni-e-arb.-Tadini-libro-MFeTC569-997x1024.jpg 997w, https:\/\/www.milanosiamonoi.com\/wp-content\/uploads\/2020\/09\/67.10.19-foto-DM-NeYS-R.DeToni-e-arb.-Tadini-libro-MFeTC569-292x300.jpg 292w, https:\/\/www.milanosiamonoi.com\/wp-content\/uploads\/2020\/09\/67.10.19-foto-DM-NeYS-R.DeToni-e-arb.-Tadini-libro-MFeTC569-768x789.jpg 768w, https:\/\/www.milanosiamonoi.com\/wp-content\/uploads\/2020\/09\/67.10.19-foto-DM-NeYS-R.DeToni-e-arb.-Tadini-libro-MFeTC569-1495x1536.jpg 1495w, https:\/\/www.milanosiamonoi.com\/wp-content\/uploads\/2020\/09\/67.10.19-foto-DM-NeYS-R.DeToni-e-arb.-Tadini-libro-MFeTC569-1993x2048.jpg 1993w, https:\/\/www.milanosiamonoi.com\/wp-content\/uploads\/2020\/09\/67.10.19-foto-DM-NeYS-R.DeToni-e-arb.-Tadini-libro-MFeTC569-97x100.jpg 97w, https:\/\/www.milanosiamonoi.com\/wp-content\/uploads\/2020\/09\/67.10.19-foto-DM-NeYS-R.DeToni-e-arb.-Tadini-libro-MFeTC569-50x50.jpg 50w, https:\/\/www.milanosiamonoi.com\/wp-content\/uploads\/2020\/09\/67.10.19-foto-DM-NeYS-R.DeToni-e-arb.-Tadini-libro-MFeTC569-25x25.jpg 25w, https:\/\/www.milanosiamonoi.com\/wp-content\/uploads\/2020\/09\/67.10.19-foto-DM-NeYS-R.DeToni-e-arb.-Tadini-libro-MFeTC569-1126x1157.jpg 1126w, https:\/\/www.milanosiamonoi.com\/wp-content\/uploads\/2020\/09\/67.10.19-foto-DM-NeYS-R.DeToni-e-arb.-Tadini-libro-MFeTC569-740x760.jpg 740w\" sizes=\"(max-width: 997px) 100vw, 997px\" \/><figcaption><em>Orlando De Toni in azione, l&#8217;arbitro \u00e8 Cesare Tadini. (foto libro Crotti-Forte &#8211; De Vecchi Ed.)<\/em><\/figcaption><\/figure><\/div>\n\n\n\n<p class=\"has-text-align-center\">Apertura di stagione con gli Young Sprinters, formazione di LNB, ma in Svizzera hanno ridotto il numero di squadre in LNA a otto. Ha prevalso la tesi di chi \u00e8 convinto che il livello di gioco cresca raccogliendo i migliori in poche squadre, se poi chi punta alla promozione si accaparra validi elementi tanto meglio; in LNA resteranno i club con maggiori possibilit\u00e0 economiche e con roster in grado di offrire uno spettacolo superiore. Ruzicka si presenta con una sorpresa: Gallo difensore. Il giovane Valter La Fisca bagna l&#8217;esordio con un gol, Renato De Toni si conferma gran realizzatore.<\/p>\n\n\n\n<p class=\"has-text-align-center\"> <\/p>\n\n\n\n<figure class=\"wp-block-table aligncenter\"><table><tbody><tr><td class=\"has-text-align-center\" data-align=\"center\"><strong>1967<\/strong><\/td><td class=\"has-text-align-center\" data-align=\"center\"><strong>Torneo di Lucerna<\/strong><\/td><td class=\"has-text-align-center\" data-align=\"center\"><strong>Risultato<\/strong><\/td><\/tr><tr><td class=\"has-text-align-center\" data-align=\"center\">21 ottobre<\/td><td class=\"has-text-align-center\" data-align=\"center\">Diavoli Milano-Sion<\/td><td class=\"has-text-align-center\" data-align=\"center\">7-5 (2-4; 2-1; 3-0)<\/td><\/tr><tr><td class=\"has-text-align-center\" data-align=\"center\"><\/td><td class=\"has-text-align-center\" data-align=\"center\">Lucerna-RCAF<\/td><td class=\"has-text-align-center\" data-align=\"center\">7-6 (2-1; 4-3; 1-2)<\/td><\/tr><tr><td class=\"has-text-align-center\" data-align=\"center\"><\/td><td class=\"has-text-align-center\" data-align=\"center\"><strong>Finale 3\u00b0 posto<\/strong><\/td><td class=\"has-text-align-center\" data-align=\"center\"><\/td><\/tr><tr><td class=\"has-text-align-center\" data-align=\"center\">22 ottobre<\/td><td class=\"has-text-align-center\" data-align=\"center\">RCAF-Sion<\/td><td class=\"has-text-align-center\" data-align=\"center\">11-8 (3-4; 4-2; 4-2)<\/td><\/tr><tr><td class=\"has-text-align-center\" data-align=\"center\"><\/td><td class=\"has-text-align-center\" data-align=\"center\"><strong>Finale 1\u00b0 posto<\/strong><\/td><td class=\"has-text-align-center\" data-align=\"center\"><\/td><\/tr><tr><td class=\"has-text-align-center\" data-align=\"center\"><\/td><td class=\"has-text-align-center\" data-align=\"center\">Lucerna-Diavoli Milano<\/td><td class=\"has-text-align-center\" data-align=\"center\">1-7 (0-2; 1-3; 0-2)<\/td><\/tr><\/tbody><\/table><\/figure>\n\n\n\n<p class=\"has-text-align-center\">Affermazione di Lucerna pagata a caro prezzo. Serio infortunio a Crotti, caricato duramente alla balaustra nella semifinale con il Sion: lussazione alla spalla destra, tempi lunghi per il recupero. Un colpo di bastone ha provocato una brutta lacerazione a uno zigomo di Nucci. La tourn\u00e9e prosegue in Svizzera e Austria con i Diavoli privi di Crotti, Branduardi, Rudatis, Andrea Lusena e Favaro (ematoma alla testa sbattuta contro un palo a Sierre), Renato De Toni salta Feldkirch.<\/p>\n\n\n\n<figure class=\"wp-block-table aligncenter\"><table><tbody><tr><td class=\"has-text-align-center\" data-align=\"center\"><strong>1967<\/strong><\/td><td class=\"has-text-align-left\" data-align=\"left\"><strong>Partite amichevoli<\/strong><\/td><td class=\"has-text-align-center\" data-align=\"center\"><strong>Risultato<\/strong><\/td><\/tr><tr><td class=\"has-text-align-center\" data-align=\"center\">24 ottobre<\/td><td class=\"has-text-align-left\" data-align=\"left\">Sierre-Diavoli Milano<\/td><td class=\"has-text-align-center\" data-align=\"center\">2-5 (1-1; 0-2; 1-2)<\/td><\/tr><tr><td class=\"has-text-align-center\" data-align=\"center\">28 ottobre<\/td><td class=\"has-text-align-left\" data-align=\"left\">Feldkirch-Diavoli<\/td><td class=\"has-text-align-center\" data-align=\"center\">8-6<\/td><\/tr><tr><td class=\"has-text-align-center\" data-align=\"center\">29 ottobre<\/td><td class=\"has-text-align-left\" data-align=\"left\">Innsbruck EV-Diavoli Milano<\/td><td class=\"has-text-align-center\" data-align=\"center\">3-2 (0-0; 1-0; 2-2)<\/td><\/tr><tr><td class=\"has-text-align-center\" data-align=\"center\">30 ottobre<\/td><td class=\"has-text-align-left\" data-align=\"left\">Klagenfurt AC-Diavoli Milano<\/td><td class=\"has-text-align-center\" data-align=\"center\">2-3 (0-2; 1-0; 1-1)<\/td><\/tr><\/tbody><\/table><\/figure>\n\n\n\n<p class=\"has-text-align-center\">La partecipazione ai Giochi olimpici pretende spazio per la Nazionale, doppio confronto con l&#8217;ostica Romania; il 4 novembre a Bolzano, il giorno dopo a Milano. Gino Bestagini (commissario unico) porta in azzurro i &#8220;diavoli&#8221; Franco Viale, Renato De Toni e Werner Holzner, esclude Branduardi e Gallo, Crotti \u00e8 out in quanto infortunato. Escono dal giro anche i &#8220;torinesi&#8221; Renato Brivio ed Ernesto Paracchini. Nello stesso mese \u00e8 in programma un Francia-Italia a Grenoble, mentre a fine\/inizio anno ci sar\u00e0 una tourn\u00e9e in Nordamerica che inevitabilmente condizioner\u00e0 il massimo campionato.<\/p>\n\n\n\n<div class=\"wp-block-image\"><figure class=\"aligncenter size-large\"><img loading=\"lazy\" decoding=\"async\" width=\"693\" height=\"613\" src=\"https:\/\/www.milanosiamonoi.com\/wp-content\/uploads\/2022\/08\/67.11-Ita-Rom-3-5-e-1-7.jpg\" alt=\"\" class=\"wp-image-14432\" srcset=\"https:\/\/www.milanosiamonoi.com\/wp-content\/uploads\/2022\/08\/67.11-Ita-Rom-3-5-e-1-7.jpg 693w, https:\/\/www.milanosiamonoi.com\/wp-content\/uploads\/2022\/08\/67.11-Ita-Rom-3-5-e-1-7-300x265.jpg 300w, https:\/\/www.milanosiamonoi.com\/wp-content\/uploads\/2022\/08\/67.11-Ita-Rom-3-5-e-1-7-100x88.jpg 100w, https:\/\/www.milanosiamonoi.com\/wp-content\/uploads\/2022\/08\/67.11-Ita-Rom-3-5-e-1-7-50x44.jpg 50w, https:\/\/www.milanosiamonoi.com\/wp-content\/uploads\/2022\/08\/67.11-Ita-Rom-3-5-e-1-7-25x22.jpg 25w\" sizes=\"(max-width: 693px) 100vw, 693px\" \/><figcaption><em>Da &#8220;La Gazzetta dello Sport&#8221;.<\/em> <em>Notare le formazioni presentate a quintetti.<\/em><\/figcaption><\/figure><\/div>\n\n\n\n<p class=\"has-text-align-center\">Diavoli attesi da tre match all&#8217;estero: Neuchatel, Grenoble e Lione. Per ovviare alle assenze (Branduardi, Crotti, Orlando e Renato De Toni, La Fisca e Rudatis) si aggregano rinforzi cortinesi.<\/p>\n\n\n\n<figure class=\"wp-block-table aligncenter\"><table><tbody><tr><td class=\"has-text-align-center\" data-align=\"center\"><strong>1967<\/strong><\/td><td class=\"has-text-align-center\" data-align=\"center\"><strong>Partite amichevoli<\/strong><\/td><td class=\"has-text-align-center\" data-align=\"center\"><strong>Risultato<\/strong><\/td><\/tr><tr><td class=\"has-text-align-center\" data-align=\"center\">7 novembre<\/td><td class=\"has-text-align-center\" data-align=\"center\">NE Young Sprinters-Diavoli Milano<\/td><td class=\"has-text-align-center\" data-align=\"center\">6-7 (2-1; 2-3; 2-3)<\/td><\/tr><tr><td class=\"has-text-align-center\" data-align=\"center\">10 novembre<\/td><td class=\"has-text-align-center\" data-align=\"center\">Grenoble\/Villard-Diavoli Milano<\/td><td class=\"has-text-align-center\" data-align=\"center\">5-8<\/td><\/tr><tr><td class=\"has-text-align-center\" data-align=\"center\">11 novembre<\/td><td class=\"has-text-align-center\" data-align=\"center\">Grenoble\/Villard-Diavoli Milano<\/td><td class=\"has-text-align-center\" data-align=\"center\">4-4<\/td><\/tr><\/tbody><\/table><\/figure>\n\n\n\n<p class=\"has-text-align-center\">Nazionali a Milano in vista del match di Grenoble con la Francia. Bestagini cambia idea, oltre a Viale, Werner Holzner e Renato De Toni, convoca Gallo e ripresenta in azzurro Branduardi. Ultimo test con i Diavoli al Piranesi.<\/p>\n\n\n\n<div class=\"wp-block-image\"><figure class=\"aligncenter size-large\"><img loading=\"lazy\" decoding=\"async\" width=\"800\" height=\"603\" src=\"https:\/\/www.milanosiamonoi.com\/wp-content\/uploads\/2022\/11\/67.11.22_gallo.branduardicomm.tecn_.jpg\" alt=\"\" class=\"wp-image-15272\" srcset=\"https:\/\/www.milanosiamonoi.com\/wp-content\/uploads\/2022\/11\/67.11.22_gallo.branduardicomm.tecn_.jpg 800w, https:\/\/www.milanosiamonoi.com\/wp-content\/uploads\/2022\/11\/67.11.22_gallo.branduardicomm.tecn_-300x226.jpg 300w, https:\/\/www.milanosiamonoi.com\/wp-content\/uploads\/2022\/11\/67.11.22_gallo.branduardicomm.tecn_-768x579.jpg 768w, https:\/\/www.milanosiamonoi.com\/wp-content\/uploads\/2022\/11\/67.11.22_gallo.branduardicomm.tecn_-100x75.jpg 100w, https:\/\/www.milanosiamonoi.com\/wp-content\/uploads\/2022\/11\/67.11.22_gallo.branduardicomm.tecn_-50x38.jpg 50w, https:\/\/www.milanosiamonoi.com\/wp-content\/uploads\/2022\/11\/67.11.22_gallo.branduardicomm.tecn_-25x19.jpg 25w, https:\/\/www.milanosiamonoi.com\/wp-content\/uploads\/2022\/11\/67.11.22_gallo.branduardicomm.tecn_-740x558.jpg 740w\" sizes=\"(max-width: 800px) 100vw, 800px\" \/><figcaption><em>Franco Gallo, Giampiero Branduardi e il ct Gino Bestagini.<\/em><\/figcaption><\/figure><\/div>\n\n\n\n<figure class=\"wp-block-table aligncenter\"><table><tbody><tr><td class=\"has-text-align-center\" data-align=\"center\"><strong>1967<\/strong><\/td><td class=\"has-text-align-center\" data-align=\"center\"><strong>Milano<\/strong> &#8211; <strong>Partita di preparazione.<\/strong><\/td><td class=\"has-text-align-center\" data-align=\"center\"><strong>Risultato<\/strong><\/td><\/tr><tr><td class=\"has-text-align-center\" data-align=\"center\">14 novembre<\/td><td class=\"has-text-align-center\" data-align=\"center\">Diavoli Milano-P.O. Italia<\/td><td class=\"has-text-align-center\" data-align=\"center\">3-4<\/td><\/tr><\/tbody><\/table><\/figure>\n\n\n\n<div class=\"wp-block-image\"><figure class=\"aligncenter size-large\"><img loading=\"lazy\" decoding=\"async\" width=\"545\" height=\"635\" src=\"https:\/\/www.milanosiamonoi.com\/wp-content\/uploads\/2022\/08\/67.11.18-F-Ita-1-4-parte.jpg\" alt=\"\" class=\"wp-image-14442\" srcset=\"https:\/\/www.milanosiamonoi.com\/wp-content\/uploads\/2022\/08\/67.11.18-F-Ita-1-4-parte.jpg 545w, https:\/\/www.milanosiamonoi.com\/wp-content\/uploads\/2022\/08\/67.11.18-F-Ita-1-4-parte-257x300.jpg 257w, https:\/\/www.milanosiamonoi.com\/wp-content\/uploads\/2022\/08\/67.11.18-F-Ita-1-4-parte-86x100.jpg 86w, https:\/\/www.milanosiamonoi.com\/wp-content\/uploads\/2022\/08\/67.11.18-F-Ita-1-4-parte-43x50.jpg 43w, https:\/\/www.milanosiamonoi.com\/wp-content\/uploads\/2022\/08\/67.11.18-F-Ita-1-4-parte-21x25.jpg 21w\" sizes=\"(max-width: 545px) 100vw, 545px\" \/><figcaption><em>Parte articolo da &#8220;La Gazzetta dello Sport&#8221;.<\/em><\/figcaption><\/figure><\/div>\n\n\n\n<p class=\"has-text-align-center\">La partecipazione alle Olimpiadi condiziona tutto il campionato. Alle quattro squadre dello scorso anno si aggiunge il Torino. Prima fase andata\/ritorno, le prime tre al girone finale mantenendo i punti acquisiti nella prima parte. A Ortisei nuova denominazione e nuovo sponsor, il Cortina non pubblicizza pi\u00f9 elettrodomestici, ma biscotti. Il Torino unico club con maglie vergini.<\/p>\n\n\n\n<figure class=\"wp-block-table aligncenter\"><table><tbody><tr><td><strong>Squadra<\/strong><\/td><td><strong>Straniero<\/strong><\/td><td class=\"has-text-align-center\" data-align=\"center\"><strong>Ruolo<\/strong><\/td><\/tr><tr><td>Bolzano Forst<\/td><td>Gerry Hudson<\/td><td class=\"has-text-align-center\" data-align=\"center\">A<\/td><\/tr><tr><td>Cortina Doria<\/td><td>Jack Siemon<\/td><td class=\"has-text-align-center\" data-align=\"center\">P<\/td><\/tr><tr><td>Diavoli Vov Milano<\/td><td>Pat Adair<\/td><td class=\"has-text-align-center\" data-align=\"center\">A<\/td><\/tr><tr><td>Val Gardena Recoaro<\/td><td>Jean Marc Asselin<\/td><td class=\"has-text-align-center\" data-align=\"center\">A<\/td><\/tr><tr><td>Torino<\/td><td>Bryan Whittal<\/td><td class=\"has-text-align-center\" data-align=\"center\">A<\/td><\/tr><\/tbody><\/table><\/figure>\n\n\n\n<div class=\"wp-block-image\"><figure class=\"aligncenter size-large\"><img loading=\"lazy\" decoding=\"async\" width=\"644\" height=\"300\" src=\"https:\/\/www.milanosiamonoi.com\/wp-content\/uploads\/2022\/08\/67.11.23-A-DM-Gard-8-1-Corinf.png\" alt=\"\" class=\"wp-image-14447\" srcset=\"https:\/\/www.milanosiamonoi.com\/wp-content\/uploads\/2022\/08\/67.11.23-A-DM-Gard-8-1-Corinf.png 644w, https:\/\/www.milanosiamonoi.com\/wp-content\/uploads\/2022\/08\/67.11.23-A-DM-Gard-8-1-Corinf-300x140.png 300w, https:\/\/www.milanosiamonoi.com\/wp-content\/uploads\/2022\/08\/67.11.23-A-DM-Gard-8-1-Corinf-100x47.png 100w, https:\/\/www.milanosiamonoi.com\/wp-content\/uploads\/2022\/08\/67.11.23-A-DM-Gard-8-1-Corinf-50x23.png 50w, https:\/\/www.milanosiamonoi.com\/wp-content\/uploads\/2022\/08\/67.11.23-A-DM-Gard-8-1-Corinf-25x12.png 25w\" sizes=\"(max-width: 644px) 100vw, 644px\" \/><\/figure><\/div>\n\n\n\n<figure class=\"wp-block-table aligncenter\"><table><tbody><tr><td class=\"has-text-align-center\" data-align=\"center\"><strong>1967<\/strong><\/td><td class=\"has-text-align-center\" data-align=\"center\"><strong>Serie A<\/strong><\/td><td class=\"has-text-align-center\" data-align=\"center\"><strong>Risultato<\/strong><\/td><\/tr><tr><td class=\"has-text-align-center\" data-align=\"center\">23 novembre<\/td><td class=\"has-text-align-center\" data-align=\"center\">Diavoli Milano-Gardena<\/td><td class=\"has-text-align-center\" data-align=\"center\">8-1 (2-0; 3-1; 3-0)<\/td><\/tr><\/tbody><\/table><\/figure>\n\n\n\n<div class=\"wp-block-image\"><figure class=\"aligncenter size-large\"><img loading=\"lazy\" decoding=\"async\" width=\"915\" height=\"672\" src=\"https:\/\/www.milanosiamonoi.com\/wp-content\/uploads\/2022\/08\/67.11.23-foto-DM-G-Recoaro-Valter.jpg\" alt=\"\" class=\"wp-image-14577\" srcset=\"https:\/\/www.milanosiamonoi.com\/wp-content\/uploads\/2022\/08\/67.11.23-foto-DM-G-Recoaro-Valter.jpg 915w, https:\/\/www.milanosiamonoi.com\/wp-content\/uploads\/2022\/08\/67.11.23-foto-DM-G-Recoaro-Valter-300x220.jpg 300w, https:\/\/www.milanosiamonoi.com\/wp-content\/uploads\/2022\/08\/67.11.23-foto-DM-G-Recoaro-Valter-768x564.jpg 768w, https:\/\/www.milanosiamonoi.com\/wp-content\/uploads\/2022\/08\/67.11.23-foto-DM-G-Recoaro-Valter-100x73.jpg 100w, https:\/\/www.milanosiamonoi.com\/wp-content\/uploads\/2022\/08\/67.11.23-foto-DM-G-Recoaro-Valter-50x37.jpg 50w, https:\/\/www.milanosiamonoi.com\/wp-content\/uploads\/2022\/08\/67.11.23-foto-DM-G-Recoaro-Valter-25x18.jpg 25w, https:\/\/www.milanosiamonoi.com\/wp-content\/uploads\/2022\/08\/67.11.23-foto-DM-G-Recoaro-Valter-740x543.jpg 740w\" sizes=\"(max-width: 915px) 100vw, 915px\" \/><figcaption><em>Da sinistra: Guido Kostner (2), Lucio Brugnoli (10), Nogler (7), Branduardi e Walter La Fisca.<\/em><\/figcaption><\/figure><\/div>\n\n\n\n<p class=\"has-text-align-center\">Ancora amichevoli, due in Germania e a Milano con lo Chamonix.<\/p>\n\n\n\n<figure class=\"wp-block-table aligncenter\"><table><tbody><tr><td class=\"has-text-align-center\" data-align=\"center\"><strong>1967<\/strong><\/td><td class=\"has-text-align-center\" data-align=\"center\"><strong>Partite amichevoli.<\/strong><\/td><td class=\"has-text-align-center\" data-align=\"center\"><strong>Risultati<\/strong><\/td><\/tr><tr><td class=\"has-text-align-center\" data-align=\"center\">25 novembre<\/td><td class=\"has-text-align-center\" data-align=\"center\">RCAF Baden-Diavoli Milano<\/td><td class=\"has-text-align-center\" data-align=\"center\">15-7<\/td><\/tr><tr><td class=\"has-text-align-center\" data-align=\"center\">26 novembre<\/td><td class=\"has-text-align-center\" data-align=\"center\">RCAF Zweibrucken-Diavoli Milano<\/td><td class=\"has-text-align-center\" data-align=\"center\">6-7<\/td><\/tr><\/tbody><\/table><\/figure>\n\n\n\n<div class=\"wp-block-image\"><figure class=\"aligncenter size-large\"><img loading=\"lazy\" decoding=\"async\" width=\"1024\" height=\"735\" src=\"https:\/\/www.milanosiamonoi.com\/wp-content\/uploads\/2022\/08\/67.11.26-RCAF-Diavoli-1024x735.jpg\" alt=\"\" class=\"wp-image-14452\" srcset=\"https:\/\/www.milanosiamonoi.com\/wp-content\/uploads\/2022\/08\/67.11.26-RCAF-Diavoli-1024x735.jpg 1024w, https:\/\/www.milanosiamonoi.com\/wp-content\/uploads\/2022\/08\/67.11.26-RCAF-Diavoli-300x215.jpg 300w, https:\/\/www.milanosiamonoi.com\/wp-content\/uploads\/2022\/08\/67.11.26-RCAF-Diavoli-768x551.jpg 768w, https:\/\/www.milanosiamonoi.com\/wp-content\/uploads\/2022\/08\/67.11.26-RCAF-Diavoli-100x72.jpg 100w, https:\/\/www.milanosiamonoi.com\/wp-content\/uploads\/2022\/08\/67.11.26-RCAF-Diavoli-50x36.jpg 50w, https:\/\/www.milanosiamonoi.com\/wp-content\/uploads\/2022\/08\/67.11.26-RCAF-Diavoli-25x18.jpg 25w, https:\/\/www.milanosiamonoi.com\/wp-content\/uploads\/2022\/08\/67.11.26-RCAF-Diavoli-740x531.jpg 740w, https:\/\/www.milanosiamonoi.com\/wp-content\/uploads\/2022\/08\/67.11.26-RCAF-Diavoli.jpg 1028w\" sizes=\"(max-width: 1024px) 100vw, 1024px\" \/><figcaption><em>Locandina della partita di Zweibrucken.<\/em><\/figcaption><\/figure><\/div>\n\n\n\n<figure class=\"wp-block-table aligncenter\"><table><tbody><tr><td class=\"has-text-align-center\" data-align=\"center\"><strong>1967<\/strong><\/td><td class=\"has-text-align-center\" data-align=\"center\"><strong>Partita amichevole.<\/strong><\/td><td class=\"has-text-align-center\" data-align=\"center\"><strong>Risultato<\/strong><\/td><\/tr><tr><td class=\"has-text-align-center\" data-align=\"center\">29 novembre<\/td><td class=\"has-text-align-center\" data-align=\"center\">Diavoli Milano-Chamonix<\/td><td class=\"has-text-align-center\" data-align=\"center\">8-5 (1-2; 2-2; 5-1)<\/td><\/tr><\/tbody><\/table><\/figure>\n\n\n\n<p class=\"has-text-align-center\">In campionato le due partite con il Torino e la trasferta a Bolzano.<\/p>\n\n\n\n<div class=\"wp-block-image\"><figure class=\"aligncenter size-large\"><img loading=\"lazy\" decoding=\"async\" width=\"604\" height=\"292\" src=\"https:\/\/www.milanosiamonoi.com\/wp-content\/uploads\/2022\/08\/67.12.07-A-ante-DM-To.jpg\" alt=\"\" class=\"wp-image-14455\" srcset=\"https:\/\/www.milanosiamonoi.com\/wp-content\/uploads\/2022\/08\/67.12.07-A-ante-DM-To.jpg 604w, https:\/\/www.milanosiamonoi.com\/wp-content\/uploads\/2022\/08\/67.12.07-A-ante-DM-To-300x145.jpg 300w, https:\/\/www.milanosiamonoi.com\/wp-content\/uploads\/2022\/08\/67.12.07-A-ante-DM-To-100x48.jpg 100w, https:\/\/www.milanosiamonoi.com\/wp-content\/uploads\/2022\/08\/67.12.07-A-ante-DM-To-50x24.jpg 50w, https:\/\/www.milanosiamonoi.com\/wp-content\/uploads\/2022\/08\/67.12.07-A-ante-DM-To-25x12.jpg 25w\" sizes=\"(max-width: 604px) 100vw, 604px\" \/><\/figure><\/div>\n\n\n\n<p class=\"has-text-align-center\">Guido &#8220;Jackie&#8221; Radaelli, Gino Loffredo, Renato Brivio, Ernesto Paracchini, Giorgio Rigamonti, Bryan Whttal: con il Torino \u00e8 quasi un derby. Di sicuro gli ex ce la metteranno tutta.<\/p>\n\n\n\n<div class=\"wp-block-image\"><figure class=\"aligncenter size-large is-resized\"><img loading=\"lazy\" decoding=\"async\" src=\"https:\/\/www.milanosiamonoi.com\/wp-content\/uploads\/2022\/08\/67.12.07-A-DM-To-6-5.jpg\" alt=\"\" class=\"wp-image-14456\" width=\"548\" height=\"736\" srcset=\"https:\/\/www.milanosiamonoi.com\/wp-content\/uploads\/2022\/08\/67.12.07-A-DM-To-6-5.jpg 573w, https:\/\/www.milanosiamonoi.com\/wp-content\/uploads\/2022\/08\/67.12.07-A-DM-To-6-5-223x300.jpg 223w, https:\/\/www.milanosiamonoi.com\/wp-content\/uploads\/2022\/08\/67.12.07-A-DM-To-6-5-74x100.jpg 74w, https:\/\/www.milanosiamonoi.com\/wp-content\/uploads\/2022\/08\/67.12.07-A-DM-To-6-5-37x50.jpg 37w, https:\/\/www.milanosiamonoi.com\/wp-content\/uploads\/2022\/08\/67.12.07-A-DM-To-6-5-19x25.jpg 19w\" sizes=\"(max-width: 548px) 100vw, 548px\" \/><figcaption><em>Articolo da &#8220;La Gazzetta dello Sport&#8221;.<\/em><\/figcaption><\/figure><\/div>\n\n\n\n<div class=\"wp-block-image\"><figure class=\"aligncenter size-large\"><img loading=\"lazy\" decoding=\"async\" width=\"554\" height=\"668\" src=\"https:\/\/www.milanosiamonoi.com\/wp-content\/uploads\/2022\/08\/67.10-foto-R.DeToni-DM-libro-MFeTC.jpg\" alt=\"\" class=\"wp-image-14482\" srcset=\"https:\/\/www.milanosiamonoi.com\/wp-content\/uploads\/2022\/08\/67.10-foto-R.DeToni-DM-libro-MFeTC.jpg 554w, https:\/\/www.milanosiamonoi.com\/wp-content\/uploads\/2022\/08\/67.10-foto-R.DeToni-DM-libro-MFeTC-249x300.jpg 249w, https:\/\/www.milanosiamonoi.com\/wp-content\/uploads\/2022\/08\/67.10-foto-R.DeToni-DM-libro-MFeTC-83x100.jpg 83w, https:\/\/www.milanosiamonoi.com\/wp-content\/uploads\/2022\/08\/67.10-foto-R.DeToni-DM-libro-MFeTC-41x50.jpg 41w, https:\/\/www.milanosiamonoi.com\/wp-content\/uploads\/2022\/08\/67.10-foto-R.DeToni-DM-libro-MFeTC-21x25.jpg 21w\" sizes=\"(max-width: 554px) 100vw, 554px\" \/><figcaption><em>Renato De Toni.<\/em> <em>(foto libro Crotti-Forte &#8211; De Vecchi Ed.)<\/em><\/figcaption><\/figure><\/div>\n\n\n\n<div class=\"wp-block-image\"><figure class=\"aligncenter size-large\"><img loading=\"lazy\" decoding=\"async\" width=\"669\" height=\"729\" src=\"https:\/\/www.milanosiamonoi.com\/wp-content\/uploads\/2022\/08\/67.12.13-A-To-DM-2-9.jpg\" alt=\"\" class=\"wp-image-14457\" srcset=\"https:\/\/www.milanosiamonoi.com\/wp-content\/uploads\/2022\/08\/67.12.13-A-To-DM-2-9.jpg 669w, https:\/\/www.milanosiamonoi.com\/wp-content\/uploads\/2022\/08\/67.12.13-A-To-DM-2-9-275x300.jpg 275w, https:\/\/www.milanosiamonoi.com\/wp-content\/uploads\/2022\/08\/67.12.13-A-To-DM-2-9-92x100.jpg 92w, https:\/\/www.milanosiamonoi.com\/wp-content\/uploads\/2022\/08\/67.12.13-A-To-DM-2-9-46x50.jpg 46w, https:\/\/www.milanosiamonoi.com\/wp-content\/uploads\/2022\/08\/67.12.13-A-To-DM-2-9-23x25.jpg 23w\" sizes=\"(max-width: 669px) 100vw, 669px\" \/><figcaption><em>Articolo da &#8220;La Gazzetta dello Sport&#8221;.<\/em><\/figcaption><\/figure><\/div>\n\n\n\n<div class=\"wp-block-image\"><figure class=\"aligncenter size-large is-resized\"><img loading=\"lazy\" decoding=\"async\" src=\"https:\/\/www.milanosiamonoi.com\/wp-content\/uploads\/2022\/09\/67-68-foto-Gallo-Viale-Adair.jpg\" alt=\"\" class=\"wp-image-14825\" width=\"580\" height=\"385\" srcset=\"https:\/\/www.milanosiamonoi.com\/wp-content\/uploads\/2022\/09\/67-68-foto-Gallo-Viale-Adair.jpg 1004w, https:\/\/www.milanosiamonoi.com\/wp-content\/uploads\/2022\/09\/67-68-foto-Gallo-Viale-Adair-300x200.jpg 300w, https:\/\/www.milanosiamonoi.com\/wp-content\/uploads\/2022\/09\/67-68-foto-Gallo-Viale-Adair-768x511.jpg 768w, https:\/\/www.milanosiamonoi.com\/wp-content\/uploads\/2022\/09\/67-68-foto-Gallo-Viale-Adair-100x67.jpg 100w, https:\/\/www.milanosiamonoi.com\/wp-content\/uploads\/2022\/09\/67-68-foto-Gallo-Viale-Adair-50x33.jpg 50w, https:\/\/www.milanosiamonoi.com\/wp-content\/uploads\/2022\/09\/67-68-foto-Gallo-Viale-Adair-25x17.jpg 25w, https:\/\/www.milanosiamonoi.com\/wp-content\/uploads\/2022\/09\/67-68-foto-Gallo-Viale-Adair-740x492.jpg 740w\" sizes=\"(max-width: 580px) 100vw, 580px\" \/><figcaption><em>Franco Gallo, Franco Viale e Pat Adair.<\/em><\/figcaption><\/figure><\/div>\n\n\n\n<div class=\"wp-block-image\"><figure class=\"aligncenter size-large\"><img loading=\"lazy\" decoding=\"async\" width=\"652\" height=\"743\" src=\"https:\/\/www.milanosiamonoi.com\/wp-content\/uploads\/2022\/08\/67.12.16-A-Bz-DM-1-3.jpg\" alt=\"\" class=\"wp-image-14458\" srcset=\"https:\/\/www.milanosiamonoi.com\/wp-content\/uploads\/2022\/08\/67.12.16-A-Bz-DM-1-3.jpg 652w, https:\/\/www.milanosiamonoi.com\/wp-content\/uploads\/2022\/08\/67.12.16-A-Bz-DM-1-3-263x300.jpg 263w, https:\/\/www.milanosiamonoi.com\/wp-content\/uploads\/2022\/08\/67.12.16-A-Bz-DM-1-3-88x100.jpg 88w, https:\/\/www.milanosiamonoi.com\/wp-content\/uploads\/2022\/08\/67.12.16-A-Bz-DM-1-3-44x50.jpg 44w, https:\/\/www.milanosiamonoi.com\/wp-content\/uploads\/2022\/08\/67.12.16-A-Bz-DM-1-3-22x25.jpg 22w\" sizes=\"(max-width: 652px) 100vw, 652px\" \/><figcaption><em>Articolo da &#8220;La Gazzetta dello Sport&#8221;.<\/em><\/figcaption><\/figure><\/div>\n\n\n\n<p class=\"has-text-align-center\">Aspettando il Cortina, Diavoli a punteggio pieno. Il massimo campionato va in letargo nel momento in cui a Cortina e in Val Gardena si registrano le maggiori affluenze sugli spalti e gi\u00e0 qui \u00e8 polemica, ma la tourn\u00e9e in USA e Canada era programmata da marzo. Dubbi sulla partecipazione a un torneo che comprende colossi dell&#8217;hockey mondiale e sul fatto che sia proprio la scelta migliore per preparare gli azzurri alle Olimpiadi. Quattro i &#8220;diavoli&#8221; che volano oltreoceano: Franco Viale, Franco Gallo. Werner Holzner e Renato De Toni. C&#8217;\u00e8 anche il massaggiatore Renato Pratellesi.<\/p>\n\n\n\n<figure class=\"wp-block-table aligncenter\"><table><tbody><tr><td class=\"has-text-align-center\" data-align=\"center\"><\/td><td class=\"has-text-align-center\" data-align=\"center\"><strong>Colorado Springs<\/strong><\/td><td class=\"has-text-align-center\" data-align=\"center\"><\/td><\/tr><tr><td class=\"has-text-align-center\" data-align=\"center\"><strong>1967<\/strong><\/td><td class=\"has-text-align-center\" data-align=\"center\"><strong>Memorial Walter A. Brown<\/strong><\/td><td class=\"has-text-align-center\" data-align=\"center\">Risultato<\/td><\/tr><tr><td class=\"has-text-align-center\" data-align=\"center\">26 dicembre<\/td><td class=\"has-text-align-center\" data-align=\"center\">URSS-Italia<\/td><td class=\"has-text-align-center\" data-align=\"center\">28-2 (13-0; 9-1; 6-1)<\/td><\/tr><tr><td class=\"has-text-align-center\" data-align=\"center\">28 dicembre<\/td><td class=\"has-text-align-center\" data-align=\"center\">Denver Univ.-Italia<\/td><td class=\"has-text-align-center\" data-align=\"center\">5-2 (4-0: 0-0; 1-2)<\/td><\/tr><tr><td class=\"has-text-align-center\" data-align=\"center\">30 dicembre<\/td><td class=\"has-text-align-center\" data-align=\"center\">USA-Italia<\/td><td class=\"has-text-align-center\" data-align=\"center\">11-1 (2-0; 3-1; 6-0)<\/td><\/tr><tr><td class=\"has-text-align-center\" data-align=\"center\">31 dicembre<\/td><td class=\"has-text-align-center\" data-align=\"center\">Finlandia-Italia<\/td><td class=\"has-text-align-center\" data-align=\"center\">13-0<\/td><\/tr><\/tbody><\/table><\/figure>\n\n\n\n<p class=\"has-text-align-center\">La tourn\u00e9e in Nordamerica ha in calendario altre cinque partite molto pi\u00f9 abbordabili, si comincia sul lago Erie e si conclude a Montreal.<\/p>\n\n\n\n<figure class=\"wp-block-table aligncenter\"><table><tbody><tr><td class=\"has-text-align-center\" data-align=\"center\"><strong>1968<\/strong><\/td><td class=\"has-text-align-center\" data-align=\"center\"><strong>Partite amichevoli.<\/strong><\/td><td class=\"has-text-align-center\" data-align=\"center\"><strong>Risultato<\/strong><\/td><\/tr><tr><td class=\"has-text-align-center\" data-align=\"center\">3 gennaio<\/td><td class=\"has-text-align-center\" data-align=\"center\">Erie-Italia<\/td><td class=\"has-text-align-center\" data-align=\"center\">0-9<\/td><\/tr><tr><td class=\"has-text-align-center\" data-align=\"center\">5 gennaio<\/td><td class=\"has-text-align-center\" data-align=\"center\">Rappr. Detroit-Italia<\/td><td class=\"has-text-align-center\" data-align=\"center\">2-5 (1-3; 1-2; 0-0)<\/td><\/tr><tr><td class=\"has-text-align-center\" data-align=\"center\">7 gennaio<\/td><td class=\"has-text-align-center\" data-align=\"center\">Toronto All Stars-Italia<\/td><td class=\"has-text-align-center\" data-align=\"center\">4-1 <\/td><\/tr><tr><td class=\"has-text-align-center\" data-align=\"center\">8 gennaio<\/td><td class=\"has-text-align-center\" data-align=\"center\">North Bay Trappers-Italia<\/td><td class=\"has-text-align-center\" data-align=\"center\">3-8 (2-2; 1-3; 0-3)<\/td><\/tr><tr><td class=\"has-text-align-center\" data-align=\"center\">10 gennaio<\/td><td class=\"has-text-align-center\" data-align=\"center\">St. Michel Pioneers-Italia<\/td><td class=\"has-text-align-center\" data-align=\"center\">10-8 (5-0; 2-4; 3-4)<\/td><\/tr><\/tbody><\/table><\/figure>\n\n\n\n<p class=\"has-text-align-center\">I risultati ottenuti a Colorado Springs scatenano un mare di polemiche. Il presidente FISG Enrico Calcaterra ricorda che al torneo l&#8217;Italia \u00e8 stata invitata e i costi della trasferta totalmente coperti dagli organizzatori: &#8211;<em>Quattro anni fa mi hanno criticato perch\u00e9 non ho accettato, questa volta tutto il contrario<\/em>. <em>Il grave punteggio subito con i sovietici, non dimentichiamoci che sono i pi\u00f9 forti del mondo, \u00e8 anche dovuto al fatto che abbiamo giocato dopo ventisette ore di viaggio e i nostri avversari erano l\u00ec da sei giorni. Dorigo si \u00e8 infortunato subito e Viale era febbricitante, avremmo perso comunque, ma non cos\u00ec pesantemente-.<\/em><\/p>\n\n\n\n<div class=\"wp-block-image\"><figure class=\"aligncenter size-large\"><img loading=\"lazy\" decoding=\"async\" width=\"600\" height=\"440\" src=\"https:\/\/www.milanosiamonoi.com\/wp-content\/uploads\/2023\/05\/68.italia.dopo-colorado.jpg\" alt=\"\" class=\"wp-image-16491\" srcset=\"https:\/\/www.milanosiamonoi.com\/wp-content\/uploads\/2023\/05\/68.italia.dopo-colorado.jpg 600w, https:\/\/www.milanosiamonoi.com\/wp-content\/uploads\/2023\/05\/68.italia.dopo-colorado-300x220.jpg 300w, https:\/\/www.milanosiamonoi.com\/wp-content\/uploads\/2023\/05\/68.italia.dopo-colorado-100x73.jpg 100w, https:\/\/www.milanosiamonoi.com\/wp-content\/uploads\/2023\/05\/68.italia.dopo-colorado-50x37.jpg 50w, https:\/\/www.milanosiamonoi.com\/wp-content\/uploads\/2023\/05\/68.italia.dopo-colorado-25x18.jpg 25w\" sizes=\"(max-width: 600px) 100vw, 600px\" \/><figcaption><em>Alcuni nazionali italiani di ritorno dalla trasferta nord-americana: tra loro Gallo, Viale e Rabanser<\/em><\/figcaption><\/figure><\/div>\n\n\n\n<p class=\"has-text-align-center\">Nello stesso periodo della tourn\u00e9e azzurra i Diavoli giocano amichevoli in Francia, Svizzera e partecipano al torneo di Losanna: Favaro (Menini portiere degli allievi), Nucci, A. e M. Lusena, Walter, Orlando e Orazio De Toni, Rudatis, Adair, V. La Fisca, Claudio Gentile (allievo) e il rinforzo Whittal (Torino).<\/p>\n\n\n\n<figure class=\"wp-block-table aligncenter\"><table><tbody><tr><td class=\"has-text-align-center\" data-align=\"center\"><strong>1967<\/strong><\/td><td class=\"has-text-align-center\" data-align=\"center\"><strong>Partite amichevoli.<\/strong><\/td><td class=\"has-text-align-center\" data-align=\"center\"><strong>Risultato<\/strong><\/td><\/tr><tr><td class=\"has-text-align-center\" data-align=\"center\">29 dicembre<\/td><td class=\"has-text-align-center\" data-align=\"center\">St. Gervais-Diavoli Milano<\/td><td class=\"has-text-align-center\" data-align=\"center\">2-5 (0-2; 1-1; 1-2)<\/td><\/tr><tr><td class=\"has-text-align-center\" data-align=\"center\">30 dicembre<\/td><td class=\"has-text-align-center\" data-align=\"center\">Chamonix-Diavoli Milano<\/td><td class=\"has-text-align-center\" data-align=\"center\">6-6 (2-2; 2-2; 2-2)<\/td><\/tr><\/tbody><\/table><\/figure>\n\n\n\n<figure class=\"wp-block-table aligncenter\"><table><tbody><tr><td class=\"has-text-align-center\" data-align=\"center\"><strong>1968<\/strong><\/td><td class=\"has-text-align-center\" data-align=\"center\"><strong>Partita amichevole.<\/strong><\/td><td class=\"has-text-align-center\" data-align=\"center\"><strong>Risultato<\/strong><\/td><\/tr><tr><td class=\"has-text-align-center\" data-align=\"center\">2 gennaio<\/td><td class=\"has-text-align-center\" data-align=\"center\">Yverdon-Diavoli Milano<\/td><td class=\"has-text-align-center\" data-align=\"center\">2-9 (1-0; 0-5; 1-4)<\/td><\/tr><tr><td class=\"has-text-align-center\" data-align=\"center\"><\/td><td class=\"has-text-align-center\" data-align=\"center\"><strong>Coppa citt\u00e0 di Losanna<\/strong><\/td><td class=\"has-text-align-center\" data-align=\"center\"><\/td><\/tr><tr><td class=\"has-text-align-center\" data-align=\"center\">3 gennaio<\/td><td class=\"has-text-align-center\" data-align=\"center\">Liegi-Diavoli Milano<\/td><td class=\"has-text-align-center\" data-align=\"center\">11-2 (3-1; 3-1; 5-0)<\/td><\/tr><tr><td class=\"has-text-align-center\" data-align=\"center\"><\/td><td class=\"has-text-align-center\" data-align=\"center\">Losanna-Litvinov<\/td><td class=\"has-text-align-center\" data-align=\"center\">2-6 (1-0; 0-1; 1-5)<\/td><\/tr><tr><td class=\"has-text-align-center\" data-align=\"center\"><\/td><td class=\"has-text-align-center\" data-align=\"center\"><strong>Finale 3\u00b0 posto<\/strong><\/td><td class=\"has-text-align-center\" data-align=\"center\"><\/td><\/tr><tr><td class=\"has-text-align-center\" data-align=\"center\">4 gennaio<\/td><td class=\"has-text-align-center\" data-align=\"center\">Losanna-Diavoli Milano<\/td><td class=\"has-text-align-center\" data-align=\"center\">5-4 (2-1; 1-2; 2-1)<\/td><\/tr><tr><td class=\"has-text-align-center\" data-align=\"center\"><\/td><td class=\"has-text-align-center\" data-align=\"center\"><strong>Finale 1\u00b0 posto<\/strong><\/td><td class=\"has-text-align-center\" data-align=\"center\"><\/td><\/tr><tr><td class=\"has-text-align-center\" data-align=\"center\"><\/td><td class=\"has-text-align-center\" data-align=\"center\">Liegi-Litvinov<\/td><td class=\"has-text-align-center\" data-align=\"center\">6-5 (0-1; 5-2; 0-2; 1-0)<\/td><\/tr><\/tbody><\/table><\/figure>\n\n\n\n<p class=\"has-text-align-center\">La schiacciante vittoria del Liegi sui Diavoli e la successiva vittoria in finale sul Litvinov non devono sorprendere. La squadra belga \u00e8 composta da ben quattordici canadesi, tra i quali si distingue un veloce e brillante attaccante: Gerard Morin. Per questo torneo i Diavoli si sono avvalsi di un altro rinforzo, il canadese Ken Killoran, non sufficiente per contrastare tali avversari. Con il ritorno dei nazionali a Milano il gruppo si ricompatta e si prepara per la trasferta di Cortina del 16 gennaio, sempre assente Crotti: sinora ha giocato solo le prime due partite della stagione.<\/p>\n\n\n\n<div class=\"wp-block-image\"><figure class=\"aligncenter size-large\"><img loading=\"lazy\" decoding=\"async\" width=\"705\" height=\"677\" src=\"https:\/\/www.milanosiamonoi.com\/wp-content\/uploads\/2022\/08\/68.01.16-A-Cort-DM-4-3.jpg\" alt=\"\" class=\"wp-image-14474\" srcset=\"https:\/\/www.milanosiamonoi.com\/wp-content\/uploads\/2022\/08\/68.01.16-A-Cort-DM-4-3.jpg 705w, https:\/\/www.milanosiamonoi.com\/wp-content\/uploads\/2022\/08\/68.01.16-A-Cort-DM-4-3-300x288.jpg 300w, https:\/\/www.milanosiamonoi.com\/wp-content\/uploads\/2022\/08\/68.01.16-A-Cort-DM-4-3-100x96.jpg 100w, https:\/\/www.milanosiamonoi.com\/wp-content\/uploads\/2022\/08\/68.01.16-A-Cort-DM-4-3-50x48.jpg 50w, https:\/\/www.milanosiamonoi.com\/wp-content\/uploads\/2022\/08\/68.01.16-A-Cort-DM-4-3-25x25.jpg 25w\" sizes=\"(max-width: 705px) 100vw, 705px\" \/><figcaption><em>Articolo da &#8220;La Gazzetta dello Sport&#8221;.<\/em><\/figcaption><\/figure><\/div>\n\n\n\n<p class=\"has-text-align-center\">All&#8217;Olimpico prima sconfitta in campionato. Difficilmente il Cortina perder\u00e0 punti per strada, i Diavoli sono obbligati a vincere sempre, soprattutto il match di ritorno con i campioni d&#8217;Italia; intanto al Palazzo c&#8217;\u00e8 da sistemare la pratica Bolzano.<\/p>\n\n\n\n<div class=\"wp-block-image\"><figure class=\"aligncenter size-large is-resized\"><img loading=\"lazy\" decoding=\"async\" src=\"https:\/\/www.milanosiamonoi.com\/wp-content\/uploads\/2022\/08\/68.01.18-A-DM-Bz-5-2.jpg\" alt=\"\" class=\"wp-image-14475\" width=\"538\" height=\"680\" srcset=\"https:\/\/www.milanosiamonoi.com\/wp-content\/uploads\/2022\/08\/68.01.18-A-DM-Bz-5-2.jpg 570w, https:\/\/www.milanosiamonoi.com\/wp-content\/uploads\/2022\/08\/68.01.18-A-DM-Bz-5-2-237x300.jpg 237w, https:\/\/www.milanosiamonoi.com\/wp-content\/uploads\/2022\/08\/68.01.18-A-DM-Bz-5-2-79x100.jpg 79w, https:\/\/www.milanosiamonoi.com\/wp-content\/uploads\/2022\/08\/68.01.18-A-DM-Bz-5-2-40x50.jpg 40w, https:\/\/www.milanosiamonoi.com\/wp-content\/uploads\/2022\/08\/68.01.18-A-DM-Bz-5-2-20x25.jpg 20w\" sizes=\"(max-width: 538px) 100vw, 538px\" \/><figcaption><em>Articolo da &#8220;La Gazzetta dello Sport&#8221;.<\/em><\/figcaption><\/figure><\/div>\n\n\n\n<p class=\"has-text-align-center\">I Diavoli fanno il pieno e per avvicinare in classifica il Cortina attendono di vedersi confermato un 5-0 a tavolino per il match non disputato a Ortisei: troppo neve per il Gardena, non nevicava pi\u00f9 e la pista andava ripulita la tesi dei Diavoli. Il referto arbitrale da ragione ai milanesi, la commissione giudicante va per le lunghe. Intanto il Cortina passa a Ortisei, ma i gardenesi sono neri, sia per le botte prese e sia di rabbia.<\/p>\n\n\n\n<div class=\"wp-block-image\"><figure class=\"aligncenter size-large\"><img loading=\"lazy\" decoding=\"async\" width=\"701\" height=\"539\" src=\"https:\/\/www.milanosiamonoi.com\/wp-content\/uploads\/2022\/08\/68.01.19-A-post-Gar-Cort-0-4-corinf.png\" alt=\"\" class=\"wp-image-14476\" srcset=\"https:\/\/www.milanosiamonoi.com\/wp-content\/uploads\/2022\/08\/68.01.19-A-post-Gar-Cort-0-4-corinf.png 701w, https:\/\/www.milanosiamonoi.com\/wp-content\/uploads\/2022\/08\/68.01.19-A-post-Gar-Cort-0-4-corinf-300x231.png 300w, https:\/\/www.milanosiamonoi.com\/wp-content\/uploads\/2022\/08\/68.01.19-A-post-Gar-Cort-0-4-corinf-100x77.png 100w, https:\/\/www.milanosiamonoi.com\/wp-content\/uploads\/2022\/08\/68.01.19-A-post-Gar-Cort-0-4-corinf-50x38.png 50w, https:\/\/www.milanosiamonoi.com\/wp-content\/uploads\/2022\/08\/68.01.19-A-post-Gar-Cort-0-4-corinf-25x19.png 25w\" sizes=\"(max-width: 701px) 100vw, 701px\" \/><figcaption><em>Articolo da &#8220;Il Corriere d&#8217;Informazione&#8221;<\/em>.<\/figcaption><\/figure><\/div>\n\n\n\n<p class=\"has-text-align-center\">Il 19 gennaio ecco la notizia che nessuno si aspettava.<\/p>\n\n\n\n<figure class=\"wp-block-image size-large\"><img loading=\"lazy\" decoding=\"async\" width=\"686\" height=\"451\" src=\"https:\/\/www.milanosiamonoi.com\/wp-content\/uploads\/2022\/08\/68.01.19-Hockey-no-Grenoble-cosera.jpg\" alt=\"\" class=\"wp-image-14477\" srcset=\"https:\/\/www.milanosiamonoi.com\/wp-content\/uploads\/2022\/08\/68.01.19-Hockey-no-Grenoble-cosera.jpg 686w, https:\/\/www.milanosiamonoi.com\/wp-content\/uploads\/2022\/08\/68.01.19-Hockey-no-Grenoble-cosera-300x197.jpg 300w, https:\/\/www.milanosiamonoi.com\/wp-content\/uploads\/2022\/08\/68.01.19-Hockey-no-Grenoble-cosera-100x66.jpg 100w, https:\/\/www.milanosiamonoi.com\/wp-content\/uploads\/2022\/08\/68.01.19-Hockey-no-Grenoble-cosera-50x33.jpg 50w, https:\/\/www.milanosiamonoi.com\/wp-content\/uploads\/2022\/08\/68.01.19-Hockey-no-Grenoble-cosera-25x16.jpg 25w\" sizes=\"(max-width: 686px) 100vw, 686px\" \/><figcaption><em>Articolo da &#8220;Il Corriere della Sera&#8221;.<\/em><\/figcaption><\/figure>\n\n\n\n<p class=\"has-text-align-center\">La parola della FISG: &#8211;<em>I risultati della tourn\u00e9e in Nordamerica, scontati in partenza e la macroscopica sconfitta subita nel primo confronto hanno scatenato una campagna di stampa che facendo dimenticare il diritto gi\u00e0 acquisito sul campo dai nostri hockeisti, ha consigliato il CONI, in una visione dello sport in generale, a non confermare l&#8217;iscrizione della nostra squadra al torneo olimpico. Questa decisione \u00e8 stata presa dalla presidenza del CONI in presenza della presidenza della nostra Federazione, che non condividendola  ha tuttavia compreso le ragioni che l&#8217;hanno ispirata. Ci auguriamo che l&#8217;apertura di nuove piste consentir\u00e0 ai nostri sports, con la loro bellezza e spettacolarit\u00e0, di richiamare larghe masse di giovani dai quali dovranno pure nascere i futuri campioni-.<\/em><\/p>\n\n\n\n<p class=\"has-text-align-center\">Cos\u00ec, a venti giorni dall&#8217;inizio dei Giochi, l&#8217;hockey italiano si chiama fuori. I club fanno i conti. Dal 20 dicembre al 12 gennaio serie A sospesa nel periodo pi\u00f9 favorevole per le localit\u00e0 turistiche invernali. Attivit\u00e0 internazionale ridotta al minimo, il Cortina ha dovuto rinunciare alla Coppa dei Campioni d&#8217;Europa, il Val Gardena e il Bolzano hanno partecipato alla Coppa delle Alpi con formazioni rimaneggiate. La decisione presa dal CONI \u00e8 incomprensibile anche perch\u00e9, alla fine di ogni ragionamento, gli azzurri avrebbero gareggiato nel gruppo B, incontrando, a esclusione del non irresistibile Giappone, gli stessi avversari del mondiale dello scorso anno. Laconico il pensiero di Gino Bestagini: &#8211;<em>Potevano anche pensarci prima-<\/em>. A parziale giustificazione il CONI stanzia due miliardi e mezzo di lire per la costruzione di nuovi impianti da elargire a localit\u00e0 che ne hanno fatto richiesta. Ben diverso il modo di agire della Francia, paese dalla storia hockeistica simile alla nostra: governo francese e Federazione studiano e attuano il progetto &#8220;100 patinoires&#8221;. Serviranno decenni per avere un notevole numero di impianti, aumentare il numero di tesserati, praticanti, squadre e alzare il livello dell&#8217;hockey transalpino, ma i risultati arriveranno. <\/p>\n\n\n\n<p class=\"has-text-align-center\"><em> <\/em><\/p>\n\n\n\n<p class=\"has-text-align-center\">Olimpiadi addio, tutti concentrati sul campionato che ha in calendario a Milano il big match tra le prime della classe. Nei Diavoli rientra Crotti, biglietti esauriti e Palazzo stracolmo.<\/p>\n\n\n\n<div class=\"wp-block-image\"><figure class=\"aligncenter size-large\"><img loading=\"lazy\" decoding=\"async\" width=\"822\" height=\"743\" src=\"https:\/\/www.milanosiamonoi.com\/wp-content\/uploads\/2022\/08\/68.01.25-A-DM-Cort-1-0.jpg\" alt=\"\" class=\"wp-image-14488\" srcset=\"https:\/\/www.milanosiamonoi.com\/wp-content\/uploads\/2022\/08\/68.01.25-A-DM-Cort-1-0.jpg 822w, https:\/\/www.milanosiamonoi.com\/wp-content\/uploads\/2022\/08\/68.01.25-A-DM-Cort-1-0-300x271.jpg 300w, https:\/\/www.milanosiamonoi.com\/wp-content\/uploads\/2022\/08\/68.01.25-A-DM-Cort-1-0-768x694.jpg 768w, https:\/\/www.milanosiamonoi.com\/wp-content\/uploads\/2022\/08\/68.01.25-A-DM-Cort-1-0-100x90.jpg 100w, https:\/\/www.milanosiamonoi.com\/wp-content\/uploads\/2022\/08\/68.01.25-A-DM-Cort-1-0-50x45.jpg 50w, https:\/\/www.milanosiamonoi.com\/wp-content\/uploads\/2022\/08\/68.01.25-A-DM-Cort-1-0-25x23.jpg 25w, https:\/\/www.milanosiamonoi.com\/wp-content\/uploads\/2022\/08\/68.01.25-A-DM-Cort-1-0-740x669.jpg 740w\" sizes=\"(max-width: 822px) 100vw, 822px\" \/><figcaption><em>Articolo da &#8220;La Gazzetta dello Sport&#8221;.<\/em><\/figcaption><\/figure><\/div>\n\n\n\n<p class=\"has-text-align-center\">I due punti indispensabili per restare in corsa per lo scudetto assicurati da una tattica difensiva perfetta, Adair ha avuto poche occasioni, ma proprio sfruttando una di queste ha realizzato la rete decisiva. Il migliore in campo \u00e8 stato un insuperabile Franco Viale: 52 tiri parati, contro i 27 di Jack Siemon. Partita correttissima, due minuti di penalit\u00e0 ai Diavoli e quattro al Cortina. <\/p>\n\n\n\n<div class=\"wp-block-image\"><figure class=\"aligncenter size-large\"><img loading=\"lazy\" decoding=\"async\" width=\"221\" height=\"441\" src=\"https:\/\/www.milanosiamonoi.com\/wp-content\/uploads\/2022\/09\/67-68-foto-Viale.png\" alt=\"\" class=\"wp-image-14615\" srcset=\"https:\/\/www.milanosiamonoi.com\/wp-content\/uploads\/2022\/09\/67-68-foto-Viale.png 221w, https:\/\/www.milanosiamonoi.com\/wp-content\/uploads\/2022\/09\/67-68-foto-Viale-150x300.png 150w, https:\/\/www.milanosiamonoi.com\/wp-content\/uploads\/2022\/09\/67-68-foto-Viale-50x100.png 50w, https:\/\/www.milanosiamonoi.com\/wp-content\/uploads\/2022\/09\/67-68-foto-Viale-25x50.png 25w, https:\/\/www.milanosiamonoi.com\/wp-content\/uploads\/2022\/09\/67-68-foto-Viale-13x25.png 13w\" sizes=\"(max-width: 221px) 100vw, 221px\" \/><figcaption><em>Franco Viale.<\/em><\/figcaption><\/figure><\/div>\n\n\n\n<p class=\"has-text-align-center\">In attesa della sentenza definitiva del famoso Gardena-Diavoli, amichevole di lusso con il Gottwaldov.<\/p>\n\n\n\n<figure class=\"wp-block-table aligncenter\"><table><tbody><tr><td class=\"has-text-align-center\" data-align=\"center\"><strong>1968<\/strong><\/td><td class=\"has-text-align-center\" data-align=\"center\"><strong>Partita amichevole<\/strong><\/td><td class=\"has-text-align-center\" data-align=\"center\"><strong>Risultato<\/strong><\/td><\/tr><tr><td class=\"has-text-align-center\" data-align=\"center\">1 febbraio<\/td><td class=\"has-text-align-center\" data-align=\"center\">Diavoli Milano-Gottwaldov<\/td><td class=\"has-text-align-center\" data-align=\"center\">5-9 (1-5; 3-2; 1-2)<\/td><\/tr><\/tbody><\/table><\/figure>\n\n\n\n<div class=\"wp-block-image\"><figure class=\"aligncenter size-large\"><img loading=\"lazy\" decoding=\"async\" width=\"1024\" height=\"629\" src=\"https:\/\/www.milanosiamonoi.com\/wp-content\/uploads\/2022\/08\/68.02.01-foto-DM-Gottwaldov-1024x629.png\" alt=\"\" class=\"wp-image-14487\" srcset=\"https:\/\/www.milanosiamonoi.com\/wp-content\/uploads\/2022\/08\/68.02.01-foto-DM-Gottwaldov-1024x629.png 1024w, https:\/\/www.milanosiamonoi.com\/wp-content\/uploads\/2022\/08\/68.02.01-foto-DM-Gottwaldov-300x184.png 300w, https:\/\/www.milanosiamonoi.com\/wp-content\/uploads\/2022\/08\/68.02.01-foto-DM-Gottwaldov-768x472.png 768w, https:\/\/www.milanosiamonoi.com\/wp-content\/uploads\/2022\/08\/68.02.01-foto-DM-Gottwaldov-100x61.png 100w, https:\/\/www.milanosiamonoi.com\/wp-content\/uploads\/2022\/08\/68.02.01-foto-DM-Gottwaldov-50x31.png 50w, https:\/\/www.milanosiamonoi.com\/wp-content\/uploads\/2022\/08\/68.02.01-foto-DM-Gottwaldov-25x15.png 25w, https:\/\/www.milanosiamonoi.com\/wp-content\/uploads\/2022\/08\/68.02.01-foto-DM-Gottwaldov-1126x691.png 1126w, https:\/\/www.milanosiamonoi.com\/wp-content\/uploads\/2022\/08\/68.02.01-foto-DM-Gottwaldov-740x454.png 740w, https:\/\/www.milanosiamonoi.com\/wp-content\/uploads\/2022\/08\/68.02.01-foto-DM-Gottwaldov.png 1228w\" sizes=\"(max-width: 1024px) 100vw, 1024px\" \/><figcaption><em>Foto pre-partita Diavoli-Gottwaldov.<\/em><\/figcaption><\/figure><\/div>\n\n\n\n<p class=\"has-text-align-center\">Il gala con la squadra cecoslovacca fomenta fastidiose polemiche. Ai giocatori biancorossi non \u00e8 piaciuto l&#8217;atteggiamento di coach Ruzicka, pareva facesse il tifo per i suoi connazionali, incomprensibile lo schieramento del primo tempo. Franco Gallo ha addirittura lasciato la panchina prima che terminassero i venti minuti iniziali, \u00e8 salito negli spogliatoi, si \u00e8 cambiato ed \u00e8 tornato a casa! Una delegazione di giocatori ha protestato con il presidente Monzino che, in vista del girone finale, dovr\u00e0 riportare la serenit\u00e0 in tutto l&#8217;ambiente.<\/p>\n\n\n\n<div class=\"wp-block-image\"><figure class=\"aligncenter size-large is-resized\"><img loading=\"lazy\" decoding=\"async\" src=\"https:\/\/www.milanosiamonoi.com\/wp-content\/uploads\/2022\/08\/67.10.-foto-Adair-DM-libro-MFeTC.jpg\" alt=\"\" class=\"wp-image-14449\" width=\"560\" height=\"571\" srcset=\"https:\/\/www.milanosiamonoi.com\/wp-content\/uploads\/2022\/08\/67.10.-foto-Adair-DM-libro-MFeTC.jpg 721w, https:\/\/www.milanosiamonoi.com\/wp-content\/uploads\/2022\/08\/67.10.-foto-Adair-DM-libro-MFeTC-294x300.jpg 294w, https:\/\/www.milanosiamonoi.com\/wp-content\/uploads\/2022\/08\/67.10.-foto-Adair-DM-libro-MFeTC-98x100.jpg 98w, https:\/\/www.milanosiamonoi.com\/wp-content\/uploads\/2022\/08\/67.10.-foto-Adair-DM-libro-MFeTC-50x50.jpg 50w, https:\/\/www.milanosiamonoi.com\/wp-content\/uploads\/2022\/08\/67.10.-foto-Adair-DM-libro-MFeTC-25x25.jpg 25w\" sizes=\"(max-width: 560px) 100vw, 560px\" \/><figcaption><em>Pat Adair: tripletta al Gottwaldov. (foto libro Crotti-Forte &#8211; De Vecchi Ed.)<\/em><\/figcaption><\/figure><\/div>\n\n\n\n<p class=\"has-text-align-center\">La commissione giudicante federale respinge il ricorso del Gardena e conferma la vittoria a tavolino in favore dei Diavoli. In sostanza, di nevicare aveva smesso, la pista doveva essere ripulita e si doveva giocare. I Diavoli si preparano al rush finale incontrando due volte il Lugano (LNB).<\/p>\n\n\n\n<figure class=\"wp-block-table aligncenter\"><table><tbody><tr><td class=\"has-text-align-center\" data-align=\"center\"><strong>1968<\/strong><\/td><td class=\"has-text-align-center\" data-align=\"center\"><strong>Partite amichevoli.<\/strong><\/td><td class=\"has-text-align-center\" data-align=\"center\"><strong>Risultato<\/strong><\/td><\/tr><tr><td class=\"has-text-align-center\" data-align=\"center\">7 febbraio<\/td><td class=\"has-text-align-center\" data-align=\"center\">Lugano-Diavoli Milano<\/td><td class=\"has-text-align-center\" data-align=\"center\">4-7 (2-3; 2-0; 0-4)<\/td><\/tr><tr><td class=\"has-text-align-center\" data-align=\"center\">14 febbraio<\/td><td class=\"has-text-align-center\" data-align=\"center\">Diavoli Milano-Lugano<\/td><td class=\"has-text-align-center\" data-align=\"center\">13-4 (2-1; 7-1; 6-2)<\/td><\/tr><\/tbody><\/table><\/figure>\n\n\n\n<p class=\"has-text-align-center\">Al girone finale accedono Cortina, Diavoli e Gardena. Ampezzani e milanesi partono da 14 punti, i gardenesi da 8. Pessime notizie sull&#8217;orizzonte biancorosso. Crotti esce di scena dopo il match di Lugano (due reti), ma con sole cinque partite giocate la sua stagione non \u00e8 mai cominciata. Altra tremenda tegola le condizioni di salute di Werner Holzner, ricoverato all&#8217;ospedale militare di Bologna per una grave forma diabetica. Il quadro negativo coinvolge anche un dirigente. Luigi Lucioni, accompagnatore degli allievi a Ortisei, cade sulla strada ghiacciata nei pressi del nuovo stadio gardenese e si frattura un femore. Prima del girone finale a Ortisei.<\/p>\n\n\n\n<div class=\"wp-block-image\"><figure class=\"aligncenter size-large\"><img loading=\"lazy\" decoding=\"async\" width=\"803\" height=\"680\" src=\"https:\/\/www.milanosiamonoi.com\/wp-content\/uploads\/2022\/08\/68.02.18-AF-Gard-DM-6-7.jpg\" alt=\"\" class=\"wp-image-14502\" srcset=\"https:\/\/www.milanosiamonoi.com\/wp-content\/uploads\/2022\/08\/68.02.18-AF-Gard-DM-6-7.jpg 803w, https:\/\/www.milanosiamonoi.com\/wp-content\/uploads\/2022\/08\/68.02.18-AF-Gard-DM-6-7-300x254.jpg 300w, https:\/\/www.milanosiamonoi.com\/wp-content\/uploads\/2022\/08\/68.02.18-AF-Gard-DM-6-7-768x650.jpg 768w, https:\/\/www.milanosiamonoi.com\/wp-content\/uploads\/2022\/08\/68.02.18-AF-Gard-DM-6-7-100x85.jpg 100w, https:\/\/www.milanosiamonoi.com\/wp-content\/uploads\/2022\/08\/68.02.18-AF-Gard-DM-6-7-50x42.jpg 50w, https:\/\/www.milanosiamonoi.com\/wp-content\/uploads\/2022\/08\/68.02.18-AF-Gard-DM-6-7-25x21.jpg 25w, https:\/\/www.milanosiamonoi.com\/wp-content\/uploads\/2022\/08\/68.02.18-AF-Gard-DM-6-7-740x627.jpg 740w\" sizes=\"(max-width: 803px) 100vw, 803px\" \/><figcaption><em>Articolo da &#8220;La Gazzetta dello Sport&#8221;.<\/em><\/figcaption><\/figure><\/div>\n\n\n\n<p class=\"has-text-align-center\">I Diavoli salvano tutto nel terzo periodo. Le assenze pesano, ma probabilmente la serata con il Gottwaldov ha lasciato il segno. Sta di fatto che per ovviare agli inconvenienti verificatisi fra Ruzicka e alcuni giocatori, la dirigenza da veste ufficiale alla collaborazione tra il tecnico ceko e Aldo Federici: a partire da Cortina scenderanno entrambi in panchina.<\/p>\n\n\n\n<div class=\"wp-block-image\"><figure class=\"aligncenter size-large is-resized\"><img loading=\"lazy\" decoding=\"async\" src=\"https:\/\/www.milanosiamonoi.com\/wp-content\/uploads\/2022\/08\/68.02.26-A-Cort-DM-0-1-MSN.jpg\" alt=\"\" class=\"wp-image-14504\" width=\"531\" height=\"602\" srcset=\"https:\/\/www.milanosiamonoi.com\/wp-content\/uploads\/2022\/08\/68.02.26-A-Cort-DM-0-1-MSN.jpg 652w, https:\/\/www.milanosiamonoi.com\/wp-content\/uploads\/2022\/08\/68.02.26-A-Cort-DM-0-1-MSN-264x300.jpg 264w, https:\/\/www.milanosiamonoi.com\/wp-content\/uploads\/2022\/08\/68.02.26-A-Cort-DM-0-1-MSN-88x100.jpg 88w, https:\/\/www.milanosiamonoi.com\/wp-content\/uploads\/2022\/08\/68.02.26-A-Cort-DM-0-1-MSN-44x50.jpg 44w, https:\/\/www.milanosiamonoi.com\/wp-content\/uploads\/2022\/08\/68.02.26-A-Cort-DM-0-1-MSN-22x25.jpg 22w\" sizes=\"(max-width: 531px) 100vw, 531px\" \/><figcaption><em>Articolo da &#8220;La Gazzetta dello Sport&#8221;.<\/em><\/figcaption><\/figure><\/div>\n\n\n\n<div class=\"wp-block-image\"><figure class=\"aligncenter size-large\"><img loading=\"lazy\" decoding=\"async\" width=\"608\" height=\"496\" src=\"https:\/\/www.milanosiamonoi.com\/wp-content\/uploads\/2022\/08\/68.02.28-A-Cort-DM-1-2-Corinf.png\" alt=\"\" class=\"wp-image-14505\" srcset=\"https:\/\/www.milanosiamonoi.com\/wp-content\/uploads\/2022\/08\/68.02.28-A-Cort-DM-1-2-Corinf.png 608w, https:\/\/www.milanosiamonoi.com\/wp-content\/uploads\/2022\/08\/68.02.28-A-Cort-DM-1-2-Corinf-300x245.png 300w, https:\/\/www.milanosiamonoi.com\/wp-content\/uploads\/2022\/08\/68.02.28-A-Cort-DM-1-2-Corinf-100x82.png 100w, https:\/\/www.milanosiamonoi.com\/wp-content\/uploads\/2022\/08\/68.02.28-A-Cort-DM-1-2-Corinf-50x41.png 50w, https:\/\/www.milanosiamonoi.com\/wp-content\/uploads\/2022\/08\/68.02.28-A-Cort-DM-1-2-Corinf-25x20.png 25w\" sizes=\"(max-width: 608px) 100vw, 608px\" \/><figcaption><em>Articolo da &#8220;Il Corriere d&#8217;Informazione&#8221;.<\/em><\/figcaption><\/figure><\/div>\n\n\n\n<p class=\"has-text-align-center\">Il colpo grosso dell&#8217;Olimpico, in precedenza vinto solo nel gennaio del 1958 (4-2) quando la squadra si chiamava ancora Milaninter HC, pone i Diavoli a un passo dallo scudetto. Vincendo con il Gardena, nel match di ritorno con il Cortina basterebbe un pareggio. Il girone finale avanza a fatica, Cortina-Gardena non si disputa per via della neve, intanto il  28 febbraio in via Piranesi deve scendere la squadra di Ortisei.<\/p>\n\n\n\n<div class=\"wp-block-image\"><figure class=\"aligncenter size-large\"><img loading=\"lazy\" decoding=\"async\" width=\"569\" height=\"49\" src=\"https:\/\/www.milanosiamonoi.com\/wp-content\/uploads\/2022\/08\/68.02.28-A-forfait-Gardena-a-MI.jpg\" alt=\"\" class=\"wp-image-14509\" srcset=\"https:\/\/www.milanosiamonoi.com\/wp-content\/uploads\/2022\/08\/68.02.28-A-forfait-Gardena-a-MI.jpg 569w, https:\/\/www.milanosiamonoi.com\/wp-content\/uploads\/2022\/08\/68.02.28-A-forfait-Gardena-a-MI-300x26.jpg 300w, https:\/\/www.milanosiamonoi.com\/wp-content\/uploads\/2022\/08\/68.02.28-A-forfait-Gardena-a-MI-100x9.jpg 100w, https:\/\/www.milanosiamonoi.com\/wp-content\/uploads\/2022\/08\/68.02.28-A-forfait-Gardena-a-MI-50x4.jpg 50w, https:\/\/www.milanosiamonoi.com\/wp-content\/uploads\/2022\/08\/68.02.28-A-forfait-Gardena-a-MI-25x2.jpg 25w\" sizes=\"(max-width: 569px) 100vw, 569px\" \/><\/figure><\/div>\n\n\n\n<p class=\"has-text-align-center\">Succede che il Gardena non si presenta. Gi\u00e0 in mattinata da Ortisei avevano avvisato che non sarebbero partiti per Milano. La rinuncia ha carattere di ripicca alla decisione della commissione giudicante di confermare la 0-5 a tavolino per la partita della prima fase. L&#8217;incasso di una partita di campionato \u00e8 interamente a favore della squadra ospitante, mentre le spese di trasferta sono a carico dell&#8217;ospitato. Per la stampa \u00e8 evidente l&#8217;intenzione di danneggiare sul piano economico il club milanese: inevitabile un altro 5-0 a tavolino. Il calendario del girone finale indica per il 3 marzo l&#8217;incontro Gardena-Cortina, ma le due squadre si accordano per giocare la partita dieci giorni dopo! A questo punto si passa a Diavoli-Cortina.<\/p>\n\n\n\n<div class=\"wp-block-image\"><figure class=\"aligncenter size-large is-resized\"><img loading=\"lazy\" decoding=\"async\" src=\"https:\/\/www.milanosiamonoi.com\/wp-content\/uploads\/2022\/08\/68.03.07-AF-DM-Cort-0-3-563x1024.jpg\" alt=\"\" class=\"wp-image-14521\" width=\"499\" height=\"907\" srcset=\"https:\/\/www.milanosiamonoi.com\/wp-content\/uploads\/2022\/08\/68.03.07-AF-DM-Cort-0-3-563x1024.jpg 563w, https:\/\/www.milanosiamonoi.com\/wp-content\/uploads\/2022\/08\/68.03.07-AF-DM-Cort-0-3-165x300.jpg 165w, https:\/\/www.milanosiamonoi.com\/wp-content\/uploads\/2022\/08\/68.03.07-AF-DM-Cort-0-3-768x1397.jpg 768w, https:\/\/www.milanosiamonoi.com\/wp-content\/uploads\/2022\/08\/68.03.07-AF-DM-Cort-0-3-55x100.jpg 55w, https:\/\/www.milanosiamonoi.com\/wp-content\/uploads\/2022\/08\/68.03.07-AF-DM-Cort-0-3-27x50.jpg 27w, https:\/\/www.milanosiamonoi.com\/wp-content\/uploads\/2022\/08\/68.03.07-AF-DM-Cort-0-3-14x25.jpg 14w, https:\/\/www.milanosiamonoi.com\/wp-content\/uploads\/2022\/08\/68.03.07-AF-DM-Cort-0-3-740x1346.jpg 740w, https:\/\/www.milanosiamonoi.com\/wp-content\/uploads\/2022\/08\/68.03.07-AF-DM-Cort-0-3.jpg 814w\" sizes=\"(max-width: 499px) 100vw, 499px\" \/><figcaption><em>Articolo da &#8220;La Gazzetta dello Sport&#8221;.<\/em><\/figcaption><\/figure><\/div>\n\n\n\n<div class=\"wp-block-image\"><figure class=\"aligncenter size-large is-resized\"><img loading=\"lazy\" decoding=\"async\" src=\"https:\/\/www.milanosiamonoi.com\/wp-content\/uploads\/2022\/08\/68.03.07-foto-Nucci-e-Mastel-Corinf.png\" alt=\"\" class=\"wp-image-14522\" width=\"331\" height=\"525\" srcset=\"https:\/\/www.milanosiamonoi.com\/wp-content\/uploads\/2022\/08\/68.03.07-foto-Nucci-e-Mastel-Corinf.png 428w, https:\/\/www.milanosiamonoi.com\/wp-content\/uploads\/2022\/08\/68.03.07-foto-Nucci-e-Mastel-Corinf-189x300.png 189w, https:\/\/www.milanosiamonoi.com\/wp-content\/uploads\/2022\/08\/68.03.07-foto-Nucci-e-Mastel-Corinf-63x100.png 63w, https:\/\/www.milanosiamonoi.com\/wp-content\/uploads\/2022\/08\/68.03.07-foto-Nucci-e-Mastel-Corinf-32x50.png 32w, https:\/\/www.milanosiamonoi.com\/wp-content\/uploads\/2022\/08\/68.03.07-foto-Nucci-e-Mastel-Corinf-16x25.png 16w\" sizes=\"(max-width: 331px) 100vw, 331px\" \/><figcaption><em>Nucci e Mastel. (foto da &#8220;Il Corriere d&#8217;Informazione&#8221;)<\/em><\/figcaption><\/figure><\/div>\n\n\n\n<p class=\"has-text-align-center\">Fallito il championship-point, ne bastava solo uno, giunge finalmente la decisione della commissione d&#8217;appello relativa a Gardena-Diavoli della prima fase!<\/p>\n\n\n\n<div class=\"wp-block-image\"><figure class=\"aligncenter size-large\"><img loading=\"lazy\" decoding=\"async\" width=\"1024\" height=\"465\" src=\"https:\/\/www.milanosiamonoi.com\/wp-content\/uploads\/2022\/08\/68.03.12-A-Gard-DM-da-rigiocare-forse-errore-1024x465.png\" alt=\"\" class=\"wp-image-14512\" srcset=\"https:\/\/www.milanosiamonoi.com\/wp-content\/uploads\/2022\/08\/68.03.12-A-Gard-DM-da-rigiocare-forse-errore-1024x465.png 1024w, https:\/\/www.milanosiamonoi.com\/wp-content\/uploads\/2022\/08\/68.03.12-A-Gard-DM-da-rigiocare-forse-errore-300x136.png 300w, https:\/\/www.milanosiamonoi.com\/wp-content\/uploads\/2022\/08\/68.03.12-A-Gard-DM-da-rigiocare-forse-errore-768x349.png 768w, https:\/\/www.milanosiamonoi.com\/wp-content\/uploads\/2022\/08\/68.03.12-A-Gard-DM-da-rigiocare-forse-errore-100x45.png 100w, https:\/\/www.milanosiamonoi.com\/wp-content\/uploads\/2022\/08\/68.03.12-A-Gard-DM-da-rigiocare-forse-errore-50x23.png 50w, https:\/\/www.milanosiamonoi.com\/wp-content\/uploads\/2022\/08\/68.03.12-A-Gard-DM-da-rigiocare-forse-errore-25x11.png 25w, https:\/\/www.milanosiamonoi.com\/wp-content\/uploads\/2022\/08\/68.03.12-A-Gard-DM-da-rigiocare-forse-errore-1126x512.png 1126w, https:\/\/www.milanosiamonoi.com\/wp-content\/uploads\/2022\/08\/68.03.12-A-Gard-DM-da-rigiocare-forse-errore-740x336.png 740w, https:\/\/www.milanosiamonoi.com\/wp-content\/uploads\/2022\/08\/68.03.12-A-Gard-DM-da-rigiocare-forse-errore.png 1173w\" sizes=\"(max-width: 1024px) 100vw, 1024px\" \/><figcaption><em>Articolo da &#8220;Il Corriere d&#8217;Informazione<\/em>&#8220;.<\/figcaption><\/figure><\/div>\n\n\n\n<p class=\"has-text-align-center\">L&#8217;undici marzo il Gardena va a Cortina: perde 9-1. A questo punto mancano ancora due recuperi: Gardena-Diavoli della prima fase e Gardena-Cortina della seconda. I colpi di scena continuano&#8230;<\/p>\n\n\n\n<div class=\"wp-block-image\"><figure class=\"aligncenter size-large\"><img loading=\"lazy\" decoding=\"async\" width=\"1024\" height=\"349\" src=\"https:\/\/www.milanosiamonoi.com\/wp-content\/uploads\/2022\/08\/68.03.03-AF-titolo-Gard-ritiro-1024x349.jpg\" alt=\"\" class=\"wp-image-14525\" srcset=\"https:\/\/www.milanosiamonoi.com\/wp-content\/uploads\/2022\/08\/68.03.03-AF-titolo-Gard-ritiro-1024x349.jpg 1024w, https:\/\/www.milanosiamonoi.com\/wp-content\/uploads\/2022\/08\/68.03.03-AF-titolo-Gard-ritiro-300x102.jpg 300w, https:\/\/www.milanosiamonoi.com\/wp-content\/uploads\/2022\/08\/68.03.03-AF-titolo-Gard-ritiro-768x262.jpg 768w, https:\/\/www.milanosiamonoi.com\/wp-content\/uploads\/2022\/08\/68.03.03-AF-titolo-Gard-ritiro-1536x524.jpg 1536w, https:\/\/www.milanosiamonoi.com\/wp-content\/uploads\/2022\/08\/68.03.03-AF-titolo-Gard-ritiro-100x34.jpg 100w, https:\/\/www.milanosiamonoi.com\/wp-content\/uploads\/2022\/08\/68.03.03-AF-titolo-Gard-ritiro-50x17.jpg 50w, https:\/\/www.milanosiamonoi.com\/wp-content\/uploads\/2022\/08\/68.03.03-AF-titolo-Gard-ritiro-25x9.jpg 25w, https:\/\/www.milanosiamonoi.com\/wp-content\/uploads\/2022\/08\/68.03.03-AF-titolo-Gard-ritiro-1126x384.jpg 1126w, https:\/\/www.milanosiamonoi.com\/wp-content\/uploads\/2022\/08\/68.03.03-AF-titolo-Gard-ritiro-740x253.jpg 740w, https:\/\/www.milanosiamonoi.com\/wp-content\/uploads\/2022\/08\/68.03.03-AF-titolo-Gard-ritiro.jpg 1814w\" sizes=\"(max-width: 1024px) 100vw, 1024px\" \/><\/figure><\/div>\n\n\n\n<div class=\"wp-block-image\"><figure class=\"aligncenter size-large is-resized\"><img loading=\"lazy\" decoding=\"async\" src=\"https:\/\/www.milanosiamonoi.com\/wp-content\/uploads\/2022\/08\/68.03.14-A-Gardena-si-ritira.png\" alt=\"\" class=\"wp-image-14513\" width=\"482\" height=\"476\" srcset=\"https:\/\/www.milanosiamonoi.com\/wp-content\/uploads\/2022\/08\/68.03.14-A-Gardena-si-ritira.png 561w, https:\/\/www.milanosiamonoi.com\/wp-content\/uploads\/2022\/08\/68.03.14-A-Gardena-si-ritira-300x296.png 300w, https:\/\/www.milanosiamonoi.com\/wp-content\/uploads\/2022\/08\/68.03.14-A-Gardena-si-ritira-100x100.png 100w, https:\/\/www.milanosiamonoi.com\/wp-content\/uploads\/2022\/08\/68.03.14-A-Gardena-si-ritira-50x50.png 50w, https:\/\/www.milanosiamonoi.com\/wp-content\/uploads\/2022\/08\/68.03.14-A-Gardena-si-ritira-25x25.png 25w, https:\/\/www.milanosiamonoi.com\/wp-content\/uploads\/2022\/08\/68.03.14-A-Gardena-si-ritira-90x90.png 90w\" sizes=\"(max-width: 482px) 100vw, 482px\" \/><figcaption><em>Da &#8220;Il Corriere della Sera&#8221;.<\/em><\/figcaption><\/figure><\/div>\n\n\n\n<p class=\"has-text-align-center\">Il Gardena non si \u00e8 accontentato della decisione di far ripetere il match della prima fase; contestata e non accettata la squalifica del campo per la durata di un mese con conseguente aumento di  spese e mancati incassi. A mente di quanto stabilito dall&#8217;articolo 56 delle norme campionato (assente in tre occasioni alle date prestabilite), inevitabile l&#8217;esclusione dal campionato stesso. <\/p>\n\n\n\n<div class=\"wp-block-image\"><figure class=\"aligncenter size-large is-resized\"><img loading=\"lazy\" decoding=\"async\" src=\"https:\/\/www.milanosiamonoi.com\/wp-content\/uploads\/2022\/08\/68.03.17-A-quadri-camp.-no-Gardena-MSN-5-0t-662x1024.jpg\" alt=\"\" class=\"wp-image-14530\" width=\"454\" height=\"702\" srcset=\"https:\/\/www.milanosiamonoi.com\/wp-content\/uploads\/2022\/08\/68.03.17-A-quadri-camp.-no-Gardena-MSN-5-0t-662x1024.jpg 662w, https:\/\/www.milanosiamonoi.com\/wp-content\/uploads\/2022\/08\/68.03.17-A-quadri-camp.-no-Gardena-MSN-5-0t-194x300.jpg 194w, https:\/\/www.milanosiamonoi.com\/wp-content\/uploads\/2022\/08\/68.03.17-A-quadri-camp.-no-Gardena-MSN-5-0t-768x1188.jpg 768w, https:\/\/www.milanosiamonoi.com\/wp-content\/uploads\/2022\/08\/68.03.17-A-quadri-camp.-no-Gardena-MSN-5-0t-65x100.jpg 65w, https:\/\/www.milanosiamonoi.com\/wp-content\/uploads\/2022\/08\/68.03.17-A-quadri-camp.-no-Gardena-MSN-5-0t-32x50.jpg 32w, https:\/\/www.milanosiamonoi.com\/wp-content\/uploads\/2022\/08\/68.03.17-A-quadri-camp.-no-Gardena-MSN-5-0t-16x25.jpg 16w, https:\/\/www.milanosiamonoi.com\/wp-content\/uploads\/2022\/08\/68.03.17-A-quadri-camp.-no-Gardena-MSN-5-0t-740x1144.jpg 740w, https:\/\/www.milanosiamonoi.com\/wp-content\/uploads\/2022\/08\/68.03.17-A-quadri-camp.-no-Gardena-MSN-5-0t.jpg 994w\" sizes=\"(max-width: 454px) 100vw, 454px\" \/><\/figure><\/div>\n\n\n\n<div class=\"wp-block-image\"><figure class=\"aligncenter size-large\"><img loading=\"lazy\" decoding=\"async\" width=\"1002\" height=\"159\" src=\"https:\/\/www.milanosiamonoi.com\/wp-content\/uploads\/2022\/08\/68.03.16-A-ante-Cort-DM-a-Bz-titolo.png\" alt=\"\" class=\"wp-image-14514\" srcset=\"https:\/\/www.milanosiamonoi.com\/wp-content\/uploads\/2022\/08\/68.03.16-A-ante-Cort-DM-a-Bz-titolo.png 1002w, https:\/\/www.milanosiamonoi.com\/wp-content\/uploads\/2022\/08\/68.03.16-A-ante-Cort-DM-a-Bz-titolo-300x48.png 300w, https:\/\/www.milanosiamonoi.com\/wp-content\/uploads\/2022\/08\/68.03.16-A-ante-Cort-DM-a-Bz-titolo-768x122.png 768w, https:\/\/www.milanosiamonoi.com\/wp-content\/uploads\/2022\/08\/68.03.16-A-ante-Cort-DM-a-Bz-titolo-100x16.png 100w, https:\/\/www.milanosiamonoi.com\/wp-content\/uploads\/2022\/08\/68.03.16-A-ante-Cort-DM-a-Bz-titolo-50x8.png 50w, https:\/\/www.milanosiamonoi.com\/wp-content\/uploads\/2022\/08\/68.03.16-A-ante-Cort-DM-a-Bz-titolo-25x4.png 25w, https:\/\/www.milanosiamonoi.com\/wp-content\/uploads\/2022\/08\/68.03.16-A-ante-Cort-DM-a-Bz-titolo-740x117.png 740w\" sizes=\"(max-width: 1002px) 100vw, 1002px\" \/><figcaption>Titolo da &#8220;Il Corriere della Sera&#8221;.<\/figcaption><\/figure><\/div>\n\n\n\n<div class=\"wp-block-image\"><figure class=\"aligncenter size-large is-resized\"><img loading=\"lazy\" decoding=\"async\" src=\"https:\/\/www.milanosiamonoi.com\/wp-content\/uploads\/2022\/08\/68.03.16-AS-Cort-DM-7-5-brai-533x1024.jpg\" alt=\"\" class=\"wp-image-14516\" width=\"470\" height=\"903\" srcset=\"https:\/\/www.milanosiamonoi.com\/wp-content\/uploads\/2022\/08\/68.03.16-AS-Cort-DM-7-5-brai-533x1024.jpg 533w, https:\/\/www.milanosiamonoi.com\/wp-content\/uploads\/2022\/08\/68.03.16-AS-Cort-DM-7-5-brai-156x300.jpg 156w, https:\/\/www.milanosiamonoi.com\/wp-content\/uploads\/2022\/08\/68.03.16-AS-Cort-DM-7-5-brai-768x1475.jpg 768w, https:\/\/www.milanosiamonoi.com\/wp-content\/uploads\/2022\/08\/68.03.16-AS-Cort-DM-7-5-brai-800x1536.jpg 800w, https:\/\/www.milanosiamonoi.com\/wp-content\/uploads\/2022\/08\/68.03.16-AS-Cort-DM-7-5-brai-52x100.jpg 52w, https:\/\/www.milanosiamonoi.com\/wp-content\/uploads\/2022\/08\/68.03.16-AS-Cort-DM-7-5-brai-26x50.jpg 26w, https:\/\/www.milanosiamonoi.com\/wp-content\/uploads\/2022\/08\/68.03.16-AS-Cort-DM-7-5-brai-13x25.jpg 13w, https:\/\/www.milanosiamonoi.com\/wp-content\/uploads\/2022\/08\/68.03.16-AS-Cort-DM-7-5-brai-740x1422.jpg 740w, https:\/\/www.milanosiamonoi.com\/wp-content\/uploads\/2022\/08\/68.03.16-AS-Cort-DM-7-5-brai.jpg 950w\" sizes=\"(max-width: 470px) 100vw, 470px\" \/><figcaption><em>Articolo da &#8220;La Gazzetta dello Sport&#8221;.<\/em><\/figcaption><\/figure><\/div>\n\n\n\n<p class=\"has-text-align-center\">Per il Cortina \u00e8 il decimo scudetto. Per i Diavoli un finale di stagione in calando, ma la sfortuna ha bersagliato gli uomini del presidente Monzino dall&#8217;inizio alla fine. Crotti in pista solo cinque volte e nella vittoriosa partita di Cortina c&#8217;era. Werner Holzner fuori causa nel momento pi\u00f9 importante della stagione. Per lo spareggio perso anche l&#8217;influenzato La Fisca, senza dimenticare che al momento dell&#8217;uscita di scena di Branduardi, slogatura a una spalla provocata da una carica alla balaustra, i Diavoli erano avanti 3-2. Doveva finire cos\u00ec.<\/p>\n\n\n\n<div class=\"wp-block-image\"><figure class=\"aligncenter size-large\"><img loading=\"lazy\" decoding=\"async\" width=\"864\" height=\"646\" src=\"https:\/\/www.milanosiamonoi.com\/wp-content\/uploads\/2022\/08\/67.11-foto-DM-Valter-Fill.jpg\" alt=\"\" class=\"wp-image-14428\" srcset=\"https:\/\/www.milanosiamonoi.com\/wp-content\/uploads\/2022\/08\/67.11-foto-DM-Valter-Fill.jpg 864w, https:\/\/www.milanosiamonoi.com\/wp-content\/uploads\/2022\/08\/67.11-foto-DM-Valter-Fill-300x224.jpg 300w, https:\/\/www.milanosiamonoi.com\/wp-content\/uploads\/2022\/08\/67.11-foto-DM-Valter-Fill-768x574.jpg 768w, https:\/\/www.milanosiamonoi.com\/wp-content\/uploads\/2022\/08\/67.11-foto-DM-Valter-Fill-100x75.jpg 100w, https:\/\/www.milanosiamonoi.com\/wp-content\/uploads\/2022\/08\/67.11-foto-DM-Valter-Fill-50x37.jpg 50w, https:\/\/www.milanosiamonoi.com\/wp-content\/uploads\/2022\/08\/67.11-foto-DM-Valter-Fill-25x19.jpg 25w, https:\/\/www.milanosiamonoi.com\/wp-content\/uploads\/2022\/08\/67.11-foto-DM-Valter-Fill-740x553.jpg 740w, https:\/\/www.milanosiamonoi.com\/wp-content\/uploads\/2022\/08\/67.11-foto-DM-Valter-Fill-480x360.jpg 480w\" sizes=\"(max-width: 864px) 100vw, 864px\" \/><figcaption><em>Da sinistra in piedi: Ruzicka, Adair, M. e A. Lusena, Nucci, Orazio De Toni, Rudatis, Gallo, Walter De Toni, Branduardi. In prima fila: W. La Fisca, W. Holzner, Viale, Favaro, R. De Toni, Orlando De Toni, Pratellesi.<\/em><\/figcaption><\/figure><\/div>\n\n\n\n<figure class=\"wp-block-table aligncenter\"><table><tbody><tr><td><strong>Classifica marcatori stagionali dei Diavoli<\/strong><\/td><td class=\"has-text-align-center\" data-align=\"center\"><strong>Reti<\/strong><\/td><\/tr><tr><td>Patrick Adair (27 presenze)<\/td><td class=\"has-text-align-center\" data-align=\"center\">46<\/td><\/tr><tr><td>Renato De Toni (18)<\/td><td class=\"has-text-align-center\" data-align=\"center\">16<\/td><\/tr><tr><td>Giampiero Branduardi (20), Franco Gallo (21)<\/td><td class=\"has-text-align-center\" data-align=\"center\">13<\/td><\/tr><tr><td>Orazio De Toni (26)<\/td><td class=\"has-text-align-center\" data-align=\"center\">10<\/td><\/tr><tr><td>Werner Holzner (12)<\/td><td class=\"has-text-align-center\" data-align=\"center\">9<\/td><\/tr><tr><td>Gianfranco Rudatis (22)<\/td><td class=\"has-text-align-center\" data-align=\"center\">8<\/td><\/tr><tr><td>Valter La Fisca (23)<\/td><td class=\"has-text-align-center\" data-align=\"center\">7<\/td><\/tr><tr><td>Orlando De Toni (24)<\/td><td class=\"has-text-align-center\" data-align=\"center\">6<\/td><\/tr><tr><td>Tino Crotti (5), Luciano Nucci (25)<\/td><td class=\"has-text-align-center\" data-align=\"center\">3<\/td><\/tr><tr><td>Walter De Toni (27), Alberto Da Rin (1), Bryan Whittal (5), Ken Killoran (2)<\/td><td class=\"has-text-align-center\" data-align=\"center\">2<\/td><\/tr><tr><td>Andrea Lusena (20), Marco Lusena (26), Gianfranco Da Rin (1)<\/td><td class=\"has-text-align-center\" data-align=\"center\">1<\/td><\/tr><tr><td>Mancano i marcatori di 26 reti:<\/td><td class=\"has-text-align-center\" data-align=\"center\"><\/td><\/tr><tr><td>Grenoble\/Villard (12) e RCAF (14)<\/td><td class=\"has-text-align-center\" data-align=\"center\"><\/td><\/tr><\/tbody><\/table><\/figure>\n\n\n\n<figure class=\"wp-block-table\"><table><tbody><tr><td><strong><a href=\"https:\/\/www.milanosiamonoi.com\/index.php\/campionati\/dal-1960-al-1969-vs-cortina\/1966-1967-diavoli-hc-milano\/\">stagione precedente<\/a><\/strong><\/td><td class=\"has-text-align-right\" data-align=\"right\"><strong><a href=\"https:\/\/www.milanosiamonoi.com\/index.php\/campionati\/dal-1960-al-1969-vs-cortina\/1968-1969-diavoli-hc-milano\/\">stagione successiva<\/a><\/strong><\/td><\/tr><\/tbody><\/table><\/figure>\n\n\n\n<figure class=\"wp-block-table\"><table><tbody><tr><td class=\"has-text-align-center\" data-align=\"center\"><strong><a href=\"https:\/\/www.milanosiamonoi.com\/index.php\/campionati\/dal-1960-al-1969-vs-cortina\/1967-1968-amatori-mi-ambrosiano-e-allievi\/\">Amatori Milano e Ambrosiano Milano<\/a><\/strong><\/td><\/tr><\/tbody><\/table><\/figure>\n","protected":false},"excerpt":{"rendered":"<p>Presidente Tullio Monzino Allenatore Josef Ruzicka Ruolo Giocatori con almeno una presenza in prima squadra. P 1 Franco Viale, 18 Roberto Favaro. D 2 Walter&#8230;<\/p>\n","protected":false},"author":2,"featured_media":0,"parent":1471,"menu_order":16,"comment_status":"closed","ping_status":"closed","template":"","meta":{"spay_email":"","footnotes":""},"_links":{"self":[{"href":"https:\/\/www.milanosiamonoi.com\/index.php\/wp-json\/wp\/v2\/pages\/14418"}],"collection":[{"href":"https:\/\/www.milanosiamonoi.com\/index.php\/wp-json\/wp\/v2\/pages"}],"about":[{"href":"https:\/\/www.milanosiamonoi.com\/index.php\/wp-json\/wp\/v2\/types\/page"}],"author":[{"embeddable":true,"href":"https:\/\/www.milanosiamonoi.com\/index.php\/wp-json\/wp\/v2\/users\/2"}],"replies":[{"embeddable":true,"href":"https:\/\/www.milanosiamonoi.com\/index.php\/wp-json\/wp\/v2\/comments?post=14418"}],"version-history":[{"count":113,"href":"https:\/\/www.milanosiamonoi.com\/index.php\/wp-json\/wp\/v2\/pages\/14418\/revisions"}],"predecessor-version":[{"id":16744,"href":"https:\/\/www.milanosiamonoi.com\/index.php\/wp-json\/wp\/v2\/pages\/14418\/revisions\/16744"}],"up":[{"embeddable":true,"href":"https:\/\/www.milanosiamonoi.com\/index.php\/wp-json\/wp\/v2\/pages\/1471"}],"wp:attachment":[{"href":"https:\/\/www.milanosiamonoi.com\/index.php\/wp-json\/wp\/v2\/media?parent=14418"}],"curies":[{"name":"wp","href":"https:\/\/api.w.org\/{rel}","templated":true}]}}