{"id":13767,"date":"2022-11-15T09:03:37","date_gmt":"2022-11-15T09:03:37","guid":{"rendered":"http:\/\/milanosiamonoi.com\/?page_id=13767"},"modified":"2022-11-15T09:03:38","modified_gmt":"2022-11-15T09:03:38","slug":"1964-1965-amatori-mi-ambrosiano-e-allievi","status":"publish","type":"page","link":"https:\/\/www.milanosiamonoi.com\/index.php\/campionati\/dal-1960-al-1969-vs-cortina\/1964-1965-amatori-mi-ambrosiano-e-allievi\/","title":{"rendered":"1964\/1965 Amatori Mi, Ambrosiano e allievi."},"content":{"rendered":"\n<div class=\"wp-block-image\"><figure class=\"aligncenter size-large\"><img loading=\"lazy\" decoding=\"async\" width=\"300\" height=\"300\" src=\"https:\/\/www.milanosiamonoi.com\/wp-content\/uploads\/2022\/06\/logo-amatori-64-300x300-1.jpg\" alt=\"\" class=\"wp-image-13814\" srcset=\"https:\/\/www.milanosiamonoi.com\/wp-content\/uploads\/2022\/06\/logo-amatori-64-300x300-1.jpg 300w, https:\/\/www.milanosiamonoi.com\/wp-content\/uploads\/2022\/06\/logo-amatori-64-300x300-1-150x150.jpg 150w, https:\/\/www.milanosiamonoi.com\/wp-content\/uploads\/2022\/06\/logo-amatori-64-300x300-1-100x100.jpg 100w, https:\/\/www.milanosiamonoi.com\/wp-content\/uploads\/2022\/06\/logo-amatori-64-300x300-1-50x50.jpg 50w, https:\/\/www.milanosiamonoi.com\/wp-content\/uploads\/2022\/06\/logo-amatori-64-300x300-1-25x25.jpg 25w, https:\/\/www.milanosiamonoi.com\/wp-content\/uploads\/2022\/06\/logo-amatori-64-300x300-1-90x90.jpg 90w\" sizes=\"(max-width: 300px) 100vw, 300px\" \/><\/figure><\/div>\n\n\n\n<figure class=\"wp-block-table aligncenter\"><table><tbody><tr><td>Presidente<\/td><td>Lidio Castello<\/td><\/tr><tr><td>Allenatore<\/td><td>Franco Canepa<\/td><\/tr><\/tbody><\/table><\/figure>\n\n\n\n<figure class=\"wp-block-table\"><table><tbody><tr><td class=\"has-text-align-center\" data-align=\"center\">Ruolo<\/td><td><strong>Giocatori con almeno una presenza in prima squadra.<\/strong><\/td><\/tr><tr><td class=\"has-text-align-center\" data-align=\"center\">P<\/td><td>Roberto Favaro, Roncaglio.<\/td><\/tr><tr><td class=\"has-text-align-center\" data-align=\"center\">D<\/td><td>Gigi Brivio, Emilio Delfino, Fraccaro, Giancarlo Galli, Giovanni La Fisca, Roberto Sarfatti, Roberto Tres, Ottavio Wild, <\/td><\/tr><tr><td class=\"has-text-align-center\" data-align=\"center\">A<\/td><td>Angelo Benedetti, Cesare Bressan, Giovanni Ceserani, Adriano Cremonesi, Toto Guccione, Alberto Pedrazzi, Rocco Rinaldi, Alberto Sterza, Giancarlo Vicario.<\/td><\/tr><tr><td class=\"has-text-align-center\" data-align=\"center\">Rinforzi<\/td><td>Giancarlo Agazzi, Giampiero Branduardi, Valter La Fisca, Andrea e Marco Lusena, Giorgio Rigamonti, Umberto Signorini (Diavoli Milano), Walter Bianchini (Torino).<\/td><\/tr><\/tbody><\/table><\/figure>\n\n\n\n<figure class=\"wp-block-image size-large\"><img loading=\"lazy\" decoding=\"async\" width=\"702\" height=\"426\" src=\"https:\/\/www.milanosiamonoi.com\/wp-content\/uploads\/2022\/06\/64.10.27-AmM.jpg\" alt=\"\" class=\"wp-image-13769\" srcset=\"https:\/\/www.milanosiamonoi.com\/wp-content\/uploads\/2022\/06\/64.10.27-AmM.jpg 702w, https:\/\/www.milanosiamonoi.com\/wp-content\/uploads\/2022\/06\/64.10.27-AmM-300x182.jpg 300w, https:\/\/www.milanosiamonoi.com\/wp-content\/uploads\/2022\/06\/64.10.27-AmM-100x61.jpg 100w, https:\/\/www.milanosiamonoi.com\/wp-content\/uploads\/2022\/06\/64.10.27-AmM-50x30.jpg 50w, https:\/\/www.milanosiamonoi.com\/wp-content\/uploads\/2022\/06\/64.10.27-AmM-25x15.jpg 25w\" sizes=\"(max-width: 702px) 100vw, 702px\" \/><figcaption><em>Articolo da &#8220;La Gazzetta dello Sport&#8221;.<\/em><\/figcaption><\/figure>\n\n\n\n<div class=\"wp-block-image\"><figure class=\"aligncenter size-large\"><img loading=\"lazy\" decoding=\"async\" width=\"787\" height=\"618\" src=\"https:\/\/www.milanosiamonoi.com\/wp-content\/uploads\/2022\/06\/64.10.31-Ascona-AmM-9-3-EcoLocarno.png\" alt=\"\" class=\"wp-image-13773\" srcset=\"https:\/\/www.milanosiamonoi.com\/wp-content\/uploads\/2022\/06\/64.10.31-Ascona-AmM-9-3-EcoLocarno.png 787w, https:\/\/www.milanosiamonoi.com\/wp-content\/uploads\/2022\/06\/64.10.31-Ascona-AmM-9-3-EcoLocarno-300x236.png 300w, https:\/\/www.milanosiamonoi.com\/wp-content\/uploads\/2022\/06\/64.10.31-Ascona-AmM-9-3-EcoLocarno-768x603.png 768w, https:\/\/www.milanosiamonoi.com\/wp-content\/uploads\/2022\/06\/64.10.31-Ascona-AmM-9-3-EcoLocarno-100x79.png 100w, https:\/\/www.milanosiamonoi.com\/wp-content\/uploads\/2022\/06\/64.10.31-Ascona-AmM-9-3-EcoLocarno-50x39.png 50w, https:\/\/www.milanosiamonoi.com\/wp-content\/uploads\/2022\/06\/64.10.31-Ascona-AmM-9-3-EcoLocarno-25x20.png 25w, https:\/\/www.milanosiamonoi.com\/wp-content\/uploads\/2022\/06\/64.10.31-Ascona-AmM-9-3-EcoLocarno-740x581.png 740w\" sizes=\"(max-width: 787px) 100vw, 787px\" \/><figcaption><em>Articolo da &#8220;L&#8217;Eco di Locarno&#8221;.<\/em><\/figcaption><\/figure><\/div>\n\n\n\n<figure class=\"wp-block-table aligncenter\"><table><tbody><tr><td class=\"has-text-align-center\" data-align=\"center\"><strong>1964<\/strong><\/td><td class=\"has-text-align-center\" data-align=\"center\"><strong>Milano &#8211; Partita amichevole<\/strong><\/td><td class=\"has-text-align-center\" data-align=\"center\">Risultato<\/td><\/tr><tr><td class=\"has-text-align-center\" data-align=\"center\">2 novembre<\/td><td class=\"has-text-align-center\" data-align=\"center\">Amatori Milano-Ascona<\/td><td class=\"has-text-align-center\" data-align=\"center\">2-9<\/td><\/tr><\/tbody><\/table><\/figure>\n\n\n\n<p class=\"has-text-align-center\">Nonostante i rinforzi dai Diavoli (Giorgio Rigamonti, i due Lusena e l&#8217;allievo Valter La Fisca) i ticinesi sono nettamente superiori anche al Piranesi, ma dovendo affrontare il primo turno di Coppa svizzera l&#8217;Ascona \u00e8 sul ghiaccio da un mese e la differenza di preparazione si vede. <\/p>\n\n\n\n<figure class=\"wp-block-image size-large\"><img loading=\"lazy\" decoding=\"async\" width=\"1024\" height=\"760\" src=\"https:\/\/www.milanosiamonoi.com\/wp-content\/uploads\/2022\/06\/64.11.02-foto-AmM-Ascona-1024x760.jpg\" alt=\"\" class=\"wp-image-13774\" srcset=\"https:\/\/www.milanosiamonoi.com\/wp-content\/uploads\/2022\/06\/64.11.02-foto-AmM-Ascona-1024x760.jpg 1024w, https:\/\/www.milanosiamonoi.com\/wp-content\/uploads\/2022\/06\/64.11.02-foto-AmM-Ascona-300x223.jpg 300w, https:\/\/www.milanosiamonoi.com\/wp-content\/uploads\/2022\/06\/64.11.02-foto-AmM-Ascona-768x570.jpg 768w, https:\/\/www.milanosiamonoi.com\/wp-content\/uploads\/2022\/06\/64.11.02-foto-AmM-Ascona-100x74.jpg 100w, https:\/\/www.milanosiamonoi.com\/wp-content\/uploads\/2022\/06\/64.11.02-foto-AmM-Ascona-50x37.jpg 50w, https:\/\/www.milanosiamonoi.com\/wp-content\/uploads\/2022\/06\/64.11.02-foto-AmM-Ascona-25x19.jpg 25w, https:\/\/www.milanosiamonoi.com\/wp-content\/uploads\/2022\/06\/64.11.02-foto-AmM-Ascona-1126x836.jpg 1126w, https:\/\/www.milanosiamonoi.com\/wp-content\/uploads\/2022\/06\/64.11.02-foto-AmM-Ascona-740x549.jpg 740w, https:\/\/www.milanosiamonoi.com\/wp-content\/uploads\/2022\/06\/64.11.02-foto-AmM-Ascona.jpg 1148w\" sizes=\"(max-width: 1024px) 100vw, 1024px\" \/><figcaption><em>2 novembre 1964; da sinistra in piedi: Giorgio Rigamonti, Sterza, Bressan, Rocco Rinaldi, Benedetti, Andrea e Marco Lusena. In prima fila: Gianni La Fisca, Galli, Valter La Fisca, Pedrazzi, Delfino, Favaro.<\/em><\/figcaption><\/figure>\n\n\n\n<p class=\"has-text-align-center\">Derby fuori programma per permettere al diavolo Goodacre di scontare una giornata di squalifica inflittagli dalla Federazione internazionale.<\/p>\n\n\n\n<figure class=\"wp-block-table aligncenter\"><table><tbody><tr><td class=\"has-text-align-center\" data-align=\"center\"><strong>1964<\/strong><\/td><td class=\"has-text-align-center\" data-align=\"center\"><strong>Partita amichevole<\/strong><\/td><td class=\"has-text-align-center\" data-align=\"center\">Risultato<\/td><\/tr><tr><td class=\"has-text-align-center\" data-align=\"center\">11 novembre<\/td><td class=\"has-text-align-center\" data-align=\"center\">Diavoli Milano-Amatori Milano<\/td><td class=\"has-text-align-center\" data-align=\"center\">11-3<\/td><\/tr><\/tbody><\/table><\/figure>\n\n\n\n<div class=\"wp-block-image\"><figure class=\"aligncenter size-large\"><img loading=\"lazy\" decoding=\"async\" width=\"359\" height=\"403\" src=\"https:\/\/www.milanosiamonoi.com\/wp-content\/uploads\/2022\/06\/64.12.01-Bedogni-Amatori-Mi.jpg\" alt=\"\" class=\"wp-image-13780\" srcset=\"https:\/\/www.milanosiamonoi.com\/wp-content\/uploads\/2022\/06\/64.12.01-Bedogni-Amatori-Mi.jpg 359w, https:\/\/www.milanosiamonoi.com\/wp-content\/uploads\/2022\/06\/64.12.01-Bedogni-Amatori-Mi-267x300.jpg 267w, https:\/\/www.milanosiamonoi.com\/wp-content\/uploads\/2022\/06\/64.12.01-Bedogni-Amatori-Mi-89x100.jpg 89w, https:\/\/www.milanosiamonoi.com\/wp-content\/uploads\/2022\/06\/64.12.01-Bedogni-Amatori-Mi-45x50.jpg 45w, https:\/\/www.milanosiamonoi.com\/wp-content\/uploads\/2022\/06\/64.12.01-Bedogni-Amatori-Mi-22x25.jpg 22w\" sizes=\"(max-width: 359px) 100vw, 359px\" \/><figcaption><em>Articolo da &#8220;La Gazzetta dello Sport&#8221;.<\/em><\/figcaption><\/figure><\/div>\n\n\n\n<p class=\"has-text-align-center\">Il campionato di Promozione inizia il 10 dicembre. Girone lombardo-piemontese composto da cinque squadre. Oltre alle milanesi Amatori e Ambrosiano, partecipano il retrocesso Torino, il rientrante Valpellice (&#8220;sponsorizzato&#8221; dalla gomma da masticare anticarie Peter Pan) e l&#8217;esordiente HC Piemonte, formazione che raccoglie gli ex allievi del Torino dando loro la possibilit\u00e0 di continuare con l&#8217;hockey. Non c&#8217;\u00e8 pi\u00f9 il Madesimo. Torino squadra da battere. Valpe, allenata dall&#8217;ex diavolo e nazionale  Igino Larese Fece, possibile mina vagante. Coach Franco Canepa ha perso Marco Lusena, Giorgio Rigamonti e Umberto Signorini passati ai Diavoli. Lasciano l&#8217;attivit\u00e0 i portieri Balzani e Resch, il titolare fisso \u00e8 Roberto Favaro, aveva gi\u00e0 conquistato il posto davanti alla gabbia lo scorso anno. In attacco arriva dall&#8217;Ambrosiano Alberto Pedrazzi. <\/p>\n\n\n\n<div class=\"wp-block-image\"><figure class=\"aligncenter size-large\"><img loading=\"lazy\" decoding=\"async\" width=\"530\" height=\"317\" src=\"https:\/\/www.milanosiamonoi.com\/wp-content\/uploads\/2022\/06\/64.12.11-PA-Amb-AmM-3-8.jpg\" alt=\"\" class=\"wp-image-13781\" srcset=\"https:\/\/www.milanosiamonoi.com\/wp-content\/uploads\/2022\/06\/64.12.11-PA-Amb-AmM-3-8.jpg 530w, https:\/\/www.milanosiamonoi.com\/wp-content\/uploads\/2022\/06\/64.12.11-PA-Amb-AmM-3-8-300x179.jpg 300w, https:\/\/www.milanosiamonoi.com\/wp-content\/uploads\/2022\/06\/64.12.11-PA-Amb-AmM-3-8-100x60.jpg 100w, https:\/\/www.milanosiamonoi.com\/wp-content\/uploads\/2022\/06\/64.12.11-PA-Amb-AmM-3-8-50x30.jpg 50w, https:\/\/www.milanosiamonoi.com\/wp-content\/uploads\/2022\/06\/64.12.11-PA-Amb-AmM-3-8-25x15.jpg 25w\" sizes=\"(max-width: 530px) 100vw, 530px\" \/><figcaption>Articolo da &#8220;La Gazzetta dello Sport&#8221;.<\/figcaption><\/figure><\/div>\n\n\n\n<div class=\"wp-block-image\"><figure class=\"aligncenter size-large\"><img loading=\"lazy\" decoding=\"async\" width=\"364\" height=\"419\" src=\"https:\/\/www.milanosiamonoi.com\/wp-content\/uploads\/2022\/06\/64.12.21-PA-Piem-AmM-3-5.jpg\" alt=\"\" class=\"wp-image-13782\" srcset=\"https:\/\/www.milanosiamonoi.com\/wp-content\/uploads\/2022\/06\/64.12.21-PA-Piem-AmM-3-5.jpg 364w, https:\/\/www.milanosiamonoi.com\/wp-content\/uploads\/2022\/06\/64.12.21-PA-Piem-AmM-3-5-261x300.jpg 261w, https:\/\/www.milanosiamonoi.com\/wp-content\/uploads\/2022\/06\/64.12.21-PA-Piem-AmM-3-5-87x100.jpg 87w, https:\/\/www.milanosiamonoi.com\/wp-content\/uploads\/2022\/06\/64.12.21-PA-Piem-AmM-3-5-43x50.jpg 43w, https:\/\/www.milanosiamonoi.com\/wp-content\/uploads\/2022\/06\/64.12.21-PA-Piem-AmM-3-5-22x25.jpg 22w\" sizes=\"(max-width: 364px) 100vw, 364px\" \/><figcaption><em>Da &#8220;La Gazzetta dello Sport&#8221;.<\/em><\/figcaption><\/figure><\/div>\n\n\n\n<div class=\"wp-block-image\"><figure class=\"aligncenter size-large is-resized\"><img loading=\"lazy\" decoding=\"async\" src=\"https:\/\/www.milanosiamonoi.com\/wp-content\/uploads\/2022\/06\/65.01.06-PA-Valpe-AmM-2-3-skeda.jpg\" alt=\"\" class=\"wp-image-13897\" width=\"569\" height=\"311\" srcset=\"https:\/\/www.milanosiamonoi.com\/wp-content\/uploads\/2022\/06\/65.01.06-PA-Valpe-AmM-2-3-skeda.jpg 836w, https:\/\/www.milanosiamonoi.com\/wp-content\/uploads\/2022\/06\/65.01.06-PA-Valpe-AmM-2-3-skeda-300x164.jpg 300w, https:\/\/www.milanosiamonoi.com\/wp-content\/uploads\/2022\/06\/65.01.06-PA-Valpe-AmM-2-3-skeda-768x420.jpg 768w, https:\/\/www.milanosiamonoi.com\/wp-content\/uploads\/2022\/06\/65.01.06-PA-Valpe-AmM-2-3-skeda-100x55.jpg 100w, https:\/\/www.milanosiamonoi.com\/wp-content\/uploads\/2022\/06\/65.01.06-PA-Valpe-AmM-2-3-skeda-50x27.jpg 50w, https:\/\/www.milanosiamonoi.com\/wp-content\/uploads\/2022\/06\/65.01.06-PA-Valpe-AmM-2-3-skeda-25x14.jpg 25w, https:\/\/www.milanosiamonoi.com\/wp-content\/uploads\/2022\/06\/65.01.06-PA-Valpe-AmM-2-3-skeda-740x405.jpg 740w\" sizes=\"(max-width: 569px) 100vw, 569px\" \/><\/figure><\/div>\n\n\n\n<figure class=\"wp-block-table aligncenter\"><table><tbody><tr><td class=\"has-text-align-center\" data-align=\"center\"><strong>1965<\/strong><\/td><td class=\"has-text-align-center\" data-align=\"center\"><strong>Promozione &#8211; Girone A<\/strong><\/td><td class=\"has-text-align-center\" data-align=\"center\">Risultato<\/td><\/tr><tr><td class=\"has-text-align-center\" data-align=\"center\">15 gennaio<\/td><td class=\"has-text-align-center\" data-align=\"center\">Amatori Milano-Piemonte<\/td><td class=\"has-text-align-center\" data-align=\"center\">8-0<\/td><\/tr><\/tbody><\/table><\/figure>\n\n\n\n<p class=\"has-text-align-center\">Il 19 dicembre trasferta a St. Moritz con Agazzi e Branduardi a dare man forte.<\/p>\n\n\n\n<div class=\"wp-block-image\"><figure class=\"aligncenter size-large is-resized\"><img loading=\"lazy\" decoding=\"async\" src=\"https:\/\/www.milanosiamonoi.com\/wp-content\/uploads\/2022\/06\/65.01.19-St.M-AmM-3-3.jpg\" alt=\"\" class=\"wp-image-13790\" width=\"404\" height=\"482\" srcset=\"https:\/\/www.milanosiamonoi.com\/wp-content\/uploads\/2022\/06\/65.01.19-St.M-AmM-3-3.jpg 503w, https:\/\/www.milanosiamonoi.com\/wp-content\/uploads\/2022\/06\/65.01.19-St.M-AmM-3-3-252x300.jpg 252w, https:\/\/www.milanosiamonoi.com\/wp-content\/uploads\/2022\/06\/65.01.19-St.M-AmM-3-3-84x100.jpg 84w, https:\/\/www.milanosiamonoi.com\/wp-content\/uploads\/2022\/06\/65.01.19-St.M-AmM-3-3-42x50.jpg 42w, https:\/\/www.milanosiamonoi.com\/wp-content\/uploads\/2022\/06\/65.01.19-St.M-AmM-3-3-21x25.jpg 21w\" sizes=\"(max-width: 404px) 100vw, 404px\" \/><figcaption><em>Articolo da &#8220;La Gazzetta dello Sport&#8221;.<\/em><\/figcaption><\/figure><\/div>\n\n\n\n<p class=\"has-text-align-center\">Sprint finale con il Torino per ottenere il primo posto e qualificazione alla fase finale del campionato di Promozione.<\/p>\n\n\n\n<div class=\"wp-block-image\"><figure class=\"aligncenter size-large is-resized\"><img loading=\"lazy\" decoding=\"async\" src=\"https:\/\/www.milanosiamonoi.com\/wp-content\/uploads\/2022\/06\/65.01.22-PA-AmM-Valp-7-3.jpg\" alt=\"\" class=\"wp-image-13791\" width=\"302\" height=\"456\" srcset=\"https:\/\/www.milanosiamonoi.com\/wp-content\/uploads\/2022\/06\/65.01.22-PA-AmM-Valp-7-3.jpg 335w, https:\/\/www.milanosiamonoi.com\/wp-content\/uploads\/2022\/06\/65.01.22-PA-AmM-Valp-7-3-199x300.jpg 199w, https:\/\/www.milanosiamonoi.com\/wp-content\/uploads\/2022\/06\/65.01.22-PA-AmM-Valp-7-3-66x100.jpg 66w, https:\/\/www.milanosiamonoi.com\/wp-content\/uploads\/2022\/06\/65.01.22-PA-AmM-Valp-7-3-33x50.jpg 33w, https:\/\/www.milanosiamonoi.com\/wp-content\/uploads\/2022\/06\/65.01.22-PA-AmM-Valp-7-3-17x25.jpg 17w\" sizes=\"(max-width: 302px) 100vw, 302px\" \/><figcaption><em>Articolo da &#8220;La Gazzetta dello Sport&#8221;.<\/em><\/figcaption><\/figure><\/div>\n\n\n\n<figure class=\"wp-block-table aligncenter\"><table><tbody><tr><td class=\"has-text-align-center\" data-align=\"center\"><strong>1965<\/strong><\/td><td class=\"has-text-align-center\" data-align=\"center\"><strong>Promozione &#8211; Girone A<\/strong><\/td><td class=\"has-text-align-center\" data-align=\"center\">Risultato<\/td><\/tr><tr><td class=\"has-text-align-center\" data-align=\"center\">29 gennaio<\/td><td class=\"has-text-align-center\" data-align=\"center\">Amatori Milano-Ambrosiano<\/td><td class=\"has-text-align-center\" data-align=\"center\">7-3<\/td><\/tr><\/tbody><\/table><\/figure>\n\n\n\n<div class=\"wp-block-image\"><figure class=\"aligncenter size-large is-resized\"><img loading=\"lazy\" decoding=\"async\" src=\"https:\/\/www.milanosiamonoi.com\/wp-content\/uploads\/2022\/06\/65.02.03-BA-To-AmM-8-3.jpg\" alt=\"\" class=\"wp-image-13792\" width=\"318\" height=\"493\" srcset=\"https:\/\/www.milanosiamonoi.com\/wp-content\/uploads\/2022\/06\/65.02.03-BA-To-AmM-8-3.jpg 396w, https:\/\/www.milanosiamonoi.com\/wp-content\/uploads\/2022\/06\/65.02.03-BA-To-AmM-8-3-193x300.jpg 193w, https:\/\/www.milanosiamonoi.com\/wp-content\/uploads\/2022\/06\/65.02.03-BA-To-AmM-8-3-64x100.jpg 64w, https:\/\/www.milanosiamonoi.com\/wp-content\/uploads\/2022\/06\/65.02.03-BA-To-AmM-8-3-32x50.jpg 32w, https:\/\/www.milanosiamonoi.com\/wp-content\/uploads\/2022\/06\/65.02.03-BA-To-AmM-8-3-16x25.jpg 16w\" sizes=\"(max-width: 318px) 100vw, 318px\" \/><figcaption><em>Articolo da &#8220;La Gazzetta dello Sport&#8221;<\/em><\/figcaption><\/figure><\/div>\n\n\n\n<figure class=\"wp-block-table aligncenter\"><table><tbody><tr><td class=\"has-text-align-center\" data-align=\"center\"><strong>1965<\/strong><\/td><td class=\"has-text-align-center\" data-align=\"center\"><strong>Promozione &#8211; Girone A<\/strong><\/td><td class=\"has-text-align-center\" data-align=\"center\">Risultato<\/td><\/tr><tr><td class=\"has-text-align-center\" data-align=\"center\">15 febbraio<\/td><td class=\"has-text-align-center\" data-align=\"center\">Amatori Milano-Torino<\/td><td class=\"has-text-align-center\" data-align=\"center\">2-1<\/td><\/tr><\/tbody><\/table><\/figure>\n\n\n\n<p class=\"has-text-align-center\">Torino e Amatori Milano concludono appaiate in testa al girone, ma alla fase finale accedono i piemontesi per la migliore differenza reti (+ 59 contro +20).<\/p>\n\n\n\n<figure class=\"wp-block-table aligncenter\"><table><tbody><tr><td>Girone A<\/td><td class=\"has-text-align-center\" data-align=\"center\">P.ti<\/td><\/tr><tr><td><strong>Torino<\/strong><\/td><td class=\"has-text-align-center\" data-align=\"center\"><strong>14<\/strong><\/td><\/tr><tr><td>Amatori Milano<\/td><td class=\"has-text-align-center\" data-align=\"center\">14<\/td><\/tr><tr><td>Valpellice<\/td><td class=\"has-text-align-center\" data-align=\"center\">8<\/td><\/tr><tr><td>Ambrosiano<\/td><td class=\"has-text-align-center\" data-align=\"center\">4<\/td><\/tr><tr><td>Piemonte<\/td><td class=\"has-text-align-center\" data-align=\"center\">0<\/td><\/tr><\/tbody><\/table><\/figure>\n\n\n\n<figure class=\"wp-block-table aligncenter\"><table><tbody><tr><td><strong>Classifiche finali degli altri tre gironi di Promozione<\/strong><\/td><\/tr><\/tbody><\/table><\/figure>\n\n\n\n<figure class=\"wp-block-table aligncenter\"><table><tbody><tr><td>Girone B<\/td><td class=\"has-text-align-center\" data-align=\"center\">P.ti<\/td><td><\/td><td>Girone C<\/td><td class=\"has-text-align-center\" data-align=\"center\">P.ti<\/td><td><\/td><td>Girone D<\/td><td class=\"has-text-align-center\" data-align=\"center\">P.ti<\/td><\/tr><tr><td><strong>Canazei<\/strong><\/td><td class=\"has-text-align-center\" data-align=\"center\"><strong>11<\/strong><\/td><td><\/td><td><strong>Brunico<\/strong><\/td><td class=\"has-text-align-center\" data-align=\"center\"><strong>11<\/strong><\/td><td><\/td><td><strong>Amatori Cortina (+29)<\/strong><\/td><td class=\"has-text-align-center\" data-align=\"center\"><strong>10<\/strong><\/td><\/tr><tr><td>Catinaccio<\/td><td class=\"has-text-align-center\" data-align=\"center\">7<\/td><td><\/td><td>Renon<\/td><td class=\"has-text-align-center\" data-align=\"center\">8<\/td><td><\/td><td>Asiago (+9)<\/td><td class=\"has-text-align-center\" data-align=\"center\">10<\/td><\/tr><tr><td>Latemar Cavalese<\/td><td class=\"has-text-align-center\" data-align=\"center\">6<\/td><td><\/td><td>Vipiteno<\/td><td class=\"has-text-align-center\" data-align=\"center\">3<\/td><td><\/td><td>Auronzo<\/td><td class=\"has-text-align-center\" data-align=\"center\">4<\/td><\/tr><tr><td>Col Rodella<\/td><td class=\"has-text-align-center\" data-align=\"center\">0<\/td><td><\/td><td>Latemar Bz<\/td><td class=\"has-text-align-center\" data-align=\"center\">0<\/td><td><\/td><td>Pieve di Cadore<\/td><td class=\"has-text-align-center\" data-align=\"center\">0<\/td><\/tr><\/tbody><\/table><\/figure>\n\n\n\n<p class=\"has-text-align-center\">La fase finale disputata a Bolzano registra la vittoria del Torino che si aggiudica il primo posto superando nella partita decisiva il Brunico (6-0). La vera finalissima \u00e8 stata senza dubbio la semifinale che opponeva i piemontesi all&#8217;Amatori Cortina (5-4). Quarto posto al Canazei.<\/p>\n\n\n\n<p class=\"has-text-align-center\">La stagione dell&#8217;Amatori Milano si conclude al Piranesi ospitando il neonato HC Cervino.<\/p>\n\n\n\n<figure class=\"wp-block-table aligncenter\"><table><tbody><tr><td class=\"has-text-align-center\" data-align=\"center\"><strong>1965<\/strong><\/td><td class=\"has-text-align-center\" data-align=\"center\"><strong>Partita Amichevole<\/strong><\/td><td class=\"has-text-align-center\" data-align=\"center\">Risultato<\/td><\/tr><tr><td class=\"has-text-align-center\" data-align=\"center\">15 marzo<\/td><td class=\"has-text-align-center\" data-align=\"center\">Amatori Milano-Cervino<\/td><td class=\"has-text-align-center\" data-align=\"center\">12-2<\/td><\/tr><\/tbody><\/table><\/figure>\n\n\n\n<figure class=\"wp-block-table aligncenter\"><table><tbody><tr><td><strong>Classifica marcatori stagionali Amatori Milano<\/strong><\/td><td class=\"has-text-align-center\" data-align=\"center\">Reti<\/td><\/tr><tr><td>Cesare Bressan<\/td><td class=\"has-text-align-center\" data-align=\"center\">9<\/td><\/tr><tr><td>Toto Guccione, Alberto Pedrazzi<\/td><td class=\"has-text-align-center\" data-align=\"center\">5<\/td><\/tr><tr><td>Adriano Cremonesi, Rocco Rinaldi, Ottavio Wild<\/td><td class=\"has-text-align-center\" data-align=\"center\">2<\/td><\/tr><tr><td>Bianchini, Giampiero Branduardi, Giovanni Ceserani, Emilio Delfino, Fraccaro, Giorgio Rigamonti e autorete.<\/td><td class=\"has-text-align-center\" data-align=\"center\">1<\/td><\/tr><tr><td>Mancano i marcatori di 34 reti:<\/td><td class=\"has-text-align-center\" data-align=\"center\"><\/td><\/tr><tr><td>Ascona (2), Diavoli Milano (2), Piemonte (8), Ambrosiano (7), Torino (2), Cervino (12).<\/td><td class=\"has-text-align-center\" data-align=\"center\"><\/td><\/tr><\/tbody><\/table><\/figure>\n\n\n\n<div class=\"wp-block-image\"><figure class=\"aligncenter size-large\"><img loading=\"lazy\" decoding=\"async\" width=\"300\" height=\"300\" src=\"https:\/\/www.milanosiamonoi.com\/wp-content\/uploads\/2022\/01\/logo-ambrosiano60-300x300-1.jpg\" alt=\"\" class=\"wp-image-12106\" srcset=\"https:\/\/www.milanosiamonoi.com\/wp-content\/uploads\/2022\/01\/logo-ambrosiano60-300x300-1.jpg 300w, https:\/\/www.milanosiamonoi.com\/wp-content\/uploads\/2022\/01\/logo-ambrosiano60-300x300-1-150x150.jpg 150w, https:\/\/www.milanosiamonoi.com\/wp-content\/uploads\/2022\/01\/logo-ambrosiano60-300x300-1-100x100.jpg 100w, https:\/\/www.milanosiamonoi.com\/wp-content\/uploads\/2022\/01\/logo-ambrosiano60-300x300-1-50x50.jpg 50w, https:\/\/www.milanosiamonoi.com\/wp-content\/uploads\/2022\/01\/logo-ambrosiano60-300x300-1-25x25.jpg 25w, https:\/\/www.milanosiamonoi.com\/wp-content\/uploads\/2022\/01\/logo-ambrosiano60-300x300-1-90x90.jpg 90w\" sizes=\"(max-width: 300px) 100vw, 300px\" \/><\/figure><\/div>\n\n\n\n<figure class=\"wp-block-table aligncenter\"><table><tbody><tr><td><strong>HOCKEY CLUB AMBROSIANO MILANO<\/strong><\/td><\/tr><\/tbody><\/table><\/figure>\n\n\n\n<figure class=\"wp-block-table aligncenter\"><table><tbody><tr><td>Presidente<\/td><td>Guido Coppini<\/td><\/tr><tr><td>Allenatore<\/td><td>Mario Paracchini<\/td><\/tr><\/tbody><\/table><\/figure>\n\n\n\n<figure class=\"wp-block-table\"><table><tbody><tr><td class=\"has-text-align-center\" data-align=\"center\">Ruolo<\/td><td><strong>Giocatori con almeno una presenza in prima squadra.<\/strong><\/td><\/tr><tr><td class=\"has-text-align-center\" data-align=\"center\">P<\/td><td>Toni Ingegnoli, Parisotto, Rusmini.<\/td><\/tr><tr><td class=\"has-text-align-center\" data-align=\"center\">D<\/td><td>Eugenio Arcangeli, Ottorino Branduardi, Umberto Fortunati, Giovanni Volpe, Giuseppe Zerbi.<\/td><\/tr><tr><td class=\"has-text-align-center\" data-align=\"center\">A<\/td><td>Feliciano Bollina, Benassai, Leonardo Borgia, Brizio, Edoardo Ermo, Mario Paracchini, Gianmario Punzetti, Rivetti, Luigi Rivolta.<\/td><\/tr><\/tbody><\/table><\/figure>\n\n\n\n<figure class=\"wp-block-table aligncenter\"><table><tbody><tr><td class=\"has-text-align-center\" data-align=\"center\"><strong>1964<\/strong><\/td><td class=\"has-text-align-center\" data-align=\"center\"><strong>Promozione &#8211; Girone A<\/strong><\/td><td class=\"has-text-align-center\" data-align=\"center\">Risultato<\/td><\/tr><tr><td class=\"has-text-align-center\" data-align=\"center\">10 dicembre <\/td><td class=\"has-text-align-center\" data-align=\"center\">Ambrosiano-Amatori Milano<\/td><td class=\"has-text-align-center\" data-align=\"center\">3-8 (0-1; 2-4; 1-3)<\/td><\/tr><\/tbody><\/table><\/figure>\n\n\n\n<div class=\"wp-block-image\"><figure class=\"aligncenter size-large\"><img loading=\"lazy\" decoding=\"async\" width=\"885\" height=\"678\" src=\"https:\/\/www.milanosiamonoi.com\/wp-content\/uploads\/2022\/07\/64.65-foto-AmM-Amb-OB-AP-GMP-Bress.png\" alt=\"\" class=\"wp-image-14091\" srcset=\"https:\/\/www.milanosiamonoi.com\/wp-content\/uploads\/2022\/07\/64.65-foto-AmM-Amb-OB-AP-GMP-Bress.png 885w, https:\/\/www.milanosiamonoi.com\/wp-content\/uploads\/2022\/07\/64.65-foto-AmM-Amb-OB-AP-GMP-Bress-300x230.png 300w, https:\/\/www.milanosiamonoi.com\/wp-content\/uploads\/2022\/07\/64.65-foto-AmM-Amb-OB-AP-GMP-Bress-768x588.png 768w, https:\/\/www.milanosiamonoi.com\/wp-content\/uploads\/2022\/07\/64.65-foto-AmM-Amb-OB-AP-GMP-Bress-100x77.png 100w, https:\/\/www.milanosiamonoi.com\/wp-content\/uploads\/2022\/07\/64.65-foto-AmM-Amb-OB-AP-GMP-Bress-50x38.png 50w, https:\/\/www.milanosiamonoi.com\/wp-content\/uploads\/2022\/07\/64.65-foto-AmM-Amb-OB-AP-GMP-Bress-25x19.png 25w, https:\/\/www.milanosiamonoi.com\/wp-content\/uploads\/2022\/07\/64.65-foto-AmM-Amb-OB-AP-GMP-Bress-740x567.png 740w\" sizes=\"(max-width: 885px) 100vw, 885px\" \/><figcaption><em>Derby Ambrosiano-Amatori Milano: da sinistra Ottorino Branduardi, Pedrazzi e Punzetti.<\/em><\/figcaption><\/figure><\/div>\n\n\n\n<figure class=\"wp-block-table aligncenter\"><table><tbody><tr><td class=\"has-text-align-center\" data-align=\"center\"><strong>1965<\/strong><\/td><td class=\"has-text-align-center\" data-align=\"center\"><strong>Promozione &#8211; Girone A<\/strong><\/td><td class=\"has-text-align-center\" data-align=\"center\">Risultato<\/td><\/tr><tr><td class=\"has-text-align-center\" data-align=\"center\">7 gennaio 1965<\/td><td class=\"has-text-align-center\" data-align=\"center\">Torino-Ambrosiano<\/td><td class=\"has-text-align-center\" data-align=\"center\">16-0<\/td><\/tr><\/tbody><\/table><\/figure>\n\n\n\n<div class=\"wp-block-image\"><figure class=\"aligncenter size-large\"><img loading=\"lazy\" decoding=\"async\" width=\"1006\" height=\"532\" src=\"https:\/\/www.milanosiamonoi.com\/wp-content\/uploads\/2022\/06\/64-65-Ambro-Valpe.jpg\" alt=\"\" class=\"wp-image-13833\" srcset=\"https:\/\/www.milanosiamonoi.com\/wp-content\/uploads\/2022\/06\/64-65-Ambro-Valpe.jpg 1006w, https:\/\/www.milanosiamonoi.com\/wp-content\/uploads\/2022\/06\/64-65-Ambro-Valpe-300x159.jpg 300w, https:\/\/www.milanosiamonoi.com\/wp-content\/uploads\/2022\/06\/64-65-Ambro-Valpe-768x406.jpg 768w, https:\/\/www.milanosiamonoi.com\/wp-content\/uploads\/2022\/06\/64-65-Ambro-Valpe-100x53.jpg 100w, https:\/\/www.milanosiamonoi.com\/wp-content\/uploads\/2022\/06\/64-65-Ambro-Valpe-50x26.jpg 50w, https:\/\/www.milanosiamonoi.com\/wp-content\/uploads\/2022\/06\/64-65-Ambro-Valpe-25x13.jpg 25w, https:\/\/www.milanosiamonoi.com\/wp-content\/uploads\/2022\/06\/64-65-Ambro-Valpe-740x391.jpg 740w\" sizes=\"(max-width: 1006px) 100vw, 1006px\" \/><figcaption><em>Da &#8220;La Gazzetta dello Sport&#8221;.<\/em><\/figcaption><\/figure><\/div>\n\n\n\n<div class=\"wp-block-image\"><figure class=\"aligncenter size-large is-resized\"><img loading=\"lazy\" decoding=\"async\" src=\"https:\/\/www.milanosiamonoi.com\/wp-content\/uploads\/2022\/06\/65.01.25-PA-Amb-Pie-8-1.jpg\" alt=\"\" class=\"wp-image-13810\" width=\"377\" height=\"464\" srcset=\"https:\/\/www.milanosiamonoi.com\/wp-content\/uploads\/2022\/06\/65.01.25-PA-Amb-Pie-8-1.jpg 564w, https:\/\/www.milanosiamonoi.com\/wp-content\/uploads\/2022\/06\/65.01.25-PA-Amb-Pie-8-1-243x300.jpg 243w, https:\/\/www.milanosiamonoi.com\/wp-content\/uploads\/2022\/06\/65.01.25-PA-Amb-Pie-8-1-81x100.jpg 81w, https:\/\/www.milanosiamonoi.com\/wp-content\/uploads\/2022\/06\/65.01.25-PA-Amb-Pie-8-1-41x50.jpg 41w, https:\/\/www.milanosiamonoi.com\/wp-content\/uploads\/2022\/06\/65.01.25-PA-Amb-Pie-8-1-20x25.jpg 20w\" sizes=\"(max-width: 377px) 100vw, 377px\" \/><figcaption><em>Da &#8220;La Gazzetta dello Sport&#8221;.<\/em><\/figcaption><\/figure><\/div>\n\n\n\n<figure class=\"wp-block-table aligncenter\"><table><tbody><tr><td class=\"has-text-align-center\" data-align=\"center\"><strong>1965<\/strong><\/td><td class=\"has-text-align-center\" data-align=\"center\"><strong>Promozione &#8211; Girone A<\/strong><\/td><td class=\"has-text-align-center\" data-align=\"center\">Risultato<\/td><\/tr><tr><td class=\"has-text-align-center\" data-align=\"center\">29 gennaio<\/td><td class=\"has-text-align-center\" data-align=\"center\">Amatori Milano-Ambrosiano<\/td><td class=\"has-text-align-center\" data-align=\"center\">7-3<\/td><\/tr><\/tbody><\/table><\/figure>\n\n\n\n<div class=\"wp-block-image\"><figure class=\"aligncenter size-large\"><img loading=\"lazy\" decoding=\"async\" width=\"372\" height=\"417\" src=\"https:\/\/www.milanosiamonoi.com\/wp-content\/uploads\/2022\/06\/65.02.08-BA-Piem-Ambr-1-4.jpg\" alt=\"\" class=\"wp-image-13811\" srcset=\"https:\/\/www.milanosiamonoi.com\/wp-content\/uploads\/2022\/06\/65.02.08-BA-Piem-Ambr-1-4.jpg 372w, https:\/\/www.milanosiamonoi.com\/wp-content\/uploads\/2022\/06\/65.02.08-BA-Piem-Ambr-1-4-268x300.jpg 268w, https:\/\/www.milanosiamonoi.com\/wp-content\/uploads\/2022\/06\/65.02.08-BA-Piem-Ambr-1-4-89x100.jpg 89w, https:\/\/www.milanosiamonoi.com\/wp-content\/uploads\/2022\/06\/65.02.08-BA-Piem-Ambr-1-4-45x50.jpg 45w, https:\/\/www.milanosiamonoi.com\/wp-content\/uploads\/2022\/06\/65.02.08-BA-Piem-Ambr-1-4-22x25.jpg 22w\" sizes=\"(max-width: 372px) 100vw, 372px\" \/><figcaption><em>Da &#8220;La Gazzetta dello Sport&#8221;.<\/em><\/figcaption><\/figure><\/div>\n\n\n\n<figure class=\"wp-block-table aligncenter\"><table><tbody><tr><td class=\"has-text-align-center\" data-align=\"center\"><strong>1965<\/strong><\/td><td class=\"has-text-align-center\" data-align=\"center\"><strong>Promozione &#8211; Girone A<\/strong><\/td><td class=\"has-text-align-center\" data-align=\"center\">Risultato<\/td><\/tr><tr><td class=\"has-text-align-center\" data-align=\"center\">17 febbraio<\/td><td class=\"has-text-align-center\" data-align=\"center\">Ambrosiano-Torino<\/td><td class=\"has-text-align-center\" data-align=\"center\">4-7<\/td><\/tr><\/tbody><\/table><\/figure>\n\n\n\n<figure class=\"wp-block-table aligncenter\"><table><tbody><tr><td class=\"has-text-align-center\" data-align=\"center\"><strong>Classifica finale del girone A di Promozione<\/strong><\/td><\/tr><tr><td class=\"has-text-align-center\" data-align=\"center\"><strong>Torino 14<\/strong>, Amatori Milano 14, Valpellice 8, Ambrosiano 4, Piemonte 0<\/td><\/tr><\/tbody><\/table><\/figure>\n\n\n\n<figure class=\"wp-block-table aligncenter\"><table><tbody><tr><td><strong>Classifica marcatori stagionali Ambrosiano<\/strong><\/td><td class=\"has-text-align-center\" data-align=\"center\">Reti<\/td><\/tr><tr><td>Mario Paracchini<\/td><td class=\"has-text-align-center\" data-align=\"center\">5<\/td><\/tr><tr><td>Brizio, Luigi Rivolta<\/td><td class=\"has-text-align-center\" data-align=\"center\">4<\/td><\/tr><tr><td>Feliciano Bollina, Edoardo Ermo<\/td><td class=\"has-text-align-center\" data-align=\"center\">3<\/td><\/tr><tr><td>Ottorino Branduardi, Gianmario Punzetti, Giovanni Volpe<\/td><td class=\"has-text-align-center\" data-align=\"center\">1<\/td><\/tr><tr><td>Mancano i marcatori di 8 reti: Amatori Mi (3), Torino (4), Valpe (1)<\/td><td class=\"has-text-align-center\" data-align=\"center\"><\/td><\/tr><\/tbody><\/table><\/figure>\n\n\n\n<figure class=\"wp-block-table aligncenter\"><table><tbody><tr><td><strong>Campionato allievi 1964\/65 delle squadre milanesi.<\/strong><\/td><\/tr><\/tbody><\/table><\/figure>\n\n\n\n<div class=\"wp-block-image\"><figure class=\"aligncenter size-large is-resized\"><img loading=\"lazy\" decoding=\"async\" src=\"https:\/\/www.milanosiamonoi.com\/wp-content\/uploads\/2022\/06\/65.-Bedogni-e-i-Diavoletti.-rit..jpg\" alt=\"\" class=\"wp-image-13855\" width=\"544\" height=\"457\" srcset=\"https:\/\/www.milanosiamonoi.com\/wp-content\/uploads\/2022\/06\/65.-Bedogni-e-i-Diavoletti.-rit..jpg 868w, https:\/\/www.milanosiamonoi.com\/wp-content\/uploads\/2022\/06\/65.-Bedogni-e-i-Diavoletti.-rit.-300x252.jpg 300w, https:\/\/www.milanosiamonoi.com\/wp-content\/uploads\/2022\/06\/65.-Bedogni-e-i-Diavoletti.-rit.-768x645.jpg 768w, https:\/\/www.milanosiamonoi.com\/wp-content\/uploads\/2022\/06\/65.-Bedogni-e-i-Diavoletti.-rit.-100x84.jpg 100w, https:\/\/www.milanosiamonoi.com\/wp-content\/uploads\/2022\/06\/65.-Bedogni-e-i-Diavoletti.-rit.-50x42.jpg 50w, https:\/\/www.milanosiamonoi.com\/wp-content\/uploads\/2022\/06\/65.-Bedogni-e-i-Diavoletti.-rit.-25x21.jpg 25w, https:\/\/www.milanosiamonoi.com\/wp-content\/uploads\/2022\/06\/65.-Bedogni-e-i-Diavoletti.-rit.-740x621.jpg 740w\" sizes=\"(max-width: 544px) 100vw, 544px\" \/><figcaption><em>I giovani Diavoli seguono le istruzioni di Bedogni.<\/em><\/figcaption><\/figure><\/div>\n\n\n\n<figure class=\"wp-block-table aligncenter\"><table><tbody><tr><td class=\"has-text-align-center\" data-align=\"center\"><strong>1964<\/strong><\/td><td class=\"has-text-align-center\" data-align=\"center\"><strong>Partita amichevole<\/strong><\/td><td class=\"has-text-align-center\" data-align=\"center\">Risultato<\/td><\/tr><tr><td class=\"has-text-align-center\" data-align=\"center\">12 novembre<\/td><td class=\"has-text-align-center\" data-align=\"center\">Diavoli Milano-Amatori Milano<\/td><td class=\"has-text-align-center\" data-align=\"center\">4-0 (1-0; 1-0; 2-0)<\/td><\/tr><\/tbody><\/table><\/figure>\n\n\n\n<div class=\"wp-block-image\"><figure class=\"aligncenter size-large is-resized\"><img loading=\"lazy\" decoding=\"async\" src=\"https:\/\/www.milanosiamonoi.com\/wp-content\/uploads\/2022\/06\/64.11.-foto-Freda-e-La-Fisca-Fill.jpg\" alt=\"\" class=\"wp-image-13845\" width=\"431\" height=\"431\" srcset=\"https:\/\/www.milanosiamonoi.com\/wp-content\/uploads\/2022\/06\/64.11.-foto-Freda-e-La-Fisca-Fill.jpg 720w, https:\/\/www.milanosiamonoi.com\/wp-content\/uploads\/2022\/06\/64.11.-foto-Freda-e-La-Fisca-Fill-300x300.jpg 300w, https:\/\/www.milanosiamonoi.com\/wp-content\/uploads\/2022\/06\/64.11.-foto-Freda-e-La-Fisca-Fill-150x150.jpg 150w, https:\/\/www.milanosiamonoi.com\/wp-content\/uploads\/2022\/06\/64.11.-foto-Freda-e-La-Fisca-Fill-100x100.jpg 100w, https:\/\/www.milanosiamonoi.com\/wp-content\/uploads\/2022\/06\/64.11.-foto-Freda-e-La-Fisca-Fill-50x50.jpg 50w, https:\/\/www.milanosiamonoi.com\/wp-content\/uploads\/2022\/06\/64.11.-foto-Freda-e-La-Fisca-Fill-25x25.jpg 25w, https:\/\/www.milanosiamonoi.com\/wp-content\/uploads\/2022\/06\/64.11.-foto-Freda-e-La-Fisca-Fill-90x90.jpg 90w\" sizes=\"(max-width: 431px) 100vw, 431px\" \/><figcaption><em>Freda (una rete) e Valter La Fisca (2), l&#8217;altro gol lo segna Da Rios.<\/em><\/figcaption><\/figure><\/div>\n\n\n\n<figure class=\"wp-block-table aligncenter\"><table><tbody><tr><td class=\"has-text-align-center\" data-align=\"center\"><strong>1964<\/strong><\/td><td class=\"has-text-align-center\" data-align=\"center\"><strong>Campionato allievi &#8211; Girone A<\/strong><\/td><td class=\"has-text-align-center\" data-align=\"center\">Risultato<\/td><\/tr><tr><td class=\"has-text-align-center\" data-align=\"center\">20 dicembre<\/td><td class=\"has-text-align-center\" data-align=\"center\">Amatori Milano-Ambrosiano<\/td><td class=\"has-text-align-center\" data-align=\"center\">5-0 tav.<\/td><\/tr><tr><td class=\"has-text-align-center\" data-align=\"center\">28 dicembre<\/td><td class=\"has-text-align-center\" data-align=\"center\">Diavoli Milano-Ambrosiano<\/td><td class=\"has-text-align-center\" data-align=\"center\">14-1<\/td><\/tr><\/tbody><\/table><\/figure>\n\n\n\n<div class=\"wp-block-image\"><figure class=\"aligncenter size-large\"><img loading=\"lazy\" decoding=\"async\" width=\"937\" height=\"717\" src=\"https:\/\/www.milanosiamonoi.com\/wp-content\/uploads\/2022\/06\/64.65-foto-2-DM-Valter.png\" alt=\"\" class=\"wp-image-13847\" srcset=\"https:\/\/www.milanosiamonoi.com\/wp-content\/uploads\/2022\/06\/64.65-foto-2-DM-Valter.png 937w, https:\/\/www.milanosiamonoi.com\/wp-content\/uploads\/2022\/06\/64.65-foto-2-DM-Valter-300x230.png 300w, https:\/\/www.milanosiamonoi.com\/wp-content\/uploads\/2022\/06\/64.65-foto-2-DM-Valter-768x588.png 768w, https:\/\/www.milanosiamonoi.com\/wp-content\/uploads\/2022\/06\/64.65-foto-2-DM-Valter-100x77.png 100w, https:\/\/www.milanosiamonoi.com\/wp-content\/uploads\/2022\/06\/64.65-foto-2-DM-Valter-50x38.png 50w, https:\/\/www.milanosiamonoi.com\/wp-content\/uploads\/2022\/06\/64.65-foto-2-DM-Valter-25x19.png 25w, https:\/\/www.milanosiamonoi.com\/wp-content\/uploads\/2022\/06\/64.65-foto-2-DM-Valter-740x566.png 740w\" sizes=\"(max-width: 937px) 100vw, 937px\" \/><figcaption><em>Da sin. in piedi: Cavanna, Freda, Ulasio, Testa, Garlandini. In prima fila: Pennisi, Gioseffi, V. La Fisca, Magosso, Tettamanzi.<\/em><\/figcaption><\/figure><\/div>\n\n\n\n<p class=\"has-text-align-center\">Il campionato riprende il 21 gennaio 1965 con Diavoli-Amatori Milano che ha ottenuto due punti in classifica grazie a una vittoria a tavolino. L&#8217;Ambrosiano, vittorioso per 3-0 sul ghiaccio, veniva punito con lo 0-5 per aver schierato un giovane non in regola con il tesseramento.<\/p>\n\n\n\n<div class=\"wp-block-image\"><figure class=\"aligncenter size-large is-resized\"><img loading=\"lazy\" decoding=\"async\" src=\"https:\/\/www.milanosiamonoi.com\/wp-content\/uploads\/2022\/06\/65.01.21-All-DM-AmM-10-0.jpg\" alt=\"\" class=\"wp-image-13859\" width=\"423\" height=\"477\" srcset=\"https:\/\/www.milanosiamonoi.com\/wp-content\/uploads\/2022\/06\/65.01.21-All-DM-AmM-10-0.jpg 893w, https:\/\/www.milanosiamonoi.com\/wp-content\/uploads\/2022\/06\/65.01.21-All-DM-AmM-10-0-265x300.jpg 265w, https:\/\/www.milanosiamonoi.com\/wp-content\/uploads\/2022\/06\/65.01.21-All-DM-AmM-10-0-88x100.jpg 88w, https:\/\/www.milanosiamonoi.com\/wp-content\/uploads\/2022\/06\/65.01.21-All-DM-AmM-10-0-44x50.jpg 44w, https:\/\/www.milanosiamonoi.com\/wp-content\/uploads\/2022\/06\/65.01.21-All-DM-AmM-10-0-22x25.jpg 22w, https:\/\/www.milanosiamonoi.com\/wp-content\/uploads\/2022\/06\/65.01.21-All-DM-AmM-10-0-740x837.jpg 740w\" sizes=\"(max-width: 423px) 100vw, 423px\" \/><figcaption><em>Da &#8220;La Gazzetta dello Sport&#8221;.<\/em><\/figcaption><\/figure><\/div>\n\n\n\n<figure class=\"wp-block-table aligncenter\"><table><tbody><tr><td class=\"has-text-align-center\" data-align=\"center\"><strong>1965<\/strong><\/td><td class=\"has-text-align-center\" data-align=\"center\"><strong>Campionato allievi &#8211; Girone A<\/strong><\/td><td class=\"has-text-align-center\" data-align=\"center\">Risultato<\/td><\/tr><tr><td class=\"has-text-align-center\" data-align=\"center\">31 gennaio<\/td><td class=\"has-text-align-center\" data-align=\"center\">Ambrosiano-Amatori Milano<\/td><td class=\"has-text-align-center\" data-align=\"center\">4-0<\/td><\/tr><tr><td class=\"has-text-align-center\" data-align=\"center\">14 febbraio<\/td><td class=\"has-text-align-center\" data-align=\"center\">Amatori Milano-Diavoli Milano<\/td><td class=\"has-text-align-center\" data-align=\"center\">0-11<\/td><\/tr><tr><td class=\"has-text-align-center\" data-align=\"center\">16 febbraio<\/td><td class=\"has-text-align-center\" data-align=\"center\">Ambrosiano-Diavoli Milano<\/td><td class=\"has-text-align-center\" data-align=\"center\">1-5<\/td><\/tr><\/tbody><\/table><\/figure>\n\n\n\n<div class=\"wp-block-image\"><figure class=\"aligncenter size-large is-resized\"><img loading=\"lazy\" decoding=\"async\" src=\"https:\/\/www.milanosiamonoi.com\/wp-content\/uploads\/2022\/06\/65.02.24-foto-All-Valter-e-Pennisi-DM-Coppa-Primavera-Fill.jpg\" alt=\"\" class=\"wp-image-13871\" width=\"450\" height=\"588\" srcset=\"https:\/\/www.milanosiamonoi.com\/wp-content\/uploads\/2022\/06\/65.02.24-foto-All-Valter-e-Pennisi-DM-Coppa-Primavera-Fill.jpg 584w, https:\/\/www.milanosiamonoi.com\/wp-content\/uploads\/2022\/06\/65.02.24-foto-All-Valter-e-Pennisi-DM-Coppa-Primavera-Fill-229x300.jpg 229w, https:\/\/www.milanosiamonoi.com\/wp-content\/uploads\/2022\/06\/65.02.24-foto-All-Valter-e-Pennisi-DM-Coppa-Primavera-Fill-76x100.jpg 76w, https:\/\/www.milanosiamonoi.com\/wp-content\/uploads\/2022\/06\/65.02.24-foto-All-Valter-e-Pennisi-DM-Coppa-Primavera-Fill-38x50.jpg 38w, https:\/\/www.milanosiamonoi.com\/wp-content\/uploads\/2022\/06\/65.02.24-foto-All-Valter-e-Pennisi-DM-Coppa-Primavera-Fill-19x25.jpg 19w\" sizes=\"(max-width: 450px) 100vw, 450px\" \/><figcaption><em>Valter La Fisca e Roberto Pennisi.<\/em><\/figcaption><\/figure><\/div>\n\n\n\n<figure class=\"wp-block-table aligncenter\"><table><tbody><tr><td class=\"has-text-align-center\" data-align=\"center\"><strong>Classifica finale del girone A<\/strong><\/td><\/tr><tr><td class=\"has-text-align-center\" data-align=\"center\"><strong>Diavoli Milano 8 punti. <\/strong>Ambrosiano e Amatori Milano 2<\/td><\/tr><\/tbody><\/table><\/figure>\n\n\n\n<p class=\"has-text-align-center\">Diavoli Milano al girone finale con Camporovere, Ortisei e i padroni di casa del Cortina.<\/p>\n\n\n\n<figure class=\"wp-block-table aligncenter\"><table><tbody><tr><td><strong>1965<\/strong><\/td><td class=\"has-text-align-center\" data-align=\"center\"><strong>Cortina &#8211; Semifinali campionato allievi<\/strong><\/td><td>Risultato<\/td><\/tr><tr><td>20 febbraio<\/td><td class=\"has-text-align-center\" data-align=\"center\">Ortisei-Diavoli Milano<\/td><td>4-1 (2-1: 0-0; 2-0)<\/td><\/tr><tr><td><\/td><td class=\"has-text-align-center\" data-align=\"center\">Cortina-Camporovere<\/td><td>0-6 (0-3; 0-2; 0-1)<\/td><\/tr><tr><td><\/td><td class=\"has-text-align-center\" data-align=\"center\"><strong>Finale 3\u00b0 posto<\/strong><\/td><td><\/td><\/tr><tr><td>21 febbraio<\/td><td class=\"has-text-align-center\" data-align=\"center\">Cortina-Diavoli Milano<\/td><td>5-4 (2-1; 3-1; 0-2)<\/td><\/tr><\/tbody><\/table><\/figure>\n\n\n\n<div class=\"wp-block-image\"><figure class=\"aligncenter size-large\"><img loading=\"lazy\" decoding=\"async\" width=\"292\" height=\"354\" src=\"https:\/\/www.milanosiamonoi.com\/wp-content\/uploads\/2022\/06\/65.02.21-All.-Finali.jpg\" alt=\"\" class=\"wp-image-13867\" srcset=\"https:\/\/www.milanosiamonoi.com\/wp-content\/uploads\/2022\/06\/65.02.21-All.-Finali.jpg 292w, https:\/\/www.milanosiamonoi.com\/wp-content\/uploads\/2022\/06\/65.02.21-All.-Finali-247x300.jpg 247w, https:\/\/www.milanosiamonoi.com\/wp-content\/uploads\/2022\/06\/65.02.21-All.-Finali-82x100.jpg 82w, https:\/\/www.milanosiamonoi.com\/wp-content\/uploads\/2022\/06\/65.02.21-All.-Finali-41x50.jpg 41w, https:\/\/www.milanosiamonoi.com\/wp-content\/uploads\/2022\/06\/65.02.21-All.-Finali-21x25.jpg 21w\" sizes=\"(max-width: 292px) 100vw, 292px\" \/><figcaption><em>Da &#8220;La Gazzetta dello Sport&#8221;.<\/em><\/figcaption><\/figure><\/div>\n\n\n\n<p class=\"has-text-align-center\"> <\/p>\n\n\n\n<div class=\"wp-block-image\"><figure class=\"aligncenter size-large\"><img loading=\"lazy\" decoding=\"async\" width=\"581\" height=\"515\" src=\"https:\/\/www.milanosiamonoi.com\/wp-content\/uploads\/2022\/06\/65.02.-Finali-Allievi.jpg\" alt=\"\" class=\"wp-image-13868\" srcset=\"https:\/\/www.milanosiamonoi.com\/wp-content\/uploads\/2022\/06\/65.02.-Finali-Allievi.jpg 581w, https:\/\/www.milanosiamonoi.com\/wp-content\/uploads\/2022\/06\/65.02.-Finali-Allievi-300x266.jpg 300w, https:\/\/www.milanosiamonoi.com\/wp-content\/uploads\/2022\/06\/65.02.-Finali-Allievi-100x89.jpg 100w, https:\/\/www.milanosiamonoi.com\/wp-content\/uploads\/2022\/06\/65.02.-Finali-Allievi-50x44.jpg 50w, https:\/\/www.milanosiamonoi.com\/wp-content\/uploads\/2022\/06\/65.02.-Finali-Allievi-25x22.jpg 25w\" sizes=\"(max-width: 581px) 100vw, 581px\" \/><figcaption><em>Articolo da &#8220;La Gazzetta dello Sport&#8221;.<\/em><\/figcaption><\/figure><\/div>\n\n\n\n<p class=\"has-text-align-center\">La stagione degli allievi milanesi si chiude con il tradizionale torneo Coppa Primavera Giuseppe Rigamonti. L&#8217;edizione del 1965 varia in chiave nazionale, la prima in classifica delle milanesi giocher\u00e0 la finale con i campioni d&#8217;Italia del Camporovere.<\/p>\n\n\n\n<figure class=\"wp-block-table aligncenter\"><table><tbody><tr><td class=\"has-text-align-center\" data-align=\"center\"><strong>1965<\/strong><\/td><td class=\"has-text-align-center\" data-align=\"center\"><strong>Coppa Primavera Giuseppe Rigamonti<\/strong><\/td><td class=\"has-text-align-center\" data-align=\"center\">Risultato<\/td><\/tr><tr><td class=\"has-text-align-center\" data-align=\"center\">24 marzo<\/td><td class=\"has-text-align-center\" data-align=\"center\">Diavoli Milano-Ambrosiano<\/td><td class=\"has-text-align-center\" data-align=\"center\">8-0<\/td><\/tr><\/tbody><\/table><\/figure>\n\n\n\n<div class=\"wp-block-image\"><figure class=\"aligncenter size-large is-resized\"><img loading=\"lazy\" decoding=\"async\" src=\"https:\/\/www.milanosiamonoi.com\/wp-content\/uploads\/2022\/06\/65.03.26-All.-Ambr-AmM-4-0-Primavera.jpg\" alt=\"\" class=\"wp-image-13873\" width=\"337\" height=\"460\" srcset=\"https:\/\/www.milanosiamonoi.com\/wp-content\/uploads\/2022\/06\/65.03.26-All.-Ambr-AmM-4-0-Primavera.jpg 381w, https:\/\/www.milanosiamonoi.com\/wp-content\/uploads\/2022\/06\/65.03.26-All.-Ambr-AmM-4-0-Primavera-220x300.jpg 220w, https:\/\/www.milanosiamonoi.com\/wp-content\/uploads\/2022\/06\/65.03.26-All.-Ambr-AmM-4-0-Primavera-73x100.jpg 73w, https:\/\/www.milanosiamonoi.com\/wp-content\/uploads\/2022\/06\/65.03.26-All.-Ambr-AmM-4-0-Primavera-37x50.jpg 37w, https:\/\/www.milanosiamonoi.com\/wp-content\/uploads\/2022\/06\/65.03.26-All.-Ambr-AmM-4-0-Primavera-18x25.jpg 18w\" sizes=\"(max-width: 337px) 100vw, 337px\" \/><figcaption><em>Articolo da &#8220;La Gazzetta dello Sport&#8221;.<\/em><\/figcaption><\/figure><\/div>\n\n\n\n<div class=\"wp-block-image\"><figure class=\"aligncenter size-large\"><img loading=\"lazy\" decoding=\"async\" width=\"1008\" height=\"793\" src=\"https:\/\/www.milanosiamonoi.com\/wp-content\/uploads\/2022\/07\/65.03.26-foto-All.-Amb-AmM-Anderwald-e-Di-Luzio-.jpg\" alt=\"\" class=\"wp-image-14174\" srcset=\"https:\/\/www.milanosiamonoi.com\/wp-content\/uploads\/2022\/07\/65.03.26-foto-All.-Amb-AmM-Anderwald-e-Di-Luzio-.jpg 1008w, https:\/\/www.milanosiamonoi.com\/wp-content\/uploads\/2022\/07\/65.03.26-foto-All.-Amb-AmM-Anderwald-e-Di-Luzio--300x236.jpg 300w, https:\/\/www.milanosiamonoi.com\/wp-content\/uploads\/2022\/07\/65.03.26-foto-All.-Amb-AmM-Anderwald-e-Di-Luzio--768x604.jpg 768w, https:\/\/www.milanosiamonoi.com\/wp-content\/uploads\/2022\/07\/65.03.26-foto-All.-Amb-AmM-Anderwald-e-Di-Luzio--100x79.jpg 100w, https:\/\/www.milanosiamonoi.com\/wp-content\/uploads\/2022\/07\/65.03.26-foto-All.-Amb-AmM-Anderwald-e-Di-Luzio--50x39.jpg 50w, https:\/\/www.milanosiamonoi.com\/wp-content\/uploads\/2022\/07\/65.03.26-foto-All.-Amb-AmM-Anderwald-e-Di-Luzio--25x20.jpg 25w, https:\/\/www.milanosiamonoi.com\/wp-content\/uploads\/2022\/07\/65.03.26-foto-All.-Amb-AmM-Anderwald-e-Di-Luzio--740x582.jpg 740w\" sizes=\"(max-width: 1008px) 100vw, 1008px\" \/><figcaption><em>Anderwald (Amatori) e Donato Di Luzio (Ambrosiano).<\/em><\/figcaption><\/figure><\/div>\n\n\n\n<div class=\"wp-block-image\"><figure class=\"aligncenter size-large is-resized\"><img loading=\"lazy\" decoding=\"async\" src=\"https:\/\/www.milanosiamonoi.com\/wp-content\/uploads\/2022\/06\/65.03.31-All.-DM-AmM-9-0-Primavera-sist..jpg\" alt=\"\" class=\"wp-image-13874\" width=\"549\" height=\"429\" srcset=\"https:\/\/www.milanosiamonoi.com\/wp-content\/uploads\/2022\/06\/65.03.31-All.-DM-AmM-9-0-Primavera-sist..jpg 707w, https:\/\/www.milanosiamonoi.com\/wp-content\/uploads\/2022\/06\/65.03.31-All.-DM-AmM-9-0-Primavera-sist.-300x235.jpg 300w, https:\/\/www.milanosiamonoi.com\/wp-content\/uploads\/2022\/06\/65.03.31-All.-DM-AmM-9-0-Primavera-sist.-100x78.jpg 100w, https:\/\/www.milanosiamonoi.com\/wp-content\/uploads\/2022\/06\/65.03.31-All.-DM-AmM-9-0-Primavera-sist.-50x39.jpg 50w, https:\/\/www.milanosiamonoi.com\/wp-content\/uploads\/2022\/06\/65.03.31-All.-DM-AmM-9-0-Primavera-sist.-25x20.jpg 25w\" sizes=\"(max-width: 549px) 100vw, 549px\" \/><\/figure><\/div>\n\n\n\n<div class=\"wp-block-image\"><figure class=\"aligncenter size-large\"><img loading=\"lazy\" decoding=\"async\" width=\"539\" height=\"526\" src=\"https:\/\/www.milanosiamonoi.com\/wp-content\/uploads\/2022\/06\/65.04.02-All.-DM-Campo-1-2-Primavera-sistemato.jpg\" alt=\"\" class=\"wp-image-13875\" srcset=\"https:\/\/www.milanosiamonoi.com\/wp-content\/uploads\/2022\/06\/65.04.02-All.-DM-Campo-1-2-Primavera-sistemato.jpg 539w, https:\/\/www.milanosiamonoi.com\/wp-content\/uploads\/2022\/06\/65.04.02-All.-DM-Campo-1-2-Primavera-sistemato-300x293.jpg 300w, https:\/\/www.milanosiamonoi.com\/wp-content\/uploads\/2022\/06\/65.04.02-All.-DM-Campo-1-2-Primavera-sistemato-100x98.jpg 100w, https:\/\/www.milanosiamonoi.com\/wp-content\/uploads\/2022\/06\/65.04.02-All.-DM-Campo-1-2-Primavera-sistemato-50x50.jpg 50w, https:\/\/www.milanosiamonoi.com\/wp-content\/uploads\/2022\/06\/65.04.02-All.-DM-Campo-1-2-Primavera-sistemato-25x25.jpg 25w\" sizes=\"(max-width: 539px) 100vw, 539px\" \/><figcaption><em>Articolo da &#8220;La Gazzetta dello Sport&#8221;.<\/em><\/figcaption><\/figure><\/div>\n\n\n\n<div class=\"wp-block-image\"><figure class=\"aligncenter size-large\"><img loading=\"lazy\" decoding=\"async\" width=\"1010\" height=\"576\" src=\"https:\/\/www.milanosiamonoi.com\/wp-content\/uploads\/2022\/06\/64.65-foto-DM-Valter.png\" alt=\"\" class=\"wp-image-13849\" srcset=\"https:\/\/www.milanosiamonoi.com\/wp-content\/uploads\/2022\/06\/64.65-foto-DM-Valter.png 1010w, https:\/\/www.milanosiamonoi.com\/wp-content\/uploads\/2022\/06\/64.65-foto-DM-Valter-300x171.png 300w, https:\/\/www.milanosiamonoi.com\/wp-content\/uploads\/2022\/06\/64.65-foto-DM-Valter-768x438.png 768w, https:\/\/www.milanosiamonoi.com\/wp-content\/uploads\/2022\/06\/64.65-foto-DM-Valter-100x57.png 100w, https:\/\/www.milanosiamonoi.com\/wp-content\/uploads\/2022\/06\/64.65-foto-DM-Valter-50x29.png 50w, https:\/\/www.milanosiamonoi.com\/wp-content\/uploads\/2022\/06\/64.65-foto-DM-Valter-25x14.png 25w, https:\/\/www.milanosiamonoi.com\/wp-content\/uploads\/2022\/06\/64.65-foto-DM-Valter-740x422.png 740w\" sizes=\"(max-width: 1010px) 100vw, 1010px\" \/><figcaption><em>Da sinistra in piedi: Cavanna, Gioseffi, Da Rios, Ulasio, Testa, Garlandini, Tettamanzi. In prima fila: V. La Fisca, Magosso, Freda, non id., Pennisi.<\/em><\/figcaption><\/figure><\/div>\n\n\n\n<figure class=\"wp-block-table\"><table><tbody><tr><td><strong><a href=\"https:\/\/www.milanosiamonoi.com\/index.php\/campionati\/dal-1960-al-1969-vs-cortina\/1963-1964-amatori-mi-ambrosiano-e-allievi\/\">stagione precedente<\/a><\/strong><\/td><td class=\"has-text-align-right\" data-align=\"right\"><strong>stagione successiva<\/strong><\/td><\/tr><\/tbody><\/table><\/figure>\n\n\n\n<figure class=\"wp-block-table\"><table><tbody><tr><td class=\"has-text-align-center\" data-align=\"center\"><strong><a href=\"https:\/\/www.milanosiamonoi.com\/index.php\/campionati\/dal-1960-al-1969-vs-cortina\/1964-1965-diavoli-hc-milano\/\">Diavoli Milano<\/a><\/strong><\/td><\/tr><\/tbody><\/table><\/figure>\n","protected":false},"excerpt":{"rendered":"<p>Presidente Lidio Castello Allenatore Franco Canepa Ruolo Giocatori con almeno una presenza in prima squadra. P Roberto Favaro, Roncaglio. D Gigi Brivio, Emilio Delfino, Fraccaro,&#8230;<\/p>\n","protected":false},"author":2,"featured_media":0,"parent":1471,"menu_order":11,"comment_status":"closed","ping_status":"closed","template":"","meta":{"spay_email":"","footnotes":""},"_links":{"self":[{"href":"https:\/\/www.milanosiamonoi.com\/index.php\/wp-json\/wp\/v2\/pages\/13767"}],"collection":[{"href":"https:\/\/www.milanosiamonoi.com\/index.php\/wp-json\/wp\/v2\/pages"}],"about":[{"href":"https:\/\/www.milanosiamonoi.com\/index.php\/wp-json\/wp\/v2\/types\/page"}],"author":[{"embeddable":true,"href":"https:\/\/www.milanosiamonoi.com\/index.php\/wp-json\/wp\/v2\/users\/2"}],"replies":[{"embeddable":true,"href":"https:\/\/www.milanosiamonoi.com\/index.php\/wp-json\/wp\/v2\/comments?post=13767"}],"version-history":[{"count":92,"href":"https:\/\/www.milanosiamonoi.com\/index.php\/wp-json\/wp\/v2\/pages\/13767\/revisions"}],"predecessor-version":[{"id":15352,"href":"https:\/\/www.milanosiamonoi.com\/index.php\/wp-json\/wp\/v2\/pages\/13767\/revisions\/15352"}],"up":[{"embeddable":true,"href":"https:\/\/www.milanosiamonoi.com\/index.php\/wp-json\/wp\/v2\/pages\/1471"}],"wp:attachment":[{"href":"https:\/\/www.milanosiamonoi.com\/index.php\/wp-json\/wp\/v2\/media?parent=13767"}],"curies":[{"name":"wp","href":"https:\/\/api.w.org\/{rel}","templated":true}]}}