{"id":13555,"date":"2022-11-15T09:01:04","date_gmt":"2022-11-15T09:01:04","guid":{"rendered":"http:\/\/milanosiamonoi.com\/?page_id=13555"},"modified":"2022-12-21T18:11:08","modified_gmt":"2022-12-21T18:11:08","slug":"1964-1965-diavoli-hc-milano","status":"publish","type":"page","link":"https:\/\/www.milanosiamonoi.com\/index.php\/campionati\/dal-1960-al-1969-vs-cortina\/1964-1965-diavoli-hc-milano\/","title":{"rendered":"1964\/1965 Diavoli HC Milano"},"content":{"rendered":"\n<div class=\"wp-block-image\"><figure class=\"aligncenter size-large\"><img loading=\"lazy\" decoding=\"async\" width=\"300\" height=\"300\" src=\"https:\/\/www.milanosiamonoi.com\/wp-content\/uploads\/2021\/11\/logo-diavoli-righe-300x300-1.jpg\" alt=\"\" class=\"wp-image-11583\" srcset=\"https:\/\/www.milanosiamonoi.com\/wp-content\/uploads\/2021\/11\/logo-diavoli-righe-300x300-1.jpg 300w, https:\/\/www.milanosiamonoi.com\/wp-content\/uploads\/2021\/11\/logo-diavoli-righe-300x300-1-150x150.jpg 150w, https:\/\/www.milanosiamonoi.com\/wp-content\/uploads\/2021\/11\/logo-diavoli-righe-300x300-1-100x100.jpg 100w, https:\/\/www.milanosiamonoi.com\/wp-content\/uploads\/2021\/11\/logo-diavoli-righe-300x300-1-50x50.jpg 50w, https:\/\/www.milanosiamonoi.com\/wp-content\/uploads\/2021\/11\/logo-diavoli-righe-300x300-1-25x25.jpg 25w, https:\/\/www.milanosiamonoi.com\/wp-content\/uploads\/2021\/11\/logo-diavoli-righe-300x300-1-90x90.jpg 90w\" sizes=\"(max-width: 300px) 100vw, 300px\" \/><\/figure><\/div>\n\n\n\n<figure class=\"wp-block-table aligncenter\"><table><tbody><tr><td>Presidente<\/td><td>Tullio Monzino<\/td><\/tr><tr><td>Allenatore<\/td><td>Aldo Federici<\/td><\/tr><\/tbody><\/table><\/figure>\n\n\n\n<figure class=\"wp-block-table\"><table><tbody><tr><td class=\"has-text-align-center\" data-align=\"center\">Ruolo<\/td><td><strong>Giocatori con almeno una presenza in prima squadra.<\/strong><\/td><\/tr><tr><td class=\"has-text-align-center\" data-align=\"center\">P<\/td><td>Vittorio Bolla, Guido Radaelli.<\/td><\/tr><tr><td class=\"has-text-align-center\" data-align=\"center\">D<\/td><td>Giancarlo Agazzi, Mario Bedogni, Renato Brivio, George Goodacre, Andrea Lusena, Marco Lusena, Luciano Nucci.<\/td><\/tr><tr><td class=\"has-text-align-center\" data-align=\"center\">A<\/td><td>Giampiero Branduardi, Tino Crotti (C), Werner Holzner, Ernesto Paracchini, Gianfranco Rigamonti, Giorgio Rigamonti, Umberto Signorini, Bryan Whittal.<\/td><\/tr><tr><td class=\"has-text-align-center\" data-align=\"center\">Rinforzi<\/td><td>Gaetano Diodato e Kinasevich (canadesi), Toto Guccione (Amatori Milano), Alfredo Coletti, Carlo Longarini, Eugene Rebellato, Franco Viale (Bolzano), Bruce Beattie (Alleghe).<\/td><\/tr><\/tbody><\/table><\/figure>\n\n\n\n<p class=\"has-text-align-center\">Il CD cresce con l&#8217;ingresso del conte Guido Isolabella. Sarino Oriana \u00e8 il nuovo segretario. Per l&#8217;attacco si punta ancora su Bryan Whittal, mentre Dobbyn e Severin non sono stati confermati. Su consiglio di Reg Morelli viene tesserato il difensore canadese George Goodacre. Non rinnovato il contratto a Enrico Benedetti che passa all&#8217;Alleghe finalmente in serie A. Gigi Talamona parte per il servizio militare. A infoltire il settore offensivo arriva dal Torino Werner Holzner. Ci si augura il rientro a tempo pieno di Giampiero Branduardi, si spera in quello di Agazzi. Dall&#8217;Amatori entrano in rosa Giorgio Rigamonti, Marco Lusena e Umberto Signorini. Bolla salta le prime gare per impegni lavorativi, nelle prime tre partite l&#8217;attacco si giova del rinforzo Coletti.<\/p>\n\n\n\n<figure class=\"wp-block-table aligncenter\"><table><tbody><tr><td class=\"has-text-align-center\" data-align=\"center\"><strong>1964<\/strong><\/td><td class=\"has-text-align-center\" data-align=\"center\"><strong>Partite amichevoli<\/strong><\/td><td class=\"has-text-align-center\" data-align=\"center\">Risultato<\/td><\/tr><tr><td class=\"has-text-align-center\" data-align=\"center\">Ginevra, 20 ottobre<\/td><td class=\"has-text-align-center\" data-align=\"center\">GE Servette-Diavoli Milano<\/td><td class=\"has-text-align-center\" data-align=\"center\">8-2 (1-1; 3-1;4-0)<\/td><\/tr><tr><td class=\"has-text-align-center\" data-align=\"center\">La Chaux de F., 21 ottobre<\/td><td class=\"has-text-align-center\" data-align=\"center\">La Chaux de F.-Diavoli Milano<\/td><td class=\"has-text-align-center\" data-align=\"center\">7-11 (4-5; 3-5; 0-1)<\/td><\/tr><tr><td class=\"has-text-align-center\" data-align=\"center\">Milano, 23 ottobre<\/td><td class=\"has-text-align-center\" data-align=\"center\">Diavoli Milano-Zurigo SC<\/td><td class=\"has-text-align-center\" data-align=\"center\">9-4 (2-1; 4-1; 3-2)<\/td><\/tr><\/tbody><\/table><\/figure>\n\n\n\n<div class=\"wp-block-image\"><figure class=\"aligncenter size-large\"><img loading=\"lazy\" decoding=\"async\" width=\"902\" height=\"664\" src=\"https:\/\/www.milanosiamonoi.com\/wp-content\/uploads\/2022\/06\/64.10.23-foto-DM-ZSC-9-4-1.png\" alt=\"\" class=\"wp-image-13609\" srcset=\"https:\/\/www.milanosiamonoi.com\/wp-content\/uploads\/2022\/06\/64.10.23-foto-DM-ZSC-9-4-1.png 902w, https:\/\/www.milanosiamonoi.com\/wp-content\/uploads\/2022\/06\/64.10.23-foto-DM-ZSC-9-4-1-300x221.png 300w, https:\/\/www.milanosiamonoi.com\/wp-content\/uploads\/2022\/06\/64.10.23-foto-DM-ZSC-9-4-1-768x565.png 768w, https:\/\/www.milanosiamonoi.com\/wp-content\/uploads\/2022\/06\/64.10.23-foto-DM-ZSC-9-4-1-100x74.png 100w, https:\/\/www.milanosiamonoi.com\/wp-content\/uploads\/2022\/06\/64.10.23-foto-DM-ZSC-9-4-1-50x37.png 50w, https:\/\/www.milanosiamonoi.com\/wp-content\/uploads\/2022\/06\/64.10.23-foto-DM-ZSC-9-4-1-25x18.png 25w, https:\/\/www.milanosiamonoi.com\/wp-content\/uploads\/2022\/06\/64.10.23-foto-DM-ZSC-9-4-1-740x545.png 740w\" sizes=\"(max-width: 902px) 100vw, 902px\" \/><figcaption><em>23 ottobre 1964, Diavoli-Zurigo SC 9-4; da sinistra in piedi: Goodacre, Nucci, Brivio, Branduardi, A. Lusena. In prima fila: GF. Rigamonti, Whittal, Paracchini, Crotti, Radaelli, Coletti.<\/em><\/figcaption><\/figure><\/div>\n\n\n\n<figure class=\"wp-block-table aligncenter\"><table><tbody><tr><td class=\"has-text-align-center\" data-align=\"center\"><strong>1964<\/strong><\/td><td class=\"has-text-align-center\" data-align=\"center\"><strong>Partite amichevoli<\/strong><\/td><td class=\"has-text-align-center\" data-align=\"center\">Risultato<\/td><\/tr><tr><td class=\"has-text-align-center\" data-align=\"center\">Visp, 27 ottobre<\/td><td class=\"has-text-align-center\" data-align=\"center\">Visp-Diavoli Milano<\/td><td class=\"has-text-align-center\" data-align=\"center\">4-2 (1-0; 0-2; 3-0)<\/td><\/tr><tr><td class=\"has-text-align-center\" data-align=\"center\">Milano, 30 ottobre<\/td><td class=\"has-text-align-center\" data-align=\"center\">Diavoli Milano-Visp<\/td><td class=\"has-text-align-center\" data-align=\"center\">4-5 (0-1; 2-2; 2-2)<\/td><\/tr><tr><td class=\"has-text-align-center\" data-align=\"center\">Bellinzona, 31 ottobre<\/td><td class=\"has-text-align-center\" data-align=\"center\">Zurigo SC-Diavoli Milano<\/td><td class=\"has-text-align-center\" data-align=\"center\">4-5 (1-2; 1-1; 2-2)<\/td><\/tr><tr><td class=\"has-text-align-center\" data-align=\"center\">Zurigo, 1 novembre<\/td><td class=\"has-text-align-center\" data-align=\"center\">Grasshopper-Diavoli Milano<\/td><td class=\"has-text-align-center\" data-align=\"center\">5-3 (2-1; 1-0; 2-2)<\/td><\/tr><\/tbody><\/table><\/figure>\n\n\n\n<p class=\"has-text-align-center\">A Visp esordio stagionale di Bolla. Sempre con il Visp, ma a Milano, prima partita di Werner Holzner. Nelle quattro partite di cui sopra emergono le difficolt\u00e0 nell&#8217;imbastire azioni d&#8217;attacco; con Coletti tutta un&#8217;altra storia. Bolla poco allenato ha subito reti evitabili, ottime le prestazioni di George Goodacre. Il Palazzo apre le porte al primo grande scontro della stagione, con il Cortina e non \u00e8 mai un&#8217;amichevole. Test in chiave Nazionale in vista delle partite di qualificazione con l&#8217;ostica Ungheria per ottenere il pass d&#8217;accesso al mondiale gruppo B che si terr\u00e0 in Finlandia.<\/p>\n\n\n\n<div class=\"wp-block-image\"><figure class=\"aligncenter size-large\"><img loading=\"lazy\" decoding=\"async\" width=\"537\" height=\"562\" src=\"https:\/\/www.milanosiamonoi.com\/wp-content\/uploads\/2022\/06\/64.11.06-DM-Cort-4-6-a-parziale.jpg\" alt=\"\" class=\"wp-image-13621\" srcset=\"https:\/\/www.milanosiamonoi.com\/wp-content\/uploads\/2022\/06\/64.11.06-DM-Cort-4-6-a-parziale.jpg 537w, https:\/\/www.milanosiamonoi.com\/wp-content\/uploads\/2022\/06\/64.11.06-DM-Cort-4-6-a-parziale-287x300.jpg 287w, https:\/\/www.milanosiamonoi.com\/wp-content\/uploads\/2022\/06\/64.11.06-DM-Cort-4-6-a-parziale-96x100.jpg 96w, https:\/\/www.milanosiamonoi.com\/wp-content\/uploads\/2022\/06\/64.11.06-DM-Cort-4-6-a-parziale-48x50.jpg 48w, https:\/\/www.milanosiamonoi.com\/wp-content\/uploads\/2022\/06\/64.11.06-DM-Cort-4-6-a-parziale-25x25.jpg 25w\" sizes=\"(max-width: 537px) 100vw, 537px\" \/><figcaption><em>Parte articolo da &#8220;La Gazzetta dello Sport&#8221;.<\/em><\/figcaption><\/figure><\/div>\n\n\n\n<div class=\"wp-block-image\"><figure class=\"aligncenter size-large\"><img loading=\"lazy\" decoding=\"async\" width=\"1024\" height=\"702\" src=\"https:\/\/www.milanosiamonoi.com\/wp-content\/uploads\/2022\/06\/64.11.08-post-DM-Cort-4-6-corinf-1024x702.png\" alt=\"\" class=\"wp-image-13622\" srcset=\"https:\/\/www.milanosiamonoi.com\/wp-content\/uploads\/2022\/06\/64.11.08-post-DM-Cort-4-6-corinf-1024x702.png 1024w, https:\/\/www.milanosiamonoi.com\/wp-content\/uploads\/2022\/06\/64.11.08-post-DM-Cort-4-6-corinf-300x206.png 300w, https:\/\/www.milanosiamonoi.com\/wp-content\/uploads\/2022\/06\/64.11.08-post-DM-Cort-4-6-corinf-768x526.png 768w, https:\/\/www.milanosiamonoi.com\/wp-content\/uploads\/2022\/06\/64.11.08-post-DM-Cort-4-6-corinf-100x69.png 100w, https:\/\/www.milanosiamonoi.com\/wp-content\/uploads\/2022\/06\/64.11.08-post-DM-Cort-4-6-corinf-50x34.png 50w, https:\/\/www.milanosiamonoi.com\/wp-content\/uploads\/2022\/06\/64.11.08-post-DM-Cort-4-6-corinf-25x17.png 25w, https:\/\/www.milanosiamonoi.com\/wp-content\/uploads\/2022\/06\/64.11.08-post-DM-Cort-4-6-corinf-740x507.png 740w, https:\/\/www.milanosiamonoi.com\/wp-content\/uploads\/2022\/06\/64.11.08-post-DM-Cort-4-6-corinf.png 1058w\" sizes=\"(max-width: 1024px) 100vw, 1024px\" \/><figcaption><em>Articolo da &#8220;Il Corriere d&#8217;Informazione&#8221;.<\/em><\/figcaption><\/figure><\/div>\n\n\n\n<p class=\"has-text-align-center\">Dopo la durissima battaglia con il Cortina il calendario prevede un altro match casalingo; ospite il Kitzbuehel. I biancorossi non possono contare sull&#8217;apporto di Crotti, Whittal e nemmeno di Goodacre. Il difensore canadese deve scontare un turno di squalifica inflittogli dalla Federazione internazionale per il pugilato fuori programma che lo ha visto protagonista nel match del 23 ottobre con lo Zurigo SC e notificato dopo la partita con il Cortina. Vittima l&#8217;elvetico Parolini, comunque reo di un brutto fallo intenzionale ai danni dello stesso canadese. I Diavoli, per ovviare alle rilevanti assenze, organizzano un derby  con l&#8217;Amatori Milano: fatta la legge, trovato l&#8217;inganno e recuperato almeno Goodacre.<\/p>\n\n\n\n<figure class=\"wp-block-table aligncenter\"><table><tbody><tr><td class=\"has-text-align-center\" data-align=\"center\"><strong>1964<\/strong><\/td><td class=\"has-text-align-center\" data-align=\"center\"><strong>Partita amichevole<\/strong><\/td><td class=\"has-text-align-center\" data-align=\"center\">Risultato<\/td><\/tr><tr><td class=\"has-text-align-center\" data-align=\"center\">11 novembre<\/td><td class=\"has-text-align-center\" data-align=\"center\">Diavoli Milano-Amatori Milano<\/td><td class=\"has-text-align-center\" data-align=\"center\">11-3<\/td><\/tr><\/tbody><\/table><\/figure>\n\n\n\n<p class=\"has-text-align-center\">Su decisione del presidente Monzino e del comm. Pavoni dalla partita con il Kitzbuehel i giocatori dei Diavoli devono giocare con caschetti di protezione, unico &#8220;ribelle&#8221; Branduardi.<\/p>\n\n\n\n<div class=\"wp-block-image\"><figure class=\"aligncenter size-large\"><img loading=\"lazy\" decoding=\"async\" width=\"457\" height=\"537\" src=\"https:\/\/www.milanosiamonoi.com\/wp-content\/uploads\/2022\/06\/64.11.12-DM-Kitz-7-4-sist.-1.jpg\" alt=\"\" class=\"wp-image-13633\" srcset=\"https:\/\/www.milanosiamonoi.com\/wp-content\/uploads\/2022\/06\/64.11.12-DM-Kitz-7-4-sist.-1.jpg 457w, https:\/\/www.milanosiamonoi.com\/wp-content\/uploads\/2022\/06\/64.11.12-DM-Kitz-7-4-sist.-1-255x300.jpg 255w, https:\/\/www.milanosiamonoi.com\/wp-content\/uploads\/2022\/06\/64.11.12-DM-Kitz-7-4-sist.-1-85x100.jpg 85w, https:\/\/www.milanosiamonoi.com\/wp-content\/uploads\/2022\/06\/64.11.12-DM-Kitz-7-4-sist.-1-43x50.jpg 43w, https:\/\/www.milanosiamonoi.com\/wp-content\/uploads\/2022\/06\/64.11.12-DM-Kitz-7-4-sist.-1-21x25.jpg 21w\" sizes=\"(max-width: 457px) 100vw, 457px\" \/><figcaption><em>Articolo da &#8220;La Gazzetta dello Sport&#8221;.<\/em><\/figcaption><\/figure><\/div>\n\n\n\n<p class=\"has-text-align-center\">Partite di qualificazione al mondiale B con l&#8217;Ungheria, andata a Genova nel nuovissimo impianto inaugurato in ottobre e ritorno a Budapest. Il CT Bestagini e il vice Pustetto sono coadiuvati da Bryan Whittal e Jack Siemon. I Diavoli in azzurro sono Bolla, Brivio, Crotti, Branduardi (solo a Genova per impegni di lavoro), l&#8217;esordiente Paracchini (bagna la prima in azzurro con un gol) e Werner Holzner. <\/p>\n\n\n\n<div class=\"wp-block-image\"><figure class=\"aligncenter size-large\"><img loading=\"lazy\" decoding=\"async\" width=\"600\" height=\"804\" src=\"https:\/\/www.milanosiamonoi.com\/wp-content\/uploads\/2022\/06\/64.11.19-Ita-Ungh-2-3.jpg\" alt=\"\" class=\"wp-image-13635\" srcset=\"https:\/\/www.milanosiamonoi.com\/wp-content\/uploads\/2022\/06\/64.11.19-Ita-Ungh-2-3.jpg 600w, https:\/\/www.milanosiamonoi.com\/wp-content\/uploads\/2022\/06\/64.11.19-Ita-Ungh-2-3-224x300.jpg 224w, https:\/\/www.milanosiamonoi.com\/wp-content\/uploads\/2022\/06\/64.11.19-Ita-Ungh-2-3-75x100.jpg 75w, https:\/\/www.milanosiamonoi.com\/wp-content\/uploads\/2022\/06\/64.11.19-Ita-Ungh-2-3-37x50.jpg 37w, https:\/\/www.milanosiamonoi.com\/wp-content\/uploads\/2022\/06\/64.11.19-Ita-Ungh-2-3-19x25.jpg 19w\" sizes=\"(max-width: 600px) 100vw, 600px\" \/><figcaption><em>Articolo da &#8220;La Gazzetta dello Sport&#8221;.<\/em><\/figcaption><\/figure><\/div>\n\n\n\n<div class=\"wp-block-image\"><figure class=\"aligncenter size-large\"><img loading=\"lazy\" decoding=\"async\" width=\"1024\" height=\"721\" src=\"https:\/\/www.milanosiamonoi.com\/wp-content\/uploads\/2020\/08\/64.11.19-foto-Italia-Ungheria-2-3-Brandina-GPB-1024x721.jpg\" alt=\"1964 Italia-Ungheria a Genova\" class=\"wp-image-1384\" srcset=\"https:\/\/www.milanosiamonoi.com\/wp-content\/uploads\/2020\/08\/64.11.19-foto-Italia-Ungheria-2-3-Brandina-GPB-1024x721.jpg 1024w, https:\/\/www.milanosiamonoi.com\/wp-content\/uploads\/2020\/08\/64.11.19-foto-Italia-Ungheria-2-3-Brandina-GPB-300x211.jpg 300w, https:\/\/www.milanosiamonoi.com\/wp-content\/uploads\/2020\/08\/64.11.19-foto-Italia-Ungheria-2-3-Brandina-GPB-768x541.jpg 768w, https:\/\/www.milanosiamonoi.com\/wp-content\/uploads\/2020\/08\/64.11.19-foto-Italia-Ungheria-2-3-Brandina-GPB-1536x1082.jpg 1536w, https:\/\/www.milanosiamonoi.com\/wp-content\/uploads\/2020\/08\/64.11.19-foto-Italia-Ungheria-2-3-Brandina-GPB-2048x1442.jpg 2048w, https:\/\/www.milanosiamonoi.com\/wp-content\/uploads\/2020\/08\/64.11.19-foto-Italia-Ungheria-2-3-Brandina-GPB-100x70.jpg 100w, https:\/\/www.milanosiamonoi.com\/wp-content\/uploads\/2020\/08\/64.11.19-foto-Italia-Ungheria-2-3-Brandina-GPB-50x35.jpg 50w, https:\/\/www.milanosiamonoi.com\/wp-content\/uploads\/2020\/08\/64.11.19-foto-Italia-Ungheria-2-3-Brandina-GPB-25x18.jpg 25w, https:\/\/www.milanosiamonoi.com\/wp-content\/uploads\/2020\/08\/64.11.19-foto-Italia-Ungheria-2-3-Brandina-GPB-1126x793.jpg 1126w, https:\/\/www.milanosiamonoi.com\/wp-content\/uploads\/2020\/08\/64.11.19-foto-Italia-Ungheria-2-3-Brandina-GPB-740x521.jpg 740w\" sizes=\"(max-width: 1024px) 100vw, 1024px\" \/><figcaption><em>Branduardi in azione  nella partita giocata a Genova.<\/em><\/figcaption><\/figure><\/div>\n\n\n\n<div class=\"wp-block-image\"><figure class=\"aligncenter size-large\"><img loading=\"lazy\" decoding=\"async\" width=\"493\" height=\"494\" src=\"https:\/\/www.milanosiamonoi.com\/wp-content\/uploads\/2022\/06\/64.11.26-Ungh-Ita-2-2.jpg\" alt=\"\" class=\"wp-image-13638\" srcset=\"https:\/\/www.milanosiamonoi.com\/wp-content\/uploads\/2022\/06\/64.11.26-Ungh-Ita-2-2.jpg 493w, https:\/\/www.milanosiamonoi.com\/wp-content\/uploads\/2022\/06\/64.11.26-Ungh-Ita-2-2-300x300.jpg 300w, https:\/\/www.milanosiamonoi.com\/wp-content\/uploads\/2022\/06\/64.11.26-Ungh-Ita-2-2-150x150.jpg 150w, https:\/\/www.milanosiamonoi.com\/wp-content\/uploads\/2022\/06\/64.11.26-Ungh-Ita-2-2-100x100.jpg 100w, https:\/\/www.milanosiamonoi.com\/wp-content\/uploads\/2022\/06\/64.11.26-Ungh-Ita-2-2-50x50.jpg 50w, https:\/\/www.milanosiamonoi.com\/wp-content\/uploads\/2022\/06\/64.11.26-Ungh-Ita-2-2-25x25.jpg 25w, https:\/\/www.milanosiamonoi.com\/wp-content\/uploads\/2022\/06\/64.11.26-Ungh-Ita-2-2-90x90.jpg 90w\" sizes=\"(max-width: 493px) 100vw, 493px\" \/><figcaption><em>Articolo da &#8220;La Gazzetta dello Sport&#8221;.<\/em><\/figcaption><\/figure><\/div>\n\n\n\n<p class=\"has-text-align-center\">Il giorno prima del retour match in Ungheria Genova &#8220;ritrova&#8221; l&#8217;hockey su ghiaccio grazie a un&#8217;amichevole tra Bolzano e Diavoli Milano, le due squadre sono ovviamente prive dei nazionali.<\/p>\n\n\n\n<div class=\"wp-block-image\"><figure class=\"aligncenter size-large\"><img loading=\"lazy\" decoding=\"async\" width=\"362\" height=\"403\" src=\"https:\/\/www.milanosiamonoi.com\/wp-content\/uploads\/2022\/06\/64.11.25-Bz-DM-4-2-Genova.jpg\" alt=\"\" class=\"wp-image-13646\" srcset=\"https:\/\/www.milanosiamonoi.com\/wp-content\/uploads\/2022\/06\/64.11.25-Bz-DM-4-2-Genova.jpg 362w, https:\/\/www.milanosiamonoi.com\/wp-content\/uploads\/2022\/06\/64.11.25-Bz-DM-4-2-Genova-269x300.jpg 269w, https:\/\/www.milanosiamonoi.com\/wp-content\/uploads\/2022\/06\/64.11.25-Bz-DM-4-2-Genova-90x100.jpg 90w, https:\/\/www.milanosiamonoi.com\/wp-content\/uploads\/2022\/06\/64.11.25-Bz-DM-4-2-Genova-45x50.jpg 45w, https:\/\/www.milanosiamonoi.com\/wp-content\/uploads\/2022\/06\/64.11.25-Bz-DM-4-2-Genova-22x25.jpg 22w\" sizes=\"(max-width: 362px) 100vw, 362px\" \/><figcaption><em>Da &#8220;La Gazzetta dello Sport&#8221;.<\/em><\/figcaption><\/figure><\/div>\n\n\n\n<p class=\"has-text-align-center\">Ultime amichevoli prima dell&#8217;inizio del massimo campionato, un paio in Francia contro formazioni colme di rinforzi e una a Torino. I piemontesi con ridotte possibilit\u00e0 finanziarie hanno rinunciato alla serie A: &#8211;<em>Per giocare in evidente stato di inferiorit\u00e0 con avversarie che schierano canadesi di valore e prendere batoste da tutti come lo scorso anno, meglio giocare in serie B-.<\/em><\/p>\n\n\n\n<figure class=\"wp-block-table aligncenter\"><table><tbody><tr><td class=\"has-text-align-center\" data-align=\"center\"><strong>1964<\/strong><\/td><td class=\"has-text-align-center\" data-align=\"center\"><strong>Partite amichevoli<\/strong><\/td><td class=\"has-text-align-center\" data-align=\"center\">Risultato<\/td><\/tr><tr><td class=\"has-text-align-center\" data-align=\"center\">5 dicembre<\/td><td class=\"has-text-align-center\" data-align=\"center\">Grenoble-Diavoli Milano<\/td><td class=\"has-text-align-center\" data-align=\"center\">7-7<\/td><\/tr><tr><td class=\"has-text-align-center\" data-align=\"center\">6 dicembre<\/td><td class=\"has-text-align-center\" data-align=\"center\">Villard de Lans-Diavoli Milano<\/td><td class=\"has-text-align-center\" data-align=\"center\">6-1<\/td><\/tr><tr><td class=\"has-text-align-center\" data-align=\"center\">17 dicembre<\/td><td class=\"has-text-align-center\" data-align=\"center\">Torino-Diavoli Milano<\/td><td class=\"has-text-align-center\" data-align=\"center\">4-14 (0-4; 2-6; 2-4)<\/td><\/tr><\/tbody><\/table><\/figure>\n\n\n\n<div class=\"wp-block-image\"><figure class=\"aligncenter size-large\"><img loading=\"lazy\" decoding=\"async\" width=\"692\" height=\"497\" src=\"https:\/\/www.milanosiamonoi.com\/wp-content\/uploads\/2022\/06\/64.12.18-vertenza-DM-giovani.jpg\" alt=\"\" class=\"wp-image-13653\" srcset=\"https:\/\/www.milanosiamonoi.com\/wp-content\/uploads\/2022\/06\/64.12.18-vertenza-DM-giovani.jpg 692w, https:\/\/www.milanosiamonoi.com\/wp-content\/uploads\/2022\/06\/64.12.18-vertenza-DM-giovani-300x215.jpg 300w, https:\/\/www.milanosiamonoi.com\/wp-content\/uploads\/2022\/06\/64.12.18-vertenza-DM-giovani-100x72.jpg 100w, https:\/\/www.milanosiamonoi.com\/wp-content\/uploads\/2022\/06\/64.12.18-vertenza-DM-giovani-50x36.jpg 50w, https:\/\/www.milanosiamonoi.com\/wp-content\/uploads\/2022\/06\/64.12.18-vertenza-DM-giovani-25x18.jpg 25w\" sizes=\"(max-width: 692px) 100vw, 692px\" \/><figcaption><em>Articolo da &#8220;La Gazzetta dello Sport&#8221;.<\/em><\/figcaption><\/figure><\/div>\n\n\n\n<p class=\"has-text-align-center\">La controversia tra CD e giovani della prima squadra alla vigilia della prima di campionato fa precipitare i Diavoli in piena emergenza, a Bolzano rientrano clamorosamente in pista Giancarlo Agazzi e Mario Bedogni!<\/p>\n\n\n\n<figure class=\"wp-block-table aligncenter\"><table><tbody><tr><td><strong>Squadra<\/strong><\/td><td><strong>Stranieri<\/strong><\/td><\/tr><tr><td>Alleghe Sanson<\/td><td>Bruce Beattie<\/td><\/tr><tr><td>Bolzano<\/td><td>Alfredo Coletti, Carlo Longarini, Gene Rebellato<\/td><\/tr><tr><td>Cortina Rex<\/td><td>Jack Siemon<\/td><\/tr><tr><td>Diavoli Milano<\/td><td>George Goodacre, Bryan Whittal<\/td><\/tr><tr><td>Ortisei<\/td><td>Don Busch<\/td><\/tr><tr><td>SSV Bozen<\/td><td>Neil Cockburn, Carmine Tucci<\/td><\/tr><\/tbody><\/table><\/figure>\n\n\n\n<div class=\"wp-block-image\"><figure class=\"aligncenter size-large is-resized\"><img loading=\"lazy\" decoding=\"async\" src=\"https:\/\/www.milanosiamonoi.com\/wp-content\/uploads\/2022\/06\/64.12.19-A-Bz-DM-7-5.jpg\" alt=\"\" class=\"wp-image-13652\" width=\"566\" height=\"585\" srcset=\"https:\/\/www.milanosiamonoi.com\/wp-content\/uploads\/2022\/06\/64.12.19-A-Bz-DM-7-5.jpg 762w, https:\/\/www.milanosiamonoi.com\/wp-content\/uploads\/2022\/06\/64.12.19-A-Bz-DM-7-5-290x300.jpg 290w, https:\/\/www.milanosiamonoi.com\/wp-content\/uploads\/2022\/06\/64.12.19-A-Bz-DM-7-5-97x100.jpg 97w, https:\/\/www.milanosiamonoi.com\/wp-content\/uploads\/2022\/06\/64.12.19-A-Bz-DM-7-5-48x50.jpg 48w, https:\/\/www.milanosiamonoi.com\/wp-content\/uploads\/2022\/06\/64.12.19-A-Bz-DM-7-5-25x25.jpg 25w, https:\/\/www.milanosiamonoi.com\/wp-content\/uploads\/2022\/06\/64.12.19-A-Bz-DM-7-5-740x766.jpg 740w\" sizes=\"(max-width: 566px) 100vw, 566px\" \/><figcaption><em>Articolo da &#8220;La Gazzetta dello Sport&#8221;.<\/em><\/figcaption><\/figure><\/div>\n\n\n\n<p class=\"has-text-align-center\">Pur con pochi giocatori a disposizione si parte per un tour di partite in Svizzera, Germania e Francia. Al gruppo si unisce il canadese Kinasevich, amico di Goodacre, in Europa grazie a borsa di studio.<\/p>\n\n\n\n<figure class=\"wp-block-table aligncenter\"><table><tbody><tr><td class=\"has-text-align-center\" data-align=\"center\"><strong>1964<\/strong><\/td><td class=\"has-text-align-center\" data-align=\"center\"><strong>Partite amichevoli<\/strong><\/td><td class=\"has-text-align-center\" data-align=\"center\">Risultato<\/td><\/tr><tr><td class=\"has-text-align-center\" data-align=\"center\">22 dicembre<\/td><td class=\"has-text-align-center\" data-align=\"center\">Lugano-Diavoli Milano<\/td><td class=\"has-text-align-center\" data-align=\"center\">5-11 (0-2; 1-5; 4-4)<\/td><\/tr><tr><td class=\"has-text-align-center\" data-align=\"center\">27 dicembre<\/td><td class=\"has-text-align-center\" data-align=\"center\">RCAF Zweibrucken-Diavoli Milano<\/td><td class=\"has-text-align-center\" data-align=\"center\">6-6<\/td><\/tr><tr><td class=\"has-text-align-center\" data-align=\"center\">28 dicembre<\/td><td class=\"has-text-align-center\" data-align=\"center\">RCAF Marville-Diavoli Milano<\/td><td class=\"has-text-align-center\" data-align=\"center\">2-12<\/td><\/tr><tr><td class=\"has-text-align-center\" data-align=\"center\">30 dicembre<\/td><td class=\"has-text-align-center\" data-align=\"center\">RCAF Baden\/Solingen-Diavoli Milano<\/td><td class=\"has-text-align-center\" data-align=\"center\">10-10 (7-3; 2-4; 1-3)<\/td><\/tr><\/tbody><\/table><\/figure>\n\n\n\n<p class=\"has-text-align-center\">Nella partita di Marville Bolla conclude il match nonostante forti dolori alla schiena. A Baden gioca solo il primo tempo e poi lascia il posto a un portiere canadese. Nel frattempo si risolve positivamente la querelle dirigenza\/giovani, tutti riprendono gli allenamenti per tornare in pista in campionato a Cortina e Alleghe.<\/p>\n\n\n\n<div class=\"wp-block-image\"><figure class=\"aligncenter size-large\"><img loading=\"lazy\" decoding=\"async\" width=\"1024\" height=\"773\" src=\"https:\/\/www.milanosiamonoi.com\/wp-content\/uploads\/2022\/06\/65.01.05e06-Cort-DM-e-All-DM-1024x773.jpg\" alt=\"\" class=\"wp-image-13669\" srcset=\"https:\/\/www.milanosiamonoi.com\/wp-content\/uploads\/2022\/06\/65.01.05e06-Cort-DM-e-All-DM-1024x773.jpg 1024w, https:\/\/www.milanosiamonoi.com\/wp-content\/uploads\/2022\/06\/65.01.05e06-Cort-DM-e-All-DM-300x227.jpg 300w, https:\/\/www.milanosiamonoi.com\/wp-content\/uploads\/2022\/06\/65.01.05e06-Cort-DM-e-All-DM-768x580.jpg 768w, https:\/\/www.milanosiamonoi.com\/wp-content\/uploads\/2022\/06\/65.01.05e06-Cort-DM-e-All-DM-100x76.jpg 100w, https:\/\/www.milanosiamonoi.com\/wp-content\/uploads\/2022\/06\/65.01.05e06-Cort-DM-e-All-DM-50x38.jpg 50w, https:\/\/www.milanosiamonoi.com\/wp-content\/uploads\/2022\/06\/65.01.05e06-Cort-DM-e-All-DM-25x19.jpg 25w, https:\/\/www.milanosiamonoi.com\/wp-content\/uploads\/2022\/06\/65.01.05e06-Cort-DM-e-All-DM-740x559.jpg 740w, https:\/\/www.milanosiamonoi.com\/wp-content\/uploads\/2022\/06\/65.01.05e06-Cort-DM-e-All-DM.jpg 1034w\" sizes=\"(max-width: 1024px) 100vw, 1024px\" \/><figcaption><em>Da &#8220;La Gazzetta dello Sport&#8221;.<\/em><\/figcaption><\/figure><\/div>\n\n\n\n<p class=\"has-text-align-center\">Tre partite, un punto, ultimo posto in classifica, ma l&#8217;Alleghe prende due punti a Cortina a tavolino perch\u00e9 gli ampezzani hanno schierato un tesserato dell&#8217;Amatori Cortina. Si complica il cammino verso il girone finale a tre. A Milano arrivano i ceki del Gottwaldov, evento da ripresa TV (2\u00b0 e 3\u00b0  periodo in diretta). Al canadese Kinasevich, ottimo attaccante,  si uniscono i bolzanini Longarini e Rebellato. Assente Brivio.<\/p>\n\n\n\n<div class=\"wp-block-image\"><figure class=\"aligncenter size-large\"><img loading=\"lazy\" decoding=\"async\" width=\"467\" height=\"763\" src=\"https:\/\/www.milanosiamonoi.com\/wp-content\/uploads\/2022\/06\/65.01.07-DM-Gott-4-6-e1654676618606.jpg\" alt=\"\" class=\"wp-image-13673\" srcset=\"https:\/\/www.milanosiamonoi.com\/wp-content\/uploads\/2022\/06\/65.01.07-DM-Gott-4-6-e1654676618606.jpg 467w, https:\/\/www.milanosiamonoi.com\/wp-content\/uploads\/2022\/06\/65.01.07-DM-Gott-4-6-e1654676618606-184x300.jpg 184w, https:\/\/www.milanosiamonoi.com\/wp-content\/uploads\/2022\/06\/65.01.07-DM-Gott-4-6-e1654676618606-61x100.jpg 61w, https:\/\/www.milanosiamonoi.com\/wp-content\/uploads\/2022\/06\/65.01.07-DM-Gott-4-6-e1654676618606-31x50.jpg 31w, https:\/\/www.milanosiamonoi.com\/wp-content\/uploads\/2022\/06\/65.01.07-DM-Gott-4-6-e1654676618606-15x25.jpg 15w\" sizes=\"(max-width: 467px) 100vw, 467px\" \/><figcaption><em>Articolo da &#8220;La Gazzetta dello Sport&#8221;.<\/em><\/figcaption><\/figure><\/div>\n\n\n\n<p class=\"has-text-align-center\">Per il CD Brivio \u00e8 un assente ingiustificato, ma il giocatore ha saltato allenamenti e partita a causa di un&#8217;emorragia nasale, il medico sociale dott. Bonomi gli ha prescritto riposo assoluto: nelle comunicazioni interne qualcosa non funziona a dovere. Prima di rituffarsi nel campionato il programma prevede una puntatina a Bolzano per giocarsi la Coppa Carlsberg con Coletti e compagnia. Kinasevich non c&#8217;\u00e8 pi\u00f9, assenti Brivio, Branduardi, Crotti e Paracchini. Impossibilitati per impegni di lavoro anche Agazzi e Bedogni. Davanti alla gabbia parte Radaelli, negli altri due tempi gli subentra l&#8217;italo-canadese Gaetano Diodato, in Europa in cerca d&#8217;ingaggio.<\/p>\n\n\n\n<figure class=\"wp-block-table aligncenter\"><table><tbody><tr><td class=\"has-text-align-center\" data-align=\"center\"><strong>1965<\/strong><\/td><td class=\"has-text-align-center\" data-align=\"center\"><strong>Bolzano &#8211; Carlsberg Cup<\/strong><\/td><td class=\"has-text-align-center\" data-align=\"center\">Risultato<\/td><\/tr><tr><td class=\"has-text-align-center\" data-align=\"center\">12 gennaio<\/td><td class=\"has-text-align-center\" data-align=\"center\">Bolzano-Diavoli Milano<\/td><td class=\"has-text-align-center\" data-align=\"center\">12-3 (5-2; 3-0; 4-1) <\/td><\/tr><\/tbody><\/table><\/figure>\n\n\n\n<p class=\"has-text-align-center\">Ai Diavoli restano da giocare sette partite, la qualificazione alla fase finale \u00e8 possibile, ma alle due tradizionali rivali (Cortina e Bolzano) si \u00e8 aggiunto un Ortisei sempre pi\u00f9 competitivo, tantoch\u00e9 i gardenesi si sono tolti la soddisfazione di espugnare l&#8217;Olimpico. <\/p>\n\n\n\n<figure class=\"wp-block-table aligncenter\"><table><tbody><tr><td class=\"has-text-align-center\" data-align=\"center\"><strong>1965<\/strong><\/td><td class=\"has-text-align-center\" data-align=\"center\"><strong>Campionato italiano<\/strong><\/td><td class=\"has-text-align-center\" data-align=\"center\">Risultato<\/td><\/tr><tr><td class=\"has-text-align-center\" data-align=\"center\">14 gennaio<\/td><td class=\"has-text-align-center\" data-align=\"center\">Diavoli Milano-SSV Bozen<\/td><td class=\"has-text-align-center\" data-align=\"center\">9-6 (3-2; 2-2; 4-2)<\/td><\/tr><tr><td class=\"has-text-align-center\" data-align=\"center\">21 gennaio<\/td><td class=\"has-text-align-center\" data-align=\"center\">Diavoli Milano-Ortisei<\/td><td class=\"has-text-align-center\" data-align=\"center\">5-5 (1-2; 1-0; 3-3)<\/td><\/tr><\/tbody><\/table><\/figure>\n\n\n\n<div class=\"wp-block-image\"><figure class=\"aligncenter size-large is-resized\"><img loading=\"lazy\" decoding=\"async\" src=\"https:\/\/www.milanosiamonoi.com\/wp-content\/uploads\/2022\/07\/65.01.21-foto-DM-Orte-Bedogni-e-Rabanser-B.Bedogni.png\" alt=\"\" class=\"wp-image-14183\" width=\"562\" height=\"458\" srcset=\"https:\/\/www.milanosiamonoi.com\/wp-content\/uploads\/2022\/07\/65.01.21-foto-DM-Orte-Bedogni-e-Rabanser-B.Bedogni.png 776w, https:\/\/www.milanosiamonoi.com\/wp-content\/uploads\/2022\/07\/65.01.21-foto-DM-Orte-Bedogni-e-Rabanser-B.Bedogni-300x245.png 300w, https:\/\/www.milanosiamonoi.com\/wp-content\/uploads\/2022\/07\/65.01.21-foto-DM-Orte-Bedogni-e-Rabanser-B.Bedogni-768x627.png 768w, https:\/\/www.milanosiamonoi.com\/wp-content\/uploads\/2022\/07\/65.01.21-foto-DM-Orte-Bedogni-e-Rabanser-B.Bedogni-100x82.png 100w, https:\/\/www.milanosiamonoi.com\/wp-content\/uploads\/2022\/07\/65.01.21-foto-DM-Orte-Bedogni-e-Rabanser-B.Bedogni-50x41.png 50w, https:\/\/www.milanosiamonoi.com\/wp-content\/uploads\/2022\/07\/65.01.21-foto-DM-Orte-Bedogni-e-Rabanser-B.Bedogni-25x20.png 25w, https:\/\/www.milanosiamonoi.com\/wp-content\/uploads\/2022\/07\/65.01.21-foto-DM-Orte-Bedogni-e-Rabanser-B.Bedogni-740x605.png 740w\" sizes=\"(max-width: 562px) 100vw, 562px\" \/><figcaption><em>Diavoli-Ortisei 5-5: Bedogni e Rabanser nell&#8217;angolo.<\/em><\/figcaption><\/figure><\/div>\n\n\n\n<figure class=\"wp-block-table aligncenter\"><table><tbody><tr><td class=\"has-text-align-center\" data-align=\"center\"><strong>1965<\/strong><\/td><td class=\"has-text-align-center\" data-align=\"center\"><strong>Campionato italiano<\/strong><\/td><td class=\"has-text-align-center\" data-align=\"center\">Risultato<\/td><\/tr><tr><td class=\"has-text-align-center\" data-align=\"center\">23 gennaio<\/td><td class=\"has-text-align-center\" data-align=\"center\">SSV Bozen-Diavoli Milano<\/td><td class=\"has-text-align-center\" data-align=\"center\">1-6 (1-2; 0-2; 0-2)<\/td><\/tr><tr><td class=\"has-text-align-center\" data-align=\"center\">28 gennaio<\/td><td class=\"has-text-align-center\" data-align=\"center\">Diavoli Milano-Cortina<\/td><td class=\"has-text-align-center\" data-align=\"center\">3-4 (1-2; 1-0; 1-2)<\/td><\/tr><\/tbody><\/table><\/figure>\n\n\n\n<div class=\"wp-block-image\"><figure class=\"aligncenter size-large\"><img loading=\"lazy\" decoding=\"async\" width=\"242\" height=\"555\" src=\"https:\/\/www.milanosiamonoi.com\/wp-content\/uploads\/2022\/06\/65.01.28-A-DM-Cort-3-4-a-Copia.jpg\" alt=\"\" class=\"wp-image-13687\" srcset=\"https:\/\/www.milanosiamonoi.com\/wp-content\/uploads\/2022\/06\/65.01.28-A-DM-Cort-3-4-a-Copia.jpg 242w, https:\/\/www.milanosiamonoi.com\/wp-content\/uploads\/2022\/06\/65.01.28-A-DM-Cort-3-4-a-Copia-131x300.jpg 131w, https:\/\/www.milanosiamonoi.com\/wp-content\/uploads\/2022\/06\/65.01.28-A-DM-Cort-3-4-a-Copia-44x100.jpg 44w, https:\/\/www.milanosiamonoi.com\/wp-content\/uploads\/2022\/06\/65.01.28-A-DM-Cort-3-4-a-Copia-22x50.jpg 22w, https:\/\/www.milanosiamonoi.com\/wp-content\/uploads\/2022\/06\/65.01.28-A-DM-Cort-3-4-a-Copia-11x25.jpg 11w\" sizes=\"(max-width: 242px) 100vw, 242px\" \/><figcaption><em>Da &#8220;La Gazzetta dello Sport&#8221;.<\/em><\/figcaption><\/figure><\/div>\n\n\n\n<figure class=\"wp-block-table aligncenter\"><table><tbody><tr><td class=\"has-text-align-center\" data-align=\"center\"><strong>1965<\/strong><\/td><td class=\"has-text-align-center\" data-align=\"center\"><strong>Campionato italiano<\/strong><\/td><td class=\"has-text-align-center\" data-align=\"center\">Risultato<\/td><\/tr><tr><td class=\"has-text-align-center\" data-align=\"center\">4 febbraio<\/td><td class=\"has-text-align-center\" data-align=\"center\">Diavoli Milano-Bolzano<\/td><td class=\"has-text-align-center\" data-align=\"center\">3-6 (0-0; 2-5; 1-1)<\/td><\/tr><tr><td class=\"has-text-align-center\" data-align=\"center\">7 febbraio<\/td><td class=\"has-text-align-center\" data-align=\"center\">Ortisei-Diavoli Milano<\/td><td class=\"has-text-align-center\" data-align=\"center\">3-1 (0-0; 0-0; 3-1)<\/td><\/tr><\/tbody><\/table><\/figure>\n\n\n\n<p class=\"has-text-align-center\">  <\/p>\n\n\n\n<div class=\"wp-block-image\"><figure class=\"aligncenter size-large\"><img loading=\"lazy\" decoding=\"async\" width=\"359\" height=\"98\" src=\"https:\/\/www.milanosiamonoi.com\/wp-content\/uploads\/2022\/06\/65.02.04-A-DM-Bz-3-6.jpg\" alt=\"\" class=\"wp-image-13688\" srcset=\"https:\/\/www.milanosiamonoi.com\/wp-content\/uploads\/2022\/06\/65.02.04-A-DM-Bz-3-6.jpg 359w, https:\/\/www.milanosiamonoi.com\/wp-content\/uploads\/2022\/06\/65.02.04-A-DM-Bz-3-6-300x82.jpg 300w, https:\/\/www.milanosiamonoi.com\/wp-content\/uploads\/2022\/06\/65.02.04-A-DM-Bz-3-6-100x27.jpg 100w, https:\/\/www.milanosiamonoi.com\/wp-content\/uploads\/2022\/06\/65.02.04-A-DM-Bz-3-6-50x14.jpg 50w, https:\/\/www.milanosiamonoi.com\/wp-content\/uploads\/2022\/06\/65.02.04-A-DM-Bz-3-6-25x7.jpg 25w\" sizes=\"(max-width: 359px) 100vw, 359px\" \/><\/figure><\/div>\n\n\n\n<div class=\"wp-block-image\"><figure class=\"aligncenter size-large is-resized\"><img loading=\"lazy\" decoding=\"async\" src=\"https:\/\/www.milanosiamonoi.com\/wp-content\/uploads\/2022\/06\/65.02.07-A-Ort-DM-3-1.jpg\" alt=\"\" class=\"wp-image-13689\" width=\"363\" height=\"723\" srcset=\"https:\/\/www.milanosiamonoi.com\/wp-content\/uploads\/2022\/06\/65.02.07-A-Ort-DM-3-1.jpg 414w, https:\/\/www.milanosiamonoi.com\/wp-content\/uploads\/2022\/06\/65.02.07-A-Ort-DM-3-1-151x300.jpg 151w, https:\/\/www.milanosiamonoi.com\/wp-content\/uploads\/2022\/06\/65.02.07-A-Ort-DM-3-1-50x100.jpg 50w, https:\/\/www.milanosiamonoi.com\/wp-content\/uploads\/2022\/06\/65.02.07-A-Ort-DM-3-1-25x50.jpg 25w, https:\/\/www.milanosiamonoi.com\/wp-content\/uploads\/2022\/06\/65.02.07-A-Ort-DM-3-1-13x25.jpg 13w\" sizes=\"(max-width: 363px) 100vw, 363px\" \/><figcaption><em>Articolo da &#8220;La Gazzetta dello Sport&#8221;.<\/em><\/figcaption><\/figure><\/div>\n\n\n\n<p class=\"has-text-align-center\">La sconfitta subita con il Bolzano sancisce l&#8217;eliminazione dei Diavoli: fuori dalla fase finale. Combattutissima la gara di Ortisei, alla fine la spuntano i ragazzi di Don Busch. Come nelle annate precedenti i gardenesi pagheranno nell&#8217;ultima parte della stagione la mancanza di un impianto ad hoc, buon per loro l&#8217;approvazione del progetto per dotare Ortisei di una pista artificiale. Per i Diavoli ultima di serie A al Palazzo con l&#8217;Alleghe.<\/p>\n\n\n\n<div class=\"wp-block-image\"><figure class=\"aligncenter size-large is-resized\"><img loading=\"lazy\" decoding=\"async\" src=\"https:\/\/www.milanosiamonoi.com\/wp-content\/uploads\/2022\/06\/65.02.11-A-DM-Alle-8-7.jpg\" alt=\"\" class=\"wp-image-13695\" width=\"527\" height=\"643\" srcset=\"https:\/\/www.milanosiamonoi.com\/wp-content\/uploads\/2022\/06\/65.02.11-A-DM-Alle-8-7.jpg 573w, https:\/\/www.milanosiamonoi.com\/wp-content\/uploads\/2022\/06\/65.02.11-A-DM-Alle-8-7-246x300.jpg 246w, https:\/\/www.milanosiamonoi.com\/wp-content\/uploads\/2022\/06\/65.02.11-A-DM-Alle-8-7-82x100.jpg 82w, https:\/\/www.milanosiamonoi.com\/wp-content\/uploads\/2022\/06\/65.02.11-A-DM-Alle-8-7-41x50.jpg 41w, https:\/\/www.milanosiamonoi.com\/wp-content\/uploads\/2022\/06\/65.02.11-A-DM-Alle-8-7-20x25.jpg 20w\" sizes=\"(max-width: 527px) 100vw, 527px\" \/><figcaption><em>Articolo da &#8220;La Gazzetta dello Sport&#8221;.<\/em><\/figcaption><\/figure><\/div>\n\n\n\n<div class=\"wp-block-image\"><figure class=\"aligncenter size-large is-resized\"><img loading=\"lazy\" decoding=\"async\" src=\"https:\/\/www.milanosiamonoi.com\/wp-content\/uploads\/2022\/06\/65.04.10-A-quadri-camp.-Copia-753x1024.jpg\" alt=\"\" class=\"wp-image-13700\" width=\"492\" height=\"669\" srcset=\"https:\/\/www.milanosiamonoi.com\/wp-content\/uploads\/2022\/06\/65.04.10-A-quadri-camp.-Copia-753x1024.jpg 753w, https:\/\/www.milanosiamonoi.com\/wp-content\/uploads\/2022\/06\/65.04.10-A-quadri-camp.-Copia-221x300.jpg 221w, https:\/\/www.milanosiamonoi.com\/wp-content\/uploads\/2022\/06\/65.04.10-A-quadri-camp.-Copia-768x1045.jpg 768w, https:\/\/www.milanosiamonoi.com\/wp-content\/uploads\/2022\/06\/65.04.10-A-quadri-camp.-Copia-74x100.jpg 74w, https:\/\/www.milanosiamonoi.com\/wp-content\/uploads\/2022\/06\/65.04.10-A-quadri-camp.-Copia-37x50.jpg 37w, https:\/\/www.milanosiamonoi.com\/wp-content\/uploads\/2022\/06\/65.04.10-A-quadri-camp.-Copia-18x25.jpg 18w, https:\/\/www.milanosiamonoi.com\/wp-content\/uploads\/2022\/06\/65.04.10-A-quadri-camp.-Copia-740x1007.jpg 740w, https:\/\/www.milanosiamonoi.com\/wp-content\/uploads\/2022\/06\/65.04.10-A-quadri-camp.-Copia.jpg 827w\" sizes=\"(max-width: 492px) 100vw, 492px\" \/><\/figure><\/div>\n\n\n\n<p class=\"has-text-align-center\">Torna sulla scena la Nazionale, due partite con la Jugoslavia che si prepara al mondiale gruppo B. Jugoslavia che negli ultimi anni ha fatto molti passi in avanti grazie alla costruzione di otto piste artificiali. Branduardi, Crotti e Paracchini i convocati milanesi. Si gioca a Milano e Jesenice.<\/p>\n\n\n\n<div class=\"wp-block-image\"><figure class=\"aligncenter size-large is-resized\"><img loading=\"lazy\" decoding=\"async\" src=\"https:\/\/www.milanosiamonoi.com\/wp-content\/uploads\/2022\/06\/65.02.24-Ita-Jugo-8-4.jpg\" alt=\"\" class=\"wp-image-13696\" width=\"533\" height=\"582\" srcset=\"https:\/\/www.milanosiamonoi.com\/wp-content\/uploads\/2022\/06\/65.02.24-Ita-Jugo-8-4.jpg 595w, https:\/\/www.milanosiamonoi.com\/wp-content\/uploads\/2022\/06\/65.02.24-Ita-Jugo-8-4-274x300.jpg 274w, https:\/\/www.milanosiamonoi.com\/wp-content\/uploads\/2022\/06\/65.02.24-Ita-Jugo-8-4-91x100.jpg 91w, https:\/\/www.milanosiamonoi.com\/wp-content\/uploads\/2022\/06\/65.02.24-Ita-Jugo-8-4-46x50.jpg 46w, https:\/\/www.milanosiamonoi.com\/wp-content\/uploads\/2022\/06\/65.02.24-Ita-Jugo-8-4-23x25.jpg 23w\" sizes=\"(max-width: 533px) 100vw, 533px\" \/><figcaption><em>Articolo da &#8220;La Gazzetta dello Sport&#8221;.<\/em><\/figcaption><\/figure><\/div>\n\n\n\n<p class=\"has-text-align-center\">Negli stessi giorni il CIO avanza l&#8217;ipotesi di esclusione dai Giochi olimpici per lo sci e soprattutto per l&#8217;hockey su ghiaccio, ritenuto sempre pi\u00f9 uno sport professionistico.<\/p>\n\n\n\n<div class=\"wp-block-image\"><figure class=\"aligncenter size-large\"><img loading=\"lazy\" decoding=\"async\" width=\"491\" height=\"318\" src=\"https:\/\/www.milanosiamonoi.com\/wp-content\/uploads\/2022\/06\/65.02.26-hockey-addio-Olimpiadi....jpg\" alt=\"\" class=\"wp-image-13697\" srcset=\"https:\/\/www.milanosiamonoi.com\/wp-content\/uploads\/2022\/06\/65.02.26-hockey-addio-Olimpiadi....jpg 491w, https:\/\/www.milanosiamonoi.com\/wp-content\/uploads\/2022\/06\/65.02.26-hockey-addio-Olimpiadi...-300x194.jpg 300w, https:\/\/www.milanosiamonoi.com\/wp-content\/uploads\/2022\/06\/65.02.26-hockey-addio-Olimpiadi...-100x65.jpg 100w, https:\/\/www.milanosiamonoi.com\/wp-content\/uploads\/2022\/06\/65.02.26-hockey-addio-Olimpiadi...-50x32.jpg 50w, https:\/\/www.milanosiamonoi.com\/wp-content\/uploads\/2022\/06\/65.02.26-hockey-addio-Olimpiadi...-25x16.jpg 25w\" sizes=\"(max-width: 491px) 100vw, 491px\" \/><figcaption><em>Articolo da &#8220;La Gazzetta dello Sport&#8221;.<\/em><\/figcaption><\/figure><\/div>\n\n\n\n<div class=\"wp-block-image\"><figure class=\"aligncenter size-large\"><img loading=\"lazy\" decoding=\"async\" width=\"614\" height=\"436\" src=\"https:\/\/www.milanosiamonoi.com\/wp-content\/uploads\/2022\/06\/65.02.26-Jugo-Ita-4-5.jpg\" alt=\"\" class=\"wp-image-13698\" srcset=\"https:\/\/www.milanosiamonoi.com\/wp-content\/uploads\/2022\/06\/65.02.26-Jugo-Ita-4-5.jpg 614w, https:\/\/www.milanosiamonoi.com\/wp-content\/uploads\/2022\/06\/65.02.26-Jugo-Ita-4-5-300x213.jpg 300w, https:\/\/www.milanosiamonoi.com\/wp-content\/uploads\/2022\/06\/65.02.26-Jugo-Ita-4-5-100x71.jpg 100w, https:\/\/www.milanosiamonoi.com\/wp-content\/uploads\/2022\/06\/65.02.26-Jugo-Ita-4-5-50x36.jpg 50w, https:\/\/www.milanosiamonoi.com\/wp-content\/uploads\/2022\/06\/65.02.26-Jugo-Ita-4-5-25x18.jpg 25w\" sizes=\"(max-width: 614px) 100vw, 614px\" \/><figcaption><em>Articolo da &#8220;La Gazzetta dello Sport&#8221;.<\/em><\/figcaption><\/figure><\/div>\n\n\n\n<p class=\"has-text-align-center\">La stagione dei Diavoli si chiude ospitando al Piranesi i russi del Chimik Voskresensk, rinforzi a iosa: Viale, Coletti, Longarini, Rebellato (Bolzano) e Bruce Beattie (Alleghe). Prima partita, seppure da rinforzo, di Franco Viale in biancorosso, destinato ha diventare una colonna insostituibile dei Diavoli HC Milano e della Nazionale.<\/p>\n\n\n\n<div class=\"wp-block-image\"><figure class=\"aligncenter size-large\"><img loading=\"lazy\" decoding=\"async\" width=\"479\" height=\"638\" src=\"https:\/\/www.milanosiamonoi.com\/wp-content\/uploads\/2022\/06\/65.03.08-DM-Chimik-2-4.jpg\" alt=\"\" class=\"wp-image-13699\" srcset=\"https:\/\/www.milanosiamonoi.com\/wp-content\/uploads\/2022\/06\/65.03.08-DM-Chimik-2-4.jpg 479w, https:\/\/www.milanosiamonoi.com\/wp-content\/uploads\/2022\/06\/65.03.08-DM-Chimik-2-4-225x300.jpg 225w, https:\/\/www.milanosiamonoi.com\/wp-content\/uploads\/2022\/06\/65.03.08-DM-Chimik-2-4-75x100.jpg 75w, https:\/\/www.milanosiamonoi.com\/wp-content\/uploads\/2022\/06\/65.03.08-DM-Chimik-2-4-38x50.jpg 38w, https:\/\/www.milanosiamonoi.com\/wp-content\/uploads\/2022\/06\/65.03.08-DM-Chimik-2-4-19x25.jpg 19w\" sizes=\"(max-width: 479px) 100vw, 479px\" \/><figcaption><em>Articolo da &#8220;La Gazzetta dello Sport&#8221;.<\/em><\/figcaption><\/figure><\/div>\n\n\n\n<figure class=\"wp-block-table aligncenter\"><table><tbody><tr><td><strong>Classifica marcatori stagionali Diavoli Milano<\/strong><\/td><td class=\"has-text-align-center\" data-align=\"center\">Reti<\/td><\/tr><tr><td>Bryan Whittal (23 presenze)<\/td><td class=\"has-text-align-center\" data-align=\"center\">38<\/td><\/tr><tr><td>Giampiero Branduardi (22)<\/td><td class=\"has-text-align-center\" data-align=\"center\">27<\/td><\/tr><tr><td>Tino Crotti (25)<\/td><td class=\"has-text-align-center\" data-align=\"center\">24<\/td><\/tr><tr><td>Ernesto Paracchini (24)<\/td><td class=\"has-text-align-center\" data-align=\"center\">17<\/td><\/tr><tr><td>George Goodacre (19)<\/td><td class=\"has-text-align-center\" data-align=\"center\">11<\/td><\/tr><tr><td>Kinasevich (5)<\/td><td class=\"has-text-align-center\" data-align=\"center\">10<\/td><\/tr><tr><td>Werner Holzner (24)<\/td><td class=\"has-text-align-center\" data-align=\"center\">9<\/td><\/tr><tr><td>Alfredo Coletti (4)<\/td><td class=\"has-text-align-center\" data-align=\"center\">6<\/td><\/tr><tr><td>Gianfranco Rigamonti (21), Luciano Nucci (21)<\/td><td class=\"has-text-align-center\" data-align=\"center\">3<\/td><\/tr><tr><td>Giancarlo Agazzi (5), Andrea Lusena (21), Umberto Signorini (16)<\/td><td class=\"has-text-align-center\" data-align=\"center\">2<\/td><\/tr><tr><td>Renato Brivio (9), Giorgio Rigamonti (16), Carlo Longarini (2)<\/td><td class=\"has-text-align-center\" data-align=\"center\">1<\/td><\/tr><tr><td>Mancano i marcatori di 19 reti: Amatori Mi (11), Grenoble (7) e Villard de Lans (1).<\/td><td class=\"has-text-align-center\" data-align=\"center\"><\/td><\/tr><\/tbody><\/table><\/figure>\n\n\n\n<figure class=\"wp-block-table\"><table><tbody><tr><td><strong><a href=\"https:\/\/www.milanosiamonoi.com\/index.php\/campionati\/dal-1960-al-1969-vs-cortina\/1963-1964-diavoli-hc-milano\/\">stagione precedente<\/a><\/strong><\/td><td class=\"has-text-align-right\" data-align=\"right\"><strong><a href=\"https:\/\/www.milanosiamonoi.com\/index.php\/campionati\/dal-1960-al-1969-vs-cortina\/1965-1966-diavoli-hc-milano\/\">stagione successiva<\/a><\/strong><\/td><\/tr><\/tbody><\/table><\/figure>\n\n\n\n<figure class=\"wp-block-table\"><table><tbody><tr><td class=\"has-text-align-center\" data-align=\"center\"><strong><a href=\"https:\/\/www.milanosiamonoi.com\/index.php\/campionati\/dal-1960-al-1969-vs-cortina\/1964-1965-amatori-mi-ambrosiano-e-allievi\/\">Amatori Milano e Ambrosiano Milano<\/a><\/strong><\/td><\/tr><\/tbody><\/table><\/figure>\n","protected":false},"excerpt":{"rendered":"<p>Presidente Tullio Monzino Allenatore Aldo Federici Ruolo Giocatori con almeno una presenza in prima squadra. P Vittorio Bolla, Guido Radaelli. D Giancarlo Agazzi, Mario Bedogni,&#8230;<\/p>\n","protected":false},"author":2,"featured_media":0,"parent":1471,"menu_order":10,"comment_status":"closed","ping_status":"closed","template":"","meta":{"spay_email":"","footnotes":""},"_links":{"self":[{"href":"https:\/\/www.milanosiamonoi.com\/index.php\/wp-json\/wp\/v2\/pages\/13555"}],"collection":[{"href":"https:\/\/www.milanosiamonoi.com\/index.php\/wp-json\/wp\/v2\/pages"}],"about":[{"href":"https:\/\/www.milanosiamonoi.com\/index.php\/wp-json\/wp\/v2\/types\/page"}],"author":[{"embeddable":true,"href":"https:\/\/www.milanosiamonoi.com\/index.php\/wp-json\/wp\/v2\/users\/2"}],"replies":[{"embeddable":true,"href":"https:\/\/www.milanosiamonoi.com\/index.php\/wp-json\/wp\/v2\/comments?post=13555"}],"version-history":[{"count":99,"href":"https:\/\/www.milanosiamonoi.com\/index.php\/wp-json\/wp\/v2\/pages\/13555\/revisions"}],"predecessor-version":[{"id":15360,"href":"https:\/\/www.milanosiamonoi.com\/index.php\/wp-json\/wp\/v2\/pages\/13555\/revisions\/15360"}],"up":[{"embeddable":true,"href":"https:\/\/www.milanosiamonoi.com\/index.php\/wp-json\/wp\/v2\/pages\/1471"}],"wp:attachment":[{"href":"https:\/\/www.milanosiamonoi.com\/index.php\/wp-json\/wp\/v2\/media?parent=13555"}],"curies":[{"name":"wp","href":"https:\/\/api.w.org\/{rel}","templated":true}]}}