{"id":12372,"date":"2022-05-25T08:20:44","date_gmt":"2022-05-25T08:20:44","guid":{"rendered":"http:\/\/milanosiamonoi.com\/?page_id=12372"},"modified":"2022-07-08T14:20:04","modified_gmt":"2022-07-08T14:20:04","slug":"1959-1960-amatori-mi-bocconi-e-allievi","status":"publish","type":"page","link":"https:\/\/www.milanosiamonoi.com\/index.php\/campionati\/dal-1960-al-1969-vs-cortina\/1959-1960-amatori-mi-bocconi-e-allievi\/","title":{"rendered":"1959\/1960 Amatori Mi,  Bocconi e allievi"},"content":{"rendered":"\n<div class=\"wp-block-image\"><figure class=\"aligncenter size-large\"><img loading=\"lazy\" decoding=\"async\" width=\"300\" height=\"300\" src=\"https:\/\/www.milanosiamonoi.com\/wp-content\/uploads\/2021\/04\/logo-amatoriok-300x300-1.jpg\" alt=\"\" class=\"wp-image-6245\" srcset=\"https:\/\/www.milanosiamonoi.com\/wp-content\/uploads\/2021\/04\/logo-amatoriok-300x300-1.jpg 300w, https:\/\/www.milanosiamonoi.com\/wp-content\/uploads\/2021\/04\/logo-amatoriok-300x300-1-150x150.jpg 150w, https:\/\/www.milanosiamonoi.com\/wp-content\/uploads\/2021\/04\/logo-amatoriok-300x300-1-100x100.jpg 100w, https:\/\/www.milanosiamonoi.com\/wp-content\/uploads\/2021\/04\/logo-amatoriok-300x300-1-50x50.jpg 50w, https:\/\/www.milanosiamonoi.com\/wp-content\/uploads\/2021\/04\/logo-amatoriok-300x300-1-25x25.jpg 25w, https:\/\/www.milanosiamonoi.com\/wp-content\/uploads\/2021\/04\/logo-amatoriok-300x300-1-90x90.jpg 90w\" sizes=\"(max-width: 300px) 100vw, 300px\" \/><\/figure><\/div>\n\n\n\n<figure class=\"wp-block-table aligncenter\"><table><tbody><tr><td>Presidente<\/td><td>Floriano Mainoldi<\/td><\/tr><tr><td>Allenatore<\/td><td>Carlo Signorini<\/td><\/tr><\/tbody><\/table><\/figure>\n\n\n\n<figure class=\"wp-block-table\"><table><tbody><tr><td class=\"has-text-align-center\" data-align=\"center\">Ruolo<\/td><td><strong>Giocatori con almeno una presenza in prima squadra.<\/strong><\/td><\/tr><tr><td class=\"has-text-align-center\" data-align=\"center\">P<\/td><td>Andrea Balzani, Gino Rinaldi.<\/td><\/tr><tr><td class=\"has-text-align-center\" data-align=\"center\">D<\/td><td>Franco Canepa, Michele Ferrante (C), Andrea Lusena, Marco Lusena, Roberto Sarfatti, Enzo Seveso.<\/td><\/tr><tr><td class=\"has-text-align-center\" data-align=\"center\">A<\/td><td>Giancarlo Bonalanza, Cesare Bressan, Giovanni Ceserani, Adriano Cremonesi, Renato Lesma, Sarino Oriana, Gianfranco Rigamonti, Renato Rossi, Walter Schmid, Umberto Signorini.<\/td><\/tr><tr><td class=\"has-text-align-center\" data-align=\"center\">Rinforzi<\/td><td>Mario Bedogni, Toto Guccione (Diavoli Milano), Renato Doglio (Torino), Ernesto Paracchini (Bocconi).<\/td><\/tr><\/tbody><\/table><\/figure>\n\n\n\n<p class=\"has-text-align-center\">A un anno di distanza dal rientro in gialloblu Paolo Marchi torna ai Diavoli. Andrea Balzani riprende il posto di titolare, come secondo portiere dagli allievi sale Gino Rinaldi. Definitivamente in prima squadra Marco Lusena, Michele Sarfatti, Gianfranco Rigamonti e Umberto Signorini. La grande novit\u00e0 \u00e8 rappresentata dall&#8217;abbinamento pubblicitario con l&#8217;Isolabella liquori produttrice del famoso Amaro 18. L&#8217;accordo \u00e8 stato raggiunto grazie all&#8217;iniziativa di Carlo Signorini, padre di Umberto, per motivi professionali a diretto contatto con importanti aziende. Nessun incontro nel 1959, il via in gennaio a Briancon con il rinforzo Renato Doglio dal Torino.<\/p>\n\n\n\n<figure class=\"wp-block-table aligncenter\"><table><tbody><tr><td><strong>1960<\/strong><\/td><td><strong>Briancon &#8211; Partite amichevoli<\/strong><\/td><td>Risultato<\/td><\/tr><tr><td>9 gennaio<\/td><td>Briancon-Amatori Milano<\/td><td>1-6 (1-1; 0-0; 0-5)<\/td><\/tr><tr><td>10 gennaio<\/td><td>Briancon-Amatori Milano<\/td><td>3-7 (1-3; 1-3; 1-1)<\/td><\/tr><\/tbody><\/table><\/figure>\n\n\n\n<div class=\"wp-block-image\"><figure class=\"aligncenter size-large is-resized\"><img loading=\"lazy\" decoding=\"async\" src=\"https:\/\/www.milanosiamonoi.com\/wp-content\/uploads\/2022\/02\/60.01.09-Bria-AmM-1-6-e-3-7-sist.jpg\" alt=\"\" class=\"wp-image-12363\" width=\"486\" height=\"417\" srcset=\"https:\/\/www.milanosiamonoi.com\/wp-content\/uploads\/2022\/02\/60.01.09-Bria-AmM-1-6-e-3-7-sist.jpg 568w, https:\/\/www.milanosiamonoi.com\/wp-content\/uploads\/2022\/02\/60.01.09-Bria-AmM-1-6-e-3-7-sist-300x257.jpg 300w, https:\/\/www.milanosiamonoi.com\/wp-content\/uploads\/2022\/02\/60.01.09-Bria-AmM-1-6-e-3-7-sist-100x86.jpg 100w, https:\/\/www.milanosiamonoi.com\/wp-content\/uploads\/2022\/02\/60.01.09-Bria-AmM-1-6-e-3-7-sist-50x43.jpg 50w, https:\/\/www.milanosiamonoi.com\/wp-content\/uploads\/2022\/02\/60.01.09-Bria-AmM-1-6-e-3-7-sist-25x21.jpg 25w\" sizes=\"(max-width: 486px) 100vw, 486px\" \/><figcaption><em>Articolo da &#8220;La Gazzetta dello Sport&#8221;<\/em><\/figcaption><\/figure><\/div>\n\n\n\n<p class=\"has-text-align-center\">Giusto il tempo di tornare a Milano e primo derby di campionato. L&#8217;11 gennaio va in scena una partita tiratissima decisa nel finale da Giovanni Ceserani.<\/p>\n\n\n\n<div class=\"wp-block-image\"><figure class=\"aligncenter size-large is-resized\"><img loading=\"lazy\" decoding=\"async\" src=\"https:\/\/www.milanosiamonoi.com\/wp-content\/uploads\/2022\/02\/60.01.11-PA-AmM-Bocc-6-5.jpg\" alt=\"\" class=\"wp-image-12364\" width=\"325\" height=\"379\" srcset=\"https:\/\/www.milanosiamonoi.com\/wp-content\/uploads\/2022\/02\/60.01.11-PA-AmM-Bocc-6-5.jpg 386w, https:\/\/www.milanosiamonoi.com\/wp-content\/uploads\/2022\/02\/60.01.11-PA-AmM-Bocc-6-5-257x300.jpg 257w, https:\/\/www.milanosiamonoi.com\/wp-content\/uploads\/2022\/02\/60.01.11-PA-AmM-Bocc-6-5-86x100.jpg 86w, https:\/\/www.milanosiamonoi.com\/wp-content\/uploads\/2022\/02\/60.01.11-PA-AmM-Bocc-6-5-43x50.jpg 43w, https:\/\/www.milanosiamonoi.com\/wp-content\/uploads\/2022\/02\/60.01.11-PA-AmM-Bocc-6-5-21x25.jpg 21w\" sizes=\"(max-width: 325px) 100vw, 325px\" \/><figcaption><em>Da &#8220;La Gazzetta dello Sport&#8221;.<\/em><\/figcaption><\/figure><\/div>\n\n\n\n<p class=\"has-text-align-center\">Il girone A di Promozione \u00e8 composto da sole tre squadre, l&#8217;altra contendente \u00e8 il Torino. Rispetto alla stagione precedente non ne fa pi\u00f9 parte l&#8217;Asiago, inserito nel girone B con il ricostituito Alleghe e l&#8217;Amatori Cortina. In attesa del secondo derby con la Bocconi, l&#8217;Amatori ha due settimane da riempire: gioca due match in Francia e due in Ticino.<\/p>\n\n\n\n<figure class=\"wp-block-table aligncenter\"><table><tbody><tr><td><strong>1960<\/strong><\/td><td><strong>Partite Amichevoli.<\/strong><\/td><td class=\"has-text-align-center\" data-align=\"center\">Risultato<\/td><\/tr><tr><td>Gap, 16 gennaio<\/td><td>CP Fleurier-Amatori Milano<\/td><td class=\"has-text-align-center\" data-align=\"center\">3-6<\/td><\/tr><tr><td>Gap, 17 gennaio<\/td><td>CP Fleurier-Amatori Milano<\/td><td class=\"has-text-align-center\" data-align=\"center\">5-6<\/td><\/tr><tr><td>Lugano, 19 gennaio<\/td><td>Lugano-Amatori Milano<\/td><td class=\"has-text-align-center\" data-align=\"center\">7-6<\/td><\/tr><tr><td>Cadenazzo, 23 gennaio<\/td><td>Bellinzona-Amatori Milano<\/td><td class=\"has-text-align-center\" data-align=\"center\">0-4<\/td><\/tr><\/tbody><\/table><\/figure>\n\n\n\n<div class=\"wp-block-image\"><figure class=\"aligncenter size-large is-resized\"><img loading=\"lazy\" decoding=\"async\" src=\"https:\/\/www.milanosiamonoi.com\/wp-content\/uploads\/2022\/02\/60.01.19-Luga-AmM-7-6-LibStampa.png\" alt=\"\" class=\"wp-image-12365\" width=\"349\" height=\"334\" srcset=\"https:\/\/www.milanosiamonoi.com\/wp-content\/uploads\/2022\/02\/60.01.19-Luga-AmM-7-6-LibStampa.png 349w, https:\/\/www.milanosiamonoi.com\/wp-content\/uploads\/2022\/02\/60.01.19-Luga-AmM-7-6-LibStampa-300x287.png 300w, https:\/\/www.milanosiamonoi.com\/wp-content\/uploads\/2022\/02\/60.01.19-Luga-AmM-7-6-LibStampa-100x96.png 100w, https:\/\/www.milanosiamonoi.com\/wp-content\/uploads\/2022\/02\/60.01.19-Luga-AmM-7-6-LibStampa-50x48.png 50w, https:\/\/www.milanosiamonoi.com\/wp-content\/uploads\/2022\/02\/60.01.19-Luga-AmM-7-6-LibStampa-25x25.png 25w\" sizes=\"(max-width: 349px) 100vw, 349px\" \/><figcaption><em>Articolo da &#8220;Libera Stampa&#8221;.<\/em><\/figcaption><\/figure><\/div>\n\n\n\n<div class=\"wp-block-image\"><figure class=\"aligncenter size-large is-resized\"><img loading=\"lazy\" decoding=\"async\" src=\"https:\/\/www.milanosiamonoi.com\/wp-content\/uploads\/2022\/02\/60.01.23-Bell-AmM-0-4-a-Pop-e-Lib.jpg\" alt=\"\" class=\"wp-image-12366\" width=\"482\" height=\"564\" srcset=\"https:\/\/www.milanosiamonoi.com\/wp-content\/uploads\/2022\/02\/60.01.23-Bell-AmM-0-4-a-Pop-e-Lib.jpg 509w, https:\/\/www.milanosiamonoi.com\/wp-content\/uploads\/2022\/02\/60.01.23-Bell-AmM-0-4-a-Pop-e-Lib-256x300.jpg 256w, https:\/\/www.milanosiamonoi.com\/wp-content\/uploads\/2022\/02\/60.01.23-Bell-AmM-0-4-a-Pop-e-Lib-85x100.jpg 85w, https:\/\/www.milanosiamonoi.com\/wp-content\/uploads\/2022\/02\/60.01.23-Bell-AmM-0-4-a-Pop-e-Lib-43x50.jpg 43w, https:\/\/www.milanosiamonoi.com\/wp-content\/uploads\/2022\/02\/60.01.23-Bell-AmM-0-4-a-Pop-e-Lib-21x25.jpg 21w\" sizes=\"(max-width: 482px) 100vw, 482px\" \/><figcaption><em>Articolo da &#8220;Popolo e Libert\u00e0&#8221;.<\/em><\/figcaption><\/figure><\/div>\n\n\n\n<p class=\"has-text-align-center\">Torna il campionato, lotta per il primato con il Torino. La vittoria ottenuta fuori casa consegna all&#8217;Amatori il biglietto per la fase finale di Bolzano.<\/p>\n\n\n\n<figure class=\"wp-block-table aligncenter\"><table><tbody><tr><td><strong>1960<\/strong><\/td><td><strong>Camp. di Promozione &#8211; Girone A<\/strong><\/td><td class=\"has-text-align-center\" data-align=\"center\">Risultato<\/td><\/tr><tr><td>Milano, 25 gennaio<\/td><td>Bocconi-Amatori Milano<\/td><td class=\"has-text-align-center\" data-align=\"center\">1-8<\/td><\/tr><tr><td>Torino, 29 gennaio<\/td><td>Torino-Amatori Milano<\/td><td class=\"has-text-align-center\" data-align=\"center\">2-5<\/td><\/tr><tr><td>Milano, 4 febbraio<\/td><td>Amatori Milano-Torino<\/td><td class=\"has-text-align-center\" data-align=\"center\">4-4<\/td><\/tr><\/tbody><\/table><\/figure>\n\n\n\n<div class=\"wp-block-image\"><figure class=\"aligncenter size-large is-resized\"><img loading=\"lazy\" decoding=\"async\" src=\"https:\/\/www.milanosiamonoi.com\/wp-content\/uploads\/2022\/02\/60.01.29-PA-To-AmMi-2-5.jpg\" alt=\"\" class=\"wp-image-12367\" width=\"323\" height=\"610\" srcset=\"https:\/\/www.milanosiamonoi.com\/wp-content\/uploads\/2022\/02\/60.01.29-PA-To-AmMi-2-5.jpg 348w, https:\/\/www.milanosiamonoi.com\/wp-content\/uploads\/2022\/02\/60.01.29-PA-To-AmMi-2-5-159x300.jpg 159w, https:\/\/www.milanosiamonoi.com\/wp-content\/uploads\/2022\/02\/60.01.29-PA-To-AmMi-2-5-53x100.jpg 53w, https:\/\/www.milanosiamonoi.com\/wp-content\/uploads\/2022\/02\/60.01.29-PA-To-AmMi-2-5-26x50.jpg 26w, https:\/\/www.milanosiamonoi.com\/wp-content\/uploads\/2022\/02\/60.01.29-PA-To-AmMi-2-5-13x25.jpg 13w\" sizes=\"(max-width: 323px) 100vw, 323px\" \/><figcaption><em>Articolo da &#8220;La Gazzetta dello Sport&#8221;.<\/em><\/figcaption><\/figure><\/div>\n\n\n\n<figure class=\"wp-block-table aligncenter\"><table><tbody><tr><td><strong>Classifiche dei tre gironi del campionato di Promozione 1959\/60<\/strong><\/td><\/tr><tr><td>Girone A: Amatori Milano punti 7, Torino 5, Bocconi 0.<\/td><\/tr><tr><td>Girone B: Vipiteno 17, SSV Bozen 15, Latemar Bz e Latemar Cavalese 10, Brunico 5, Renon 3.<\/td><\/tr><tr><td>Girone C: Alleghe punti 8, Asiago 4, Amatori Cortina 0.<\/td><\/tr><tr><td><strong>Amatori Milano, Vipiteno, SSV Bozen e Alleghe alla fase finale.<\/strong><\/td><\/tr><\/tbody><\/table><\/figure>\n\n\n\n<p class=\"has-text-align-center\">Fase finale a Bolzano dall&#8217;esito incerto. Milanesi favoriti, ma devono guardarsi dal SSV in continua crescita e dal redivivo HC Alleghe, ricostituito dall&#8217;unione tra SG Alleghe e HC Monte Civetta. Da temere anche il Vipiteno che usufruisce dell&#8217;apporto di alcuni giocatori del sempre assente Ortisei.<\/p>\n\n\n\n<figure class=\"wp-block-table aligncenter\"><table><tbody><tr><td><strong>Bolzano<\/strong><\/td><td class=\"has-text-align-center\" data-align=\"center\"><strong>Fase finale campionato di Promozione<\/strong> <strong>1959\/60<\/strong><\/td><td>Risultato<\/td><\/tr><tr><td>13 febbraio<\/td><td class=\"has-text-align-center\" data-align=\"center\"><strong>Semifinali<\/strong><\/td><td><\/td><\/tr><tr><td><\/td><td class=\"has-text-align-center\" data-align=\"center\">Alleghe-SSV Bozen<\/td><td>4-3<\/td><\/tr><tr><td><\/td><td class=\"has-text-align-center\" data-align=\"center\">Amatori Milano-Vipiteno<\/td><td>9-7 (3-2; 1-2; 5-3)<\/td><\/tr><tr><td>14 febbraio<\/td><td class=\"has-text-align-center\" data-align=\"center\"><strong>Finale 3\u00b0 posto<\/strong><\/td><td><\/td><\/tr><tr><td><\/td><td class=\"has-text-align-center\" data-align=\"center\">SSV Bozen-Vipiteno<\/td><td>7-4 (3-0; 2-1; 2-3)<\/td><\/tr><tr><td><\/td><td class=\"has-text-align-center\" data-align=\"center\"><strong>Finale<\/strong><\/td><td><\/td><\/tr><tr><td><\/td><td class=\"has-text-align-center\" data-align=\"center\">Amatori Milano-Alleghe<\/td><td>5-4 (3-2; 2-0; 0-2)<\/td><\/tr><\/tbody><\/table><\/figure>\n\n\n\n<div class=\"wp-block-image\"><figure class=\"aligncenter size-large is-resized\"><img loading=\"lazy\" decoding=\"async\" src=\"https:\/\/www.milanosiamonoi.com\/wp-content\/uploads\/2022\/02\/60.02.14-PFF-AmM-Alle-5-4.jpg\" alt=\"\" class=\"wp-image-12369\" width=\"365\" height=\"446\" srcset=\"https:\/\/www.milanosiamonoi.com\/wp-content\/uploads\/2022\/02\/60.02.14-PFF-AmM-Alle-5-4.jpg 420w, https:\/\/www.milanosiamonoi.com\/wp-content\/uploads\/2022\/02\/60.02.14-PFF-AmM-Alle-5-4-246x300.jpg 246w, https:\/\/www.milanosiamonoi.com\/wp-content\/uploads\/2022\/02\/60.02.14-PFF-AmM-Alle-5-4-82x100.jpg 82w, https:\/\/www.milanosiamonoi.com\/wp-content\/uploads\/2022\/02\/60.02.14-PFF-AmM-Alle-5-4-41x50.jpg 41w, https:\/\/www.milanosiamonoi.com\/wp-content\/uploads\/2022\/02\/60.02.14-PFF-AmM-Alle-5-4-20x25.jpg 20w\" sizes=\"(max-width: 365px) 100vw, 365px\" \/><figcaption><em>Da &#8220;La Gazzetta dello Sport&#8221;.<\/em><\/figcaption><\/figure><\/div>\n\n\n\n<p class=\"has-text-align-center\">La squadra del presidente Mainoldi e di Carlo Signorini campione tra i cadetti per il terzo anno consecutivo. Salir\u00e0 in seria A? Per il momento si festeggia la vittoria, intanto Renato Rossi e Giovanni Ceserani vestono la maglia dei Diavoli a Lugano e al Palazzo contro gli svedesi del Wifsta. Il 14 marzo chiusura con il Briancon. In evidenza il diciottenne Ernesto Paracchini (Bocconi) autore di una tripletta.<\/p>\n\n\n\n<div class=\"wp-block-image\"><figure class=\"aligncenter size-large is-resized\"><img loading=\"lazy\" decoding=\"async\" src=\"https:\/\/www.milanosiamonoi.com\/wp-content\/uploads\/2022\/02\/60.03.14-AmM-Bri-10-6-sist.jpg\" alt=\"\" class=\"wp-image-12371\" width=\"504\" height=\"373\" srcset=\"https:\/\/www.milanosiamonoi.com\/wp-content\/uploads\/2022\/02\/60.03.14-AmM-Bri-10-6-sist.jpg 641w, https:\/\/www.milanosiamonoi.com\/wp-content\/uploads\/2022\/02\/60.03.14-AmM-Bri-10-6-sist-300x222.jpg 300w, https:\/\/www.milanosiamonoi.com\/wp-content\/uploads\/2022\/02\/60.03.14-AmM-Bri-10-6-sist-100x74.jpg 100w, https:\/\/www.milanosiamonoi.com\/wp-content\/uploads\/2022\/02\/60.03.14-AmM-Bri-10-6-sist-50x37.jpg 50w, https:\/\/www.milanosiamonoi.com\/wp-content\/uploads\/2022\/02\/60.03.14-AmM-Bri-10-6-sist-25x19.jpg 25w\" sizes=\"(max-width: 504px) 100vw, 504px\" \/><figcaption><em>Articolo da &#8220;La Gazzetta dello Sport&#8221;.<\/em><\/figcaption><\/figure><\/div>\n\n\n\n<figure class=\"wp-block-table aligncenter\"><table><tbody><tr><td><strong>Classifica marcatori stagionali Amatori Milano<\/strong><\/td><td class=\"has-text-align-center\" data-align=\"center\">Reti<\/td><\/tr><tr><td>Giovanni Ceserani<\/td><td class=\"has-text-align-center\" data-align=\"center\">13<\/td><\/tr><tr><td>Renato Rossi<\/td><td class=\"has-text-align-center\" data-align=\"center\">8<\/td><\/tr><tr><td>Gianfranco Rigamonti<\/td><td class=\"has-text-align-center\" data-align=\"center\">5<\/td><\/tr><tr><td>Ernesto Paracchini<\/td><td class=\"has-text-align-center\" data-align=\"center\">3<\/td><\/tr><tr><td>Cesare Bressan, Adriano Cremonesi, Renato Lesma e Sarino Oriana <\/td><td class=\"has-text-align-center\" data-align=\"center\">2<\/td><\/tr><tr><td>Franco Canepa, Michele Ferrante, Andrea Lusena, Roberto Sarfatti, Umberto Signorini e Renato Doglio<\/td><td class=\"has-text-align-center\" data-align=\"center\">1<\/td><\/tr><tr><td>Mancano i marcatori di ben 39 reti<\/td><td class=\"has-text-align-center\" data-align=\"center\"><\/td><\/tr><tr><td>CP Fleurier (12), Lugano (6), Bocconi (8), Torino (4), Vipiteno (9)<\/td><td class=\"has-text-align-center\" data-align=\"center\"><\/td><\/tr><\/tbody><\/table><\/figure>\n\n\n\n<div class=\"wp-block-image\"><figure class=\"aligncenter size-large\"><img loading=\"lazy\" decoding=\"async\" width=\"300\" height=\"300\" src=\"https:\/\/www.milanosiamonoi.com\/wp-content\/uploads\/2021\/10\/logo-bocconi2nd-300x300-1.jpg\" alt=\"\" class=\"wp-image-10981\" srcset=\"https:\/\/www.milanosiamonoi.com\/wp-content\/uploads\/2021\/10\/logo-bocconi2nd-300x300-1.jpg 300w, https:\/\/www.milanosiamonoi.com\/wp-content\/uploads\/2021\/10\/logo-bocconi2nd-300x300-1-150x150.jpg 150w, https:\/\/www.milanosiamonoi.com\/wp-content\/uploads\/2021\/10\/logo-bocconi2nd-300x300-1-100x100.jpg 100w, https:\/\/www.milanosiamonoi.com\/wp-content\/uploads\/2021\/10\/logo-bocconi2nd-300x300-1-50x50.jpg 50w, https:\/\/www.milanosiamonoi.com\/wp-content\/uploads\/2021\/10\/logo-bocconi2nd-300x300-1-25x25.jpg 25w, https:\/\/www.milanosiamonoi.com\/wp-content\/uploads\/2021\/10\/logo-bocconi2nd-300x300-1-90x90.jpg 90w\" sizes=\"(max-width: 300px) 100vw, 300px\" \/><\/figure><\/div>\n\n\n\n<figure class=\"wp-block-table aligncenter\"><table><tbody><tr><td>Presidente<\/td><td>Guido Coppini<\/td><\/tr><tr><td>Allenatore<\/td><td>autogestione<\/td><\/tr><\/tbody><\/table><\/figure>\n\n\n\n<figure class=\"wp-block-table\"><table><tbody><tr><td class=\"has-text-align-center\" data-align=\"center\">Ruolo<\/td><td><strong>Giocatori con almeno una presenza in prima squadra.<\/strong><\/td><\/tr><tr><td class=\"has-text-align-center\" data-align=\"center\">P<\/td><td>Guido Radaelli.<\/td><\/tr><tr><td class=\"has-text-align-center\" data-align=\"center\">D<\/td><td>Maurelio Bianchi, Manfredini, Oreste Manzoni, Tiberio Missiroli, Giovanni Volpe.<\/td><\/tr><tr><td class=\"has-text-align-center\" data-align=\"center\">A<\/td><td>Feliciano Bollina, Bortolini, Orlando Fisicaro, Otello Gangini, Giancarlo Garello, Ernesto Paracchini, Bruno Pizzi, Mario Vaccani.<\/td><\/tr><\/tbody><\/table><\/figure>\n\n\n\n<p class=\"has-text-align-center\">Il limitato numero di giocatori a disposizione non permette di stilare un calendario che comprenda incontri amichevoli, la stagione si esaurir\u00e0 con le quattro partite del campionato di Promozione. Da registrare il ritiro di Leonardo Carmignani. Il migliore marcatore dello scorso anno decide di dedicarsi totalmente al culturismo, segue le orme dell&#8217;ex promessa Giorgio Castiglioni che si aggiudicher\u00e0 il titolo di &#8220;Mister Lombardia&#8221;.<\/p>\n\n\n\n<figure class=\"wp-block-table aligncenter\"><table><tbody><tr><td><strong>Camp. di Promozione &#8211; Girone A<\/strong><\/td><td><strong>Partita<\/strong><\/td><td class=\"has-text-align-center\" data-align=\"center\">Risultato<\/td><\/tr><tr><td>Milano, 21 divembre 1959<\/td><td>Bocconi-Torino <\/td><td class=\"has-text-align-center\" data-align=\"center\">2-5<\/td><\/tr><tr><td>Milano, 11 gennaio 1960  <\/td><td>Amatori Milano-Bocconi <\/td><td class=\"has-text-align-center\" data-align=\"center\">6-5<\/td><\/tr><\/tbody><\/table><\/figure>\n\n\n\n<div class=\"wp-block-image\"><figure class=\"aligncenter size-large is-resized\"><img loading=\"lazy\" decoding=\"async\" src=\"https:\/\/www.milanosiamonoi.com\/wp-content\/uploads\/2022\/02\/60.01.11-PA-AmM-Bocc-6-5.jpg\" alt=\"\" class=\"wp-image-12364\" width=\"348\" height=\"406\" srcset=\"https:\/\/www.milanosiamonoi.com\/wp-content\/uploads\/2022\/02\/60.01.11-PA-AmM-Bocc-6-5.jpg 386w, https:\/\/www.milanosiamonoi.com\/wp-content\/uploads\/2022\/02\/60.01.11-PA-AmM-Bocc-6-5-257x300.jpg 257w, https:\/\/www.milanosiamonoi.com\/wp-content\/uploads\/2022\/02\/60.01.11-PA-AmM-Bocc-6-5-86x100.jpg 86w, https:\/\/www.milanosiamonoi.com\/wp-content\/uploads\/2022\/02\/60.01.11-PA-AmM-Bocc-6-5-43x50.jpg 43w, https:\/\/www.milanosiamonoi.com\/wp-content\/uploads\/2022\/02\/60.01.11-PA-AmM-Bocc-6-5-21x25.jpg 21w\" sizes=\"(max-width: 348px) 100vw, 348px\" \/><figcaption><em>Da &#8220;La Gazzetta dello Sport&#8221;.<\/em><\/figcaption><\/figure><\/div>\n\n\n\n<p class=\"has-text-align-center\">Derby incertissimo fino all&#8217;ultimo. Ai biancazzurri non bastano i tre gol di Ernesto Paracchini. Renato Rossi (tripletta), Giovanni Ceserani (doppietta) e Cesare Bressan squadernano la vittoria dell&#8217;Amatori.<\/p>\n\n\n\n<div class=\"wp-block-image\"><figure class=\"aligncenter size-large is-resized\"><img loading=\"lazy\" decoding=\"async\" src=\"https:\/\/www.milanosiamonoi.com\/wp-content\/uploads\/2022\/02\/60.01.21-PA-To-Boc-5-1-La-Stampa.png\" alt=\"\" class=\"wp-image-12446\" width=\"481\" height=\"483\" srcset=\"https:\/\/www.milanosiamonoi.com\/wp-content\/uploads\/2022\/02\/60.01.21-PA-To-Boc-5-1-La-Stampa.png 545w, https:\/\/www.milanosiamonoi.com\/wp-content\/uploads\/2022\/02\/60.01.21-PA-To-Boc-5-1-La-Stampa-300x300.png 300w, https:\/\/www.milanosiamonoi.com\/wp-content\/uploads\/2022\/02\/60.01.21-PA-To-Boc-5-1-La-Stampa-150x150.png 150w, https:\/\/www.milanosiamonoi.com\/wp-content\/uploads\/2022\/02\/60.01.21-PA-To-Boc-5-1-La-Stampa-100x100.png 100w, https:\/\/www.milanosiamonoi.com\/wp-content\/uploads\/2022\/02\/60.01.21-PA-To-Boc-5-1-La-Stampa-50x50.png 50w, https:\/\/www.milanosiamonoi.com\/wp-content\/uploads\/2022\/02\/60.01.21-PA-To-Boc-5-1-La-Stampa-25x25.png 25w, https:\/\/www.milanosiamonoi.com\/wp-content\/uploads\/2022\/02\/60.01.21-PA-To-Boc-5-1-La-Stampa-90x90.png 90w\" sizes=\"(max-width: 481px) 100vw, 481px\" \/><figcaption><em>Articolo da &#8220;La Stampa&#8221;.<\/em><\/figcaption><\/figure><\/div>\n\n\n\n<div class=\"wp-block-image\"><figure class=\"aligncenter size-large is-resized\"><img loading=\"lazy\" decoding=\"async\" src=\"https:\/\/www.milanosiamonoi.com\/wp-content\/uploads\/2022\/03\/60.01.11-foto-To-Boc-5-1-1024x722.png\" alt=\"\" class=\"wp-image-12795\" width=\"554\" height=\"390\" srcset=\"https:\/\/www.milanosiamonoi.com\/wp-content\/uploads\/2022\/03\/60.01.11-foto-To-Boc-5-1-1024x722.png 1024w, https:\/\/www.milanosiamonoi.com\/wp-content\/uploads\/2022\/03\/60.01.11-foto-To-Boc-5-1-300x212.png 300w, https:\/\/www.milanosiamonoi.com\/wp-content\/uploads\/2022\/03\/60.01.11-foto-To-Boc-5-1-768x542.png 768w, https:\/\/www.milanosiamonoi.com\/wp-content\/uploads\/2022\/03\/60.01.11-foto-To-Boc-5-1-100x71.png 100w, https:\/\/www.milanosiamonoi.com\/wp-content\/uploads\/2022\/03\/60.01.11-foto-To-Boc-5-1-50x35.png 50w, https:\/\/www.milanosiamonoi.com\/wp-content\/uploads\/2022\/03\/60.01.11-foto-To-Boc-5-1-25x18.png 25w, https:\/\/www.milanosiamonoi.com\/wp-content\/uploads\/2022\/03\/60.01.11-foto-To-Boc-5-1-740x522.png 740w, https:\/\/www.milanosiamonoi.com\/wp-content\/uploads\/2022\/03\/60.01.11-foto-To-Boc-5-1.png 1076w\" sizes=\"(max-width: 554px) 100vw, 554px\" \/><figcaption><em>21 gennaio 1960, Torino-Bocconi 5-1. Cicogna (maglia chiara) batte Radaelli e realizza la rete del 3-1. Dietro sui pattini; a sinistra Ernesto Paracchini, a destra Gangini. <\/em><\/figcaption><\/figure><\/div>\n\n\n\n<p class=\"has-text-align-center\">Senza storia il derby di ritorno con il lanciatissimo Amatori.<\/p>\n\n\n\n<figure class=\"wp-block-table aligncenter\"><table><tbody><tr><td><strong>1960<\/strong><\/td><td><strong>Camp. di Promozione &#8211; Girone A<\/strong><\/td><td class=\"has-text-align-center\" data-align=\"center\">Risultato<\/td><\/tr><tr><td>25 gennaio<\/td><td>Bocconi-Amatori Milano<\/td><td class=\"has-text-align-center\" data-align=\"center\">1-8<\/td><\/tr><\/tbody><\/table><\/figure>\n\n\n\n<div class=\"wp-block-image\"><figure class=\"aligncenter size-large is-resized\"><img loading=\"lazy\" decoding=\"async\" src=\"https:\/\/www.milanosiamonoi.com\/wp-content\/uploads\/2022\/02\/60.01.-Bocconi-Rada.jpg\" alt=\"\" class=\"wp-image-12448\" width=\"566\" height=\"364\" srcset=\"https:\/\/www.milanosiamonoi.com\/wp-content\/uploads\/2022\/02\/60.01.-Bocconi-Rada.jpg 929w, https:\/\/www.milanosiamonoi.com\/wp-content\/uploads\/2022\/02\/60.01.-Bocconi-Rada-300x193.jpg 300w, https:\/\/www.milanosiamonoi.com\/wp-content\/uploads\/2022\/02\/60.01.-Bocconi-Rada-768x495.jpg 768w, https:\/\/www.milanosiamonoi.com\/wp-content\/uploads\/2022\/02\/60.01.-Bocconi-Rada-100x64.jpg 100w, https:\/\/www.milanosiamonoi.com\/wp-content\/uploads\/2022\/02\/60.01.-Bocconi-Rada-50x32.jpg 50w, https:\/\/www.milanosiamonoi.com\/wp-content\/uploads\/2022\/02\/60.01.-Bocconi-Rada-25x16.jpg 25w, https:\/\/www.milanosiamonoi.com\/wp-content\/uploads\/2022\/02\/60.01.-Bocconi-Rada-740x477.jpg 740w\" sizes=\"(max-width: 566px) 100vw, 566px\" \/><figcaption><em>Da sinistra in piedi; Fisicaro, Vaccani, Bruno Pizzi, Bianchi, Manzoni, Volpe. In prima fila: Bollina, Ernesto Paracchini, Gangini, Radaelli, Missiroli.<\/em><\/figcaption><\/figure><\/div>\n\n\n\n<figure class=\"wp-block-table aligncenter\"><table><tbody><tr><td><strong>CAMPIONATO ALLIEVI 1959\/60 DELLE SQUADRE MILANESI<\/strong><\/td><\/tr><\/tbody><\/table><\/figure>\n\n\n\n<figure class=\"wp-block-table aligncenter\"><table><tbody><tr><td><strong>1960<\/strong><\/td><td><strong>Camp. allievi &#8211; Girone A<\/strong><\/td><td class=\"has-text-align-center\" data-align=\"center\">Risultato<\/td><\/tr><tr><td>9 gennaio <\/td><td>Diavoli Milano-Bocconi<\/td><td class=\"has-text-align-center\" data-align=\"center\">2-2 <\/td><\/tr><tr><td>16 gennaio<\/td><td>Bocconi-Amatori Milano<\/td><td class=\"has-text-align-center\" data-align=\"center\">3-1<\/td><\/tr><tr><td>23 gennaio<\/td><td>Bocconi-Diavoli Milano<\/td><td class=\"has-text-align-center\" data-align=\"center\">1-2<\/td><\/tr><\/tbody><\/table><\/figure>\n\n\n\n<div class=\"wp-block-image\"><figure class=\"aligncenter size-large is-resized\"><img loading=\"lazy\" decoding=\"async\" src=\"https:\/\/www.milanosiamonoi.com\/wp-content\/uploads\/2022\/02\/60.01.09-All.-DM-Boc-2-2.jpg\" alt=\"\" class=\"wp-image-12492\" width=\"549\" height=\"300\" srcset=\"https:\/\/www.milanosiamonoi.com\/wp-content\/uploads\/2022\/02\/60.01.09-All.-DM-Boc-2-2.jpg 836w, https:\/\/www.milanosiamonoi.com\/wp-content\/uploads\/2022\/02\/60.01.09-All.-DM-Boc-2-2-300x164.jpg 300w, https:\/\/www.milanosiamonoi.com\/wp-content\/uploads\/2022\/02\/60.01.09-All.-DM-Boc-2-2-768x420.jpg 768w, https:\/\/www.milanosiamonoi.com\/wp-content\/uploads\/2022\/02\/60.01.09-All.-DM-Boc-2-2-100x55.jpg 100w, https:\/\/www.milanosiamonoi.com\/wp-content\/uploads\/2022\/02\/60.01.09-All.-DM-Boc-2-2-50x27.jpg 50w, https:\/\/www.milanosiamonoi.com\/wp-content\/uploads\/2022\/02\/60.01.09-All.-DM-Boc-2-2-25x14.jpg 25w, https:\/\/www.milanosiamonoi.com\/wp-content\/uploads\/2022\/02\/60.01.09-All.-DM-Boc-2-2-740x405.jpg 740w\" sizes=\"(max-width: 549px) 100vw, 549px\" \/><\/figure><\/div>\n\n\n\n<p class=\"has-text-align-center\">Alla fine di gennaio Nazionale giovanile impegnata dapprima in Svizzera contro i pari et\u00e0 delle squadre bernesi e in seguito a Bolzano e Ortisei con la Germania. Due i milanesi in azzurro: Gino Rinaldi e Roberto Sarfatti dell&#8217;Amatori Milano. <\/p>\n\n\n\n<figure class=\"wp-block-image size-large\"><img loading=\"lazy\" decoding=\"async\" width=\"924\" height=\"408\" src=\"https:\/\/www.milanosiamonoi.com\/wp-content\/uploads\/2022\/02\/60.01.21-tris-naz.-allievi.jpg\" alt=\"\" class=\"wp-image-12493\" srcset=\"https:\/\/www.milanosiamonoi.com\/wp-content\/uploads\/2022\/02\/60.01.21-tris-naz.-allievi.jpg 924w, https:\/\/www.milanosiamonoi.com\/wp-content\/uploads\/2022\/02\/60.01.21-tris-naz.-allievi-300x132.jpg 300w, https:\/\/www.milanosiamonoi.com\/wp-content\/uploads\/2022\/02\/60.01.21-tris-naz.-allievi-768x339.jpg 768w, https:\/\/www.milanosiamonoi.com\/wp-content\/uploads\/2022\/02\/60.01.21-tris-naz.-allievi-100x44.jpg 100w, https:\/\/www.milanosiamonoi.com\/wp-content\/uploads\/2022\/02\/60.01.21-tris-naz.-allievi-50x22.jpg 50w, https:\/\/www.milanosiamonoi.com\/wp-content\/uploads\/2022\/02\/60.01.21-tris-naz.-allievi-25x11.jpg 25w, https:\/\/www.milanosiamonoi.com\/wp-content\/uploads\/2022\/02\/60.01.21-tris-naz.-allievi-740x327.jpg 740w\" sizes=\"(max-width: 924px) 100vw, 924px\" \/><figcaption><em>Da &#8220;La Gazzetta dello Sport&#8221;.<\/em><\/figcaption><\/figure>\n\n\n\n<figure class=\"wp-block-table aligncenter\"><table><tbody><tr><td><strong>1960<\/strong><\/td><td><strong>Camp. allievi &#8211; Girone A<\/strong><\/td><td class=\"has-text-align-center\" data-align=\"center\">Risultato<\/td><\/tr><tr><td>6 febbraio<\/td><td>Amatori Milano-Diavoli Milano<\/td><td class=\"has-text-align-center\" data-align=\"center\">2-3<\/td><\/tr><tr><td>8 febbraio<\/td><td>Amatori Milano-Bocconi<\/td><td class=\"has-text-align-center\" data-align=\"center\">3-2<\/td><\/tr><tr><td>18 marzo<\/td><td>Diavoli Milano-Amatori Milano<\/td><td class=\"has-text-align-center\" data-align=\"center\">6-1<\/td><\/tr><\/tbody><\/table><\/figure>\n\n\n\n<p class=\"has-text-align-center\">I Diavoli, bloccati sul pareggio dalla Bocconi nella prima partita, vincono i rimanenti incontri e si qualificano per il girone finale. Ultimo match giocato a campionato concluso per via del calendario saturo di impegni del Palazzo.<\/p>\n\n\n\n<figure class=\"wp-block-table aligncenter\"><table><tbody><tr><td><strong>Classifiche dei tre gironi del campionato allievi 1959\/60<\/strong><\/td><\/tr><tr><td>Girone A: <strong>Diavoli Milano punti 7<\/strong>, Bocconi 3, Amatori Milano 2.<\/td><\/tr><tr><td>Girone B: <strong>Bolzano punti 8,<\/strong> Auronzo 4, Cortina 0.<\/td><\/tr><tr><td>Girone C: <strong>SSV Bozen punti 12<\/strong>, Ortisei, 8, Renon 4, Asiago 0.<\/td><\/tr><\/tbody><\/table><\/figure>\n\n\n\n<p class=\"has-text-align-center\">Girone finale a Bolzano dal 12 al 14 febbraio 1960.<\/p>\n\n\n\n<figure class=\"wp-block-table aligncenter\"><table><tbody><tr><td>12 febbraio<\/td><td>SSV Bozen-Bolzano<\/td><td>3-2<\/td><\/tr><tr><td>13 febbraio<\/td><td>Bolzano-Diavoli Milano<\/td><td>6-0<\/td><\/tr><tr><td>14 febbraio<\/td><td>SSV Bozen-Diavoli Milano<\/td><td>9-0<\/td><\/tr><\/tbody><\/table><\/figure>\n\n\n\n<div class=\"wp-block-image\"><figure class=\"aligncenter size-large is-resized\"><img loading=\"lazy\" decoding=\"async\" src=\"https:\/\/www.milanosiamonoi.com\/wp-content\/uploads\/2022\/02\/60.02.14-All.-SSV-DM-9-0.jpg\" alt=\"\" class=\"wp-image-12494\" width=\"531\" height=\"290\" srcset=\"https:\/\/www.milanosiamonoi.com\/wp-content\/uploads\/2022\/02\/60.02.14-All.-SSV-DM-9-0.jpg 836w, https:\/\/www.milanosiamonoi.com\/wp-content\/uploads\/2022\/02\/60.02.14-All.-SSV-DM-9-0-300x164.jpg 300w, https:\/\/www.milanosiamonoi.com\/wp-content\/uploads\/2022\/02\/60.02.14-All.-SSV-DM-9-0-768x420.jpg 768w, https:\/\/www.milanosiamonoi.com\/wp-content\/uploads\/2022\/02\/60.02.14-All.-SSV-DM-9-0-100x55.jpg 100w, https:\/\/www.milanosiamonoi.com\/wp-content\/uploads\/2022\/02\/60.02.14-All.-SSV-DM-9-0-50x27.jpg 50w, https:\/\/www.milanosiamonoi.com\/wp-content\/uploads\/2022\/02\/60.02.14-All.-SSV-DM-9-0-25x14.jpg 25w, https:\/\/www.milanosiamonoi.com\/wp-content\/uploads\/2022\/02\/60.02.14-All.-SSV-DM-9-0-740x405.jpg 740w\" sizes=\"(max-width: 531px) 100vw, 531px\" \/><\/figure><\/div>\n\n\n\n<p class=\"has-text-align-center\">La SSV pone fine al dominio dell&#8217;Ortisei, battuto due volte nel girone di qualificazione e si laurea campione d&#8217;Italia allievi, a conferma di una costante crescita confermata dal valore della prima squadra nel torneo di Promozione (3\u00b0 posto).<\/p>\n\n\n\n<figure class=\"wp-block-table aligncenter\"><table><tbody><tr><td class=\"has-text-align-center\" data-align=\"center\"><strong>Classifica finale del campionato allievi 1959\/60<\/strong><\/td><\/tr><tr><td class=\"has-text-align-center\" data-align=\"center\"><strong>SSV Bozen punti 4,<\/strong> Bolzano 2, Diavoli Milano 0.<\/td><\/tr><\/tbody><\/table><\/figure>\n\n\n\n<div class=\"wp-block-image\"><figure class=\"aligncenter size-large is-resized\"><img loading=\"lazy\" decoding=\"async\" src=\"https:\/\/www.milanosiamonoi.com\/wp-content\/uploads\/2022\/02\/60.03.02-conv.-Ita-allievi.jpg\" alt=\"\" class=\"wp-image-12495\" width=\"497\" height=\"455\" srcset=\"https:\/\/www.milanosiamonoi.com\/wp-content\/uploads\/2022\/02\/60.03.02-conv.-Ita-allievi.jpg 764w, https:\/\/www.milanosiamonoi.com\/wp-content\/uploads\/2022\/02\/60.03.02-conv.-Ita-allievi-300x275.jpg 300w, https:\/\/www.milanosiamonoi.com\/wp-content\/uploads\/2022\/02\/60.03.02-conv.-Ita-allievi-100x92.jpg 100w, https:\/\/www.milanosiamonoi.com\/wp-content\/uploads\/2022\/02\/60.03.02-conv.-Ita-allievi-50x46.jpg 50w, https:\/\/www.milanosiamonoi.com\/wp-content\/uploads\/2022\/02\/60.03.02-conv.-Ita-allievi-25x23.jpg 25w, https:\/\/www.milanosiamonoi.com\/wp-content\/uploads\/2022\/02\/60.03.02-conv.-Ita-allievi-740x678.jpg 740w\" sizes=\"(max-width: 497px) 100vw, 497px\" \/><figcaption><em>Articolo da &#8220;La Gazzetta dello Sport&#8221;.<\/em><\/figcaption><\/figure><\/div>\n\n\n\n<p class=\"has-text-align-center\">Gino Rinaldi, Roberto Sarfatti (Amatori Milano) ed Ernesto Paracchini (Bocconi) i giovani milanesi convocati per il duplice confronto con la Svizzera.<\/p>\n\n\n\n<div class=\"wp-block-image\"><figure class=\"aligncenter size-large is-resized\"><img loading=\"lazy\" decoding=\"async\" src=\"https:\/\/www.milanosiamonoi.com\/wp-content\/uploads\/2022\/02\/60.03.06-All.-Svi-Ita-4-4.jpg\" alt=\"\" class=\"wp-image-12496\" width=\"421\" height=\"497\" srcset=\"https:\/\/www.milanosiamonoi.com\/wp-content\/uploads\/2022\/02\/60.03.06-All.-Svi-Ita-4-4.jpg 549w, https:\/\/www.milanosiamonoi.com\/wp-content\/uploads\/2022\/02\/60.03.06-All.-Svi-Ita-4-4-255x300.jpg 255w, https:\/\/www.milanosiamonoi.com\/wp-content\/uploads\/2022\/02\/60.03.06-All.-Svi-Ita-4-4-85x100.jpg 85w, https:\/\/www.milanosiamonoi.com\/wp-content\/uploads\/2022\/02\/60.03.06-All.-Svi-Ita-4-4-42x50.jpg 42w, https:\/\/www.milanosiamonoi.com\/wp-content\/uploads\/2022\/02\/60.03.06-All.-Svi-Ita-4-4-21x25.jpg 21w\" sizes=\"(max-width: 421px) 100vw, 421px\" \/><figcaption><em>Articolo da &#8220;La Gazzetta dello Sport&#8221;<\/em><\/figcaption><\/figure><\/div>\n\n\n\n<figure class=\"wp-block-image size-large\"><img loading=\"lazy\" decoding=\"async\" width=\"844\" height=\"566\" src=\"https:\/\/www.milanosiamonoi.com\/wp-content\/uploads\/2022\/02\/60.03.08-All.-Ita-Svi-10-3.jpg\" alt=\"\" class=\"wp-image-12497\" srcset=\"https:\/\/www.milanosiamonoi.com\/wp-content\/uploads\/2022\/02\/60.03.08-All.-Ita-Svi-10-3.jpg 844w, https:\/\/www.milanosiamonoi.com\/wp-content\/uploads\/2022\/02\/60.03.08-All.-Ita-Svi-10-3-300x201.jpg 300w, https:\/\/www.milanosiamonoi.com\/wp-content\/uploads\/2022\/02\/60.03.08-All.-Ita-Svi-10-3-768x515.jpg 768w, https:\/\/www.milanosiamonoi.com\/wp-content\/uploads\/2022\/02\/60.03.08-All.-Ita-Svi-10-3-100x67.jpg 100w, https:\/\/www.milanosiamonoi.com\/wp-content\/uploads\/2022\/02\/60.03.08-All.-Ita-Svi-10-3-50x34.jpg 50w, https:\/\/www.milanosiamonoi.com\/wp-content\/uploads\/2022\/02\/60.03.08-All.-Ita-Svi-10-3-25x17.jpg 25w, https:\/\/www.milanosiamonoi.com\/wp-content\/uploads\/2022\/02\/60.03.08-All.-Ita-Svi-10-3-740x496.jpg 740w\" sizes=\"(max-width: 844px) 100vw, 844px\" \/><figcaption><em>Articolo da &#8220;La Gazzetta dello Sport&#8221;.<\/em><\/figcaption><\/figure>\n\n\n\n<p class=\"has-text-align-center\">Targa dei Giovani per la passerella di chiusura, Amatori e Bocconi covano la rivincita nei confronti degli amici-rivali biancorossi.<\/p>\n\n\n\n<div class=\"wp-block-image\"><figure class=\"aligncenter size-large is-resized\"><img loading=\"lazy\" decoding=\"async\" src=\"https:\/\/www.milanosiamonoi.com\/wp-content\/uploads\/2022\/02\/60.03.21-TG-Bocc-DM-2-0-sist..jpg\" alt=\"\" class=\"wp-image-12498\" width=\"536\" height=\"429\" srcset=\"https:\/\/www.milanosiamonoi.com\/wp-content\/uploads\/2022\/02\/60.03.21-TG-Bocc-DM-2-0-sist..jpg 602w, https:\/\/www.milanosiamonoi.com\/wp-content\/uploads\/2022\/02\/60.03.21-TG-Bocc-DM-2-0-sist.-300x240.jpg 300w, https:\/\/www.milanosiamonoi.com\/wp-content\/uploads\/2022\/02\/60.03.21-TG-Bocc-DM-2-0-sist.-100x80.jpg 100w, https:\/\/www.milanosiamonoi.com\/wp-content\/uploads\/2022\/02\/60.03.21-TG-Bocc-DM-2-0-sist.-50x40.jpg 50w, https:\/\/www.milanosiamonoi.com\/wp-content\/uploads\/2022\/02\/60.03.21-TG-Bocc-DM-2-0-sist.-25x20.jpg 25w\" sizes=\"(max-width: 536px) 100vw, 536px\" \/><figcaption><em>Articolo da &#8220;La Gazzetta dello Sport&#8221;.<\/em><\/figcaption><\/figure><\/div>\n\n\n\n<div class=\"wp-block-image\"><figure class=\"aligncenter size-large is-resized\"><img loading=\"lazy\" decoding=\"async\" src=\"https:\/\/www.milanosiamonoi.com\/wp-content\/uploads\/2022\/02\/60.03.22-TG-AmM-Bocc-4-2.jpg\" alt=\"\" class=\"wp-image-12499\" width=\"427\" height=\"446\" srcset=\"https:\/\/www.milanosiamonoi.com\/wp-content\/uploads\/2022\/02\/60.03.22-TG-AmM-Bocc-4-2.jpg 763w, https:\/\/www.milanosiamonoi.com\/wp-content\/uploads\/2022\/02\/60.03.22-TG-AmM-Bocc-4-2-286x300.jpg 286w, https:\/\/www.milanosiamonoi.com\/wp-content\/uploads\/2022\/02\/60.03.22-TG-AmM-Bocc-4-2-95x100.jpg 95w, https:\/\/www.milanosiamonoi.com\/wp-content\/uploads\/2022\/02\/60.03.22-TG-AmM-Bocc-4-2-48x50.jpg 48w, https:\/\/www.milanosiamonoi.com\/wp-content\/uploads\/2022\/02\/60.03.22-TG-AmM-Bocc-4-2-25x25.jpg 25w, https:\/\/www.milanosiamonoi.com\/wp-content\/uploads\/2022\/02\/60.03.22-TG-AmM-Bocc-4-2-740x775.jpg 740w\" sizes=\"(max-width: 427px) 100vw, 427px\" \/><figcaption><em>Da &#8220;La Gazzetta dello Sport&#8221;.<\/em><\/figcaption><\/figure><\/div>\n\n\n\n<div class=\"wp-block-image\"><figure class=\"aligncenter size-large is-resized\"><img loading=\"lazy\" decoding=\"async\" src=\"https:\/\/www.milanosiamonoi.com\/wp-content\/uploads\/2022\/02\/60.03.23-TG-DM-AmM-1-0.jpg\" alt=\"\" class=\"wp-image-12500\" width=\"476\" height=\"665\" srcset=\"https:\/\/www.milanosiamonoi.com\/wp-content\/uploads\/2022\/02\/60.03.23-TG-DM-AmM-1-0.jpg 629w, https:\/\/www.milanosiamonoi.com\/wp-content\/uploads\/2022\/02\/60.03.23-TG-DM-AmM-1-0-214x300.jpg 214w, https:\/\/www.milanosiamonoi.com\/wp-content\/uploads\/2022\/02\/60.03.23-TG-DM-AmM-1-0-71x100.jpg 71w, https:\/\/www.milanosiamonoi.com\/wp-content\/uploads\/2022\/02\/60.03.23-TG-DM-AmM-1-0-36x50.jpg 36w, https:\/\/www.milanosiamonoi.com\/wp-content\/uploads\/2022\/02\/60.03.23-TG-DM-AmM-1-0-18x25.jpg 18w\" sizes=\"(max-width: 476px) 100vw, 476px\" \/><figcaption><em>Articolo da &#8220;La Gazzetta dello Sport&#8221;.<\/em><\/figcaption><\/figure><\/div>\n\n\n\n<p class=\"has-text-align-center\">Una vittoria a testa, Targa all&#8217;Amatori di Pier Paolo Sommariva grazie alla migliore differenza reti (+1) rispetto a Bocconi (=) e Diavoli (-1).<\/p>\n\n\n\n<figure class=\"wp-block-table\"><table><tbody><tr><td><strong><a href=\"https:\/\/www.milanosiamonoi.com\/index.php\/campionati\/dal-1950-al-1959-anni-doro\/1958-1959-amatori-mi-bocconi-e-allievi\/\">stagione precedente<\/a><\/strong><\/td><td class=\"has-text-align-right\" data-align=\"right\"><a href=\"https:\/\/www.milanosiamonoi.com\/index.php\/campionati\/dal-1960-al-1969-vs-cortina\/1960-1961-amatori-mi-ambrosiano-e-allievi\/\"><strong>stagione successiva<\/strong><\/a><\/td><\/tr><\/tbody><\/table><\/figure>\n\n\n\n<figure class=\"wp-block-table\"><table><tbody><tr><td class=\"has-text-align-center\" data-align=\"center\"><strong><a href=\"https:\/\/www.milanosiamonoi.com\/index.php\/campionati\/dal-1960-al-1969-vs-cortina\/1959-1960-diavoli-hc-milano\/\">Diavoli Milano<\/a><\/strong><\/td><\/tr><\/tbody><\/table><\/figure>\n","protected":false},"excerpt":{"rendered":"<p>Presidente Floriano Mainoldi Allenatore Carlo Signorini Ruolo Giocatori con almeno una presenza in prima squadra. P Andrea Balzani, Gino Rinaldi. D Franco Canepa, Michele Ferrante&#8230;<\/p>\n","protected":false},"author":2,"featured_media":0,"parent":1471,"menu_order":1,"comment_status":"closed","ping_status":"closed","template":"","meta":{"spay_email":"","footnotes":""},"_links":{"self":[{"href":"https:\/\/www.milanosiamonoi.com\/index.php\/wp-json\/wp\/v2\/pages\/12372"}],"collection":[{"href":"https:\/\/www.milanosiamonoi.com\/index.php\/wp-json\/wp\/v2\/pages"}],"about":[{"href":"https:\/\/www.milanosiamonoi.com\/index.php\/wp-json\/wp\/v2\/types\/page"}],"author":[{"embeddable":true,"href":"https:\/\/www.milanosiamonoi.com\/index.php\/wp-json\/wp\/v2\/users\/2"}],"replies":[{"embeddable":true,"href":"https:\/\/www.milanosiamonoi.com\/index.php\/wp-json\/wp\/v2\/comments?post=12372"}],"version-history":[{"count":85,"href":"https:\/\/www.milanosiamonoi.com\/index.php\/wp-json\/wp\/v2\/pages\/12372\/revisions"}],"predecessor-version":[{"id":14098,"href":"https:\/\/www.milanosiamonoi.com\/index.php\/wp-json\/wp\/v2\/pages\/12372\/revisions\/14098"}],"up":[{"embeddable":true,"href":"https:\/\/www.milanosiamonoi.com\/index.php\/wp-json\/wp\/v2\/pages\/1471"}],"wp:attachment":[{"href":"https:\/\/www.milanosiamonoi.com\/index.php\/wp-json\/wp\/v2\/media?parent=12372"}],"curies":[{"name":"wp","href":"https:\/\/api.w.org\/{rel}","templated":true}]}}