{"id":12120,"date":"2022-05-25T08:20:25","date_gmt":"2022-05-25T08:20:25","guid":{"rendered":"http:\/\/milanosiamonoi.com\/?page_id=12120"},"modified":"2023-05-12T16:25:38","modified_gmt":"2023-05-12T16:25:38","slug":"1959-1960-diavoli-hc-milano","status":"publish","type":"page","link":"https:\/\/www.milanosiamonoi.com\/index.php\/campionati\/dal-1960-al-1969-vs-cortina\/1959-1960-diavoli-hc-milano\/","title":{"rendered":"1959\/1960 Diavoli HC Milano"},"content":{"rendered":"\n<div class=\"wp-block-image\"><figure class=\"aligncenter size-large\"><img loading=\"lazy\" decoding=\"async\" width=\"300\" height=\"300\" src=\"https:\/\/www.milanosiamonoi.com\/wp-content\/uploads\/2021\/11\/logo-diavoli-rombo-300x300-1.jpg\" alt=\"\" class=\"wp-image-11584\" srcset=\"https:\/\/www.milanosiamonoi.com\/wp-content\/uploads\/2021\/11\/logo-diavoli-rombo-300x300-1.jpg 300w, https:\/\/www.milanosiamonoi.com\/wp-content\/uploads\/2021\/11\/logo-diavoli-rombo-300x300-1-150x150.jpg 150w, https:\/\/www.milanosiamonoi.com\/wp-content\/uploads\/2021\/11\/logo-diavoli-rombo-300x300-1-100x100.jpg 100w, https:\/\/www.milanosiamonoi.com\/wp-content\/uploads\/2021\/11\/logo-diavoli-rombo-300x300-1-50x50.jpg 50w, https:\/\/www.milanosiamonoi.com\/wp-content\/uploads\/2021\/11\/logo-diavoli-rombo-300x300-1-25x25.jpg 25w, https:\/\/www.milanosiamonoi.com\/wp-content\/uploads\/2021\/11\/logo-diavoli-rombo-300x300-1-90x90.jpg 90w\" sizes=\"(max-width: 300px) 100vw, 300px\" \/><\/figure><\/div>\n\n\n\n<figure class=\"wp-block-table aligncenter\"><table><tbody><tr><td>Presidente<\/td><td>Tullio Monzino<\/td><\/tr><tr><td>Allenatore<\/td><td>Aldo Federici<\/td><\/tr><\/tbody><\/table><\/figure>\n\n\n\n<figure class=\"wp-block-table\"><table><tbody><tr><td class=\"has-text-align-center\" data-align=\"center\">Ruolo<\/td><td><strong>Giocatori con almeno una presenza in prima squadra.<\/strong><\/td><\/tr><tr><td class=\"has-text-align-center\" data-align=\"center\">P<\/td><td>Vittorio Bolla, Paolo Marchi.<\/td><\/tr><tr><td class=\"has-text-align-center\" data-align=\"center\">D<\/td><td>Mario Bedogni (C), Toto Guccione, Igino Larese Fece, Gerry Watson.<\/td><\/tr><tr><td class=\"has-text-align-center\" data-align=\"center\">A<\/td><td>Giancarlo Agazzi, Giampiero Branduardi, Tino Crotti, Gilberto Nardi, Enzo Poire, Edmund Rabanser.<\/td><\/tr><tr><td class=\"has-text-align-center\" data-align=\"center\">Rinforzi<\/td><td>A. e GF. Da Rin, Bruno Frison, Nebby Thrasher, Carmine Tucci (Cortina), Alfred Coletti (Bolzano), Bernardo Tomei (Auronzo), Giovanni Ceserani, Renato Rossi (Amatori Milano), Ernesto Paracchini (Bocconi), Giffin.<\/td><\/tr><\/tbody><\/table><\/figure>\n\n\n\n<p class=\"has-text-align-center\">La maggiore novit\u00e0 \u00e8 il cambio al vertice del club, Mario Lucioni cede la massima carica a Tullio Monzino. Lucioni funge da vice, mentre il consiglio direttivo \u00e8 formato da Parisio, Bestagini, Franco Rossi e Dionisi. Cambia anche l&#8217;allenatore, la squadra viene affidata ad Aldo Federici che dovr\u00e0 fare a meno di Alfredo Coletti. Il forte attaccante nativo di Sault St. Marie non \u00e8 stato confermato, ma rimane in Italia e si accasa al Bolzano. Voci di corridoio riferiscono che i troppi infortuni patiti nelle tre stagioni passate a Milano abbiano pesato non poco sulla decisione di non rinnovargli il contratto d&#8217;ingaggio. Sempre altre voci parlano invece di proposta bolzanina pi\u00f9 appetitosa e dirigenza Diavoli pi\u00f9 propensa al risparmio. Sta di fatto che la stagione inizia senza straniero e senza &#8220;italo&#8221;, si studier\u00e0 con calma chi inserire nell&#8217;organico, c&#8217;\u00e8 tempo fino a met\u00e0 dicembre quando comincer\u00e0 il campionato. Se si esclude il ritorno di Paolo Marchi, scudettato con il Milaninter HC, il solo volto nuovo della rosa \u00e8 quello del giovanissimo Enzo Poire cresciuto negli allievi di Federici e voluto dal nuovo allenatore subito in prima squadra.<\/p>\n\n\n\n<figure class=\"wp-block-table aligncenter\"><table><tbody><tr><td><strong>1959<\/strong><\/td><td><strong>Chamonix &#8211; Partite amichevoli<\/strong><\/td><td class=\"has-text-align-center\" data-align=\"center\">Risultato<\/td><\/tr><tr><td>13 luglio<\/td><td>Chamonix-Diavoli Milano<\/td><td class=\"has-text-align-center\" data-align=\"center\">8-6<\/td><\/tr><tr><td>14 luglio<\/td><td>Chamonix-Diavoli Milano<\/td><td class=\"has-text-align-center\" data-align=\"center\">8-7<\/td><\/tr><\/tbody><\/table><\/figure>\n\n\n\n<div class=\"wp-block-image\"><figure class=\"aligncenter size-large is-resized\"><img loading=\"lazy\" decoding=\"async\" src=\"https:\/\/www.milanosiamonoi.com\/wp-content\/uploads\/2022\/03\/59.07.-Chamo-DM-d-HH.jpg\" alt=\"\" class=\"wp-image-12582\" width=\"543\" height=\"400\" srcset=\"https:\/\/www.milanosiamonoi.com\/wp-content\/uploads\/2022\/03\/59.07.-Chamo-DM-d-HH.jpg 578w, https:\/\/www.milanosiamonoi.com\/wp-content\/uploads\/2022\/03\/59.07.-Chamo-DM-d-HH-300x221.jpg 300w, https:\/\/www.milanosiamonoi.com\/wp-content\/uploads\/2022\/03\/59.07.-Chamo-DM-d-HH-100x74.jpg 100w, https:\/\/www.milanosiamonoi.com\/wp-content\/uploads\/2022\/03\/59.07.-Chamo-DM-d-HH-50x37.jpg 50w, https:\/\/www.milanosiamonoi.com\/wp-content\/uploads\/2022\/03\/59.07.-Chamo-DM-d-HH-25x18.jpg 25w\" sizes=\"(max-width: 543px) 100vw, 543px\" \/><figcaption><em>Tino Crotti.<\/em><\/figcaption><\/figure><\/div>\n\n\n\n<div class=\"wp-block-image\"><figure class=\"aligncenter size-large is-resized\"><img loading=\"lazy\" decoding=\"async\" src=\"https:\/\/www.milanosiamonoi.com\/wp-content\/uploads\/2022\/03\/59.07.-foto-Chamo-DM-c-HH.jpg\" alt=\"\" class=\"wp-image-12584\" width=\"545\" height=\"310\" srcset=\"https:\/\/www.milanosiamonoi.com\/wp-content\/uploads\/2022\/03\/59.07.-foto-Chamo-DM-c-HH.jpg 566w, https:\/\/www.milanosiamonoi.com\/wp-content\/uploads\/2022\/03\/59.07.-foto-Chamo-DM-c-HH-300x171.jpg 300w, https:\/\/www.milanosiamonoi.com\/wp-content\/uploads\/2022\/03\/59.07.-foto-Chamo-DM-c-HH-100x57.jpg 100w, https:\/\/www.milanosiamonoi.com\/wp-content\/uploads\/2022\/03\/59.07.-foto-Chamo-DM-c-HH-50x28.jpg 50w, https:\/\/www.milanosiamonoi.com\/wp-content\/uploads\/2022\/03\/59.07.-foto-Chamo-DM-c-HH-25x14.jpg 25w\" sizes=\"(max-width: 545px) 100vw, 545px\" \/><figcaption><em>Gianpiero Branduardi.<\/em><\/figcaption><\/figure><\/div>\n\n\n\n<div class=\"wp-block-image\"><figure class=\"aligncenter size-large is-resized\"><img loading=\"lazy\" decoding=\"async\" src=\"https:\/\/www.milanosiamonoi.com\/wp-content\/uploads\/2022\/03\/59.07.13-foto-Chamo-DM-a-HH.jpg\" alt=\"\" class=\"wp-image-12585\" width=\"554\" height=\"413\" srcset=\"https:\/\/www.milanosiamonoi.com\/wp-content\/uploads\/2022\/03\/59.07.13-foto-Chamo-DM-a-HH.jpg 566w, https:\/\/www.milanosiamonoi.com\/wp-content\/uploads\/2022\/03\/59.07.13-foto-Chamo-DM-a-HH-300x224.jpg 300w, https:\/\/www.milanosiamonoi.com\/wp-content\/uploads\/2022\/03\/59.07.13-foto-Chamo-DM-a-HH-100x75.jpg 100w, https:\/\/www.milanosiamonoi.com\/wp-content\/uploads\/2022\/03\/59.07.13-foto-Chamo-DM-a-HH-50x37.jpg 50w, https:\/\/www.milanosiamonoi.com\/wp-content\/uploads\/2022\/03\/59.07.13-foto-Chamo-DM-a-HH-25x19.jpg 25w\" sizes=\"(max-width: 554px) 100vw, 554px\" \/><figcaption><em>Mario Bedogni in una fase animata dei match a Chamonix.<\/em><\/figcaption><\/figure><\/div>\n\n\n\n<p class=\"has-text-align-center\">Nazionale subito in azione. Billy Cupolo ha aperto un garage in Canada con il fratello e ha deciso di non accettare l&#8217;offerta FISG per un contratto di quattro mesi. Carmine Tucci dirige gli allenamenti , il ruolo di ct affidato al cortinese Claudio Apollonio. Incontri con i tedeschi dell&#8217;ovest troppo presto, quasi per fare loro un favore in quanto desiderano partecipare ai Giochi di Squaw Valley. Gli azzurri non ci saranno, il CONI ha respinto la richiesta della FISG che avrebbe invece voluto prenderne parte.<\/p>\n\n\n\n<div class=\"wp-block-image\"><figure class=\"aligncenter size-large is-resized\"><img loading=\"lazy\" decoding=\"async\" src=\"https:\/\/www.milanosiamonoi.com\/wp-content\/uploads\/2022\/02\/59.10.21-Ger-Ita-6-4-sk-1.jpg\" alt=\"\" class=\"wp-image-12138\" width=\"558\" height=\"305\" srcset=\"https:\/\/www.milanosiamonoi.com\/wp-content\/uploads\/2022\/02\/59.10.21-Ger-Ita-6-4-sk-1.jpg 836w, https:\/\/www.milanosiamonoi.com\/wp-content\/uploads\/2022\/02\/59.10.21-Ger-Ita-6-4-sk-1-300x164.jpg 300w, https:\/\/www.milanosiamonoi.com\/wp-content\/uploads\/2022\/02\/59.10.21-Ger-Ita-6-4-sk-1-768x420.jpg 768w, https:\/\/www.milanosiamonoi.com\/wp-content\/uploads\/2022\/02\/59.10.21-Ger-Ita-6-4-sk-1-100x55.jpg 100w, https:\/\/www.milanosiamonoi.com\/wp-content\/uploads\/2022\/02\/59.10.21-Ger-Ita-6-4-sk-1-50x27.jpg 50w, https:\/\/www.milanosiamonoi.com\/wp-content\/uploads\/2022\/02\/59.10.21-Ger-Ita-6-4-sk-1-25x14.jpg 25w, https:\/\/www.milanosiamonoi.com\/wp-content\/uploads\/2022\/02\/59.10.21-Ger-Ita-6-4-sk-1-740x405.jpg 740w\" sizes=\"(max-width: 558px) 100vw, 558px\" \/><\/figure><\/div>\n\n\n\n<div class=\"wp-block-image\"><figure class=\"aligncenter size-large is-resized\"><img loading=\"lazy\" decoding=\"async\" src=\"https:\/\/www.milanosiamonoi.com\/wp-content\/uploads\/2022\/02\/59.10.22-Ger-Ita-7-1-sk.jpg\" alt=\"\" class=\"wp-image-12136\" width=\"565\" height=\"309\" srcset=\"https:\/\/www.milanosiamonoi.com\/wp-content\/uploads\/2022\/02\/59.10.22-Ger-Ita-7-1-sk.jpg 836w, https:\/\/www.milanosiamonoi.com\/wp-content\/uploads\/2022\/02\/59.10.22-Ger-Ita-7-1-sk-300x164.jpg 300w, https:\/\/www.milanosiamonoi.com\/wp-content\/uploads\/2022\/02\/59.10.22-Ger-Ita-7-1-sk-768x420.jpg 768w, https:\/\/www.milanosiamonoi.com\/wp-content\/uploads\/2022\/02\/59.10.22-Ger-Ita-7-1-sk-100x55.jpg 100w, https:\/\/www.milanosiamonoi.com\/wp-content\/uploads\/2022\/02\/59.10.22-Ger-Ita-7-1-sk-50x27.jpg 50w, https:\/\/www.milanosiamonoi.com\/wp-content\/uploads\/2022\/02\/59.10.22-Ger-Ita-7-1-sk-25x14.jpg 25w, https:\/\/www.milanosiamonoi.com\/wp-content\/uploads\/2022\/02\/59.10.22-Ger-Ita-7-1-sk-740x405.jpg 740w\" sizes=\"(max-width: 565px) 100vw, 565px\" \/><\/figure><\/div>\n\n\n\n<p class=\"has-text-align-center\">Gli azzurri giocano una terza partita a Innsbruck come Selezione Italiana, imponendosi (7-6) sulla formazione locale. Al ritorno in Italia per i Diavoli inizia la stagione internazionale, nelle amichevoli e nei tornei (Coppe Schaefer e Pavoni) biancorossi rinforzati da elementi del Cortina. Nei primi tre match Paolo Marchi sostituisce l&#8217;indisposto Bolla. Nella gara con gli svedesi in pista anche un certo Giffin di cui si perdono subito le tracce.<\/p>\n\n\n\n<div class=\"wp-block-image\"><figure class=\"aligncenter size-large\"><img loading=\"lazy\" decoding=\"async\" width=\"652\" height=\"211\" src=\"https:\/\/www.milanosiamonoi.com\/wp-content\/uploads\/2022\/02\/59.11.11-Prima-DM-senza-canadesi.jpg\" alt=\"\" class=\"wp-image-12144\" srcset=\"https:\/\/www.milanosiamonoi.com\/wp-content\/uploads\/2022\/02\/59.11.11-Prima-DM-senza-canadesi.jpg 652w, https:\/\/www.milanosiamonoi.com\/wp-content\/uploads\/2022\/02\/59.11.11-Prima-DM-senza-canadesi-300x97.jpg 300w, https:\/\/www.milanosiamonoi.com\/wp-content\/uploads\/2022\/02\/59.11.11-Prima-DM-senza-canadesi-100x32.jpg 100w, https:\/\/www.milanosiamonoi.com\/wp-content\/uploads\/2022\/02\/59.11.11-Prima-DM-senza-canadesi-50x16.jpg 50w, https:\/\/www.milanosiamonoi.com\/wp-content\/uploads\/2022\/02\/59.11.11-Prima-DM-senza-canadesi-25x8.jpg 25w\" sizes=\"(max-width: 652px) 100vw, 652px\" \/><\/figure><\/div>\n\n\n\n<div class=\"wp-block-image\"><figure class=\"aligncenter size-large\"><img loading=\"lazy\" decoding=\"async\" width=\"414\" height=\"473\" src=\"https:\/\/www.milanosiamonoi.com\/wp-content\/uploads\/2022\/02\/59.11.13-DM-Alfreds-IK-8-7-corsera.png\" alt=\"\" class=\"wp-image-12145\" srcset=\"https:\/\/www.milanosiamonoi.com\/wp-content\/uploads\/2022\/02\/59.11.13-DM-Alfreds-IK-8-7-corsera.png 414w, https:\/\/www.milanosiamonoi.com\/wp-content\/uploads\/2022\/02\/59.11.13-DM-Alfreds-IK-8-7-corsera-263x300.png 263w, https:\/\/www.milanosiamonoi.com\/wp-content\/uploads\/2022\/02\/59.11.13-DM-Alfreds-IK-8-7-corsera-88x100.png 88w, https:\/\/www.milanosiamonoi.com\/wp-content\/uploads\/2022\/02\/59.11.13-DM-Alfreds-IK-8-7-corsera-44x50.png 44w, https:\/\/www.milanosiamonoi.com\/wp-content\/uploads\/2022\/02\/59.11.13-DM-Alfreds-IK-8-7-corsera-22x25.png 22w\" sizes=\"(max-width: 414px) 100vw, 414px\" \/><figcaption><em>Articolo da &#8220;Il Corriere della Sera&#8221;.<\/em><\/figcaption><\/figure><\/div>\n\n\n\n<figure class=\"wp-block-table\"><table><tbody><tr><td><strong>1959<\/strong><\/td><td><strong>Partite amichevoli<\/strong><\/td><td>Risultato<\/td><\/tr><tr><td>Milano, 13 novembre<\/td><td>Diavoli Milano-Alfredshem IK<\/td><td>8-7 (1-2; 3-3; 4-2)<\/td><\/tr><tr><td>Neuchatel, 19 novembre<\/td><td>NE Young Sprinters-Diavoli Milano<\/td><td>4-4 (2-2; 2-1; 0-1)<\/td><\/tr><\/tbody><\/table><\/figure>\n\n\n\n<div class=\"wp-block-image\"><figure class=\"aligncenter size-large is-resized\"><img loading=\"lazy\" decoding=\"async\" src=\"https:\/\/www.milanosiamonoi.com\/wp-content\/uploads\/2022\/02\/59.11.19-Ne-YS-DM-4-4.jpg\" alt=\"\" class=\"wp-image-12146\" width=\"291\" height=\"625\" srcset=\"https:\/\/www.milanosiamonoi.com\/wp-content\/uploads\/2022\/02\/59.11.19-Ne-YS-DM-4-4.jpg 304w, https:\/\/www.milanosiamonoi.com\/wp-content\/uploads\/2022\/02\/59.11.19-Ne-YS-DM-4-4-139x300.jpg 139w, https:\/\/www.milanosiamonoi.com\/wp-content\/uploads\/2022\/02\/59.11.19-Ne-YS-DM-4-4-46x100.jpg 46w, https:\/\/www.milanosiamonoi.com\/wp-content\/uploads\/2022\/02\/59.11.19-Ne-YS-DM-4-4-23x50.jpg 23w, https:\/\/www.milanosiamonoi.com\/wp-content\/uploads\/2022\/02\/59.11.19-Ne-YS-DM-4-4-12x25.jpg 12w\" sizes=\"(max-width: 291px) 100vw, 291px\" \/><figcaption><em>Articolo da &#8220;La Gazzetta dello Sport&#8221;.<\/em><\/figcaption><\/figure><\/div>\n\n\n\n<figure class=\"wp-block-table aligncenter\"><table><tbody><tr><td><strong>1959<\/strong><\/td><td><strong>Losanna &#8211; Coppa Schaefer &#8211; Semifinali<\/strong><\/td><td>Risultato<\/td><\/tr><tr><td>21 novembre<\/td><td>ACBB-Diavoli Milano<\/td><td>4-3 (3-3; 1-0; 0-0)<\/td><\/tr><tr><td><\/td><td>Losanna-RCAF <\/td><td>6-7 (1-4; 4-0; 1-3)<\/td><\/tr><tr><td>22 novembre<\/td><td><strong>Finale 3\u00b0 posto<\/strong><\/td><td><\/td><\/tr><tr><td><\/td><td>Losanna-Diavoli Milano<\/td><td>6-10 (1-2; 3-6; 2-2)<\/td><\/tr><tr><td><\/td><td><strong>Finale 1\u00b0 posto<\/strong><\/td><td><\/td><\/tr><tr><td><\/td><td>RCAF-ACBB<\/td><td>6-4 (3-2; 2-0; 1-2)<\/td><\/tr><\/tbody><\/table><\/figure>\n\n\n\n<div class=\"wp-block-image\"><figure class=\"aligncenter size-large is-resized\"><img loading=\"lazy\" decoding=\"async\" src=\"https:\/\/www.milanosiamonoi.com\/wp-content\/uploads\/2022\/02\/59.11.21-ACBB-DM-4-3-LaTribune-Ls.jpg\" alt=\"\" class=\"wp-image-12161\" width=\"570\" height=\"326\" srcset=\"https:\/\/www.milanosiamonoi.com\/wp-content\/uploads\/2022\/02\/59.11.21-ACBB-DM-4-3-LaTribune-Ls.jpg 722w, https:\/\/www.milanosiamonoi.com\/wp-content\/uploads\/2022\/02\/59.11.21-ACBB-DM-4-3-LaTribune-Ls-300x172.jpg 300w, https:\/\/www.milanosiamonoi.com\/wp-content\/uploads\/2022\/02\/59.11.21-ACBB-DM-4-3-LaTribune-Ls-100x57.jpg 100w, https:\/\/www.milanosiamonoi.com\/wp-content\/uploads\/2022\/02\/59.11.21-ACBB-DM-4-3-LaTribune-Ls-50x29.jpg 50w, https:\/\/www.milanosiamonoi.com\/wp-content\/uploads\/2022\/02\/59.11.21-ACBB-DM-4-3-LaTribune-Ls-25x14.jpg 25w\" sizes=\"(max-width: 570px) 100vw, 570px\" \/><\/figure><\/div>\n\n\n\n<div class=\"wp-block-image\"><figure class=\"aligncenter size-large is-resized\"><img loading=\"lazy\" decoding=\"async\" src=\"https:\/\/www.milanosiamonoi.com\/wp-content\/uploads\/2022\/02\/59.11.22-Ls-DM-6-10-TribLs.png\" alt=\"\" class=\"wp-image-12162\" width=\"568\" height=\"339\" srcset=\"https:\/\/www.milanosiamonoi.com\/wp-content\/uploads\/2022\/02\/59.11.22-Ls-DM-6-10-TribLs.png 807w, https:\/\/www.milanosiamonoi.com\/wp-content\/uploads\/2022\/02\/59.11.22-Ls-DM-6-10-TribLs-300x179.png 300w, https:\/\/www.milanosiamonoi.com\/wp-content\/uploads\/2022\/02\/59.11.22-Ls-DM-6-10-TribLs-768x459.png 768w, https:\/\/www.milanosiamonoi.com\/wp-content\/uploads\/2022\/02\/59.11.22-Ls-DM-6-10-TribLs-100x60.png 100w, https:\/\/www.milanosiamonoi.com\/wp-content\/uploads\/2022\/02\/59.11.22-Ls-DM-6-10-TribLs-50x30.png 50w, https:\/\/www.milanosiamonoi.com\/wp-content\/uploads\/2022\/02\/59.11.22-Ls-DM-6-10-TribLs-25x15.png 25w, https:\/\/www.milanosiamonoi.com\/wp-content\/uploads\/2022\/02\/59.11.22-Ls-DM-6-10-TribLs-740x442.png 740w\" sizes=\"(max-width: 568px) 100vw, 568px\" \/><figcaption><em>Articoli da &#8220;La Tribune de Lausanne&#8221;.<\/em><\/figcaption><\/figure><\/div>\n\n\n\n<p class=\"has-text-align-center\">Diavoli sempre in attesa dei canadesi, nelle prossime amichevoli e nella Coppa Pavoni ancora presenti tre rinforzi cortinesi. In ambito federale il presidente Enrico Calcaterra crea e presiede la Commissione Nazionale Arbitri di hockey su ghiaccio, gli altri due membri sono Ernesto Iscaki e Sigfrido Mech.<\/p>\n\n\n\n<figure class=\"wp-block-table aligncenter\"><table><tbody><tr><td><strong>1959<\/strong><\/td><td><strong>Milano &#8211; Partite amichevoli<\/strong><\/td><td>Risultato<\/td><\/tr><tr><td>25 novembre<\/td><td>Diavoli Milano-Rapp. Helsinki<\/td><td>10-5 (4-0; 4-2; 2-3)<\/td><\/tr><tr><td>4 dicembre<\/td><td>Diavoli Milano-ACBB<\/td><td>5-3 (4-1; 1-0; 0-2)<\/td><\/tr><\/tbody><\/table><\/figure>\n\n\n\n<div class=\"wp-block-image\"><figure class=\"aligncenter size-large\"><img loading=\"lazy\" decoding=\"async\" width=\"561\" height=\"504\" src=\"https:\/\/www.milanosiamonoi.com\/wp-content\/uploads\/2022\/02\/59.11.26-DM-Hel-10-5-parziale-sist..jpg\" alt=\"\" class=\"wp-image-12164\" srcset=\"https:\/\/www.milanosiamonoi.com\/wp-content\/uploads\/2022\/02\/59.11.26-DM-Hel-10-5-parziale-sist..jpg 561w, https:\/\/www.milanosiamonoi.com\/wp-content\/uploads\/2022\/02\/59.11.26-DM-Hel-10-5-parziale-sist.-300x270.jpg 300w, https:\/\/www.milanosiamonoi.com\/wp-content\/uploads\/2022\/02\/59.11.26-DM-Hel-10-5-parziale-sist.-100x90.jpg 100w, https:\/\/www.milanosiamonoi.com\/wp-content\/uploads\/2022\/02\/59.11.26-DM-Hel-10-5-parziale-sist.-50x45.jpg 50w, https:\/\/www.milanosiamonoi.com\/wp-content\/uploads\/2022\/02\/59.11.26-DM-Hel-10-5-parziale-sist.-25x22.jpg 25w\" sizes=\"(max-width: 561px) 100vw, 561px\" \/><figcaption><em>Parte articolo<\/em> <em>da &#8220;La Gazzetta dello Sport&#8221;.<\/em><\/figcaption><\/figure><\/div>\n\n\n\n<div class=\"wp-block-image\"><figure class=\"aligncenter size-large is-resized\"><img loading=\"lazy\" decoding=\"async\" src=\"https:\/\/www.milanosiamonoi.com\/wp-content\/uploads\/2022\/02\/59.12.04-DM-Acbb-5-3-tagliato.jpg\" alt=\"\" class=\"wp-image-12165\" width=\"533\" height=\"438\" srcset=\"https:\/\/www.milanosiamonoi.com\/wp-content\/uploads\/2022\/02\/59.12.04-DM-Acbb-5-3-tagliato.jpg 667w, https:\/\/www.milanosiamonoi.com\/wp-content\/uploads\/2022\/02\/59.12.04-DM-Acbb-5-3-tagliato-300x247.jpg 300w, https:\/\/www.milanosiamonoi.com\/wp-content\/uploads\/2022\/02\/59.12.04-DM-Acbb-5-3-tagliato-100x82.jpg 100w, https:\/\/www.milanosiamonoi.com\/wp-content\/uploads\/2022\/02\/59.12.04-DM-Acbb-5-3-tagliato-50x41.jpg 50w, https:\/\/www.milanosiamonoi.com\/wp-content\/uploads\/2022\/02\/59.12.04-DM-Acbb-5-3-tagliato-25x21.jpg 25w\" sizes=\"(max-width: 533px) 100vw, 533px\" \/><figcaption><em>Parte articolo<\/em> <em>da &#8220;La Gazzetta dello Sport&#8221;.<\/em><\/figcaption><\/figure><\/div>\n\n\n\n<figure class=\"wp-block-table aligncenter\"><table><tbody><tr><td><strong>1959<\/strong><\/td><td><strong>Bolzano &#8211; IV Coppa Pavoni<\/strong> &#8211; <strong>Semifinali<\/strong><\/td><td>Risultato<\/td><\/tr><tr><td>6 dicembre<\/td><td>Innsbruck EV-Diavoli Milano<\/td><td>7-4 (1-3; 4-1; 2-0)<\/td><\/tr><tr><td><\/td><td>Bolzano-Chamonix<\/td><td>6-2 (3-2; 2-0; 1-0)<\/td><\/tr><\/tbody><\/table><\/figure>\n\n\n\n<div class=\"wp-block-image\"><figure class=\"aligncenter size-large\"><img loading=\"lazy\" decoding=\"async\" width=\"438\" height=\"619\" src=\"https:\/\/www.milanosiamonoi.com\/wp-content\/uploads\/2022\/02\/59.12.06-Innsb-DM-7-4-Pavoni-tab.jpg\" alt=\"\" class=\"wp-image-12185\" srcset=\"https:\/\/www.milanosiamonoi.com\/wp-content\/uploads\/2022\/02\/59.12.06-Innsb-DM-7-4-Pavoni-tab.jpg 438w, https:\/\/www.milanosiamonoi.com\/wp-content\/uploads\/2022\/02\/59.12.06-Innsb-DM-7-4-Pavoni-tab-212x300.jpg 212w, https:\/\/www.milanosiamonoi.com\/wp-content\/uploads\/2022\/02\/59.12.06-Innsb-DM-7-4-Pavoni-tab-71x100.jpg 71w, https:\/\/www.milanosiamonoi.com\/wp-content\/uploads\/2022\/02\/59.12.06-Innsb-DM-7-4-Pavoni-tab-35x50.jpg 35w, https:\/\/www.milanosiamonoi.com\/wp-content\/uploads\/2022\/02\/59.12.06-Innsb-DM-7-4-Pavoni-tab-18x25.jpg 18w\" sizes=\"(max-width: 438px) 100vw, 438px\" \/><figcaption><em>Da &#8220;La Gazzetta dello Sport&#8221;.<\/em><\/figcaption><\/figure><\/div>\n\n\n\n<figure class=\"wp-block-table aligncenter\"><table><tbody><tr><td><strong>7 dicembre 1959<\/strong><\/td><td><strong>Bolzano &#8211; IV Coppa Pavoni<\/strong> <\/td><td>Risultato<\/td><\/tr><tr><td><\/td><td><strong>Finale 3\u00b0 posto<\/strong><\/td><td><\/td><\/tr><tr><td><\/td><td>Diavoli Milano-Chamonix<\/td><td>5-2 (2-0; 1-2; 2-0)<\/td><\/tr><tr><td><\/td><td><strong>Finale 1\u00b0 posto<\/strong><\/td><td><\/td><\/tr><tr><td><\/td><td>Bolzano-Innsbruck EV<\/td><td>2-1 (IEV ritirato)<\/td><\/tr><\/tbody><\/table><\/figure>\n\n\n\n<div class=\"wp-block-image\"><figure class=\"aligncenter size-large is-resized\"><img loading=\"lazy\" decoding=\"async\" src=\"https:\/\/www.milanosiamonoi.com\/wp-content\/uploads\/2022\/02\/59.12.07-Bz-Innsb-Pavo-Adige-a-1024x345.jpg\" alt=\"\" class=\"wp-image-12186\" width=\"546\" height=\"184\" srcset=\"https:\/\/www.milanosiamonoi.com\/wp-content\/uploads\/2022\/02\/59.12.07-Bz-Innsb-Pavo-Adige-a-1024x345.jpg 1024w, https:\/\/www.milanosiamonoi.com\/wp-content\/uploads\/2022\/02\/59.12.07-Bz-Innsb-Pavo-Adige-a-300x101.jpg 300w, https:\/\/www.milanosiamonoi.com\/wp-content\/uploads\/2022\/02\/59.12.07-Bz-Innsb-Pavo-Adige-a-768x259.jpg 768w, https:\/\/www.milanosiamonoi.com\/wp-content\/uploads\/2022\/02\/59.12.07-Bz-Innsb-Pavo-Adige-a-100x34.jpg 100w, https:\/\/www.milanosiamonoi.com\/wp-content\/uploads\/2022\/02\/59.12.07-Bz-Innsb-Pavo-Adige-a-50x17.jpg 50w, https:\/\/www.milanosiamonoi.com\/wp-content\/uploads\/2022\/02\/59.12.07-Bz-Innsb-Pavo-Adige-a-25x8.jpg 25w, https:\/\/www.milanosiamonoi.com\/wp-content\/uploads\/2022\/02\/59.12.07-Bz-Innsb-Pavo-Adige-a-740x249.jpg 740w, https:\/\/www.milanosiamonoi.com\/wp-content\/uploads\/2022\/02\/59.12.07-Bz-Innsb-Pavo-Adige-a.jpg 1033w\" sizes=\"(max-width: 546px) 100vw, 546px\" \/><figcaption><em>Titolo articolo da &#8220;L&#8217;Adige&#8221;.<\/em><\/figcaption><\/figure><\/div>\n\n\n\n<p class=\"has-text-align-center\">Al 15&#8242; del primo tempo, dopo che l&#8217;arbitro Augusto Gerosa fischiava per sanzionare un grave fallo di un difensore austriaco ai danni di Coletti (trasportato all&#8217;ospedale), i giocatori dell&#8217;Innsbruck continuavano a giocare e realizzavano una rete chiaramente irregolare. Gli arbitri non concedevano il gol e la squadra ospite abbandonava il ghiaccio. Per soddisfare i 4000 presenti, la squadra tirolese si ripresentava, ma esprimendo un gioco decisamente falloso: pugilato e match sospeso definitivamente. Primi giorni dicembrini dedicati alla Nazionale, doppia sfida con la Svizzera (Milano e Ambr\u00ec), assente Coletti per lussazione alla mascella causata dalla terribile carica subita nel match con l&#8217;Innsbruck EV.<\/p>\n\n\n\n<div class=\"wp-block-image\"><figure class=\"aligncenter size-large is-resized\"><img loading=\"lazy\" decoding=\"async\" src=\"https:\/\/www.milanosiamonoi.com\/wp-content\/uploads\/2022\/02\/59.12.08-Svizzeri-ottimisti.jpg\" alt=\"\" class=\"wp-image-12195\" width=\"526\" height=\"184\" srcset=\"https:\/\/www.milanosiamonoi.com\/wp-content\/uploads\/2022\/02\/59.12.08-Svizzeri-ottimisti.jpg 793w, https:\/\/www.milanosiamonoi.com\/wp-content\/uploads\/2022\/02\/59.12.08-Svizzeri-ottimisti-300x105.jpg 300w, https:\/\/www.milanosiamonoi.com\/wp-content\/uploads\/2022\/02\/59.12.08-Svizzeri-ottimisti-768x269.jpg 768w, https:\/\/www.milanosiamonoi.com\/wp-content\/uploads\/2022\/02\/59.12.08-Svizzeri-ottimisti-100x35.jpg 100w, https:\/\/www.milanosiamonoi.com\/wp-content\/uploads\/2022\/02\/59.12.08-Svizzeri-ottimisti-50x18.jpg 50w, https:\/\/www.milanosiamonoi.com\/wp-content\/uploads\/2022\/02\/59.12.08-Svizzeri-ottimisti-25x9.jpg 25w, https:\/\/www.milanosiamonoi.com\/wp-content\/uploads\/2022\/02\/59.12.08-Svizzeri-ottimisti-740x259.jpg 740w\" sizes=\"(max-width: 526px) 100vw, 526px\" \/><\/figure><\/div>\n\n\n\n<figure class=\"wp-block-image size-large\"><img loading=\"lazy\" decoding=\"async\" width=\"723\" height=\"438\" src=\"https:\/\/www.milanosiamonoi.com\/wp-content\/uploads\/2022\/02\/59.12.11-Ita-Svi-3-4-Corrieresera.jpg\" alt=\"\" class=\"wp-image-12196\" srcset=\"https:\/\/www.milanosiamonoi.com\/wp-content\/uploads\/2022\/02\/59.12.11-Ita-Svi-3-4-Corrieresera.jpg 723w, https:\/\/www.milanosiamonoi.com\/wp-content\/uploads\/2022\/02\/59.12.11-Ita-Svi-3-4-Corrieresera-300x182.jpg 300w, https:\/\/www.milanosiamonoi.com\/wp-content\/uploads\/2022\/02\/59.12.11-Ita-Svi-3-4-Corrieresera-100x61.jpg 100w, https:\/\/www.milanosiamonoi.com\/wp-content\/uploads\/2022\/02\/59.12.11-Ita-Svi-3-4-Corrieresera-50x30.jpg 50w, https:\/\/www.milanosiamonoi.com\/wp-content\/uploads\/2022\/02\/59.12.11-Ita-Svi-3-4-Corrieresera-25x15.jpg 25w\" sizes=\"(max-width: 723px) 100vw, 723px\" \/><figcaption><em>Articolo da &#8220;Il Corriere della Sera&#8221;.<\/em><\/figcaption><\/figure>\n\n\n\n<div class=\"wp-block-image\"><figure class=\"aligncenter size-large is-resized\"><img loading=\"lazy\" decoding=\"async\" src=\"https:\/\/www.milanosiamonoi.com\/wp-content\/uploads\/2022\/02\/59.12.13-Svi-Ita-3-6-PopLib.png\" alt=\"\" class=\"wp-image-12200\" width=\"482\" height=\"661\" srcset=\"https:\/\/www.milanosiamonoi.com\/wp-content\/uploads\/2022\/02\/59.12.13-Svi-Ita-3-6-PopLib.png 501w, https:\/\/www.milanosiamonoi.com\/wp-content\/uploads\/2022\/02\/59.12.13-Svi-Ita-3-6-PopLib-219x300.png 219w, https:\/\/www.milanosiamonoi.com\/wp-content\/uploads\/2022\/02\/59.12.13-Svi-Ita-3-6-PopLib-73x100.png 73w, https:\/\/www.milanosiamonoi.com\/wp-content\/uploads\/2022\/02\/59.12.13-Svi-Ita-3-6-PopLib-36x50.png 36w, https:\/\/www.milanosiamonoi.com\/wp-content\/uploads\/2022\/02\/59.12.13-Svi-Ita-3-6-PopLib-18x25.png 18w\" sizes=\"(max-width: 482px) 100vw, 482px\" \/><figcaption><em>Articolo da &#8220;Il Popolo e Libert\u00e0&#8221;<\/em><\/figcaption><\/figure><\/div>\n\n\n\n<div class=\"wp-block-image\"><figure class=\"aligncenter size-large\"><img loading=\"lazy\" decoding=\"async\" width=\"341\" height=\"413\" src=\"https:\/\/www.milanosiamonoi.com\/wp-content\/uploads\/2022\/02\/59.12.13-foto-Svi-Ita-3-6-GdPop.png\" alt=\"\" class=\"wp-image-12197\" srcset=\"https:\/\/www.milanosiamonoi.com\/wp-content\/uploads\/2022\/02\/59.12.13-foto-Svi-Ita-3-6-GdPop.png 341w, https:\/\/www.milanosiamonoi.com\/wp-content\/uploads\/2022\/02\/59.12.13-foto-Svi-Ita-3-6-GdPop-248x300.png 248w, https:\/\/www.milanosiamonoi.com\/wp-content\/uploads\/2022\/02\/59.12.13-foto-Svi-Ita-3-6-GdPop-83x100.png 83w, https:\/\/www.milanosiamonoi.com\/wp-content\/uploads\/2022\/02\/59.12.13-foto-Svi-Ita-3-6-GdPop-41x50.png 41w, https:\/\/www.milanosiamonoi.com\/wp-content\/uploads\/2022\/02\/59.12.13-foto-Svi-Ita-3-6-GdPop-21x25.png 21w\" sizes=\"(max-width: 341px) 100vw, 341px\" \/><figcaption><em>Foto da &#8220;Il Giornale del Popolo&#8221;.<\/em><\/figcaption><\/figure><\/div>\n\n\n\n<div class=\"wp-block-image\"><figure class=\"aligncenter size-large is-resized\"><img loading=\"lazy\" decoding=\"async\" src=\"https:\/\/www.milanosiamonoi.com\/wp-content\/uploads\/2022\/02\/59.12.13-foto-Svi-Ita-3-6-IllTici.png\" alt=\"\" class=\"wp-image-12198\" width=\"553\" height=\"402\" srcset=\"https:\/\/www.milanosiamonoi.com\/wp-content\/uploads\/2022\/02\/59.12.13-foto-Svi-Ita-3-6-IllTici.png 829w, https:\/\/www.milanosiamonoi.com\/wp-content\/uploads\/2022\/02\/59.12.13-foto-Svi-Ita-3-6-IllTici-300x219.png 300w, https:\/\/www.milanosiamonoi.com\/wp-content\/uploads\/2022\/02\/59.12.13-foto-Svi-Ita-3-6-IllTici-768x560.png 768w, https:\/\/www.milanosiamonoi.com\/wp-content\/uploads\/2022\/02\/59.12.13-foto-Svi-Ita-3-6-IllTici-100x73.png 100w, https:\/\/www.milanosiamonoi.com\/wp-content\/uploads\/2022\/02\/59.12.13-foto-Svi-Ita-3-6-IllTici-50x36.png 50w, https:\/\/www.milanosiamonoi.com\/wp-content\/uploads\/2022\/02\/59.12.13-foto-Svi-Ita-3-6-IllTici-25x18.png 25w, https:\/\/www.milanosiamonoi.com\/wp-content\/uploads\/2022\/02\/59.12.13-foto-Svi-Ita-3-6-IllTici-740x539.png 740w\" sizes=\"(max-width: 553px) 100vw, 553px\" \/><figcaption><em>Svizzera-Italia ad Ambr\u00ec<\/em>. <em>Foto da &#8220;Illustrazione Ticinese&#8221;.<\/em><\/figcaption><\/figure><\/div>\n\n\n\n<p class=\"has-text-align-center\">Il campionato di serie A parte il 16 dicembre con l&#8217;attesissimo Diavoli-Cortina. Milanesi impegnati nelle prime tre partite, poi a Davos per la Spengler. Torna a Milano il canadese Gerry Watson, ma esordir\u00e0 nei Grigioni. Non raggiunto l&#8217;accordo con Giovanni Furlani, quindi niente oriundo. Massimo campionato ancora con la miseria di quattro squadre. Significative le parole di Giulio Oberhammer del Cortina.<\/p>\n\n\n\n<div class=\"wp-block-image\"><figure class=\"aligncenter size-large is-resized\"><img loading=\"lazy\" decoding=\"async\" src=\"https:\/\/www.milanosiamonoi.com\/wp-content\/uploads\/2022\/02\/sogno-Oberhamme-Giulio.jpg\" alt=\"\" class=\"wp-image-12212\" width=\"441\" height=\"188\" srcset=\"https:\/\/www.milanosiamonoi.com\/wp-content\/uploads\/2022\/02\/sogno-Oberhamme-Giulio.jpg 279w, https:\/\/www.milanosiamonoi.com\/wp-content\/uploads\/2022\/02\/sogno-Oberhamme-Giulio-100x43.jpg 100w, https:\/\/www.milanosiamonoi.com\/wp-content\/uploads\/2022\/02\/sogno-Oberhamme-Giulio-50x21.jpg 50w, https:\/\/www.milanosiamonoi.com\/wp-content\/uploads\/2022\/02\/sogno-Oberhamme-Giulio-25x11.jpg 25w\" sizes=\"(max-width: 441px) 100vw, 441px\" \/><\/figure><\/div>\n\n\n\n<figure class=\"wp-block-table aligncenter\"><table><tbody><tr><td><strong>Squadra<\/strong><\/td><td class=\"has-text-align-center\" data-align=\"center\"><strong>Sponsor<\/strong><\/td><td><strong>Straniero<\/strong><\/td><td class=\"has-text-align-center\" data-align=\"center\"><strong>Oriundo<\/strong><\/td><\/tr><tr><td>Auronzo<\/td><td class=\"has-text-align-center\" data-align=\"center\">Thermomatic<\/td><td>Walter Hoffman <\/td><td class=\"has-text-align-center\" data-align=\"center\">Bernardo Tomei<\/td><\/tr><tr><td>Bolzano<\/td><td class=\"has-text-align-center\" data-align=\"center\">Ozo<\/td><td>Gerry Hudson<\/td><td class=\"has-text-align-center\" data-align=\"center\">Alfredo Coletti<\/td><\/tr><tr><td>Cortina<\/td><td class=\"has-text-align-center\" data-align=\"center\">&#8211;<\/td><td>Nebby Thrasher<\/td><td class=\"has-text-align-center\" data-align=\"center\">Carmine Tucci<\/td><\/tr><tr><td>Diavoli Milano<\/td><td class=\"has-text-align-center\" data-align=\"center\">&#8211;<\/td><td>Gerry Watson<\/td><td class=\"has-text-align-center\" data-align=\"center\">&#8211;<\/td><\/tr><\/tbody><\/table><\/figure>\n\n\n\n<div class=\"wp-block-image\"><figure class=\"aligncenter size-large is-resized\"><img loading=\"lazy\" decoding=\"async\" src=\"https:\/\/www.milanosiamonoi.com\/wp-content\/uploads\/2022\/02\/59.12.16-A-DM-Cort-4-2.jpg\" alt=\"\" class=\"wp-image-12206\" width=\"444\" height=\"722\" srcset=\"https:\/\/www.milanosiamonoi.com\/wp-content\/uploads\/2022\/02\/59.12.16-A-DM-Cort-4-2.jpg 462w, https:\/\/www.milanosiamonoi.com\/wp-content\/uploads\/2022\/02\/59.12.16-A-DM-Cort-4-2-185x300.jpg 185w, https:\/\/www.milanosiamonoi.com\/wp-content\/uploads\/2022\/02\/59.12.16-A-DM-Cort-4-2-62x100.jpg 62w, https:\/\/www.milanosiamonoi.com\/wp-content\/uploads\/2022\/02\/59.12.16-A-DM-Cort-4-2-31x50.jpg 31w, https:\/\/www.milanosiamonoi.com\/wp-content\/uploads\/2022\/02\/59.12.16-A-DM-Cort-4-2-15x25.jpg 15w\" sizes=\"(max-width: 444px) 100vw, 444px\" \/><figcaption><em>Articolo da &#8220;La Gazzetta dello Sport&#8221;.<\/em><\/figcaption><\/figure><\/div>\n\n\n\n<div class=\"wp-block-image\"><figure class=\"aligncenter size-large\"><img loading=\"lazy\" decoding=\"async\" width=\"600\" height=\"435\" src=\"https:\/\/www.milanosiamonoi.com\/wp-content\/uploads\/2023\/05\/59.12.17.jpg\" alt=\"\" class=\"wp-image-16488\" srcset=\"https:\/\/www.milanosiamonoi.com\/wp-content\/uploads\/2023\/05\/59.12.17.jpg 600w, https:\/\/www.milanosiamonoi.com\/wp-content\/uploads\/2023\/05\/59.12.17-300x218.jpg 300w, https:\/\/www.milanosiamonoi.com\/wp-content\/uploads\/2023\/05\/59.12.17-100x73.jpg 100w, https:\/\/www.milanosiamonoi.com\/wp-content\/uploads\/2023\/05\/59.12.17-50x36.jpg 50w, https:\/\/www.milanosiamonoi.com\/wp-content\/uploads\/2023\/05\/59.12.17-25x18.jpg 25w\" sizes=\"(max-width: 600px) 100vw, 600px\" \/><figcaption>Una fase di gioco<\/figcaption><\/figure><\/div>\n\n\n\n<div class=\"wp-block-image\"><figure class=\"aligncenter size-large\"><img loading=\"lazy\" decoding=\"async\" width=\"476\" height=\"495\" src=\"https:\/\/www.milanosiamonoi.com\/wp-content\/uploads\/2022\/02\/59.12.19-A-Bz-DM-4-4-sist..jpg\" alt=\"\" class=\"wp-image-12207\" srcset=\"https:\/\/www.milanosiamonoi.com\/wp-content\/uploads\/2022\/02\/59.12.19-A-Bz-DM-4-4-sist..jpg 476w, https:\/\/www.milanosiamonoi.com\/wp-content\/uploads\/2022\/02\/59.12.19-A-Bz-DM-4-4-sist.-288x300.jpg 288w, https:\/\/www.milanosiamonoi.com\/wp-content\/uploads\/2022\/02\/59.12.19-A-Bz-DM-4-4-sist.-96x100.jpg 96w, https:\/\/www.milanosiamonoi.com\/wp-content\/uploads\/2022\/02\/59.12.19-A-Bz-DM-4-4-sist.-48x50.jpg 48w, https:\/\/www.milanosiamonoi.com\/wp-content\/uploads\/2022\/02\/59.12.19-A-Bz-DM-4-4-sist.-25x25.jpg 25w\" sizes=\"(max-width: 476px) 100vw, 476px\" \/><figcaption><em>Articolo da &#8220;La Gazzetta dello Sport&#8221;.<\/em><\/figcaption><\/figure><\/div>\n\n\n\n<div class=\"wp-block-image\"><figure class=\"aligncenter size-large is-resized\"><img loading=\"lazy\" decoding=\"async\" src=\"https:\/\/www.milanosiamonoi.com\/wp-content\/uploads\/2022\/02\/59.12.23-A-ante-DM-Auronz.jpg\" alt=\"\" class=\"wp-image-12208\" width=\"533\" height=\"152\" srcset=\"https:\/\/www.milanosiamonoi.com\/wp-content\/uploads\/2022\/02\/59.12.23-A-ante-DM-Auronz.jpg 664w, https:\/\/www.milanosiamonoi.com\/wp-content\/uploads\/2022\/02\/59.12.23-A-ante-DM-Auronz-300x86.jpg 300w, https:\/\/www.milanosiamonoi.com\/wp-content\/uploads\/2022\/02\/59.12.23-A-ante-DM-Auronz-100x29.jpg 100w, https:\/\/www.milanosiamonoi.com\/wp-content\/uploads\/2022\/02\/59.12.23-A-ante-DM-Auronz-50x14.jpg 50w, https:\/\/www.milanosiamonoi.com\/wp-content\/uploads\/2022\/02\/59.12.23-A-ante-DM-Auronz-25x7.jpg 25w\" sizes=\"(max-width: 533px) 100vw, 533px\" \/><\/figure><\/div>\n\n\n\n<div class=\"wp-block-image\"><figure class=\"aligncenter size-large\"><img loading=\"lazy\" decoding=\"async\" width=\"603\" height=\"457\" src=\"https:\/\/www.milanosiamonoi.com\/wp-content\/uploads\/2022\/02\/59.12.23-A-DM-Auro-9-3-parte.jpg\" alt=\"\" class=\"wp-image-12209\" srcset=\"https:\/\/www.milanosiamonoi.com\/wp-content\/uploads\/2022\/02\/59.12.23-A-DM-Auro-9-3-parte.jpg 603w, https:\/\/www.milanosiamonoi.com\/wp-content\/uploads\/2022\/02\/59.12.23-A-DM-Auro-9-3-parte-300x227.jpg 300w, https:\/\/www.milanosiamonoi.com\/wp-content\/uploads\/2022\/02\/59.12.23-A-DM-Auro-9-3-parte-100x76.jpg 100w, https:\/\/www.milanosiamonoi.com\/wp-content\/uploads\/2022\/02\/59.12.23-A-DM-Auro-9-3-parte-50x38.jpg 50w, https:\/\/www.milanosiamonoi.com\/wp-content\/uploads\/2022\/02\/59.12.23-A-DM-Auro-9-3-parte-25x19.jpg 25w\" sizes=\"(max-width: 603px) 100vw, 603px\" \/><figcaption><em>Parte<\/em> <em>articolo da &#8220;La Gazzetta dello Sport&#8221;<\/em>.  <em>Un po&#8217; di confusione, Diavoli Rossoneri nel titolo e Milano per  formazione e cronaca,<\/em><\/figcaption><\/figure><\/div>\n\n\n\n<div class=\"wp-block-image\"><figure class=\"aligncenter size-large\"><img loading=\"lazy\" decoding=\"async\" width=\"698\" height=\"431\" src=\"https:\/\/www.milanosiamonoi.com\/wp-content\/uploads\/2022\/02\/59.12.23-A-DM-Auro-9-3-De-Zordo-corinf.png\" alt=\"\" class=\"wp-image-12210\" srcset=\"https:\/\/www.milanosiamonoi.com\/wp-content\/uploads\/2022\/02\/59.12.23-A-DM-Auro-9-3-De-Zordo-corinf.png 698w, https:\/\/www.milanosiamonoi.com\/wp-content\/uploads\/2022\/02\/59.12.23-A-DM-Auro-9-3-De-Zordo-corinf-300x185.png 300w, https:\/\/www.milanosiamonoi.com\/wp-content\/uploads\/2022\/02\/59.12.23-A-DM-Auro-9-3-De-Zordo-corinf-100x62.png 100w, https:\/\/www.milanosiamonoi.com\/wp-content\/uploads\/2022\/02\/59.12.23-A-DM-Auro-9-3-De-Zordo-corinf-50x31.png 50w, https:\/\/www.milanosiamonoi.com\/wp-content\/uploads\/2022\/02\/59.12.23-A-DM-Auro-9-3-De-Zordo-corinf-25x15.png 25w\" sizes=\"(max-width: 698px) 100vw, 698px\" \/><figcaption><em>Articolo da &#8220;Il Corriere d&#8217;Informazione&#8221;.<\/em><\/figcaption><\/figure><\/div>\n\n\n\n<p class=\"has-text-align-center\">Alla Spengler esordio stagionale di Gerry Watson, per sperare in un buon risultato servirebbe un rinforzo di peso, ma non se ne fa nulla. Aggregato alla prima squadra Renato Rossi dell&#8217;Amatori Milano, il giovane cresciuto hockeisticamente ad Alleghe dar\u00e0 una mano alla seconda linea offensiva. Favori del pronostico divisi tra ACBB, Fussen e svedesi del Nacka HK, mentre il Davos, a causa della sopraggiunta limitazioni di giocatori stranieri relativa alla LNA, non raccoglie troppo credito.<\/p>\n\n\n\n<div class=\"wp-block-image\"><figure class=\"aligncenter size-large is-resized\"><img loading=\"lazy\" decoding=\"async\" src=\"https:\/\/www.milanosiamonoi.com\/wp-content\/uploads\/2022\/02\/60.01.01-parziale-pubblico-cnd-suisse.jpg\" alt=\"\" class=\"wp-image-12228\" width=\"508\" height=\"408\" srcset=\"https:\/\/www.milanosiamonoi.com\/wp-content\/uploads\/2022\/02\/60.01.01-parziale-pubblico-cnd-suisse.jpg 655w, https:\/\/www.milanosiamonoi.com\/wp-content\/uploads\/2022\/02\/60.01.01-parziale-pubblico-cnd-suisse-300x241.jpg 300w, https:\/\/www.milanosiamonoi.com\/wp-content\/uploads\/2022\/02\/60.01.01-parziale-pubblico-cnd-suisse-100x80.jpg 100w, https:\/\/www.milanosiamonoi.com\/wp-content\/uploads\/2022\/02\/60.01.01-parziale-pubblico-cnd-suisse-50x40.jpg 50w, https:\/\/www.milanosiamonoi.com\/wp-content\/uploads\/2022\/02\/60.01.01-parziale-pubblico-cnd-suisse-25x20.jpg 25w\" sizes=\"(max-width: 508px) 100vw, 508px\" \/><figcaption><em>Parte articolo da &#8220;La Gazzetta dello Sport&#8221;.<\/em><\/figcaption><\/figure><\/div>\n\n\n\n<figure class=\"wp-block-table aligncenter\"><table><tbody><tr><td class=\"has-text-align-center\" data-align=\"center\"><strong>Davos &#8211; Coppa Spengler &#8211; XXXIII edizione<\/strong><\/td><\/tr><tr><td class=\"has-text-align-center\" data-align=\"center\">ACBB &#8211; Davos &#8211; Diavoli Milano &#8211; Fussen EV &#8211; Nacka HK<\/td><\/tr><\/tbody><\/table><\/figure>\n\n\n\n<div class=\"wp-block-image\"><figure class=\"aligncenter size-large is-resized\"><img loading=\"lazy\" decoding=\"async\" src=\"https:\/\/www.milanosiamonoi.com\/wp-content\/uploads\/2022\/02\/59.12.27-Acbb-DM-4-2-Spengler.jpg\" alt=\"\" class=\"wp-image-12229\" width=\"456\" height=\"483\" srcset=\"https:\/\/www.milanosiamonoi.com\/wp-content\/uploads\/2022\/02\/59.12.27-Acbb-DM-4-2-Spengler.jpg 514w, https:\/\/www.milanosiamonoi.com\/wp-content\/uploads\/2022\/02\/59.12.27-Acbb-DM-4-2-Spengler-283x300.jpg 283w, https:\/\/www.milanosiamonoi.com\/wp-content\/uploads\/2022\/02\/59.12.27-Acbb-DM-4-2-Spengler-94x100.jpg 94w, https:\/\/www.milanosiamonoi.com\/wp-content\/uploads\/2022\/02\/59.12.27-Acbb-DM-4-2-Spengler-47x50.jpg 47w, https:\/\/www.milanosiamonoi.com\/wp-content\/uploads\/2022\/02\/59.12.27-Acbb-DM-4-2-Spengler-25x25.jpg 25w\" sizes=\"(max-width: 456px) 100vw, 456px\" \/><figcaption><em>Da &#8220;La Gazzetta dello Sport&#8221;.<\/em><\/figcaption><\/figure><\/div>\n\n\n\n<figure class=\"wp-block-table aligncenter\"><table><tbody><tr><td><strong>1959<\/strong><\/td><td><strong>Partite<\/strong><\/td><td>Risultato<\/td><\/tr><tr><td>27 dicembre<\/td><td>ACBB-Diavoli Milano<\/td><td>4-2 (0-1; 3-0; 1-1)<\/td><\/tr><tr><td><\/td><td>Davos-Nacka HK<\/td><td>2-5 (2-1; 0-4; 0-0)<\/td><\/tr><tr><td>28 dicembre<\/td><td>ACBB-Fussen EV<\/td><td>6-2 (2-1; 0-1; 4-0)<\/td><\/tr><tr><td><\/td><td>Nacka HK-Diavoli Milano<\/td><td>5-2 (2-0; 2-1; 1-1)<\/td><\/tr><\/tbody><\/table><\/figure>\n\n\n\n<div class=\"wp-block-image\"><figure class=\"aligncenter size-large is-resized\"><img loading=\"lazy\" decoding=\"async\" src=\"https:\/\/www.milanosiamonoi.com\/wp-content\/uploads\/2022\/02\/59.12.28-Nacka-DM-5-2-Spengler.jpg\" alt=\"\" class=\"wp-image-12230\" width=\"285\" height=\"587\" srcset=\"https:\/\/www.milanosiamonoi.com\/wp-content\/uploads\/2022\/02\/59.12.28-Nacka-DM-5-2-Spengler.jpg 315w, https:\/\/www.milanosiamonoi.com\/wp-content\/uploads\/2022\/02\/59.12.28-Nacka-DM-5-2-Spengler-146x300.jpg 146w, https:\/\/www.milanosiamonoi.com\/wp-content\/uploads\/2022\/02\/59.12.28-Nacka-DM-5-2-Spengler-49x100.jpg 49w, https:\/\/www.milanosiamonoi.com\/wp-content\/uploads\/2022\/02\/59.12.28-Nacka-DM-5-2-Spengler-24x50.jpg 24w, https:\/\/www.milanosiamonoi.com\/wp-content\/uploads\/2022\/02\/59.12.28-Nacka-DM-5-2-Spengler-12x25.jpg 12w\" sizes=\"(max-width: 285px) 100vw, 285px\" \/><figcaption><em>Articolo da &#8220;La Gazzetta dello Sport&#8221;.<\/em><\/figcaption><\/figure><\/div>\n\n\n\n<figure class=\"wp-block-table aligncenter\"><table><tbody><tr><td><strong>1959<\/strong><\/td><td><strong>Partite<\/strong><\/td><td>Risultato<\/td><\/tr><tr><td>29 dicembre<\/td><td>Fussen EV-Nacka HK<\/td><td>5-3 (0-0; 2-1; 3-1)<\/td><\/tr><tr><td><\/td><td>Davos-Diavoli Milano<\/td><td>6-3 (1-0; 1-2; 4-1)<\/td><\/tr><tr><td>30 dicembre<\/td><td>ACBB-Nacka HK<\/td><td>9-0 (2-0; 3-0; 4-0)<\/td><\/tr><tr><td><\/td><td>Davos-Fussen EV<\/td><td>1-4 (0-1; 0-2; 1-1)<\/td><\/tr><tr><td>31 dicembre<\/td><td>Fussen EV-Diavoli<\/td><td>6-5 (0-1; 2-0; 4-4)<\/td><\/tr><tr><td><\/td><td>Davos-ACBB <\/td><td>3-6 (0-2; 1-3; 2-1)<\/td><\/tr><\/tbody><\/table><\/figure>\n\n\n\n<div class=\"wp-block-image\"><figure class=\"aligncenter size-large is-resized\"><img loading=\"lazy\" decoding=\"async\" src=\"https:\/\/www.milanosiamonoi.com\/wp-content\/uploads\/2022\/02\/59.12.31-Fussen-DM-6-5-Spengler-solo.jpg\" alt=\"\" class=\"wp-image-12232\" width=\"386\" height=\"449\" srcset=\"https:\/\/www.milanosiamonoi.com\/wp-content\/uploads\/2022\/02\/59.12.31-Fussen-DM-6-5-Spengler-solo.jpg 402w, https:\/\/www.milanosiamonoi.com\/wp-content\/uploads\/2022\/02\/59.12.31-Fussen-DM-6-5-Spengler-solo-258x300.jpg 258w, https:\/\/www.milanosiamonoi.com\/wp-content\/uploads\/2022\/02\/59.12.31-Fussen-DM-6-5-Spengler-solo-86x100.jpg 86w, https:\/\/www.milanosiamonoi.com\/wp-content\/uploads\/2022\/02\/59.12.31-Fussen-DM-6-5-Spengler-solo-43x50.jpg 43w, https:\/\/www.milanosiamonoi.com\/wp-content\/uploads\/2022\/02\/59.12.31-Fussen-DM-6-5-Spengler-solo-21x25.jpg 21w\" sizes=\"(max-width: 386px) 100vw, 386px\" \/><figcaption><em>Da &#8220;La Gazzetta dello Sport&#8221;.<\/em><\/figcaption><\/figure><\/div>\n\n\n\n<div class=\"wp-block-image\"><figure class=\"aligncenter size-large is-resized\"><img loading=\"lazy\" decoding=\"async\" src=\"https:\/\/www.milanosiamonoi.com\/wp-content\/uploads\/2022\/02\/59.12.31-Davos-Acbb-3-6.jpg\" alt=\"\" class=\"wp-image-12231\" width=\"562\" height=\"185\" srcset=\"https:\/\/www.milanosiamonoi.com\/wp-content\/uploads\/2022\/02\/59.12.31-Davos-Acbb-3-6.jpg 661w, https:\/\/www.milanosiamonoi.com\/wp-content\/uploads\/2022\/02\/59.12.31-Davos-Acbb-3-6-300x99.jpg 300w, https:\/\/www.milanosiamonoi.com\/wp-content\/uploads\/2022\/02\/59.12.31-Davos-Acbb-3-6-100x33.jpg 100w, https:\/\/www.milanosiamonoi.com\/wp-content\/uploads\/2022\/02\/59.12.31-Davos-Acbb-3-6-50x16.jpg 50w, https:\/\/www.milanosiamonoi.com\/wp-content\/uploads\/2022\/02\/59.12.31-Davos-Acbb-3-6-25x8.jpg 25w\" sizes=\"(max-width: 562px) 100vw, 562px\" \/><\/figure><\/div>\n\n\n\n<p class=\"has-text-align-center\">Per la prima volta una squadra francese si aggiudica il torneo. L&#8217;ACBB (Athletic Club Boulogne Billancourt) ricalca quella che \u00e8 stata la storia dei Diavoli Rossoneri, maggiore interesse per l&#8217;attivit\u00e0 internazionale, con il conseguente ingaggio di forti giocatori stranieri, minor riguardo per il campionato nazionale che infatti si aggiudicher\u00e0 solo in tre occasioni. I Diavoli si battono bene in tutte le partite, ma in un torneo del genere senza rinforzi adeguati competere \u00e8 praticamente impossibile. Da tenere presente che Branduardi \u00e8 stato tormentato dalla febbre e Agazzi ha giocato le ultime due partite con una caviglia malconcia.<\/p>\n\n\n\n<figure class=\"wp-block-table aligncenter\"><table><tbody><tr><td class=\"has-text-align-center\" data-align=\"center\"><strong>Coppa Spengler 1959 &#8211; Classifica finale<\/strong><\/td><\/tr><tr><td class=\"has-text-align-center\" data-align=\"center\"><strong>ACBB punti 8<\/strong>, Fussen EV 6, Nacka HK 4, Davos 2, Diavoli Milano 0.<\/td><\/tr><\/tbody><\/table><\/figure>\n\n\n\n<p class=\"has-text-align-center\">Riprende il campionato; tre match in trasferta. Prima della seconda uscita ad Auronzo amichevole a Ortisei con la squadra locale.<\/p>\n\n\n\n<div class=\"wp-block-image\"><figure class=\"aligncenter size-large\"><img loading=\"lazy\" decoding=\"async\" width=\"763\" height=\"581\" src=\"https:\/\/www.milanosiamonoi.com\/wp-content\/uploads\/2022\/02\/60.01.10-foto-DM-libro-Agazzi.jpg\" alt=\"\" class=\"wp-image-12292\" srcset=\"https:\/\/www.milanosiamonoi.com\/wp-content\/uploads\/2022\/02\/60.01.10-foto-DM-libro-Agazzi.jpg 763w, https:\/\/www.milanosiamonoi.com\/wp-content\/uploads\/2022\/02\/60.01.10-foto-DM-libro-Agazzi-300x228.jpg 300w, https:\/\/www.milanosiamonoi.com\/wp-content\/uploads\/2022\/02\/60.01.10-foto-DM-libro-Agazzi-100x76.jpg 100w, https:\/\/www.milanosiamonoi.com\/wp-content\/uploads\/2022\/02\/60.01.10-foto-DM-libro-Agazzi-50x38.jpg 50w, https:\/\/www.milanosiamonoi.com\/wp-content\/uploads\/2022\/02\/60.01.10-foto-DM-libro-Agazzi-25x19.jpg 25w, https:\/\/www.milanosiamonoi.com\/wp-content\/uploads\/2022\/02\/60.01.10-foto-DM-libro-Agazzi-740x563.jpg 740w\" sizes=\"(max-width: 763px) 100vw, 763px\" \/><figcaption><em>Da sinistra in piedi: Agazzi, Rabanser, I. Larese Fece, Guccione, Bedogni, Watson. In prima fila: Bolla, Nardi, Poire, Crotti. (Foto da libro Agazzi)<\/em><\/figcaption><\/figure><\/div>\n\n\n\n<div class=\"wp-block-image\"><figure class=\"aligncenter size-large\"><img loading=\"lazy\" decoding=\"async\" width=\"825\" height=\"501\" src=\"https:\/\/www.milanosiamonoi.com\/wp-content\/uploads\/2022\/02\/60.01.03e05-Au-DM-3-7-e-Cort-DM-5-2.jpg\" alt=\"\" class=\"wp-image-12258\" srcset=\"https:\/\/www.milanosiamonoi.com\/wp-content\/uploads\/2022\/02\/60.01.03e05-Au-DM-3-7-e-Cort-DM-5-2.jpg 825w, https:\/\/www.milanosiamonoi.com\/wp-content\/uploads\/2022\/02\/60.01.03e05-Au-DM-3-7-e-Cort-DM-5-2-300x182.jpg 300w, https:\/\/www.milanosiamonoi.com\/wp-content\/uploads\/2022\/02\/60.01.03e05-Au-DM-3-7-e-Cort-DM-5-2-768x466.jpg 768w, https:\/\/www.milanosiamonoi.com\/wp-content\/uploads\/2022\/02\/60.01.03e05-Au-DM-3-7-e-Cort-DM-5-2-100x61.jpg 100w, https:\/\/www.milanosiamonoi.com\/wp-content\/uploads\/2022\/02\/60.01.03e05-Au-DM-3-7-e-Cort-DM-5-2-50x30.jpg 50w, https:\/\/www.milanosiamonoi.com\/wp-content\/uploads\/2022\/02\/60.01.03e05-Au-DM-3-7-e-Cort-DM-5-2-25x15.jpg 25w, https:\/\/www.milanosiamonoi.com\/wp-content\/uploads\/2022\/02\/60.01.03e05-Au-DM-3-7-e-Cort-DM-5-2-740x449.jpg 740w\" sizes=\"(max-width: 825px) 100vw, 825px\" \/><figcaption><em>Da &#8220;La Gazzetta dello Sport&#8221;.<\/em><\/figcaption><\/figure><\/div>\n\n\n\n<p class=\"has-text-align-center\">A Ortisei Rabanser gioca con i gardenesi, cos\u00ec come Bolla che sostituisce l&#8217;estremo difensore gardenese Rifesser, infortunatosi prima dell&#8217;inizio della partita.<\/p>\n\n\n\n<figure class=\"wp-block-table aligncenter\"><table><tbody><tr><td><strong>1960<\/strong><\/td><td><strong>Partita amichevole.<\/strong><\/td><td>Risultati<\/td><\/tr><tr><td>Ortisei, 6 gennaio<\/td><td>Ortisei-Diavoli Milano<\/td><td>4-9 (2-2; 0-2; 2-5)<\/td><\/tr><tr><td><\/td><td><strong>Campionato serie A<\/strong><\/td><td><\/td><\/tr><tr><td>Auronzo, 10 gennaio<\/td><td>Auronzo-Diavoli Milano<\/td><td>1-5 <\/td><\/tr><\/tbody><\/table><\/figure>\n\n\n\n<div class=\"wp-block-image\"><figure class=\"aligncenter size-large\"><img loading=\"lazy\" decoding=\"async\" width=\"910\" height=\"334\" src=\"https:\/\/www.milanosiamonoi.com\/wp-content\/uploads\/2022\/02\/60.01.14-A-tensione-DM-Bz-Titolo.jpg\" alt=\"\" class=\"wp-image-12265\" srcset=\"https:\/\/www.milanosiamonoi.com\/wp-content\/uploads\/2022\/02\/60.01.14-A-tensione-DM-Bz-Titolo.jpg 910w, https:\/\/www.milanosiamonoi.com\/wp-content\/uploads\/2022\/02\/60.01.14-A-tensione-DM-Bz-Titolo-300x110.jpg 300w, https:\/\/www.milanosiamonoi.com\/wp-content\/uploads\/2022\/02\/60.01.14-A-tensione-DM-Bz-Titolo-768x282.jpg 768w, https:\/\/www.milanosiamonoi.com\/wp-content\/uploads\/2022\/02\/60.01.14-A-tensione-DM-Bz-Titolo-100x37.jpg 100w, https:\/\/www.milanosiamonoi.com\/wp-content\/uploads\/2022\/02\/60.01.14-A-tensione-DM-Bz-Titolo-50x18.jpg 50w, https:\/\/www.milanosiamonoi.com\/wp-content\/uploads\/2022\/02\/60.01.14-A-tensione-DM-Bz-Titolo-25x9.jpg 25w, https:\/\/www.milanosiamonoi.com\/wp-content\/uploads\/2022\/02\/60.01.14-A-tensione-DM-Bz-Titolo-740x272.jpg 740w\" sizes=\"(max-width: 910px) 100vw, 910px\" \/><\/figure><\/div>\n\n\n\n<p class=\"has-text-align-center\">Campionato mai cos\u00ec interessante, tre squadre sullo stesso livello e il doppio girone di andata\/ritorno rende il tutto ancor pi\u00f9 avvincente. Auronzo, privo di ghiaccio artificiale, costretto a fungere da comprimario.  Alla vigilia di Diavoli-Bolzano del 15 gennaio i milanesi hanno un punto di vantaggio sul Cortina e due sul Bolzano in gran forma.<\/p>\n\n\n\n<div class=\"wp-block-image\"><figure class=\"aligncenter size-large is-resized\"><img loading=\"lazy\" decoding=\"async\" src=\"https:\/\/www.milanosiamonoi.com\/wp-content\/uploads\/2022\/02\/60.01.16-A-DM-Bz-1-5-sist..jpg\" alt=\"\" class=\"wp-image-12266\" width=\"554\" height=\"599\" srcset=\"https:\/\/www.milanosiamonoi.com\/wp-content\/uploads\/2022\/02\/60.01.16-A-DM-Bz-1-5-sist..jpg 650w, https:\/\/www.milanosiamonoi.com\/wp-content\/uploads\/2022\/02\/60.01.16-A-DM-Bz-1-5-sist.-277x300.jpg 277w, https:\/\/www.milanosiamonoi.com\/wp-content\/uploads\/2022\/02\/60.01.16-A-DM-Bz-1-5-sist.-92x100.jpg 92w, https:\/\/www.milanosiamonoi.com\/wp-content\/uploads\/2022\/02\/60.01.16-A-DM-Bz-1-5-sist.-46x50.jpg 46w, https:\/\/www.milanosiamonoi.com\/wp-content\/uploads\/2022\/02\/60.01.16-A-DM-Bz-1-5-sist.-23x25.jpg 23w\" sizes=\"(max-width: 554px) 100vw, 554px\" \/><figcaption><em>Articolo da &#8220;La Gazzetta dello Sport&#8221;.<\/em><\/figcaption><\/figure><\/div>\n\n\n\n<div class=\"wp-block-image\"><figure class=\"aligncenter size-large is-resized\"><img loading=\"lazy\" decoding=\"async\" src=\"https:\/\/www.milanosiamonoi.com\/wp-content\/uploads\/2022\/03\/60.01.15-foto-DM-Bz-Aga-Coletti-Frigo-Watson-libro-Aga-data-prob.jpg\" alt=\"\" class=\"wp-image-12612\" width=\"548\" height=\"554\" srcset=\"https:\/\/www.milanosiamonoi.com\/wp-content\/uploads\/2022\/03\/60.01.15-foto-DM-Bz-Aga-Coletti-Frigo-Watson-libro-Aga-data-prob.jpg 567w, https:\/\/www.milanosiamonoi.com\/wp-content\/uploads\/2022\/03\/60.01.15-foto-DM-Bz-Aga-Coletti-Frigo-Watson-libro-Aga-data-prob-297x300.jpg 297w, https:\/\/www.milanosiamonoi.com\/wp-content\/uploads\/2022\/03\/60.01.15-foto-DM-Bz-Aga-Coletti-Frigo-Watson-libro-Aga-data-prob-100x100.jpg 100w, https:\/\/www.milanosiamonoi.com\/wp-content\/uploads\/2022\/03\/60.01.15-foto-DM-Bz-Aga-Coletti-Frigo-Watson-libro-Aga-data-prob-50x50.jpg 50w, https:\/\/www.milanosiamonoi.com\/wp-content\/uploads\/2022\/03\/60.01.15-foto-DM-Bz-Aga-Coletti-Frigo-Watson-libro-Aga-data-prob-25x25.jpg 25w, https:\/\/www.milanosiamonoi.com\/wp-content\/uploads\/2022\/03\/60.01.15-foto-DM-Bz-Aga-Coletti-Frigo-Watson-libro-Aga-data-prob-90x90.jpg 90w\" sizes=\"(max-width: 548px) 100vw, 548px\" \/><figcaption><em>In primo piano Coletti e Agazzi, dietro Frigo e Watson. (Foto libro Agazzi)<\/em><\/figcaption><\/figure><\/div>\n\n\n\n<p class=\"has-text-align-center\">Il Cortina passa ad Auronzo e scavalca in classifica milanesi e bolzanini. Il 20 gennaio scende al PalaFiera con un punto di vantaggio su padroni di casa e sugli stessi milanesi, ma la partita non finisce&#8230;<\/p>\n\n\n\n<div class=\"wp-block-image\"><figure class=\"aligncenter size-large is-resized\"><img loading=\"lazy\" decoding=\"async\" src=\"https:\/\/www.milanosiamonoi.com\/wp-content\/uploads\/2022\/02\/60.01.20-A-Bz-Cort-2-0-tav-sist.jpg\" alt=\"\" class=\"wp-image-12267\" width=\"540\" height=\"363\" srcset=\"https:\/\/www.milanosiamonoi.com\/wp-content\/uploads\/2022\/02\/60.01.20-A-Bz-Cort-2-0-tav-sist.jpg 612w, https:\/\/www.milanosiamonoi.com\/wp-content\/uploads\/2022\/02\/60.01.20-A-Bz-Cort-2-0-tav-sist-300x202.jpg 300w, https:\/\/www.milanosiamonoi.com\/wp-content\/uploads\/2022\/02\/60.01.20-A-Bz-Cort-2-0-tav-sist-100x67.jpg 100w, https:\/\/www.milanosiamonoi.com\/wp-content\/uploads\/2022\/02\/60.01.20-A-Bz-Cort-2-0-tav-sist-50x34.jpg 50w, https:\/\/www.milanosiamonoi.com\/wp-content\/uploads\/2022\/02\/60.01.20-A-Bz-Cort-2-0-tav-sist-25x17.jpg 25w\" sizes=\"(max-width: 540px) 100vw, 540px\" \/><figcaption><em>Da &#8220;La Gazzetta dello Sport&#8221;.<\/em><\/figcaption><\/figure><\/div>\n\n\n\n<p class=\"has-text-align-center\">In base al regolamento internazionale assegnato il 2-0 a tavolino al Bolzano. Quattro giorni dopo la capolista incamera i due punti ad Auronzo e attende il risultato delle due inseguitrici in pista all&#8217;Olimpico nello scontro diretto. Serata freddissima, mancata grande affluenza di pubblico sugli spalti. Diavoli con Branduardi influenzato e Larese Fece messo fuori causa da un disco al basso ventre.<\/p>\n\n\n\n<div class=\"wp-block-image\"><figure class=\"aligncenter size-large is-resized\"><img loading=\"lazy\" decoding=\"async\" src=\"https:\/\/www.milanosiamonoi.com\/wp-content\/uploads\/2022\/02\/60.01.24-A-Cort-DM-6-2.jpg\" alt=\"\" class=\"wp-image-12268\" width=\"307\" height=\"706\" srcset=\"https:\/\/www.milanosiamonoi.com\/wp-content\/uploads\/2022\/02\/60.01.24-A-Cort-DM-6-2.jpg 334w, https:\/\/www.milanosiamonoi.com\/wp-content\/uploads\/2022\/02\/60.01.24-A-Cort-DM-6-2-131x300.jpg 131w, https:\/\/www.milanosiamonoi.com\/wp-content\/uploads\/2022\/02\/60.01.24-A-Cort-DM-6-2-44x100.jpg 44w, https:\/\/www.milanosiamonoi.com\/wp-content\/uploads\/2022\/02\/60.01.24-A-Cort-DM-6-2-22x50.jpg 22w, https:\/\/www.milanosiamonoi.com\/wp-content\/uploads\/2022\/02\/60.01.24-A-Cort-DM-6-2-11x25.jpg 11w\" sizes=\"(max-width: 307px) 100vw, 307px\" \/><figcaption><em>Articolo da &#8220;La Gazzetta dello Sport&#8221;.<\/em><\/figcaption><\/figure><\/div>\n\n\n\n<p class=\"has-text-align-center\">La classifica da al Cortina 10 punti, in realt\u00e0 sono 12, ma non ancora ufficializzati poich\u00e9 l&#8217;Auronzo ha fatto ricorso contro lo 0-5 a tavolino inflittogli per ghiaccio impraticabile (partita del 27 dicembre 1959 tra Auronzo e Cortina), i cadorini chiedono invano di rigiocarla. Rimangono quattro partite, per sperare ancora nello scudetto i Diavoli sono obbligati a vincerle tutte: Auronzo al Piranesi, Bolzano al PalaFiera, Cortina e Bolzano al Piranesi. Con l&#8217;Auronzo rientra Larese Fece, mentre il &#8220;Brandina&#8221; resta prudentemente a riposo, meglio averlo al 100% il 30 gennaio a Bolzano.<\/p>\n\n\n\n<div class=\"wp-block-image\"><figure class=\"aligncenter size-large is-resized\"><img loading=\"lazy\" decoding=\"async\" src=\"https:\/\/www.milanosiamonoi.com\/wp-content\/uploads\/2022\/02\/60.01.27-A-DM-Auro-7-2-Copia.jpg\" alt=\"\" class=\"wp-image-12276\" width=\"367\" height=\"673\" srcset=\"https:\/\/www.milanosiamonoi.com\/wp-content\/uploads\/2022\/02\/60.01.27-A-DM-Auro-7-2-Copia.jpg 405w, https:\/\/www.milanosiamonoi.com\/wp-content\/uploads\/2022\/02\/60.01.27-A-DM-Auro-7-2-Copia-164x300.jpg 164w, https:\/\/www.milanosiamonoi.com\/wp-content\/uploads\/2022\/02\/60.01.27-A-DM-Auro-7-2-Copia-55x100.jpg 55w, https:\/\/www.milanosiamonoi.com\/wp-content\/uploads\/2022\/02\/60.01.27-A-DM-Auro-7-2-Copia-27x50.jpg 27w, https:\/\/www.milanosiamonoi.com\/wp-content\/uploads\/2022\/02\/60.01.27-A-DM-Auro-7-2-Copia-14x25.jpg 14w\" sizes=\"(max-width: 367px) 100vw, 367px\" \/><figcaption><em>Articolo da &#8220;La Gazzetta dello Sport&#8221;<\/em><\/figcaption><\/figure><\/div>\n\n\n\n<div class=\"wp-block-image\"><figure class=\"aligncenter size-large\"><img loading=\"lazy\" decoding=\"async\" width=\"494\" height=\"831\" src=\"https:\/\/www.milanosiamonoi.com\/wp-content\/uploads\/2022\/02\/60.01.30-A-Bz-DM-5-6-sist..jpg\" alt=\"\" class=\"wp-image-12283\" srcset=\"https:\/\/www.milanosiamonoi.com\/wp-content\/uploads\/2022\/02\/60.01.30-A-Bz-DM-5-6-sist..jpg 494w, https:\/\/www.milanosiamonoi.com\/wp-content\/uploads\/2022\/02\/60.01.30-A-Bz-DM-5-6-sist.-178x300.jpg 178w, https:\/\/www.milanosiamonoi.com\/wp-content\/uploads\/2022\/02\/60.01.30-A-Bz-DM-5-6-sist.-59x100.jpg 59w, https:\/\/www.milanosiamonoi.com\/wp-content\/uploads\/2022\/02\/60.01.30-A-Bz-DM-5-6-sist.-30x50.jpg 30w, https:\/\/www.milanosiamonoi.com\/wp-content\/uploads\/2022\/02\/60.01.30-A-Bz-DM-5-6-sist.-15x25.jpg 15w\" sizes=\"(max-width: 494px) 100vw, 494px\" \/><figcaption><em>Articolo da &#8220;La Gazzetta dello Sport&#8221;<\/em><\/figcaption><\/figure><\/div>\n\n\n\n<p class=\"has-text-align-center\">Bolzano campione d&#8217;Italia per quaranta minuti. Pazzesco il terzo periodo dei Diavoli che rovesciano risultato e destino del campionato. Linea Piranesi all&#8217;altezza della sua fama, le sei reti portano la firma di Agazzi (4), Crotti e Branduardi. Il giorno dopo il Cortina supera l&#8217;Auronzo e passa in testa, Bolzano e Diavoli seguono staccate di un solo punto. Prossimo scontro Diavoli-Cortina al Piranesi.<\/p>\n\n\n\n<div class=\"wp-block-image\"><figure class=\"aligncenter size-large is-resized\"><img loading=\"lazy\" decoding=\"async\" src=\"https:\/\/www.milanosiamonoi.com\/wp-content\/uploads\/2022\/02\/60.02.04-A-ante-DM-Cort.jpg\" alt=\"\" class=\"wp-image-12287\" width=\"520\" height=\"138\" srcset=\"https:\/\/www.milanosiamonoi.com\/wp-content\/uploads\/2022\/02\/60.02.04-A-ante-DM-Cort.jpg 923w, https:\/\/www.milanosiamonoi.com\/wp-content\/uploads\/2022\/02\/60.02.04-A-ante-DM-Cort-300x80.jpg 300w, https:\/\/www.milanosiamonoi.com\/wp-content\/uploads\/2022\/02\/60.02.04-A-ante-DM-Cort-768x205.jpg 768w, https:\/\/www.milanosiamonoi.com\/wp-content\/uploads\/2022\/02\/60.02.04-A-ante-DM-Cort-100x27.jpg 100w, https:\/\/www.milanosiamonoi.com\/wp-content\/uploads\/2022\/02\/60.02.04-A-ante-DM-Cort-50x13.jpg 50w, https:\/\/www.milanosiamonoi.com\/wp-content\/uploads\/2022\/02\/60.02.04-A-ante-DM-Cort-25x7.jpg 25w, https:\/\/www.milanosiamonoi.com\/wp-content\/uploads\/2022\/02\/60.02.04-A-ante-DM-Cort-740x197.jpg 740w\" sizes=\"(max-width: 520px) 100vw, 520px\" \/><\/figure><\/div>\n\n\n\n<div class=\"wp-block-image\"><figure class=\"aligncenter size-large is-resized\"><img loading=\"lazy\" decoding=\"async\" src=\"https:\/\/www.milanosiamonoi.com\/wp-content\/uploads\/2022\/02\/60.02.05-A-ante-DM-Cort-Copia.jpg\" alt=\"\" class=\"wp-image-12288\" width=\"523\" height=\"185\" srcset=\"https:\/\/www.milanosiamonoi.com\/wp-content\/uploads\/2022\/02\/60.02.05-A-ante-DM-Cort-Copia.jpg 1016w, https:\/\/www.milanosiamonoi.com\/wp-content\/uploads\/2022\/02\/60.02.05-A-ante-DM-Cort-Copia-300x106.jpg 300w, https:\/\/www.milanosiamonoi.com\/wp-content\/uploads\/2022\/02\/60.02.05-A-ante-DM-Cort-Copia-768x272.jpg 768w, https:\/\/www.milanosiamonoi.com\/wp-content\/uploads\/2022\/02\/60.02.05-A-ante-DM-Cort-Copia-100x35.jpg 100w, https:\/\/www.milanosiamonoi.com\/wp-content\/uploads\/2022\/02\/60.02.05-A-ante-DM-Cort-Copia-50x18.jpg 50w, https:\/\/www.milanosiamonoi.com\/wp-content\/uploads\/2022\/02\/60.02.05-A-ante-DM-Cort-Copia-25x9.jpg 25w, https:\/\/www.milanosiamonoi.com\/wp-content\/uploads\/2022\/02\/60.02.05-A-ante-DM-Cort-Copia-740x262.jpg 740w\" sizes=\"(max-width: 523px) 100vw, 523px\" \/><\/figure><\/div>\n\n\n\n<div class=\"wp-block-image\"><figure class=\"aligncenter size-large\"><img loading=\"lazy\" decoding=\"async\" width=\"768\" height=\"560\" src=\"https:\/\/www.milanosiamonoi.com\/wp-content\/uploads\/2022\/02\/60.01-DM-Bedogni.jpg\" alt=\"\" class=\"wp-image-12257\" srcset=\"https:\/\/www.milanosiamonoi.com\/wp-content\/uploads\/2022\/02\/60.01-DM-Bedogni.jpg 768w, https:\/\/www.milanosiamonoi.com\/wp-content\/uploads\/2022\/02\/60.01-DM-Bedogni-300x219.jpg 300w, https:\/\/www.milanosiamonoi.com\/wp-content\/uploads\/2022\/02\/60.01-DM-Bedogni-100x73.jpg 100w, https:\/\/www.milanosiamonoi.com\/wp-content\/uploads\/2022\/02\/60.01-DM-Bedogni-50x36.jpg 50w, https:\/\/www.milanosiamonoi.com\/wp-content\/uploads\/2022\/02\/60.01-DM-Bedogni-25x18.jpg 25w, https:\/\/www.milanosiamonoi.com\/wp-content\/uploads\/2022\/02\/60.01-DM-Bedogni-740x540.jpg 740w\" sizes=\"(max-width: 768px) 100vw, 768px\" \/><figcaption><em>Da sinistra in piedi: Branduardi, Guccione, Rabanser, Bedogni, Crotti, Agazzi, Watson. In prima fila: Marchi, Bolla, Nardi, Poire, I. Larese Fece.<\/em><\/figcaption><\/figure><\/div>\n\n\n\n<div class=\"wp-block-image\"><figure class=\"aligncenter size-large is-resized\"><img loading=\"lazy\" decoding=\"async\" src=\"https:\/\/www.milanosiamonoi.com\/wp-content\/uploads\/2022\/02\/60.02.05-A-DM-Cort-4-3-sist..jpg\" alt=\"\" class=\"wp-image-12293\" width=\"512\" height=\"499\" srcset=\"https:\/\/www.milanosiamonoi.com\/wp-content\/uploads\/2022\/02\/60.02.05-A-DM-Cort-4-3-sist..jpg 738w, https:\/\/www.milanosiamonoi.com\/wp-content\/uploads\/2022\/02\/60.02.05-A-DM-Cort-4-3-sist.-300x292.jpg 300w, https:\/\/www.milanosiamonoi.com\/wp-content\/uploads\/2022\/02\/60.02.05-A-DM-Cort-4-3-sist.-100x97.jpg 100w, https:\/\/www.milanosiamonoi.com\/wp-content\/uploads\/2022\/02\/60.02.05-A-DM-Cort-4-3-sist.-50x50.jpg 50w, https:\/\/www.milanosiamonoi.com\/wp-content\/uploads\/2022\/02\/60.02.05-A-DM-Cort-4-3-sist.-25x25.jpg 25w\" sizes=\"(max-width: 512px) 100vw, 512px\" \/><figcaption><em>Articolo da &#8220;La Gazzetta dello Sport&#8221;.<\/em> <em>Le maglie ingannano il titolo.<\/em><\/figcaption><\/figure><\/div>\n\n\n\n<p class=\"has-text-align-center\">I Diavoli passano in testa alla classifica, sempre incompleta per via dello 0-5 di Auronzo-Cortina che va e viene. La vittoria a tavolino dei cortinesi diventer\u00e0 ufficiale a torneo concluso. L&#8217;Auronzo tra influenzati e infortunati non \u00e8 in grado di presentare un sufficiente numero di giocatori nemmeno il 6 febbraio a Bolzano: 5-0 per forfait e bolzanini in cima con i Diavoli. Alla conclusione del campionato mancano due partite: Cortina-Bolzano e Diavoli-Bolzano. Se il Bolzano vince a Cortina, anche perdendo poi a Milano, \u00e8 sicuro di arrivare allo spareggio con i Diavoli. Il Cortina vincendo si porterebbe a 16 punti e dovrebbe augurarsi un match nullo nell&#8217;ultimo scontro tra le due rivali, il che porterebbe incredibilmente le tre squadre a pari punti e tutto da rifare!<\/p>\n\n\n\n<div class=\"wp-block-image\"><figure class=\"aligncenter size-large is-resized\"><img loading=\"lazy\" decoding=\"async\" src=\"https:\/\/www.milanosiamonoi.com\/wp-content\/uploads\/2022\/02\/60.02.10-A-Corti-Bz-4-4-tab.jpg\" alt=\"\" class=\"wp-image-12294\" width=\"444\" height=\"436\" srcset=\"https:\/\/www.milanosiamonoi.com\/wp-content\/uploads\/2022\/02\/60.02.10-A-Corti-Bz-4-4-tab.jpg 590w, https:\/\/www.milanosiamonoi.com\/wp-content\/uploads\/2022\/02\/60.02.10-A-Corti-Bz-4-4-tab-300x295.jpg 300w, https:\/\/www.milanosiamonoi.com\/wp-content\/uploads\/2022\/02\/60.02.10-A-Corti-Bz-4-4-tab-100x98.jpg 100w, https:\/\/www.milanosiamonoi.com\/wp-content\/uploads\/2022\/02\/60.02.10-A-Corti-Bz-4-4-tab-50x50.jpg 50w, https:\/\/www.milanosiamonoi.com\/wp-content\/uploads\/2022\/02\/60.02.10-A-Corti-Bz-4-4-tab-25x25.jpg 25w\" sizes=\"(max-width: 444px) 100vw, 444px\" \/><figcaption><em>Da &#8220;La Gazzetta dello Sport&#8221;<\/em><\/figcaption><\/figure><\/div>\n\n\n\n<p class=\"has-text-align-center\">Il pareggio dell&#8217;Olimpico toglie al Cortina l&#8217;ultima speranza di conservare lo scudetto. Benedetti, Frison e Alberto Da Rin sottotono, ospiti pi\u00f9 tonici e omogenei. Solo la grandissima prestazione di Giulio Oberhammer, che non si \u00e8 mai arreso, ha negato a Coletti e compagnia i due punti. Per agguantare il primo titolo nazionale il Bolzano a Milano non deve perdere: basta il pareggio.<\/p>\n\n\n\n<div class=\"wp-block-image\"><figure class=\"aligncenter size-large is-resized\"><img loading=\"lazy\" decoding=\"async\" src=\"https:\/\/www.milanosiamonoi.com\/wp-content\/uploads\/2022\/02\/60.02.14-A-DM-o-Bz-a-impianti-sist.jpg\" alt=\"\" class=\"wp-image-12302\" width=\"301\" height=\"539\" srcset=\"https:\/\/www.milanosiamonoi.com\/wp-content\/uploads\/2022\/02\/60.02.14-A-DM-o-Bz-a-impianti-sist.jpg 335w, https:\/\/www.milanosiamonoi.com\/wp-content\/uploads\/2022\/02\/60.02.14-A-DM-o-Bz-a-impianti-sist-168x300.jpg 168w, https:\/\/www.milanosiamonoi.com\/wp-content\/uploads\/2022\/02\/60.02.14-A-DM-o-Bz-a-impianti-sist-56x100.jpg 56w, https:\/\/www.milanosiamonoi.com\/wp-content\/uploads\/2022\/02\/60.02.14-A-DM-o-Bz-a-impianti-sist-28x50.jpg 28w, https:\/\/www.milanosiamonoi.com\/wp-content\/uploads\/2022\/02\/60.02.14-A-DM-o-Bz-a-impianti-sist-14x25.jpg 14w\" sizes=\"(max-width: 301px) 100vw, 301px\" \/><figcaption><em>Da &#8220;La Gazzetta dello Sport&#8221;: troppo piccolo il Palaghiaccio. Ne arriva uno nuovo&#8230; <\/em><\/figcaption><\/figure><\/div>\n\n\n\n<div class=\"wp-block-image\"><figure class=\"aligncenter size-large\"><img loading=\"lazy\" decoding=\"async\" width=\"445\" height=\"474\" src=\"https:\/\/www.milanosiamonoi.com\/wp-content\/uploads\/2022\/02\/60.02.12-foto-Igino-Larese-Fece-corsera.png\" alt=\"\" class=\"wp-image-12295\" srcset=\"https:\/\/www.milanosiamonoi.com\/wp-content\/uploads\/2022\/02\/60.02.12-foto-Igino-Larese-Fece-corsera.png 445w, https:\/\/www.milanosiamonoi.com\/wp-content\/uploads\/2022\/02\/60.02.12-foto-Igino-Larese-Fece-corsera-282x300.png 282w, https:\/\/www.milanosiamonoi.com\/wp-content\/uploads\/2022\/02\/60.02.12-foto-Igino-Larese-Fece-corsera-94x100.png 94w, https:\/\/www.milanosiamonoi.com\/wp-content\/uploads\/2022\/02\/60.02.12-foto-Igino-Larese-Fece-corsera-47x50.png 47w, https:\/\/www.milanosiamonoi.com\/wp-content\/uploads\/2022\/02\/60.02.12-foto-Igino-Larese-Fece-corsera-23x25.png 23w\" sizes=\"(max-width: 445px) 100vw, 445px\" \/><figcaption><em>Foto da &#8220;Il Corriere della Sera&#8221;<\/em><\/figcaption><\/figure><\/div>\n\n\n\n<div class=\"wp-block-image\"><figure class=\"aligncenter size-large is-resized\"><img loading=\"lazy\" decoding=\"async\" src=\"https:\/\/www.milanosiamonoi.com\/wp-content\/uploads\/2022\/02\/60.02.17-A-ante-DM-Bz-Corsera.png\" alt=\"\" class=\"wp-image-12305\" width=\"475\" height=\"715\" srcset=\"https:\/\/www.milanosiamonoi.com\/wp-content\/uploads\/2022\/02\/60.02.17-A-ante-DM-Bz-Corsera.png 487w, https:\/\/www.milanosiamonoi.com\/wp-content\/uploads\/2022\/02\/60.02.17-A-ante-DM-Bz-Corsera-199x300.png 199w, https:\/\/www.milanosiamonoi.com\/wp-content\/uploads\/2022\/02\/60.02.17-A-ante-DM-Bz-Corsera-66x100.png 66w, https:\/\/www.milanosiamonoi.com\/wp-content\/uploads\/2022\/02\/60.02.17-A-ante-DM-Bz-Corsera-33x50.png 33w, https:\/\/www.milanosiamonoi.com\/wp-content\/uploads\/2022\/02\/60.02.17-A-ante-DM-Bz-Corsera-17x25.png 17w\" sizes=\"(max-width: 475px) 100vw, 475px\" \/><figcaption><em>Articolo da &#8220;Il Corriere della Sera&#8221;.<\/em><\/figcaption><\/figure><\/div>\n\n\n\n<div class=\"wp-block-image\"><figure class=\"aligncenter size-large\"><img loading=\"lazy\" decoding=\"async\" width=\"878\" height=\"703\" src=\"https:\/\/www.milanosiamonoi.com\/wp-content\/uploads\/2022\/01\/60.02.17-A-DM-Bz-7-4-scudetto-quatter.jpg\" alt=\"\" class=\"wp-image-12091\" srcset=\"https:\/\/www.milanosiamonoi.com\/wp-content\/uploads\/2022\/01\/60.02.17-A-DM-Bz-7-4-scudetto-quatter.jpg 878w, https:\/\/www.milanosiamonoi.com\/wp-content\/uploads\/2022\/01\/60.02.17-A-DM-Bz-7-4-scudetto-quatter-300x240.jpg 300w, https:\/\/www.milanosiamonoi.com\/wp-content\/uploads\/2022\/01\/60.02.17-A-DM-Bz-7-4-scudetto-quatter-768x615.jpg 768w, https:\/\/www.milanosiamonoi.com\/wp-content\/uploads\/2022\/01\/60.02.17-A-DM-Bz-7-4-scudetto-quatter-100x80.jpg 100w, https:\/\/www.milanosiamonoi.com\/wp-content\/uploads\/2022\/01\/60.02.17-A-DM-Bz-7-4-scudetto-quatter-50x40.jpg 50w, https:\/\/www.milanosiamonoi.com\/wp-content\/uploads\/2022\/01\/60.02.17-A-DM-Bz-7-4-scudetto-quatter-25x20.jpg 25w, https:\/\/www.milanosiamonoi.com\/wp-content\/uploads\/2022\/01\/60.02.17-A-DM-Bz-7-4-scudetto-quatter-740x593.jpg 740w\" sizes=\"(max-width: 878px) 100vw, 878px\" \/><figcaption><em>Articolo da &#8220;La Gazzetta dello Sport&#8221;.<\/em><\/figcaption><\/figure><\/div>\n\n\n\n<div class=\"wp-block-image\"><figure class=\"aligncenter size-large is-resized\"><img loading=\"lazy\" decoding=\"async\" src=\"https:\/\/www.milanosiamonoi.com\/wp-content\/uploads\/2022\/02\/60.02.25.spo-ill.cop_.jpg\" alt=\"\" class=\"wp-image-12458\" width=\"512\" height=\"422\" srcset=\"https:\/\/www.milanosiamonoi.com\/wp-content\/uploads\/2022\/02\/60.02.25.spo-ill.cop_.jpg 800w, https:\/\/www.milanosiamonoi.com\/wp-content\/uploads\/2022\/02\/60.02.25.spo-ill.cop_-300x248.jpg 300w, https:\/\/www.milanosiamonoi.com\/wp-content\/uploads\/2022\/02\/60.02.25.spo-ill.cop_-768x634.jpg 768w, https:\/\/www.milanosiamonoi.com\/wp-content\/uploads\/2022\/02\/60.02.25.spo-ill.cop_-100x83.jpg 100w, https:\/\/www.milanosiamonoi.com\/wp-content\/uploads\/2022\/02\/60.02.25.spo-ill.cop_-50x41.jpg 50w, https:\/\/www.milanosiamonoi.com\/wp-content\/uploads\/2022\/02\/60.02.25.spo-ill.cop_-25x21.jpg 25w, https:\/\/www.milanosiamonoi.com\/wp-content\/uploads\/2022\/02\/60.02.25.spo-ill.cop_-740x611.jpg 740w\" sizes=\"(max-width: 512px) 100vw, 512px\" \/><figcaption><em>Da sinistra: Ludescher (3), Crotti (8) e Hudson.<\/em> <em>(foto da Lo Sport Illustrato)<\/em><\/figcaption><\/figure><\/div>\n\n\n\n<div class=\"wp-block-image\"><figure class=\"aligncenter size-large is-resized\"><img loading=\"lazy\" decoding=\"async\" src=\"https:\/\/www.milanosiamonoi.com\/wp-content\/uploads\/2022\/02\/60.02.25.spo-ill2-1024x943.jpg\" alt=\"\" class=\"wp-image-12460\" width=\"516\" height=\"475\" srcset=\"https:\/\/www.milanosiamonoi.com\/wp-content\/uploads\/2022\/02\/60.02.25.spo-ill2-1024x943.jpg 1024w, https:\/\/www.milanosiamonoi.com\/wp-content\/uploads\/2022\/02\/60.02.25.spo-ill2-300x276.jpg 300w, https:\/\/www.milanosiamonoi.com\/wp-content\/uploads\/2022\/02\/60.02.25.spo-ill2-768x707.jpg 768w, https:\/\/www.milanosiamonoi.com\/wp-content\/uploads\/2022\/02\/60.02.25.spo-ill2-1536x1415.jpg 1536w, https:\/\/www.milanosiamonoi.com\/wp-content\/uploads\/2022\/02\/60.02.25.spo-ill2-100x92.jpg 100w, https:\/\/www.milanosiamonoi.com\/wp-content\/uploads\/2022\/02\/60.02.25.spo-ill2-50x46.jpg 50w, https:\/\/www.milanosiamonoi.com\/wp-content\/uploads\/2022\/02\/60.02.25.spo-ill2-25x23.jpg 25w, https:\/\/www.milanosiamonoi.com\/wp-content\/uploads\/2022\/02\/60.02.25.spo-ill2-1126x1037.jpg 1126w, https:\/\/www.milanosiamonoi.com\/wp-content\/uploads\/2022\/02\/60.02.25.spo-ill2-740x682.jpg 740w, https:\/\/www.milanosiamonoi.com\/wp-content\/uploads\/2022\/02\/60.02.25.spo-ill2.jpg 1624w\" sizes=\"(max-width: 516px) 100vw, 516px\" \/><figcaption><em>Da sinistra: Bolla, Bedogni, Coletti (8) e I. Larese Fece.<\/em> (foto da Lo Sport Illustrato)<\/figcaption><\/figure><\/div>\n\n\n\n<div class=\"wp-block-image\"><figure class=\"aligncenter size-large is-resized\"><img loading=\"lazy\" decoding=\"async\" src=\"https:\/\/www.milanosiamonoi.com\/wp-content\/uploads\/2022\/02\/60.02.17-foto-DM-Bz-7-4-Huson-Aga.jpg\" alt=\"\" class=\"wp-image-12310\" width=\"563\" height=\"429\" srcset=\"https:\/\/www.milanosiamonoi.com\/wp-content\/uploads\/2022\/02\/60.02.17-foto-DM-Bz-7-4-Huson-Aga.jpg 812w, https:\/\/www.milanosiamonoi.com\/wp-content\/uploads\/2022\/02\/60.02.17-foto-DM-Bz-7-4-Huson-Aga-300x229.jpg 300w, https:\/\/www.milanosiamonoi.com\/wp-content\/uploads\/2022\/02\/60.02.17-foto-DM-Bz-7-4-Huson-Aga-768x586.jpg 768w, https:\/\/www.milanosiamonoi.com\/wp-content\/uploads\/2022\/02\/60.02.17-foto-DM-Bz-7-4-Huson-Aga-100x76.jpg 100w, https:\/\/www.milanosiamonoi.com\/wp-content\/uploads\/2022\/02\/60.02.17-foto-DM-Bz-7-4-Huson-Aga-50x38.jpg 50w, https:\/\/www.milanosiamonoi.com\/wp-content\/uploads\/2022\/02\/60.02.17-foto-DM-Bz-7-4-Huson-Aga-25x19.jpg 25w, https:\/\/www.milanosiamonoi.com\/wp-content\/uploads\/2022\/02\/60.02.17-foto-DM-Bz-7-4-Huson-Aga-740x565.jpg 740w\" sizes=\"(max-width: 563px) 100vw, 563px\" \/><figcaption><em>Da sinistra: Hudson, Agazzi, i cannonieri del campionato e Ludescher.  (Foto libro Agazzi).<\/em><\/figcaption><\/figure><\/div>\n\n\n\n<figure class=\"wp-block-table aligncenter\"><table><tbody><tr><td><strong>Classifica marcatori serie A 1959\/60<\/strong><\/td><td class=\"has-text-align-center\" data-align=\"center\">Reti<\/td><\/tr><tr><td>Giancarlo Agazzi (Diavoli) e Jerry Hudson (Bolzano)<\/td><td class=\"has-text-align-center\" data-align=\"center\">17<\/td><\/tr><tr><td>Giampiero Branduardi (Diavoli) e Nebby Thrasher (Cortina)<\/td><td class=\"has-text-align-center\" data-align=\"center\">14<\/td><\/tr><tr><td>Alberto Da Rin (Cortina) e Sigfried Schlemmer (Bolzano)<\/td><td class=\"has-text-align-center\" data-align=\"center\">13<\/td><\/tr><\/tbody><\/table><\/figure>\n\n\n\n<div class=\"wp-block-image\"><figure class=\"aligncenter size-large\"><img loading=\"lazy\" decoding=\"async\" width=\"556\" height=\"473\" src=\"https:\/\/www.milanosiamonoi.com\/wp-content\/uploads\/2022\/02\/60.02.17-foto-DM-Bz-7-4-il-5-4-di-Agazzi.png\" alt=\"\" class=\"wp-image-12312\" srcset=\"https:\/\/www.milanosiamonoi.com\/wp-content\/uploads\/2022\/02\/60.02.17-foto-DM-Bz-7-4-il-5-4-di-Agazzi.png 556w, https:\/\/www.milanosiamonoi.com\/wp-content\/uploads\/2022\/02\/60.02.17-foto-DM-Bz-7-4-il-5-4-di-Agazzi-300x255.png 300w, https:\/\/www.milanosiamonoi.com\/wp-content\/uploads\/2022\/02\/60.02.17-foto-DM-Bz-7-4-il-5-4-di-Agazzi-100x85.png 100w, https:\/\/www.milanosiamonoi.com\/wp-content\/uploads\/2022\/02\/60.02.17-foto-DM-Bz-7-4-il-5-4-di-Agazzi-50x43.png 50w, https:\/\/www.milanosiamonoi.com\/wp-content\/uploads\/2022\/02\/60.02.17-foto-DM-Bz-7-4-il-5-4-di-Agazzi-25x21.png 25w\" sizes=\"(max-width: 556px) 100vw, 556px\" \/><figcaption><em>Didascalia e foto da &#8220;Il Corriere d&#8217;Informazione&#8221;.<\/em><\/figcaption><\/figure><\/div>\n\n\n\n<div class=\"wp-block-image\"><figure class=\"aligncenter size-large is-resized\"><img loading=\"lazy\" decoding=\"async\" src=\"https:\/\/www.milanosiamonoi.com\/wp-content\/uploads\/2022\/02\/60.02.17-foto-DM-Bz-fine-partita-libro-Aga.jpg\" alt=\"\" class=\"wp-image-12311\" width=\"550\" height=\"422\" srcset=\"https:\/\/www.milanosiamonoi.com\/wp-content\/uploads\/2022\/02\/60.02.17-foto-DM-Bz-fine-partita-libro-Aga.jpg 844w, https:\/\/www.milanosiamonoi.com\/wp-content\/uploads\/2022\/02\/60.02.17-foto-DM-Bz-fine-partita-libro-Aga-300x230.jpg 300w, https:\/\/www.milanosiamonoi.com\/wp-content\/uploads\/2022\/02\/60.02.17-foto-DM-Bz-fine-partita-libro-Aga-768x590.jpg 768w, https:\/\/www.milanosiamonoi.com\/wp-content\/uploads\/2022\/02\/60.02.17-foto-DM-Bz-fine-partita-libro-Aga-100x77.jpg 100w, https:\/\/www.milanosiamonoi.com\/wp-content\/uploads\/2022\/02\/60.02.17-foto-DM-Bz-fine-partita-libro-Aga-50x38.jpg 50w, https:\/\/www.milanosiamonoi.com\/wp-content\/uploads\/2022\/02\/60.02.17-foto-DM-Bz-fine-partita-libro-Aga-25x19.jpg 25w, https:\/\/www.milanosiamonoi.com\/wp-content\/uploads\/2022\/02\/60.02.17-foto-DM-Bz-fine-partita-libro-Aga-740x568.jpg 740w\" sizes=\"(max-width: 550px) 100vw, 550px\" \/><figcaption><em>Fine partita: in primo piano Branduardi, dietro Agazzi e Rabanser che consola Coletti. (Foto da libro Agazzi).<\/em><\/figcaption><\/figure><\/div>\n\n\n\n<div class=\"wp-block-image\"><figure class=\"aligncenter size-large\"><img loading=\"lazy\" decoding=\"async\" width=\"519\" height=\"427\" src=\"https:\/\/www.milanosiamonoi.com\/wp-content\/uploads\/2022\/02\/60.02.18-foto-trionfo-DM-corinf.png\" alt=\"\" class=\"wp-image-12313\" srcset=\"https:\/\/www.milanosiamonoi.com\/wp-content\/uploads\/2022\/02\/60.02.18-foto-trionfo-DM-corinf.png 519w, https:\/\/www.milanosiamonoi.com\/wp-content\/uploads\/2022\/02\/60.02.18-foto-trionfo-DM-corinf-300x247.png 300w, https:\/\/www.milanosiamonoi.com\/wp-content\/uploads\/2022\/02\/60.02.18-foto-trionfo-DM-corinf-100x82.png 100w, https:\/\/www.milanosiamonoi.com\/wp-content\/uploads\/2022\/02\/60.02.18-foto-trionfo-DM-corinf-50x41.png 50w, https:\/\/www.milanosiamonoi.com\/wp-content\/uploads\/2022\/02\/60.02.18-foto-trionfo-DM-corinf-25x21.png 25w\" sizes=\"(max-width: 519px) 100vw, 519px\" \/><figcaption><em>Watson in trionfo. Da &#8220;Il Corriere d&#8217;Informazione&#8221;<\/em><\/figcaption><\/figure><\/div>\n\n\n\n<div class=\"wp-block-image\"><figure class=\"aligncenter size-large\"><img loading=\"lazy\" decoding=\"async\" width=\"374\" height=\"443\" src=\"https:\/\/www.milanosiamonoi.com\/wp-content\/uploads\/2022\/02\/60.02.19-DM-Bz-7-4-corinf-1.png\" alt=\"\" class=\"wp-image-12319\" srcset=\"https:\/\/www.milanosiamonoi.com\/wp-content\/uploads\/2022\/02\/60.02.19-DM-Bz-7-4-corinf-1.png 374w, https:\/\/www.milanosiamonoi.com\/wp-content\/uploads\/2022\/02\/60.02.19-DM-Bz-7-4-corinf-1-253x300.png 253w, https:\/\/www.milanosiamonoi.com\/wp-content\/uploads\/2022\/02\/60.02.19-DM-Bz-7-4-corinf-1-84x100.png 84w, https:\/\/www.milanosiamonoi.com\/wp-content\/uploads\/2022\/02\/60.02.19-DM-Bz-7-4-corinf-1-42x50.png 42w, https:\/\/www.milanosiamonoi.com\/wp-content\/uploads\/2022\/02\/60.02.19-DM-Bz-7-4-corinf-1-21x25.png 21w\" sizes=\"(max-width: 374px) 100vw, 374px\" \/><figcaption><em>Articolo da &#8220;Il Corriere d&#8217;Informazione&#8221;.<\/em><\/figcaption><\/figure><\/div>\n\n\n\n<p class=\"has-text-align-center\">Da qui al termine della stagione altre cinque partite. Trasferta a  Lugano, Wifsta (serie A svedese), Cecoslovacchia B e per concludere la Coppa Potin a Parigi.<\/p>\n\n\n\n<div class=\"wp-block-image\"><figure class=\"aligncenter size-large is-resized\"><img loading=\"lazy\" decoding=\"async\" src=\"https:\/\/www.milanosiamonoi.com\/wp-content\/uploads\/2022\/02\/60.02.20e26-DM-Luga-e-Wifsta.jpg\" alt=\"\" class=\"wp-image-12322\" width=\"523\" height=\"630\" srcset=\"https:\/\/www.milanosiamonoi.com\/wp-content\/uploads\/2022\/02\/60.02.20e26-DM-Luga-e-Wifsta.jpg 565w, https:\/\/www.milanosiamonoi.com\/wp-content\/uploads\/2022\/02\/60.02.20e26-DM-Luga-e-Wifsta-249x300.jpg 249w, https:\/\/www.milanosiamonoi.com\/wp-content\/uploads\/2022\/02\/60.02.20e26-DM-Luga-e-Wifsta-83x100.jpg 83w, https:\/\/www.milanosiamonoi.com\/wp-content\/uploads\/2022\/02\/60.02.20e26-DM-Luga-e-Wifsta-42x50.jpg 42w, https:\/\/www.milanosiamonoi.com\/wp-content\/uploads\/2022\/02\/60.02.20e26-DM-Luga-e-Wifsta-21x25.jpg 21w\" sizes=\"(max-width: 523px) 100vw, 523px\" \/><figcaption><em>Articoli da &#8220;La Gazzetta dello Sport&#8221;.<\/em><\/figcaption><\/figure><\/div>\n\n\n\n<p class=\"has-text-align-center\">Il 5 marzo festa scudetto alla Terrazza Martini in piazza Diaz. La serata \u00e8  offerta dalla Martini &amp; Rossi, tra l&#8217;altro patrocinatrice di alcuni tornei di hockey. Onori di casa del dott. Talarico, presenti anche dirigenti della Federazione, alcuni arbitri e la cantante Jenny Luna passata da qualche anno dal jazz alla musica leggera.<\/p>\n\n\n\n<div class=\"wp-block-image\"><figure class=\"aligncenter size-large is-resized\"><img loading=\"lazy\" decoding=\"async\" src=\"https:\/\/www.milanosiamonoi.com\/wp-content\/uploads\/2022\/02\/60.03.10-foto-DM-Martini.jpg\" alt=\"\" class=\"wp-image-12323\" width=\"557\" height=\"480\" srcset=\"https:\/\/www.milanosiamonoi.com\/wp-content\/uploads\/2022\/02\/60.03.10-foto-DM-Martini.jpg 787w, https:\/\/www.milanosiamonoi.com\/wp-content\/uploads\/2022\/02\/60.03.10-foto-DM-Martini-300x259.jpg 300w, https:\/\/www.milanosiamonoi.com\/wp-content\/uploads\/2022\/02\/60.03.10-foto-DM-Martini-768x663.jpg 768w, https:\/\/www.milanosiamonoi.com\/wp-content\/uploads\/2022\/02\/60.03.10-foto-DM-Martini-100x86.jpg 100w, https:\/\/www.milanosiamonoi.com\/wp-content\/uploads\/2022\/02\/60.03.10-foto-DM-Martini-50x43.jpg 50w, https:\/\/www.milanosiamonoi.com\/wp-content\/uploads\/2022\/02\/60.03.10-foto-DM-Martini-25x22.jpg 25w, https:\/\/www.milanosiamonoi.com\/wp-content\/uploads\/2022\/02\/60.03.10-foto-DM-Martini-740x638.jpg 740w\" sizes=\"(max-width: 557px) 100vw, 557px\" \/><figcaption><em>Dal libro sulla carriera di Giancarlo Agazzi.<\/em><\/figcaption><\/figure><\/div>\n\n\n\n<div class=\"wp-block-image\"><figure class=\"aligncenter size-large is-resized\"><img loading=\"lazy\" decoding=\"async\" src=\"https:\/\/www.milanosiamonoi.com\/wp-content\/uploads\/2022\/02\/60.03.16-DM-CecoB-4-4-a-379x1024.jpg\" alt=\"\" class=\"wp-image-12324\" width=\"265\" height=\"716\" srcset=\"https:\/\/www.milanosiamonoi.com\/wp-content\/uploads\/2022\/02\/60.03.16-DM-CecoB-4-4-a-379x1024.jpg 379w, https:\/\/www.milanosiamonoi.com\/wp-content\/uploads\/2022\/02\/60.03.16-DM-CecoB-4-4-a-111x300.jpg 111w, https:\/\/www.milanosiamonoi.com\/wp-content\/uploads\/2022\/02\/60.03.16-DM-CecoB-4-4-a-768x2074.jpg 768w, https:\/\/www.milanosiamonoi.com\/wp-content\/uploads\/2022\/02\/60.03.16-DM-CecoB-4-4-a-569x1536.jpg 569w, https:\/\/www.milanosiamonoi.com\/wp-content\/uploads\/2022\/02\/60.03.16-DM-CecoB-4-4-a-758x2048.jpg 758w, https:\/\/www.milanosiamonoi.com\/wp-content\/uploads\/2022\/02\/60.03.16-DM-CecoB-4-4-a-37x100.jpg 37w, https:\/\/www.milanosiamonoi.com\/wp-content\/uploads\/2022\/02\/60.03.16-DM-CecoB-4-4-a-19x50.jpg 19w, https:\/\/www.milanosiamonoi.com\/wp-content\/uploads\/2022\/02\/60.03.16-DM-CecoB-4-4-a-9x25.jpg 9w, https:\/\/www.milanosiamonoi.com\/wp-content\/uploads\/2022\/02\/60.03.16-DM-CecoB-4-4-a-740x1998.jpg 740w, https:\/\/www.milanosiamonoi.com\/wp-content\/uploads\/2022\/02\/60.03.16-DM-CecoB-4-4-a.jpg 928w\" sizes=\"(max-width: 265px) 100vw, 265px\" \/><figcaption><em>Articolo da &#8220;La Gazzetta dello Sport&#8221;.<\/em><\/figcaption><\/figure><\/div>\n\n\n\n<p class=\"has-text-align-center\">Diavoli rinforzati da Tucci, Frison, Coletti e Tomei. Terzo e quarto gol dei milanesi realizzati in superiorit\u00e0 numerica. Ceki abituati a gioco energico a volte eccessivo, ne ha fatto le spese Agazzi in un body-check, per lui la stagione si chiude in anticipo: niente torneo di Parigi.<\/p>\n\n\n\n<div class=\"wp-block-image\"><figure class=\"aligncenter size-large is-resized\"><img loading=\"lazy\" decoding=\"async\" src=\"https:\/\/www.milanosiamonoi.com\/wp-content\/uploads\/2022\/02\/60.03.14-Coppa-Potin-Europa-1-628x1024.jpg\" alt=\"\" class=\"wp-image-12338\" width=\"321\" height=\"524\" srcset=\"https:\/\/www.milanosiamonoi.com\/wp-content\/uploads\/2022\/02\/60.03.14-Coppa-Potin-Europa-1-628x1024.jpg 628w, https:\/\/www.milanosiamonoi.com\/wp-content\/uploads\/2022\/02\/60.03.14-Coppa-Potin-Europa-1-184x300.jpg 184w, https:\/\/www.milanosiamonoi.com\/wp-content\/uploads\/2022\/02\/60.03.14-Coppa-Potin-Europa-1-768x1253.jpg 768w, https:\/\/www.milanosiamonoi.com\/wp-content\/uploads\/2022\/02\/60.03.14-Coppa-Potin-Europa-1-61x100.jpg 61w, https:\/\/www.milanosiamonoi.com\/wp-content\/uploads\/2022\/02\/60.03.14-Coppa-Potin-Europa-1-31x50.jpg 31w, https:\/\/www.milanosiamonoi.com\/wp-content\/uploads\/2022\/02\/60.03.14-Coppa-Potin-Europa-1-15x25.jpg 15w, https:\/\/www.milanosiamonoi.com\/wp-content\/uploads\/2022\/02\/60.03.14-Coppa-Potin-Europa-1-740x1207.jpg 740w, https:\/\/www.milanosiamonoi.com\/wp-content\/uploads\/2022\/02\/60.03.14-Coppa-Potin-Europa-1.jpg 836w\" sizes=\"(max-width: 321px) 100vw, 321px\" \/><figcaption><em>Articolo da &#8220;La Gazzetta dello Sport&#8221;<\/em><\/figcaption><\/figure><\/div>\n\n\n\n<p class=\"has-text-align-center\">Non potendo contare su Agazzi e con una rosa cortissima, i Diavoli si recano a Parigi con i rinforzi Tucci, Coletti e Frison. Contestazione da parte degli organizzatori in quanto il regolamento ne consente solo due. Via libera solo a qualche minuto dall&#8217;inizio, altrimenti i Diavoli non avrebbero giocato. Primi passi verso la nascita della Coppa Europa di hockey su ghiaccio.<\/p>\n\n\n\n<figure class=\"wp-block-table aligncenter\"><table><tbody><tr><td><strong>1960<\/strong><\/td><td><strong>Parigi &#8211; Coppa Potin &#8211; Semifinali<\/strong><\/td><td>Risultato<\/td><\/tr><tr><td>18 marzo<\/td><td>ACBB-Diavoli Milano<\/td><td>4-2 (0-1; 3-0; 1-1)<\/td><\/tr><tr><td><\/td><td>Riessersee SC-SC Berna<\/td><td>10-1 (1-0; 3-1; 6-0)<\/td><\/tr><\/tbody><\/table><\/figure>\n\n\n\n<div class=\"wp-block-image\"><figure class=\"aligncenter size-large is-resized\"><img loading=\"lazy\" decoding=\"async\" src=\"https:\/\/www.milanosiamonoi.com\/wp-content\/uploads\/2022\/02\/60.03.18-Acbb-DM-4-2-Potin-1.jpg\" alt=\"\" class=\"wp-image-12339\" width=\"259\" height=\"542\" srcset=\"https:\/\/www.milanosiamonoi.com\/wp-content\/uploads\/2022\/02\/60.03.18-Acbb-DM-4-2-Potin-1.jpg 319w, https:\/\/www.milanosiamonoi.com\/wp-content\/uploads\/2022\/02\/60.03.18-Acbb-DM-4-2-Potin-1-143x300.jpg 143w, https:\/\/www.milanosiamonoi.com\/wp-content\/uploads\/2022\/02\/60.03.18-Acbb-DM-4-2-Potin-1-48x100.jpg 48w, https:\/\/www.milanosiamonoi.com\/wp-content\/uploads\/2022\/02\/60.03.18-Acbb-DM-4-2-Potin-1-24x50.jpg 24w, https:\/\/www.milanosiamonoi.com\/wp-content\/uploads\/2022\/02\/60.03.18-Acbb-DM-4-2-Potin-1-12x25.jpg 12w\" sizes=\"(max-width: 259px) 100vw, 259px\" \/><figcaption><em>Articolo da &#8220;La Gazzetta dello Sport&#8221;<\/em><\/figcaption><\/figure><\/div>\n\n\n\n<figure class=\"wp-block-table aligncenter\"><table><tbody><tr><td><strong>19 marzo 1960<\/strong><\/td><td><strong>Parigi &#8211; Coppa Potin<\/strong><\/td><td>Risultato<\/td><\/tr><tr><td><\/td><td><strong>Finale 3\u00b0 posto<\/strong><\/td><td><\/td><\/tr><tr><td><\/td><td>Diavoli Milano-SC Berna<\/td><td>12-3 (4-1; 5-2; 3-0)<\/td><\/tr><tr><td><\/td><td><strong>Finale 1\u00b0 posto<\/strong><\/td><td><\/td><\/tr><tr><td><\/td><td>ACBB-Riessersee SC<\/td><td>4-1 (1-1; 1-0; 2-0)<\/td><\/tr><\/tbody><\/table><\/figure>\n\n\n\n<div class=\"wp-block-image\"><figure class=\"aligncenter size-large is-resized\"><img loading=\"lazy\" decoding=\"async\" src=\"https:\/\/www.milanosiamonoi.com\/wp-content\/uploads\/2022\/02\/60.03.19-DM-Bern-12-3-Potin-1.jpg\" alt=\"\" class=\"wp-image-12340\" width=\"311\" height=\"402\" srcset=\"https:\/\/www.milanosiamonoi.com\/wp-content\/uploads\/2022\/02\/60.03.19-DM-Bern-12-3-Potin-1.jpg 449w, https:\/\/www.milanosiamonoi.com\/wp-content\/uploads\/2022\/02\/60.03.19-DM-Bern-12-3-Potin-1-232x300.jpg 232w, https:\/\/www.milanosiamonoi.com\/wp-content\/uploads\/2022\/02\/60.03.19-DM-Bern-12-3-Potin-1-77x100.jpg 77w, https:\/\/www.milanosiamonoi.com\/wp-content\/uploads\/2022\/02\/60.03.19-DM-Bern-12-3-Potin-1-39x50.jpg 39w, https:\/\/www.milanosiamonoi.com\/wp-content\/uploads\/2022\/02\/60.03.19-DM-Bern-12-3-Potin-1-19x25.jpg 19w\" sizes=\"(max-width: 311px) 100vw, 311px\" \/><figcaption><em>Articolo da &#8220;La Gazzetta dello Sport&#8221;<\/em><\/figcaption><\/figure><\/div>\n\n\n\n<figure class=\"wp-block-table aligncenter\"><table><tbody><tr><td><strong>Classifica marcatori stagionali Diavoli Milano<\/strong><\/td><td class=\"has-text-align-center\" data-align=\"center\">Reti<\/td><\/tr><tr><td>Giampiero Branduardi (28 presenze)<\/td><td class=\"has-text-align-center\" data-align=\"center\">37<\/td><\/tr><tr><td>Giancarlo Agazzi (27)<\/td><td class=\"has-text-align-center\" data-align=\"center\">29<\/td><\/tr><tr><td>Tino Crotti (29)<\/td><td class=\"has-text-align-center\" data-align=\"center\">27<\/td><\/tr><tr><td>Gerry Watson (18)<\/td><td class=\"has-text-align-center\" data-align=\"center\">13<\/td><\/tr><tr><td>Edmund Rabanser (26)<\/td><td class=\"has-text-align-center\" data-align=\"center\">10<\/td><\/tr><tr><td>Bruno Frison (11)<\/td><td class=\"has-text-align-center\" data-align=\"center\">6<\/td><\/tr><tr><td>Mario Bedogni (29), Igino Larese Fece (29),<\/td><td class=\"has-text-align-center\" data-align=\"center\">4<\/td><\/tr><tr><td>Gilberto Nardi (23), Nebby Thrasher (4) e Carmine Tucci (5)<\/td><td class=\"has-text-align-center\" data-align=\"center\">4<\/td><\/tr><tr><td>Toto Guccione (24)<\/td><td class=\"has-text-align-center\" data-align=\"center\">3<\/td><\/tr><tr><td>Alfredo Coletti (3)<\/td><td class=\"has-text-align-center\" data-align=\"center\">2<\/td><\/tr><tr><td>Enzo Poire (13), Gianfranco Da Rin (6) e autogol<\/td><td class=\"has-text-align-center\" data-align=\"center\">1<\/td><\/tr><tr><td>Mancano 16 reti: Chamonix (13) e Davos (3)<\/td><td class=\"has-text-align-center\" data-align=\"center\"><\/td><\/tr><\/tbody><\/table><\/figure>\n\n\n\n<p class=\"has-text-align-center\"> <\/p>\n\n\n\n<figure class=\"wp-block-table\"><table><tbody><tr><td><strong><a href=\"https:\/\/www.milanosiamonoi.com\/index.php\/campionati\/dal-1950-al-1959-anni-doro\/1958-1959-diavoli-hc-milano\/\">stagione precedente<\/a><\/strong><\/td><td class=\"has-text-align-right\" data-align=\"right\"><strong><a href=\"https:\/\/www.milanosiamonoi.com\/index.php\/campionati\/dal-1960-al-1969-vs-cortina\/1960-1961-diavoli-hc-milano\/\" data-type=\"URL\" data-id=\"https:\/\/www.milanosiamonoi.com\/index.php\/campionati\/dal-1960-al-1969-vs-cortina\/1960-1961-diavoli-hc-milano\/\">stagione successiva<\/a><\/strong><\/td><\/tr><\/tbody><\/table><\/figure>\n\n\n\n<figure class=\"wp-block-table\"><table><tbody><tr><td class=\"has-text-align-center\" data-align=\"center\"><strong><a href=\"https:\/\/www.milanosiamonoi.com\/index.php\/campionati\/dal-1960-al-1969-vs-cortina\/1959-1960-amatori-mi-bocconi-e-allievi\/\">Amatori Milano e Bocconi Milano<\/a><\/strong><\/td><\/tr><\/tbody><\/table><\/figure>\n","protected":false},"excerpt":{"rendered":"<p>Presidente Tullio Monzino Allenatore Aldo Federici Ruolo Giocatori con almeno una presenza in prima squadra. P Vittorio Bolla, Paolo Marchi. D Mario Bedogni (C), Toto&#8230;<\/p>\n","protected":false},"author":2,"featured_media":0,"parent":1471,"menu_order":0,"comment_status":"closed","ping_status":"closed","template":"","meta":{"spay_email":"","footnotes":""},"_links":{"self":[{"href":"https:\/\/www.milanosiamonoi.com\/index.php\/wp-json\/wp\/v2\/pages\/12120"}],"collection":[{"href":"https:\/\/www.milanosiamonoi.com\/index.php\/wp-json\/wp\/v2\/pages"}],"about":[{"href":"https:\/\/www.milanosiamonoi.com\/index.php\/wp-json\/wp\/v2\/types\/page"}],"author":[{"embeddable":true,"href":"https:\/\/www.milanosiamonoi.com\/index.php\/wp-json\/wp\/v2\/users\/2"}],"replies":[{"embeddable":true,"href":"https:\/\/www.milanosiamonoi.com\/index.php\/wp-json\/wp\/v2\/comments?post=12120"}],"version-history":[{"count":160,"href":"https:\/\/www.milanosiamonoi.com\/index.php\/wp-json\/wp\/v2\/pages\/12120\/revisions"}],"predecessor-version":[{"id":16498,"href":"https:\/\/www.milanosiamonoi.com\/index.php\/wp-json\/wp\/v2\/pages\/12120\/revisions\/16498"}],"up":[{"embeddable":true,"href":"https:\/\/www.milanosiamonoi.com\/index.php\/wp-json\/wp\/v2\/pages\/1471"}],"wp:attachment":[{"href":"https:\/\/www.milanosiamonoi.com\/index.php\/wp-json\/wp\/v2\/media?parent=12120"}],"curies":[{"name":"wp","href":"https:\/\/api.w.org\/{rel}","templated":true}]}}