{"id":10869,"date":"2022-01-05T10:18:02","date_gmt":"2022-01-05T10:18:02","guid":{"rendered":"http:\/\/milanosiamonoi.com\/?page_id=10869"},"modified":"2022-02-22T20:18:49","modified_gmt":"2022-02-22T20:18:49","slug":"1956-1957-amatori-mi-e-bocconi","status":"publish","type":"page","link":"https:\/\/www.milanosiamonoi.com\/index.php\/campionati\/dal-1950-al-1959-anni-doro\/1956-1957-amatori-mi-e-bocconi\/","title":{"rendered":"1956\/1957 Amatori Mi e Bocconi"},"content":{"rendered":"\n<div class=\"wp-block-image\"><figure class=\"aligncenter size-large\"><img loading=\"lazy\" decoding=\"async\" width=\"300\" height=\"300\" src=\"https:\/\/www.milanosiamonoi.com\/wp-content\/uploads\/2021\/04\/logo-amatoriok-300x300-1.jpg\" alt=\"\" class=\"wp-image-6245\" srcset=\"https:\/\/www.milanosiamonoi.com\/wp-content\/uploads\/2021\/04\/logo-amatoriok-300x300-1.jpg 300w, https:\/\/www.milanosiamonoi.com\/wp-content\/uploads\/2021\/04\/logo-amatoriok-300x300-1-150x150.jpg 150w, https:\/\/www.milanosiamonoi.com\/wp-content\/uploads\/2021\/04\/logo-amatoriok-300x300-1-100x100.jpg 100w, https:\/\/www.milanosiamonoi.com\/wp-content\/uploads\/2021\/04\/logo-amatoriok-300x300-1-50x50.jpg 50w, https:\/\/www.milanosiamonoi.com\/wp-content\/uploads\/2021\/04\/logo-amatoriok-300x300-1-25x25.jpg 25w, https:\/\/www.milanosiamonoi.com\/wp-content\/uploads\/2021\/04\/logo-amatoriok-300x300-1-90x90.jpg 90w\" sizes=\"(max-width: 300px) 100vw, 300px\" \/><\/figure><\/div>\n\n\n\n<figure class=\"wp-block-table aligncenter\"><table><tbody><tr><td>Presidente<\/td><td>Floriano Mainoldi<\/td><\/tr><\/tbody><\/table><\/figure>\n\n\n\n<figure class=\"wp-block-table\"><table><tbody><tr><td class=\"has-text-align-center\" data-align=\"center\"><strong>Ruolo<\/strong><\/td><td><strong>Giocatori con almeno una presenza in prima squadra.<\/strong><\/td><\/tr><tr><td class=\"has-text-align-center\" data-align=\"center\">P<\/td><td>Andrea Balzani, Paolo Marchi.<\/td><\/tr><tr><td class=\"has-text-align-center\" data-align=\"center\">D<\/td><td>Franco Canepa, Michele Ferrante, Dieter Prange, Enzo Seveso.<\/td><\/tr><tr><td class=\"has-text-align-center\" data-align=\"center\">A<\/td><td>Giancarlo Bonalanza, Cesare Bressan, Giovanni Ceserani, Renato Lesma, Andrea Lusena, Sarino Oriana, Maurizio Pastore, Renato Rossi, Walter Schmid, Carlo Signorini, Vicario, Riccardo Vivanti.<\/td><\/tr><tr><td class=\"has-text-align-center\" data-align=\"center\">Rinforzi<\/td><td>Gilberto Nardi, Ottavio Wild (Milaninter), Aldo De Zordo, Tito Mazza (Fiat Torino).<\/td><\/tr><\/tbody><\/table><\/figure>\n\n\n\n<p class=\"has-text-align-center\">Delfino, Nardi e Wild promossi al Milaninter che con il ritorno del campionato di serie A si riprende anche Guccione. La squadra deve confermarsi tra le protagoniste del campionato di Promozione, ma le rivali dei gironi orientali sono in gran crescita. Nel corso della stagione un buon numero di allievi si affaccia in prima squadra, giuste esperienze per guadagnarsi il posto di titolare in futuro. Prime uscite in dicembre con club stranieri.<\/p>\n\n\n\n<div class=\"wp-block-image\"><figure class=\"aligncenter size-large\"><img loading=\"lazy\" decoding=\"async\" width=\"529\" height=\"432\" src=\"https:\/\/www.milanosiamonoi.com\/wp-content\/uploads\/2021\/10\/lavagna-bianca-Copia.jpg\" alt=\"\" class=\"wp-image-10878\" srcset=\"https:\/\/www.milanosiamonoi.com\/wp-content\/uploads\/2021\/10\/lavagna-bianca-Copia.jpg 529w, https:\/\/www.milanosiamonoi.com\/wp-content\/uploads\/2021\/10\/lavagna-bianca-Copia-300x245.jpg 300w, https:\/\/www.milanosiamonoi.com\/wp-content\/uploads\/2021\/10\/lavagna-bianca-Copia-100x82.jpg 100w, https:\/\/www.milanosiamonoi.com\/wp-content\/uploads\/2021\/10\/lavagna-bianca-Copia-50x41.jpg 50w, https:\/\/www.milanosiamonoi.com\/wp-content\/uploads\/2021\/10\/lavagna-bianca-Copia-25x20.jpg 25w\" sizes=\"(max-width: 529px) 100vw, 529px\" \/><\/figure><\/div>\n\n\n\n<p class=\"has-text-align-center\">Quattro i gironi del campionato cadetto, Rispetto alla stagione precedente mancano Agordo, Brunico e Merano. Nuove entrate Centro Cadore, Comelico e SSV Bozen, almeno a est qualcosa si muove. Molto pi\u00f9 complicate le cose a ovest dove qualcuno ci prova, ma per via di clima e posizione geografica mantenere il ghiaccio naturale per un paio di mesi \u00e8 praticamente impossibile. Oltre ad Amatori Milano, Bocconi e Valpe in FISG risultano iscritte cinque societ\u00e0.<\/p>\n\n\n\n<figure class=\"wp-block-table aligncenter\"><table><tbody><tr><td><strong>Societ\u00e0.<\/strong><\/td><td class=\"has-text-align-center\" data-align=\"center\"><strong>Tesserati hockey.<\/strong><\/td><\/tr><tr><td>HC Bardonecchia<\/td><td class=\"has-text-align-center\" data-align=\"center\">3<\/td><\/tr><tr><td>Sci Club Bormio<\/td><td class=\"has-text-align-center\" data-align=\"center\">11<\/td><\/tr><tr><td>Pattin Club De Toma Como<\/td><td class=\"has-text-align-center\" data-align=\"center\">8<\/td><\/tr><tr><td>CP Madesimo<\/td><td class=\"has-text-align-center\" data-align=\"center\">51<\/td><\/tr><tr><td>CP Varese<\/td><td class=\"has-text-align-center\" data-align=\"center\">2<\/td><\/tr><\/tbody><\/table><\/figure>\n\n\n\n<figure class=\"wp-block-table aligncenter\"><table><tbody><tr><td><strong>1956\/57<\/strong><\/td><td><strong>Campionato di Promozione (serie B).<\/strong><\/td><\/tr><tr><td>Girone A<\/td><td>Amatori Milano, Bocconi, Valpellice.<\/td><\/tr><tr><td>Girone B<\/td><td>Latemar Bolzano, Renon, SSV Bozen.<\/td><\/tr><tr><td>Girone C<\/td><td>Amatori Cortina, Scoiattoli Bolzano, Vipiteno.<\/td><\/tr><tr><td>Girone D<\/td><td>Asiago, Centro Cadore, Comelico, M.te Civetta Alleghe.<\/td><\/tr><\/tbody><\/table><\/figure>\n\n\n\n<p class=\"has-text-align-center\">Il primo derby di campionato lo si gioca in dicembre, ne segue un altro  amichevole in gennaio, quindi gli amatorini &#8220;rinforzati&#8221; si spostano in Svizzera per partecipare al torneo di Montana.<\/p>\n\n\n\n<figure class=\"wp-block-table aligncenter\"><table><tbody><tr><td><strong>1956<\/strong><\/td><td><strong>Campionato Promozione &#8211; Girone A<\/strong><\/td><td><strong>Risultato<\/strong><\/td><\/tr><tr><td>17 dicembre<\/td><td>Amatori Milano-Bocconi<\/td><td>6-0 <\/td><\/tr><tr><td><\/td><td><strong>Partita amichevole.<\/strong><\/td><td><\/td><\/tr><tr><td>10 gennaio<\/td><td>Bocconi-Amatori Milano<\/td><td>0-9 (0-3; 0-2; 0-4)<\/td><\/tr><\/tbody><\/table><\/figure>\n\n\n\n<div class=\"wp-block-image\"><figure class=\"aligncenter size-large\"><img loading=\"lazy\" decoding=\"async\" width=\"346\" height=\"322\" src=\"https:\/\/www.milanosiamonoi.com\/wp-content\/uploads\/2021\/10\/57.01.12-AmMilano-torneo-Montana.jpg\" alt=\"\" class=\"wp-image-10880\" srcset=\"https:\/\/www.milanosiamonoi.com\/wp-content\/uploads\/2021\/10\/57.01.12-AmMilano-torneo-Montana.jpg 346w, https:\/\/www.milanosiamonoi.com\/wp-content\/uploads\/2021\/10\/57.01.12-AmMilano-torneo-Montana-300x279.jpg 300w, https:\/\/www.milanosiamonoi.com\/wp-content\/uploads\/2021\/10\/57.01.12-AmMilano-torneo-Montana-100x93.jpg 100w, https:\/\/www.milanosiamonoi.com\/wp-content\/uploads\/2021\/10\/57.01.12-AmMilano-torneo-Montana-50x47.jpg 50w, https:\/\/www.milanosiamonoi.com\/wp-content\/uploads\/2021\/10\/57.01.12-AmMilano-torneo-Montana-25x23.jpg 25w\" sizes=\"(max-width: 346px) 100vw, 346px\" \/><figcaption>Da &#8220;La Gazzetta dello Sport&#8221;.<\/figcaption><\/figure><\/div>\n\n\n\n<p class=\"has-text-align-center\">Ultima trasferta all&#8217;estero per rendere la visita al Lugano (serie C elvetica), poi solo campionato.<\/p>\n\n\n\n<div class=\"wp-block-image\"><figure class=\"aligncenter size-large\"><img loading=\"lazy\" decoding=\"async\" width=\"322\" height=\"692\" src=\"https:\/\/www.milanosiamonoi.com\/wp-content\/uploads\/2021\/10\/57.01.16-Luga-AmM-4-3.jpg\" alt=\"\" class=\"wp-image-10895\" srcset=\"https:\/\/www.milanosiamonoi.com\/wp-content\/uploads\/2021\/10\/57.01.16-Luga-AmM-4-3.jpg 322w, https:\/\/www.milanosiamonoi.com\/wp-content\/uploads\/2021\/10\/57.01.16-Luga-AmM-4-3-140x300.jpg 140w, https:\/\/www.milanosiamonoi.com\/wp-content\/uploads\/2021\/10\/57.01.16-Luga-AmM-4-3-47x100.jpg 47w, https:\/\/www.milanosiamonoi.com\/wp-content\/uploads\/2021\/10\/57.01.16-Luga-AmM-4-3-23x50.jpg 23w, https:\/\/www.milanosiamonoi.com\/wp-content\/uploads\/2021\/10\/57.01.16-Luga-AmM-4-3-12x25.jpg 12w\" sizes=\"(max-width: 322px) 100vw, 322px\" \/><figcaption><em>Articolo da &#8220;La Gazzetta dello Sport&#8221;.<\/em><\/figcaption><\/figure><\/div>\n\n\n\n<figure class=\"wp-block-table aligncenter\"><table><tbody><tr><td><strong>1957<\/strong><\/td><td><strong>Campionato Promozione &#8211; Girone A.<\/strong><\/td><td>Risultato<\/td><\/tr><tr><td>Torino, 20 gennaio<\/td><td>Valpellice-Amatori Milano<\/td><td>1-4<\/td><\/tr><tr><td>Milano, 4 febbraio<\/td><td>Amatori Milano-Valpellice<\/td><td>5-0 tav.<\/td><\/tr><\/tbody><\/table><\/figure>\n\n\n\n<div class=\"wp-block-image\"><figure class=\"aligncenter size-large\"><img loading=\"lazy\" decoding=\"async\" width=\"325\" height=\"526\" src=\"https:\/\/www.milanosiamonoi.com\/wp-content\/uploads\/2021\/10\/57.02.11-PA-Bocc-AmM-3-14.jpg\" alt=\"\" class=\"wp-image-10896\" srcset=\"https:\/\/www.milanosiamonoi.com\/wp-content\/uploads\/2021\/10\/57.02.11-PA-Bocc-AmM-3-14.jpg 325w, https:\/\/www.milanosiamonoi.com\/wp-content\/uploads\/2021\/10\/57.02.11-PA-Bocc-AmM-3-14-185x300.jpg 185w, https:\/\/www.milanosiamonoi.com\/wp-content\/uploads\/2021\/10\/57.02.11-PA-Bocc-AmM-3-14-62x100.jpg 62w, https:\/\/www.milanosiamonoi.com\/wp-content\/uploads\/2021\/10\/57.02.11-PA-Bocc-AmM-3-14-31x50.jpg 31w, https:\/\/www.milanosiamonoi.com\/wp-content\/uploads\/2021\/10\/57.02.11-PA-Bocc-AmM-3-14-15x25.jpg 15w\" sizes=\"(max-width: 325px) 100vw, 325px\" \/><figcaption><em>Articolo da &#8220;La Gazzetta dello Sport&#8221;.<\/em><\/figcaption><\/figure><\/div>\n\n\n\n<figure class=\"wp-block-table aligncenter\"><table><tbody><tr><td><strong>Camp. Promozione. <\/strong><\/td><td><strong>Classifiche finali dei quattro gironi.<\/strong><\/td><\/tr><tr><td>Girone A<\/td><td><strong>Amatori Milano punti 8<\/strong>, Bocconi e Valpellice 2.<\/td><\/tr><tr><td>Girone B<\/td><td><strong>Latemar Bolzano punti 5<\/strong>, Renon 4, SSV Bozen 3.<\/td><\/tr><tr><td>Girone C<\/td><td><strong>Scoiattoli Bz punti 8<\/strong>, Amatori Cortina 4, Vipiteno 0.<\/td><\/tr><tr><td>Girone D<\/td><td><strong>M.te Civetta Alleghe<\/strong> e Asiago punti 10, Comelico 4, Centro Cadore 0.<\/td><\/tr><tr><td><\/td><td>Monte Civetta Alleghe migliore quoziente reti.<\/td><\/tr><\/tbody><\/table><\/figure>\n\n\n\n<p class=\"has-text-align-center\">Il girone finale con incroci all&#8217;italiana si gioca al PalaFiera dal 14 al 16 febbraio. La presenza di due societ\u00e0 bolzanine su tre iscritte certifica la grande attrazione raggiunta a Bolzano dall&#8217;hockey su ghiaccio.<\/p>\n\n\n\n<figure class=\"wp-block-table aligncenter\"><table><tbody><tr><td><strong>14 febbraio 1957 &#8211; Camp. Promozione &#8211; Girone finale<\/strong><\/td><td>Risultato<\/td><\/tr><tr><td>Scoiattoli Bolzano-Amatori Milano<\/td><td>4-1 (1-0; 0-1; 3-0)<\/td><\/tr><tr><td>Latemar Bolzano-M.te Civetta Alleghe<\/td><td>5-3 (3-0; 1-1; 1-2)<\/td><\/tr><\/tbody><\/table><\/figure>\n\n\n\n<div class=\"wp-block-image\"><figure class=\"aligncenter size-large is-resized\"><img loading=\"lazy\" decoding=\"async\" src=\"https:\/\/www.milanosiamonoi.com\/wp-content\/uploads\/2021\/10\/57.02.14-PGF-Scoi-AmMi-4-1-piccolo.jpg\" alt=\"\" class=\"wp-image-10911\" width=\"290\" height=\"478\" srcset=\"https:\/\/www.milanosiamonoi.com\/wp-content\/uploads\/2021\/10\/57.02.14-PGF-Scoi-AmMi-4-1-piccolo.jpg 385w, https:\/\/www.milanosiamonoi.com\/wp-content\/uploads\/2021\/10\/57.02.14-PGF-Scoi-AmMi-4-1-piccolo-182x300.jpg 182w, https:\/\/www.milanosiamonoi.com\/wp-content\/uploads\/2021\/10\/57.02.14-PGF-Scoi-AmMi-4-1-piccolo-61x100.jpg 61w, https:\/\/www.milanosiamonoi.com\/wp-content\/uploads\/2021\/10\/57.02.14-PGF-Scoi-AmMi-4-1-piccolo-30x50.jpg 30w, https:\/\/www.milanosiamonoi.com\/wp-content\/uploads\/2021\/10\/57.02.14-PGF-Scoi-AmMi-4-1-piccolo-15x25.jpg 15w\" sizes=\"(max-width: 290px) 100vw, 290px\" \/><figcaption><em>Da &#8220;La Gazzetta dello Sport&#8221;.<\/em><\/figcaption><\/figure><\/div>\n\n\n\n<figure class=\"wp-block-table aligncenter\"><table><tbody><tr><td><strong>15 febbraio 1957 &#8211; Camp. Promozione &#8211; Girone finale<\/strong><\/td><td>Risultato<\/td><\/tr><tr><td>Scoiattoli Bolzano-M.te Civetta Alleghe<\/td><td>2-1 (0-1; 1-0; 1-0)<\/td><\/tr><tr><td>Latemar Bolzano-Amatori Milano<\/td><td>2-2 (1-1; 1-0; 0-1)<\/td><\/tr><\/tbody><\/table><\/figure>\n\n\n\n<div class=\"wp-block-image\"><figure class=\"aligncenter size-large is-resized\"><img loading=\"lazy\" decoding=\"async\" src=\"https:\/\/www.milanosiamonoi.com\/wp-content\/uploads\/2021\/10\/57.02.15-PGF-Late-AmMi-2-2.jpg\" alt=\"\" class=\"wp-image-10912\" width=\"302\" height=\"580\" srcset=\"https:\/\/www.milanosiamonoi.com\/wp-content\/uploads\/2021\/10\/57.02.15-PGF-Late-AmMi-2-2.jpg 302w, https:\/\/www.milanosiamonoi.com\/wp-content\/uploads\/2021\/10\/57.02.15-PGF-Late-AmMi-2-2-156x300.jpg 156w, https:\/\/www.milanosiamonoi.com\/wp-content\/uploads\/2021\/10\/57.02.15-PGF-Late-AmMi-2-2-52x100.jpg 52w, https:\/\/www.milanosiamonoi.com\/wp-content\/uploads\/2021\/10\/57.02.15-PGF-Late-AmMi-2-2-26x50.jpg 26w, https:\/\/www.milanosiamonoi.com\/wp-content\/uploads\/2021\/10\/57.02.15-PGF-Late-AmMi-2-2-13x25.jpg 13w\" sizes=\"(max-width: 302px) 100vw, 302px\" \/><figcaption><em>Da &#8220;La Gazzetta dello Sport&#8221;<\/em>, <em>un po&#8217; in crisi con formazione Latemar Bolzano.<\/em><\/figcaption><\/figure><\/div>\n\n\n\n<figure class=\"wp-block-table aligncenter\"><table><tbody><tr><td><strong>16 febbraio 1957 &#8211; Camp. Promozione &#8211; Girone finale<\/strong><\/td><td>Risultato<\/td><\/tr><tr><td>Amatori Milano-M.te Civetta Alleghe<\/td><td>3-2 (1-0; 1-0; 1-2)<\/td><\/tr><tr><td>Scoiattoli Bolzano-Latemar Bolzano<\/td><td>4-0 (0-0; 3-0; 1-0)<\/td><\/tr><\/tbody><\/table><\/figure>\n\n\n\n<div class=\"wp-block-image\"><figure class=\"aligncenter size-large is-resized\"><img loading=\"lazy\" decoding=\"async\" src=\"https:\/\/www.milanosiamonoi.com\/wp-content\/uploads\/2021\/10\/57.02.16-PGF-AmM-MCA-3-2-a.jpg\" alt=\"\" class=\"wp-image-10913\" width=\"397\" height=\"477\" srcset=\"https:\/\/www.milanosiamonoi.com\/wp-content\/uploads\/2021\/10\/57.02.16-PGF-AmM-MCA-3-2-a.jpg 417w, https:\/\/www.milanosiamonoi.com\/wp-content\/uploads\/2021\/10\/57.02.16-PGF-AmM-MCA-3-2-a-250x300.jpg 250w, https:\/\/www.milanosiamonoi.com\/wp-content\/uploads\/2021\/10\/57.02.16-PGF-AmM-MCA-3-2-a-83x100.jpg 83w, https:\/\/www.milanosiamonoi.com\/wp-content\/uploads\/2021\/10\/57.02.16-PGF-AmM-MCA-3-2-a-42x50.jpg 42w, https:\/\/www.milanosiamonoi.com\/wp-content\/uploads\/2021\/10\/57.02.16-PGF-AmM-MCA-3-2-a-21x25.jpg 21w\" sizes=\"(max-width: 397px) 100vw, 397px\" \/><figcaption><em>Da &#8220;La Gazzetta dello Sport&#8221;.<\/em><\/figcaption><\/figure><\/div>\n\n\n\n<figure class=\"wp-block-table aligncenter\"><table><tbody><tr><td><strong>Classifica finale del campionato di Promozione.<\/strong><\/td><td class=\"has-text-align-center\" data-align=\"center\">Punti<\/td><\/tr><tr><td><strong>Scoiattoli Bolzano<\/strong><\/td><td class=\"has-text-align-center\" data-align=\"center\"><strong>6<\/strong><\/td><\/tr><tr><td>Amatori Milano e Latemar Bolzano<\/td><td class=\"has-text-align-center\" data-align=\"center\">3<\/td><\/tr><tr><td>Monte Civetta Alleghe 0.<\/td><td class=\"has-text-align-center\" data-align=\"center\">0<\/td><\/tr><\/tbody><\/table><\/figure>\n\n\n\n<div class=\"wp-block-image\"><figure class=\"aligncenter size-large is-resized\"><img loading=\"lazy\" decoding=\"async\" src=\"https:\/\/www.milanosiamonoi.com\/wp-content\/uploads\/2021\/10\/57.02.17-P-Scoiattoli-in-A-Adige.jpg\" alt=\"\" class=\"wp-image-10934\" width=\"555\" height=\"224\" srcset=\"https:\/\/www.milanosiamonoi.com\/wp-content\/uploads\/2021\/10\/57.02.17-P-Scoiattoli-in-A-Adige.jpg 730w, https:\/\/www.milanosiamonoi.com\/wp-content\/uploads\/2021\/10\/57.02.17-P-Scoiattoli-in-A-Adige-300x121.jpg 300w, https:\/\/www.milanosiamonoi.com\/wp-content\/uploads\/2021\/10\/57.02.17-P-Scoiattoli-in-A-Adige-100x40.jpg 100w, https:\/\/www.milanosiamonoi.com\/wp-content\/uploads\/2021\/10\/57.02.17-P-Scoiattoli-in-A-Adige-50x20.jpg 50w, https:\/\/www.milanosiamonoi.com\/wp-content\/uploads\/2021\/10\/57.02.17-P-Scoiattoli-in-A-Adige-25x10.jpg 25w\" sizes=\"(max-width: 555px) 100vw, 555px\" \/><figcaption><em>Da &#8220;L&#8217;Adige&#8221;.<\/em><\/figcaption><\/figure><\/div>\n\n\n\n<p class=\"has-text-align-center\">Ultima della stagione un altro derby amichevole e per la quarta volta su quattro partite vince l&#8217;Amatori.<\/p>\n\n\n\n<div class=\"wp-block-image\"><figure class=\"aligncenter size-large is-resized\"><img loading=\"lazy\" decoding=\"async\" src=\"https:\/\/www.milanosiamonoi.com\/wp-content\/uploads\/2021\/10\/57.03.20-AmMi-Boc-12-0.jpg\" alt=\"\" class=\"wp-image-10935\" width=\"381\" height=\"384\" srcset=\"https:\/\/www.milanosiamonoi.com\/wp-content\/uploads\/2021\/10\/57.03.20-AmMi-Boc-12-0.jpg 466w, https:\/\/www.milanosiamonoi.com\/wp-content\/uploads\/2021\/10\/57.03.20-AmMi-Boc-12-0-297x300.jpg 297w, https:\/\/www.milanosiamonoi.com\/wp-content\/uploads\/2021\/10\/57.03.20-AmMi-Boc-12-0-150x150.jpg 150w, https:\/\/www.milanosiamonoi.com\/wp-content\/uploads\/2021\/10\/57.03.20-AmMi-Boc-12-0-100x100.jpg 100w, https:\/\/www.milanosiamonoi.com\/wp-content\/uploads\/2021\/10\/57.03.20-AmMi-Boc-12-0-50x50.jpg 50w, https:\/\/www.milanosiamonoi.com\/wp-content\/uploads\/2021\/10\/57.03.20-AmMi-Boc-12-0-25x25.jpg 25w, https:\/\/www.milanosiamonoi.com\/wp-content\/uploads\/2021\/10\/57.03.20-AmMi-Boc-12-0-90x90.jpg 90w\" sizes=\"(max-width: 381px) 100vw, 381px\" \/><figcaption><em>Articolo da &#8220;La Gazzetta dello Sport&#8221;.<\/em><\/figcaption><\/figure><\/div>\n\n\n\n<figure class=\"wp-block-table aligncenter\"><table><tbody><tr><td><strong>Classifica marcatori stagionali Amatori Milano.<\/strong><\/td><td class=\"has-text-align-center\" data-align=\"center\">Reti<\/td><\/tr><tr><td>Sarino Oriana (9 presenze)<\/td><td class=\"has-text-align-center\" data-align=\"center\">21<\/td><\/tr><tr><td>Renato Rossi (8)<\/td><td class=\"has-text-align-center\" data-align=\"center\">9<\/td><\/tr><tr><td>Vicario (8)<\/td><td class=\"has-text-align-center\" data-align=\"center\">7<\/td><\/tr><tr><td>Renato Lesma (8) e tavolino.<\/td><td class=\"has-text-align-center\" data-align=\"center\">5<\/td><\/tr><tr><td>Giovanni Ceserani (1)<\/td><td class=\"has-text-align-center\" data-align=\"center\">4<\/td><\/tr><tr><td>Giancarlo Bonalanza (8) e Michele Ferrante (9)<\/td><td class=\"has-text-align-center\" data-align=\"center\">3<\/td><\/tr><tr><td>Tito Mazza (1) e Aldo De Zordo (1)<\/td><td class=\"has-text-align-center\" data-align=\"center\">2<\/td><\/tr><tr><td>Gilberto Nardi (1) e Carlo Signorini (6)<\/td><td class=\"has-text-align-center\" data-align=\"center\">1<\/td><\/tr><tr><td>Mancano 18 marcatori: Bocconi (6), Chamonix (2), Montana (6) e Valpe (4).<\/td><td class=\"has-text-align-center\" data-align=\"center\"><\/td><\/tr><\/tbody><\/table><\/figure>\n\n\n\n<figure class=\"wp-block-table aligncenter\"><table><tbody><tr><td class=\"has-text-align-center\" data-align=\"center\"><strong>Campionato allievi 1956\/57 &#8211; Girone A<\/strong><\/td><\/tr><tr><td class=\"has-text-align-center\" data-align=\"center\">Amatori Milano, Bocconi, Fiat Torino, Milaninter HC.<\/td><\/tr><\/tbody><\/table><\/figure>\n\n\n\n<div class=\"wp-block-image\"><figure class=\"aligncenter size-large\"><img loading=\"lazy\" decoding=\"async\" width=\"320\" height=\"441\" src=\"https:\/\/www.milanosiamonoi.com\/wp-content\/uploads\/2021\/10\/56.12.14-All.-Fiat-Am.M-1-11.jpg\" alt=\"\" class=\"wp-image-10941\" srcset=\"https:\/\/www.milanosiamonoi.com\/wp-content\/uploads\/2021\/10\/56.12.14-All.-Fiat-Am.M-1-11.jpg 320w, https:\/\/www.milanosiamonoi.com\/wp-content\/uploads\/2021\/10\/56.12.14-All.-Fiat-Am.M-1-11-218x300.jpg 218w, https:\/\/www.milanosiamonoi.com\/wp-content\/uploads\/2021\/10\/56.12.14-All.-Fiat-Am.M-1-11-73x100.jpg 73w, https:\/\/www.milanosiamonoi.com\/wp-content\/uploads\/2021\/10\/56.12.14-All.-Fiat-Am.M-1-11-36x50.jpg 36w, https:\/\/www.milanosiamonoi.com\/wp-content\/uploads\/2021\/10\/56.12.14-All.-Fiat-Am.M-1-11-18x25.jpg 18w\" sizes=\"(max-width: 320px) 100vw, 320px\" \/><figcaption>Da &#8220;La Gazzetta dello Sport&#8221;.<\/figcaption><\/figure><\/div>\n\n\n\n<figure class=\"wp-block-table aligncenter\"><table><tbody><tr><td>Milano, 21 dicembre 1956: Amatori Milano-Milaninter 32-0<\/td><\/tr><\/tbody><\/table><\/figure>\n\n\n\n<div class=\"wp-block-image\"><figure class=\"aligncenter size-large\"><img loading=\"lazy\" decoding=\"async\" width=\"283\" height=\"668\" src=\"https:\/\/www.milanosiamonoi.com\/wp-content\/uploads\/2021\/10\/57.01.08-All.-AmM-Bocc-2-2.jpg\" alt=\"\" class=\"wp-image-10942\" srcset=\"https:\/\/www.milanosiamonoi.com\/wp-content\/uploads\/2021\/10\/57.01.08-All.-AmM-Bocc-2-2.jpg 283w, https:\/\/www.milanosiamonoi.com\/wp-content\/uploads\/2021\/10\/57.01.08-All.-AmM-Bocc-2-2-127x300.jpg 127w, https:\/\/www.milanosiamonoi.com\/wp-content\/uploads\/2021\/10\/57.01.08-All.-AmM-Bocc-2-2-42x100.jpg 42w, https:\/\/www.milanosiamonoi.com\/wp-content\/uploads\/2021\/10\/57.01.08-All.-AmM-Bocc-2-2-21x50.jpg 21w, https:\/\/www.milanosiamonoi.com\/wp-content\/uploads\/2021\/10\/57.01.08-All.-AmM-Bocc-2-2-11x25.jpg 11w\" sizes=\"(max-width: 283px) 100vw, 283px\" \/><figcaption><em>Articolo da &#8220;La Gazzetta dello Sport&#8221;.<\/em><\/figcaption><\/figure><\/div>\n\n\n\n<figure class=\"wp-block-table aligncenter\"><table><tbody><tr><td>Milano, 12 gennaio 1957: Milaninter-Amatori Milano 0-15<\/td><\/tr><tr><td>Milano, 19 gennaio 1957: Amatori Milano-Fiat Torino 10-2<\/td><\/tr><\/tbody><\/table><\/figure>\n\n\n\n<p class=\"has-text-align-center\">Per il primato nel girone decisiva l&#8217;ultima partita. L&#8217;Amatori fa suo il derby superando la Bocconi con il minimo scarto.<\/p>\n\n\n\n<figure class=\"wp-block-table\"><table><tbody><tr><td><strong>Milano, 11 febbraio 1957 &#8211; Campionato allievi &#8211; Girone A.<\/strong><\/td><\/tr><tr><td>Bocconi-Amatori Milano 0-1 (0-0; 0-0; 0-1)<\/td><\/tr><tr><td>Bocconi: Radaelli; Volpe, Facchi; Nucci, Manzoni; E. Paracchini, Carmignani, Gangini; Grassi, Pom\u00e9, Cornaggia.<\/td><\/tr><tr><td>Amatori Milano: Rinaldi; Frigerio, Cauli; Schmid, U. Signorini; A. Lusena, Ceserani, Bressan; Mapelli, G. Pezzaglia, GF. Rigamonti.<\/td><\/tr><tr><td>Rete: 3\u00b0 t. 8&#8242; Ceserani. Arbitro: Galetti.<\/td><\/tr><\/tbody><\/table><\/figure>\n\n\n\n<p class=\"has-text-align-center\">Partita molto combattuta, con azioni alterne. All&#8217;8&#8242; del secondo tempo il portiere dell&#8217;Amatori, Rinaldi, si \u00e8 infortunato (disco contro il mento e ferita lacero-contusa), ma dopo dieci minuti riprendeva coraggiosamente il suo posto. Migliori: per l&#8217;Amatori Ceserani e Bressan, nonch\u00e9 il bravo Rinaldi. Nella Bocconi si sono distinti Volpe, Ernesto Paracchini e Facchi. E&#8217; stata una delle pi\u00f9 interessanti partite della stagione per le belle trame di gioco e l&#8217;animosit\u00e0 dei contendenti. Ottimo l&#8217;arbitraggio di Galetti.<\/p>\n\n\n\n<figure class=\"wp-block-table aligncenter\"><table><tbody><tr><td class=\"has-text-align-center\" data-align=\"center\"><strong>Classifica finale del girone A.<\/strong><\/td><\/tr><tr><td class=\"has-text-align-center\" data-align=\"center\">Amatori Milano punti 11, Bocconi 9, Fiat Torino 4, Milaninter 0.<\/td><\/tr><\/tbody><\/table><\/figure>\n\n\n\n<p class=\"has-text-align-center\">Fase finale a Bolzano dal 15 al 16 febbraio, con l&#8217;Amatori in lizza per il titolo Asiago, Bolzano e Ortisei: girone all&#8217;italiana.<\/p>\n\n\n\n<figure class=\"wp-block-table aligncenter\"><table><tbody><tr><td><strong>15 febbraio 1957 &#8211; Camp. Allievi &#8211; Girone finale<\/strong><\/td><td>Risultato<\/td><\/tr><tr><td>Ortisei-Bolzano<\/td><td>6-1 (3-0; 1-0; 2-1)<\/td><\/tr><tr><td>Amatori Milano-Asiago<\/td><td>2-2 (1-1; 1-1; 0-0)<\/td><\/tr><\/tbody><\/table><\/figure>\n\n\n\n<div class=\"wp-block-image\"><figure class=\"aligncenter size-large\"><img loading=\"lazy\" decoding=\"async\" width=\"324\" height=\"445\" src=\"https:\/\/www.milanosiamonoi.com\/wp-content\/uploads\/2021\/10\/57.02.15-All.-GF-AmMI-Asia-2-2.jpg\" alt=\"\" class=\"wp-image-10958\" srcset=\"https:\/\/www.milanosiamonoi.com\/wp-content\/uploads\/2021\/10\/57.02.15-All.-GF-AmMI-Asia-2-2.jpg 324w, https:\/\/www.milanosiamonoi.com\/wp-content\/uploads\/2021\/10\/57.02.15-All.-GF-AmMI-Asia-2-2-218x300.jpg 218w, https:\/\/www.milanosiamonoi.com\/wp-content\/uploads\/2021\/10\/57.02.15-All.-GF-AmMI-Asia-2-2-73x100.jpg 73w, https:\/\/www.milanosiamonoi.com\/wp-content\/uploads\/2021\/10\/57.02.15-All.-GF-AmMI-Asia-2-2-36x50.jpg 36w, https:\/\/www.milanosiamonoi.com\/wp-content\/uploads\/2021\/10\/57.02.15-All.-GF-AmMI-Asia-2-2-18x25.jpg 18w\" sizes=\"(max-width: 324px) 100vw, 324px\" \/><figcaption>Da &#8220;La Gazzetta dello Sport&#8221;.<\/figcaption><\/figure><\/div>\n\n\n\n<p class=\"has-text-align-center\">Serio infortunio a Gino Rinaldi, non in grado di difendere la porta milanese nei due match successivi. L&#8217;Amatori non ha un portiere di riserva, con Ortisei e Bolzano davanti alla gabbia si colloca Giovanni Pezzaglia.<\/p>\n\n\n\n<figure class=\"wp-block-table aligncenter\"><table><tbody><tr><td><strong>16 febbraio 1957 &#8211; Camp. Allievi &#8211; Girone finale<\/strong><\/td><td>Risultato<\/td><\/tr><tr><td>Bolzano-Asiago<\/td><td>2-1 (1-1; 1-0; 0-0)<\/td><\/tr><tr><td>Ortisei-Amatori Milano <\/td><td>11-0 (4-0; 5-0; 2-0)<\/td><\/tr><tr><td><strong>17 febbraio 1957 &#8211; Camp. Allievi &#8211; Girone finale<\/strong><\/td><td><\/td><\/tr><tr><td>Bolzano-Amatori Milano<\/td><td>4-2 (1-1; 2-0; 1-1)<\/td><\/tr><tr><td>Ortisei-Asiago<\/td><td>7-1 (1-1; 2-0; 4-0)<\/td><\/tr><\/tbody><\/table><\/figure>\n\n\n\n<div class=\"wp-block-image\"><figure class=\"aligncenter size-large\"><img loading=\"lazy\" decoding=\"async\" width=\"306\" height=\"688\" src=\"https:\/\/www.milanosiamonoi.com\/wp-content\/uploads\/2021\/10\/57.02.17-All.-GF-Bz-AmMI-4-2-grande-1.jpg\" alt=\"\" class=\"wp-image-10971\" srcset=\"https:\/\/www.milanosiamonoi.com\/wp-content\/uploads\/2021\/10\/57.02.17-All.-GF-Bz-AmMI-4-2-grande-1.jpg 306w, https:\/\/www.milanosiamonoi.com\/wp-content\/uploads\/2021\/10\/57.02.17-All.-GF-Bz-AmMI-4-2-grande-1-133x300.jpg 133w, https:\/\/www.milanosiamonoi.com\/wp-content\/uploads\/2021\/10\/57.02.17-All.-GF-Bz-AmMI-4-2-grande-1-44x100.jpg 44w, https:\/\/www.milanosiamonoi.com\/wp-content\/uploads\/2021\/10\/57.02.17-All.-GF-Bz-AmMI-4-2-grande-1-22x50.jpg 22w, https:\/\/www.milanosiamonoi.com\/wp-content\/uploads\/2021\/10\/57.02.17-All.-GF-Bz-AmMI-4-2-grande-1-11x25.jpg 11w\" sizes=\"(max-width: 306px) 100vw, 306px\" \/><figcaption><em>Articolo da &#8220;La Gazzetta dello Sport&#8221;.<\/em><\/figcaption><\/figure><\/div>\n\n\n\n<figure class=\"wp-block-table aligncenter\"><table><tbody><tr><td><strong>Classifica finale del campionato allievi.<\/strong><\/td><td class=\"has-text-align-center\" data-align=\"center\"><strong>Punti<\/strong><\/td><\/tr><tr><td><strong>Ortisei<\/strong><\/td><td class=\"has-text-align-center\" data-align=\"center\">6<\/td><\/tr><tr><td>Bolzano<\/td><td class=\"has-text-align-center\" data-align=\"center\">4<\/td><\/tr><tr><td>Amatori Milano e Asiago<\/td><td class=\"has-text-align-center\" data-align=\"center\">1<\/td><\/tr><\/tbody><\/table><\/figure>\n\n\n\n<p class=\"has-text-align-center\">I giovani Amatori chiudono la stagione a Madesimo con i pari et\u00e0 del Lugano. Premiati con la convocazione in Nazionale allievi Giovanni Ceserani, Mario Frigerio, Andrea Lusena e Walter Schmid.<\/p>\n\n\n\n<figure class=\"wp-block-table aligncenter\"><table><tbody><tr><td><strong>Madesimo, 3 marzo 1957 &#8211; Partita amichevole<\/strong>.<\/td><td class=\"has-text-align-center\" data-align=\"center\">Risultato<\/td><\/tr><tr><td>Amatori Milano-Lugano<\/td><td class=\"has-text-align-center\" data-align=\"center\">2-2<\/td><\/tr><\/tbody><\/table><\/figure>\n\n\n\n<div class=\"wp-block-image\"><figure class=\"aligncenter size-large\"><img loading=\"lazy\" decoding=\"async\" width=\"300\" height=\"300\" src=\"https:\/\/www.milanosiamonoi.com\/wp-content\/uploads\/2021\/10\/logo-bocconi2nd-300x300-1.jpg\" alt=\"\" class=\"wp-image-10981\" srcset=\"https:\/\/www.milanosiamonoi.com\/wp-content\/uploads\/2021\/10\/logo-bocconi2nd-300x300-1.jpg 300w, https:\/\/www.milanosiamonoi.com\/wp-content\/uploads\/2021\/10\/logo-bocconi2nd-300x300-1-150x150.jpg 150w, https:\/\/www.milanosiamonoi.com\/wp-content\/uploads\/2021\/10\/logo-bocconi2nd-300x300-1-100x100.jpg 100w, https:\/\/www.milanosiamonoi.com\/wp-content\/uploads\/2021\/10\/logo-bocconi2nd-300x300-1-50x50.jpg 50w, https:\/\/www.milanosiamonoi.com\/wp-content\/uploads\/2021\/10\/logo-bocconi2nd-300x300-1-25x25.jpg 25w, https:\/\/www.milanosiamonoi.com\/wp-content\/uploads\/2021\/10\/logo-bocconi2nd-300x300-1-90x90.jpg 90w\" sizes=\"(max-width: 300px) 100vw, 300px\" \/><\/figure><\/div>\n\n\n\n<figure class=\"wp-block-table aligncenter\"><table><tbody><tr><td>Presidente<\/td><td>Guido Coppini<\/td><\/tr><tr><td>Allenatore<\/td><td>Alfio Tuzzi<\/td><\/tr><\/tbody><\/table><\/figure>\n\n\n\n<figure class=\"wp-block-table\"><table><tbody><tr><td class=\"has-text-align-center\" data-align=\"center\">Ruolo<\/td><td><strong>Giocatori con almeno una presenza in prima squadra.<\/strong><\/td><\/tr><tr><td class=\"has-text-align-center\" data-align=\"center\">P<\/td><td>Visigalli.<\/td><\/tr><tr><td class=\"has-text-align-center\" data-align=\"center\">D<\/td><td>Luciano Boselli, Ezio Castiglioni, Antonio Pizzi, Alfio Tuzzi.<\/td><\/tr><tr><td class=\"has-text-align-center\" data-align=\"center\">A<\/td><td>Carpentiero, Federico Cerutti, Garofalo, Marchetto, Mario Paracchini, Bruno Pizzi, Cesare Tadini, Mario Vaccani.<\/td><\/tr><\/tbody><\/table><\/figure>\n\n\n\n<p class=\"has-text-align-center\">Significativa modifica ai colori sociali, le maglie sono biancazzurre, gi\u00e0 sfoggiate in passato e definitivamente adottate nella stagione post-olimpica. Il miglior prodotto del vivaio, Giorgio Castiglioni, ha smesso di giocare. Entrato a far parte del Milaninter HC non ha accettato di sottostare alla penitenza del pivello o della burba che dir si voglia, troncando sul nascere quella che sembrava una pi\u00f9 che promettente carriera. Inutili i tentativi di Guido Coppini per convincerlo a continuare con la Bocconi. Abbandonano anche i portieri Masotti e Lorenzi, tra i pali avanza dagli allievi alla prima squadra Visigalli.<\/p>\n\n\n\n<div class=\"wp-block-image\"><figure class=\"aligncenter size-large\"><img loading=\"lazy\" decoding=\"async\" width=\"756\" height=\"521\" src=\"https:\/\/www.milanosiamonoi.com\/wp-content\/uploads\/2021\/10\/57.01.01-foto-Bocconi.jpeg\" alt=\"\" class=\"wp-image-10979\" srcset=\"https:\/\/www.milanosiamonoi.com\/wp-content\/uploads\/2021\/10\/57.01.01-foto-Bocconi.jpeg 756w, https:\/\/www.milanosiamonoi.com\/wp-content\/uploads\/2021\/10\/57.01.01-foto-Bocconi-300x207.jpeg 300w, https:\/\/www.milanosiamonoi.com\/wp-content\/uploads\/2021\/10\/57.01.01-foto-Bocconi-100x69.jpeg 100w, https:\/\/www.milanosiamonoi.com\/wp-content\/uploads\/2021\/10\/57.01.01-foto-Bocconi-50x34.jpeg 50w, https:\/\/www.milanosiamonoi.com\/wp-content\/uploads\/2021\/10\/57.01.01-foto-Bocconi-25x17.jpeg 25w, https:\/\/www.milanosiamonoi.com\/wp-content\/uploads\/2021\/10\/57.01.01-foto-Bocconi-740x510.jpeg 740w\" sizes=\"(max-width: 756px) 100vw, 756px\" \/><figcaption><em>Da sinistra in piedi: Ezio Castiglioni, Cerutti, Bruno Pizzi, il presidente Guido Coppini, Vaccani, Garofalo, Bianchi. Prima fila: Tuzzi, Marchetto, Mario Paracchini, Visigalli, Boselli, Antonio Pizzi.<\/em> <em>Dietro Marchetto, Guido Radaelli.<\/em><\/figcaption><\/figure><\/div>\n\n\n\n<p class=\"has-text-align-center\">La prima squadra \u00e8 essenzialmente impegnata solo in campionato, ma la stagione viene inaugurata dal match del 15 dicembre con il Lugano (serie C elvetica) al Piranesi.<\/p>\n\n\n\n<div class=\"wp-block-image\"><figure class=\"aligncenter size-large is-resized\"><img loading=\"lazy\" decoding=\"async\" src=\"https:\/\/www.milanosiamonoi.com\/wp-content\/uploads\/2021\/10\/56.12.16-Boc-Luga-1-2.jpg\" alt=\"\" class=\"wp-image-10977\" width=\"467\" height=\"186\" srcset=\"https:\/\/www.milanosiamonoi.com\/wp-content\/uploads\/2021\/10\/56.12.16-Boc-Luga-1-2.jpg 630w, https:\/\/www.milanosiamonoi.com\/wp-content\/uploads\/2021\/10\/56.12.16-Boc-Luga-1-2-300x120.jpg 300w, https:\/\/www.milanosiamonoi.com\/wp-content\/uploads\/2021\/10\/56.12.16-Boc-Luga-1-2-100x40.jpg 100w, https:\/\/www.milanosiamonoi.com\/wp-content\/uploads\/2021\/10\/56.12.16-Boc-Luga-1-2-50x20.jpg 50w, https:\/\/www.milanosiamonoi.com\/wp-content\/uploads\/2021\/10\/56.12.16-Boc-Luga-1-2-25x10.jpg 25w\" sizes=\"(max-width: 467px) 100vw, 467px\" \/><\/figure><\/div>\n\n\n\n<p class=\"has-text-align-center\">Seguono due derby con l&#8217;Amatori, il primo valido per il campionato di Promozione, il secondo di carattere amichevole e indicato erroneamente di campionato nell&#8217;articolo sottostante.<\/p>\n\n\n\n<figure class=\"wp-block-table aligncenter\"><table><tbody><tr><td><strong>1956<\/strong><\/td><td><strong>Campionato Promozione &#8211; Girone A<\/strong><\/td><td>Risultato<\/td><\/tr><tr><td>17 dicembre<\/td><td>Amatori Milano-Bocconi<\/td><td>6-0<\/td><\/tr><\/tbody><\/table><\/figure>\n\n\n\n<div class=\"wp-block-image\"><figure class=\"aligncenter size-large\"><img loading=\"lazy\" decoding=\"async\" width=\"321\" height=\"533\" src=\"https:\/\/www.milanosiamonoi.com\/wp-content\/uploads\/2021\/10\/57.01.10-PA-Boc-AmMi-0-9.jpg\" alt=\"\" class=\"wp-image-11061\" srcset=\"https:\/\/www.milanosiamonoi.com\/wp-content\/uploads\/2021\/10\/57.01.10-PA-Boc-AmMi-0-9.jpg 321w, https:\/\/www.milanosiamonoi.com\/wp-content\/uploads\/2021\/10\/57.01.10-PA-Boc-AmMi-0-9-181x300.jpg 181w, https:\/\/www.milanosiamonoi.com\/wp-content\/uploads\/2021\/10\/57.01.10-PA-Boc-AmMi-0-9-60x100.jpg 60w, https:\/\/www.milanosiamonoi.com\/wp-content\/uploads\/2021\/10\/57.01.10-PA-Boc-AmMi-0-9-30x50.jpg 30w, https:\/\/www.milanosiamonoi.com\/wp-content\/uploads\/2021\/10\/57.01.10-PA-Boc-AmMi-0-9-15x25.jpg 15w\" sizes=\"(max-width: 321px) 100vw, 321px\" \/><figcaption>Articolo da &#8220;La Gazzetta dello Sport&#8221;.<\/figcaption><\/figure><\/div>\n\n\n\n<figure class=\"wp-block-table aligncenter\"><table><tbody><tr><td><strong>1957<\/strong><\/td><td><strong>Campionato Promozione<\/strong> &#8211; <strong>Girone A<\/strong><\/td><td class=\"has-text-align-center\" data-align=\"center\">Risultato<\/td><\/tr><tr><td>Milano, 28 gennaio<\/td><td>Bocconi-Valpellice<\/td><td class=\"has-text-align-center\" data-align=\"center\">5-3<\/td><\/tr><\/tbody><\/table><\/figure>\n\n\n\n<figure class=\"wp-block-table\"><table><tbody><tr><td><strong>Torino, 3 febbraio 1957 &#8211; Campionato Promozione &#8211; Girone A<\/strong><\/td><\/tr><tr><td>Valpellice-Bocconi 4-3 (1-3; 3-0; 0-0)<\/td><\/tr><tr><td>Valpellice: Bonnet; Banioni, Bianchini; Prat, Hugon, Bechis; Berra, Ayassot.<\/td><\/tr><tr><td>Bocconi: Visigalli; E. Castiglioni, Tuzzi; Boselli, A. Pizzi; Vaccani, Carpentiero, B. Pizzi; M. Paracchini, Marchetto, Tadini; Garofalo.<\/td><\/tr><tr><td>Reti: 1\u00b0t. 2&#8217;20&#8221; Bruno Pizzi,<em> 8&#8217;45&#8221; Berra, <\/em>15&#8242; Marchetto, 19&#8217;15&#8221; Bruno Pizzi. 2\u00b0t. <em>4&#8217;51&#8221; Prat, 5&#8217;57&#8221; Berra, 11&#8217;13&#8221; Banioni.<\/em><\/td><\/tr><tr><td>Arbitro: Pierino Talamona.<\/td><\/tr><\/tbody><\/table><\/figure>\n\n\n\n<p class=\"has-text-align-center\">Altri due derby, campionato e amichevole e per i biancazzurri la stagione \u00e8 finita.<\/p>\n\n\n\n<figure class=\"wp-block-table aligncenter\"><table><tbody><tr><td><strong>1957<\/strong><\/td><td><strong>Campionato Promozione &#8211; Girone A<\/strong><\/td><td>Risultato<\/td><\/tr><tr><td>11 febbraio<\/td><td>Bocconi-Amatori Milano<\/td><td>3-13 (1-5; 1-4; 1-4)<\/td><\/tr><tr><td><\/td><td><strong>Partita amichevole.<\/strong><\/td><td><\/td><\/tr><tr><td>20 marzo<\/td><td>Amatori Milano-Bocconi<\/td><td>12-0 (6-0; 3-0; 3-0)<\/td><\/tr><\/tbody><\/table><\/figure>\n\n\n\n<div class=\"wp-block-image\"><figure class=\"aligncenter size-large\"><img loading=\"lazy\" decoding=\"async\" width=\"526\" height=\"376\" src=\"https:\/\/www.milanosiamonoi.com\/wp-content\/uploads\/2021\/10\/57.01.-foto-Bocconi.jpg\" alt=\"\" class=\"wp-image-10978\" srcset=\"https:\/\/www.milanosiamonoi.com\/wp-content\/uploads\/2021\/10\/57.01.-foto-Bocconi.jpg 526w, https:\/\/www.milanosiamonoi.com\/wp-content\/uploads\/2021\/10\/57.01.-foto-Bocconi-300x214.jpg 300w, https:\/\/www.milanosiamonoi.com\/wp-content\/uploads\/2021\/10\/57.01.-foto-Bocconi-100x71.jpg 100w, https:\/\/www.milanosiamonoi.com\/wp-content\/uploads\/2021\/10\/57.01.-foto-Bocconi-50x36.jpg 50w, https:\/\/www.milanosiamonoi.com\/wp-content\/uploads\/2021\/10\/57.01.-foto-Bocconi-25x18.jpg 25w\" sizes=\"(max-width: 526px) 100vw, 526px\" \/><figcaption><em>Da sinistra in piedi: Mario Paracchini, Cerutti, Marchetto, Bruno Pizzi, Vaccani, Tadini, Garofalo. In prima fila: Tuzzi, Visigalli, Boselli, Ezio Castiglioni.<\/em><\/figcaption><\/figure><\/div>\n\n\n\n<p class=\"has-text-align-center\">Molto pi\u00f9 brillante la formazione allievi che nel suo campionato impegna i cugini dell&#8217;Amatori in un avvincente testa a testa per la supremazia nel girone A. La spuntano quest&#8217;ultimi vincendo di misura il derby di ritorno.<\/p>\n\n\n\n<div class=\"wp-block-image\"><figure class=\"aligncenter size-large\"><img loading=\"lazy\" decoding=\"async\" width=\"277\" height=\"396\" src=\"https:\/\/www.milanosiamonoi.com\/wp-content\/uploads\/2021\/10\/56.12.14-All.-Bocc-MIHC-20-0-c.jpg\" alt=\"\" class=\"wp-image-11105\" srcset=\"https:\/\/www.milanosiamonoi.com\/wp-content\/uploads\/2021\/10\/56.12.14-All.-Bocc-MIHC-20-0-c.jpg 277w, https:\/\/www.milanosiamonoi.com\/wp-content\/uploads\/2021\/10\/56.12.14-All.-Bocc-MIHC-20-0-c-210x300.jpg 210w, https:\/\/www.milanosiamonoi.com\/wp-content\/uploads\/2021\/10\/56.12.14-All.-Bocc-MIHC-20-0-c-70x100.jpg 70w, https:\/\/www.milanosiamonoi.com\/wp-content\/uploads\/2021\/10\/56.12.14-All.-Bocc-MIHC-20-0-c-35x50.jpg 35w, https:\/\/www.milanosiamonoi.com\/wp-content\/uploads\/2021\/10\/56.12.14-All.-Bocc-MIHC-20-0-c-17x25.jpg 17w\" sizes=\"(max-width: 277px) 100vw, 277px\" \/><figcaption><em>Da &#8220;La Gazzetta dello Sport&#8221;.<\/em><\/figcaption><\/figure><\/div>\n\n\n\n<div class=\"wp-block-image\"><figure class=\"aligncenter size-large\"><img loading=\"lazy\" decoding=\"async\" width=\"283\" height=\"668\" src=\"https:\/\/www.milanosiamonoi.com\/wp-content\/uploads\/2021\/10\/57.01.08-All.-AmM-Bocc-2-2.jpg\" alt=\"\" class=\"wp-image-10942\" srcset=\"https:\/\/www.milanosiamonoi.com\/wp-content\/uploads\/2021\/10\/57.01.08-All.-AmM-Bocc-2-2.jpg 283w, https:\/\/www.milanosiamonoi.com\/wp-content\/uploads\/2021\/10\/57.01.08-All.-AmM-Bocc-2-2-127x300.jpg 127w, https:\/\/www.milanosiamonoi.com\/wp-content\/uploads\/2021\/10\/57.01.08-All.-AmM-Bocc-2-2-42x100.jpg 42w, https:\/\/www.milanosiamonoi.com\/wp-content\/uploads\/2021\/10\/57.01.08-All.-AmM-Bocc-2-2-21x50.jpg 21w, https:\/\/www.milanosiamonoi.com\/wp-content\/uploads\/2021\/10\/57.01.08-All.-AmM-Bocc-2-2-11x25.jpg 11w\" sizes=\"(max-width: 283px) 100vw, 283px\" \/><figcaption><em>Da &#8220;La Gazzetta dello Sport&#8221;.<\/em><\/figcaption><\/figure><\/div>\n\n\n\n<figure class=\"wp-block-table aligncenter\"><table><tbody><tr><td><strong>1957<\/strong><\/td><td><strong>Campionato allievi &#8211; Girone A<\/strong><\/td><td>Risultato<\/td><\/tr><tr><td>12 gennaio<\/td><td>Fiat Torino-Bocconi<\/td><td>1-7 (1-3; 0-2; 0-2)<\/td><\/tr><\/tbody><\/table><\/figure>\n\n\n\n<div class=\"wp-block-image\"><figure class=\"aligncenter size-large\"><img loading=\"lazy\" decoding=\"async\" width=\"326\" height=\"436\" src=\"https:\/\/www.milanosiamonoi.com\/wp-content\/uploads\/2021\/10\/57.02.03-Al-MIHC-Bocc-0-24-Ottonello.jpg\" alt=\"\" class=\"wp-image-11107\" srcset=\"https:\/\/www.milanosiamonoi.com\/wp-content\/uploads\/2021\/10\/57.02.03-Al-MIHC-Bocc-0-24-Ottonello.jpg 326w, https:\/\/www.milanosiamonoi.com\/wp-content\/uploads\/2021\/10\/57.02.03-Al-MIHC-Bocc-0-24-Ottonello-224x300.jpg 224w, https:\/\/www.milanosiamonoi.com\/wp-content\/uploads\/2021\/10\/57.02.03-Al-MIHC-Bocc-0-24-Ottonello-75x100.jpg 75w, https:\/\/www.milanosiamonoi.com\/wp-content\/uploads\/2021\/10\/57.02.03-Al-MIHC-Bocc-0-24-Ottonello-37x50.jpg 37w, https:\/\/www.milanosiamonoi.com\/wp-content\/uploads\/2021\/10\/57.02.03-Al-MIHC-Bocc-0-24-Ottonello-19x25.jpg 19w\" sizes=\"(max-width: 326px) 100vw, 326px\" \/><figcaption><em>Da &#8220;La Gazzetta dello Sport&#8221;.<\/em><\/figcaption><\/figure><\/div>\n\n\n\n<figure class=\"wp-block-table aligncenter\"><table><tbody><tr><td><strong>1957<\/strong><\/td><td><strong>Campionato allievi &#8211; Girone A<\/strong><\/td><td>Risultato<\/td><\/tr><tr><td>11 febbraio<\/td><td>Bocconi-Amatori Milano <\/td><td>0-1 (0-0; 0-0; 0-1)<\/td><\/tr><\/tbody><\/table><\/figure>\n\n\n\n<div class=\"wp-block-image\"><figure class=\"aligncenter size-large\"><img loading=\"lazy\" decoding=\"async\" width=\"412\" height=\"408\" src=\"https:\/\/www.milanosiamonoi.com\/wp-content\/uploads\/2021\/10\/57.02.16-All.-Bocco-Fiat-4-1-recupero-c.jpg\" alt=\"\" class=\"wp-image-11108\" srcset=\"https:\/\/www.milanosiamonoi.com\/wp-content\/uploads\/2021\/10\/57.02.16-All.-Bocco-Fiat-4-1-recupero-c.jpg 412w, https:\/\/www.milanosiamonoi.com\/wp-content\/uploads\/2021\/10\/57.02.16-All.-Bocco-Fiat-4-1-recupero-c-300x297.jpg 300w, https:\/\/www.milanosiamonoi.com\/wp-content\/uploads\/2021\/10\/57.02.16-All.-Bocco-Fiat-4-1-recupero-c-150x150.jpg 150w, https:\/\/www.milanosiamonoi.com\/wp-content\/uploads\/2021\/10\/57.02.16-All.-Bocco-Fiat-4-1-recupero-c-100x100.jpg 100w, https:\/\/www.milanosiamonoi.com\/wp-content\/uploads\/2021\/10\/57.02.16-All.-Bocco-Fiat-4-1-recupero-c-50x50.jpg 50w, https:\/\/www.milanosiamonoi.com\/wp-content\/uploads\/2021\/10\/57.02.16-All.-Bocco-Fiat-4-1-recupero-c-25x25.jpg 25w, https:\/\/www.milanosiamonoi.com\/wp-content\/uploads\/2021\/10\/57.02.16-All.-Bocco-Fiat-4-1-recupero-c-90x90.jpg 90w\" sizes=\"(max-width: 412px) 100vw, 412px\" \/><figcaption><em>Da &#8220;La Gazzetta dello Sport&#8221;.<\/em><\/figcaption><\/figure><\/div>\n\n\n\n<figure class=\"wp-block-table aligncenter\"><table><tbody><tr><td class=\"has-text-align-center\" data-align=\"center\"><strong>Campionato allievi &#8211; Classifica finale del girone A<\/strong><\/td><\/tr><tr><td class=\"has-text-align-center\" data-align=\"center\">Amatori Milano punti 11, Bocconi 9, Fiat Torino 4, Milaninter HC 0.<\/td><\/tr><\/tbody><\/table><\/figure>\n\n\n\n<figure class=\"wp-block-table\"><table><tbody><tr><td><strong><a href=\"https:\/\/www.milanosiamonoi.com\/index.php\/campionati\/dal-1950-al-1959-anni-doro\/1955-1956-amatori-mi-e-bocconi\/\">stagione precedente<\/a><\/strong><\/td><td class=\"has-text-align-right\" data-align=\"right\"><strong><a href=\"https:\/\/www.milanosiamonoi.com\/index.php\/campionati\/dal-1950-al-1959-anni-doro\/1957-1958-amatori-mi-e-bocconi\/\">stagione successiva<\/a><\/strong><\/td><\/tr><\/tbody><\/table><\/figure>\n\n\n\n<figure class=\"wp-block-table\"><table><tbody><tr><td class=\"has-text-align-center\" data-align=\"center\"><strong><a href=\"https:\/\/www.milanosiamonoi.com\/index.php\/campionati\/dal-1950-al-1959-anni-doro\/1956-1957-milaninter-hc\/\">Hockey Club Milan Inter<\/a><\/strong><\/td><\/tr><\/tbody><\/table><\/figure>\n","protected":false},"excerpt":{"rendered":"<p>Presidente Floriano Mainoldi Ruolo Giocatori con almeno una presenza in prima squadra. P Andrea Balzani, Paolo Marchi. D Franco Canepa, Michele Ferrante, Dieter Prange, Enzo&#8230;<\/p>\n","protected":false},"author":2,"featured_media":0,"parent":1469,"menu_order":22,"comment_status":"closed","ping_status":"closed","template":"","meta":{"spay_email":"","footnotes":""},"_links":{"self":[{"href":"https:\/\/www.milanosiamonoi.com\/index.php\/wp-json\/wp\/v2\/pages\/10869"}],"collection":[{"href":"https:\/\/www.milanosiamonoi.com\/index.php\/wp-json\/wp\/v2\/pages"}],"about":[{"href":"https:\/\/www.milanosiamonoi.com\/index.php\/wp-json\/wp\/v2\/types\/page"}],"author":[{"embeddable":true,"href":"https:\/\/www.milanosiamonoi.com\/index.php\/wp-json\/wp\/v2\/users\/2"}],"replies":[{"embeddable":true,"href":"https:\/\/www.milanosiamonoi.com\/index.php\/wp-json\/wp\/v2\/comments?post=10869"}],"version-history":[{"count":143,"href":"https:\/\/www.milanosiamonoi.com\/index.php\/wp-json\/wp\/v2\/pages\/10869\/revisions"}],"predecessor-version":[{"id":12436,"href":"https:\/\/www.milanosiamonoi.com\/index.php\/wp-json\/wp\/v2\/pages\/10869\/revisions\/12436"}],"up":[{"embeddable":true,"href":"https:\/\/www.milanosiamonoi.com\/index.php\/wp-json\/wp\/v2\/pages\/1469"}],"wp:attachment":[{"href":"https:\/\/www.milanosiamonoi.com\/index.php\/wp-json\/wp\/v2\/media?parent=10869"}],"curies":[{"name":"wp","href":"https:\/\/api.w.org\/{rel}","templated":true}]}}