{"id":10175,"date":"2021-11-18T13:27:09","date_gmt":"2021-11-18T13:27:09","guid":{"rendered":"http:\/\/milanosiamonoi.com\/?page_id=10175"},"modified":"2025-05-02T12:08:46","modified_gmt":"2025-05-02T12:08:46","slug":"1955-1956-amatori-mi-e-bocconi","status":"publish","type":"page","link":"https:\/\/www.milanosiamonoi.com\/index.php\/campionati\/dal-1950-al-1959-anni-doro\/1955-1956-amatori-mi-e-bocconi\/","title":{"rendered":"1955\/1956 Amatori Mi e Bocconi"},"content":{"rendered":"<div class=\"wp-block-image\">\n<figure class=\"aligncenter size-large\"><img loading=\"lazy\" decoding=\"async\" width=\"300\" height=\"300\" src=\"https:\/\/www.milanosiamonoi.com\/wp-content\/uploads\/2021\/04\/logo-amatoriok-300x300-1.jpg\" alt=\"\" class=\"wp-image-6245\" srcset=\"https:\/\/www.milanosiamonoi.com\/wp-content\/uploads\/2021\/04\/logo-amatoriok-300x300-1.jpg 300w, https:\/\/www.milanosiamonoi.com\/wp-content\/uploads\/2021\/04\/logo-amatoriok-300x300-1-150x150.jpg 150w, https:\/\/www.milanosiamonoi.com\/wp-content\/uploads\/2021\/04\/logo-amatoriok-300x300-1-100x100.jpg 100w, https:\/\/www.milanosiamonoi.com\/wp-content\/uploads\/2021\/04\/logo-amatoriok-300x300-1-50x50.jpg 50w, https:\/\/www.milanosiamonoi.com\/wp-content\/uploads\/2021\/04\/logo-amatoriok-300x300-1-25x25.jpg 25w, https:\/\/www.milanosiamonoi.com\/wp-content\/uploads\/2021\/04\/logo-amatoriok-300x300-1-90x90.jpg 90w\" sizes=\"(max-width: 300px) 100vw, 300px\" \/><\/figure><\/div>\n\n\n<figure class=\"wp-block-table aligncenter\"><table><tbody><tr><td>Presidente<\/td><td>Floriano Mainoldi<\/td><\/tr><\/tbody><\/table><\/figure>\n\n\n\n<figure class=\"wp-block-table\"><table><tbody><tr><td class=\"has-text-align-center\" data-align=\"center\">Ruolo<\/td><td><strong>Giocatori con almeno una presenza in prima squadra.<\/strong><\/td><\/tr><tr><td class=\"has-text-align-center\" data-align=\"center\">P<\/td><td>Chierici, Gino Loffredo, Paolo Marchi.<\/td><\/tr><tr><td class=\"has-text-align-center\" data-align=\"center\">D<\/td><td>Franco Canepa, Michele Ferrante, Toto Guccione, Andrea Lusena, Dieter Prange, Enzo Seveso.<\/td><\/tr><tr><td class=\"has-text-align-center\" data-align=\"center\">A<\/td><td>Giancarlo Bonalanza, Giovanni Ceserani, Emilio Delfino, Raimondo Filippini, Mario Frigerio, Gilberto Nardi, Sarino Oriana, Maurizio Pastore, Renato Rossi, Carlo Signorini, Mario Tirelli, Ottavio Wild.<\/td><\/tr><\/tbody><\/table><\/figure>\n\n\n\n<p class=\"has-text-align-center\">Nella stagione delle Olimpiadi la rosa si arricchisce di innesti importanti, il pezzo pi\u00f9 pregiato \u00e8 il momentaneo ritorno nei ranghi di Toto Guccione. Non giocandosi la serie A il torneo di Promozione balza agli onori della cronaca e la dirigenza amatorina convince il Milano Inter al prestito del Nazionale azzurro. E&#8217; la stessa via seguita da altre formazioni del campionato cadetto, notevolmente rinforzate da giocatori di Bolzano e Ortisei. Altri innesti riguardano gli ex Diavoli Rossoneri (attivit\u00e0 totalmente sospesa), Franco Canepa, Emilio Delfino e i portieri Chierici e Loffredo passano al club guidato da Floriano Mainoldi. Da Alleghe arriva l&#8217;attaccante Renato Rossi. L&#8217;Alleghe ha rinunciato alla prima squadra, ma prosegue con il settore giovanile. I giocatori che lo scorso anno militavano in serie A,  grazie a un gruppo di appassionati locali, formano una nuova squadra senior che si iscrive al campionato di Promozione con il nome di HC Monte Civetta Alleghe. Per l&#8217;Amatori cinque le amichevoli pre-campionato, la prima il 19 novembre con il Lugano al Piranesi.<\/p>\n\n\n<div class=\"wp-block-image\">\n<figure class=\"aligncenter size-large is-resized\"><img loading=\"lazy\" decoding=\"async\" width=\"306\" height=\"479\" src=\"https:\/\/www.milanosiamonoi.com\/wp-content\/uploads\/2021\/09\/55.11.19-AmM-Luga-6-6-Pop-e-Liber.jpg\" alt=\"\" class=\"wp-image-10335\" style=\"width:306px;height:479px\" srcset=\"https:\/\/www.milanosiamonoi.com\/wp-content\/uploads\/2021\/09\/55.11.19-AmM-Luga-6-6-Pop-e-Liber.jpg 306w, https:\/\/www.milanosiamonoi.com\/wp-content\/uploads\/2021\/09\/55.11.19-AmM-Luga-6-6-Pop-e-Liber-192x300.jpg 192w, https:\/\/www.milanosiamonoi.com\/wp-content\/uploads\/2021\/09\/55.11.19-AmM-Luga-6-6-Pop-e-Liber-64x100.jpg 64w, https:\/\/www.milanosiamonoi.com\/wp-content\/uploads\/2021\/09\/55.11.19-AmM-Luga-6-6-Pop-e-Liber-32x50.jpg 32w, https:\/\/www.milanosiamonoi.com\/wp-content\/uploads\/2021\/09\/55.11.19-AmM-Luga-6-6-Pop-e-Liber-16x25.jpg 16w\" sizes=\"(max-width: 306px) 100vw, 306px\" \/><figcaption class=\"wp-element-caption\"><em>Articolo da &#8220;Popolo e Libert\u00e0&#8221;.<\/em><\/figcaption><\/figure><\/div>\n\n\n<figure class=\"wp-block-table aligncenter\"><table><tbody><tr><td><strong>1955 <\/strong><\/td><td><strong>Partita amichevole<\/strong><\/td><td>Risultato<\/td><\/tr><tr><td>Milano, 19 dicembre<\/td><td>Amatori Milano-Bocconi<\/td><td>10-0<\/td><\/tr><\/tbody><\/table><\/figure>\n\n\n\n<p class=\"has-text-align-center\">A seguire trasferta ad Asiago, una delle favorite del campionato di Promozione e puntata in Ticino per un nuovo confronto con il Lugano, squadra della serie B svizzera equivalente alla nostra serie D.<\/p>\n\n\n<div class=\"wp-block-image\">\n<figure class=\"aligncenter size-large\"><img loading=\"lazy\" decoding=\"async\" width=\"262\" height=\"587\" src=\"https:\/\/www.milanosiamonoi.com\/wp-content\/uploads\/2021\/09\/55.12.31-Asia-AmaM-3-0.jpg\" alt=\"\" class=\"wp-image-10183\" srcset=\"https:\/\/www.milanosiamonoi.com\/wp-content\/uploads\/2021\/09\/55.12.31-Asia-AmaM-3-0.jpg 262w, https:\/\/www.milanosiamonoi.com\/wp-content\/uploads\/2021\/09\/55.12.31-Asia-AmaM-3-0-134x300.jpg 134w, https:\/\/www.milanosiamonoi.com\/wp-content\/uploads\/2021\/09\/55.12.31-Asia-AmaM-3-0-45x100.jpg 45w, https:\/\/www.milanosiamonoi.com\/wp-content\/uploads\/2021\/09\/55.12.31-Asia-AmaM-3-0-22x50.jpg 22w, https:\/\/www.milanosiamonoi.com\/wp-content\/uploads\/2021\/09\/55.12.31-Asia-AmaM-3-0-11x25.jpg 11w\" sizes=\"(max-width: 262px) 100vw, 262px\" \/><figcaption class=\"wp-element-caption\"><em>Da &#8220;La Gazzetta dello Sport&#8221;.<\/em><\/figcaption><\/figure><\/div>\n\n<div class=\"wp-block-image\">\n<figure class=\"aligncenter size-large\"><img loading=\"lazy\" decoding=\"async\" width=\"507\" height=\"352\" src=\"https:\/\/www.milanosiamonoi.com\/wp-content\/uploads\/2021\/11\/56.01.01-Asi-AmM-6-3.jpg\" alt=\"\" class=\"wp-image-11450\" srcset=\"https:\/\/www.milanosiamonoi.com\/wp-content\/uploads\/2021\/11\/56.01.01-Asi-AmM-6-3.jpg 507w, https:\/\/www.milanosiamonoi.com\/wp-content\/uploads\/2021\/11\/56.01.01-Asi-AmM-6-3-300x208.jpg 300w, https:\/\/www.milanosiamonoi.com\/wp-content\/uploads\/2021\/11\/56.01.01-Asi-AmM-6-3-100x69.jpg 100w, https:\/\/www.milanosiamonoi.com\/wp-content\/uploads\/2021\/11\/56.01.01-Asi-AmM-6-3-50x35.jpg 50w, https:\/\/www.milanosiamonoi.com\/wp-content\/uploads\/2021\/11\/56.01.01-Asi-AmM-6-3-25x17.jpg 25w\" sizes=\"(max-width: 507px) 100vw, 507px\" \/><figcaption class=\"wp-element-caption\"><em>Articolo da &#8220;La Gazzetta dello Sport&#8221;.<\/em><\/figcaption><\/figure><\/div>\n\n<div class=\"wp-block-image\">\n<figure class=\"aligncenter size-large\"><img loading=\"lazy\" decoding=\"async\" width=\"241\" height=\"499\" src=\"https:\/\/www.milanosiamonoi.com\/wp-content\/uploads\/2021\/09\/56.01.06-Luga-AmaM-6-6.jpg\" alt=\"\" class=\"wp-image-10185\" srcset=\"https:\/\/www.milanosiamonoi.com\/wp-content\/uploads\/2021\/09\/56.01.06-Luga-AmaM-6-6.jpg 241w, https:\/\/www.milanosiamonoi.com\/wp-content\/uploads\/2021\/09\/56.01.06-Luga-AmaM-6-6-145x300.jpg 145w, https:\/\/www.milanosiamonoi.com\/wp-content\/uploads\/2021\/09\/56.01.06-Luga-AmaM-6-6-48x100.jpg 48w, https:\/\/www.milanosiamonoi.com\/wp-content\/uploads\/2021\/09\/56.01.06-Luga-AmaM-6-6-24x50.jpg 24w, https:\/\/www.milanosiamonoi.com\/wp-content\/uploads\/2021\/09\/56.01.06-Luga-AmaM-6-6-12x25.jpg 12w\" sizes=\"(max-width: 241px) 100vw, 241px\" \/><figcaption class=\"wp-element-caption\"><em>Da &#8220;La Gazzetta dello Sport&#8221;.<\/em><\/figcaption><\/figure><\/div>\n\n\n<p class=\"has-text-align-center\">Poco prima di met\u00e0 gennaio scatta il campionato, al via tredici squadre; tre in pi\u00f9 rispetto alla stagione precedente. Esito incerto, alle favorite Amatori Milano e Asiago si aggiungono Latemar Bolzano e Vipiteno, rinforzate da giocatori di Bolzano e Ortisei. Al via anche una terza squadra bolzanina: gli Scoiattoli della Virtus don Bosco. La Federazione ha deciso che in questa anomala stagione la vincente non consegue il diritto di salire in serie A.<\/p>\n\n\n\n<figure class=\"wp-block-table aligncenter\"><table><tbody><tr><td><strong>Camp. Promozione.<\/strong><\/td><td class=\"has-text-align-left\" data-align=\"left\"><strong>Squadre.<\/strong><\/td><\/tr><tr><td>Girone A<\/td><td class=\"has-text-align-left\" data-align=\"left\">Amatori Milano, Bocconi, Valpellice.<\/td><\/tr><tr><td>Girone B<\/td><td class=\"has-text-align-left\" data-align=\"left\">Latemar Bolzano, SC Merano, Scoiattoli Bolzano.<\/td><\/tr><tr><td>Girone C<\/td><td class=\"has-text-align-left\" data-align=\"left\">Brunico, Renon, Vipiteno.<\/td><\/tr><tr><td>Girone D<\/td><td class=\"has-text-align-left\" data-align=\"left\">Agordo, Amatori Cortina, Asiago, M.te Civetta Alleghe.<\/td><\/tr><\/tbody><\/table><\/figure>\n\n\n\n<p class=\"has-text-align-center\">Nel girone A l&#8217;Amatori fa una passeggiata e conclude a punteggio pieno. Dapprima i due derby con la Bocconi, a seguire le due vittorie con il Valpellice: a Milano 5-0 a tavolino per forfait Valpe.<\/p>\n\n\n<div class=\"wp-block-image\">\n<figure class=\"aligncenter size-large\"><img loading=\"lazy\" decoding=\"async\" width=\"519\" height=\"471\" src=\"https:\/\/www.milanosiamonoi.com\/wp-content\/uploads\/2021\/09\/56.12-Boc-AmM-2-11-e-17-1.jpg\" alt=\"\" class=\"wp-image-10210\" srcset=\"https:\/\/www.milanosiamonoi.com\/wp-content\/uploads\/2021\/09\/56.12-Boc-AmM-2-11-e-17-1.jpg 519w, https:\/\/www.milanosiamonoi.com\/wp-content\/uploads\/2021\/09\/56.12-Boc-AmM-2-11-e-17-1-300x272.jpg 300w, https:\/\/www.milanosiamonoi.com\/wp-content\/uploads\/2021\/09\/56.12-Boc-AmM-2-11-e-17-1-100x91.jpg 100w, https:\/\/www.milanosiamonoi.com\/wp-content\/uploads\/2021\/09\/56.12-Boc-AmM-2-11-e-17-1-50x45.jpg 50w, https:\/\/www.milanosiamonoi.com\/wp-content\/uploads\/2021\/09\/56.12-Boc-AmM-2-11-e-17-1-25x23.jpg 25w\" sizes=\"(max-width: 519px) 100vw, 519px\" \/><figcaption class=\"wp-element-caption\"><em>Da &#8220;La Gazzetta dello Sport&#8221;.<\/em><\/figcaption><\/figure><\/div>\n\n\n<figure class=\"wp-block-table aligncenter\"><table><tbody><tr><td><strong>1956<\/strong><\/td><td><strong>Camp. Promozione &#8211; Girone A<\/strong><\/td><td>Risultato<\/td><\/tr><tr><td>Milano, 21 gennaio<\/td><td>Amatori Milano-Valpellice<\/td><td>5-0 tav.<\/td><\/tr><tr><td>Torino, 24 gennaio<\/td><td>Valpellice-Amatori Milano<\/td><td>1-18<\/td><\/tr><\/tbody><\/table><\/figure>\n\n\n\n<figure class=\"wp-block-table aligncenter\"><table><tbody><tr><td><strong>Camp.  Promozione<\/strong><\/td><td><strong>Classifiche<\/strong><\/td><\/tr><tr><td>Girone A<\/td><td><strong>Amatori Milano punti 8<\/strong>, Bocconi 4, Valpellice 0.<\/td><\/tr><tr><td>Girone B<\/td><td><strong>Latemar Bolzano 8,<\/strong> Scoiattoli Bz 4, Merano 0.<\/td><\/tr><tr><td>Girone C<\/td><td><strong>Vipiteno 8,<\/strong> Renon 4, Brunico 0.<\/td><\/tr><tr><td>Girone D<\/td><td><strong>Asiago 12,<\/strong> Amatori Cortina 5, M.te Civetta Alleghe 4, Agordo 3.<\/td><\/tr><\/tbody><\/table><\/figure>\n\n\n\n<figure class=\"wp-block-table aligncenter\"><table><tbody><tr><td><strong>Girone finale a Bolzano dal 16 al 18 febbraio 1956.<\/strong><\/td><\/tr><\/tbody><\/table><\/figure>\n\n\n\n<figure class=\"wp-block-table aligncenter\"><table><tbody><tr><td>16 febbraio 1956<\/td><td>Amatori Milano-Vipiteno<\/td><td>5-1 (2-1; 3-0; 0-0)<\/td><\/tr><tr><td><\/td><td>Latemar Bolzano-Asiago<\/td><td>4-2 (1-0; 2-0; 1-2)<\/td><\/tr><tr><td>17 febbraio 1956<\/td><td>Amatori Milano-Asiago<\/td><td>5-2 (2-1; 3-1; 0-0)<\/td><\/tr><tr><td><\/td><td>Latemar Bolzano-Vipiteno<\/td><td>6-2 (2-0; 1-1; 3-1)<\/td><\/tr><\/tbody><\/table><\/figure>\n\n\n<div class=\"wp-block-image\">\n<figure class=\"aligncenter size-large\"><img loading=\"lazy\" decoding=\"async\" width=\"346\" height=\"272\" src=\"https:\/\/www.milanosiamonoi.com\/wp-content\/uploads\/2021\/09\/56.02.17-PGF-AmM-Asia-5-2-Copia.jpg\" alt=\"\" class=\"wp-image-10234\" srcset=\"https:\/\/www.milanosiamonoi.com\/wp-content\/uploads\/2021\/09\/56.02.17-PGF-AmM-Asia-5-2-Copia.jpg 346w, https:\/\/www.milanosiamonoi.com\/wp-content\/uploads\/2021\/09\/56.02.17-PGF-AmM-Asia-5-2-Copia-300x236.jpg 300w, https:\/\/www.milanosiamonoi.com\/wp-content\/uploads\/2021\/09\/56.02.17-PGF-AmM-Asia-5-2-Copia-100x79.jpg 100w, https:\/\/www.milanosiamonoi.com\/wp-content\/uploads\/2021\/09\/56.02.17-PGF-AmM-Asia-5-2-Copia-50x39.jpg 50w, https:\/\/www.milanosiamonoi.com\/wp-content\/uploads\/2021\/09\/56.02.17-PGF-AmM-Asia-5-2-Copia-25x20.jpg 25w\" sizes=\"(max-width: 346px) 100vw, 346px\" \/><figcaption class=\"wp-element-caption\"><em>Da &#8220;La Gazzetta dello Sport&#8221;.<\/em><\/figcaption><\/figure><\/div>\n\n\n<figure class=\"wp-block-table aligncenter\"><table><tbody><tr><td>18 febbraio 1956<\/td><td>Asiago-Vipiteno<\/td><td>4-4 (1-1; 1-2; 2-1)<\/td><\/tr><tr><td><\/td><td>Latemar Bz-Amatori Mi<\/td><td>6-1 (1-1; 1-0; 4-0)<\/td><\/tr><\/tbody><\/table><\/figure>\n\n\n<div class=\"wp-block-image\">\n<figure class=\"aligncenter size-large\"><img loading=\"lazy\" decoding=\"async\" width=\"446\" height=\"379\" src=\"https:\/\/www.milanosiamonoi.com\/wp-content\/uploads\/2021\/09\/56.02.18-PGF-Lat-AmaM-6-1-1.jpg\" alt=\"\" class=\"wp-image-10244\" srcset=\"https:\/\/www.milanosiamonoi.com\/wp-content\/uploads\/2021\/09\/56.02.18-PGF-Lat-AmaM-6-1-1.jpg 446w, https:\/\/www.milanosiamonoi.com\/wp-content\/uploads\/2021\/09\/56.02.18-PGF-Lat-AmaM-6-1-1-300x255.jpg 300w, https:\/\/www.milanosiamonoi.com\/wp-content\/uploads\/2021\/09\/56.02.18-PGF-Lat-AmaM-6-1-1-100x85.jpg 100w, https:\/\/www.milanosiamonoi.com\/wp-content\/uploads\/2021\/09\/56.02.18-PGF-Lat-AmaM-6-1-1-50x42.jpg 50w, https:\/\/www.milanosiamonoi.com\/wp-content\/uploads\/2021\/09\/56.02.18-PGF-Lat-AmaM-6-1-1-25x21.jpg 25w\" sizes=\"(max-width: 446px) 100vw, 446px\" \/><figcaption class=\"wp-element-caption\"><em>Da &#8220;La Gazzetta dello Sport&#8221;.<\/em><\/figcaption><\/figure><\/div>\n\n\n<figure class=\"wp-block-table aligncenter\"><table><tbody><tr><td class=\"has-text-align-center\" data-align=\"center\"><strong>Classifica girone finale del campionato di Promozione.<\/strong><\/td><\/tr><tr><td class=\"has-text-align-center\" data-align=\"center\"><strong>Latemar Bolzano punti 6<\/strong>, Amatori Milano 4, Asiago e Vipiteno 1.<\/td><\/tr><\/tbody><\/table><\/figure>\n\n\n\n<p class=\"has-text-align-center\">Per il secondo anno consecutivo l&#8217;Amatori deve accontentarsi della piazza d&#8217;onore. Ultima uscita della stagione ancora in provincia di Bolzano; il giorno dopo la finale di campionato sul ghiaccio di Ortisei con la formazione locale.<\/p>\n\n\n<div class=\"wp-block-image\">\n<figure class=\"aligncenter size-large\"><img loading=\"lazy\" decoding=\"async\" width=\"344\" height=\"559\" src=\"https:\/\/www.milanosiamonoi.com\/wp-content\/uploads\/2021\/09\/56.02.19-Orti-AmaM-6-1-corta.jpg\" alt=\"\" class=\"wp-image-10249\" srcset=\"https:\/\/www.milanosiamonoi.com\/wp-content\/uploads\/2021\/09\/56.02.19-Orti-AmaM-6-1-corta.jpg 344w, https:\/\/www.milanosiamonoi.com\/wp-content\/uploads\/2021\/09\/56.02.19-Orti-AmaM-6-1-corta-185x300.jpg 185w, https:\/\/www.milanosiamonoi.com\/wp-content\/uploads\/2021\/09\/56.02.19-Orti-AmaM-6-1-corta-62x100.jpg 62w, https:\/\/www.milanosiamonoi.com\/wp-content\/uploads\/2021\/09\/56.02.19-Orti-AmaM-6-1-corta-31x50.jpg 31w, https:\/\/www.milanosiamonoi.com\/wp-content\/uploads\/2021\/09\/56.02.19-Orti-AmaM-6-1-corta-15x25.jpg 15w\" sizes=\"(max-width: 344px) 100vw, 344px\" \/><figcaption class=\"wp-element-caption\"><em>Da &#8220;La Gazzetta dello Sport&#8221;.<\/em><\/figcaption><\/figure><\/div>\n\n\n<figure class=\"wp-block-table aligncenter\"><table><tbody><tr><td><strong>Classifica marcatori stagionali Amatori Milano.<\/strong><\/td><td class=\"has-text-align-center\" data-align=\"center\">Reti<\/td><\/tr><tr><td>Emilio Delfino<\/td><td class=\"has-text-align-center\" data-align=\"center\">14<\/td><\/tr><tr><td>Ottavio Wild<\/td><td class=\"has-text-align-center\" data-align=\"center\">8<\/td><\/tr><tr><td>Renato Rossi<\/td><td class=\"has-text-align-center\" data-align=\"center\">6<\/td><\/tr><tr><td>Mario Tirelli<\/td><td class=\"has-text-align-center\" data-align=\"center\">4<\/td><\/tr><tr><td>Toto Guccione e Sarino Oriana<\/td><td class=\"has-text-align-center\" data-align=\"center\">3<\/td><\/tr><tr><td>Gilberto Nardi<\/td><td class=\"has-text-align-center\" data-align=\"center\">2<\/td><\/tr><tr><td>Giancarlo Bonalanza<\/td><td class=\"has-text-align-center\" data-align=\"center\">1<\/td><\/tr><tr><td>Reti assegnate a tavolino.<\/td><td class=\"has-text-align-center\" data-align=\"center\">5<\/td><\/tr><tr><td>Mancano i marcatori di ben 42 reti.<\/td><td class=\"has-text-align-center\" data-align=\"center\"><\/td><\/tr><\/tbody><\/table><\/figure>\n\n\n\n<p class=\"has-text-align-center\">Nel campionato allievi bene la prima parte, quella di qualificazione alla fase finale. Girone A a due fasi, inizialmente si incontrano le tre milanesi iscritte: Amatori Milano, Bocconi e Milano Inter (Diavoli Rossoneri assenti in tutti i campionati). Delle tre quella che ottiene pi\u00f9 punti si gioca il passaggio alla fase finale in due partite con il Fiat Torino.<\/p>\n\n\n\n<figure class=\"wp-block-table aligncenter\"><table><tbody><tr><td><strong>Milano<\/strong><\/td><td><strong>Camp. allievi &#8211; Girone A<\/strong><\/td><td>Risultato<\/td><\/tr><tr><td>21 dicembre 1955<\/td><td>Bocconi-Milano Inter<\/td><td>15-0<\/td><\/tr><tr><td>23 dicembre 1955<\/td><td>Amatori Milano-Milano Inter<\/td><td>11-0 <\/td><\/tr><tr><td>10 gennaio 1956<\/td><td>Amatori Milano-Bocconi<\/td><td>5-2 <\/td><\/tr><\/tbody><\/table><\/figure>\n\n\n<div class=\"wp-block-image\">\n<figure class=\"aligncenter size-large is-resized\"><img loading=\"lazy\" decoding=\"async\" width=\"493\" height=\"850\" src=\"https:\/\/www.milanosiamonoi.com\/wp-content\/uploads\/2022\/06\/56.01.10-All.-A-AmM-Bocc-5-2.jpg\" alt=\"\" class=\"wp-image-13722\" style=\"width:294px;height:507px\" srcset=\"https:\/\/www.milanosiamonoi.com\/wp-content\/uploads\/2022\/06\/56.01.10-All.-A-AmM-Bocc-5-2.jpg 493w, https:\/\/www.milanosiamonoi.com\/wp-content\/uploads\/2022\/06\/56.01.10-All.-A-AmM-Bocc-5-2-174x300.jpg 174w, https:\/\/www.milanosiamonoi.com\/wp-content\/uploads\/2022\/06\/56.01.10-All.-A-AmM-Bocc-5-2-58x100.jpg 58w, https:\/\/www.milanosiamonoi.com\/wp-content\/uploads\/2022\/06\/56.01.10-All.-A-AmM-Bocc-5-2-29x50.jpg 29w, https:\/\/www.milanosiamonoi.com\/wp-content\/uploads\/2022\/06\/56.01.10-All.-A-AmM-Bocc-5-2-15x25.jpg 15w\" sizes=\"(max-width: 493px) 100vw, 493px\" \/><figcaption class=\"wp-element-caption\"><em>Articolo da &#8220;La Gazzetta dello Sport&#8221;.<\/em><\/figcaption><\/figure><\/div>\n\n\n<figure class=\"wp-block-table aligncenter\"><table><tbody><tr><td><strong>1956<\/strong><\/td><td><strong>Camp. allievi &#8211; Girone A<\/strong> &#8211; <strong>Fase due.<\/strong><\/td><td>Risultato<\/td><\/tr><tr><td>Milano, 14 gennaio<\/td><td>Amatori Milano-Fiat Torino<\/td><td>5-0<\/td><\/tr><tr><td>Torino, 29 gennaio<\/td><td>Fiat Torino-Amatori Milano<\/td><td>4-2<\/td><\/tr><\/tbody><\/table><\/figure>\n\n\n\n<p class=\"has-text-align-center\">In concomitanza con le partite finali del campionato di Promozione anche il girone che assegna il massimo titolo agli allievi si gioca a Bolzano. L&#8217;Amatori Milano se la deve vedere con l&#8217;Auronzo e con i campioni in carica dell&#8217;Ortisei.<\/p>\n\n\n\n<figure class=\"wp-block-table aligncenter\"><table><tbody><tr><td><strong>1956<\/strong><\/td><td><strong>Camp. allievi &#8211; Girone finale a Bolzano.<\/strong><\/td><td>Risultato<\/td><\/tr><tr><td>16 febbraio<\/td><td>Ortisei-Auronzo<\/td><td>2-1 (0-0; 0-0; 2-1)<\/td><\/tr><tr><td>17 febbraio<\/td><td>Auronzo-Amatori Milano<\/td><td>2-1 (0-0; 1-0; 1-1)<\/td><\/tr><tr><td>18 febbraio<\/td><td>Ortisei-Amatori Milano<\/td><td>3-1 (0-1; 1-0: 2-0)<\/td><\/tr><\/tbody><\/table><\/figure>\n\n\n\n<p class=\"has-text-align-center\">Il titolo resta a Ortisei. I gardenesi hanno un settore giovanile di assoluto rispetto, manca la pista artificiale, indispensabile per effettuare il salto di qualit\u00e0 con la prima squadra. Identica situazione per l&#8217;Auronzo secondo classificato. Negli anni passati alcuni dei migliori giocatori cadorini hanno cercato fortuna altrove, con la costruzione dello stadio Olimpico di Cortina aumenta la possibilit\u00e0 di perdere i pezzi pregiati, attratti dal magnifico scenario ampezzano e da una serie A ad alto livello.<\/p>\n\n\n\n<figure class=\"wp-block-table aligncenter\"><table><tbody><tr><td><strong>Formazione allievi Amatori Milano<\/strong><\/td><\/tr><tr><td>Andrea Balzani; Valentino Sanvito, Mario Frigerio; Maurizio Pastore, Giovanni Ceserani, Andrea Lusena; Gianpiero Mapelli, Cesare Bressan, Raimondo Filippini; Giovanni Pezzaglia.<\/td><\/tr><\/tbody><\/table><\/figure>\n\n\n<div class=\"wp-block-image\">\n<figure class=\"aligncenter size-large\"><img loading=\"lazy\" decoding=\"async\" width=\"300\" height=\"300\" src=\"https:\/\/www.milanosiamonoi.com\/wp-content\/uploads\/2021\/04\/logo-bocconi-300x300-1.jpg\" alt=\"\" class=\"wp-image-6329\" srcset=\"https:\/\/www.milanosiamonoi.com\/wp-content\/uploads\/2021\/04\/logo-bocconi-300x300-1.jpg 300w, https:\/\/www.milanosiamonoi.com\/wp-content\/uploads\/2021\/04\/logo-bocconi-300x300-1-150x150.jpg 150w, https:\/\/www.milanosiamonoi.com\/wp-content\/uploads\/2021\/04\/logo-bocconi-300x300-1-100x100.jpg 100w, https:\/\/www.milanosiamonoi.com\/wp-content\/uploads\/2021\/04\/logo-bocconi-300x300-1-50x50.jpg 50w, https:\/\/www.milanosiamonoi.com\/wp-content\/uploads\/2021\/04\/logo-bocconi-300x300-1-25x25.jpg 25w, https:\/\/www.milanosiamonoi.com\/wp-content\/uploads\/2021\/04\/logo-bocconi-300x300-1-90x90.jpg 90w\" sizes=\"(max-width: 300px) 100vw, 300px\" \/><\/figure><\/div>\n\n\n<figure class=\"wp-block-table aligncenter\"><table><tbody><tr><td>Presidente<\/td><td>Guido Coppini<\/td><\/tr><tr><td>Allenatore<\/td><td>Alfio Tuzzi<\/td><\/tr><\/tbody><\/table><\/figure>\n\n\n\n<figure class=\"wp-block-table\"><table><tbody><tr><td class=\"has-text-align-center\" data-align=\"center\">Ruolo<\/td><td><strong>Giocatori con almeno una presenza in prima squadra.<\/strong><\/td><\/tr><tr><td class=\"has-text-align-center\" data-align=\"center\">P<\/td><td>Lorenzi, Masotti.<\/td><\/tr><tr><td class=\"has-text-align-center\" data-align=\"center\">D<\/td><td>Maurelio Bianchi, Ezio Castiglioni, Pizzi, Postini, Terni.<\/td><\/tr><tr><td class=\"has-text-align-center\" data-align=\"center\">A<\/td><td>Borsa, Cappelletti, Federico Cerutti, Leonardo Carmignani, Giorgio Castiglioni, Otello Gangini, Maiandi o Mainardi, Marchetto, Mario Paracchini, Cesare Tadini, Mario Vaccani.<\/td><\/tr><tr><td class=\"has-text-align-center\" data-align=\"center\">Rinforzo<\/td><td>Gianpiero Branduardi.<\/td><\/tr><\/tbody><\/table><\/figure>\n\n\n\n<p class=\"has-text-align-center\">Stagione complicata da alcuni ritiri e soprattutto dalla partenza per il servizio militare di Tonino Ingegnoli. Dai Diavoli Rossoneri arriva Federico &#8220;Ico&#8221; Cerutti che oltra a quella per l&#8217;hockey nutre una forte passione per la musica; suona la chitarra nel gruppo musicale dei Rock Boys il cui elemento di punta \u00e8 Adriano Celentano. E&#8217; chiaro che alla Bocconi avrebbe fatto molto pi\u00f9 comodo Gino Loffredo finito invece all&#8217;Amatori. Buona la gara d&#8217;esordio con il Lugano, ma \u00e8 determinante il rientro da rinforzo di Gianpiero Branduardi.<\/p>\n\n\n\n<figure class=\"wp-block-table\"><table><tbody><tr><td><strong>Milano, 26 novembre 1955 &#8211; Partita amichevole.<\/strong><\/td><\/tr><tr><td>Bocconi-Lugano 6-3 (3-1; 2-1; 1-1)<\/td><\/tr><tr><td>Bocconi: Masotti; Branduardi, Terni; Bianchi, Pizzi; Mario Paracchini, Giorgio Castiglioni, Maiandi; Gangini, Carmignani, Vaccani; Cappelletti, Borsa, Tadini.<\/td><\/tr><tr><td>Reti Bocconi: Branduardi (2), Carmignani (2), Maiandi, Vaccani.<\/td><\/tr><\/tbody><\/table><\/figure>\n\n\n\n<p class=\"has-text-align-center\">Difficolt\u00e0 subito in evidenza nel derby amichevole con i cugini dell&#8217;Amatori e la cosa si ripeter\u00e0 nelle due stracittadine del campionato di Promozione.<\/p>\n\n\n\n<figure class=\"wp-block-table aligncenter\"><table><tbody><tr><td><strong>1955<\/strong><\/td><td><strong>Partita amichevole<\/strong>.<\/td><td>Risultato<\/td><\/tr><tr><td>Milano, 19 dicembre<\/td><td>Amatori Milano-Bocconi<\/td><td>10-0<\/td><\/tr><\/tbody><\/table><\/figure>\n\n\n\n<figure class=\"wp-block-table\"><table><tbody><tr><td><strong>Milano, 9 gennaio 1956<\/strong> &#8211; <strong><strong>Camp. Promozione &#8211; Girone A<\/strong><\/strong><\/td><\/tr><tr><td>Bocconi-Valpellice 14-2 (3-0; 3-2; 8-0)<\/td><\/tr><tr><td>Bocconi: Masotti (Lorenzi); E. Castiglioni, Postini; Terni, Cappelletti; M. Paracchini, G. Castiglioni, Maiandi; Tadini, Marchetto, Bianchi.<\/td><\/tr><tr><td>Valpe: Bonnet (Frache); Toya, Prat, Veglia; Quattrini, Roberto Santoro, Geymonat, Hugon, Ayassot, Febo, Marsaglia.<\/td><\/tr><tr><td>Reti Bocconi: Giorgio Castiglioni (7), Mario Paracchini (3), Maiandi (2), Bianchi, Marchetto.<\/td><\/tr><tr><td>Reti Valpellice: Veglia (2). Arbitro: Renato Besostri.<\/td><\/tr><\/tbody><\/table><\/figure>\n\n\n\n<figure class=\"wp-block-table\"><table><tbody><tr><td><strong>1956<\/strong><\/td><td><strong><strong>Camp. Promozione &#8211; Girone A<\/strong><\/strong><\/td><td>Risultato<\/td><\/tr><tr><td>Milano, 12 gennaio<\/td><td>Bocconi-Amatori Milano<\/td><td>2-11 (0-4; 1-3; 1-4)<\/td><\/tr><tr><td>Milano, 18 gennaio<\/td><td>Amatori Milano-Bocconi<\/td><td>17-1 (6-1; 5-0; 6-0)<\/td><\/tr><tr><td>Torino, 20 gennaio<\/td><td>Valpellice-Bocconi<\/td><td>6-10<\/td><\/tr><\/tbody><\/table><\/figure>\n\n\n\n<figure class=\"wp-block-table aligncenter\"><table><tbody><tr><td class=\"has-text-align-center\" data-align=\"center\"><strong>Camp. Promozione &#8211; Classifica girone A<\/strong><\/td><\/tr><tr><td class=\"has-text-align-center\" data-align=\"center\"><strong>Amatori Milano punti 8<\/strong>, Bocconi 4, Valpellice 0.<\/td><\/tr><\/tbody><\/table><\/figure>\n\n\n\n<p class=\"has-text-align-center\">La Bocconi chiude la stagione a Lugano restituendo la visita ai bianconeri.<\/p>\n\n\n\n<figure class=\"wp-block-table\"><table><tbody><tr><td><strong>1956<\/strong><\/td><td><strong>Partita amichevole<\/strong><\/td><td>Risultato<\/td><\/tr><tr><td>Lugano, 6 febbraio<\/td><td>Lugano-Bocconi<\/td><td>13-3<\/td><\/tr><\/tbody><\/table><\/figure>\n\n\n\n<figure class=\"wp-block-table aligncenter\"><table><tbody><tr><td><strong>Classifica marcatori stagionali HC Bocconi.<\/strong><\/td><td class=\"has-text-align-center\" data-align=\"center\">Reti<\/td><\/tr><tr><td>Giorgio Castiglioni<\/td><td class=\"has-text-align-center\" data-align=\"center\">8<\/td><\/tr><tr><td>Mario Paracchini<\/td><td class=\"has-text-align-center\" data-align=\"center\">4<\/td><\/tr><tr><td>Maiandi<\/td><td class=\"has-text-align-center\" data-align=\"center\">3<\/td><\/tr><tr><td>Gianpiero Branduardi, Leonardo Carmignani<\/td><td class=\"has-text-align-center\" data-align=\"center\">2<\/td><\/tr><tr><td>Ico Cerutti, Maurelio Bianchi, Marchetto e Mario Vaccani<\/td><td class=\"has-text-align-center\" data-align=\"center\">1<\/td><\/tr><tr><td>Mancano i marcatori di 13 reti: Valpe (10) e Lugano (3)<\/td><td class=\"has-text-align-center\" data-align=\"center\"><\/td><\/tr><\/tbody><\/table><\/figure>\n\n\n\n<p class=\"has-text-align-center\">Nel campionato allievi la Bocconi supera nettamente il Milano Inter, ma nella partita decisiva per accedere alla seconda fase cede il passo all&#8217;Amatori Milano.<\/p>\n\n\n<div class=\"wp-block-image\">\n<figure class=\"aligncenter size-large\"><img loading=\"lazy\" decoding=\"async\" width=\"344\" height=\"605\" src=\"https:\/\/www.milanosiamonoi.com\/wp-content\/uploads\/2021\/09\/55.12.22-Allievi-A-Bocconi-M-15-0.jpg\" alt=\"\" class=\"wp-image-10295\" srcset=\"https:\/\/www.milanosiamonoi.com\/wp-content\/uploads\/2021\/09\/55.12.22-Allievi-A-Bocconi-M-15-0.jpg 344w, https:\/\/www.milanosiamonoi.com\/wp-content\/uploads\/2021\/09\/55.12.22-Allievi-A-Bocconi-M-15-0-171x300.jpg 171w, https:\/\/www.milanosiamonoi.com\/wp-content\/uploads\/2021\/09\/55.12.22-Allievi-A-Bocconi-M-15-0-57x100.jpg 57w, https:\/\/www.milanosiamonoi.com\/wp-content\/uploads\/2021\/09\/55.12.22-Allievi-A-Bocconi-M-15-0-28x50.jpg 28w, https:\/\/www.milanosiamonoi.com\/wp-content\/uploads\/2021\/09\/55.12.22-Allievi-A-Bocconi-M-15-0-14x25.jpg 14w\" sizes=\"(max-width: 344px) 100vw, 344px\" \/><figcaption class=\"wp-element-caption\"><em>Da &#8220;La Gazzetta dello Sport&#8221;.<\/em><\/figcaption><\/figure><\/div>\n\n\n<figure class=\"wp-block-table aligncenter\"><table><tbody><tr><td><strong>Milano<\/strong><\/td><td><strong>Camp. allievi &#8211; Girone A<\/strong><\/td><td>Risultato<\/td><\/tr><tr><td>10 gennaio<\/td><td>Amatori Milano-Bocconi<\/td><td>5-2<\/td><\/tr><\/tbody><\/table><\/figure>\n\n\n\n<p> <\/p>\n\n\n\n<p>  <\/p>\n\n\n\n<figure class=\"wp-block-table\"><table><tbody><tr><td><strong><a href=\"https:\/\/www.milanosiamonoi.com\/index.php\/campionati\/dal-1950-al-1959-anni-doro\/1954-1955-amatori-mi-e-bocconi\/\">stagione precedente<\/a><\/strong><\/td><td class=\"has-text-align-right\" data-align=\"right\"><strong><a href=\"https:\/\/www.milanosiamonoi.com\/index.php\/campionati\/dal-1950-al-1959-anni-doro\/1956-1957-amatori-mi-e-bocconi\/\">stagione successiva<\/a><\/strong><\/td><\/tr><\/tbody><\/table><\/figure>\n\n\n\n<figure class=\"wp-block-table\"><table><tbody><tr><td class=\"has-text-align-center\" data-align=\"center\"><strong><a href=\"https:\/\/www.milanosiamonoi.com\/index.php\/campionati\/dal-1950-al-1959-anni-doro\/1955-1956\/\">Hockey Club Milano<\/a><\/strong><\/td><\/tr><\/tbody><\/table><\/figure>\n","protected":false},"excerpt":{"rendered":"<p>Presidente Floriano Mainoldi Ruolo Giocatori con almeno una presenza in prima squadra. P Chierici, Gino Loffredo, Paolo Marchi. D Franco Canepa, Michele Ferrante, Toto Guccione,&#8230;<\/p>\n","protected":false},"author":2,"featured_media":0,"parent":1469,"menu_order":19,"comment_status":"closed","ping_status":"closed","template":"","meta":{"spay_email":"","footnotes":""},"_links":{"self":[{"href":"https:\/\/www.milanosiamonoi.com\/index.php\/wp-json\/wp\/v2\/pages\/10175"}],"collection":[{"href":"https:\/\/www.milanosiamonoi.com\/index.php\/wp-json\/wp\/v2\/pages"}],"about":[{"href":"https:\/\/www.milanosiamonoi.com\/index.php\/wp-json\/wp\/v2\/types\/page"}],"author":[{"embeddable":true,"href":"https:\/\/www.milanosiamonoi.com\/index.php\/wp-json\/wp\/v2\/users\/2"}],"replies":[{"embeddable":true,"href":"https:\/\/www.milanosiamonoi.com\/index.php\/wp-json\/wp\/v2\/comments?post=10175"}],"version-history":[{"count":133,"href":"https:\/\/www.milanosiamonoi.com\/index.php\/wp-json\/wp\/v2\/pages\/10175\/revisions"}],"predecessor-version":[{"id":20290,"href":"https:\/\/www.milanosiamonoi.com\/index.php\/wp-json\/wp\/v2\/pages\/10175\/revisions\/20290"}],"up":[{"embeddable":true,"href":"https:\/\/www.milanosiamonoi.com\/index.php\/wp-json\/wp\/v2\/pages\/1469"}],"wp:attachment":[{"href":"https:\/\/www.milanosiamonoi.com\/index.php\/wp-json\/wp\/v2\/media?parent=10175"}],"curies":[{"name":"wp","href":"https:\/\/api.w.org\/{rel}","templated":true}]}}